{"id":9085,"date":"2023-06-14T10:35:29","date_gmt":"2023-06-14T07:35:29","guid":{"rendered":"https:\/\/www.gerec.fi\/?page_id=9085"},"modified":"2024-06-19T08:42:26","modified_gmt":"2024-06-19T05:42:26","slug":"","status":"publish","type":"page","link":"https:\/\/www.gerec.fi\/en\/research\/health\/muistisairaus-ja-elamanlaatu-sairastuneen-ihmisen-ja-puolison-nakokulmat\/","title":{"rendered":"","raw":""},"content":{"rendered":"","protected":false,"raw":""},"excerpt":{"rendered":"[vc_row][vc_column][vc_column_text] MUISTISAIRAUS JA EL\u00c4M\u00c4NLAATU \u2013 SAIRASTUNEEN IHMISEN JA PUOLISON N\u00c4K\u00d6KULMAT I\u00e4kk\u00e4\u00e4t muistisairautta sairastavat ihmiset ja heid\u00e4n l\u00e4heisens\u00e4 ovat monin tavoin haavoittuvassa asemassa. Sairastuneen ihmisoikeudet ja oikeus hyv\u00e4\u00e4n el\u00e4m\u00e4\u00e4n ovat haastettuna, sill\u00e4 muistisairaus stigmatisoi ja alkaa m\u00e4\u00e4ritell\u00e4 ihmist\u00e4 usein jo kognitiivisten&hellip;","protected":false,"raw":""},"author":9,"featured_media":0,"parent":5661,"menu_order":13,"comment_status":"closed","ping_status":"closed","template":"","meta":{"_mi_skip_tracking":false,"_fi_post_content":"[vc_row][vc_column][vc_column_text]\r\n<h4><b>MUISTISAIRAUS JA EL\u00c4M\u00c4NLAATU \u2013 SAIRASTUNEEN IHMISEN JA PUOLISON N\u00c4K\u00d6KULMAT<\/b><\/h4>\r\nI\u00e4kk\u00e4\u00e4t muistisairautta sairastavat ihmiset ja heid\u00e4n l\u00e4heisens\u00e4 ovat monin tavoin haavoittuvassa asemassa. Sairastuneen ihmisoikeudet ja oikeus hyv\u00e4\u00e4n el\u00e4m\u00e4\u00e4n ovat haastettuna, sill\u00e4 muistisairaus stigmatisoi ja alkaa m\u00e4\u00e4ritell\u00e4 ihmist\u00e4 usein jo kognitiivisten oireiden alettua ennen diagnoosin saamista, mutta viimeist\u00e4\u00e4n diagnoosin saamisen j\u00e4lkeen. Muistisairauden oireet hankaloittavat sairastuneen ihmisen el\u00e4m\u00e4\u00e4 monin eri tavoin ja vaikuttavat suoraan h\u00e4nen el\u00e4m\u00e4nlaatuunsa usein jo varhaisessa vaiheessa. My\u00f6s sairastuneiden ihmisten puolisoiden ja erityisesti puoliso-omaishoitajien tilanne on haastava. Aiempien tutkimusten mukaan ep\u00e4varmuus, kuormittuneisuus, yksin\u00e4isyys ja eristyneisyys ovat yhteydess\u00e4 heikentyneeseen el\u00e4m\u00e4nlaatuun.\r\n\r\n&nbsp;\r\n\r\nT\u00e4m\u00e4n monin\u00e4k\u00f6kulmaisen tutkimuskokonaisuuden tarkoituksena on selvitt\u00e4\u00e4 muisti- ja ajattelutoimintojen heikentymisen sek\u00e4 muistisairauden vaikutuksia sek\u00e4 sairastuneiden ihmisten ett\u00e4 heid\u00e4n puolisoidensa el\u00e4m\u00e4nlaatuun sek\u00e4 m\u00e4\u00e4r\u00e4llisill\u00e4 ett\u00e4 laadullisilla aineistoilla. Sairastuneiden kohdalla vaikutuksia tutkii v\u00e4it\u00f6skirjatutkija Mari Heitto ja puolisoiden tilanteeseen syventyy v\u00e4it\u00f6skirjatutkija Marjut Lemivaara.\r\n\r\nTutkimuksesta saadun tiedon avulla on mahdollista laajentaa ymm\u00e4rryst\u00e4 siit\u00e4, miten kokonaisvaltaisesti muistisairaus ik\u00e4\u00e4ntyvien pariskuntien el\u00e4m\u00e4\u00e4n vaikuttaa. N\u00e4in muistiasiakkaiden ja heid\u00e4n omaishoitajiensa palveluissa pystyt\u00e4\u00e4n nykyist\u00e4 paremmin huomioimaan my\u00f6s el\u00e4m\u00e4nlaadun yll\u00e4pit\u00e4miseen liittyvi\u00e4 tekij\u00f6it\u00e4. El\u00e4m\u00e4nlaadun edist\u00e4minen ja yll\u00e4pit\u00e4minen on yhteydess\u00e4 sek\u00e4 muistisairaan henkil\u00f6n ett\u00e4 h\u00e4nen l\u00e4heisens\u00e4 terveyteen, hyvinvointiin ja jaksamiseen. Kyse on nopeasti kasvavan ihmisryhm\u00e4n el\u00e4m\u00e4nlaadusta, sill\u00e4 muistisairaiden ihmisten m\u00e4\u00e4r\u00e4 kasvaa v\u00e4est\u00f6n ik\u00e4\u00e4ntyess\u00e4.\r\n\r\nRahoittajat:\r\n\r\nAlfred Kordelinin s\u00e4\u00e4ti\u00f6\r\n\r\n<b>\u00a0<\/b>\r\n\r\nTutkijaryhm\u00e4:\r\n\r\nHankkeen johtaja\r\n\r\nJari Pirhonen, dosentti, Gerontologian tutkimuskeskus\r\n\r\njari.pirhonen@tuni.fi\r\n\r\n+358504765985\r\n\r\nHankkeen varajohtaja\r\n\r\nJenni Kulmala, apulaisprofessori, Gerontologian tutkimuskeskus\r\n\r\njenni.kulmala@tuni.fi\r\n\r\n+358504395422\r\n\r\nHankkeen asiantuntija\r\n\r\nMari Aaltonen, dosentti, Gerontologian tutkimuskeskus\r\n\r\nV\u00e4it\u00f6skirjatutkijat\r\n\r\nMari Heitto ja Marjut Lemivaara, Gerontologian tutkimuskeskus\r\n\r\n&nbsp;\r\n\r\nHankkeen k\u00e4yntikorttisivusto:\r\n\r\n<a href=\"https:\/\/www.tuni.fi\/fi\/tutkimus\/muistisairaus-ja-elamanlaatu-sairastuneen-ihmisen-ja-puolison-nakokulmat\"><b>https:\/\/www.tuni.fi\/fi\/tutkimus\/muistisairaus-ja-elamanlaatu-sairastuneen-ihmisen-ja-puolison-nakokulmat<\/b><\/a>[\/vc_column_text][\/vc_column][\/vc_row]","_fi_post_name":"muistisairaus-ja-elamanlaatu-sairastuneen-ihmisen-ja-puolison-nakokulmat","_fi_post_excerpt":"","_fi_post_title":"Muistisairaus ja el\u00e4m\u00e4nlaatu - Sairastuneen ihmisen ja puolison n\u00e4k\u00f6kulmat","_en_post_content":"","_en_post_name":"","_en_post_excerpt":"","_en_post_title":"","edit_language":"en","footnotes":""},"class_list":["post-9085","page","type-page","status-publish","hentry","entry","no-media"],"_links":{"self":[{"href":"https:\/\/www.gerec.fi\/en\/wp-json\/wp\/v2\/pages\/9085","targetHints":{"allow":["GET"]}}],"collection":[{"href":"https:\/\/www.gerec.fi\/en\/wp-json\/wp\/v2\/pages"}],"about":[{"href":"https:\/\/www.gerec.fi\/en\/wp-json\/wp\/v2\/types\/page"}],"author":[{"embeddable":true,"href":"https:\/\/www.gerec.fi\/en\/wp-json\/wp\/v2\/users\/9"}],"replies":[{"embeddable":true,"href":"https:\/\/www.gerec.fi\/en\/wp-json\/wp\/v2\/comments?post=9085"}],"version-history":[{"count":1,"href":"https:\/\/www.gerec.fi\/en\/wp-json\/wp\/v2\/pages\/9085\/revisions"}],"predecessor-version":[{"id":9086,"href":"https:\/\/www.gerec.fi\/en\/wp-json\/wp\/v2\/pages\/9085\/revisions\/9086"}],"up":[{"embeddable":true,"href":"https:\/\/www.gerec.fi\/en\/wp-json\/wp\/v2\/pages\/5661"}],"wp:attachment":[{"href":"https:\/\/www.gerec.fi\/en\/wp-json\/wp\/v2\/media?parent=9085"}],"curies":[{"name":"wp","href":"https:\/\/api.w.org\/{rel}","templated":true}]}}