{"id":9078,"date":"2023-06-14T10:29:17","date_gmt":"2023-06-14T07:29:17","guid":{"rendered":"https:\/\/www.gerec.fi\/?page_id=9078"},"modified":"2024-06-19T08:42:26","modified_gmt":"2024-06-19T05:42:26","slug":"","status":"publish","type":"page","link":"https:\/\/www.gerec.fi\/en\/research\/health\/kuule-minua-monitieteiset-tulevaisuustyopajat-ja-julkisen-keskustelun-syventaminen-muistisairaiden-ihmisten-hyvan-elaman-edellytyksista\/","title":{"rendered":"","raw":""},"content":{"rendered":"","protected":false,"raw":""},"excerpt":{"rendered":"[vc_row][vc_column][vc_column_text] KUULE MINUA \u2013 Monitieteiset tulevaisuusty\u00f6pajat ja julkisen keskustelun syvent\u00e4minen muistisairaiden ihmisten hyv\u00e4n el\u00e4m\u00e4n edellytyksist\u00e4 Muistisairaiden ihmisten m\u00e4\u00e4r\u00e4n arvioidaan jopa kolminkertaistuvan tulevien kolmen vuosikymmenen aikana. Nykyisen noin 200 000 muistisairaan ihmisen sijaan on todenn\u00e4k\u00f6ist\u00e4, ett\u00e4 vuonna 2050 Suomessa el\u00e4\u00e4 yli&hellip;","protected":false,"raw":""},"author":9,"featured_media":0,"parent":5661,"menu_order":12,"comment_status":"closed","ping_status":"closed","template":"","meta":{"_mi_skip_tracking":false,"_fi_post_content":"[vc_row][vc_column][vc_column_text]\r\n<h4><b>KUULE MINUA \u2013 Monitieteiset tulevaisuusty\u00f6pajat ja julkisen keskustelun syvent\u00e4minen muistisairaiden ihmisten hyv\u00e4n el\u00e4m\u00e4n edellytyksist\u00e4<\/b><\/h4>\r\nMuistisairaiden ihmisten m\u00e4\u00e4r\u00e4n arvioidaan jopa kolminkertaistuvan tulevien kolmen vuosikymmenen aikana. Nykyisen noin 200 000 muistisairaan ihmisen sijaan on todenn\u00e4k\u00f6ist\u00e4, ett\u00e4 vuonna 2050 Suomessa el\u00e4\u00e4 yli puoli miljoonaa muistisairautta sairastavaa ihmist\u00e4. Etenev\u00e4 muistisairaus ei kosketa vain sairastunutta itse\u00e4\u00e4n, joten muistisairauksista johtuva inhimillinen k\u00e4rsimys tulee koskettamaan suurinta osaa ihmisist\u00e4. Tulevina vuosina emme siis voi en\u00e4\u00e4 puhua yhteiskunnastamme hyvinvointiyhteiskuntana, mik\u00e4li muistisairauksien kanssa el\u00e4vien ihmisten ja heid\u00e4n l\u00e4heistens\u00e4 osallisuutta ja hyvinvointia ei nosteta vahvemmin esiin.\r\n\r\nSuomen Kulttuurirahaston Argumenta-hanke nostaa muistisairaudet ja niihin liittyv\u00e4t teemat tieteiden v\u00e4liseen ja laajaan yhteiskunnalliseen keskusteluun. Hankkeessa toteutetaan monitieteisten tulevaisuusty\u00f6pajojen sarja, jossa k\u00e4yd\u00e4\u00e4n laajaa tieteiden v\u00e4list\u00e4 keskustelua. Tieteellisen keskustelun lis\u00e4ksi ty\u00f6pajoista tuotetaan yhteiskunnallisen keskustelun lis\u00e4\u00e4miseen t\u00e4ht\u00e4\u00e4v\u00e4t taiteelliset ja dokumentaariset tuotokset. Lis\u00e4ksi j\u00e4rjestet\u00e4\u00e4n webinaareja sek\u00e4 tiedotetaan ty\u00f6pajojen tuloksista monikanavaisesti useamman mukana olevan organisaation toimesta.\r\n\r\nHankkeen lis\u00e4t\u00e4\u00e4n muistisairauksiin liittyv\u00e4\u00e4 osaamista yhteiskunnassa. Syntyv\u00e4n uuden ja monitieteisen ymm\u00e4rryksen avulla on tavoitteena kehitt\u00e4\u00e4 yhteiskuntaa muistiyst\u00e4v\u00e4llisemm\u00e4ksi ja valmistautua innovatiivisella ja kest\u00e4v\u00e4ll\u00e4 tavalla tulevaisuuden tilanteeseen, jossa suurin osa meist\u00e4 el\u00e4\u00e4 arkea jollakin tavalla kosketuksissa etenevien muistisairauksien kanssa.\r\n\r\nRahoittajat\r\nSuomen Kulttuurirahasto, Argumenta\r\n\r\nTutkijaryhm\u00e4\r\n\r\nHankkeen johtaja:\r\nTenure track -professori Jenni Kulmala, Gerontologian tutkimuskeskus, Tampereen yliopisto\r\n\r\nHankkeen varajohtaja:\r\n\r\nDosentti Jari Pirhonen\r\n\r\nHankkeen koordinaattori:\r\n\r\nTutkija Katarina Blomqvist\r\n\r\n&nbsp;\r\n\r\nHankkeessa toimii noin 40 tutkijan ja asiantuntijan monitieteinen ryhm\u00e4. Hankkeen tutkijoihin voi tutustua hankkeen laajalla nettisivustolla.\r\n\r\nProjektin laaja nettisivusto:<a href=\"https:\/\/projects.tuni.fi\/kuuleminua\/\"> https:\/\/projects.tuni.fi\/kuuleminua\/<\/a>\r\n\r\nProjektin lyhyt k\u00e4yntikorttisivusto:<a href=\"https:\/\/www.tuni.fi\/fi\/tutkimus\/kuule-minua-monitieteiset-tulevaisuustyopajat-ja-julkisen-keskustelun-syventaminen\"> KUULE MINUA \u2013 Monitieteiset tulevaisuusty\u00f6pajat ja julkisen keskustelun syvent\u00e4minen muistisairaiden ihmisten hyv\u00e4n el\u00e4m\u00e4n edellytyksist\u00e4 | Tampereen korkeakouluyhteis\u00f6 (tuni.fi)<\/a>\r\n\r\nProjektin Facebook -sivu:<a href=\"https:\/\/www.facebook.com\/profile.php?id=100089549232310\"> https:\/\/www.facebook.com\/profile.php?id=100089549232310<\/a>[\/vc_column_text][\/vc_column][\/vc_row]","_fi_post_name":"kuule-minua-monitieteiset-tulevaisuustyopajat-ja-julkisen-keskustelun-syventaminen-muistisairaiden-ihmisten-hyvan-elaman-edellytyksista","_fi_post_excerpt":"","_fi_post_title":"KUULE MINUA \u2013 Monitieteiset tulevaisuusty\u00f6pajat ja julkisen keskustelun syvent\u00e4minen muistisairaiden ihmisten hyv\u00e4n el\u00e4m\u00e4n edellytyksist\u00e4","_en_post_content":"","_en_post_name":"","_en_post_excerpt":"","_en_post_title":"","edit_language":"en","footnotes":""},"class_list":["post-9078","page","type-page","status-publish","hentry","entry","no-media"],"_links":{"self":[{"href":"https:\/\/www.gerec.fi\/en\/wp-json\/wp\/v2\/pages\/9078","targetHints":{"allow":["GET"]}}],"collection":[{"href":"https:\/\/www.gerec.fi\/en\/wp-json\/wp\/v2\/pages"}],"about":[{"href":"https:\/\/www.gerec.fi\/en\/wp-json\/wp\/v2\/types\/page"}],"author":[{"embeddable":true,"href":"https:\/\/www.gerec.fi\/en\/wp-json\/wp\/v2\/users\/9"}],"replies":[{"embeddable":true,"href":"https:\/\/www.gerec.fi\/en\/wp-json\/wp\/v2\/comments?post=9078"}],"version-history":[{"count":3,"href":"https:\/\/www.gerec.fi\/en\/wp-json\/wp\/v2\/pages\/9078\/revisions"}],"predecessor-version":[{"id":9084,"href":"https:\/\/www.gerec.fi\/en\/wp-json\/wp\/v2\/pages\/9078\/revisions\/9084"}],"up":[{"embeddable":true,"href":"https:\/\/www.gerec.fi\/en\/wp-json\/wp\/v2\/pages\/5661"}],"wp:attachment":[{"href":"https:\/\/www.gerec.fi\/en\/wp-json\/wp\/v2\/media?parent=9078"}],"curies":[{"name":"wp","href":"https:\/\/api.w.org\/{rel}","templated":true}]}}