{"id":5724,"date":"2014-01-20T20:19:28","date_gmt":"2018-12-15T15:35:12","guid":{"rendered":"https:\/\/gerec.fi\/tiedeuutiset-2\/"},"modified":"2024-06-19T08:42:27","modified_gmt":"2024-06-19T05:42:27","slug":"news","status":"publish","type":"page","link":"https:\/\/www.gerec.fi\/en\/news\/","title":{"rendered":"News","raw":"News"},"content":{"rendered":"[vc_row css=&#8221;.vc_custom_1544826812847{margin-top: 30px !important;}&#8221;][vc_column]<div class=\"vcex-module vcex-searchbar clr\"><form method=\"get\" class=\"vcex-searchbar-form\" action=\"https:\/\/www.gerec.fi\/en\/\"><input type=\"search\" class=\"vcex-searchbar-input \" name=\"s\" placeholder=\"Search..\" \/><button class=\"vcex-searchbar-button\">Search<\/button><\/form><\/div><div class=\"vcex-spacing\" style=\"height:30px\"><\/div><div class=\"vcex-blog-grid-wrap wpex-clr\"><div class=\"wpex-row vcex-blog-grid wpex-clr entries\" data-transition-duration=\"0.0\"><div class=\"vcex-blog-entry entry-has-details span_1_of_3 col-1 col post-9751 entry type-post no-media cat-130\"><div class=\"vcex-blog-entry-inner entry-inner wpex-clr\"><div class=\"vcex-blog-entry-details entry-details wpex-clr\"><h2 class=\"vcex-blog-entry-title entry-title\"><a href=\"https:\/\/www.gerec.fi\/en\/gerec-news-puolivuotisjulkaisu-on-ilmestynyt-3\/\">GEREC news -puolivuotisjulkaisu on ilmestynyt!<\/a><\/h2><div class=\"vcex-blog-entry-date\">9.12.2025<\/div><div class=\"vcex-blog-entry-excerpt entry-excerpt entry clr\"><p>GEREC news puolivuotisjulkaisu on luettavissa! Lis\u00e4t\u00e4ksemme toimintamme n\u00e4kyvyytt\u00e4 ja tiedottamista kokoamme tutkimuskeskuksen toimintaa yhteen kaksi&hellip;<\/p><\/div><div class=\"vcex-blog-entry-readmore-wrap entry-readmore-wrap clr\"><a href=\"https:\/\/www.gerec.fi\/en\/gerec-news-puolivuotisjulkaisu-on-ilmestynyt-3\/\" class=\"theme-button\">Read more..<\/a><\/div><\/div><\/div><\/div><div class=\"vcex-blog-entry entry-has-details span_1_of_3 col-2 col post-9690 entry type-post has-media cat-132\"><div class=\"vcex-blog-entry-inner entry-inner wpex-clr\"><div class=\"vcex-blog-entry-media entry-media\"><a href=\"https:\/\/www.gerec.fi\/en\/kasi-kadessa-ian-kanssa-kaikki-iat-alati-lasna-kohtaamisia-90-vuotta-tayttaneen-eeva-kilven-kanssa\/\" title=\"\u201dK\u00e4si k\u00e4dess\u00e4 i\u00e4n kanssa, kaikki i\u00e4t alati l\u00e4sn\u00e4\u201d \u2013 Kohtaamisia 90 vuotta t\u00e4ytt\u00e4neen Eeva Kilven kanssa\"><img loading=\"lazy\" decoding=\"async\" width=\"2560\" height=\"1707\" src=\"https:\/\/www.gerec.fi\/wp-content\/uploads\/2025\/08\/Terhin-postaus-scaled.jpg\" class=\"vcex-blog-entry-img\" alt=\"\" srcset=\"https:\/\/www.gerec.fi\/wp-content\/uploads\/2025\/08\/Terhin-postaus-scaled.jpg 2560w, https:\/\/www.gerec.fi\/wp-content\/uploads\/2025\/08\/Terhin-postaus-300x200.jpg 300w, https:\/\/www.gerec.fi\/wp-content\/uploads\/2025\/08\/Terhin-postaus-1024x683.jpg 1024w, https:\/\/www.gerec.fi\/wp-content\/uploads\/2025\/08\/Terhin-postaus-768x512.jpg 768w, https:\/\/www.gerec.fi\/wp-content\/uploads\/2025\/08\/Terhin-postaus-1536x1024.jpg 1536w, https:\/\/www.gerec.fi\/wp-content\/uploads\/2025\/08\/Terhin-postaus-2048x1365.jpg 2048w\" sizes=\"auto, (max-width: 2560px) 100vw, 2560px\" \/><\/a><\/div><div class=\"vcex-blog-entry-details entry-details wpex-clr\"><h2 class=\"vcex-blog-entry-title entry-title\"><a href=\"https:\/\/www.gerec.fi\/en\/kasi-kadessa-ian-kanssa-kaikki-iat-alati-lasna-kohtaamisia-90-vuotta-tayttaneen-eeva-kilven-kanssa\/\">\u201dK\u00e4si k\u00e4dess\u00e4 i\u00e4n kanssa, kaikki i\u00e4t alati l\u00e4sn\u00e4\u201d \u2013 Kohtaamisia 90 vuotta t\u00e4ytt\u00e4neen Eeva Kilven kanssa<\/a><\/h2><div class=\"vcex-blog-entry-date\">15.8.2025<\/div><div class=\"vcex-blog-entry-excerpt entry-excerpt entry clr\"><p>Luin kes\u00e4lukemisena Anna-Riikka Carlsonin teoksen Rakas Eeva Kilpi. N\u00e4m\u00e4 juhlat jatkuvat viel\u00e4. Se kuvasi keski-ik\u00e4isen&hellip;<\/p><\/div><div class=\"vcex-blog-entry-readmore-wrap entry-readmore-wrap clr\"><a href=\"https:\/\/www.gerec.fi\/en\/kasi-kadessa-ian-kanssa-kaikki-iat-alati-lasna-kohtaamisia-90-vuotta-tayttaneen-eeva-kilven-kanssa\/\" class=\"theme-button\">Read more..<\/a><\/div><\/div><\/div><\/div><div class=\"vcex-blog-entry entry-has-details span_1_of_3 col-3 col post-9683 entry type-post has-media cat-132\"><div class=\"vcex-blog-entry-inner entry-inner wpex-clr\"><div class=\"vcex-blog-entry-media entry-media\"><a href=\"https:\/\/www.gerec.fi\/en\/muistisairaan-hoivakotiasukkaan-kohtaaminen-vaatii-tilannetajua\/\" title=\"Muistisairaan hoivakotiasukkaan kohtaaminen vaatii tilannetajua\"><img loading=\"lazy\" decoding=\"async\" width=\"1105\" height=\"1473\" src=\"https:\/\/www.gerec.fi\/wp-content\/uploads\/2025\/06\/koho1.jpg\" class=\"vcex-blog-entry-img\" alt=\"\" srcset=\"https:\/\/www.gerec.fi\/wp-content\/uploads\/2025\/06\/koho1.jpg 1105w, https:\/\/www.gerec.fi\/wp-content\/uploads\/2025\/06\/koho1-225x300.jpg 225w, https:\/\/www.gerec.fi\/wp-content\/uploads\/2025\/06\/koho1-768x1024.jpg 768w\" sizes=\"auto, (max-width: 1105px) 100vw, 1105px\" \/><\/a><\/div><div class=\"vcex-blog-entry-details entry-details wpex-clr\"><h2 class=\"vcex-blog-entry-title entry-title\"><a href=\"https:\/\/www.gerec.fi\/en\/muistisairaan-hoivakotiasukkaan-kohtaaminen-vaatii-tilannetajua\/\">Muistisairaan hoivakotiasukkaan kohtaaminen vaatii tilannetajua<\/a><\/h2><div class=\"vcex-blog-entry-date\">17.6.2025<\/div><div class=\"vcex-blog-entry-excerpt entry-excerpt entry clr\"><p>Kohtaamisosaamista hoivakoteihin (KOHO) -hanke on Euroopan sosiaalirahaston (ESR+) rahoittama kaksi ja puolivuotinen ryhm\u00e4hanke, jossa vahvistetaan&hellip;<\/p><\/div><div class=\"vcex-blog-entry-readmore-wrap entry-readmore-wrap clr\"><a href=\"https:\/\/www.gerec.fi\/en\/muistisairaan-hoivakotiasukkaan-kohtaaminen-vaatii-tilannetajua\/\" class=\"theme-button\">Read more..<\/a><\/div><\/div><\/div><\/div><div class=\"vcex-blog-entry entry-has-details span_1_of_3 col-1 col post-9678 entry type-post has-media cat-131\"><div class=\"vcex-blog-entry-inner entry-inner wpex-clr\"><div class=\"vcex-blog-entry-media entry-media\"><a href=\"https:\/\/www.gerec.fi\/en\/tervaskannot-90-juhlaseminaari-18-9-2025-klo-13-16\/\" title=\"Tervaskannot 90+ juhlaseminaari 18.9.2025\"><img loading=\"lazy\" decoding=\"async\" width=\"2048\" height=\"1366\" src=\"https:\/\/www.gerec.fi\/wp-content\/uploads\/2025\/06\/Tervaskannot-90.jpg\" class=\"vcex-blog-entry-img\" alt=\"\" srcset=\"https:\/\/www.gerec.fi\/wp-content\/uploads\/2025\/06\/Tervaskannot-90.jpg 2048w, https:\/\/www.gerec.fi\/wp-content\/uploads\/2025\/06\/Tervaskannot-90-300x200.jpg 300w, https:\/\/www.gerec.fi\/wp-content\/uploads\/2025\/06\/Tervaskannot-90-1024x683.jpg 1024w, https:\/\/www.gerec.fi\/wp-content\/uploads\/2025\/06\/Tervaskannot-90-768x512.jpg 768w, https:\/\/www.gerec.fi\/wp-content\/uploads\/2025\/06\/Tervaskannot-90-1536x1025.jpg 1536w\" sizes=\"auto, (max-width: 2048px) 100vw, 2048px\" \/><\/a><\/div><div class=\"vcex-blog-entry-details entry-details wpex-clr\"><h2 class=\"vcex-blog-entry-title entry-title\"><a href=\"https:\/\/www.gerec.fi\/en\/tervaskannot-90-juhlaseminaari-18-9-2025-klo-13-16\/\">Tervaskannot 90+ juhlaseminaari 18.9.2025<\/a><\/h2><div class=\"vcex-blog-entry-date\">12.6.2025<\/div><div class=\"vcex-blog-entry-excerpt entry-excerpt entry clr\"><p>Tervaskannot 90+ tutkimushanke viett\u00e4\u00e4 t\u00e4n\u00e4 vuonna 30-vuotisjuhlavuotta, mink\u00e4 kunniaksi j\u00e4rjest\u00e4mme kaikille avoimen juhlaseminaarin. Juhlaseminaari j\u00e4rjestet\u00e4\u00e4n&hellip;<\/p><\/div><div class=\"vcex-blog-entry-readmore-wrap entry-readmore-wrap clr\"><a href=\"https:\/\/www.gerec.fi\/en\/tervaskannot-90-juhlaseminaari-18-9-2025-klo-13-16\/\" class=\"theme-button\">Read more..<\/a><\/div><\/div><\/div><\/div><div class=\"vcex-blog-entry entry-has-details span_1_of_3 col-2 col post-9674 entry type-post no-media cat-130\"><div class=\"vcex-blog-entry-inner entry-inner wpex-clr\"><div class=\"vcex-blog-entry-details entry-details wpex-clr\"><h2 class=\"vcex-blog-entry-title entry-title\"><a href=\"https:\/\/www.gerec.fi\/en\/gerec-news-puolivuotisjulkaisu-on-luettavissa-6\/\">GEREC news puolivuotisjulkaisu on luettavissa<\/a><\/h2><div class=\"vcex-blog-entry-date\">4.6.2025<\/div><div class=\"vcex-blog-entry-excerpt entry-excerpt entry clr\"><p>GEREC news puolivuotisjulkaisu on luettavissa! Vuoden 2025 ensimm\u00e4inen GEREC news puolivuotisjulkaisu on julkaistu! Lis\u00e4t\u00e4ksemme toimintamme&hellip;<\/p><\/div><div class=\"vcex-blog-entry-readmore-wrap entry-readmore-wrap clr\"><a href=\"https:\/\/www.gerec.fi\/en\/gerec-news-puolivuotisjulkaisu-on-luettavissa-6\/\" class=\"theme-button\">Read more..<\/a><\/div><\/div><\/div><\/div><div class=\"vcex-blog-entry entry-has-details span_1_of_3 col-3 col post-9664 entry type-post has-media cat-131\"><div class=\"vcex-blog-entry-inner entry-inner wpex-clr\"><div class=\"vcex-blog-entry-media entry-media\"><a href=\"https:\/\/www.gerec.fi\/en\/rollaattorimarssi-9-5-2025\/\" title=\"Rollaattorimarssi 9.5.2025\"><img loading=\"lazy\" decoding=\"async\" width=\"1080\" height=\"1080\" src=\"https:\/\/www.gerec.fi\/wp-content\/uploads\/2025\/04\/rollaattorimarssi.jpg\" class=\"vcex-blog-entry-img\" alt=\"\" srcset=\"https:\/\/www.gerec.fi\/wp-content\/uploads\/2025\/04\/rollaattorimarssi.jpg 1080w, https:\/\/www.gerec.fi\/wp-content\/uploads\/2025\/04\/rollaattorimarssi-300x300.jpg 300w, https:\/\/www.gerec.fi\/wp-content\/uploads\/2025\/04\/rollaattorimarssi-1024x1024.jpg 1024w, https:\/\/www.gerec.fi\/wp-content\/uploads\/2025\/04\/rollaattorimarssi-150x150.jpg 150w, https:\/\/www.gerec.fi\/wp-content\/uploads\/2025\/04\/rollaattorimarssi-768x768.jpg 768w, https:\/\/www.gerec.fi\/wp-content\/uploads\/2025\/04\/rollaattorimarssi-125x125.jpg 125w\" sizes=\"auto, (max-width: 1080px) 100vw, 1080px\" \/><\/a><\/div><div class=\"vcex-blog-entry-details entry-details wpex-clr\"><h2 class=\"vcex-blog-entry-title entry-title\"><a href=\"https:\/\/www.gerec.fi\/en\/rollaattorimarssi-9-5-2025\/\">Rollaattorimarssi 9.5.2025<\/a><\/h2><div class=\"vcex-blog-entry-date\">8.4.2025<\/div><div class=\"vcex-blog-entry-excerpt entry-excerpt entry clr\"><p>Tule mukaan marssimaan hyv\u00e4n ja arvokkaan vanhuuden puolesta! Iloinen ja yhteis\u00f6llinen mielenilmaus j\u00e4rjestet\u00e4\u00e4n Tampereella 9.5&hellip;<\/p><\/div><div class=\"vcex-blog-entry-readmore-wrap entry-readmore-wrap clr\"><a href=\"https:\/\/www.gerec.fi\/en\/rollaattorimarssi-9-5-2025\/\" class=\"theme-button\">Read more..<\/a><\/div><\/div><\/div><\/div><div class=\"vcex-blog-entry entry-has-details span_1_of_3 col-1 col post-9659 entry type-post has-media cat-130\"><div class=\"vcex-blog-entry-inner entry-inner wpex-clr\"><div class=\"vcex-blog-entry-media entry-media\"><a href=\"https:\/\/www.gerec.fi\/en\/oletko-yli-65-vuotias-omaishoitaja-osallistu-tutkimukseen\/\" title=\"Oletko yli 65-vuotias omaishoitaja? Osallistu tutkimukseen!\"><img loading=\"lazy\" decoding=\"async\" width=\"643\" height=\"429\" src=\"https:\/\/www.gerec.fi\/wp-content\/uploads\/2024\/11\/Picture1.jpg\" class=\"vcex-blog-entry-img\" alt=\"\" srcset=\"https:\/\/www.gerec.fi\/wp-content\/uploads\/2024\/11\/Picture1.jpg 643w, https:\/\/www.gerec.fi\/wp-content\/uploads\/2024\/11\/Picture1-300x200.jpg 300w\" sizes=\"auto, (max-width: 643px) 100vw, 643px\" \/><\/a><\/div><div class=\"vcex-blog-entry-details entry-details wpex-clr\"><h2 class=\"vcex-blog-entry-title entry-title\"><a href=\"https:\/\/www.gerec.fi\/en\/oletko-yli-65-vuotias-omaishoitaja-osallistu-tutkimukseen\/\">Oletko yli 65-vuotias omaishoitaja? Osallistu tutkimukseen!<\/a><\/h2><div class=\"vcex-blog-entry-date\">25.2.2025<\/div><div class=\"vcex-blog-entry-excerpt entry-excerpt entry clr\"><p>Oletko yli 65-vuotias omaishoitaja? Sinulla voi olla joko virallinen sopimus hyvinvointialueesi kanssa tai voit toimia&hellip;<\/p><\/div><div class=\"vcex-blog-entry-readmore-wrap entry-readmore-wrap clr\"><a href=\"https:\/\/www.gerec.fi\/en\/oletko-yli-65-vuotias-omaishoitaja-osallistu-tutkimukseen\/\" class=\"theme-button\">Read more..<\/a><\/div><\/div><\/div><\/div><div class=\"vcex-blog-entry entry-has-details span_1_of_3 col-2 col post-9655 entry type-post no-media cat-130\"><div class=\"vcex-blog-entry-inner entry-inner wpex-clr\"><div class=\"vcex-blog-entry-details entry-details wpex-clr\"><h2 class=\"vcex-blog-entry-title entry-title\"><a href=\"https:\/\/www.gerec.fi\/en\/ikaihmisten-luottamus-yhteiskunnan-instituutioihin-riippuu-sosiaalisesta-asemasta-mutta-epaluottamus-vanhuspalveluihin-on-suurta-kaikilla\/\">Ik\u00e4ihmisten luottamus yhteiskunnan instituutioihin riippuu sosiaalisesta asemasta, mutta ep\u00e4luottamus vanhuspalveluihin on suurta kaikilla<\/a><\/h2><div class=\"vcex-blog-entry-date\">18.2.2025<\/div><div class=\"vcex-blog-entry-excerpt entry-excerpt entry clr\"><p>Ik\u00e4ihmisten luottamus yhteiskunnan instituutioihin vaihtelee sosiaalisen aseman mukaan. Mit\u00e4 paremmat tulot, mit\u00e4 enemm\u00e4n koulutusta ja&hellip;<\/p><\/div><div class=\"vcex-blog-entry-readmore-wrap entry-readmore-wrap clr\"><a href=\"https:\/\/www.gerec.fi\/en\/ikaihmisten-luottamus-yhteiskunnan-instituutioihin-riippuu-sosiaalisesta-asemasta-mutta-epaluottamus-vanhuspalveluihin-on-suurta-kaikilla\/\" class=\"theme-button\">Read more..<\/a><\/div><\/div><\/div><\/div><div class=\"vcex-blog-entry entry-has-details span_1_of_3 col-3 col post-9651 entry type-post no-media cat-130\"><div class=\"vcex-blog-entry-inner entry-inner wpex-clr\"><div class=\"vcex-blog-entry-details entry-details wpex-clr\"><h2 class=\"vcex-blog-entry-title entry-title\"><a href=\"https:\/\/www.gerec.fi\/en\/muistisairaat-saavat-viimeisina-elinvuosinaan-vahemman-sairaalahoitoa-kuin-muut\/\">Muistisairaat saavat viimeisin\u00e4 elinvuosinaan v\u00e4hemm\u00e4n sairaalahoitoa kuin muut<\/a><\/h2><div class=\"vcex-blog-entry-date\">11.2.2025<\/div><div class=\"vcex-blog-entry-excerpt entry-excerpt entry clr\"><p>Kahtena viimeisen\u00e4 elinvuotenaan i\u00e4kk\u00e4\u00e4t muistisairaat saavat v\u00e4hemm\u00e4n sairaalahoitoa kuin samanik\u00e4iset, joilla on yht\u00e4 paljon muita&hellip;<\/p><\/div><div class=\"vcex-blog-entry-readmore-wrap entry-readmore-wrap clr\"><a href=\"https:\/\/www.gerec.fi\/en\/muistisairaat-saavat-viimeisina-elinvuosinaan-vahemman-sairaalahoitoa-kuin-muut\/\" class=\"theme-button\">Read more..<\/a><\/div><\/div><\/div><\/div><div class=\"vcex-blog-entry entry-has-details span_1_of_3 col-1 col post-9647 entry type-post has-media cat-131\"><div class=\"vcex-blog-entry-inner entry-inner wpex-clr\"><div class=\"vcex-blog-entry-media entry-media\"><a href=\"https:\/\/www.gerec.fi\/en\/22-23-5-2025-age-matters-seminar\/\" title=\"22.-23.5.2025 Age Matters! Seminar\"><img loading=\"lazy\" decoding=\"async\" width=\"901\" height=\"472\" src=\"https:\/\/www.gerec.fi\/wp-content\/uploads\/2025\/02\/Nayttokuva-2025-02-10-123752.png\" class=\"vcex-blog-entry-img\" alt=\"\" srcset=\"https:\/\/www.gerec.fi\/wp-content\/uploads\/2025\/02\/Nayttokuva-2025-02-10-123752.png 901w, https:\/\/www.gerec.fi\/wp-content\/uploads\/2025\/02\/Nayttokuva-2025-02-10-123752-300x157.png 300w, https:\/\/www.gerec.fi\/wp-content\/uploads\/2025\/02\/Nayttokuva-2025-02-10-123752-768x402.png 768w\" sizes=\"auto, (max-width: 901px) 100vw, 901px\" \/><\/a><\/div><div class=\"vcex-blog-entry-details entry-details wpex-clr\"><h2 class=\"vcex-blog-entry-title entry-title\"><a href=\"https:\/\/www.gerec.fi\/en\/22-23-5-2025-age-matters-seminar\/\">22.-23.5.2025 Age Matters! Seminar<\/a><\/h2><div class=\"vcex-blog-entry-date\">10.2.2025<\/div><div class=\"vcex-blog-entry-excerpt entry-excerpt entry clr\"><p>L\u00e4mpim\u00e4sti tervetuloa Tampereella j\u00e4rjestett\u00e4v\u00e4\u00e4n AgeMatters! -seminaariin 22.-23 toukokuuta! Seminaarin abstraktihaku on nyt avoinna. Lis\u00e4tietoja Tapahtumakutsu&hellip;<\/p><\/div><div class=\"vcex-blog-entry-readmore-wrap entry-readmore-wrap clr\"><a href=\"https:\/\/www.gerec.fi\/en\/22-23-5-2025-age-matters-seminar\/\" class=\"theme-button\">Read more..<\/a><\/div><\/div><\/div><\/div><div class=\"vcex-blog-entry entry-has-details span_1_of_3 col-2 col post-9636 entry type-post has-media cat-130\"><div class=\"vcex-blog-entry-inner entry-inner wpex-clr\"><div class=\"vcex-blog-entry-media entry-media\"><a href=\"https:\/\/www.gerec.fi\/en\/omaisten-rooli-korostuu-yli-90-vuotiaiden-auttajina\/\" title=\"Omaisten rooli korostuu yli 90-vuotiaiden auttajina\"><img loading=\"lazy\" decoding=\"async\" width=\"1024\" height=\"683\" src=\"https:\/\/www.gerec.fi\/wp-content\/uploads\/2025\/01\/23.10.2020_-119.jpg\" class=\"vcex-blog-entry-img\" alt=\"\" srcset=\"https:\/\/www.gerec.fi\/wp-content\/uploads\/2025\/01\/23.10.2020_-119.jpg 1024w, https:\/\/www.gerec.fi\/wp-content\/uploads\/2025\/01\/23.10.2020_-119-300x200.jpg 300w, https:\/\/www.gerec.fi\/wp-content\/uploads\/2025\/01\/23.10.2020_-119-768x512.jpg 768w\" sizes=\"auto, (max-width: 1024px) 100vw, 1024px\" \/><\/a><\/div><div class=\"vcex-blog-entry-details entry-details wpex-clr\"><h2 class=\"vcex-blog-entry-title entry-title\"><a href=\"https:\/\/www.gerec.fi\/en\/omaisten-rooli-korostuu-yli-90-vuotiaiden-auttajina\/\">Omaisten rooli korostuu yli 90-vuotiaiden auttajina<\/a><\/h2><div class=\"vcex-blog-entry-date\">16.1.2025<\/div><div class=\"vcex-blog-entry-excerpt entry-excerpt entry clr\"><p>Yli 90-vuotiaiden m\u00e4\u00e4r\u00e4 kasvaa Suomessa nopeammin kuin koskaan, mik\u00e4 tuo mukanaan kasvavan tarpeen ik\u00e4\u00e4ntyneiden palveluille.&hellip;<\/p><\/div><div class=\"vcex-blog-entry-readmore-wrap entry-readmore-wrap clr\"><a href=\"https:\/\/www.gerec.fi\/en\/omaisten-rooli-korostuu-yli-90-vuotiaiden-auttajina\/\" class=\"theme-button\">Read more..<\/a><\/div><\/div><\/div><\/div><div class=\"vcex-blog-entry entry-has-details span_1_of_3 col-3 col post-9632 entry type-post has-media cat-130\"><div class=\"vcex-blog-entry-inner entry-inner wpex-clr\"><div class=\"vcex-blog-entry-media entry-media\"><a href=\"https:\/\/www.gerec.fi\/en\/elintapaohjaus-vahensi-vanhuuden-haurastumista\/\" title=\"Elintapaohjaus v\u00e4hensi vanhuuden haurastumista\"><img loading=\"lazy\" decoding=\"async\" width=\"1024\" height=\"683\" src=\"https:\/\/www.gerec.fi\/wp-content\/uploads\/2025\/01\/29.10.2020_-43.jpg\" class=\"vcex-blog-entry-img\" alt=\"\" srcset=\"https:\/\/www.gerec.fi\/wp-content\/uploads\/2025\/01\/29.10.2020_-43.jpg 1024w, https:\/\/www.gerec.fi\/wp-content\/uploads\/2025\/01\/29.10.2020_-43-300x200.jpg 300w, https:\/\/www.gerec.fi\/wp-content\/uploads\/2025\/01\/29.10.2020_-43-768x512.jpg 768w\" sizes=\"auto, (max-width: 1024px) 100vw, 1024px\" \/><\/a><\/div><div class=\"vcex-blog-entry-details entry-details wpex-clr\"><h2 class=\"vcex-blog-entry-title entry-title\"><a href=\"https:\/\/www.gerec.fi\/en\/elintapaohjaus-vahensi-vanhuuden-haurastumista\/\">Elintapaohjaus v\u00e4hensi vanhuuden haurastumista<\/a><\/h2><div class=\"vcex-blog-entry-date\">15.1.2025<\/div><div class=\"vcex-blog-entry-excerpt entry-excerpt entry clr\"><p>Kahdessa tuoreessa tutkimuksessa tarkasteltiin FINGER-elintapaohjauksen vaikutuksia ik\u00e4\u00e4ntyvien aikuisten hyvinvointiin. Tutkimusten mukaan elintapaohjauksella voidaan v\u00e4hent\u00e4\u00e4 gerastenian&hellip;<\/p><\/div><div class=\"vcex-blog-entry-readmore-wrap entry-readmore-wrap clr\"><a href=\"https:\/\/www.gerec.fi\/en\/elintapaohjaus-vahensi-vanhuuden-haurastumista\/\" class=\"theme-button\">Read more..<\/a><\/div><\/div><\/div><\/div><div class=\"vcex-blog-entry entry-has-details span_1_of_3 col-1 col post-9627 entry type-post no-media cat-130\"><div class=\"vcex-blog-entry-inner entry-inner wpex-clr\"><div class=\"vcex-blog-entry-details entry-details wpex-clr\"><h2 class=\"vcex-blog-entry-title entry-title\"><a href=\"https:\/\/www.gerec.fi\/en\/tutkimus-selvitti-epigeneettisen-kellon-toiminnan-taustasyita\/\">Tutkimus selvitti epigeneettisen kellon toiminnan taustasyit\u00e4<\/a><\/h2><div class=\"vcex-blog-entry-date\">17.12.2024<\/div><div class=\"vcex-blog-entry-excerpt entry-excerpt entry clr\"><p>Epigeneettinen ik\u00e4 on suosittu biologisen i\u00e4n indikaattori, sill\u00e4 se ennustaa j\u00e4ljell\u00e4 olevaa tervett\u00e4 elinaikaa ja&hellip;<\/p><\/div><div class=\"vcex-blog-entry-readmore-wrap entry-readmore-wrap clr\"><a href=\"https:\/\/www.gerec.fi\/en\/tutkimus-selvitti-epigeneettisen-kellon-toiminnan-taustasyita\/\" class=\"theme-button\">Read more..<\/a><\/div><\/div><\/div><\/div><div class=\"vcex-blog-entry entry-has-details span_1_of_3 col-2 col post-9618 entry type-post has-media cat-132\"><div class=\"vcex-blog-entry-inner entry-inner wpex-clr\"><div class=\"vcex-blog-entry-media entry-media\"><a href=\"https:\/\/www.gerec.fi\/en\/gerec-osana-jyu-well-yhteisoa\/\" title=\"GEREC osana JYU.Well-yhteis\u00f6\u00e4\"><img loading=\"lazy\" decoding=\"async\" width=\"2560\" height=\"1707\" src=\"https:\/\/www.gerec.fi\/wp-content\/uploads\/2024\/12\/Kukkakuva-scaled.jpg\" class=\"vcex-blog-entry-img\" alt=\"\" srcset=\"https:\/\/www.gerec.fi\/wp-content\/uploads\/2024\/12\/Kukkakuva-scaled.jpg 2560w, https:\/\/www.gerec.fi\/wp-content\/uploads\/2024\/12\/Kukkakuva-300x200.jpg 300w, https:\/\/www.gerec.fi\/wp-content\/uploads\/2024\/12\/Kukkakuva-1024x683.jpg 1024w, https:\/\/www.gerec.fi\/wp-content\/uploads\/2024\/12\/Kukkakuva-768x512.jpg 768w, https:\/\/www.gerec.fi\/wp-content\/uploads\/2024\/12\/Kukkakuva-1536x1024.jpg 1536w, https:\/\/www.gerec.fi\/wp-content\/uploads\/2024\/12\/Kukkakuva-2048x1365.jpg 2048w\" sizes=\"auto, (max-width: 2560px) 100vw, 2560px\" \/><\/a><\/div><div class=\"vcex-blog-entry-details entry-details wpex-clr\"><h2 class=\"vcex-blog-entry-title entry-title\"><a href=\"https:\/\/www.gerec.fi\/en\/gerec-osana-jyu-well-yhteisoa\/\">GEREC osana JYU.Well-yhteis\u00f6\u00e4<\/a><\/h2><div class=\"vcex-blog-entry-date\">13.12.2024<\/div><div class=\"vcex-blog-entry-excerpt entry-excerpt entry clr\"><p>JYU.Well on monialainen hyvinvoinnin tutkimuksen yhteis\u00f6 ja yksi Jyv\u00e4skyl\u00e4n yliopiston profilointialueista. JYU.Well tekee n\u00e4kyv\u00e4ksi eri&hellip;<\/p><\/div><div class=\"vcex-blog-entry-readmore-wrap entry-readmore-wrap clr\"><a href=\"https:\/\/www.gerec.fi\/en\/gerec-osana-jyu-well-yhteisoa\/\" class=\"theme-button\">Read more..<\/a><\/div><\/div><\/div><\/div><div class=\"vcex-blog-entry entry-has-details span_1_of_3 col-3 col post-9613 entry type-post has-media cat-130\"><div class=\"vcex-blog-entry-inner entry-inner wpex-clr\"><div class=\"vcex-blog-entry-media entry-media\"><a href=\"https:\/\/www.gerec.fi\/en\/finger-elintapaohjaus-parantaa-iakkaiden-hyvinvointia-monin-tavoin\/\" title=\"FINGER-elintapaohjaus parantaa i\u00e4kk\u00e4iden hyvinvointia monin tavoin\"><img loading=\"lazy\" decoding=\"async\" width=\"1024\" height=\"683\" src=\"https:\/\/www.gerec.fi\/wp-content\/uploads\/2024\/12\/23.10.2020_-86.jpg\" class=\"vcex-blog-entry-img\" alt=\"\" srcset=\"https:\/\/www.gerec.fi\/wp-content\/uploads\/2024\/12\/23.10.2020_-86.jpg 1024w, https:\/\/www.gerec.fi\/wp-content\/uploads\/2024\/12\/23.10.2020_-86-300x200.jpg 300w, https:\/\/www.gerec.fi\/wp-content\/uploads\/2024\/12\/23.10.2020_-86-768x512.jpg 768w\" sizes=\"auto, (max-width: 1024px) 100vw, 1024px\" \/><\/a><\/div><div class=\"vcex-blog-entry-details entry-details wpex-clr\"><h2 class=\"vcex-blog-entry-title entry-title\"><a href=\"https:\/\/www.gerec.fi\/en\/finger-elintapaohjaus-parantaa-iakkaiden-hyvinvointia-monin-tavoin\/\">FINGER-elintapaohjaus parantaa i\u00e4kk\u00e4iden hyvinvointia monin tavoin<\/a><\/h2><div class=\"vcex-blog-entry-date\">11.12.2024<\/div><div class=\"vcex-blog-entry-excerpt entry-excerpt entry clr\"><p>I\u00e4kk\u00e4iden monipuolisella el\u00e4m\u00e4ntapaohjauksella voidaan v\u00e4hent\u00e4\u00e4 sairaanhoitop\u00e4ivien sek\u00e4 p\u00e4ivystyspalveluiden tarvetta, osoittavat tuoreet THL:n koordinoiman FINGER-interventiotutkimuksen tulokset.&hellip;<\/p><\/div><div class=\"vcex-blog-entry-readmore-wrap entry-readmore-wrap clr\"><a href=\"https:\/\/www.gerec.fi\/en\/finger-elintapaohjaus-parantaa-iakkaiden-hyvinvointia-monin-tavoin\/\" class=\"theme-button\">Read more..<\/a><\/div><\/div><\/div><\/div><div class=\"vcex-blog-entry entry-has-details span_1_of_3 col-1 col post-9597 entry type-post no-media cat-130\"><div class=\"vcex-blog-entry-inner entry-inner wpex-clr\"><div class=\"vcex-blog-entry-details entry-details wpex-clr\"><h2 class=\"vcex-blog-entry-title entry-title\"><a href=\"https:\/\/www.gerec.fi\/en\/gerec-news-puolivuotisjulkaisu-on-ilmestynyt-2\/\">GEREC News puolivuotisjulkaisu on ilmestynyt!<\/a><\/h2><div class=\"vcex-blog-entry-date\">4.12.2024<\/div><div class=\"vcex-blog-entry-excerpt entry-excerpt entry clr\"><p>Vuoden 2024 toinen puolivuotisjulkaisu on nyt luettavissa! Lis\u00e4t\u00e4ksemme toimintamme n\u00e4kyvyytt\u00e4 ja tiedottamista kokoamme tutkimuskeskuksen toimintaa&hellip;<\/p><\/div><div class=\"vcex-blog-entry-readmore-wrap entry-readmore-wrap clr\"><a href=\"https:\/\/www.gerec.fi\/en\/gerec-news-puolivuotisjulkaisu-on-ilmestynyt-2\/\" class=\"theme-button\">Read more..<\/a><\/div><\/div><\/div><\/div><div class=\"vcex-blog-entry entry-has-details span_1_of_3 col-2 col post-9593 entry type-post has-media cat-130\"><div class=\"vcex-blog-entry-inner entry-inner wpex-clr\"><div class=\"vcex-blog-entry-media entry-media\"><a href=\"https:\/\/www.gerec.fi\/en\/uusi-carefit-hanke-tahtaa-omaishoitajien-liikunnan-ja-hyvinvoinnin-edistamiseen\/\" title=\"Uusi CAREFIT-hanke t\u00e4ht\u00e4\u00e4 omaishoitajien liikunnan ja hyvinvoinnin edist\u00e4miseen\"><img loading=\"lazy\" decoding=\"async\" width=\"643\" height=\"429\" src=\"https:\/\/www.gerec.fi\/wp-content\/uploads\/2024\/11\/Picture1.jpg\" class=\"vcex-blog-entry-img\" alt=\"\" srcset=\"https:\/\/www.gerec.fi\/wp-content\/uploads\/2024\/11\/Picture1.jpg 643w, https:\/\/www.gerec.fi\/wp-content\/uploads\/2024\/11\/Picture1-300x200.jpg 300w\" sizes=\"auto, (max-width: 643px) 100vw, 643px\" \/><\/a><\/div><div class=\"vcex-blog-entry-details entry-details wpex-clr\"><h2 class=\"vcex-blog-entry-title entry-title\"><a href=\"https:\/\/www.gerec.fi\/en\/uusi-carefit-hanke-tahtaa-omaishoitajien-liikunnan-ja-hyvinvoinnin-edistamiseen\/\">Uusi CAREFIT-hanke t\u00e4ht\u00e4\u00e4 omaishoitajien liikunnan ja hyvinvoinnin edist\u00e4miseen<\/a><\/h2><div class=\"vcex-blog-entry-date\">25.11.2024<\/div><div class=\"vcex-blog-entry-excerpt entry-excerpt entry clr\"><p>Omaishoito vastaa suureen osaan Suomen v\u00e4est\u00f6n kasvavasta hoivantarpeesta. On arvioitu, ett\u00e4 yli miljoona suomalaista toimii&hellip;<\/p><\/div><div class=\"vcex-blog-entry-readmore-wrap entry-readmore-wrap clr\"><a href=\"https:\/\/www.gerec.fi\/en\/uusi-carefit-hanke-tahtaa-omaishoitajien-liikunnan-ja-hyvinvoinnin-edistamiseen\/\" class=\"theme-button\">Read more..<\/a><\/div><\/div><\/div><\/div><div class=\"vcex-blog-entry entry-has-details span_1_of_3 col-3 col post-9588 entry type-post has-media cat-130\"><div class=\"vcex-blog-entry-inner entry-inner wpex-clr\"><div class=\"vcex-blog-entry-media entry-media\"><a href=\"https:\/\/www.gerec.fi\/en\/uusi-hanke-tutkii-ikaantynteiden-yksinaisyytta-ja-aktiivista-ikaantymista\/\" title=\"Uusi hanke tutkii ik\u00e4\u00e4ntynteiden yksin\u00e4isyytt\u00e4 ja aktiivista ik\u00e4\u00e4ntymist\u00e4\"><img loading=\"lazy\" decoding=\"async\" width=\"2560\" height=\"1707\" src=\"https:\/\/www.gerec.fi\/wp-content\/uploads\/2024\/11\/2134_b3cc01f4395b32a-scaled.jpg\" class=\"vcex-blog-entry-img\" alt=\"\" srcset=\"https:\/\/www.gerec.fi\/wp-content\/uploads\/2024\/11\/2134_b3cc01f4395b32a-scaled.jpg 2560w, https:\/\/www.gerec.fi\/wp-content\/uploads\/2024\/11\/2134_b3cc01f4395b32a-300x200.jpg 300w, https:\/\/www.gerec.fi\/wp-content\/uploads\/2024\/11\/2134_b3cc01f4395b32a-1024x683.jpg 1024w, https:\/\/www.gerec.fi\/wp-content\/uploads\/2024\/11\/2134_b3cc01f4395b32a-768x512.jpg 768w, https:\/\/www.gerec.fi\/wp-content\/uploads\/2024\/11\/2134_b3cc01f4395b32a-1536x1024.jpg 1536w, https:\/\/www.gerec.fi\/wp-content\/uploads\/2024\/11\/2134_b3cc01f4395b32a-2048x1365.jpg 2048w\" sizes=\"auto, (max-width: 2560px) 100vw, 2560px\" \/><\/a><\/div><div class=\"vcex-blog-entry-details entry-details wpex-clr\"><h2 class=\"vcex-blog-entry-title entry-title\"><a href=\"https:\/\/www.gerec.fi\/en\/uusi-hanke-tutkii-ikaantynteiden-yksinaisyytta-ja-aktiivista-ikaantymista\/\">Uusi hanke tutkii ik\u00e4\u00e4ntynteiden yksin\u00e4isyytt\u00e4 ja aktiivista ik\u00e4\u00e4ntymist\u00e4<\/a><\/h2><div class=\"vcex-blog-entry-date\">21.11.2024<\/div><div class=\"vcex-blog-entry-excerpt entry-excerpt entry clr\"><p>Tanskan tiedes\u00e4\u00e4ti\u00f6 on my\u00f6nt\u00e4nyt rahoituksen kolmivuotiselle hankkeelle, joka k\u00e4sittelee i\u00e4kk\u00e4iden yksin\u00e4isyytt\u00e4 ja aktiivista ik\u00e4\u00e4ntymist\u00e4. Professori&hellip;<\/p><\/div><div class=\"vcex-blog-entry-readmore-wrap entry-readmore-wrap clr\"><a href=\"https:\/\/www.gerec.fi\/en\/uusi-hanke-tutkii-ikaantynteiden-yksinaisyytta-ja-aktiivista-ikaantymista\/\" class=\"theme-button\">Read more..<\/a><\/div><\/div><\/div><\/div><div class=\"vcex-blog-entry entry-has-details span_1_of_3 col-1 col post-9576 entry type-post has-media cat-130\"><div class=\"vcex-blog-entry-inner entry-inner wpex-clr\"><div class=\"vcex-blog-entry-media entry-media\"><a href=\"https:\/\/www.gerec.fi\/en\/laaja-yhteistyohanke-tukee-muistisairaiden-ihmisten-kohtaamista-hoivakodeissa\/\" title=\"Laaja yhteisty\u00f6hanke tukee muistisairaiden ihmisten kohtaamista hoivakodeissa\"><img loading=\"lazy\" decoding=\"async\" width=\"1024\" height=\"683\" src=\"https:\/\/www.gerec.fi\/wp-content\/uploads\/2024\/11\/10.11.2020-Lahdensivun-koti_-101.jpg\" class=\"vcex-blog-entry-img\" alt=\"\" srcset=\"https:\/\/www.gerec.fi\/wp-content\/uploads\/2024\/11\/10.11.2020-Lahdensivun-koti_-101.jpg 1024w, https:\/\/www.gerec.fi\/wp-content\/uploads\/2024\/11\/10.11.2020-Lahdensivun-koti_-101-300x200.jpg 300w, https:\/\/www.gerec.fi\/wp-content\/uploads\/2024\/11\/10.11.2020-Lahdensivun-koti_-101-768x512.jpg 768w\" sizes=\"auto, (max-width: 1024px) 100vw, 1024px\" \/><\/a><\/div><div class=\"vcex-blog-entry-details entry-details wpex-clr\"><h2 class=\"vcex-blog-entry-title entry-title\"><a href=\"https:\/\/www.gerec.fi\/en\/laaja-yhteistyohanke-tukee-muistisairaiden-ihmisten-kohtaamista-hoivakodeissa\/\">Laaja yhteisty\u00f6hanke tukee muistisairaiden ihmisten kohtaamista hoivakodeissa<\/a><\/h2><div class=\"vcex-blog-entry-date\">18.11.2024<\/div><div class=\"vcex-blog-entry-excerpt entry-excerpt entry clr\"><p>Euroopan sosiaalirahasto (ESR) on my\u00f6nt\u00e4nyt vuosille 2024\u20132027 laajan rahoituksen Tampereen yliopiston ja Tampereen ammattikorkeakoulun sek\u00e4&hellip;<\/p><\/div><div class=\"vcex-blog-entry-readmore-wrap entry-readmore-wrap clr\"><a href=\"https:\/\/www.gerec.fi\/en\/laaja-yhteistyohanke-tukee-muistisairaiden-ihmisten-kohtaamista-hoivakodeissa\/\" class=\"theme-button\">Read more..<\/a><\/div><\/div><\/div><\/div><div class=\"vcex-blog-entry entry-has-details span_1_of_3 col-2 col post-9568 entry type-post no-media cat-131\"><div class=\"vcex-blog-entry-inner entry-inner wpex-clr\"><div class=\"vcex-blog-entry-details entry-details wpex-clr\"><h2 class=\"vcex-blog-entry-title entry-title\"><a href=\"https:\/\/www.gerec.fi\/en\/muistisairaus-ja-elamanlaatu-seminaari-4-12-2024\/\">&#8220;Muistisairaus ja el\u00e4m\u00e4nlaatu&#8221; -seminaari 4.12.2024.<\/a><\/h2><div class=\"vcex-blog-entry-date\">6.11.2024<\/div><div class=\"vcex-blog-entry-excerpt entry-excerpt entry clr\"><p>L\u00e4mpim\u00e4sti tervetuloa kaikille avoimeen \"Muistisairaus ja el\u00e4m\u00e4nlaatu\" -seminaariin! Luvassa on monin\u00e4k\u00f6kulmaista keskustelua el\u00e4m\u00e4st\u00e4 muistisairauden kanssa.&hellip;<\/p><\/div><div class=\"vcex-blog-entry-readmore-wrap entry-readmore-wrap clr\"><a href=\"https:\/\/www.gerec.fi\/en\/muistisairaus-ja-elamanlaatu-seminaari-4-12-2024\/\" class=\"theme-button\">Read more..<\/a><\/div><\/div><\/div><\/div><div class=\"vcex-blog-entry entry-has-details span_1_of_3 col-3 col post-9563 entry type-post no-media cat-130\"><div class=\"vcex-blog-entry-inner entry-inner wpex-clr\"><div class=\"vcex-blog-entry-details entry-details wpex-clr\"><h2 class=\"vcex-blog-entry-title entry-title\"><a href=\"https:\/\/www.gerec.fi\/en\/koti-elamankulussa-tutustu-uuteen-kirjaan\/\">Koti el\u00e4m\u00e4nkulussa &#8211; tutustu uuteen kirjaan<\/a><\/h2><div class=\"vcex-blog-entry-date\">4.11.2024<\/div><div class=\"vcex-blog-entry-excerpt entry-excerpt entry clr\"><p>Koti ja asuinymp\u00e4rist\u00f6 vaikuttavat monella tapaa koettuun hyvinvointiin arjessa. Katja Maununahon, Jenni Kulmalan ja Outi&hellip;<\/p><\/div><div class=\"vcex-blog-entry-readmore-wrap entry-readmore-wrap clr\"><a href=\"https:\/\/www.gerec.fi\/en\/koti-elamankulussa-tutustu-uuteen-kirjaan\/\" class=\"theme-button\">Read more..<\/a><\/div><\/div><\/div><\/div><div class=\"vcex-blog-entry entry-has-details span_1_of_3 col-1 col post-9548 entry type-post has-media cat-130\"><div class=\"vcex-blog-entry-inner entry-inner wpex-clr\"><div class=\"vcex-blog-entry-media entry-media\"><a href=\"https:\/\/www.gerec.fi\/en\/muistisairautta-sairastavat-ihmiset-suljetaan-helposti-sosiaalisten-verkostojen-ulkopuolelle\/\" title=\"Muistisairautta sairastavat ihmiset suljetaan helposti sosiaalisten verkostojen ulkopuolelle\"><img loading=\"lazy\" decoding=\"async\" width=\"2048\" height=\"1366\" src=\"https:\/\/www.gerec.fi\/wp-content\/uploads\/2024\/10\/palvelukeskus.jpg\" class=\"vcex-blog-entry-img\" alt=\"\" srcset=\"https:\/\/www.gerec.fi\/wp-content\/uploads\/2024\/10\/palvelukeskus.jpg 2048w, https:\/\/www.gerec.fi\/wp-content\/uploads\/2024\/10\/palvelukeskus-300x200.jpg 300w, https:\/\/www.gerec.fi\/wp-content\/uploads\/2024\/10\/palvelukeskus-1024x683.jpg 1024w, https:\/\/www.gerec.fi\/wp-content\/uploads\/2024\/10\/palvelukeskus-768x512.jpg 768w, https:\/\/www.gerec.fi\/wp-content\/uploads\/2024\/10\/palvelukeskus-1536x1025.jpg 1536w\" sizes=\"auto, (max-width: 2048px) 100vw, 2048px\" \/><\/a><\/div><div class=\"vcex-blog-entry-details entry-details wpex-clr\"><h2 class=\"vcex-blog-entry-title entry-title\"><a href=\"https:\/\/www.gerec.fi\/en\/muistisairautta-sairastavat-ihmiset-suljetaan-helposti-sosiaalisten-verkostojen-ulkopuolelle\/\">Muistisairautta sairastavat ihmiset suljetaan helposti sosiaalisten verkostojen ulkopuolelle<\/a><\/h2><div class=\"vcex-blog-entry-date\">15.10.2024<\/div><div class=\"vcex-blog-entry-excerpt entry-excerpt entry clr\"><p>Etenev\u00e4 muistisairaus vaikuttaa monella tapaa ik\u00e4\u00e4ntyneen ihmisen el\u00e4m\u00e4\u00e4n. Tampereen ja Turun yliopistojen tutkimuksessa selvitettiin sosiaalisen&hellip;<\/p><\/div><div class=\"vcex-blog-entry-readmore-wrap entry-readmore-wrap clr\"><a href=\"https:\/\/www.gerec.fi\/en\/muistisairautta-sairastavat-ihmiset-suljetaan-helposti-sosiaalisten-verkostojen-ulkopuolelle\/\" class=\"theme-button\">Read more..<\/a><\/div><\/div><\/div><\/div><div class=\"vcex-blog-entry entry-has-details span_1_of_3 col-2 col post-9545 entry type-post no-media cat-131\"><div class=\"vcex-blog-entry-inner entry-inner wpex-clr\"><div class=\"vcex-blog-entry-details entry-details wpex-clr\"><h2 class=\"vcex-blog-entry-title entry-title\"><a href=\"https:\/\/www.gerec.fi\/en\/demokratiapaiva-11-10-2024-ikaantyvan-yhteiskunnan-haasteet-paneeli-klo-9-50\/\">Demokratiap\u00e4iv\u00e4 11.10.2024: Ik\u00e4\u00e4ntyv\u00e4n yhteiskunnan haasteet paneeli klo 9.50<\/a><\/h2><div class=\"vcex-blog-entry-date\">19.9.2024<\/div><div class=\"vcex-blog-entry-excerpt entry-excerpt entry clr\"><p>Kansallista demokratiap\u00e4iv\u00e4\u00e4 vietet\u00e4\u00e4n perjantaina 11. lokakuuta 2024 teemalla \u2019Paikalliset yhteis\u00f6t demokratian voimavarana\u2019. P\u00e4iv\u00e4n ohjelma koostuu&hellip;<\/p><\/div><div class=\"vcex-blog-entry-readmore-wrap entry-readmore-wrap clr\"><a href=\"https:\/\/www.gerec.fi\/en\/demokratiapaiva-11-10-2024-ikaantyvan-yhteiskunnan-haasteet-paneeli-klo-9-50\/\" class=\"theme-button\">Read more..<\/a><\/div><\/div><\/div><\/div><div class=\"vcex-blog-entry entry-has-details span_1_of_3 col-3 col post-9515 entry type-post no-media cat-131\"><div class=\"vcex-blog-entry-inner entry-inner wpex-clr\"><div class=\"vcex-blog-entry-details entry-details wpex-clr\"><h2 class=\"vcex-blog-entry-title entry-title\"><a href=\"https:\/\/www.gerec.fi\/en\/kuule-minua-tapahtuma-perjantaina-27-9-2024\/\">Kuule minua -tapahtuma perjantaina 27.9.2024.<\/a><\/h2><div class=\"vcex-blog-entry-date\">28.8.2024<\/div><div class=\"vcex-blog-entry-excerpt entry-excerpt entry clr\"><p>Tervetuloa Kuule minua -tapahtumaan perjantaina 27.9. klo 10-15! Mukana on paljon muistisairauksien ja ik\u00e4\u00e4ntymisen asiantuntijoita&hellip;<\/p><\/div><div class=\"vcex-blog-entry-readmore-wrap entry-readmore-wrap clr\"><a href=\"https:\/\/www.gerec.fi\/en\/kuule-minua-tapahtuma-perjantaina-27-9-2024\/\" class=\"theme-button\">Read more..<\/a><\/div><\/div><\/div><\/div><div class=\"vcex-blog-entry entry-has-details span_1_of_3 col-1 col post-9506 entry type-post no-media cat-131\"><div class=\"vcex-blog-entry-inner entry-inner wpex-clr\"><div class=\"vcex-blog-entry-details entry-details wpex-clr\"><h2 class=\"vcex-blog-entry-title entry-title\"><a href=\"https:\/\/www.gerec.fi\/en\/tervaskannot-90-hankkeen-yleisotilaisuus-tiistaina-27-8-2024\/\">Tervaskannot 90+ hankkeen yleis\u00f6tilaisuus tiistaina 27.8.2024.<\/a><\/h2><div class=\"vcex-blog-entry-date\">8.8.2024<\/div><div class=\"vcex-blog-entry-excerpt entry-excerpt entry clr\"><p>Tervaskannot 90+ tutkimusryhm\u00e4 j\u00e4rjest\u00e4\u00e4 kaikille avoimen yleis\u00f6tilaisuuden, jossa keskustellaan vanhimpien tamperelaisten el\u00e4m\u00e4ntilanteesta, terveydest\u00e4 ja hyvinvoinnista.&hellip;<\/p><\/div><div class=\"vcex-blog-entry-readmore-wrap entry-readmore-wrap clr\"><a href=\"https:\/\/www.gerec.fi\/en\/tervaskannot-90-hankkeen-yleisotilaisuus-tiistaina-27-8-2024\/\" class=\"theme-button\">Read more..<\/a><\/div><\/div><\/div><\/div><div class=\"vcex-blog-entry entry-has-details span_1_of_3 col-2 col post-9501 entry type-post has-media cat-130 post_tag-491 post_tag-493 post_tag-492 post_tag-489 post_tag-494 post_tag-249 post_tag-490\"><div class=\"vcex-blog-entry-inner entry-inner wpex-clr\"><div class=\"vcex-blog-entry-media entry-media\"><a href=\"https:\/\/www.gerec.fi\/en\/hoivakoyhyyden-merkkeja-nakyy-ymparivuorokautiseen-hoitoon-paasyssa-ja-hoidon-laadussa\/\" title=\"Hoivak\u00f6yhyyden merkkej\u00e4 n\u00e4kyy ymp\u00e4rivuorokautiseen hoitoon p\u00e4\u00e4syss\u00e4 ja hoidon laadussa\"><img loading=\"lazy\" decoding=\"async\" width=\"1024\" height=\"683\" src=\"https:\/\/www.gerec.fi\/wp-content\/uploads\/2024\/06\/10.11.2020-Lahdensivun-koti_-54.jpg\" class=\"vcex-blog-entry-img\" alt=\"\" srcset=\"https:\/\/www.gerec.fi\/wp-content\/uploads\/2024\/06\/10.11.2020-Lahdensivun-koti_-54.jpg 1024w, https:\/\/www.gerec.fi\/wp-content\/uploads\/2024\/06\/10.11.2020-Lahdensivun-koti_-54-300x200.jpg 300w, https:\/\/www.gerec.fi\/wp-content\/uploads\/2024\/06\/10.11.2020-Lahdensivun-koti_-54-768x512.jpg 768w\" sizes=\"auto, (max-width: 1024px) 100vw, 1024px\" \/><\/a><\/div><div class=\"vcex-blog-entry-details entry-details wpex-clr\"><h2 class=\"vcex-blog-entry-title entry-title\"><a href=\"https:\/\/www.gerec.fi\/en\/hoivakoyhyyden-merkkeja-nakyy-ymparivuorokautiseen-hoitoon-paasyssa-ja-hoidon-laadussa\/\">Hoivak\u00f6yhyyden merkkej\u00e4 n\u00e4kyy ymp\u00e4rivuorokautiseen hoitoon p\u00e4\u00e4syss\u00e4 ja hoidon laadussa<\/a><\/h2><div class=\"vcex-blog-entry-date\">24.6.2024<\/div><div class=\"vcex-blog-entry-excerpt entry-excerpt entry clr\"><p>Tampereen, Turun ja Helsingin yliopiston tutkijoiden toteuttamassa haastattelututkimuksessa tarkasteltiin hoivakodeissa asuvien muistisairaiden henkil\u00f6iden kohtaamattomia hoidontarpeita&hellip;<\/p><\/div><div class=\"vcex-blog-entry-readmore-wrap entry-readmore-wrap clr\"><a href=\"https:\/\/www.gerec.fi\/en\/hoivakoyhyyden-merkkeja-nakyy-ymparivuorokautiseen-hoitoon-paasyssa-ja-hoidon-laadussa\/\" class=\"theme-button\">Read more..<\/a><\/div><\/div><\/div><\/div><div class=\"vcex-blog-entry entry-has-details span_1_of_3 col-3 col post-9421 entry type-post no-media cat-130\"><div class=\"vcex-blog-entry-inner entry-inner wpex-clr\"><div class=\"vcex-blog-entry-details entry-details wpex-clr\"><h2 class=\"vcex-blog-entry-title entry-title\"><a href=\"https:\/\/www.gerec.fi\/en\/gerec-news-puolivuotisjulkaisu-on-ilmestynyt\/\">GEREC News puolivuotisjulkaisu on ilmestynyt!<\/a><\/h2><div class=\"vcex-blog-entry-date\">7.6.2024<\/div><div class=\"vcex-blog-entry-excerpt entry-excerpt entry clr\"><p>Vuoden 2024 ensimm\u00e4inen puolivuotisjulkaisu on nyt luettavissa! Lis\u00e4t\u00e4ksemme toimintamme n\u00e4kyvyytt\u00e4 ja tiedottamista kokoamme tutkimuskeskuksen toimintaa&hellip;<\/p><\/div><div class=\"vcex-blog-entry-readmore-wrap entry-readmore-wrap clr\"><a href=\"https:\/\/www.gerec.fi\/en\/gerec-news-puolivuotisjulkaisu-on-ilmestynyt\/\" class=\"theme-button\">Read more..<\/a><\/div><\/div><\/div><\/div><div class=\"vcex-blog-entry entry-has-details span_1_of_3 col-1 col post-9409 entry type-post has-media cat-132\"><div class=\"vcex-blog-entry-inner entry-inner wpex-clr\"><div class=\"vcex-blog-entry-media entry-media\"><a href=\"https:\/\/www.gerec.fi\/en\/sosiaalipalvelut-murroksessa-pystyyko-ikaantyneiden-palveluohjaus-vastaamaan-ikaihmisten-muuttuviin-elamantilanteisiin-myos-tulevaisuudessa\/\" title=\"Sosiaalipalvelut murroksessa \u2013 pystyyk\u00f6 ik\u00e4\u00e4ntyneiden palveluohjaus vastaamaan ik\u00e4ihmisten muuttuviin el\u00e4m\u00e4ntilanteisiin my\u00f6s tulevaisuudessa?\"><img loading=\"lazy\" decoding=\"async\" width=\"2560\" height=\"1920\" src=\"https:\/\/www.gerec.fi\/wp-content\/uploads\/2024\/05\/ALW_062018-scaled.jpeg\" class=\"vcex-blog-entry-img\" alt=\"\" srcset=\"https:\/\/www.gerec.fi\/wp-content\/uploads\/2024\/05\/ALW_062018-scaled.jpeg 2560w, https:\/\/www.gerec.fi\/wp-content\/uploads\/2024\/05\/ALW_062018-300x225.jpeg 300w, https:\/\/www.gerec.fi\/wp-content\/uploads\/2024\/05\/ALW_062018-1024x768.jpeg 1024w, https:\/\/www.gerec.fi\/wp-content\/uploads\/2024\/05\/ALW_062018-768x576.jpeg 768w, https:\/\/www.gerec.fi\/wp-content\/uploads\/2024\/05\/ALW_062018-1536x1152.jpeg 1536w, https:\/\/www.gerec.fi\/wp-content\/uploads\/2024\/05\/ALW_062018-2048x1536.jpeg 2048w\" sizes=\"auto, (max-width: 2560px) 100vw, 2560px\" \/><\/a><\/div><div class=\"vcex-blog-entry-details entry-details wpex-clr\"><h2 class=\"vcex-blog-entry-title entry-title\"><a href=\"https:\/\/www.gerec.fi\/en\/sosiaalipalvelut-murroksessa-pystyyko-ikaantyneiden-palveluohjaus-vastaamaan-ikaihmisten-muuttuviin-elamantilanteisiin-myos-tulevaisuudessa\/\">Sosiaalipalvelut murroksessa \u2013 pystyyk\u00f6 ik\u00e4\u00e4ntyneiden palveluohjaus vastaamaan ik\u00e4ihmisten muuttuviin el\u00e4m\u00e4ntilanteisiin my\u00f6s tulevaisuudessa?<\/a><\/h2><div class=\"vcex-blog-entry-date\">8.5.2024<\/div><div class=\"vcex-blog-entry-excerpt entry-excerpt entry clr\"><p>Gerontologisen sosiaality\u00f6n ja palveluohjauksen rooli yhteiskunnassa ja palveluj\u00e4rjestelm\u00e4ss\u00e4 korostuu palvelujen tuottamisen pirstoutuessa yh\u00e4 useammille toimijoille.&hellip;<\/p><\/div><div class=\"vcex-blog-entry-readmore-wrap entry-readmore-wrap clr\"><a href=\"https:\/\/www.gerec.fi\/en\/sosiaalipalvelut-murroksessa-pystyyko-ikaantyneiden-palveluohjaus-vastaamaan-ikaihmisten-muuttuviin-elamantilanteisiin-myos-tulevaisuudessa\/\" class=\"theme-button\">Read more..<\/a><\/div><\/div><\/div><\/div><div class=\"vcex-blog-entry entry-has-details span_1_of_3 col-2 col post-9395 entry type-post no-media cat-130\"><div class=\"vcex-blog-entry-inner entry-inner wpex-clr\"><div class=\"vcex-blog-entry-details entry-details wpex-clr\"><h2 class=\"vcex-blog-entry-title entry-title\"><a href=\"https:\/\/www.gerec.fi\/en\/ikaantyvien-hoivan-tulevaisuus-selvityshankkeen-muistio-luettavissa\/\">Ik\u00e4\u00e4ntyvien hoivan tulevaisuus -selvityshankkeen muistio luettavissa<\/a><\/h2><div class=\"vcex-blog-entry-date\">26.4.2024<\/div><div class=\"vcex-blog-entry-excerpt entry-excerpt entry clr\"><p>Gerontologian tutkimuskeskus toteutti vuonna 2023 selvityshankkeen, jossa tarkasteltiin ik\u00e4\u00e4ntyneiden hoivan tulevaisuutta tulevaisuusperspektiiviss\u00e4. Tutkimuksessa kartoitettiin erityisesti&hellip;<\/p><\/div><div class=\"vcex-blog-entry-readmore-wrap entry-readmore-wrap clr\"><a href=\"https:\/\/www.gerec.fi\/en\/ikaantyvien-hoivan-tulevaisuus-selvityshankkeen-muistio-luettavissa\/\" class=\"theme-button\">Read more..<\/a><\/div><\/div><\/div><\/div><div class=\"vcex-blog-entry entry-has-details span_1_of_3 col-3 col post-9396 entry type-post no-media cat-132\"><div class=\"vcex-blog-entry-inner entry-inner wpex-clr\"><div class=\"vcex-blog-entry-details entry-details wpex-clr\"><h2 class=\"vcex-blog-entry-title entry-title\"><a href=\"https:\/\/www.gerec.fi\/en\/vaitoskirjatutkija-tunnista-osaamisesi\/\">V\u00e4it\u00f6skirjatutkija, tunnista osaamisesi!<\/a><\/h2><div class=\"vcex-blog-entry-date\">26.4.2024<\/div><div class=\"vcex-blog-entry-excerpt entry-excerpt entry clr\"><p>Gerontologian tutkimuskeskuksen 15 v\u00e4it\u00f6skirjatutkijaa kokoontuivat 11.4.2024 aurinkoisessa ja tuulisessa Jyv\u00e4skyl\u00e4ss\u00e4 tutustumisen ja tulevaisuuden yhteisty\u00f6n rakentamisen&hellip;<\/p><\/div><div class=\"vcex-blog-entry-readmore-wrap entry-readmore-wrap clr\"><a href=\"https:\/\/www.gerec.fi\/en\/vaitoskirjatutkija-tunnista-osaamisesi\/\" class=\"theme-button\">Read more..<\/a><\/div><\/div><\/div><\/div><div class=\"vcex-blog-entry entry-has-details span_1_of_3 col-1 col post-9383 entry type-post no-media cat-130\"><div class=\"vcex-blog-entry-inner entry-inner wpex-clr\"><div class=\"vcex-blog-entry-details entry-details wpex-clr\"><h2 class=\"vcex-blog-entry-title entry-title\"><a href=\"https:\/\/www.gerec.fi\/en\/uusi-akatemiarahoitus-infrastruktuurihankkeille-gerec-mukana-yhdessa-konsortiossa\/\">Uusi akatemiarahoitus infrastruktuurihankkeille &#8211; GEREC mukana yhdess\u00e4 konsortiossa<\/a><\/h2><div class=\"vcex-blog-entry-date\">2.2.2024<\/div><div class=\"vcex-blog-entry-excerpt entry-excerpt entry clr\"><p>Suomen Akatemian Tutkimusinfrastruktuurikomitea on my\u00f6nt\u00e4nyt yli 22 miljoonaa euroa rahoitusta 11 infrastruktuurihankkeelle. Tampereen yliopiston GEREC&hellip;<\/p><\/div><div class=\"vcex-blog-entry-readmore-wrap entry-readmore-wrap clr\"><a href=\"https:\/\/www.gerec.fi\/en\/uusi-akatemiarahoitus-infrastruktuurihankkeille-gerec-mukana-yhdessa-konsortiossa\/\" class=\"theme-button\">Read more..<\/a><\/div><\/div><\/div><\/div><div class=\"vcex-blog-entry entry-has-details span_1_of_3 col-2 col post-9370 entry type-post has-media cat-130\"><div class=\"vcex-blog-entry-inner entry-inner wpex-clr\"><div class=\"vcex-blog-entry-media entry-media\"><a href=\"https:\/\/www.gerec.fi\/en\/paikalliset-palvelut-ja-sosiaalinen-toiminta-tukevat-ikaantyvien-hyvinvointia-ja-sosiaalista-osallisuutta\/\" title=\"Paikalliset palvelut ja sosiaalinen toiminta tukevat ik\u00e4\u00e4ntyvien hyvinvointia ja sosiaalista osallisuutta\"><img loading=\"lazy\" decoding=\"async\" width=\"1640\" height=\"924\" src=\"https:\/\/www.gerec.fi\/wp-content\/uploads\/2024\/01\/kuva-20.png\" class=\"vcex-blog-entry-img\" alt=\"\" srcset=\"https:\/\/www.gerec.fi\/wp-content\/uploads\/2024\/01\/kuva-20.png 1640w, https:\/\/www.gerec.fi\/wp-content\/uploads\/2024\/01\/kuva-20-300x169.png 300w, https:\/\/www.gerec.fi\/wp-content\/uploads\/2024\/01\/kuva-20-1024x577.png 1024w, https:\/\/www.gerec.fi\/wp-content\/uploads\/2024\/01\/kuva-20-768x433.png 768w, https:\/\/www.gerec.fi\/wp-content\/uploads\/2024\/01\/kuva-20-1536x865.png 1536w\" sizes=\"auto, (max-width: 1640px) 100vw, 1640px\" \/><\/a><\/div><div class=\"vcex-blog-entry-details entry-details wpex-clr\"><h2 class=\"vcex-blog-entry-title entry-title\"><a href=\"https:\/\/www.gerec.fi\/en\/paikalliset-palvelut-ja-sosiaalinen-toiminta-tukevat-ikaantyvien-hyvinvointia-ja-sosiaalista-osallisuutta\/\">Paikalliset palvelut ja sosiaalinen toiminta tukevat ik\u00e4\u00e4ntyvien hyvinvointia ja sosiaalista osallisuutta<\/a><\/h2><div class=\"vcex-blog-entry-date\">26.1.2024<\/div><div class=\"vcex-blog-entry-excerpt entry-excerpt entry clr\"><p>Sosiaalinen toiminta ja l\u00e4hell\u00e4 sijaitsevat palvelut tukevat yhteis\u00f6llisyytt\u00e4 ja ik\u00e4\u00e4ntyvien ihmisten sosiaalista osallisuutta, kertoo tuore&hellip;<\/p><\/div><div class=\"vcex-blog-entry-readmore-wrap entry-readmore-wrap clr\"><a href=\"https:\/\/www.gerec.fi\/en\/paikalliset-palvelut-ja-sosiaalinen-toiminta-tukevat-ikaantyvien-hyvinvointia-ja-sosiaalista-osallisuutta\/\" class=\"theme-button\">Read more..<\/a><\/div><\/div><\/div><\/div><div class=\"vcex-blog-entry entry-has-details span_1_of_3 col-3 col post-9351 entry type-post no-media cat-130\"><div class=\"vcex-blog-entry-inner entry-inner wpex-clr\"><div class=\"vcex-blog-entry-details entry-details wpex-clr\"><h2 class=\"vcex-blog-entry-title entry-title\"><a href=\"https:\/\/www.gerec.fi\/en\/gerec-news-puolivuotisjulkaisu-on-luettavissa-5\/\">Gerec News puolivuotisjulkaisu on luettavissa<\/a><\/h2><div class=\"vcex-blog-entry-date\">4.12.2023<\/div><div class=\"vcex-blog-entry-excerpt entry-excerpt entry clr\"><p>Vuoden 2023 toinen GEREC news puolivuotisjulkaisu on julkaistu! Lis\u00e4t\u00e4ksemme toimintamme n\u00e4kyvyytt\u00e4 ja tiedottamista kokoamme tutkimuskeskuksen&hellip;<\/p><\/div><div class=\"vcex-blog-entry-readmore-wrap entry-readmore-wrap clr\"><a href=\"https:\/\/www.gerec.fi\/en\/gerec-news-puolivuotisjulkaisu-on-luettavissa-5\/\" class=\"theme-button\">Read more..<\/a><\/div><\/div><\/div><\/div><div class=\"vcex-blog-entry entry-has-details span_1_of_3 col-1 col post-9293 entry type-post has-media cat-132\"><div class=\"vcex-blog-entry-inner entry-inner wpex-clr\"><div class=\"vcex-blog-entry-media entry-media\"><a href=\"https:\/\/www.gerec.fi\/en\/gerec-yliopistoharjoittelijan-silmin\/\" title=\"GEREC yliopistoharjoittelijan silmin\"><img loading=\"lazy\" decoding=\"async\" width=\"2560\" height=\"1920\" src=\"https:\/\/www.gerec.fi\/wp-content\/uploads\/2023\/10\/20200923_091243-scaled.jpg\" class=\"vcex-blog-entry-img\" alt=\"\" srcset=\"https:\/\/www.gerec.fi\/wp-content\/uploads\/2023\/10\/20200923_091243-scaled.jpg 2560w, https:\/\/www.gerec.fi\/wp-content\/uploads\/2023\/10\/20200923_091243-300x225.jpg 300w, https:\/\/www.gerec.fi\/wp-content\/uploads\/2023\/10\/20200923_091243-1024x768.jpg 1024w, https:\/\/www.gerec.fi\/wp-content\/uploads\/2023\/10\/20200923_091243-768x576.jpg 768w, https:\/\/www.gerec.fi\/wp-content\/uploads\/2023\/10\/20200923_091243-1536x1152.jpg 1536w, https:\/\/www.gerec.fi\/wp-content\/uploads\/2023\/10\/20200923_091243-2048x1536.jpg 2048w\" sizes=\"auto, (max-width: 2560px) 100vw, 2560px\" \/><\/a><\/div><div class=\"vcex-blog-entry-details entry-details wpex-clr\"><h2 class=\"vcex-blog-entry-title entry-title\"><a href=\"https:\/\/www.gerec.fi\/en\/gerec-yliopistoharjoittelijan-silmin\/\">GEREC yliopistoharjoittelijan silmin<\/a><\/h2><div class=\"vcex-blog-entry-date\">1.11.2023<\/div><div class=\"vcex-blog-entry-excerpt entry-excerpt entry clr\"><p>Kirpe\u00e4 tuuli kieputtelee ruskan v\u00e4rj\u00e4\u00e4mi\u00e4 lehti\u00e4 ymp\u00e4riins\u00e4. Kev\u00e4\u00e4ll\u00e4 aloittamani ty\u00f6harjoittelu Gerontologian tutkimuskeskuksessa valmistui t\u00e4m\u00e4n syksyn&hellip;<\/p><\/div><div class=\"vcex-blog-entry-readmore-wrap entry-readmore-wrap clr\"><a href=\"https:\/\/www.gerec.fi\/en\/gerec-yliopistoharjoittelijan-silmin\/\" class=\"theme-button\">Read more..<\/a><\/div><\/div><\/div><\/div><div class=\"vcex-blog-entry entry-has-details span_1_of_3 col-2 col post-9305 entry type-post no-media cat-131\"><div class=\"vcex-blog-entry-inner entry-inner wpex-clr\"><div class=\"vcex-blog-entry-details entry-details wpex-clr\"><h2 class=\"vcex-blog-entry-title entry-title\"><a href=\"https:\/\/www.gerec.fi\/en\/hoiva-ja-demokratia-tyopajoja-marraskuussa-9-11-ja-28-11\/\">Hoiva ja demokratia ty\u00f6pajat marraskuussa 9.11. ja 28.11.<\/a><\/h2><div class=\"vcex-blog-entry-date\">26.10.2023<\/div><div class=\"vcex-blog-entry-excerpt entry-excerpt entry clr\"><p>Tampereen yliopiston Demokratiatutkimusverkosto j\u00e4rjest\u00e4\u00e4 marraskuussa kaksi avointa hoivaan ja demokratiaan liittyv\u00e4\u00e4 ty\u00f6pajaa. Ty\u00f6pajojen pyrkimyksen\u00e4 on&hellip;<\/p><\/div><div class=\"vcex-blog-entry-readmore-wrap entry-readmore-wrap clr\"><a href=\"https:\/\/www.gerec.fi\/en\/hoiva-ja-demokratia-tyopajoja-marraskuussa-9-11-ja-28-11\/\" class=\"theme-button\">Read more..<\/a><\/div><\/div><\/div><\/div><div class=\"vcex-blog-entry entry-has-details span_1_of_3 col-3 col post-9288 entry type-post no-media cat-130\"><div class=\"vcex-blog-entry-inner entry-inner wpex-clr\"><div class=\"vcex-blog-entry-details entry-details wpex-clr\"><h2 class=\"vcex-blog-entry-title entry-title\"><a href=\"https:\/\/www.gerec.fi\/en\/apuraha-haettavissa-vanhojen-ihmisten-asuinolojen-ja-asuinympariston-tutkimukseen\/\">Apuraha haettavissa vanhojen ihmisten asuinolojen ja asuinymp\u00e4rist\u00f6n tutkimukseen<\/a><\/h2><div class=\"vcex-blog-entry-date\">17.10.2023<\/div><div class=\"vcex-blog-entry-excerpt entry-excerpt entry clr\"><p>Jyv\u00e4skyl\u00e4n sotainvalidien asuntos\u00e4\u00e4ti\u00f6 my\u00f6nt\u00e4\u00e4 pienen apurahan vanhojen ihmisten asuinolojen ja asuinymp\u00e4rist\u00f6n tutkimukseen (15\u00a0000e). Tutkimuksen toivotaan&hellip;<\/p><\/div><div class=\"vcex-blog-entry-readmore-wrap entry-readmore-wrap clr\"><a href=\"https:\/\/www.gerec.fi\/en\/apuraha-haettavissa-vanhojen-ihmisten-asuinolojen-ja-asuinympariston-tutkimukseen\/\" class=\"theme-button\">Read more..<\/a><\/div><\/div><\/div><\/div><div class=\"vcex-blog-entry entry-has-details span_1_of_3 col-1 col post-9276 entry type-post has-media cat-130 post_tag-162 post_tag-313 post_tag-383 post_tag-382\"><div class=\"vcex-blog-entry-inner entry-inner wpex-clr\"><div class=\"vcex-blog-entry-media entry-media\"><a href=\"https:\/\/www.gerec.fi\/en\/ikaantyneiden-sairaalahoitopaivien-maara-notkahti-koronapandemian-alussa\/\" title=\"Ik\u00e4\u00e4ntyneiden sairaalahoitop\u00e4ivien m\u00e4\u00e4r\u00e4 notkahti koronapandemian alussa\"><img loading=\"lazy\" decoding=\"async\" width=\"1640\" height=\"924\" src=\"https:\/\/www.gerec.fi\/wp-content\/uploads\/2023\/10\/Hospital.png\" class=\"vcex-blog-entry-img\" alt=\"\" srcset=\"https:\/\/www.gerec.fi\/wp-content\/uploads\/2023\/10\/Hospital.png 1640w, https:\/\/www.gerec.fi\/wp-content\/uploads\/2023\/10\/Hospital-300x169.png 300w, https:\/\/www.gerec.fi\/wp-content\/uploads\/2023\/10\/Hospital-1024x577.png 1024w, https:\/\/www.gerec.fi\/wp-content\/uploads\/2023\/10\/Hospital-768x433.png 768w, https:\/\/www.gerec.fi\/wp-content\/uploads\/2023\/10\/Hospital-1536x865.png 1536w\" sizes=\"auto, (max-width: 1640px) 100vw, 1640px\" \/><\/a><\/div><div class=\"vcex-blog-entry-details entry-details wpex-clr\"><h2 class=\"vcex-blog-entry-title entry-title\"><a href=\"https:\/\/www.gerec.fi\/en\/ikaantyneiden-sairaalahoitopaivien-maara-notkahti-koronapandemian-alussa\/\">Ik\u00e4\u00e4ntyneiden sairaalahoitop\u00e4ivien m\u00e4\u00e4r\u00e4 notkahti koronapandemian alussa<\/a><\/h2><div class=\"vcex-blog-entry-date\">10.10.2023<\/div><div class=\"vcex-blog-entry-excerpt entry-excerpt entry clr\"><p>Ik\u00e4\u00e4ntyneiden sairaalahoitop\u00e4ivien m\u00e4\u00e4r\u00e4 v\u00e4heni voimakkaasti, kun koronarajoitukset alkoivat vuonna 2020. Vaikka v\u00e4heneminen oli melko lyhytaikaista,&hellip;<\/p><\/div><div class=\"vcex-blog-entry-readmore-wrap entry-readmore-wrap clr\"><a href=\"https:\/\/www.gerec.fi\/en\/ikaantyneiden-sairaalahoitopaivien-maara-notkahti-koronapandemian-alussa\/\" class=\"theme-button\">Read more..<\/a><\/div><\/div><\/div><\/div><div class=\"vcex-blog-entry entry-has-details span_1_of_3 col-2 col post-9284 entry type-post has-media cat-131\"><div class=\"vcex-blog-entry-inner entry-inner wpex-clr\"><div class=\"vcex-blog-entry-media entry-media\"><a href=\"https:\/\/www.gerec.fi\/en\/asuinymparisto-hyvinvointi-ja-vanheneminen-seminaari-1-12-2023\/\" title=\"Asuinymp\u00e4rist\u00f6, hyvinvointi ja vanheneminen &#8211; seminaari 1.12.2023\"><img loading=\"lazy\" decoding=\"async\" width=\"1640\" height=\"924\" src=\"https:\/\/www.gerec.fi\/wp-content\/uploads\/2023\/10\/Seminaari-paivitetty-11223.png\" class=\"vcex-blog-entry-img\" alt=\"\" srcset=\"https:\/\/www.gerec.fi\/wp-content\/uploads\/2023\/10\/Seminaari-paivitetty-11223.png 1640w, https:\/\/www.gerec.fi\/wp-content\/uploads\/2023\/10\/Seminaari-paivitetty-11223-300x169.png 300w, https:\/\/www.gerec.fi\/wp-content\/uploads\/2023\/10\/Seminaari-paivitetty-11223-1024x577.png 1024w, https:\/\/www.gerec.fi\/wp-content\/uploads\/2023\/10\/Seminaari-paivitetty-11223-768x433.png 768w, https:\/\/www.gerec.fi\/wp-content\/uploads\/2023\/10\/Seminaari-paivitetty-11223-1536x865.png 1536w\" sizes=\"auto, (max-width: 1640px) 100vw, 1640px\" \/><\/a><\/div><div class=\"vcex-blog-entry-details entry-details wpex-clr\"><h2 class=\"vcex-blog-entry-title entry-title\"><a href=\"https:\/\/www.gerec.fi\/en\/asuinymparisto-hyvinvointi-ja-vanheneminen-seminaari-1-12-2023\/\">Asuinymp\u00e4rist\u00f6, hyvinvointi ja vanheneminen &#8211; seminaari 1.12.2023<\/a><\/h2><div class=\"vcex-blog-entry-date\">10.10.2023<\/div><div class=\"vcex-blog-entry-excerpt entry-excerpt entry clr\"><p>Aika ja paikka: 1.12.2023, klo 9.30\u201314.00, Tampereen yliopisto, P\u00e4\u00e4talo, Kalevantie 4 (ls C6) \/et\u00e4osallistuminen Zoom&hellip;<\/p><\/div><div class=\"vcex-blog-entry-readmore-wrap entry-readmore-wrap clr\"><a href=\"https:\/\/www.gerec.fi\/en\/asuinymparisto-hyvinvointi-ja-vanheneminen-seminaari-1-12-2023\/\" class=\"theme-button\">Read more..<\/a><\/div><\/div><\/div><\/div><div class=\"vcex-blog-entry entry-has-details span_1_of_3 col-3 col post-9266 entry type-post has-media cat-132\"><div class=\"vcex-blog-entry-inner entry-inner wpex-clr\"><div class=\"vcex-blog-entry-media entry-media\"><a href=\"https:\/\/www.gerec.fi\/en\/me-ja-yli-ikaiset-elakepommipuheen-toiseuttava-vaikutus\/\" title=\"Me ja yli-ik\u00e4iset \u2013 El\u00e4kepommipuheen toiseuttava vaikutus\"><img loading=\"lazy\" decoding=\"async\" width=\"1053\" height=\"702\" src=\"https:\/\/www.gerec.fi\/wp-content\/uploads\/2023\/10\/kuvituskuva1.jpg\" class=\"vcex-blog-entry-img\" alt=\"\" srcset=\"https:\/\/www.gerec.fi\/wp-content\/uploads\/2023\/10\/kuvituskuva1.jpg 1053w, https:\/\/www.gerec.fi\/wp-content\/uploads\/2023\/10\/kuvituskuva1-300x200.jpg 300w, https:\/\/www.gerec.fi\/wp-content\/uploads\/2023\/10\/kuvituskuva1-1024x683.jpg 1024w, https:\/\/www.gerec.fi\/wp-content\/uploads\/2023\/10\/kuvituskuva1-768x512.jpg 768w\" sizes=\"auto, (max-width: 1053px) 100vw, 1053px\" \/><\/a><\/div><div class=\"vcex-blog-entry-details entry-details wpex-clr\"><h2 class=\"vcex-blog-entry-title entry-title\"><a href=\"https:\/\/www.gerec.fi\/en\/me-ja-yli-ikaiset-elakepommipuheen-toiseuttava-vaikutus\/\">Me ja yli-ik\u00e4iset \u2013 El\u00e4kepommipuheen toiseuttava vaikutus<\/a><\/h2><div class=\"vcex-blog-entry-date\">3.10.2023<\/div><div class=\"vcex-blog-entry-excerpt entry-excerpt entry clr\"><p>Jotain pit\u00e4isi tehd\u00e4. On v\u00e4est\u00f6rakenteen muutos, huoltosuhde ja el\u00e4kepommi. Ylikansoitus ja ilmastonmuutos. On terveydenhuollon resurssit,&hellip;<\/p><\/div><div class=\"vcex-blog-entry-readmore-wrap entry-readmore-wrap clr\"><a href=\"https:\/\/www.gerec.fi\/en\/me-ja-yli-ikaiset-elakepommipuheen-toiseuttava-vaikutus\/\" class=\"theme-button\">Read more..<\/a><\/div><\/div><\/div><\/div><div class=\"vcex-blog-entry entry-has-details span_1_of_3 col-1 col post-9234 entry type-post has-media cat-132 post_tag-488\"><div class=\"vcex-blog-entry-inner entry-inner wpex-clr\"><div class=\"vcex-blog-entry-media entry-media\"><a href=\"https:\/\/www.gerec.fi\/en\/gerecin-nuoret-tohtorit-mukana-jyvaskylan-yliopiston-promootiossa\/\" title=\"GEREC:in nuoret tohtorit mukana Jyv\u00e4skyl\u00e4n yliopiston promootiossa\"><img loading=\"lazy\" decoding=\"async\" width=\"1280\" height=\"853\" src=\"https:\/\/www.gerec.fi\/wp-content\/uploads\/2023\/07\/Medium_Promootio2023_015.jpg\" class=\"vcex-blog-entry-img\" alt=\"\" srcset=\"https:\/\/www.gerec.fi\/wp-content\/uploads\/2023\/07\/Medium_Promootio2023_015.jpg 1280w, https:\/\/www.gerec.fi\/wp-content\/uploads\/2023\/07\/Medium_Promootio2023_015-300x200.jpg 300w, https:\/\/www.gerec.fi\/wp-content\/uploads\/2023\/07\/Medium_Promootio2023_015-1024x682.jpg 1024w, https:\/\/www.gerec.fi\/wp-content\/uploads\/2023\/07\/Medium_Promootio2023_015-768x512.jpg 768w\" sizes=\"auto, (max-width: 1280px) 100vw, 1280px\" \/><\/a><\/div><div class=\"vcex-blog-entry-details entry-details wpex-clr\"><h2 class=\"vcex-blog-entry-title entry-title\"><a href=\"https:\/\/www.gerec.fi\/en\/gerecin-nuoret-tohtorit-mukana-jyvaskylan-yliopiston-promootiossa\/\">GEREC:in nuoret tohtorit mukana Jyv\u00e4skyl\u00e4n yliopiston promootiossa<\/a><\/h2><div class=\"vcex-blog-entry-date\">3.7.2023<\/div><div class=\"vcex-blog-entry-excerpt entry-excerpt entry clr\"><p>Jyv\u00e4skyl\u00e4n yliopiston XI promootio j\u00e4rjestettiin helteisen\u00e4 toukokuun viikonloppuna Jyv\u00e4skyl\u00e4n yliopiston kauniilla kampuksella sek\u00e4 Paviljongissa. GEREC:in&hellip;<\/p><\/div><div class=\"vcex-blog-entry-readmore-wrap entry-readmore-wrap clr\"><a href=\"https:\/\/www.gerec.fi\/en\/gerecin-nuoret-tohtorit-mukana-jyvaskylan-yliopiston-promootiossa\/\" class=\"theme-button\">Read more..<\/a><\/div><\/div><\/div><\/div><div class=\"vcex-blog-entry entry-has-details span_1_of_3 col-2 col post-9134 entry type-post has-media cat-132 post_tag-478 post_tag-483 post_tag-484 post_tag-482 post_tag-481 post_tag-367 post_tag-249 post_tag-486 post_tag-487 post_tag-485\"><div class=\"vcex-blog-entry-inner entry-inner wpex-clr\"><div class=\"vcex-blog-entry-media entry-media\"><a href=\"https:\/\/www.gerec.fi\/en\/muistisairauksien-tutkijat-ovat-kuulolla-ja-haluavat-vaikuttaa\/\" title=\"Muistisairauksien tutkijat ovat kuulolla ja haluavat vaikuttaa\"><img loading=\"lazy\" decoding=\"async\" width=\"2560\" height=\"1707\" src=\"https:\/\/www.gerec.fi\/wp-content\/uploads\/2023\/06\/IMG_0353-scaled.jpg\" class=\"vcex-blog-entry-img\" alt=\"\" srcset=\"https:\/\/www.gerec.fi\/wp-content\/uploads\/2023\/06\/IMG_0353-scaled.jpg 2560w, https:\/\/www.gerec.fi\/wp-content\/uploads\/2023\/06\/IMG_0353-300x200.jpg 300w, https:\/\/www.gerec.fi\/wp-content\/uploads\/2023\/06\/IMG_0353-1024x683.jpg 1024w, https:\/\/www.gerec.fi\/wp-content\/uploads\/2023\/06\/IMG_0353-768x512.jpg 768w, https:\/\/www.gerec.fi\/wp-content\/uploads\/2023\/06\/IMG_0353-1536x1024.jpg 1536w, https:\/\/www.gerec.fi\/wp-content\/uploads\/2023\/06\/IMG_0353-2048x1365.jpg 2048w\" sizes=\"auto, (max-width: 2560px) 100vw, 2560px\" \/><\/a><\/div><div class=\"vcex-blog-entry-details entry-details wpex-clr\"><h2 class=\"vcex-blog-entry-title entry-title\"><a href=\"https:\/\/www.gerec.fi\/en\/muistisairauksien-tutkijat-ovat-kuulolla-ja-haluavat-vaikuttaa\/\">Muistisairauksien tutkijat ovat kuulolla ja haluavat vaikuttaa<\/a><\/h2><div class=\"vcex-blog-entry-date\">20.6.2023<\/div><div class=\"vcex-blog-entry-excerpt entry-excerpt entry clr\"><p>Suomen Kulttuurirahaston rahoittaman Kuule minua -Argumenta-hankkeen https:\/\/projects.tuni.fi\/kuuleminua\/ ensimm\u00e4inen ty\u00f6paja j\u00e4rjestettiin Karjalohjalla Heponiemen hiljaisuuden keskuksessa toukokuussa&hellip;<\/p><\/div><div class=\"vcex-blog-entry-readmore-wrap entry-readmore-wrap clr\"><a href=\"https:\/\/www.gerec.fi\/en\/muistisairauksien-tutkijat-ovat-kuulolla-ja-haluavat-vaikuttaa\/\" class=\"theme-button\">Read more..<\/a><\/div><\/div><\/div><\/div><div class=\"vcex-blog-entry entry-has-details span_1_of_3 col-3 col post-9089 entry type-post no-media cat-131\"><div class=\"vcex-blog-entry-inner entry-inner wpex-clr\"><div class=\"vcex-blog-entry-details entry-details wpex-clr\"><h2 class=\"vcex-blog-entry-title entry-title\"><a href=\"https:\/\/www.gerec.fi\/en\/tau-age-symposium-8-9-2023\/\">TAU-AGE symposium 8.9.2023<\/a><\/h2><div class=\"vcex-blog-entry-date\">15.6.2023<\/div><div class=\"vcex-blog-entry-excerpt entry-excerpt entry clr\"><p>TAU-AGE symposium 8.9.2023 Ohjelma: https:\/\/events.tuni.fi\/tau-age\/ohjelma\/ Pitk\u00e4 ik\u00e4 on ihmiskunnan suurin saavutus, mutta v\u00e4est\u00f6n ik\u00e4\u00e4ntyminen on&hellip;<\/p><\/div><div class=\"vcex-blog-entry-readmore-wrap entry-readmore-wrap clr\"><a href=\"https:\/\/www.gerec.fi\/en\/tau-age-symposium-8-9-2023\/\" class=\"theme-button\">Read more..<\/a><\/div><\/div><\/div><\/div><div class=\"vcex-blog-entry entry-has-details span_1_of_3 col-1 col post-9071 entry type-post no-media cat-130\"><div class=\"vcex-blog-entry-inner entry-inner wpex-clr\"><div class=\"vcex-blog-entry-details entry-details wpex-clr\"><h2 class=\"vcex-blog-entry-title entry-title\"><a href=\"https:\/\/www.gerec.fi\/en\/muistisairaus-on-korkean-ian-toiminnanvajavuuksien-tarkein-syy\/\">Muistisairaus on korkean i\u00e4n toiminnanvajavuuksien t\u00e4rkein syy<\/a><\/h2><div class=\"vcex-blog-entry-date\">8.6.2023<\/div><div class=\"vcex-blog-entry-excerpt entry-excerpt entry clr\"><p>Muistisairaus on hyvin vanhojen ihmisten toiminnanvajavuuksien t\u00e4rkein syy. Runsas puolet yli 90-vuotiaiden p\u00e4ivitt\u00e4isten perustoimintojen ongelmista&hellip;<\/p><\/div><div class=\"vcex-blog-entry-readmore-wrap entry-readmore-wrap clr\"><a href=\"https:\/\/www.gerec.fi\/en\/muistisairaus-on-korkean-ian-toiminnanvajavuuksien-tarkein-syy\/\" class=\"theme-button\">Read more..<\/a><\/div><\/div><\/div><\/div><div class=\"vcex-blog-entry entry-has-details span_1_of_3 col-2 col post-9050 entry type-post no-media cat-130\"><div class=\"vcex-blog-entry-inner entry-inner wpex-clr\"><div class=\"vcex-blog-entry-details entry-details wpex-clr\"><h2 class=\"vcex-blog-entry-title entry-title\"><a href=\"https:\/\/www.gerec.fi\/en\/gerec-news-puolivuotisjulkaisu-on-luettavissa-4\/\">GEREC News puolivuotisjulkaisu on luettavissa<\/a><\/h2><div class=\"vcex-blog-entry-date\">6.6.2023<\/div><div class=\"vcex-blog-entry-excerpt entry-excerpt entry clr\"><p>Vuoden 2023 ensimm\u00e4inen GEREC news puolivuotisjulkaisu on julkaistu! Lis\u00e4t\u00e4ksemme toimintamme n\u00e4kyvyytt\u00e4 ja tiedottamista kokoamme tutkimuskeskuksen&hellip;<\/p><\/div><div class=\"vcex-blog-entry-readmore-wrap entry-readmore-wrap clr\"><a href=\"https:\/\/www.gerec.fi\/en\/gerec-news-puolivuotisjulkaisu-on-luettavissa-4\/\" class=\"theme-button\">Read more..<\/a><\/div><\/div><\/div><\/div><div class=\"vcex-blog-entry entry-has-details span_1_of_3 col-3 col post-9045 entry type-post no-media cat-130\"><div class=\"vcex-blog-entry-inner entry-inner wpex-clr\"><div class=\"vcex-blog-entry-details entry-details wpex-clr\"><h2 class=\"vcex-blog-entry-title entry-title\"><a href=\"https:\/\/www.gerec.fi\/en\/uusi-akatemiahanke-tutkii-muistisairauksia-ja-niihin-liittyvaa-hoivaa\/\">Uusi akatemiahanke tutkii muistisairauksia ja niihin liittyv\u00e4\u00e4 hoivaa<\/a><\/h2><div class=\"vcex-blog-entry-date\">1.6.2023<\/div><div class=\"vcex-blog-entry-excerpt entry-excerpt entry clr\"><p>L\u00e4mpim\u00e4t onnittelut uudesta akatemiahankkeesta Lina van Aerschot, Jenni Kulmala, Mari Aaltonen sek\u00e4 muut SOREMO-konsortiossa mukana&hellip;<\/p><\/div><div class=\"vcex-blog-entry-readmore-wrap entry-readmore-wrap clr\"><a href=\"https:\/\/www.gerec.fi\/en\/uusi-akatemiahanke-tutkii-muistisairauksia-ja-niihin-liittyvaa-hoivaa\/\" class=\"theme-button\">Read more..<\/a><\/div><\/div><\/div><\/div><div class=\"vcex-blog-entry entry-has-details span_1_of_3 col-1 col post-9012 entry type-post no-media cat-130 post_tag-155 post_tag-154 post_tag-349 post_tag-147\"><div class=\"vcex-blog-entry-inner entry-inner wpex-clr\"><div class=\"vcex-blog-entry-details entry-details wpex-clr\"><h2 class=\"vcex-blog-entry-title entry-title\"><a href=\"https:\/\/www.gerec.fi\/en\/valimatkat-liikuntapaikoille-eivat-ole-este-liikunnallisille-iakkaille-ihmisille\/\">V\u00e4limatkat liikuntapaikoille eiv\u00e4t ole este liikunnallisille i\u00e4kk\u00e4ille ihmisille<\/a><\/h2><div class=\"vcex-blog-entry-date\">19.5.2023<\/div><div class=\"vcex-blog-entry-excerpt entry-excerpt entry clr\"><p>Jyv\u00e4skyl\u00e4n yliopiston liikuntatieteellisess\u00e4 tiedekunnassa Gerontologian tutkimuskeskuksessa tehty tutkimus osoitti, ett\u00e4 enemm\u00e4n liikkuvat ik\u00e4\u00e4ntyneet henkil\u00f6t k\u00e4yv\u00e4t&hellip;<\/p><\/div><div class=\"vcex-blog-entry-readmore-wrap entry-readmore-wrap clr\"><a href=\"https:\/\/www.gerec.fi\/en\/valimatkat-liikuntapaikoille-eivat-ole-este-liikunnallisille-iakkaille-ihmisille\/\" class=\"theme-button\">Read more..<\/a><\/div><\/div><\/div><\/div><div class=\"vcex-blog-entry entry-has-details span_1_of_3 col-2 col post-9009 entry type-post no-media cat-130 post_tag-480 post_tag-160 post_tag-418\"><div class=\"vcex-blog-entry-inner entry-inner wpex-clr\"><div class=\"vcex-blog-entry-details entry-details wpex-clr\"><h2 class=\"vcex-blog-entry-title entry-title\"><a href=\"https:\/\/www.gerec.fi\/en\/keskiaikuisuus-on-seesteista-aikaa-mielen-hyvinvointi-sailyy-varsin-hyvana-lapi-aikuisuuden\/\">Keskiaikuisuus on seesteist\u00e4 aikaa \u2013 mielen hyvinvointi s\u00e4ilyy varsin hyv\u00e4n\u00e4 l\u00e4pi aikuisuuden<\/a><\/h2><div class=\"vcex-blog-entry-date\">16.5.2023<\/div><div class=\"vcex-blog-entry-excerpt entry-excerpt entry clr\"><p>Gerontologian tutkimuskeskuksessa Jyv\u00e4skyl\u00e4n yliopiston liikuntatieteellisess\u00e4 tiedekunnassa tehdyss\u00e4 tutkimuksessa selvisi, ett\u00e4 kokonaisvaltainen mielen hyvinvointi on varsin&hellip;<\/p><\/div><div class=\"vcex-blog-entry-readmore-wrap entry-readmore-wrap clr\"><a href=\"https:\/\/www.gerec.fi\/en\/keskiaikuisuus-on-seesteista-aikaa-mielen-hyvinvointi-sailyy-varsin-hyvana-lapi-aikuisuuden\/\" class=\"theme-button\">Read more..<\/a><\/div><\/div><\/div><\/div><div class=\"vcex-blog-entry entry-has-details span_1_of_3 col-3 col post-8736 entry type-post no-media cat-130\"><div class=\"vcex-blog-entry-inner entry-inner wpex-clr\"><div class=\"vcex-blog-entry-details entry-details wpex-clr\"><h2 class=\"vcex-blog-entry-title entry-title\"><a href=\"https:\/\/www.gerec.fi\/en\/120-000-e-rahoitus-muistisairauksia-tutkivalle-tyoryhmalle\/\">120 000 \u20ac rahoitus muistisairauksia tutkivalle ty\u00f6ryhm\u00e4lle<\/a><\/h2><div class=\"vcex-blog-entry-date\">3.4.2023<\/div><div class=\"vcex-blog-entry-excerpt entry-excerpt entry clr\"><p>Alfred Kordelinin s\u00e4\u00e4ti\u00f6 on my\u00f6nt\u00e4nyt Suuret kulttuurihankkeet -ohjelmasta 120 000 euroa GERECin muistisairauksia tutkivalle ty\u00f6ryhm\u00e4lle,&hellip;<\/p><\/div><div class=\"vcex-blog-entry-readmore-wrap entry-readmore-wrap clr\"><a href=\"https:\/\/www.gerec.fi\/en\/120-000-e-rahoitus-muistisairauksia-tutkivalle-tyoryhmalle\/\" class=\"theme-button\">Read more..<\/a><\/div><\/div><\/div><\/div><div class=\"vcex-blog-entry entry-has-details span_1_of_3 col-1 col post-8731 entry type-post no-media cat-130\"><div class=\"vcex-blog-entry-inner entry-inner wpex-clr\"><div class=\"vcex-blog-entry-details entry-details wpex-clr\"><h2 class=\"vcex-blog-entry-title entry-title\"><a href=\"https:\/\/www.gerec.fi\/en\/100-000-en-apuraha-juulia-jylhavan-tutkimusprojektille-development-of-an-electronic-frailty-index-for-finnish-healthcare-to-identify-vulnerable-individuals-at-early-stages\/\">100 000 \u20ac:n apuraha Juulia Jylh\u00e4v\u00e4n tutkimusprojektille: Development of an electronic frailty index for Finnish healthcare to identify vulnerable individuals at early stages<\/a><\/h2><div class=\"vcex-blog-entry-date\">23.2.2023<\/div><div class=\"vcex-blog-entry-excerpt entry-excerpt entry clr\"><p>Yliopistotutkija Juulia Jylh\u00e4v\u00e4 on saanut Instrumentariumin tiedes\u00e4\u00e4ti\u00f6lt\u00e4 100 000 euron suuruisen Instrufoundation Fellow -apurahan projektille&hellip;<\/p><\/div><div class=\"vcex-blog-entry-readmore-wrap entry-readmore-wrap clr\"><a href=\"https:\/\/www.gerec.fi\/en\/100-000-en-apuraha-juulia-jylhavan-tutkimusprojektille-development-of-an-electronic-frailty-index-for-finnish-healthcare-to-identify-vulnerable-individuals-at-early-stages\/\" class=\"theme-button\">Read more..<\/a><\/div><\/div><\/div><\/div><div class=\"vcex-blog-entry entry-has-details span_1_of_3 col-2 col post-8729 entry type-post no-media cat-130\"><div class=\"vcex-blog-entry-inner entry-inner wpex-clr\"><div class=\"vcex-blog-entry-details entry-details wpex-clr\"><h2 class=\"vcex-blog-entry-title entry-title\"><a href=\"https:\/\/www.gerec.fi\/en\/vn-teas-rahoitus-ikaystavallisyyden-laatuindikaattorit-suomessa-kuntien-ja-hyvinvointialueiden-varautuminen-vaeston-ikaantymiseen-hankkeelle\/\">VN TEAS-rahoitus Ik\u00e4yst\u00e4v\u00e4llisyyden laatuindikaattorit Suomessa: kuntien ja hyvinvointialueiden varautuminen v\u00e4est\u00f6n ik\u00e4\u00e4ntymiseen -hankkeelle<\/a><\/h2><div class=\"vcex-blog-entry-date\">23.2.2023<\/div><div class=\"vcex-blog-entry-excerpt entry-excerpt entry clr\"><p>Valtioneuvoston selvitys- ja tutkimustoimikunta valitsi 8.2.2023 Tampereen yliopiston hankkeen: Ik\u00e4yst\u00e4v\u00e4llisyyden laatuindikaattorit Suomessa: kuntien ja hyvinvointialueiden&hellip;<\/p><\/div><div class=\"vcex-blog-entry-readmore-wrap entry-readmore-wrap clr\"><a href=\"https:\/\/www.gerec.fi\/en\/vn-teas-rahoitus-ikaystavallisyyden-laatuindikaattorit-suomessa-kuntien-ja-hyvinvointialueiden-varautuminen-vaeston-ikaantymiseen-hankkeelle\/\" class=\"theme-button\">Read more..<\/a><\/div><\/div><\/div><\/div><div class=\"vcex-blog-entry entry-has-details span_1_of_3 col-3 col post-8724 entry type-post no-media cat-130 post_tag-155 post_tag-161 post_tag-479 post_tag-436\"><div class=\"vcex-blog-entry-inner entry-inner wpex-clr\"><div class=\"vcex-blog-entry-details entry-details wpex-clr\"><h2 class=\"vcex-blog-entry-title entry-title\"><a href=\"https:\/\/www.gerec.fi\/en\/naisten-varhaisaikuisuudessa-harrastama-raskas-saannollinen-liikunta-voi-lisata-virtsan-ja-ulosteenkarkailun-riskia-keski-iassa\/\">Naisten varhaisaikuisuudessa harrastama raskas s\u00e4\u00e4nn\u00f6llinen liikunta voi lis\u00e4t\u00e4 virtsan- ja ulosteenkarkailun riski\u00e4 keski-i\u00e4ss\u00e4<\/a><\/h2><div class=\"vcex-blog-entry-date\">3.2.2023<\/div><div class=\"vcex-blog-entry-excerpt entry-excerpt entry clr\"><p>Tuoreen Jyv\u00e4skyl\u00e4n yliopistossa tehdyn tutkimuksen mukaan keski-ik\u00e4isten naisten varhaisaikuisuuden fyysisell\u00e4 aktiivisuudella on yhteys lantionpohjan toimintah\u00e4iri\u00f6iden&hellip;<\/p><\/div><div class=\"vcex-blog-entry-readmore-wrap entry-readmore-wrap clr\"><a href=\"https:\/\/www.gerec.fi\/en\/naisten-varhaisaikuisuudessa-harrastama-raskas-saannollinen-liikunta-voi-lisata-virtsan-ja-ulosteenkarkailun-riskia-keski-iassa\/\" class=\"theme-button\">Read more..<\/a><\/div><\/div><\/div><\/div><div class=\"vcex-blog-entry entry-has-details span_1_of_3 col-1 col post-8718 entry type-post no-media cat-131\"><div class=\"vcex-blog-entry-inner entry-inner wpex-clr\"><div class=\"vcex-blog-entry-details entry-details wpex-clr\"><h2 class=\"vcex-blog-entry-title entry-title\"><a href=\"https:\/\/www.gerec.fi\/en\/kutsu-kuule-minua-webinaari-6-3-2023-klo-14-15-30\/\">Kutsu: Kuule minua -webinaari 6.3.2023 klo 14-15.30<\/a><\/h2><div class=\"vcex-blog-entry-date\">1.2.2023<\/div><div class=\"vcex-blog-entry-excerpt entry-excerpt entry clr\"><p>Kuule minua -webinaari: Muistisairaan ihmisen \u00e4\u00e4ni on arvokas\u00a0 Maanantaina 6.3.2023 klo 14.00-15.30.\u00a0 \u00a0 Tulevaisuudessa suurin&hellip;<\/p><\/div><div class=\"vcex-blog-entry-readmore-wrap entry-readmore-wrap clr\"><a href=\"https:\/\/www.gerec.fi\/en\/kutsu-kuule-minua-webinaari-6-3-2023-klo-14-15-30\/\" class=\"theme-button\">Read more..<\/a><\/div><\/div><\/div><\/div><div class=\"vcex-blog-entry entry-has-details span_1_of_3 col-2 col post-8715 entry type-post no-media cat-130 post_tag-235 post_tag-186\"><div class=\"vcex-blog-entry-inner entry-inner wpex-clr\"><div class=\"vcex-blog-entry-details entry-details wpex-clr\"><h2 class=\"vcex-blog-entry-title entry-title\"><a href=\"https:\/\/www.gerec.fi\/en\/juho-vainion-saatio-myonsi-apurahoja-viidelle-gerecin-tutkijalle-vuodelle-2023\/\">Juho Vainion S\u00e4\u00e4ti\u00f6 my\u00f6nsi apurahoja viidelle GERECin tutkijalle vuodelle 2023<\/a><\/h2><div class=\"vcex-blog-entry-date\">23.1.2023<\/div><div class=\"vcex-blog-entry-excerpt entry-excerpt entry clr\"><p>Juho Vainion s\u00e4\u00e4ti\u00f6 on my\u00f6nt\u00e4nyt apurahoja viidelle GERECin tutkijalle Jyv\u00e4skyl\u00e4\u00e4n vuodelle 2023: Tiina F\u00f6hrille my\u00f6nnettiin&hellip;<\/p><\/div><div class=\"vcex-blog-entry-readmore-wrap entry-readmore-wrap clr\"><a href=\"https:\/\/www.gerec.fi\/en\/juho-vainion-saatio-myonsi-apurahoja-viidelle-gerecin-tutkijalle-vuodelle-2023\/\" class=\"theme-button\">Read more..<\/a><\/div><\/div><\/div><\/div><div class=\"vcex-blog-entry entry-has-details span_1_of_3 col-3 col post-8709 entry type-post has-media cat-130\"><div class=\"vcex-blog-entry-inner entry-inner wpex-clr\"><div class=\"vcex-blog-entry-media entry-media\"><a href=\"https:\/\/www.gerec.fi\/en\/myota-ja-vastoinkaymisissa-muistisairaus-haastaa-parisuhteen\/\" title=\"My\u00f6t\u00e4- ja vastoink\u00e4ymisiss\u00e4: Muistisairaus haastaa parisuhteen\"><img loading=\"lazy\" decoding=\"async\" width=\"1920\" height=\"1179\" src=\"https:\/\/www.gerec.fi\/wp-content\/uploads\/2023\/01\/autumn-5740598_1920.jpg\" class=\"vcex-blog-entry-img\" alt=\"\" srcset=\"https:\/\/www.gerec.fi\/wp-content\/uploads\/2023\/01\/autumn-5740598_1920.jpg 1920w, https:\/\/www.gerec.fi\/wp-content\/uploads\/2023\/01\/autumn-5740598_1920-300x184.jpg 300w, https:\/\/www.gerec.fi\/wp-content\/uploads\/2023\/01\/autumn-5740598_1920-1024x629.jpg 1024w, https:\/\/www.gerec.fi\/wp-content\/uploads\/2023\/01\/autumn-5740598_1920-768x472.jpg 768w, https:\/\/www.gerec.fi\/wp-content\/uploads\/2023\/01\/autumn-5740598_1920-1536x943.jpg 1536w\" sizes=\"auto, (max-width: 1920px) 100vw, 1920px\" \/><\/a><\/div><div class=\"vcex-blog-entry-details entry-details wpex-clr\"><h2 class=\"vcex-blog-entry-title entry-title\"><a href=\"https:\/\/www.gerec.fi\/en\/myota-ja-vastoinkaymisissa-muistisairaus-haastaa-parisuhteen\/\">My\u00f6t\u00e4- ja vastoink\u00e4ymisiss\u00e4: Muistisairaus haastaa parisuhteen<\/a><\/h2><div class=\"vcex-blog-entry-date\">18.1.2023<\/div><div class=\"vcex-blog-entry-excerpt entry-excerpt entry clr\"><p>Kun ik\u00e4\u00e4ntyv\u00e4 puoliso sairastuu muistisairauteen, alkaa parisuhteessa uusi kausi. Muistisairauteen liittyv\u00e4t erilaiset oireet saattavat rasittaa&hellip;<\/p><\/div><div class=\"vcex-blog-entry-readmore-wrap entry-readmore-wrap clr\"><a href=\"https:\/\/www.gerec.fi\/en\/myota-ja-vastoinkaymisissa-muistisairaus-haastaa-parisuhteen\/\" class=\"theme-button\">Read more..<\/a><\/div><\/div><\/div><\/div><div class=\"vcex-blog-entry entry-has-details span_1_of_3 col-1 col post-8701 entry type-post has-media cat-130\"><div class=\"vcex-blog-entry-inner entry-inner wpex-clr\"><div class=\"vcex-blog-entry-media entry-media\"><a href=\"https:\/\/www.gerec.fi\/en\/gerec-news-puolivuotisjulkaisu-on-luettavissa-3\/\" title=\"GEREC news puolivuotisjulkaisu on luettavissa!\"><img loading=\"lazy\" decoding=\"async\" width=\"1640\" height=\"924\" src=\"https:\/\/www.gerec.fi\/wp-content\/uploads\/2021\/12\/GEREC-news-6.png\" class=\"vcex-blog-entry-img\" alt=\"\" srcset=\"https:\/\/www.gerec.fi\/wp-content\/uploads\/2021\/12\/GEREC-news-6.png 1640w, https:\/\/www.gerec.fi\/wp-content\/uploads\/2021\/12\/GEREC-news-6-300x169.png 300w, https:\/\/www.gerec.fi\/wp-content\/uploads\/2021\/12\/GEREC-news-6-1024x577.png 1024w, https:\/\/www.gerec.fi\/wp-content\/uploads\/2021\/12\/GEREC-news-6-768x433.png 768w, https:\/\/www.gerec.fi\/wp-content\/uploads\/2021\/12\/GEREC-news-6-1536x865.png 1536w\" sizes=\"auto, (max-width: 1640px) 100vw, 1640px\" \/><\/a><\/div><div class=\"vcex-blog-entry-details entry-details wpex-clr\"><h2 class=\"vcex-blog-entry-title entry-title\"><a href=\"https:\/\/www.gerec.fi\/en\/gerec-news-puolivuotisjulkaisu-on-luettavissa-3\/\">GEREC news puolivuotisjulkaisu on luettavissa!<\/a><\/h2><div class=\"vcex-blog-entry-date\">7.12.2022<\/div><div class=\"vcex-blog-entry-excerpt entry-excerpt entry clr\"><p>Vuoden 2022 toinen GEREC news puolivuotisjulkaisu on julkaistu! Lis\u00e4t\u00e4ksemme toimintamme n\u00e4kyvyytt\u00e4 ja tiedottamista kokoamme tutkimuskeskuksen&hellip;<\/p><\/div><div class=\"vcex-blog-entry-readmore-wrap entry-readmore-wrap clr\"><a href=\"https:\/\/www.gerec.fi\/en\/gerec-news-puolivuotisjulkaisu-on-luettavissa-3\/\" class=\"theme-button\">Read more..<\/a><\/div><\/div><\/div><\/div><div class=\"vcex-blog-entry entry-has-details span_1_of_3 col-2 col post-8692 entry type-post has-media cat-130\"><div class=\"vcex-blog-entry-inner entry-inner wpex-clr\"><div class=\"vcex-blog-entry-media entry-media\"><a href=\"https:\/\/www.gerec.fi\/en\/se-nyt-kuuluu-tahan-ikaan-ika-on-merkittava-voimavara-eturauhassyopaa-sairastaville\/\" title=\"\u201dSe nyt kuuluu t\u00e4h\u00e4n ik\u00e4\u00e4n\u201d \u2013 Ik\u00e4 on merkitt\u00e4v\u00e4 voimavara eturauhassy\u00f6p\u00e4\u00e4 sairastaville\"><img loading=\"lazy\" decoding=\"async\" width=\"1640\" height=\"924\" src=\"https:\/\/www.gerec.fi\/wp-content\/uploads\/2022\/11\/Kuvituskuva_tiedote.png\" class=\"vcex-blog-entry-img\" alt=\"\" srcset=\"https:\/\/www.gerec.fi\/wp-content\/uploads\/2022\/11\/Kuvituskuva_tiedote.png 1640w, https:\/\/www.gerec.fi\/wp-content\/uploads\/2022\/11\/Kuvituskuva_tiedote-300x169.png 300w, https:\/\/www.gerec.fi\/wp-content\/uploads\/2022\/11\/Kuvituskuva_tiedote-1024x577.png 1024w, https:\/\/www.gerec.fi\/wp-content\/uploads\/2022\/11\/Kuvituskuva_tiedote-768x433.png 768w, https:\/\/www.gerec.fi\/wp-content\/uploads\/2022\/11\/Kuvituskuva_tiedote-1536x865.png 1536w\" sizes=\"auto, (max-width: 1640px) 100vw, 1640px\" \/><\/a><\/div><div class=\"vcex-blog-entry-details entry-details wpex-clr\"><h2 class=\"vcex-blog-entry-title entry-title\"><a href=\"https:\/\/www.gerec.fi\/en\/se-nyt-kuuluu-tahan-ikaan-ika-on-merkittava-voimavara-eturauhassyopaa-sairastaville\/\">\u201dSe nyt kuuluu t\u00e4h\u00e4n ik\u00e4\u00e4n\u201d \u2013 Ik\u00e4 on merkitt\u00e4v\u00e4 voimavara eturauhassy\u00f6p\u00e4\u00e4 sairastaville<\/a><\/h2><div class=\"vcex-blog-entry-date\">18.11.2022<\/div><div class=\"vcex-blog-entry-excerpt entry-excerpt entry clr\"><p>Eturauhassy\u00f6p\u00e4 on suomalaismiesten yleisin sy\u00f6p\u00e4 ja siihen sairastutaan yleens\u00e4 vanhemmalla i\u00e4ll\u00e4. Parantuneenkin sy\u00f6v\u00e4n hoitojen sivuvaikutukset&hellip;<\/p><\/div><div class=\"vcex-blog-entry-readmore-wrap entry-readmore-wrap clr\"><a href=\"https:\/\/www.gerec.fi\/en\/se-nyt-kuuluu-tahan-ikaan-ika-on-merkittava-voimavara-eturauhassyopaa-sairastaville\/\" class=\"theme-button\">Read more..<\/a><\/div><\/div><\/div><\/div><div class=\"vcex-blog-entry entry-has-details span_1_of_3 col-3 col post-8690 entry type-post no-media cat-131\"><div class=\"vcex-blog-entry-inner entry-inner wpex-clr\"><div class=\"vcex-blog-entry-details entry-details wpex-clr\"><h2 class=\"vcex-blog-entry-title entry-title\"><a href=\"https:\/\/www.gerec.fi\/en\/guest-lecture-by-professor-caleb-e-tuck-finch-in-tampere-15th-dec-arvo-building-f115\/\">Guest lecture by Professor Caleb E (\u201cTuck\u201d) Finch in Tampere 15th Dec, ARVO building, F115<\/a><\/h2><div class=\"vcex-blog-entry-date\">16.11.2022<\/div><div class=\"vcex-blog-entry-excerpt entry-excerpt entry clr\"><p>Guest lecture by Professor Caleb E (\u201cTuck\u201d) Finch in Tampere 15th Dec, ARVO building, F115&hellip;<\/p><\/div><div class=\"vcex-blog-entry-readmore-wrap entry-readmore-wrap clr\"><a href=\"https:\/\/www.gerec.fi\/en\/guest-lecture-by-professor-caleb-e-tuck-finch-in-tampere-15th-dec-arvo-building-f115\/\" class=\"theme-button\">Read more..<\/a><\/div><\/div><\/div><\/div><div class=\"vcex-blog-entry entry-has-details span_1_of_3 col-1 col post-8686 entry type-post has-media cat-130\"><div class=\"vcex-blog-entry-inner entry-inner wpex-clr\"><div class=\"vcex-blog-entry-media entry-media\"><a href=\"https:\/\/www.gerec.fi\/en\/nuoruuden-epaterveelliset-elintavat-nakyvat-nopeampana-biologisena-vanhenemisena-aikuisuudessa\/\" title=\"Nuoruuden ep\u00e4terveelliset elintavat n\u00e4kyv\u00e4t nopeampana biologisena vanhenemisena aikuisuudessa\"><img loading=\"lazy\" decoding=\"async\" width=\"768\" height=\"510\" src=\"https:\/\/www.gerec.fi\/wp-content\/uploads\/2022\/11\/eb7afa98-d9f5-0782-d99c-16ada171bc6f.jpeg\" class=\"vcex-blog-entry-img\" alt=\"\" srcset=\"https:\/\/www.gerec.fi\/wp-content\/uploads\/2022\/11\/eb7afa98-d9f5-0782-d99c-16ada171bc6f.jpeg 768w, https:\/\/www.gerec.fi\/wp-content\/uploads\/2022\/11\/eb7afa98-d9f5-0782-d99c-16ada171bc6f-300x199.jpeg 300w\" sizes=\"auto, (max-width: 768px) 100vw, 768px\" \/><\/a><\/div><div class=\"vcex-blog-entry-details entry-details wpex-clr\"><h2 class=\"vcex-blog-entry-title entry-title\"><a href=\"https:\/\/www.gerec.fi\/en\/nuoruuden-epaterveelliset-elintavat-nakyvat-nopeampana-biologisena-vanhenemisena-aikuisuudessa\/\">Nuoruuden ep\u00e4terveelliset elintavat n\u00e4kyv\u00e4t nopeampana biologisena vanhenemisena aikuisuudessa<\/a><\/h2><div class=\"vcex-blog-entry-date\">16.11.2022<\/div><div class=\"vcex-blog-entry-excerpt entry-excerpt entry clr\"><p>Jyv\u00e4skyl\u00e4n yliopiston liikuntatieteellisess\u00e4 tiedekunnassa tehdyss\u00e4 tutkimuksessa selvisi, ett\u00e4 nuoruuden ep\u00e4terveelliset elintavat ja ylipaino kiihdytt\u00e4v\u00e4t biologista&hellip;<\/p><\/div><div class=\"vcex-blog-entry-readmore-wrap entry-readmore-wrap clr\"><a href=\"https:\/\/www.gerec.fi\/en\/nuoruuden-epaterveelliset-elintavat-nakyvat-nopeampana-biologisena-vanhenemisena-aikuisuudessa\/\" class=\"theme-button\">Read more..<\/a><\/div><\/div><\/div><\/div><div class=\"vcex-blog-entry entry-has-details span_1_of_3 col-2 col post-8681 entry type-post has-media cat-130\"><div class=\"vcex-blog-entry-inner entry-inner wpex-clr\"><div class=\"vcex-blog-entry-media entry-media\"><a href=\"https:\/\/www.gerec.fi\/en\/professori-marja-jylha-sai-tietokirjailijapalkinnon\/\" title=\"Professori Marja Jylh\u00e4 sai tietokirjailijapalkinnon\"><img loading=\"lazy\" decoding=\"async\" width=\"2048\" height=\"1366\" src=\"https:\/\/www.gerec.fi\/wp-content\/uploads\/2022\/10\/Marja-Jylha-10.11.2020_44.jpg\" class=\"vcex-blog-entry-img\" alt=\"\" srcset=\"https:\/\/www.gerec.fi\/wp-content\/uploads\/2022\/10\/Marja-Jylha-10.11.2020_44.jpg 2048w, https:\/\/www.gerec.fi\/wp-content\/uploads\/2022\/10\/Marja-Jylha-10.11.2020_44-300x200.jpg 300w, https:\/\/www.gerec.fi\/wp-content\/uploads\/2022\/10\/Marja-Jylha-10.11.2020_44-1024x683.jpg 1024w, https:\/\/www.gerec.fi\/wp-content\/uploads\/2022\/10\/Marja-Jylha-10.11.2020_44-768x512.jpg 768w, https:\/\/www.gerec.fi\/wp-content\/uploads\/2022\/10\/Marja-Jylha-10.11.2020_44-1536x1025.jpg 1536w\" sizes=\"auto, (max-width: 2048px) 100vw, 2048px\" \/><\/a><\/div><div class=\"vcex-blog-entry-details entry-details wpex-clr\"><h2 class=\"vcex-blog-entry-title entry-title\"><a href=\"https:\/\/www.gerec.fi\/en\/professori-marja-jylha-sai-tietokirjailijapalkinnon\/\">Professori Marja Jylh\u00e4 sai tietokirjailijapalkinnon<\/a><\/h2><div class=\"vcex-blog-entry-date\">31.10.2022<\/div><div class=\"vcex-blog-entry-excerpt entry-excerpt entry clr\"><p>Gerontologian professori Marja Jylh\u00e4lle my\u00f6nnettiin lauantaina yksi vuoden 2022 Tietokirjailijapalkinnoista. Marja Jylh\u00e4 on maamme merkitt\u00e4vimpi\u00e4&hellip;<\/p><\/div><div class=\"vcex-blog-entry-readmore-wrap entry-readmore-wrap clr\"><a href=\"https:\/\/www.gerec.fi\/en\/professori-marja-jylha-sai-tietokirjailijapalkinnon\/\" class=\"theme-button\">Read more..<\/a><\/div><\/div><\/div><\/div><div class=\"vcex-blog-entry entry-has-details span_1_of_3 col-3 col post-8678 entry type-post no-media cat-130\"><div class=\"vcex-blog-entry-inner entry-inner wpex-clr\"><div class=\"vcex-blog-entry-details entry-details wpex-clr\"><h2 class=\"vcex-blog-entry-title entry-title\"><a href=\"https:\/\/www.gerec.fi\/en\/marja-jylha-jyvaskylan-yliopiston-kunniatohtoriksi-kevaalla-2023\/\">Marja Jylh\u00e4 Jyv\u00e4skyl\u00e4n yliopiston kunniatohtoriksi kev\u00e4\u00e4ll\u00e4 2023<\/a><\/h2><div class=\"vcex-blog-entry-date\">31.10.2022<\/div><div class=\"vcex-blog-entry-excerpt entry-excerpt entry clr\"><p>Jyv\u00e4skyl\u00e4n yliopisto vihkii toukokuussa 2023 viisitoista uutta kunniatohtoria. Yliopiston tiedekunnat promovoivat kunniatohtoriksi henkil\u00f6it\u00e4, jotka ovat&hellip;<\/p><\/div><div class=\"vcex-blog-entry-readmore-wrap entry-readmore-wrap clr\"><a href=\"https:\/\/www.gerec.fi\/en\/marja-jylha-jyvaskylan-yliopiston-kunniatohtoriksi-kevaalla-2023\/\" class=\"theme-button\">Read more..<\/a><\/div><\/div><\/div><\/div><div class=\"vcex-blog-entry entry-has-details span_1_of_3 col-1 col post-8669 entry type-post has-media cat-130\"><div class=\"vcex-blog-entry-inner entry-inner wpex-clr\"><div class=\"vcex-blog-entry-media entry-media\"><a href=\"https:\/\/www.gerec.fi\/en\/gerec-onnittelee-uusia-apulaisprofessoreita-riku-nikanderia-merja-rantakokkoa-seka-elina-sillanpaata\/\" title=\"GEREC onnittelee uusia apulaisprofessoreita Riku Nikanderia, Merja Rantakokkoa sek\u00e4 Elina Sillanp\u00e4\u00e4t\u00e4!\"><img loading=\"lazy\" decoding=\"async\" width=\"1640\" height=\"924\" src=\"https:\/\/www.gerec.fi\/wp-content\/uploads\/2022\/10\/Uudet-apulaisprofessorit.png\" class=\"vcex-blog-entry-img\" alt=\"\" srcset=\"https:\/\/www.gerec.fi\/wp-content\/uploads\/2022\/10\/Uudet-apulaisprofessorit.png 1640w, https:\/\/www.gerec.fi\/wp-content\/uploads\/2022\/10\/Uudet-apulaisprofessorit-300x169.png 300w, https:\/\/www.gerec.fi\/wp-content\/uploads\/2022\/10\/Uudet-apulaisprofessorit-1024x577.png 1024w, https:\/\/www.gerec.fi\/wp-content\/uploads\/2022\/10\/Uudet-apulaisprofessorit-768x433.png 768w, https:\/\/www.gerec.fi\/wp-content\/uploads\/2022\/10\/Uudet-apulaisprofessorit-1536x865.png 1536w\" sizes=\"auto, (max-width: 1640px) 100vw, 1640px\" \/><\/a><\/div><div class=\"vcex-blog-entry-details entry-details wpex-clr\"><h2 class=\"vcex-blog-entry-title entry-title\"><a href=\"https:\/\/www.gerec.fi\/en\/gerec-onnittelee-uusia-apulaisprofessoreita-riku-nikanderia-merja-rantakokkoa-seka-elina-sillanpaata\/\">GEREC onnittelee uusia apulaisprofessoreita Riku Nikanderia, Merja Rantakokkoa sek\u00e4 Elina Sillanp\u00e4\u00e4t\u00e4!<\/a><\/h2><div class=\"vcex-blog-entry-date\">6.10.2022<\/div><div class=\"vcex-blog-entry-excerpt entry-excerpt entry clr\"><p>Gerontologian tutkimuskeskus GEREC onnittelee l\u00e4mpim\u00e4sti kolmea uutta apulaisprofessoria: Riku Nikanderia, Merja Rantakokkoa sek\u00e4 Elina Sillanp\u00e4\u00e4t\u00e4!&hellip;<\/p><\/div><div class=\"vcex-blog-entry-readmore-wrap entry-readmore-wrap clr\"><a href=\"https:\/\/www.gerec.fi\/en\/gerec-onnittelee-uusia-apulaisprofessoreita-riku-nikanderia-merja-rantakokkoa-seka-elina-sillanpaata\/\" class=\"theme-button\">Read more..<\/a><\/div><\/div><\/div><\/div><div class=\"vcex-blog-entry entry-has-details span_1_of_3 col-2 col post-8661 entry type-post has-media cat-130\"><div class=\"vcex-blog-entry-inner entry-inner wpex-clr\"><div class=\"vcex-blog-entry-media entry-media\"><a href=\"https:\/\/www.gerec.fi\/en\/miehet-vanhenevat-nopeammin-kuin-naiset-mutta-nuorempi-sukupolvi-kuroo-eroa-umpeen\/\" title=\"Miehet vanhenevat nopeammin kuin naiset, mutta nuorempi sukupolvi kuroo eroa umpeen\"><img loading=\"lazy\" decoding=\"async\" width=\"768\" height=\"512\" src=\"https:\/\/www.gerec.fi\/wp-content\/uploads\/2022\/09\/64a2905e-7631-31c8-b45d-dc833380272d.jpeg\" class=\"vcex-blog-entry-img\" alt=\"\" srcset=\"https:\/\/www.gerec.fi\/wp-content\/uploads\/2022\/09\/64a2905e-7631-31c8-b45d-dc833380272d.jpeg 768w, https:\/\/www.gerec.fi\/wp-content\/uploads\/2022\/09\/64a2905e-7631-31c8-b45d-dc833380272d-300x200.jpeg 300w\" sizes=\"auto, (max-width: 768px) 100vw, 768px\" \/><\/a><\/div><div class=\"vcex-blog-entry-details entry-details wpex-clr\"><h2 class=\"vcex-blog-entry-title entry-title\"><a href=\"https:\/\/www.gerec.fi\/en\/miehet-vanhenevat-nopeammin-kuin-naiset-mutta-nuorempi-sukupolvi-kuroo-eroa-umpeen\/\">Miehet vanhenevat nopeammin kuin naiset, mutta nuorempi sukupolvi kuroo eroa umpeen<\/a><\/h2><div class=\"vcex-blog-entry-date\">28.9.2022<\/div><div class=\"vcex-blog-entry-excerpt entry-excerpt entry clr\"><p>Jyv\u00e4skyl\u00e4n yliopiston liikuntatieteellisess\u00e4 tiedekunnassa ja Gerontologian tutkimuskeskuksessa tehdyss\u00e4 tutkimuksessa selvisi, ett\u00e4 miehet vanhenevat biologisesti nopeammin&hellip;<\/p><\/div><div class=\"vcex-blog-entry-readmore-wrap entry-readmore-wrap clr\"><a href=\"https:\/\/www.gerec.fi\/en\/miehet-vanhenevat-nopeammin-kuin-naiset-mutta-nuorempi-sukupolvi-kuroo-eroa-umpeen\/\" class=\"theme-button\">Read more..<\/a><\/div><\/div><\/div><\/div><div class=\"vcex-blog-entry entry-has-details span_1_of_3 col-3 col post-8641 entry type-post no-media cat-131 post_tag-478 post_tag-209 post_tag-217\"><div class=\"vcex-blog-entry-inner entry-inner wpex-clr\"><div class=\"vcex-blog-entry-details entry-details wpex-clr\"><h2 class=\"vcex-blog-entry-title entry-title\"><a href=\"https:\/\/www.gerec.fi\/en\/tutkijoiden-yo-jyvaskylan-yliopistossa-pe-30-9-2022\/\">Tutkijoiden y\u00f6 Jyv\u00e4skyl\u00e4n yliopistossa pe 30.9.2022<\/a><\/h2><div class=\"vcex-blog-entry-date\">26.9.2022<\/div><div class=\"vcex-blog-entry-excerpt entry-excerpt entry clr\"><p>Kiehtova ik\u00e4\u00e4ntymistutkimus: sanoista suorituksiin ja s\u00e4veliin Tervetuloa Tutkijoiden y\u00f6h\u00f6n pe 30.9. klo 17-19 kuulemaan kiehtovasta&hellip;<\/p><\/div><div class=\"vcex-blog-entry-readmore-wrap entry-readmore-wrap clr\"><a href=\"https:\/\/www.gerec.fi\/en\/tutkijoiden-yo-jyvaskylan-yliopistossa-pe-30-9-2022\/\" class=\"theme-button\">Read more..<\/a><\/div><\/div><\/div><\/div><div class=\"vcex-blog-entry entry-has-details span_1_of_3 col-1 col post-8633 entry type-post has-media cat-132\"><div class=\"vcex-blog-entry-inner entry-inner wpex-clr\"><div class=\"vcex-blog-entry-media entry-media\"><a href=\"https:\/\/www.gerec.fi\/en\/hyvinvointivaltion-tulevaisuus-ja-itseaan-toteuttavat-ennusteet\/\" title=\"Hyvinvointivaltion tulevaisuus ja itse\u00e4\u00e4n toteuttavat ennusteet\"><img loading=\"lazy\" decoding=\"async\" width=\"1640\" height=\"924\" src=\"https:\/\/www.gerec.fi\/wp-content\/uploads\/2022\/09\/blogikuva.png\" class=\"vcex-blog-entry-img\" alt=\"\" srcset=\"https:\/\/www.gerec.fi\/wp-content\/uploads\/2022\/09\/blogikuva.png 1640w, https:\/\/www.gerec.fi\/wp-content\/uploads\/2022\/09\/blogikuva-300x169.png 300w, https:\/\/www.gerec.fi\/wp-content\/uploads\/2022\/09\/blogikuva-1024x577.png 1024w, https:\/\/www.gerec.fi\/wp-content\/uploads\/2022\/09\/blogikuva-768x433.png 768w, https:\/\/www.gerec.fi\/wp-content\/uploads\/2022\/09\/blogikuva-1536x865.png 1536w\" sizes=\"auto, (max-width: 1640px) 100vw, 1640px\" \/><\/a><\/div><div class=\"vcex-blog-entry-details entry-details wpex-clr\"><h2 class=\"vcex-blog-entry-title entry-title\"><a href=\"https:\/\/www.gerec.fi\/en\/hyvinvointivaltion-tulevaisuus-ja-itseaan-toteuttavat-ennusteet\/\">Hyvinvointivaltion tulevaisuus ja itse\u00e4\u00e4n toteuttavat ennusteet<\/a><\/h2><div class=\"vcex-blog-entry-date\">7.9.2022<\/div><div class=\"vcex-blog-entry-excerpt entry-excerpt entry clr\"><p>Pohjoismainen hyvinvointimalli ja sen palvelut ovat muutospaineen alla johtuen v\u00e4est\u00f6n-, ilmaston- ja geopolitiikan muutoksista. Tarpeisiin&hellip;<\/p><\/div><div class=\"vcex-blog-entry-readmore-wrap entry-readmore-wrap clr\"><a href=\"https:\/\/www.gerec.fi\/en\/hyvinvointivaltion-tulevaisuus-ja-itseaan-toteuttavat-ennusteet\/\" class=\"theme-button\">Read more..<\/a><\/div><\/div><\/div><\/div><div class=\"vcex-blog-entry entry-has-details span_1_of_3 col-2 col post-8629 entry type-post has-media cat-130 cat-1\"><div class=\"vcex-blog-entry-inner entry-inner wpex-clr\"><div class=\"vcex-blog-entry-media entry-media\"><a href=\"https:\/\/www.gerec.fi\/en\/ikaantyvan-naisen-lihasvoimaa-ja-fyysista-toimintakykya-voidaan-ennustaa-uuden-genomityokalun-avulla\/\" title=\"Ik\u00e4\u00e4ntyv\u00e4n naisen lihasvoimaa ja fyysist\u00e4 toimintakyky\u00e4 voidaan ennustaa uuden genomity\u00f6kalun avulla\"><img loading=\"lazy\" decoding=\"async\" width=\"768\" height=\"512\" src=\"https:\/\/www.gerec.fi\/wp-content\/uploads\/2022\/08\/c72ee7a6-1632-2100-5f8c-bc1fdad2c181.jpeg\" class=\"vcex-blog-entry-img\" alt=\"\" srcset=\"https:\/\/www.gerec.fi\/wp-content\/uploads\/2022\/08\/c72ee7a6-1632-2100-5f8c-bc1fdad2c181.jpeg 768w, https:\/\/www.gerec.fi\/wp-content\/uploads\/2022\/08\/c72ee7a6-1632-2100-5f8c-bc1fdad2c181-300x200.jpeg 300w\" sizes=\"auto, (max-width: 768px) 100vw, 768px\" \/><\/a><\/div><div class=\"vcex-blog-entry-details entry-details wpex-clr\"><h2 class=\"vcex-blog-entry-title entry-title\"><a href=\"https:\/\/www.gerec.fi\/en\/ikaantyvan-naisen-lihasvoimaa-ja-fyysista-toimintakykya-voidaan-ennustaa-uuden-genomityokalun-avulla\/\">Ik\u00e4\u00e4ntyv\u00e4n naisen lihasvoimaa ja fyysist\u00e4 toimintakyky\u00e4 voidaan ennustaa uuden genomity\u00f6kalun avulla<\/a><\/h2><div class=\"vcex-blog-entry-date\">17.8.2022<\/div><div class=\"vcex-blog-entry-excerpt entry-excerpt entry clr\"><p>Ik\u00e4\u00e4ntyvien naisten lihasvoimaa ja fyysist\u00e4 toimintakyky\u00e4 voidaan ennustaa hy\u00f6dynt\u00e4en uutta genomity\u00f6kalua, joka kuvaa yksil\u00f6n perinn\u00f6llist\u00e4&hellip;<\/p><\/div><div class=\"vcex-blog-entry-readmore-wrap entry-readmore-wrap clr\"><a href=\"https:\/\/www.gerec.fi\/en\/ikaantyvan-naisen-lihasvoimaa-ja-fyysista-toimintakykya-voidaan-ennustaa-uuden-genomityokalun-avulla\/\" class=\"theme-button\">Read more..<\/a><\/div><\/div><\/div><\/div><div class=\"vcex-blog-entry entry-has-details span_1_of_3 col-3 col post-8615 entry type-post no-media cat-131\"><div class=\"vcex-blog-entry-inner entry-inner wpex-clr\"><div class=\"vcex-blog-entry-details entry-details wpex-clr\"><h2 class=\"vcex-blog-entry-title entry-title\"><a href=\"https:\/\/www.gerec.fi\/en\/ratkaisudialogi-kuinka-elaa-sadan-vuoden-elama-ja-onnistuuko-se-kestavalla-tavalla\/\">Ratkaisudialogi: Kuinka el\u00e4\u00e4 sadan vuoden el\u00e4m\u00e4 \u2013 ja onnistuuko se kest\u00e4v\u00e4ll\u00e4 tavalla?<\/a><\/h2><div class=\"vcex-blog-entry-date\">28.6.2022<\/div><div class=\"vcex-blog-entry-excerpt entry-excerpt entry clr\"><p>Tervetuloa seuraamaan, kun nelj\u00e4 asiantuntijaa luo ratkaisuja SuomiAreena-festivaalilla! Voit seurata keskustelua niin paikan p\u00e4\u00e4ll\u00e4 Porissa&hellip;<\/p><\/div><div class=\"vcex-blog-entry-readmore-wrap entry-readmore-wrap clr\"><a href=\"https:\/\/www.gerec.fi\/en\/ratkaisudialogi-kuinka-elaa-sadan-vuoden-elama-ja-onnistuuko-se-kestavalla-tavalla\/\" class=\"theme-button\">Read more..<\/a><\/div><\/div><\/div><\/div><div class=\"vcex-blog-entry entry-has-details span_1_of_3 col-1 col post-8604 entry type-post has-media cat-130 post_tag-476 post_tag-474 post_tag-475 post_tag-477\"><div class=\"vcex-blog-entry-inner entry-inner wpex-clr\"><div class=\"vcex-blog-entry-media entry-media\"><a href=\"https:\/\/www.gerec.fi\/en\/uusi-tutkimus-tarkastelee-aktiivista-ikaantymista-neljannessa-iassa\/\" title=\"Uusi tutkimus tarkastelee aktiivista ik\u00e4\u00e4ntymist\u00e4 nelj\u00e4nness\u00e4 i\u00e4ss\u00e4\"><img loading=\"lazy\" decoding=\"async\" width=\"1640\" height=\"924\" src=\"https:\/\/www.gerec.fi\/wp-content\/uploads\/2022\/06\/tiedotekuva.png\" class=\"vcex-blog-entry-img\" alt=\"\" srcset=\"https:\/\/www.gerec.fi\/wp-content\/uploads\/2022\/06\/tiedotekuva.png 1640w, https:\/\/www.gerec.fi\/wp-content\/uploads\/2022\/06\/tiedotekuva-300x169.png 300w, https:\/\/www.gerec.fi\/wp-content\/uploads\/2022\/06\/tiedotekuva-1024x577.png 1024w, https:\/\/www.gerec.fi\/wp-content\/uploads\/2022\/06\/tiedotekuva-768x433.png 768w, https:\/\/www.gerec.fi\/wp-content\/uploads\/2022\/06\/tiedotekuva-1536x865.png 1536w\" sizes=\"auto, (max-width: 1640px) 100vw, 1640px\" \/><\/a><\/div><div class=\"vcex-blog-entry-details entry-details wpex-clr\"><h2 class=\"vcex-blog-entry-title entry-title\"><a href=\"https:\/\/www.gerec.fi\/en\/uusi-tutkimus-tarkastelee-aktiivista-ikaantymista-neljannessa-iassa\/\">Uusi tutkimus tarkastelee aktiivista ik\u00e4\u00e4ntymist\u00e4 nelj\u00e4nness\u00e4 i\u00e4ss\u00e4<\/a><\/h2><div class=\"vcex-blog-entry-date\">20.6.2022<\/div><div class=\"vcex-blog-entry-excerpt entry-excerpt entry clr\"><p>Hilla Kiurun ja Heli Valokiven tuoreessa tutkimuksessa tarkasteltiin aktiivista ik\u00e4\u00e4ntymist\u00e4 nelj\u00e4nness\u00e4 i\u00e4ss\u00e4. Aktiivista ik\u00e4\u00e4ntymist\u00e4 tarkasteltiin&hellip;<\/p><\/div><div class=\"vcex-blog-entry-readmore-wrap entry-readmore-wrap clr\"><a href=\"https:\/\/www.gerec.fi\/en\/uusi-tutkimus-tarkastelee-aktiivista-ikaantymista-neljannessa-iassa\/\" class=\"theme-button\">Read more..<\/a><\/div><\/div><\/div><\/div><div class=\"vcex-blog-entry entry-has-details span_1_of_3 col-2 col post-8600 entry type-post has-media cat-130\"><div class=\"vcex-blog-entry-inner entry-inner wpex-clr\"><div class=\"vcex-blog-entry-media entry-media\"><a href=\"https:\/\/www.gerec.fi\/en\/rasva-palaa-vaihdevuosien-jalkeenkin\/\" title=\"Rasva palaa vaihdevuosien j\u00e4lkeenkin\"><img loading=\"lazy\" decoding=\"async\" width=\"768\" height=\"576\" src=\"https:\/\/www.gerec.fi\/wp-content\/uploads\/2022\/06\/8b0f1182-fe18-1743-5c94-c9a5a6539000.jpeg\" class=\"vcex-blog-entry-img\" alt=\"\" srcset=\"https:\/\/www.gerec.fi\/wp-content\/uploads\/2022\/06\/8b0f1182-fe18-1743-5c94-c9a5a6539000.jpeg 768w, https:\/\/www.gerec.fi\/wp-content\/uploads\/2022\/06\/8b0f1182-fe18-1743-5c94-c9a5a6539000-300x225.jpeg 300w\" sizes=\"auto, (max-width: 768px) 100vw, 768px\" \/><\/a><\/div><div class=\"vcex-blog-entry-details entry-details wpex-clr\"><h2 class=\"vcex-blog-entry-title entry-title\"><a href=\"https:\/\/www.gerec.fi\/en\/rasva-palaa-vaihdevuosien-jalkeenkin\/\">Rasva palaa vaihdevuosien j\u00e4lkeenkin<\/a><\/h2><div class=\"vcex-blog-entry-date\">13.6.2022<\/div><div class=\"vcex-blog-entry-excerpt entry-excerpt entry clr\"><p>Vaihdevuosia seuraavan estrogeenivajeen ajatellaan heikent\u00e4v\u00e4n naisten kyky\u00e4 k\u00e4ytt\u00e4\u00e4 rasvaa energianl\u00e4hteen\u00e4. Jyv\u00e4skyl\u00e4n yliopiston liikuntatieteellisess\u00e4 tiedekunnassa tehty&hellip;<\/p><\/div><div class=\"vcex-blog-entry-readmore-wrap entry-readmore-wrap clr\"><a href=\"https:\/\/www.gerec.fi\/en\/rasva-palaa-vaihdevuosien-jalkeenkin\/\" class=\"theme-button\">Read more..<\/a><\/div><\/div><\/div><\/div><div class=\"vcex-blog-entry entry-has-details span_1_of_3 col-3 col post-8594 entry type-post has-media cat-130\"><div class=\"vcex-blog-entry-inner entry-inner wpex-clr\"><div class=\"vcex-blog-entry-media entry-media\"><a href=\"https:\/\/www.gerec.fi\/en\/half-year-edition-1-2022-of-gerec-news-is-out\/\" title=\"Half-year edition 1\/2022 of GEREC news is out\"><img loading=\"lazy\" decoding=\"async\" width=\"1640\" height=\"924\" src=\"https:\/\/www.gerec.fi\/wp-content\/uploads\/2021\/12\/GEREC-news-6.png\" class=\"vcex-blog-entry-img\" alt=\"\" srcset=\"https:\/\/www.gerec.fi\/wp-content\/uploads\/2021\/12\/GEREC-news-6.png 1640w, https:\/\/www.gerec.fi\/wp-content\/uploads\/2021\/12\/GEREC-news-6-300x169.png 300w, https:\/\/www.gerec.fi\/wp-content\/uploads\/2021\/12\/GEREC-news-6-1024x577.png 1024w, https:\/\/www.gerec.fi\/wp-content\/uploads\/2021\/12\/GEREC-news-6-768x433.png 768w, https:\/\/www.gerec.fi\/wp-content\/uploads\/2021\/12\/GEREC-news-6-1536x865.png 1536w\" sizes=\"auto, (max-width: 1640px) 100vw, 1640px\" \/><\/a><\/div><div class=\"vcex-blog-entry-details entry-details wpex-clr\"><h2 class=\"vcex-blog-entry-title entry-title\"><a href=\"https:\/\/www.gerec.fi\/en\/half-year-edition-1-2022-of-gerec-news-is-out\/\">Half-year edition 1\/2022 of GEREC news is out<\/a><\/h2><div class=\"vcex-blog-entry-date\">9.6.2022<\/div><div class=\"vcex-blog-entry-excerpt entry-excerpt entry clr\"><p>The half-year edition 1\/2022 of GEREC news is published. To increase the visibility and improve&hellip;<\/p><\/div><div class=\"vcex-blog-entry-readmore-wrap entry-readmore-wrap clr\"><a href=\"https:\/\/www.gerec.fi\/en\/half-year-edition-1-2022-of-gerec-news-is-out\/\" class=\"theme-button\">Read more..<\/a><\/div><\/div><\/div><\/div><div class=\"vcex-blog-entry entry-has-details span_1_of_3 col-1 col post-8590 entry type-post no-media cat-130 post_tag-326 post_tag-465 post_tag-473 post_tag-469 post_tag-447 post_tag-466 post_tag-464 post_tag-366 post_tag-468 post_tag-323 post_tag-471 post_tag-309 post_tag-470 post_tag-467 post_tag-472\"><div class=\"vcex-blog-entry-inner entry-inner wpex-clr\"><div class=\"vcex-blog-entry-details entry-details wpex-clr\"><h2 class=\"vcex-blog-entry-title entry-title\"><a href=\"https:\/\/www.gerec.fi\/en\/juulia-jylhavan-johtamalle-hankkeelle-690-193-en-rahoitus-suomen-akatemialta\/\">Juulia Jylh\u00e4v\u00e4n johtamalle hankkeelle 690 193 \u20ac:n rahoitus Suomen Akatemialta<\/a><\/h2><div class=\"vcex-blog-entry-date\">1.6.2022<\/div><div class=\"vcex-blog-entry-excerpt entry-excerpt entry clr\"><p>Suomen Akatemia on my\u00f6nt\u00e4nyt nelivuotisen hankerahan Juulia Jylh\u00e4v\u00e4n ja Mikaela von Bonsdorffin hankkeelle. Tutkimushankkeessa \u201cPaving&hellip;<\/p><\/div><div class=\"vcex-blog-entry-readmore-wrap entry-readmore-wrap clr\"><a href=\"https:\/\/www.gerec.fi\/en\/juulia-jylhavan-johtamalle-hankkeelle-690-193-en-rahoitus-suomen-akatemialta\/\" class=\"theme-button\">Read more..<\/a><\/div><\/div><\/div><\/div><div class=\"vcex-blog-entry entry-has-details span_1_of_3 col-2 col post-8584 entry type-post has-media cat-130 post_tag-454 post_tag-359 post_tag-457 post_tag-462 post_tag-161 post_tag-460 post_tag-154 post_tag-436 post_tag-463 post_tag-459 post_tag-169 post_tag-219 post_tag-461\"><div class=\"vcex-blog-entry-inner entry-inner wpex-clr\"><div class=\"vcex-blog-entry-media entry-media\"><a href=\"https:\/\/www.gerec.fi\/en\/liikunta-ja-terveellinen-ruokavalio-vaihdevuosien-aikana-auttavat-suojaamaan-rasvankertymisen-haitoilta\/\" title=\"Liikunta ja terveellinen ruokavalio vaihdevuosien aikana auttavat suojaamaan rasvankertymisen haitoilta\"><img loading=\"lazy\" decoding=\"async\" width=\"768\" height=\"512\" src=\"https:\/\/www.gerec.fi\/wp-content\/uploads\/2022\/05\/89beeedc-4ea4-a332-c441-c57989597377.jpeg\" class=\"vcex-blog-entry-img\" alt=\"\" srcset=\"https:\/\/www.gerec.fi\/wp-content\/uploads\/2022\/05\/89beeedc-4ea4-a332-c441-c57989597377.jpeg 768w, https:\/\/www.gerec.fi\/wp-content\/uploads\/2022\/05\/89beeedc-4ea4-a332-c441-c57989597377-300x200.jpeg 300w\" sizes=\"auto, (max-width: 768px) 100vw, 768px\" \/><\/a><\/div><div class=\"vcex-blog-entry-details entry-details wpex-clr\"><h2 class=\"vcex-blog-entry-title entry-title\"><a href=\"https:\/\/www.gerec.fi\/en\/liikunta-ja-terveellinen-ruokavalio-vaihdevuosien-aikana-auttavat-suojaamaan-rasvankertymisen-haitoilta\/\">Liikunta ja terveellinen ruokavalio vaihdevuosien aikana auttavat suojaamaan rasvankertymisen haitoilta<\/a><\/h2><div class=\"vcex-blog-entry-date\">19.5.2022<\/div><div class=\"vcex-blog-entry-excerpt entry-excerpt entry clr\"><p>Jyv\u00e4skyl\u00e4n yliopiston liikuntatieteellisess\u00e4 tiedekunnassa tehdyss\u00e4 tutkimuksessa selvisi, ett\u00e4 vaihdevuodet kerrytt\u00e4v\u00e4t naisten kehoon rasvaa erityisesti vy\u00f6t\u00e4r\u00f6n&hellip;<\/p><\/div><div class=\"vcex-blog-entry-readmore-wrap entry-readmore-wrap clr\"><a href=\"https:\/\/www.gerec.fi\/en\/liikunta-ja-terveellinen-ruokavalio-vaihdevuosien-aikana-auttavat-suojaamaan-rasvankertymisen-haitoilta\/\" class=\"theme-button\">Read more..<\/a><\/div><\/div><\/div><\/div><div class=\"vcex-blog-entry entry-has-details span_1_of_3 col-3 col post-8581 entry type-post has-media cat-130 post_tag-454 post_tag-457 post_tag-458 post_tag-146 post_tag-455 post_tag-219 post_tag-433 post_tag-456\"><div class=\"vcex-blog-entry-inner entry-inner wpex-clr\"><div class=\"vcex-blog-entry-media entry-media\"><a href=\"https:\/\/www.gerec.fi\/en\/vaihdevuosien-hormonimuutos-muokkaa-naisten-aineenvaihduntaa\/\" title=\"Vaihdevuosien hormonimuutos muokkaa naisten aineenvaihduntaa\"><img loading=\"lazy\" decoding=\"async\" width=\"768\" height=\"511\" src=\"https:\/\/www.gerec.fi\/wp-content\/uploads\/2022\/05\/3a44d7d9-28a7-cc2f-3ab8-78669a2a114d.jpeg\" class=\"vcex-blog-entry-img\" alt=\"\" srcset=\"https:\/\/www.gerec.fi\/wp-content\/uploads\/2022\/05\/3a44d7d9-28a7-cc2f-3ab8-78669a2a114d.jpeg 768w, https:\/\/www.gerec.fi\/wp-content\/uploads\/2022\/05\/3a44d7d9-28a7-cc2f-3ab8-78669a2a114d-300x200.jpeg 300w\" sizes=\"auto, (max-width: 768px) 100vw, 768px\" \/><\/a><\/div><div class=\"vcex-blog-entry-details entry-details wpex-clr\"><h2 class=\"vcex-blog-entry-title entry-title\"><a href=\"https:\/\/www.gerec.fi\/en\/vaihdevuosien-hormonimuutos-muokkaa-naisten-aineenvaihduntaa\/\">Vaihdevuosien hormonimuutos muokkaa naisten aineenvaihduntaa<\/a><\/h2><div class=\"vcex-blog-entry-date\">13.5.2022<\/div><div class=\"vcex-blog-entry-excerpt entry-excerpt entry clr\"><p>Naisten riski sairastua syd\u00e4n- ja verenkiertoelimist\u00f6n sairauksiin ja tyypin 2 diabetekseen kasvaa keski-i\u00e4ss\u00e4 nopeammin kuin&hellip;<\/p><\/div><div class=\"vcex-blog-entry-readmore-wrap entry-readmore-wrap clr\"><a href=\"https:\/\/www.gerec.fi\/en\/vaihdevuosien-hormonimuutos-muokkaa-naisten-aineenvaihduntaa\/\" class=\"theme-button\">Read more..<\/a><\/div><\/div><\/div><\/div><div class=\"vcex-blog-entry entry-has-details span_1_of_3 col-1 col post-8579 entry type-post no-media cat-130\"><div class=\"vcex-blog-entry-inner entry-inner wpex-clr\"><div class=\"vcex-blog-entry-details entry-details wpex-clr\"><h2 class=\"vcex-blog-entry-title entry-title\"><a href=\"https:\/\/www.gerec.fi\/en\/vaitoskirjatutkija-saila-kyronlahdelle-29-250-euron-suuruinen-apuraha-emil-aaltosen-saatiolta\/\">V\u00e4it\u00f6skirjatutkija Saila Kyr\u00f6nlahdelle 29 250 euron suuruinen apuraha Emil Aaltosen s\u00e4\u00e4ti\u00f6lt\u00e4<\/a><\/h2><div class=\"vcex-blog-entry-date\">13.5.2022<\/div><div class=\"vcex-blog-entry-excerpt entry-excerpt entry clr\"><p>Emil Aaltosen s\u00e4\u00e4ti\u00f6 on my\u00f6nt\u00e4nyt v\u00e4it\u00f6skirjatutkija Saila Kyr\u00f6nlahdelle 29 250 euron suuruisen apurahan tutkimukseen \u2019Vanhuuden&hellip;<\/p><\/div><div class=\"vcex-blog-entry-readmore-wrap entry-readmore-wrap clr\"><a href=\"https:\/\/www.gerec.fi\/en\/vaitoskirjatutkija-saila-kyronlahdelle-29-250-euron-suuruinen-apuraha-emil-aaltosen-saatiolta\/\" class=\"theme-button\">Read more..<\/a><\/div><\/div><\/div><\/div><div class=\"vcex-blog-entry entry-has-details span_1_of_3 col-2 col post-8559 entry type-post no-media cat-130\"><div class=\"vcex-blog-entry-inner entry-inner wpex-clr\"><div class=\"vcex-blog-entry-details entry-details wpex-clr\"><h2 class=\"vcex-blog-entry-title entry-title\"><a href=\"https:\/\/www.gerec.fi\/en\/professori-taina-rantanen-suomalaisen-tiedeakatemian-jaseneksi\/\">Professori Taina Rantanen Suomalaisen Tiedeakatemian j\u00e4seneksi<\/a><\/h2><div class=\"vcex-blog-entry-date\">26.4.2022<\/div><div class=\"vcex-blog-entry-excerpt entry-excerpt entry clr\"><p>Gerontologian ja kansanterveyden professori Taina Rantanen Jyv\u00e4skyl\u00e4n yliopistosta on valittu Suomalaisen Tiedeakatemian j\u00e4seneksi. Suomalainen Tiedeakatemia&hellip;<\/p><\/div><div class=\"vcex-blog-entry-readmore-wrap entry-readmore-wrap clr\"><a href=\"https:\/\/www.gerec.fi\/en\/professori-taina-rantanen-suomalaisen-tiedeakatemian-jaseneksi\/\" class=\"theme-button\">Read more..<\/a><\/div><\/div><\/div><\/div><div class=\"vcex-blog-entry entry-has-details span_1_of_3 col-3 col post-8556 entry type-post has-media cat-130\"><div class=\"vcex-blog-entry-inner entry-inner wpex-clr\"><div class=\"vcex-blog-entry-media entry-media\"><a href=\"https:\/\/www.gerec.fi\/en\/lasten-kayttaytymisen-erot-heijastuvat-keski-ian-terveyskayttaytymiseen\/\" title=\"Lasten k\u00e4ytt\u00e4ytymisen erot heijastuvat keski-i\u00e4n terveysk\u00e4ytt\u00e4ytymiseen\"><img loading=\"lazy\" decoding=\"async\" width=\"768\" height=\"576\" src=\"https:\/\/www.gerec.fi\/wp-content\/uploads\/2022\/04\/6c966c2f-c909-124d-d049-a28e172c53f1.jpeg\" class=\"vcex-blog-entry-img\" alt=\"\" srcset=\"https:\/\/www.gerec.fi\/wp-content\/uploads\/2022\/04\/6c966c2f-c909-124d-d049-a28e172c53f1.jpeg 768w, https:\/\/www.gerec.fi\/wp-content\/uploads\/2022\/04\/6c966c2f-c909-124d-d049-a28e172c53f1-300x225.jpeg 300w\" sizes=\"auto, (max-width: 768px) 100vw, 768px\" \/><\/a><\/div><div class=\"vcex-blog-entry-details entry-details wpex-clr\"><h2 class=\"vcex-blog-entry-title entry-title\"><a href=\"https:\/\/www.gerec.fi\/en\/lasten-kayttaytymisen-erot-heijastuvat-keski-ian-terveyskayttaytymiseen\/\">Lasten k\u00e4ytt\u00e4ytymisen erot heijastuvat keski-i\u00e4n terveysk\u00e4ytt\u00e4ytymiseen<\/a><\/h2><div class=\"vcex-blog-entry-date\">21.4.2022<\/div><div class=\"vcex-blog-entry-excerpt entry-excerpt entry clr\"><p>Jyv\u00e4skyl\u00e4n yliopiston liikuntatieteellisen tiedekunnan ja Gerontologian tutkimuskeskuksen tuoreessa tutkimusjulkaisussa tarkasteltiin lapsuuden sosioemotionaalisen k\u00e4ytt\u00e4ytymisen ja keski-i\u00e4n&hellip;<\/p><\/div><div class=\"vcex-blog-entry-readmore-wrap entry-readmore-wrap clr\"><a href=\"https:\/\/www.gerec.fi\/en\/lasten-kayttaytymisen-erot-heijastuvat-keski-ian-terveyskayttaytymiseen\/\" class=\"theme-button\">Read more..<\/a><\/div><\/div><\/div><\/div><div class=\"vcex-blog-entry entry-has-details span_1_of_3 col-1 col post-8553 entry type-post has-media cat-130\"><div class=\"vcex-blog-entry-inner entry-inner wpex-clr\"><div class=\"vcex-blog-entry-media entry-media\"><a href=\"https:\/\/www.gerec.fi\/en\/pohjoismainen-rekisteritutkimus-tarkastelee-koulutustason-nousun-vaikutusta-elinajanodotteeseen-65-vuotiaana\/\" title=\"Pohjoismainen rekisteritutkimus tarkastelee koulutustason nousun vaikutusta elinajanodotteeseen 65-vuotiaana\"><img loading=\"lazy\" decoding=\"async\" width=\"1640\" height=\"924\" src=\"https:\/\/www.gerec.fi\/wp-content\/uploads\/2022\/04\/Koulutustaso.png\" class=\"vcex-blog-entry-img\" alt=\"\" srcset=\"https:\/\/www.gerec.fi\/wp-content\/uploads\/2022\/04\/Koulutustaso.png 1640w, https:\/\/www.gerec.fi\/wp-content\/uploads\/2022\/04\/Koulutustaso-300x169.png 300w, https:\/\/www.gerec.fi\/wp-content\/uploads\/2022\/04\/Koulutustaso-1024x577.png 1024w, https:\/\/www.gerec.fi\/wp-content\/uploads\/2022\/04\/Koulutustaso-768x433.png 768w, https:\/\/www.gerec.fi\/wp-content\/uploads\/2022\/04\/Koulutustaso-1536x865.png 1536w\" sizes=\"auto, (max-width: 1640px) 100vw, 1640px\" \/><\/a><\/div><div class=\"vcex-blog-entry-details entry-details wpex-clr\"><h2 class=\"vcex-blog-entry-title entry-title\"><a href=\"https:\/\/www.gerec.fi\/en\/pohjoismainen-rekisteritutkimus-tarkastelee-koulutustason-nousun-vaikutusta-elinajanodotteeseen-65-vuotiaana\/\">Pohjoismainen rekisteritutkimus tarkastelee koulutustason nousun vaikutusta elinajanodotteeseen 65-vuotiaana<\/a><\/h2><div class=\"vcex-blog-entry-date\">20.4.2022<\/div><div class=\"vcex-blog-entry-excerpt entry-excerpt entry clr\"><p>Koulutustaso on yhteydess\u00e4 materiaalisiin ja sosiaalisiin resursseihin ja muun muassa sijoittumiseen ty\u00f6markkinoilla. Pohjoismaisessa tutkimuksessa tarkasteltiin,&hellip;<\/p><\/div><div class=\"vcex-blog-entry-readmore-wrap entry-readmore-wrap clr\"><a href=\"https:\/\/www.gerec.fi\/en\/pohjoismainen-rekisteritutkimus-tarkastelee-koulutustason-nousun-vaikutusta-elinajanodotteeseen-65-vuotiaana\/\" class=\"theme-button\">Read more..<\/a><\/div><\/div><\/div><\/div><div class=\"vcex-blog-entry entry-has-details span_1_of_3 col-2 col post-8548 entry type-post has-media cat-130 post_tag-375 post_tag-446 post_tag-453\"><div class=\"vcex-blog-entry-inner entry-inner wpex-clr\"><div class=\"vcex-blog-entry-media entry-media\"><a href=\"https:\/\/www.gerec.fi\/en\/tuore-tutkimus-tarkastelee-laitoksissa-asuvien-vanhusten-korkeisiin-covid-19-kuolinlukuihin-johtaneita-tekijoita\/\" title=\"Tuore tutkimus tarkastelee laitoksissa asuvien vanhusten korkeisiin COVID-19 kuolinlukuihin johtaneita tekij\u00f6it\u00e4\"><img loading=\"lazy\" decoding=\"async\" width=\"1640\" height=\"924\" src=\"https:\/\/www.gerec.fi\/wp-content\/uploads\/2022\/04\/kks_kuva.png\" class=\"vcex-blog-entry-img\" alt=\"\" srcset=\"https:\/\/www.gerec.fi\/wp-content\/uploads\/2022\/04\/kks_kuva.png 1640w, https:\/\/www.gerec.fi\/wp-content\/uploads\/2022\/04\/kks_kuva-300x169.png 300w, https:\/\/www.gerec.fi\/wp-content\/uploads\/2022\/04\/kks_kuva-1024x577.png 1024w, https:\/\/www.gerec.fi\/wp-content\/uploads\/2022\/04\/kks_kuva-768x433.png 768w, https:\/\/www.gerec.fi\/wp-content\/uploads\/2022\/04\/kks_kuva-1536x865.png 1536w\" sizes=\"auto, (max-width: 1640px) 100vw, 1640px\" \/><\/a><\/div><div class=\"vcex-blog-entry-details entry-details wpex-clr\"><h2 class=\"vcex-blog-entry-title entry-title\"><a href=\"https:\/\/www.gerec.fi\/en\/tuore-tutkimus-tarkastelee-laitoksissa-asuvien-vanhusten-korkeisiin-covid-19-kuolinlukuihin-johtaneita-tekijoita\/\">Tuore tutkimus tarkastelee laitoksissa asuvien vanhusten korkeisiin COVID-19 kuolinlukuihin johtaneita tekij\u00f6it\u00e4<\/a><\/h2><div class=\"vcex-blog-entry-date\">14.4.2022<\/div><div class=\"vcex-blog-entry-excerpt entry-excerpt entry clr\"><p>COVID-19 epidemian vaikutus laitoksissa asuviin vanhuksiin on ollut mittava, eiv\u00e4tk\u00e4 edes hyv\u00e4 rokotekattavuus ja varotoimenpiteet&hellip;<\/p><\/div><div class=\"vcex-blog-entry-readmore-wrap entry-readmore-wrap clr\"><a href=\"https:\/\/www.gerec.fi\/en\/tuore-tutkimus-tarkastelee-laitoksissa-asuvien-vanhusten-korkeisiin-covid-19-kuolinlukuihin-johtaneita-tekijoita\/\" class=\"theme-button\">Read more..<\/a><\/div><\/div><\/div><\/div><div class=\"vcex-blog-entry entry-has-details span_1_of_3 col-3 col post-8546 entry type-post no-media cat-130\"><div class=\"vcex-blog-entry-inner entry-inner wpex-clr\"><div class=\"vcex-blog-entry-details entry-details wpex-clr\"><h2 class=\"vcex-blog-entry-title entry-title\"><a href=\"https:\/\/www.gerec.fi\/en\/tutkijatohtori-linda-enroth-on-valittu-kasvun-ja-vanhenemisen-tutkijat-ryn-uudeksi-puheenjohtajaksi\/\">Tutkijatohtori Linda Enroth on valittu Kasvun ja vanhenemisen tutkijat ry:n uudeksi puheenjohtajaksi<\/a><\/h2><div class=\"vcex-blog-entry-date\">11.4.2022<\/div><div class=\"vcex-blog-entry-excerpt entry-excerpt entry clr\"><p>Kasvun ja vanhenemisen tutkijat ry valitsi vuosikokouksessaan 6.4.2022 yhdistyksen uudeksi puheenjohtajaksi terveystieteiden tohtori Linda Enrothin.&hellip;<\/p><\/div><div class=\"vcex-blog-entry-readmore-wrap entry-readmore-wrap clr\"><a href=\"https:\/\/www.gerec.fi\/en\/tutkijatohtori-linda-enroth-on-valittu-kasvun-ja-vanhenemisen-tutkijat-ryn-uudeksi-puheenjohtajaksi\/\" class=\"theme-button\">Read more..<\/a><\/div><\/div><\/div><\/div><div class=\"vcex-blog-entry entry-has-details span_1_of_3 col-1 col post-8542 entry type-post has-media cat-131\"><div class=\"vcex-blog-entry-inner entry-inner wpex-clr\"><div class=\"vcex-blog-entry-media entry-media\"><a href=\"https:\/\/www.gerec.fi\/en\/gerontologia-2023-kongressi-ikaantymisen-uusi-aika-2\/\" title=\"Gerontologia 2023 -kongressi: Ik\u00e4\u00e4ntymisen uusi aika\"><img loading=\"lazy\" decoding=\"async\" width=\"1640\" height=\"924\" src=\"https:\/\/www.gerec.fi\/wp-content\/uploads\/2022\/02\/Ikaantymisen-uusi-aika.png\" class=\"vcex-blog-entry-img\" alt=\"\" srcset=\"https:\/\/www.gerec.fi\/wp-content\/uploads\/2022\/02\/Ikaantymisen-uusi-aika.png 1640w, https:\/\/www.gerec.fi\/wp-content\/uploads\/2022\/02\/Ikaantymisen-uusi-aika-300x169.png 300w, https:\/\/www.gerec.fi\/wp-content\/uploads\/2022\/02\/Ikaantymisen-uusi-aika-1024x577.png 1024w, https:\/\/www.gerec.fi\/wp-content\/uploads\/2022\/02\/Ikaantymisen-uusi-aika-768x433.png 768w, https:\/\/www.gerec.fi\/wp-content\/uploads\/2022\/02\/Ikaantymisen-uusi-aika-1536x865.png 1536w\" sizes=\"auto, (max-width: 1640px) 100vw, 1640px\" \/><\/a><\/div><div class=\"vcex-blog-entry-details entry-details wpex-clr\"><h2 class=\"vcex-blog-entry-title entry-title\"><a href=\"https:\/\/www.gerec.fi\/en\/gerontologia-2023-kongressi-ikaantymisen-uusi-aika-2\/\">Gerontologia 2023 -kongressi: Ik\u00e4\u00e4ntymisen uusi aika<\/a><\/h2><div class=\"vcex-blog-entry-date\">31.3.2022<\/div><div class=\"vcex-blog-entry-excerpt entry-excerpt entry clr\"><p>Tervetuloa Gerontologia 2023 \u2010kongressiin 8.-10.2.2023 Tampere-talolle Kongressin teemana on Ik\u00e4\u00e4ntymisen uusi aika, joka viittaa sek\u00e4&hellip;<\/p><\/div><div class=\"vcex-blog-entry-readmore-wrap entry-readmore-wrap clr\"><a href=\"https:\/\/www.gerec.fi\/en\/gerontologia-2023-kongressi-ikaantymisen-uusi-aika-2\/\" class=\"theme-button\">Read more..<\/a><\/div><\/div><\/div><\/div><div class=\"vcex-blog-entry entry-has-details span_1_of_3 col-2 col post-8538 entry type-post has-media cat-131\"><div class=\"vcex-blog-entry-inner entry-inner wpex-clr\"><div class=\"vcex-blog-entry-media entry-media\"><a href=\"https:\/\/www.gerec.fi\/en\/welcome-to-ageing-city-seminar-on-may-16th-17th-tervetuloa-ikaystavallinen-kaupunki-seminaariin-16-17-5\/\" title=\"Welcome to AGEING CITY seminar on May 16th-17th!\/Tervetuloa Ik\u00e4yst\u00e4v\u00e4llinen kaupunki -seminaariin 16.-17.5.!\"><img loading=\"lazy\" decoding=\"async\" width=\"1600\" height=\"900\" src=\"https:\/\/www.gerec.fi\/wp-content\/uploads\/2022\/03\/aging-city-seminar.jpg\" class=\"vcex-blog-entry-img\" alt=\"\" srcset=\"https:\/\/www.gerec.fi\/wp-content\/uploads\/2022\/03\/aging-city-seminar.jpg 1600w, https:\/\/www.gerec.fi\/wp-content\/uploads\/2022\/03\/aging-city-seminar-300x169.jpg 300w, https:\/\/www.gerec.fi\/wp-content\/uploads\/2022\/03\/aging-city-seminar-1024x576.jpg 1024w, https:\/\/www.gerec.fi\/wp-content\/uploads\/2022\/03\/aging-city-seminar-768x432.jpg 768w, https:\/\/www.gerec.fi\/wp-content\/uploads\/2022\/03\/aging-city-seminar-1536x864.jpg 1536w\" sizes=\"auto, (max-width: 1600px) 100vw, 1600px\" \/><\/a><\/div><div class=\"vcex-blog-entry-details entry-details wpex-clr\"><h2 class=\"vcex-blog-entry-title entry-title\"><a href=\"https:\/\/www.gerec.fi\/en\/welcome-to-ageing-city-seminar-on-may-16th-17th-tervetuloa-ikaystavallinen-kaupunki-seminaariin-16-17-5\/\">Welcome to AGEING CITY seminar on May 16th-17th!\/Tervetuloa Ik\u00e4yst\u00e4v\u00e4llinen kaupunki -seminaariin 16.-17.5.!<\/a><\/h2><div class=\"vcex-blog-entry-date\">31.3.2022<\/div><div class=\"vcex-blog-entry-excerpt entry-excerpt entry clr\"><p>Welcome to AGEING CITY seminar on May 16th-17th! Increasing life expectancy means that a long&hellip;<\/p><\/div><div class=\"vcex-blog-entry-readmore-wrap entry-readmore-wrap clr\"><a href=\"https:\/\/www.gerec.fi\/en\/welcome-to-ageing-city-seminar-on-may-16th-17th-tervetuloa-ikaystavallinen-kaupunki-seminaariin-16-17-5\/\" class=\"theme-button\">Read more..<\/a><\/div><\/div><\/div><\/div><div class=\"vcex-blog-entry entry-has-details span_1_of_3 col-3 col post-8535 entry type-post no-media cat-130\"><div class=\"vcex-blog-entry-inner entry-inner wpex-clr\"><div class=\"vcex-blog-entry-details entry-details wpex-clr\"><h2 class=\"vcex-blog-entry-title entry-title\"><a href=\"https:\/\/www.gerec.fi\/en\/yliopistotutkija-juulia-jylhavalle-kolmivuotinen-apuraha-sigrid-juseliuksen-saatiolta\/\">Yliopistotutkija Juulia Jylh\u00e4v\u00e4lle kolmivuotinen apuraha Sigrid Jus\u00e9liuksen s\u00e4\u00e4ti\u00f6lt\u00e4<\/a><\/h2><div class=\"vcex-blog-entry-date\">22.3.2022<\/div><div class=\"vcex-blog-entry-excerpt entry-excerpt entry clr\"><p>Sigrid Jus\u00e9liuksen s\u00e4\u00e4ti\u00f6 on my\u00f6nt\u00e4nyt yliopistotutkija Juulia Jylh\u00e4v\u00e4lle kolmivuotisen apurahan tutkimukseen \u2019Multi-omics and causal inference&hellip;<\/p><\/div><div class=\"vcex-blog-entry-readmore-wrap entry-readmore-wrap clr\"><a href=\"https:\/\/www.gerec.fi\/en\/yliopistotutkija-juulia-jylhavalle-kolmivuotinen-apuraha-sigrid-juseliuksen-saatiolta\/\" class=\"theme-button\">Read more..<\/a><\/div><\/div><\/div><\/div><div class=\"vcex-blog-entry entry-has-details span_1_of_3 col-1 col post-8531 entry type-post has-media cat-130\"><div class=\"vcex-blog-entry-inner entry-inner wpex-clr\"><div class=\"vcex-blog-entry-media entry-media\"><a href=\"https:\/\/www.gerec.fi\/en\/elakoitymisaikomuksiin-vaikuttavia-tekijoita-voitaisiin-huomioida-tyopaikoilla\/\" title=\"El\u00e4k\u00f6itymisaikomuksiin vaikuttavia tekij\u00f6it\u00e4 voitaisiin huomioida ty\u00f6paikoilla\"><img loading=\"lazy\" decoding=\"async\" width=\"1640\" height=\"924\" src=\"https:\/\/www.gerec.fi\/wp-content\/uploads\/2022\/03\/Tiedote_kuva_ehdotus.png\" class=\"vcex-blog-entry-img\" alt=\"\" srcset=\"https:\/\/www.gerec.fi\/wp-content\/uploads\/2022\/03\/Tiedote_kuva_ehdotus.png 1640w, https:\/\/www.gerec.fi\/wp-content\/uploads\/2022\/03\/Tiedote_kuva_ehdotus-300x169.png 300w, https:\/\/www.gerec.fi\/wp-content\/uploads\/2022\/03\/Tiedote_kuva_ehdotus-1024x577.png 1024w, https:\/\/www.gerec.fi\/wp-content\/uploads\/2022\/03\/Tiedote_kuva_ehdotus-768x433.png 768w, https:\/\/www.gerec.fi\/wp-content\/uploads\/2022\/03\/Tiedote_kuva_ehdotus-1536x865.png 1536w\" sizes=\"auto, (max-width: 1640px) 100vw, 1640px\" \/><\/a><\/div><div class=\"vcex-blog-entry-details entry-details wpex-clr\"><h2 class=\"vcex-blog-entry-title entry-title\"><a href=\"https:\/\/www.gerec.fi\/en\/elakoitymisaikomuksiin-vaikuttavia-tekijoita-voitaisiin-huomioida-tyopaikoilla\/\">El\u00e4k\u00f6itymisaikomuksiin vaikuttavia tekij\u00f6it\u00e4 voitaisiin huomioida ty\u00f6paikoilla<\/a><\/h2><div class=\"vcex-blog-entry-date\">17.3.2022<\/div><div class=\"vcex-blog-entry-excerpt entry-excerpt entry clr\"><p>Hiljattain julkaistussa Tampereen yliopistossa tehdyss\u00e4 tutkimuksessa tarkasteltiin useiden ty\u00f6el\u00e4m\u00e4n laatutekij\u00f6iden yhteytt\u00e4 el\u00e4k\u00f6itymisaikomuksiin. Tulokset antavat viitteit\u00e4&hellip;<\/p><\/div><div class=\"vcex-blog-entry-readmore-wrap entry-readmore-wrap clr\"><a href=\"https:\/\/www.gerec.fi\/en\/elakoitymisaikomuksiin-vaikuttavia-tekijoita-voitaisiin-huomioida-tyopaikoilla\/\" class=\"theme-button\">Read more..<\/a><\/div><\/div><\/div><\/div><div class=\"vcex-blog-entry entry-has-details span_1_of_3 col-2 col post-8517 entry type-post has-media cat-131\"><div class=\"vcex-blog-entry-inner entry-inner wpex-clr\"><div class=\"vcex-blog-entry-media entry-media\"><a href=\"https:\/\/www.gerec.fi\/en\/ikaihmisten-hyvinvointi-koronapandemian-aikana-ja-sen-jalkeen\/\" title=\"Ik\u00e4ihmisten hyvinvointi  koronapandemian aikana ja sen j\u00e4lkeen\"><img loading=\"lazy\" decoding=\"async\" width=\"1640\" height=\"924\" src=\"https:\/\/www.gerec.fi\/wp-content\/uploads\/2022\/03\/SoWell-seminaari-kansikuva.png\" class=\"vcex-blog-entry-img\" alt=\"\" srcset=\"https:\/\/www.gerec.fi\/wp-content\/uploads\/2022\/03\/SoWell-seminaari-kansikuva.png 1640w, https:\/\/www.gerec.fi\/wp-content\/uploads\/2022\/03\/SoWell-seminaari-kansikuva-300x169.png 300w, https:\/\/www.gerec.fi\/wp-content\/uploads\/2022\/03\/SoWell-seminaari-kansikuva-1024x577.png 1024w, https:\/\/www.gerec.fi\/wp-content\/uploads\/2022\/03\/SoWell-seminaari-kansikuva-768x433.png 768w, https:\/\/www.gerec.fi\/wp-content\/uploads\/2022\/03\/SoWell-seminaari-kansikuva-1536x865.png 1536w\" sizes=\"auto, (max-width: 1640px) 100vw, 1640px\" \/><\/a><\/div><div class=\"vcex-blog-entry-details entry-details wpex-clr\"><h2 class=\"vcex-blog-entry-title entry-title\"><a href=\"https:\/\/www.gerec.fi\/en\/ikaihmisten-hyvinvointi-koronapandemian-aikana-ja-sen-jalkeen\/\">Ik\u00e4ihmisten hyvinvointi  koronapandemian aikana ja sen j\u00e4lkeen<\/a><\/h2><div class=\"vcex-blog-entry-date\">16.3.2022<\/div><div class=\"vcex-blog-entry-excerpt entry-excerpt entry clr\"><p>L\u00e4mpim\u00e4sti tervetuloa keskustelemaan ik\u00e4ihmisten hyvinvoinnista ja koronapandemian vaikutuksista kaikille avoimeen seminaariin. Tilaisuuden j\u00e4rjest\u00e4\u00e4 Vanheneminen ja&hellip;<\/p><\/div><div class=\"vcex-blog-entry-readmore-wrap entry-readmore-wrap clr\"><a href=\"https:\/\/www.gerec.fi\/en\/ikaihmisten-hyvinvointi-koronapandemian-aikana-ja-sen-jalkeen\/\" class=\"theme-button\">Read more..<\/a><\/div><\/div><\/div><\/div><div class=\"vcex-blog-entry entry-has-details span_1_of_3 col-3 col post-8500 entry type-post no-media cat-130\"><div class=\"vcex-blog-entry-inner entry-inner wpex-clr\"><div class=\"vcex-blog-entry-details entry-details wpex-clr\"><h2 class=\"vcex-blog-entry-title entry-title\"><a href=\"https:\/\/www.gerec.fi\/en\/1-4-tutkijatohtorin-tehtavaa-jyvaskylan-yliopistossa\/\">1-4 tutkijatohtorin teht\u00e4v\u00e4\u00e4 Jyv\u00e4skyl\u00e4n yliopistossa<\/a><\/h2><div class=\"vcex-blog-entry-date\">21.2.2022<\/div><div class=\"vcex-blog-entry-excerpt entry-excerpt entry clr\"><p>Jyv\u00e4skyl\u00e4n yliopiston monitieteiseen hyvinvoinnin tutkimuksen JYU.Well -yhteis\u00f6\u00f6n haetaan tutkijatohtoreita. Avoinna on 1-4 tutkijatohtorin teht\u00e4v\u00e4\u00e4 ajalle&hellip;<\/p><\/div><div class=\"vcex-blog-entry-readmore-wrap entry-readmore-wrap clr\"><a href=\"https:\/\/www.gerec.fi\/en\/1-4-tutkijatohtorin-tehtavaa-jyvaskylan-yliopistossa\/\" class=\"theme-button\">Read more..<\/a><\/div><\/div><\/div><\/div><div class=\"vcex-blog-entry entry-has-details span_1_of_3 col-1 col post-8497 entry type-post no-media cat-130\"><div class=\"vcex-blog-entry-inner entry-inner wpex-clr\"><div class=\"vcex-blog-entry-details entry-details wpex-clr\"><h2 class=\"vcex-blog-entry-title entry-title\"><a href=\"https:\/\/www.gerec.fi\/en\/johanna-aholalle-26-000-euron-apuraha-suomen-kulttuurirahastolta\/\">Johanna Aholalle 26 000 euron apuraha Suomen kulttuurirahastolta<\/a><\/h2><div class=\"vcex-blog-entry-date\">17.2.2022<\/div><div class=\"vcex-blog-entry-excerpt entry-excerpt entry clr\"><p>Suomen kulttuurirahasto on my\u00f6nt\u00e4nyt 26 000 euron apurahan Johanna Aholalle v\u00e4it\u00f6skirjatutkimukseen, joka k\u00e4sittelee persoonallisuuden ominaisuuksien,&hellip;<\/p><\/div><div class=\"vcex-blog-entry-readmore-wrap entry-readmore-wrap clr\"><a href=\"https:\/\/www.gerec.fi\/en\/johanna-aholalle-26-000-euron-apuraha-suomen-kulttuurirahastolta\/\" class=\"theme-button\">Read more..<\/a><\/div><\/div><\/div><\/div><div class=\"vcex-blog-entry entry-has-details span_1_of_3 col-2 col post-8493 entry type-post has-media cat-131\"><div class=\"vcex-blog-entry-inner entry-inner wpex-clr\"><div class=\"vcex-blog-entry-media entry-media\"><a href=\"https:\/\/www.gerec.fi\/en\/vanhuustutkijan-koronavuosi-aulaklubilla-1-3-2022-klo-1730\/\" title=\"Vanhuustutkijan koronavuosi Aulaklubilla 1.3.2022 klo 17:30\"><img loading=\"lazy\" decoding=\"async\" width=\"435\" height=\"228\" src=\"https:\/\/www.gerec.fi\/wp-content\/uploads\/2022\/02\/aulaklubi.jpg\" class=\"vcex-blog-entry-img\" alt=\"\" srcset=\"https:\/\/www.gerec.fi\/wp-content\/uploads\/2022\/02\/aulaklubi.jpg 435w, https:\/\/www.gerec.fi\/wp-content\/uploads\/2022\/02\/aulaklubi-300x157.jpg 300w\" sizes=\"auto, (max-width: 435px) 100vw, 435px\" \/><\/a><\/div><div class=\"vcex-blog-entry-details entry-details wpex-clr\"><h2 class=\"vcex-blog-entry-title entry-title\"><a href=\"https:\/\/www.gerec.fi\/en\/vanhuustutkijan-koronavuosi-aulaklubilla-1-3-2022-klo-1730\/\">Vanhuustutkijan koronavuosi Aulaklubilla 1.3.2022 klo 17:30<\/a><\/h2><div class=\"vcex-blog-entry-date\">14.2.2022<\/div><div class=\"vcex-blog-entry-excerpt entry-excerpt entry clr\"><p>Vastapainon kev\u00e4\u00e4n ensimm\u00e4isell\u00e4 Aulaklubilla puhutaan vanhenemisesta. Mit\u00e4 vanheneminen oikein on? Kuinka vanhaksi voimme el\u00e4\u00e4? Miksi&hellip;<\/p><\/div><div class=\"vcex-blog-entry-readmore-wrap entry-readmore-wrap clr\"><a href=\"https:\/\/www.gerec.fi\/en\/vanhuustutkijan-koronavuosi-aulaklubilla-1-3-2022-klo-1730\/\" class=\"theme-button\">Read more..<\/a><\/div><\/div><\/div><\/div><div class=\"vcex-blog-entry entry-has-details span_1_of_3 col-3 col post-8490 entry type-post has-media cat-131\"><div class=\"vcex-blog-entry-inner entry-inner wpex-clr\"><div class=\"vcex-blog-entry-media entry-media\"><a href=\"https:\/\/www.gerec.fi\/en\/gerontologia-2023-kongressi-ikaantymisen-uusi-aika\/\" title=\"Gerontologia 2023 -kongressi: Ik\u00e4\u00e4ntymisen uusi aika\"><img loading=\"lazy\" decoding=\"async\" width=\"1640\" height=\"924\" src=\"https:\/\/www.gerec.fi\/wp-content\/uploads\/2022\/02\/Ikaantymisen-uusi-aika.png\" class=\"vcex-blog-entry-img\" alt=\"\" srcset=\"https:\/\/www.gerec.fi\/wp-content\/uploads\/2022\/02\/Ikaantymisen-uusi-aika.png 1640w, https:\/\/www.gerec.fi\/wp-content\/uploads\/2022\/02\/Ikaantymisen-uusi-aika-300x169.png 300w, https:\/\/www.gerec.fi\/wp-content\/uploads\/2022\/02\/Ikaantymisen-uusi-aika-1024x577.png 1024w, https:\/\/www.gerec.fi\/wp-content\/uploads\/2022\/02\/Ikaantymisen-uusi-aika-768x433.png 768w, https:\/\/www.gerec.fi\/wp-content\/uploads\/2022\/02\/Ikaantymisen-uusi-aika-1536x865.png 1536w\" sizes=\"auto, (max-width: 1640px) 100vw, 1640px\" \/><\/a><\/div><div class=\"vcex-blog-entry-details entry-details wpex-clr\"><h2 class=\"vcex-blog-entry-title entry-title\"><a href=\"https:\/\/www.gerec.fi\/en\/gerontologia-2023-kongressi-ikaantymisen-uusi-aika\/\">Gerontologia 2023 -kongressi: Ik\u00e4\u00e4ntymisen uusi aika<\/a><\/h2><div class=\"vcex-blog-entry-date\">9.2.2022<\/div><div class=\"vcex-blog-entry-excerpt entry-excerpt entry clr\"><p>Tervetuloa Gerontologia 2023 \u2010kongressiin 8.-10.2.2023 Tampere-talolle Kongressin teemana on Ik\u00e4\u00e4ntymisen uusi aika, joka viittaa sek\u00e4&hellip;<\/p><\/div><div class=\"vcex-blog-entry-readmore-wrap entry-readmore-wrap clr\"><a href=\"https:\/\/www.gerec.fi\/en\/gerontologia-2023-kongressi-ikaantymisen-uusi-aika\/\" class=\"theme-button\">Read more..<\/a><\/div><\/div><\/div><\/div><div class=\"vcex-blog-entry entry-has-details span_1_of_3 col-1 col post-8468 entry type-post has-media cat-131\"><div class=\"vcex-blog-entry-inner entry-inner wpex-clr\"><div class=\"vcex-blog-entry-media entry-media\"><a href=\"https:\/\/www.gerec.fi\/en\/kohti-kansallista-muistipalvelupolkua-yhteistyowebinaari-4-3-2022\/\" title=\"Kohti kansallista muistipalvelupolkua -yhteisty\u00f6webinaari 4.3.2022\"><img loading=\"lazy\" decoding=\"async\" width=\"1640\" height=\"924\" src=\"https:\/\/www.gerec.fi\/wp-content\/uploads\/2022\/02\/webinaari.png\" class=\"vcex-blog-entry-img\" alt=\"\" srcset=\"https:\/\/www.gerec.fi\/wp-content\/uploads\/2022\/02\/webinaari.png 1640w, https:\/\/www.gerec.fi\/wp-content\/uploads\/2022\/02\/webinaari-300x169.png 300w, https:\/\/www.gerec.fi\/wp-content\/uploads\/2022\/02\/webinaari-1024x577.png 1024w, https:\/\/www.gerec.fi\/wp-content\/uploads\/2022\/02\/webinaari-768x433.png 768w, https:\/\/www.gerec.fi\/wp-content\/uploads\/2022\/02\/webinaari-1536x865.png 1536w\" sizes=\"auto, (max-width: 1640px) 100vw, 1640px\" \/><\/a><\/div><div class=\"vcex-blog-entry-details entry-details wpex-clr\"><h2 class=\"vcex-blog-entry-title entry-title\"><a href=\"https:\/\/www.gerec.fi\/en\/kohti-kansallista-muistipalvelupolkua-yhteistyowebinaari-4-3-2022\/\">Kohti kansallista muistipalvelupolkua -yhteisty\u00f6webinaari 4.3.2022<\/a><\/h2><div class=\"vcex-blog-entry-date\">3.2.2022<\/div><div class=\"vcex-blog-entry-excerpt entry-excerpt entry clr\"><p>Terveyden ja hyvinvoinnin laitos j\u00e4rjest\u00e4\u00e4 maaliskuussa 4.3.2022 Kohti kansallista muistipavelupolkua -yhteisty\u00f6webinaarin. Webinaarin kulkua johdattelee gerontologian&hellip;<\/p><\/div><div class=\"vcex-blog-entry-readmore-wrap entry-readmore-wrap clr\"><a href=\"https:\/\/www.gerec.fi\/en\/kohti-kansallista-muistipalvelupolkua-yhteistyowebinaari-4-3-2022\/\" class=\"theme-button\">Read more..<\/a><\/div><\/div><\/div><\/div><div class=\"vcex-blog-entry entry-has-details span_1_of_3 col-2 col post-8463 entry type-post has-media cat-132\"><div class=\"vcex-blog-entry-inner entry-inner wpex-clr\"><div class=\"vcex-blog-entry-media entry-media\"><a href=\"https:\/\/www.gerec.fi\/en\/vanhuspalvelujen-puutteet-syovat-luottamusta-yhteiskuntaan-miten-vastaavat-hallitus-ja-sote-alueet\/\" title=\"Vanhuspalvelujen puutteet sy\u00f6v\u00e4t luottamusta yhteiskuntaan \u2013 miten vastaavat hallitus ja sote-alueet?\"><img loading=\"lazy\" decoding=\"async\" width=\"2048\" height=\"1366\" src=\"https:\/\/www.gerec.fi\/wp-content\/uploads\/2022\/01\/paivakeskus.jpg\" class=\"vcex-blog-entry-img\" alt=\"\" srcset=\"https:\/\/www.gerec.fi\/wp-content\/uploads\/2022\/01\/paivakeskus.jpg 2048w, https:\/\/www.gerec.fi\/wp-content\/uploads\/2022\/01\/paivakeskus-300x200.jpg 300w, https:\/\/www.gerec.fi\/wp-content\/uploads\/2022\/01\/paivakeskus-1024x683.jpg 1024w, https:\/\/www.gerec.fi\/wp-content\/uploads\/2022\/01\/paivakeskus-768x512.jpg 768w, https:\/\/www.gerec.fi\/wp-content\/uploads\/2022\/01\/paivakeskus-1536x1025.jpg 1536w\" sizes=\"auto, (max-width: 2048px) 100vw, 2048px\" \/><\/a><\/div><div class=\"vcex-blog-entry-details entry-details wpex-clr\"><h2 class=\"vcex-blog-entry-title entry-title\"><a href=\"https:\/\/www.gerec.fi\/en\/vanhuspalvelujen-puutteet-syovat-luottamusta-yhteiskuntaan-miten-vastaavat-hallitus-ja-sote-alueet\/\">Vanhuspalvelujen puutteet sy\u00f6v\u00e4t luottamusta yhteiskuntaan \u2013 miten vastaavat hallitus ja sote-alueet?<\/a><\/h2><div class=\"vcex-blog-entry-date\">21.1.2022<\/div><div class=\"vcex-blog-entry-excerpt entry-excerpt entry clr\"><p>Tuoreen kyselytutkimuksen1 mukaan 65\u201384-vuotiaista suomalaisista vain joka viides (21%) luottaa siihen, ett\u00e4 Suomessa saa tarvitessaan&hellip;<\/p><\/div><div class=\"vcex-blog-entry-readmore-wrap entry-readmore-wrap clr\"><a href=\"https:\/\/www.gerec.fi\/en\/vanhuspalvelujen-puutteet-syovat-luottamusta-yhteiskuntaan-miten-vastaavat-hallitus-ja-sote-alueet\/\" class=\"theme-button\">Read more..<\/a><\/div><\/div><\/div><\/div><div class=\"vcex-blog-entry entry-has-details span_1_of_3 col-3 col post-8458 entry type-post no-media cat-130\"><div class=\"vcex-blog-entry-inner entry-inner wpex-clr\"><div class=\"vcex-blog-entry-details entry-details wpex-clr\"><h2 class=\"vcex-blog-entry-title entry-title\"><a href=\"https:\/\/www.gerec.fi\/en\/juho-vainion-saatio-myonsi-apurahoja-neljalle-gerecin-tutkijalle-vuodelle-2022\/\">Juho Vainion S\u00e4\u00e4ti\u00f6 my\u00f6nsi apurahoja viidelle GERECin tutkijalle vuodelle 2022<\/a><\/h2><div class=\"vcex-blog-entry-date\">20.1.2022<\/div><div class=\"vcex-blog-entry-excerpt entry-excerpt entry clr\"><p>Loistavia rahoitusuutisia! Juho Vainion s\u00e4\u00e4ti\u00f6 on my\u00f6nt\u00e4nyt apurahoja viidelle GERECin tutkijalle vuodelle 2022: Linda Enrothille&hellip;<\/p><\/div><div class=\"vcex-blog-entry-readmore-wrap entry-readmore-wrap clr\"><a href=\"https:\/\/www.gerec.fi\/en\/juho-vainion-saatio-myonsi-apurahoja-neljalle-gerecin-tutkijalle-vuodelle-2022\/\" class=\"theme-button\">Read more..<\/a><\/div><\/div><\/div><\/div><div class=\"vcex-blog-entry entry-has-details span_1_of_3 col-1 col post-8449 entry type-post has-media cat-130\"><div class=\"vcex-blog-entry-inner entry-inner wpex-clr\"><div class=\"vcex-blog-entry-media entry-media\"><a href=\"https:\/\/www.gerec.fi\/en\/sosiaalilaaketieteellisen-aikakauslehden-podcastissa-keskustellaan-iakkaiden-yhteiskunnallisesta-arvostuksesta-osallisuudesta-ja-ikasyrjinnasta\/\" title=\"Sosiaalil\u00e4\u00e4ketieteellisen aikakauslehden podcastissa keskustellaan i\u00e4kk\u00e4iden yhteiskunnallisesta arvostuksesta, osallisuudesta ja ik\u00e4syrjinn\u00e4st\u00e4\"><img loading=\"lazy\" decoding=\"async\" width=\"1640\" height=\"924\" src=\"https:\/\/www.gerec.fi\/wp-content\/uploads\/2022\/01\/kuvitus.png\" class=\"vcex-blog-entry-img\" alt=\"\" srcset=\"https:\/\/www.gerec.fi\/wp-content\/uploads\/2022\/01\/kuvitus.png 1640w, https:\/\/www.gerec.fi\/wp-content\/uploads\/2022\/01\/kuvitus-300x169.png 300w, https:\/\/www.gerec.fi\/wp-content\/uploads\/2022\/01\/kuvitus-1024x577.png 1024w, https:\/\/www.gerec.fi\/wp-content\/uploads\/2022\/01\/kuvitus-768x433.png 768w, https:\/\/www.gerec.fi\/wp-content\/uploads\/2022\/01\/kuvitus-1536x865.png 1536w\" sizes=\"auto, (max-width: 1640px) 100vw, 1640px\" \/><\/a><\/div><div class=\"vcex-blog-entry-details entry-details wpex-clr\"><h2 class=\"vcex-blog-entry-title entry-title\"><a href=\"https:\/\/www.gerec.fi\/en\/sosiaalilaaketieteellisen-aikakauslehden-podcastissa-keskustellaan-iakkaiden-yhteiskunnallisesta-arvostuksesta-osallisuudesta-ja-ikasyrjinnasta\/\">Sosiaalil\u00e4\u00e4ketieteellisen aikakauslehden podcastissa keskustellaan i\u00e4kk\u00e4iden yhteiskunnallisesta arvostuksesta, osallisuudesta ja ik\u00e4syrjinn\u00e4st\u00e4<\/a><\/h2><div class=\"vcex-blog-entry-date\">19.1.2022<\/div><div class=\"vcex-blog-entry-excerpt entry-excerpt entry clr\"><p>Mink\u00e4laisia osallisuuden haasteita ik\u00e4\u00e4ntyv\u00e4t kohtaavat? Miten niihin voidaan vaikuttaa? Onko yhteiskunnassa rakenteellista ik\u00e4syrjint\u00e4\u00e4? Sosiaalil\u00e4\u00e4ketieteellisen aikakauslehden&hellip;<\/p><\/div><div class=\"vcex-blog-entry-readmore-wrap entry-readmore-wrap clr\"><a href=\"https:\/\/www.gerec.fi\/en\/sosiaalilaaketieteellisen-aikakauslehden-podcastissa-keskustellaan-iakkaiden-yhteiskunnallisesta-arvostuksesta-osallisuudesta-ja-ikasyrjinnasta\/\" class=\"theme-button\">Read more..<\/a><\/div><\/div><\/div><\/div><div class=\"vcex-blog-entry entry-has-details span_1_of_3 col-2 col post-8446 entry type-post no-media cat-130\"><div class=\"vcex-blog-entry-inner entry-inner wpex-clr\"><div class=\"vcex-blog-entry-details entry-details wpex-clr\"><h2 class=\"vcex-blog-entry-title entry-title\"><a href=\"https:\/\/www.gerec.fi\/en\/marja-jylhan-johtamalle-sowell-tutkimushankkeelle-95-942-euron-rahoitus-paivikki-ja-sakari-sohlbergin-saatiolta\/\">Marja Jylh\u00e4n johtamalle SoWell -tutkimushankkeelle 95 942 euron rahoitus P\u00e4ivikki ja Sakari Sohlbergin s\u00e4\u00e4ti\u00f6lt\u00e4<\/a><\/h2><div class=\"vcex-blog-entry-date\">18.1.2022<\/div><div class=\"vcex-blog-entry-excerpt entry-excerpt entry clr\"><p>P\u00e4ivikki ja Sakari Sohlbergin s\u00e4\u00e4ti\u00f6 on my\u00f6nt\u00e4nyt 95\u00a0942 euron suuruisen apurahan professori Marja Jylh\u00e4n johtamalle&hellip;<\/p><\/div><div class=\"vcex-blog-entry-readmore-wrap entry-readmore-wrap clr\"><a href=\"https:\/\/www.gerec.fi\/en\/marja-jylhan-johtamalle-sowell-tutkimushankkeelle-95-942-euron-rahoitus-paivikki-ja-sakari-sohlbergin-saatiolta\/\" class=\"theme-button\">Read more..<\/a><\/div><\/div><\/div><\/div><div class=\"vcex-blog-entry entry-has-details span_1_of_3 col-3 col post-8444 entry type-post no-media cat-130\"><div class=\"vcex-blog-entry-inner entry-inner wpex-clr\"><div class=\"vcex-blog-entry-details entry-details wpex-clr\"><h2 class=\"vcex-blog-entry-title entry-title\"><a href=\"https:\/\/www.gerec.fi\/en\/akatemiatutkija-elina-sillanpaalle-50-000-euron-tutkimusrahoitus\/\">Akatemiatutkija Elina Sillanp\u00e4\u00e4lle 50 000 euron tutkimusrahoitus<\/a><\/h2><div class=\"vcex-blog-entry-date\">18.1.2022<\/div><div class=\"vcex-blog-entry-excerpt entry-excerpt entry clr\"><p>P\u00e4ivikki ja Sakari Sohlbergin s\u00e4\u00e4ti\u00f6 on my\u00f6nt\u00e4nyt 50 000 euron rahoituksen akatemiatutkija Elina Sillanp\u00e4\u00e4n uudelle&hellip;<\/p><\/div><div class=\"vcex-blog-entry-readmore-wrap entry-readmore-wrap clr\"><a href=\"https:\/\/www.gerec.fi\/en\/akatemiatutkija-elina-sillanpaalle-50-000-euron-tutkimusrahoitus\/\" class=\"theme-button\">Read more..<\/a><\/div><\/div><\/div><\/div><div class=\"vcex-blog-entry entry-has-details span_1_of_3 col-1 col post-8441 entry type-post has-media cat-131\"><div class=\"vcex-blog-entry-inner entry-inner wpex-clr\"><div class=\"vcex-blog-entry-media entry-media\"><a href=\"https:\/\/www.gerec.fi\/en\/ikaihmisten-asumisen-vaihtoehdoista-webinaari-8-2-2022-valimuotoisen-asumisen-ratkaisuja-kehitetty-tampereella-ja-orivedella\/\" title=\"Ik\u00e4ihmisten asumisen vaihtoehdoista webinaari 8.2.2022: V\u00e4limuotoisen asumisen ratkaisuja kehitetty Tampereella ja Orivedell\u00e4\"><img loading=\"lazy\" decoding=\"async\" width=\"1640\" height=\"924\" src=\"https:\/\/www.gerec.fi\/wp-content\/uploads\/2022\/01\/city_205702.png\" class=\"vcex-blog-entry-img\" alt=\"\" srcset=\"https:\/\/www.gerec.fi\/wp-content\/uploads\/2022\/01\/city_205702.png 1640w, https:\/\/www.gerec.fi\/wp-content\/uploads\/2022\/01\/city_205702-300x169.png 300w, https:\/\/www.gerec.fi\/wp-content\/uploads\/2022\/01\/city_205702-1024x577.png 1024w, https:\/\/www.gerec.fi\/wp-content\/uploads\/2022\/01\/city_205702-768x433.png 768w, https:\/\/www.gerec.fi\/wp-content\/uploads\/2022\/01\/city_205702-1536x865.png 1536w\" sizes=\"auto, (max-width: 1640px) 100vw, 1640px\" \/><\/a><\/div><div class=\"vcex-blog-entry-details entry-details wpex-clr\"><h2 class=\"vcex-blog-entry-title entry-title\"><a href=\"https:\/\/www.gerec.fi\/en\/ikaihmisten-asumisen-vaihtoehdoista-webinaari-8-2-2022-valimuotoisen-asumisen-ratkaisuja-kehitetty-tampereella-ja-orivedella\/\">Ik\u00e4ihmisten asumisen vaihtoehdoista webinaari 8.2.2022: V\u00e4limuotoisen asumisen ratkaisuja kehitetty Tampereella ja Orivedell\u00e4<\/a><\/h2><div class=\"vcex-blog-entry-date\">14.1.2022<\/div><div class=\"vcex-blog-entry-excerpt entry-excerpt entry clr\"><p>Tampereen kaupunki j\u00e4rjest\u00e4\u00e4 8.2.2022 kello 12.00\u201315.15 Teamsin v\u00e4lityksell\u00e4 webinaarin, jossa ik\u00e4\u00e4ntyneiden v\u00e4limuotoista asumista tarkastellaan eri&hellip;<\/p><\/div><div class=\"vcex-blog-entry-readmore-wrap entry-readmore-wrap clr\"><a href=\"https:\/\/www.gerec.fi\/en\/ikaihmisten-asumisen-vaihtoehdoista-webinaari-8-2-2022-valimuotoisen-asumisen-ratkaisuja-kehitetty-tampereella-ja-orivedella\/\" class=\"theme-button\">Read more..<\/a><\/div><\/div><\/div><\/div><div class=\"vcex-blog-entry entry-has-details span_1_of_3 col-2 col post-8435 entry type-post has-media cat-130\"><div class=\"vcex-blog-entry-inner entry-inner wpex-clr\"><div class=\"vcex-blog-entry-media entry-media\"><a href=\"https:\/\/www.gerec.fi\/en\/iakkaat-tunnistavat-yhteiskunnan-heille-tarjoamat-palvelut-mutta-kohtaavat-ongelmia-niiden-saavutettavuudessa\/\" title=\"I\u00e4kk\u00e4\u00e4t tunnistavat yhteiskunnan heille tarjoamat palvelut, mutta kohtaavat ongelmia niiden saavutettavuudessa\"><img loading=\"lazy\" decoding=\"async\" width=\"1920\" height=\"1281\" src=\"https:\/\/www.gerec.fi\/wp-content\/uploads\/2022\/01\/mobile-phone-4515151_1920.jpg\" class=\"vcex-blog-entry-img\" alt=\"\" srcset=\"https:\/\/www.gerec.fi\/wp-content\/uploads\/2022\/01\/mobile-phone-4515151_1920.jpg 1920w, https:\/\/www.gerec.fi\/wp-content\/uploads\/2022\/01\/mobile-phone-4515151_1920-300x200.jpg 300w, https:\/\/www.gerec.fi\/wp-content\/uploads\/2022\/01\/mobile-phone-4515151_1920-1024x683.jpg 1024w, https:\/\/www.gerec.fi\/wp-content\/uploads\/2022\/01\/mobile-phone-4515151_1920-768x512.jpg 768w, https:\/\/www.gerec.fi\/wp-content\/uploads\/2022\/01\/mobile-phone-4515151_1920-1536x1025.jpg 1536w\" sizes=\"auto, (max-width: 1920px) 100vw, 1920px\" \/><\/a><\/div><div class=\"vcex-blog-entry-details entry-details wpex-clr\"><h2 class=\"vcex-blog-entry-title entry-title\"><a href=\"https:\/\/www.gerec.fi\/en\/iakkaat-tunnistavat-yhteiskunnan-heille-tarjoamat-palvelut-mutta-kohtaavat-ongelmia-niiden-saavutettavuudessa\/\">I\u00e4kk\u00e4\u00e4t tunnistavat yhteiskunnan heille tarjoamat palvelut, mutta kohtaavat ongelmia niiden saavutettavuudessa<\/a><\/h2><div class=\"vcex-blog-entry-date\">12.1.2022<\/div><div class=\"vcex-blog-entry-excerpt entry-excerpt entry clr\"><p>Uudessa tutkimuksessa selvitettiin, millaisia haasteita osallisuuden kokemiselle ik\u00e4\u00e4ntyv\u00e4t kokevat yhteiskunnassa. Tutkimuksen perusteella el\u00e4keik\u00e4iset aikuiset ovat&hellip;<\/p><\/div><div class=\"vcex-blog-entry-readmore-wrap entry-readmore-wrap clr\"><a href=\"https:\/\/www.gerec.fi\/en\/iakkaat-tunnistavat-yhteiskunnan-heille-tarjoamat-palvelut-mutta-kohtaavat-ongelmia-niiden-saavutettavuudessa\/\" class=\"theme-button\">Read more..<\/a><\/div><\/div><\/div><\/div><div class=\"vcex-blog-entry entry-has-details span_1_of_3 col-3 col post-8431 entry type-post has-media cat-130\"><div class=\"vcex-blog-entry-inner entry-inner wpex-clr\"><div class=\"vcex-blog-entry-media entry-media\"><a href=\"https:\/\/www.gerec.fi\/en\/hoivakotiasukkaiden-perheenjasenet-korostavat-sosiaalista-kanssakaymista-toimintakyvyn-yllapitamisessa\/\" title=\"Hoivakotiasukkaiden perheenj\u00e4senet korostavat sosiaalista kanssak\u00e4ymist\u00e4 toimintakyvyn yll\u00e4pit\u00e4misess\u00e4\"><img loading=\"lazy\" decoding=\"async\" width=\"1640\" height=\"924\" src=\"https:\/\/www.gerec.fi\/wp-content\/uploads\/2022\/01\/Lahdensivunkoti_tiedotus.png\" class=\"vcex-blog-entry-img\" alt=\"\" srcset=\"https:\/\/www.gerec.fi\/wp-content\/uploads\/2022\/01\/Lahdensivunkoti_tiedotus.png 1640w, https:\/\/www.gerec.fi\/wp-content\/uploads\/2022\/01\/Lahdensivunkoti_tiedotus-300x169.png 300w, https:\/\/www.gerec.fi\/wp-content\/uploads\/2022\/01\/Lahdensivunkoti_tiedotus-1024x577.png 1024w, https:\/\/www.gerec.fi\/wp-content\/uploads\/2022\/01\/Lahdensivunkoti_tiedotus-768x433.png 768w, https:\/\/www.gerec.fi\/wp-content\/uploads\/2022\/01\/Lahdensivunkoti_tiedotus-1536x865.png 1536w\" sizes=\"auto, (max-width: 1640px) 100vw, 1640px\" \/><\/a><\/div><div class=\"vcex-blog-entry-details entry-details wpex-clr\"><h2 class=\"vcex-blog-entry-title entry-title\"><a href=\"https:\/\/www.gerec.fi\/en\/hoivakotiasukkaiden-perheenjasenet-korostavat-sosiaalista-kanssakaymista-toimintakyvyn-yllapitamisessa\/\">Hoivakotiasukkaiden perheenj\u00e4senet korostavat sosiaalista kanssak\u00e4ymist\u00e4 toimintakyvyn yll\u00e4pit\u00e4misess\u00e4<\/a><\/h2><div class=\"vcex-blog-entry-date\">5.1.2022<\/div><div class=\"vcex-blog-entry-excerpt entry-excerpt entry clr\"><p>Hoivakodissa asuvan ik\u00e4\u00e4ntyneen ihmisen l\u00e4heisill\u00e4 on t\u00e4rke\u00e4 rooli toimintakyvyn tukemisessa. Juuri julkaistun tutkimuksen mukaan hoivakotiasukkaiden&hellip;<\/p><\/div><div class=\"vcex-blog-entry-readmore-wrap entry-readmore-wrap clr\"><a href=\"https:\/\/www.gerec.fi\/en\/hoivakotiasukkaiden-perheenjasenet-korostavat-sosiaalista-kanssakaymista-toimintakyvyn-yllapitamisessa\/\" class=\"theme-button\">Read more..<\/a><\/div><\/div><\/div><\/div><div class=\"vcex-blog-entry entry-has-details span_1_of_3 col-1 col post-8428 entry type-post has-media cat-130\"><div class=\"vcex-blog-entry-inner entry-inner wpex-clr\"><div class=\"vcex-blog-entry-media entry-media\"><a href=\"https:\/\/www.gerec.fi\/en\/keski-ikaisten-naisten-tiedonkasittelytaidot-eivat-muutu-vaihdevuosien-aikana\/\" title=\"Keski-ik\u00e4isten naisten tiedonk\u00e4sittelytaidot eiv\u00e4t muutu vaihdevuosien aikana\"><img loading=\"lazy\" decoding=\"async\" width=\"768\" height=\"512\" src=\"https:\/\/www.gerec.fi\/wp-content\/uploads\/2022\/01\/601eef19-2061-7479-0b58-37059bddcbe9.jpeg\" class=\"vcex-blog-entry-img\" alt=\"\" srcset=\"https:\/\/www.gerec.fi\/wp-content\/uploads\/2022\/01\/601eef19-2061-7479-0b58-37059bddcbe9.jpeg 768w, https:\/\/www.gerec.fi\/wp-content\/uploads\/2022\/01\/601eef19-2061-7479-0b58-37059bddcbe9-300x200.jpeg 300w\" sizes=\"auto, (max-width: 768px) 100vw, 768px\" \/><\/a><\/div><div class=\"vcex-blog-entry-details entry-details wpex-clr\"><h2 class=\"vcex-blog-entry-title entry-title\"><a href=\"https:\/\/www.gerec.fi\/en\/keski-ikaisten-naisten-tiedonkasittelytaidot-eivat-muutu-vaihdevuosien-aikana\/\">Keski-ik\u00e4isten naisten tiedonk\u00e4sittelytaidot eiv\u00e4t muutu vaihdevuosien aikana<\/a><\/h2><div class=\"vcex-blog-entry-date\">4.1.2022<\/div><div class=\"vcex-blog-entry-excerpt entry-excerpt entry clr\"><p>Juuri julkaistussa Jyv\u00e4skyl\u00e4n yliopiston liikuntatieteellisen tiedekunnan tutkimuksessa havaittiin, ett\u00e4 vastoin joitain aiempia tutkimustuloksia keski-ik\u00e4isten naisten&hellip;<\/p><\/div><div class=\"vcex-blog-entry-readmore-wrap entry-readmore-wrap clr\"><a href=\"https:\/\/www.gerec.fi\/en\/keski-ikaisten-naisten-tiedonkasittelytaidot-eivat-muutu-vaihdevuosien-aikana\/\" class=\"theme-button\">Read more..<\/a><\/div><\/div><\/div><\/div><div class=\"vcex-blog-entry entry-has-details span_1_of_3 col-2 col post-8421 entry type-post has-media cat-130\"><div class=\"vcex-blog-entry-inner entry-inner wpex-clr\"><div class=\"vcex-blog-entry-media entry-media\"><a href=\"https:\/\/www.gerec.fi\/en\/yli-80-vuotiaiden-sosiaalisissa-suhteissa-tapahtuneet-muutokset-pandemian-aikana-ovat-olleet-hyvin-moninaisia\/\" title=\"Yli 80-vuotiaiden sosiaalisissa suhteissa tapahtuneet muutokset pandemian aikana ovat olleet hyvin moninaisia\"><img loading=\"lazy\" decoding=\"async\" width=\"1640\" height=\"924\" src=\"https:\/\/www.gerec.fi\/wp-content\/uploads\/2022\/01\/kuvitus_3_1_22_esimerkki.png\" class=\"vcex-blog-entry-img\" alt=\"\" srcset=\"https:\/\/www.gerec.fi\/wp-content\/uploads\/2022\/01\/kuvitus_3_1_22_esimerkki.png 1640w, https:\/\/www.gerec.fi\/wp-content\/uploads\/2022\/01\/kuvitus_3_1_22_esimerkki-300x169.png 300w, https:\/\/www.gerec.fi\/wp-content\/uploads\/2022\/01\/kuvitus_3_1_22_esimerkki-1024x577.png 1024w, https:\/\/www.gerec.fi\/wp-content\/uploads\/2022\/01\/kuvitus_3_1_22_esimerkki-768x433.png 768w, https:\/\/www.gerec.fi\/wp-content\/uploads\/2022\/01\/kuvitus_3_1_22_esimerkki-1536x865.png 1536w\" sizes=\"auto, (max-width: 1640px) 100vw, 1640px\" \/><\/a><\/div><div class=\"vcex-blog-entry-details entry-details wpex-clr\"><h2 class=\"vcex-blog-entry-title entry-title\"><a href=\"https:\/\/www.gerec.fi\/en\/yli-80-vuotiaiden-sosiaalisissa-suhteissa-tapahtuneet-muutokset-pandemian-aikana-ovat-olleet-hyvin-moninaisia\/\">Yli 80-vuotiaiden sosiaalisissa suhteissa tapahtuneet muutokset pandemian aikana ovat olleet hyvin moninaisia<\/a><\/h2><div class=\"vcex-blog-entry-date\">3.1.2022<\/div><div class=\"vcex-blog-entry-excerpt entry-excerpt entry clr\"><p>Sosiaalinen aktiivisuus ja yhteys toisiin ihmisiin tukevat terveytt\u00e4 ja hyvinvointia. Korkea ik\u00e4 lis\u00e4\u00e4 riski\u00e4 vakavalle&hellip;<\/p><\/div><div class=\"vcex-blog-entry-readmore-wrap entry-readmore-wrap clr\"><a href=\"https:\/\/www.gerec.fi\/en\/yli-80-vuotiaiden-sosiaalisissa-suhteissa-tapahtuneet-muutokset-pandemian-aikana-ovat-olleet-hyvin-moninaisia\/\" class=\"theme-button\">Read more..<\/a><\/div><\/div><\/div><\/div><div class=\"vcex-blog-entry entry-has-details span_1_of_3 col-3 col post-8405 entry type-post has-media cat-132\"><div class=\"vcex-blog-entry-inner entry-inner wpex-clr\"><div class=\"vcex-blog-entry-media entry-media\"><a href=\"https:\/\/www.gerec.fi\/en\/muuttuvat-kasitykset-vanhuudesta-miten-yli-90-vuotiaat-elavat-2020-luvulla\/\" title=\"Muuttuvat k\u00e4sitykset vanhuudesta \u2013 miten yli 90-vuotiaat el\u00e4v\u00e4t 2020-luvulla?\"><img loading=\"lazy\" decoding=\"async\" width=\"1640\" height=\"924\" src=\"https:\/\/www.gerec.fi\/wp-content\/uploads\/2021\/12\/Blogin-kuvitus.png\" class=\"vcex-blog-entry-img\" alt=\"\" srcset=\"https:\/\/www.gerec.fi\/wp-content\/uploads\/2021\/12\/Blogin-kuvitus.png 1640w, https:\/\/www.gerec.fi\/wp-content\/uploads\/2021\/12\/Blogin-kuvitus-300x169.png 300w, https:\/\/www.gerec.fi\/wp-content\/uploads\/2021\/12\/Blogin-kuvitus-1024x577.png 1024w, https:\/\/www.gerec.fi\/wp-content\/uploads\/2021\/12\/Blogin-kuvitus-768x433.png 768w, https:\/\/www.gerec.fi\/wp-content\/uploads\/2021\/12\/Blogin-kuvitus-1536x865.png 1536w\" sizes=\"auto, (max-width: 1640px) 100vw, 1640px\" \/><\/a><\/div><div class=\"vcex-blog-entry-details entry-details wpex-clr\"><h2 class=\"vcex-blog-entry-title entry-title\"><a href=\"https:\/\/www.gerec.fi\/en\/muuttuvat-kasitykset-vanhuudesta-miten-yli-90-vuotiaat-elavat-2020-luvulla\/\">Muuttuvat k\u00e4sitykset vanhuudesta \u2013 miten yli 90-vuotiaat el\u00e4v\u00e4t 2020-luvulla?<\/a><\/h2><div class=\"vcex-blog-entry-date\">17.12.2021<\/div><div class=\"vcex-blog-entry-excerpt entry-excerpt entry clr\"><p>Ik\u00e4\u00e4ntymiseen ja vanhuuteen liittyy monien mielikuvissa sairaudet, raihnaisuus ja hiljalleen hiipuva toimintakyky. Kuten Hans Roslingin&hellip;<\/p><\/div><div class=\"vcex-blog-entry-readmore-wrap entry-readmore-wrap clr\"><a href=\"https:\/\/www.gerec.fi\/en\/muuttuvat-kasitykset-vanhuudesta-miten-yli-90-vuotiaat-elavat-2020-luvulla\/\" class=\"theme-button\">Read more..<\/a><\/div><\/div><\/div><\/div><div class=\"vcex-blog-entry entry-has-details span_1_of_3 col-1 col post-8401 entry type-post has-media cat-130\"><div class=\"vcex-blog-entry-inner entry-inner wpex-clr\"><div class=\"vcex-blog-entry-media entry-media\"><a href=\"https:\/\/www.gerec.fi\/en\/asumisella-ja-ymparistolla-on-tarkea-yhteys-hyvaan-vanhuuteen\/\" title=\"Asumisella ja ymp\u00e4rist\u00f6ll\u00e4 on t\u00e4rke\u00e4 yhteys hyv\u00e4\u00e4n vanhuuteen\"><img loading=\"lazy\" decoding=\"async\" width=\"1640\" height=\"924\" src=\"https:\/\/www.gerec.fi\/wp-content\/uploads\/2021\/12\/podcast_5_asuminen.png\" class=\"vcex-blog-entry-img\" alt=\"\" srcset=\"https:\/\/www.gerec.fi\/wp-content\/uploads\/2021\/12\/podcast_5_asuminen.png 1640w, https:\/\/www.gerec.fi\/wp-content\/uploads\/2021\/12\/podcast_5_asuminen-300x169.png 300w, https:\/\/www.gerec.fi\/wp-content\/uploads\/2021\/12\/podcast_5_asuminen-1024x577.png 1024w, https:\/\/www.gerec.fi\/wp-content\/uploads\/2021\/12\/podcast_5_asuminen-768x433.png 768w, https:\/\/www.gerec.fi\/wp-content\/uploads\/2021\/12\/podcast_5_asuminen-1536x865.png 1536w\" sizes=\"auto, (max-width: 1640px) 100vw, 1640px\" \/><\/a><\/div><div class=\"vcex-blog-entry-details entry-details wpex-clr\"><h2 class=\"vcex-blog-entry-title entry-title\"><a href=\"https:\/\/www.gerec.fi\/en\/asumisella-ja-ymparistolla-on-tarkea-yhteys-hyvaan-vanhuuteen\/\">Asumisella ja ymp\u00e4rist\u00f6ll\u00e4 on t\u00e4rke\u00e4 yhteys hyv\u00e4\u00e4n vanhuuteen<\/a><\/h2><div class=\"vcex-blog-entry-date\">14.12.2021<\/div><div class=\"vcex-blog-entry-excerpt entry-excerpt entry clr\"><p>Hyvi\u00e4 uutisia vanhenemisesta -podcastin 5. jakso on kuunneltavissa! Ymp\u00e4rist\u00f6 voi monin tavoin edist\u00e4\u00e4 aktiivisena ik\u00e4\u00e4ntymist\u00e4.&hellip;<\/p><\/div><div class=\"vcex-blog-entry-readmore-wrap entry-readmore-wrap clr\"><a href=\"https:\/\/www.gerec.fi\/en\/asumisella-ja-ymparistolla-on-tarkea-yhteys-hyvaan-vanhuuteen\/\" class=\"theme-button\">Read more..<\/a><\/div><\/div><\/div><\/div><div class=\"vcex-blog-entry entry-has-details span_1_of_3 col-2 col post-8397 entry type-post has-media cat-132\"><div class=\"vcex-blog-entry-inner entry-inner wpex-clr\"><div class=\"vcex-blog-entry-media entry-media\"><a href=\"https:\/\/www.gerec.fi\/en\/mies-bensatankilla\/\" title=\"Mies bensatankilla\"><img loading=\"lazy\" decoding=\"async\" width=\"1640\" height=\"924\" src=\"https:\/\/www.gerec.fi\/wp-content\/uploads\/2021\/12\/Jenni_blogi_kuvitus.png\" class=\"vcex-blog-entry-img\" alt=\"\" srcset=\"https:\/\/www.gerec.fi\/wp-content\/uploads\/2021\/12\/Jenni_blogi_kuvitus.png 1640w, https:\/\/www.gerec.fi\/wp-content\/uploads\/2021\/12\/Jenni_blogi_kuvitus-300x169.png 300w, https:\/\/www.gerec.fi\/wp-content\/uploads\/2021\/12\/Jenni_blogi_kuvitus-1024x577.png 1024w, https:\/\/www.gerec.fi\/wp-content\/uploads\/2021\/12\/Jenni_blogi_kuvitus-768x433.png 768w, https:\/\/www.gerec.fi\/wp-content\/uploads\/2021\/12\/Jenni_blogi_kuvitus-1536x865.png 1536w\" sizes=\"auto, (max-width: 1640px) 100vw, 1640px\" \/><\/a><\/div><div class=\"vcex-blog-entry-details entry-details wpex-clr\"><h2 class=\"vcex-blog-entry-title entry-title\"><a href=\"https:\/\/www.gerec.fi\/en\/mies-bensatankilla\/\">Mies bensatankilla<\/a><\/h2><div class=\"vcex-blog-entry-date\">10.12.2021<\/div><div class=\"vcex-blog-entry-excerpt entry-excerpt entry clr\"><p>Auto pakattu ja suunta m\u00f6kille. Aikaisin tullut talvi teki j\u00e4\u00e4t j\u00e4rveen ja saarim\u00f6kkeilij\u00e4n\u00e4 p\u00e4\u00e4sen taas&hellip;<\/p><\/div><div class=\"vcex-blog-entry-readmore-wrap entry-readmore-wrap clr\"><a href=\"https:\/\/www.gerec.fi\/en\/mies-bensatankilla\/\" class=\"theme-button\">Read more..<\/a><\/div><\/div><\/div><\/div><div class=\"vcex-blog-entry entry-has-details span_1_of_3 col-3 col post-8384 entry type-post has-media cat-130\"><div class=\"vcex-blog-entry-inner entry-inner wpex-clr\"><div class=\"vcex-blog-entry-media entry-media\"><a href=\"https:\/\/www.gerec.fi\/en\/gerec-news-puolivuotisjulkaisu-on-luettavissa\/\" title=\"GEREC news puolivuotisjulkaisu on luettavissa\"><img loading=\"lazy\" decoding=\"async\" width=\"1640\" height=\"924\" src=\"https:\/\/www.gerec.fi\/wp-content\/uploads\/2021\/12\/GEREC-news-6.png\" class=\"vcex-blog-entry-img\" alt=\"\" srcset=\"https:\/\/www.gerec.fi\/wp-content\/uploads\/2021\/12\/GEREC-news-6.png 1640w, https:\/\/www.gerec.fi\/wp-content\/uploads\/2021\/12\/GEREC-news-6-300x169.png 300w, https:\/\/www.gerec.fi\/wp-content\/uploads\/2021\/12\/GEREC-news-6-1024x577.png 1024w, https:\/\/www.gerec.fi\/wp-content\/uploads\/2021\/12\/GEREC-news-6-768x433.png 768w, https:\/\/www.gerec.fi\/wp-content\/uploads\/2021\/12\/GEREC-news-6-1536x865.png 1536w\" sizes=\"auto, (max-width: 1640px) 100vw, 1640px\" \/><\/a><\/div><div class=\"vcex-blog-entry-details entry-details wpex-clr\"><h2 class=\"vcex-blog-entry-title entry-title\"><a href=\"https:\/\/www.gerec.fi\/en\/gerec-news-puolivuotisjulkaisu-on-luettavissa\/\">GEREC news puolivuotisjulkaisu on luettavissa<\/a><\/h2><div class=\"vcex-blog-entry-date\">8.12.2021<\/div><div class=\"vcex-blog-entry-excerpt entry-excerpt entry clr\"><p>Vuoden toinen GEREC news puolivuotisjulkaisu on julkaistu! Lis\u00e4t\u00e4ksemme toimintamme n\u00e4kyvyytt\u00e4 ja tiedottamista kokoamme tutkimuskeskuksen toimintaa&hellip;<\/p><\/div><div class=\"vcex-blog-entry-readmore-wrap entry-readmore-wrap clr\"><a href=\"https:\/\/www.gerec.fi\/en\/gerec-news-puolivuotisjulkaisu-on-luettavissa\/\" class=\"theme-button\">Read more..<\/a><\/div><\/div><\/div><\/div><div class=\"vcex-blog-entry entry-has-details span_1_of_3 col-1 col post-8379 entry type-post has-media cat-130\"><div class=\"vcex-blog-entry-inner entry-inner wpex-clr\"><div class=\"vcex-blog-entry-media entry-media\"><a href=\"https:\/\/www.gerec.fi\/en\/ika-jaykistaa-verisuonistoa-suoniston-joustavuus-vaihtelee-myos-naisen-hormonaalisen-tilan-mukaan\/\" title=\"Ik\u00e4 j\u00e4ykist\u00e4\u00e4 verisuonistoa \u2013 suoniston joustavuus vaihtelee my\u00f6s naisen hormonaalisen tilan mukaan\"><img loading=\"lazy\" decoding=\"async\" width=\"1640\" height=\"924\" src=\"https:\/\/www.gerec.fi\/wp-content\/uploads\/2021\/12\/heart_hh_bc97bef.png\" class=\"vcex-blog-entry-img\" alt=\"\" srcset=\"https:\/\/www.gerec.fi\/wp-content\/uploads\/2021\/12\/heart_hh_bc97bef.png 1640w, https:\/\/www.gerec.fi\/wp-content\/uploads\/2021\/12\/heart_hh_bc97bef-300x169.png 300w, https:\/\/www.gerec.fi\/wp-content\/uploads\/2021\/12\/heart_hh_bc97bef-1024x577.png 1024w, https:\/\/www.gerec.fi\/wp-content\/uploads\/2021\/12\/heart_hh_bc97bef-768x433.png 768w, https:\/\/www.gerec.fi\/wp-content\/uploads\/2021\/12\/heart_hh_bc97bef-1536x865.png 1536w\" sizes=\"auto, (max-width: 1640px) 100vw, 1640px\" \/><\/a><\/div><div class=\"vcex-blog-entry-details entry-details wpex-clr\"><h2 class=\"vcex-blog-entry-title entry-title\"><a href=\"https:\/\/www.gerec.fi\/en\/ika-jaykistaa-verisuonistoa-suoniston-joustavuus-vaihtelee-myos-naisen-hormonaalisen-tilan-mukaan\/\">Ik\u00e4 j\u00e4ykist\u00e4\u00e4 verisuonistoa \u2013 suoniston joustavuus vaihtelee my\u00f6s naisen hormonaalisen tilan mukaan<\/a><\/h2><div class=\"vcex-blog-entry-date\">8.12.2021<\/div><div class=\"vcex-blog-entry-excerpt entry-excerpt entry clr\"><p>Jyv\u00e4skyl\u00e4n yliopiston liikuntatieteellisen tiedekunnan tutkimuksessa mitattiin eri ik\u00e4isilt\u00e4 naisilta valtimoiden j\u00e4ykkyytt\u00e4, joka on syd\u00e4n- ja&hellip;<\/p><\/div><div class=\"vcex-blog-entry-readmore-wrap entry-readmore-wrap clr\"><a href=\"https:\/\/www.gerec.fi\/en\/ika-jaykistaa-verisuonistoa-suoniston-joustavuus-vaihtelee-myos-naisen-hormonaalisen-tilan-mukaan\/\" class=\"theme-button\">Read more..<\/a><\/div><\/div><\/div><\/div><div class=\"vcex-blog-entry entry-has-details span_1_of_3 col-2 col post-8376 entry type-post has-media cat-130\"><div class=\"vcex-blog-entry-inner entry-inner wpex-clr\"><div class=\"vcex-blog-entry-media entry-media\"><a href=\"https:\/\/www.gerec.fi\/en\/senioritaloissa-asuvilla-miehilla-on-enemman-toiminnanvajautta-ja-naisilla-yksinaisyytta\/\" title=\"Senioritaloissa asuvilla miehill\u00e4 on enemm\u00e4n toiminnanvajautta ja naisilla yksin\u00e4isyytt\u00e4\"><img loading=\"lazy\" decoding=\"async\" width=\"768\" height=\"511\" src=\"https:\/\/www.gerec.fi\/wp-content\/uploads\/2021\/12\/091d50fa-305d-be8f-db91-d977f5820d43.jpeg\" class=\"vcex-blog-entry-img\" alt=\"\" srcset=\"https:\/\/www.gerec.fi\/wp-content\/uploads\/2021\/12\/091d50fa-305d-be8f-db91-d977f5820d43.jpeg 768w, https:\/\/www.gerec.fi\/wp-content\/uploads\/2021\/12\/091d50fa-305d-be8f-db91-d977f5820d43-300x200.jpeg 300w\" sizes=\"auto, (max-width: 768px) 100vw, 768px\" \/><\/a><\/div><div class=\"vcex-blog-entry-details entry-details wpex-clr\"><h2 class=\"vcex-blog-entry-title entry-title\"><a href=\"https:\/\/www.gerec.fi\/en\/senioritaloissa-asuvilla-miehilla-on-enemman-toiminnanvajautta-ja-naisilla-yksinaisyytta\/\">Senioritaloissa asuvilla miehill\u00e4 on enemm\u00e4n toiminnanvajautta ja naisilla yksin\u00e4isyytt\u00e4<\/a><\/h2><div class=\"vcex-blog-entry-date\">8.12.2021<\/div><div class=\"vcex-blog-entry-excerpt entry-excerpt entry clr\"><p>Jyv\u00e4skyl\u00e4n yliopiston liikuntatieteellisen tiedekunnan ja Folkh\u00e4lsanin tutkimuskeskuksen tutkimuksessa selvisi, ett\u00e4 senioritalojen miesasukkailla on heikompi fyysinen&hellip;<\/p><\/div><div class=\"vcex-blog-entry-readmore-wrap entry-readmore-wrap clr\"><a href=\"https:\/\/www.gerec.fi\/en\/senioritaloissa-asuvilla-miehilla-on-enemman-toiminnanvajautta-ja-naisilla-yksinaisyytta\/\" class=\"theme-button\">Read more..<\/a><\/div><\/div><\/div><\/div><div class=\"vcex-blog-entry entry-has-details span_1_of_3 col-3 col post-8374 entry type-post no-media cat-130\"><div class=\"vcex-blog-entry-inner entry-inner wpex-clr\"><div class=\"vcex-blog-entry-details entry-details wpex-clr\"><h2 class=\"vcex-blog-entry-title entry-title\"><a href=\"https:\/\/www.gerec.fi\/en\/marja-jylha-suomella-olisi-varaa-tarjota-kohtuulliset-vanhuuden-palvelut-niita-tarvitseville\/\">Marja Jylh\u00e4: &#8220;Suomella olisi varaa tarjota kohtuulliset vanhuuden palvelut niit\u00e4 tarvitseville&#8221;<\/a><\/h2><div class=\"vcex-blog-entry-date\">8.12.2021<\/div><div class=\"vcex-blog-entry-excerpt entry-excerpt entry clr\"><p>\"Vanhuudesta koituvista menoista vain noin 10 prosenttia koostuu hoivasta. Hoivaa tarvitsee aina vain hyvin pieni&hellip;<\/p><\/div><div class=\"vcex-blog-entry-readmore-wrap entry-readmore-wrap clr\"><a href=\"https:\/\/www.gerec.fi\/en\/marja-jylha-suomella-olisi-varaa-tarjota-kohtuulliset-vanhuuden-palvelut-niita-tarvitseville\/\" class=\"theme-button\">Read more..<\/a><\/div><\/div><\/div><\/div><div class=\"vcex-blog-entry entry-has-details span_1_of_3 col-1 col post-8362 entry type-post has-media cat-132 post_tag-451 post_tag-452 post_tag-160 post_tag-418 post_tag-342\"><div class=\"vcex-blog-entry-inner entry-inner wpex-clr\"><div class=\"vcex-blog-entry-media entry-media\"><a href=\"https:\/\/www.gerec.fi\/en\/miten-valita-pitkaan-jatkuneen-pitkittaistutkimuksen-menetelmat-esimerkkina-jyls-pitkittaistutkimus\/\" title=\"Miten valita pitk\u00e4\u00e4n jatkuneen pitkitt\u00e4istutkimuksen menetelm\u00e4t? Esimerkkin\u00e4 JYLS-pitkitt\u00e4istutkimus\"><img loading=\"lazy\" decoding=\"async\" width=\"1640\" height=\"924\" src=\"https:\/\/www.gerec.fi\/wp-content\/uploads\/2021\/12\/KK_blogi_kuvitus.png\" class=\"vcex-blog-entry-img\" alt=\"\" srcset=\"https:\/\/www.gerec.fi\/wp-content\/uploads\/2021\/12\/KK_blogi_kuvitus.png 1640w, https:\/\/www.gerec.fi\/wp-content\/uploads\/2021\/12\/KK_blogi_kuvitus-300x169.png 300w, https:\/\/www.gerec.fi\/wp-content\/uploads\/2021\/12\/KK_blogi_kuvitus-1024x577.png 1024w, https:\/\/www.gerec.fi\/wp-content\/uploads\/2021\/12\/KK_blogi_kuvitus-768x433.png 768w, https:\/\/www.gerec.fi\/wp-content\/uploads\/2021\/12\/KK_blogi_kuvitus-1536x865.png 1536w\" sizes=\"auto, (max-width: 1640px) 100vw, 1640px\" \/><\/a><\/div><div class=\"vcex-blog-entry-details entry-details wpex-clr\"><h2 class=\"vcex-blog-entry-title entry-title\"><a href=\"https:\/\/www.gerec.fi\/en\/miten-valita-pitkaan-jatkuneen-pitkittaistutkimuksen-menetelmat-esimerkkina-jyls-pitkittaistutkimus\/\">Miten valita pitk\u00e4\u00e4n jatkuneen pitkitt\u00e4istutkimuksen menetelm\u00e4t? Esimerkkin\u00e4 JYLS-pitkitt\u00e4istutkimus<\/a><\/h2><div class=\"vcex-blog-entry-date\">3.12.2021<\/div><div class=\"vcex-blog-entry-excerpt entry-excerpt entry clr\"><p>Pitkitt\u00e4istutkimukset, joissa samoja ihmisi\u00e4 l\u00e4hestyt\u00e4\u00e4n eri ik\u00e4- tai el\u00e4m\u00e4nvaiheissa, ovat v\u00e4ltt\u00e4m\u00e4tt\u00f6mi\u00e4 tutkimusasetelmia silloin, kun halutaan&hellip;<\/p><\/div><div class=\"vcex-blog-entry-readmore-wrap entry-readmore-wrap clr\"><a href=\"https:\/\/www.gerec.fi\/en\/miten-valita-pitkaan-jatkuneen-pitkittaistutkimuksen-menetelmat-esimerkkina-jyls-pitkittaistutkimus\/\" class=\"theme-button\">Read more..<\/a><\/div><\/div><\/div><\/div><div class=\"vcex-blog-entry entry-has-details span_1_of_3 col-2 col post-8358 entry type-post no-media cat-130\"><div class=\"vcex-blog-entry-inner entry-inner wpex-clr\"><div class=\"vcex-blog-entry-details entry-details wpex-clr\"><h2 class=\"vcex-blog-entry-title entry-title\"><a href=\"https:\/\/www.gerec.fi\/en\/paivi-herranen-palkittiin-2-sijalla-vuoden-liikuntalaaketieteellinen-tutkimus-2021-kilpailussa\/\">P\u00e4ivi Herranen palkittiin 2. sijalla Vuoden liikuntal\u00e4\u00e4ketieteellinen tutkimus 2021 -kilpailussa<\/a><\/h2><div class=\"vcex-blog-entry-date\">2.12.2021<\/div><div class=\"vcex-blog-entry-excerpt entry-excerpt entry clr\"><p>Gerecin v\u00e4it\u00f6skirjatutkija P\u00e4ivi Herranen palkittiin 2. sijalla Vuoden liikuntal\u00e4\u00e4ketieteellinen tutkimus 2021 -kilpailussa. Tutkimuksessa kehitettiin ja&hellip;<\/p><\/div><div class=\"vcex-blog-entry-readmore-wrap entry-readmore-wrap clr\"><a href=\"https:\/\/www.gerec.fi\/en\/paivi-herranen-palkittiin-2-sijalla-vuoden-liikuntalaaketieteellinen-tutkimus-2021-kilpailussa\/\" class=\"theme-button\">Read more..<\/a><\/div><\/div><\/div><\/div><div class=\"vcex-blog-entry entry-has-details span_1_of_3 col-3 col post-8354 entry type-post has-media cat-130\"><div class=\"vcex-blog-entry-inner entry-inner wpex-clr\"><div class=\"vcex-blog-entry-media entry-media\"><a href=\"https:\/\/www.gerec.fi\/en\/liikunta-keski-iassa-auttaa-ehkaisemaan-naisten-vaihdevuosien-terveysriskeja\/\" title=\"Liikunta keski-i\u00e4ss\u00e4 auttaa ehk\u00e4isem\u00e4\u00e4n naisten vaihdevuosien terveysriskej\u00e4\"><img loading=\"lazy\" decoding=\"async\" width=\"1640\" height=\"924\" src=\"https:\/\/www.gerec.fi\/wp-content\/uploads\/2021\/11\/Liikunta_.png\" class=\"vcex-blog-entry-img\" alt=\"\" srcset=\"https:\/\/www.gerec.fi\/wp-content\/uploads\/2021\/11\/Liikunta_.png 1640w, https:\/\/www.gerec.fi\/wp-content\/uploads\/2021\/11\/Liikunta_-300x169.png 300w, https:\/\/www.gerec.fi\/wp-content\/uploads\/2021\/11\/Liikunta_-1024x577.png 1024w, https:\/\/www.gerec.fi\/wp-content\/uploads\/2021\/11\/Liikunta_-768x433.png 768w, https:\/\/www.gerec.fi\/wp-content\/uploads\/2021\/11\/Liikunta_-1536x865.png 1536w\" sizes=\"auto, (max-width: 1640px) 100vw, 1640px\" \/><\/a><\/div><div class=\"vcex-blog-entry-details entry-details wpex-clr\"><h2 class=\"vcex-blog-entry-title entry-title\"><a href=\"https:\/\/www.gerec.fi\/en\/liikunta-keski-iassa-auttaa-ehkaisemaan-naisten-vaihdevuosien-terveysriskeja\/\">Liikunta keski-i\u00e4ss\u00e4 auttaa ehk\u00e4isem\u00e4\u00e4n naisten vaihdevuosien terveysriskej\u00e4<\/a><\/h2><div class=\"vcex-blog-entry-date\">26.11.2021<\/div><div class=\"vcex-blog-entry-excerpt entry-excerpt entry clr\"><p>Jyv\u00e4skyl\u00e4n yliopiston liikuntatieteellisess\u00e4 tiedekunnassa tehdyss\u00e4 tutkimuksessa selvisi, ett\u00e4 vaihdevuosien aikana tapahtuu terveydelle ep\u00e4edullisia muutoksia, joita&hellip;<\/p><\/div><div class=\"vcex-blog-entry-readmore-wrap entry-readmore-wrap clr\"><a href=\"https:\/\/www.gerec.fi\/en\/liikunta-keski-iassa-auttaa-ehkaisemaan-naisten-vaihdevuosien-terveysriskeja\/\" class=\"theme-button\">Read more..<\/a><\/div><\/div><\/div><\/div><div class=\"vcex-blog-entry entry-has-details span_1_of_3 col-1 col post-8351 entry type-post has-media cat-130\"><div class=\"vcex-blog-entry-inner entry-inner wpex-clr\"><div class=\"vcex-blog-entry-media entry-media\"><a href=\"https:\/\/www.gerec.fi\/en\/keski-iassa-koetut-alaselkakivut-ennustavat-vanhuuden-liikkumis-ja-toimintakykya\/\" title=\"Keski-i\u00e4ss\u00e4 koetut alaselk\u00e4kivut ennustavat vanhuuden liikkumis- ja toimintakyky\u00e4\"><img loading=\"lazy\" decoding=\"async\" width=\"1640\" height=\"924\" src=\"https:\/\/www.gerec.fi\/wp-content\/uploads\/2021\/11\/back-pain.png\" class=\"vcex-blog-entry-img\" alt=\"\" srcset=\"https:\/\/www.gerec.fi\/wp-content\/uploads\/2021\/11\/back-pain.png 1640w, https:\/\/www.gerec.fi\/wp-content\/uploads\/2021\/11\/back-pain-300x169.png 300w, https:\/\/www.gerec.fi\/wp-content\/uploads\/2021\/11\/back-pain-1024x577.png 1024w, https:\/\/www.gerec.fi\/wp-content\/uploads\/2021\/11\/back-pain-768x433.png 768w, https:\/\/www.gerec.fi\/wp-content\/uploads\/2021\/11\/back-pain-1536x865.png 1536w\" sizes=\"auto, (max-width: 1640px) 100vw, 1640px\" \/><\/a><\/div><div class=\"vcex-blog-entry-details entry-details wpex-clr\"><h2 class=\"vcex-blog-entry-title entry-title\"><a href=\"https:\/\/www.gerec.fi\/en\/keski-iassa-koetut-alaselkakivut-ennustavat-vanhuuden-liikkumis-ja-toimintakykya\/\">Keski-i\u00e4ss\u00e4 koetut alaselk\u00e4kivut ennustavat vanhuuden liikkumis- ja toimintakyky\u00e4<\/a><\/h2><div class=\"vcex-blog-entry-date\">24.11.2021<\/div><div class=\"vcex-blog-entry-excerpt entry-excerpt entry clr\"><p>Alaselk\u00e4kipu on hyvin yleinen ty\u00f6- ja toimintakyky\u00e4 uhkaava terveysongelma, joka koskettaa l\u00e4hes jokaista aikuista jossakin&hellip;<\/p><\/div><div class=\"vcex-blog-entry-readmore-wrap entry-readmore-wrap clr\"><a href=\"https:\/\/www.gerec.fi\/en\/keski-iassa-koetut-alaselkakivut-ennustavat-vanhuuden-liikkumis-ja-toimintakykya\/\" class=\"theme-button\">Read more..<\/a><\/div><\/div><\/div><\/div><div class=\"vcex-blog-entry entry-has-details span_1_of_3 col-2 col post-8347 entry type-post no-media cat-130\"><div class=\"vcex-blog-entry-inner entry-inner wpex-clr\"><div class=\"vcex-blog-entry-details entry-details wpex-clr\"><h2 class=\"vcex-blog-entry-title entry-title\"><a href=\"https:\/\/www.gerec.fi\/en\/uusia-luottamustoimia-gerecin-tutkijoille\/\">Uusia luottamustoimia GERECin tutkijoille!<\/a><\/h2><div class=\"vcex-blog-entry-date\">22.11.2021<\/div><div class=\"vcex-blog-entry-excerpt entry-excerpt entry clr\"><p>Ik\u00e4\u00e4ntymisen tutkijat ovat aktiivisia yhteiskunnallisia vaikuttajia ja asiantuntijoita. &nbsp; Tenure track professori Jenni Kulmala valittiin&hellip;<\/p><\/div><div class=\"vcex-blog-entry-readmore-wrap entry-readmore-wrap clr\"><a href=\"https:\/\/www.gerec.fi\/en\/uusia-luottamustoimia-gerecin-tutkijoille\/\" class=\"theme-button\">Read more..<\/a><\/div><\/div><\/div><\/div><div class=\"vcex-blog-entry entry-has-details span_1_of_3 col-3 col post-8336 entry type-post has-media cat-131\"><div class=\"vcex-blog-entry-inner entry-inner wpex-clr\"><div class=\"vcex-blog-entry-media entry-media\"><a href=\"https:\/\/www.gerec.fi\/en\/ageing-city-seminaari-tampereella-16-17-12-2021\/\" title=\"Tapahtuma siirtyy \/ Postponed: AGEING CITY -seminaari Tampereella\"><img loading=\"lazy\" decoding=\"async\" width=\"1600\" height=\"900\" src=\"https:\/\/www.gerec.fi\/wp-content\/uploads\/2021\/11\/AGEINGCITY_picture3.png\" class=\"vcex-blog-entry-img\" alt=\"\" srcset=\"https:\/\/www.gerec.fi\/wp-content\/uploads\/2021\/11\/AGEINGCITY_picture3.png 1600w, https:\/\/www.gerec.fi\/wp-content\/uploads\/2021\/11\/AGEINGCITY_picture3-300x169.png 300w, https:\/\/www.gerec.fi\/wp-content\/uploads\/2021\/11\/AGEINGCITY_picture3-1024x576.png 1024w, https:\/\/www.gerec.fi\/wp-content\/uploads\/2021\/11\/AGEINGCITY_picture3-768x432.png 768w, https:\/\/www.gerec.fi\/wp-content\/uploads\/2021\/11\/AGEINGCITY_picture3-1536x864.png 1536w\" sizes=\"auto, (max-width: 1600px) 100vw, 1600px\" \/><\/a><\/div><div class=\"vcex-blog-entry-details entry-details wpex-clr\"><h2 class=\"vcex-blog-entry-title entry-title\"><a href=\"https:\/\/www.gerec.fi\/en\/ageing-city-seminaari-tampereella-16-17-12-2021\/\">Tapahtuma siirtyy \/ Postponed: AGEING CITY -seminaari Tampereella<\/a><\/h2><div class=\"vcex-blog-entry-date\">17.11.2021<\/div><div class=\"vcex-blog-entry-excerpt entry-excerpt entry clr\"><p>Kiristyv\u00e4st\u00e4 koronatilanteesta johtuen Ik\u00e4yst\u00e4v\u00e4llinen kaupunki (AGEING CITY) seminaari joudutaan valitettavasti siirt\u00e4m\u00e4\u00e4n kev\u00e4\u00e4seen 2022, jolloin voimme&hellip;<\/p><\/div><div class=\"vcex-blog-entry-readmore-wrap entry-readmore-wrap clr\"><a href=\"https:\/\/www.gerec.fi\/en\/ageing-city-seminaari-tampereella-16-17-12-2021\/\" class=\"theme-button\">Read more..<\/a><\/div><\/div><\/div><\/div><div class=\"vcex-blog-entry entry-has-details span_1_of_3 col-1 col post-8332 entry type-post has-media cat-130\"><div class=\"vcex-blog-entry-inner entry-inner wpex-clr\"><div class=\"vcex-blog-entry-media entry-media\"><a href=\"https:\/\/www.gerec.fi\/en\/vanhuus-monimuotoistuu-ja-vahitellen-myos-mielikuvat-siita\/\" title=\"Vanhuus monimuotoistuu, ja v\u00e4hitellen my\u00f6s mielikuvat siit\u00e4\"><img loading=\"lazy\" decoding=\"async\" width=\"1640\" height=\"924\" src=\"https:\/\/www.gerec.fi\/wp-content\/uploads\/2021\/11\/Muuttu_ikaantyminen.png\" class=\"vcex-blog-entry-img\" alt=\"\" srcset=\"https:\/\/www.gerec.fi\/wp-content\/uploads\/2021\/11\/Muuttu_ikaantyminen.png 1640w, https:\/\/www.gerec.fi\/wp-content\/uploads\/2021\/11\/Muuttu_ikaantyminen-300x169.png 300w, https:\/\/www.gerec.fi\/wp-content\/uploads\/2021\/11\/Muuttu_ikaantyminen-1024x577.png 1024w, https:\/\/www.gerec.fi\/wp-content\/uploads\/2021\/11\/Muuttu_ikaantyminen-768x433.png 768w, https:\/\/www.gerec.fi\/wp-content\/uploads\/2021\/11\/Muuttu_ikaantyminen-1536x865.png 1536w\" sizes=\"auto, (max-width: 1640px) 100vw, 1640px\" \/><\/a><\/div><div class=\"vcex-blog-entry-details entry-details wpex-clr\"><h2 class=\"vcex-blog-entry-title entry-title\"><a href=\"https:\/\/www.gerec.fi\/en\/vanhuus-monimuotoistuu-ja-vahitellen-myos-mielikuvat-siita\/\">Vanhuus monimuotoistuu, ja v\u00e4hitellen my\u00f6s mielikuvat siit\u00e4<\/a><\/h2><div class=\"vcex-blog-entry-date\">16.11.2021<\/div><div class=\"vcex-blog-entry-excerpt entry-excerpt entry clr\"><p>Vanhuus muuttuu ja monimuotoistuu. I\u00e4kk\u00e4\u00e4t ihmiset ovat nuortuneet ja varsinkin 75\u201380-vuotiaat ovat paremmassa kunnossa kuin&hellip;<\/p><\/div><div class=\"vcex-blog-entry-readmore-wrap entry-readmore-wrap clr\"><a href=\"https:\/\/www.gerec.fi\/en\/vanhuus-monimuotoistuu-ja-vahitellen-myos-mielikuvat-siita\/\" class=\"theme-button\">Read more..<\/a><\/div><\/div><\/div><\/div><div class=\"vcex-blog-entry entry-has-details span_1_of_3 col-2 col post-8324 entry type-post has-media cat-130\"><div class=\"vcex-blog-entry-inner entry-inner wpex-clr\"><div class=\"vcex-blog-entry-media entry-media\"><a href=\"https:\/\/www.gerec.fi\/en\/koronasulku-ei-pahasti-jarkyttanyt-ikaihmisten-arkea\/\" title=\"Koronasulku ei pahasti j\u00e4rkytt\u00e4nyt ik\u00e4ihmisten arkea\"><img loading=\"lazy\" decoding=\"async\" width=\"2560\" height=\"1940\" src=\"https:\/\/www.gerec.fi\/wp-content\/uploads\/2021\/11\/3-Kemijarvi-30.9.2020-scaled.jpg\" class=\"vcex-blog-entry-img\" alt=\"\" srcset=\"https:\/\/www.gerec.fi\/wp-content\/uploads\/2021\/11\/3-Kemijarvi-30.9.2020-scaled.jpg 2560w, https:\/\/www.gerec.fi\/wp-content\/uploads\/2021\/11\/3-Kemijarvi-30.9.2020-300x227.jpg 300w, https:\/\/www.gerec.fi\/wp-content\/uploads\/2021\/11\/3-Kemijarvi-30.9.2020-1024x776.jpg 1024w, https:\/\/www.gerec.fi\/wp-content\/uploads\/2021\/11\/3-Kemijarvi-30.9.2020-768x582.jpg 768w, https:\/\/www.gerec.fi\/wp-content\/uploads\/2021\/11\/3-Kemijarvi-30.9.2020-1536x1164.jpg 1536w, https:\/\/www.gerec.fi\/wp-content\/uploads\/2021\/11\/3-Kemijarvi-30.9.2020-2048x1552.jpg 2048w\" sizes=\"auto, (max-width: 2560px) 100vw, 2560px\" \/><\/a><\/div><div class=\"vcex-blog-entry-details entry-details wpex-clr\"><h2 class=\"vcex-blog-entry-title entry-title\"><a href=\"https:\/\/www.gerec.fi\/en\/koronasulku-ei-pahasti-jarkyttanyt-ikaihmisten-arkea\/\">Koronasulku ei pahasti j\u00e4rkytt\u00e4nyt ik\u00e4ihmisten arkea<\/a><\/h2><div class=\"vcex-blog-entry-date\">12.11.2021<\/div><div class=\"vcex-blog-entry-excerpt entry-excerpt entry clr\"><p>Yli 65-vuotiaat suhtautuivat koronapandemian vaatimiin muutoksiin arjessaan joustavasti ja sopeutuen. T\u00e4m\u00e4 ilmenee uudesta puhelinhaastatteluihin pohjautuvasta&hellip;<\/p><\/div><div class=\"vcex-blog-entry-readmore-wrap entry-readmore-wrap clr\"><a href=\"https:\/\/www.gerec.fi\/en\/koronasulku-ei-pahasti-jarkyttanyt-ikaihmisten-arkea\/\" class=\"theme-button\">Read more..<\/a><\/div><\/div><\/div><\/div><div class=\"vcex-blog-entry entry-has-details span_1_of_3 col-3 col post-8319 entry type-post has-media cat-131\"><div class=\"vcex-blog-entry-inner entry-inner wpex-clr\"><div class=\"vcex-blog-entry-media entry-media\"><a href=\"https:\/\/www.gerec.fi\/en\/seminaari-8-12-2021-kestava-ja-hyva-elama-vanhuudessa-mahdoton-yhtalo\/\" title=\"Seminaari 8.12.2021: Kest\u00e4v\u00e4 ja hyv\u00e4 el\u00e4m\u00e4 vanhuudessa: mahdoton yht\u00e4l\u00f6?\"><img loading=\"lazy\" decoding=\"async\" width=\"1117\" height=\"533\" src=\"https:\/\/www.gerec.fi\/wp-content\/uploads\/2021\/11\/Kestava-ja-hyva-elama-vanhuudessa-e1636630939357.jpg\" class=\"vcex-blog-entry-img\" alt=\"\" srcset=\"https:\/\/www.gerec.fi\/wp-content\/uploads\/2021\/11\/Kestava-ja-hyva-elama-vanhuudessa-e1636630939357.jpg 1117w, https:\/\/www.gerec.fi\/wp-content\/uploads\/2021\/11\/Kestava-ja-hyva-elama-vanhuudessa-e1636630939357-300x143.jpg 300w, https:\/\/www.gerec.fi\/wp-content\/uploads\/2021\/11\/Kestava-ja-hyva-elama-vanhuudessa-e1636630939357-1024x489.jpg 1024w, https:\/\/www.gerec.fi\/wp-content\/uploads\/2021\/11\/Kestava-ja-hyva-elama-vanhuudessa-e1636630939357-768x366.jpg 768w, https:\/\/www.gerec.fi\/wp-content\/uploads\/2021\/11\/Kestava-ja-hyva-elama-vanhuudessa-e1636630939357-980x468.jpg 980w\" sizes=\"auto, (max-width: 1117px) 100vw, 1117px\" \/><\/a><\/div><div class=\"vcex-blog-entry-details entry-details wpex-clr\"><h2 class=\"vcex-blog-entry-title entry-title\"><a href=\"https:\/\/www.gerec.fi\/en\/seminaari-8-12-2021-kestava-ja-hyva-elama-vanhuudessa-mahdoton-yhtalo\/\">Seminaari 8.12.2021: Kest\u00e4v\u00e4 ja hyv\u00e4 el\u00e4m\u00e4 vanhuudessa: mahdoton yht\u00e4l\u00f6?<\/a><\/h2><div class=\"vcex-blog-entry-date\">11.11.2021<\/div><div class=\"vcex-blog-entry-excerpt entry-excerpt entry clr\"><p>Tutkittua tietoa ja keskustelua kest\u00e4vyydest\u00e4, hyv\u00e4st\u00e4 vanhenemisesta sek\u00e4 n\u00e4iden yhdist\u00e4misest\u00e4 Kest\u00e4v\u00e4 kehitys ja erilaiset kest\u00e4vyysn\u00e4k\u00f6kulmat&hellip;<\/p><\/div><div class=\"vcex-blog-entry-readmore-wrap entry-readmore-wrap clr\"><a href=\"https:\/\/www.gerec.fi\/en\/seminaari-8-12-2021-kestava-ja-hyva-elama-vanhuudessa-mahdoton-yhtalo\/\" class=\"theme-button\">Read more..<\/a><\/div><\/div><\/div><\/div><div class=\"vcex-blog-entry entry-has-details span_1_of_3 col-1 col post-8310 entry type-post has-media cat-130 post_tag-450 post_tag-153\"><div class=\"vcex-blog-entry-inner entry-inner wpex-clr\"><div class=\"vcex-blog-entry-media entry-media\"><a href=\"https:\/\/www.gerec.fi\/en\/doctoral-dissertation-29-10-2021-associations-of-sleep-characteristics-and-fatigue-with-activity-patterns-and-unmet-physical-activity-need-in-old-age\/\" title=\"Doctoral dissertation 29.10.2021: Associations of sleep characteristics and fatigue with activity patterns and unmet physical activity need in old age\"><img loading=\"lazy\" decoding=\"async\" width=\"400\" height=\"266\" src=\"https:\/\/www.gerec.fi\/wp-content\/uploads\/2021\/11\/a29e3e74-fcf4-4bca-478e-e38ba61330d5.jpeg\" class=\"vcex-blog-entry-img\" alt=\"\" srcset=\"https:\/\/www.gerec.fi\/wp-content\/uploads\/2021\/11\/a29e3e74-fcf4-4bca-478e-e38ba61330d5.jpeg 400w, https:\/\/www.gerec.fi\/wp-content\/uploads\/2021\/11\/a29e3e74-fcf4-4bca-478e-e38ba61330d5-300x200.jpeg 300w\" sizes=\"auto, (max-width: 400px) 100vw, 400px\" \/><\/a><\/div><div class=\"vcex-blog-entry-details entry-details wpex-clr\"><h2 class=\"vcex-blog-entry-title entry-title\"><a href=\"https:\/\/www.gerec.fi\/en\/doctoral-dissertation-29-10-2021-associations-of-sleep-characteristics-and-fatigue-with-activity-patterns-and-unmet-physical-activity-need-in-old-age\/\">Doctoral dissertation 29.10.2021: Associations of sleep characteristics and fatigue with activity patterns and unmet physical activity need in old age<\/a><\/h2><div class=\"vcex-blog-entry-date\">1.11.2021<\/div><div class=\"vcex-blog-entry-excerpt entry-excerpt entry clr\"><p>M.Sc. Lotta Palmberg defended her doctoral dissertation in Gerontology and Public Health \u201cAssociations of sleep&hellip;<\/p><\/div><div class=\"vcex-blog-entry-readmore-wrap entry-readmore-wrap clr\"><a href=\"https:\/\/www.gerec.fi\/en\/doctoral-dissertation-29-10-2021-associations-of-sleep-characteristics-and-fatigue-with-activity-patterns-and-unmet-physical-activity-need-in-old-age\/\" class=\"theme-button\">Read more..<\/a><\/div><\/div><\/div><\/div><div class=\"vcex-blog-entry entry-has-details span_1_of_3 col-2 col post-8296 entry type-post has-media cat-131 post_tag-153\"><div class=\"vcex-blog-entry-inner entry-inner wpex-clr\"><div class=\"vcex-blog-entry-media entry-media\"><a href=\"https:\/\/www.gerec.fi\/en\/doctoral-dissertation-22-10-2021-resilience-in-old-age-physical-performance-and-psychosocial-factors-in-changing-sociohistorical-contexts-and-as-resources-in-adversities\/\" title=\"Doctoral dissertation 22.10.2021: Resilience in old age: physical performance and psychosocial factors in changing sociohistorical contexts and as resources in adversities\"><img loading=\"lazy\" decoding=\"async\" width=\"400\" height=\"266\" src=\"https:\/\/www.gerec.fi\/wp-content\/uploads\/2021\/10\/a5e8abec-8051-f118-ef7a-0127f3d9e663.jpeg\" class=\"vcex-blog-entry-img\" alt=\"\" srcset=\"https:\/\/www.gerec.fi\/wp-content\/uploads\/2021\/10\/a5e8abec-8051-f118-ef7a-0127f3d9e663.jpeg 400w, https:\/\/www.gerec.fi\/wp-content\/uploads\/2021\/10\/a5e8abec-8051-f118-ef7a-0127f3d9e663-300x200.jpeg 300w\" sizes=\"auto, (max-width: 400px) 100vw, 400px\" \/><\/a><\/div><div class=\"vcex-blog-entry-details entry-details wpex-clr\"><h2 class=\"vcex-blog-entry-title entry-title\"><a href=\"https:\/\/www.gerec.fi\/en\/doctoral-dissertation-22-10-2021-resilience-in-old-age-physical-performance-and-psychosocial-factors-in-changing-sociohistorical-contexts-and-as-resources-in-adversities\/\">Doctoral dissertation 22.10.2021: Resilience in old age: physical performance and psychosocial factors in changing sociohistorical contexts and as resources in adversities<\/a><\/h2><div class=\"vcex-blog-entry-date\">21.10.2021<\/div><div class=\"vcex-blog-entry-excerpt entry-excerpt entry clr\"><p>M.Sc. Kaisa Koivunen defends her doctoral dissertation in Gerontology and Public Health \u201cResilience in old&hellip;<\/p><\/div><div class=\"vcex-blog-entry-readmore-wrap entry-readmore-wrap clr\"><a href=\"https:\/\/www.gerec.fi\/en\/doctoral-dissertation-22-10-2021-resilience-in-old-age-physical-performance-and-psychosocial-factors-in-changing-sociohistorical-contexts-and-as-resources-in-adversities\/\" class=\"theme-button\">Read more..<\/a><\/div><\/div><\/div><\/div><div class=\"vcex-blog-entry entry-has-details span_1_of_3 col-3 col post-8292 entry type-post has-media cat-131\"><div class=\"vcex-blog-entry-inner entry-inner wpex-clr\"><div class=\"vcex-blog-entry-media entry-media\"><a href=\"https:\/\/www.gerec.fi\/en\/tervetuloa-kuuntelemaan-keskustelua-myohaiskeski-iasta-ja-pitkaikaisyyden-vallankumouksesta\/\" title=\"Tervetuloa kuuntelemaan keskustelua my\u00f6h\u00e4iskeski-i\u00e4st\u00e4 ja pitk\u00e4ik\u00e4isyyden vallankumouksesta!\"><img loading=\"lazy\" decoding=\"async\" width=\"1640\" height=\"924\" src=\"https:\/\/www.gerec.fi\/wp-content\/uploads\/2021\/10\/Tervetuloa-kuuntelemaan-keskustelua-myohaiskeski-iasta-ja-pitkaikaisyyden-vallankumouksesta.png\" class=\"vcex-blog-entry-img\" alt=\"\" srcset=\"https:\/\/www.gerec.fi\/wp-content\/uploads\/2021\/10\/Tervetuloa-kuuntelemaan-keskustelua-myohaiskeski-iasta-ja-pitkaikaisyyden-vallankumouksesta.png 1640w, https:\/\/www.gerec.fi\/wp-content\/uploads\/2021\/10\/Tervetuloa-kuuntelemaan-keskustelua-myohaiskeski-iasta-ja-pitkaikaisyyden-vallankumouksesta-300x169.png 300w, https:\/\/www.gerec.fi\/wp-content\/uploads\/2021\/10\/Tervetuloa-kuuntelemaan-keskustelua-myohaiskeski-iasta-ja-pitkaikaisyyden-vallankumouksesta-1024x577.png 1024w, https:\/\/www.gerec.fi\/wp-content\/uploads\/2021\/10\/Tervetuloa-kuuntelemaan-keskustelua-myohaiskeski-iasta-ja-pitkaikaisyyden-vallankumouksesta-768x433.png 768w, https:\/\/www.gerec.fi\/wp-content\/uploads\/2021\/10\/Tervetuloa-kuuntelemaan-keskustelua-myohaiskeski-iasta-ja-pitkaikaisyyden-vallankumouksesta-1536x865.png 1536w\" sizes=\"auto, (max-width: 1640px) 100vw, 1640px\" \/><\/a><\/div><div class=\"vcex-blog-entry-details entry-details wpex-clr\"><h2 class=\"vcex-blog-entry-title entry-title\"><a href=\"https:\/\/www.gerec.fi\/en\/tervetuloa-kuuntelemaan-keskustelua-myohaiskeski-iasta-ja-pitkaikaisyyden-vallankumouksesta\/\">Tervetuloa kuuntelemaan keskustelua my\u00f6h\u00e4iskeski-i\u00e4st\u00e4 ja pitk\u00e4ik\u00e4isyyden vallankumouksesta!<\/a><\/h2><div class=\"vcex-blog-entry-date\">21.10.2021<\/div><div class=\"vcex-blog-entry-excerpt entry-excerpt entry clr\"><p>Tervetuloa kuuntelemaan keskustelua my\u00f6h\u00e4iskeski-i\u00e4st\u00e4 ja pitk\u00e4ik\u00e4isyyden vallankumouksesta! Kirjan \u2019Vanhuustutkijan koronavuosi \u2014 My\u00f6h\u00e4iskeski-ik\u00e4 ja pitk\u00e4ik\u00e4isyyden vallankumous\u2019&hellip;<\/p><\/div><div class=\"vcex-blog-entry-readmore-wrap entry-readmore-wrap clr\"><a href=\"https:\/\/www.gerec.fi\/en\/tervetuloa-kuuntelemaan-keskustelua-myohaiskeski-iasta-ja-pitkaikaisyyden-vallankumouksesta\/\" class=\"theme-button\">Read more..<\/a><\/div><\/div><\/div><\/div><div class=\"vcex-blog-entry entry-has-details span_1_of_3 col-1 col post-8287 entry type-post has-media cat-130\"><div class=\"vcex-blog-entry-inner entry-inner wpex-clr\"><div class=\"vcex-blog-entry-media entry-media\"><a href=\"https:\/\/www.gerec.fi\/en\/elinikaan-ja-vanhenemismuutoksiin-on-mahdollista-vaikuttaa-kertoo-hyvia-uutisia-vanhenemisesta-podcastsarjan-3-jakso\/\" title=\"Elinik\u00e4\u00e4n ja vanhenemismuutoksiin on mahdollista vaikuttaa, kertoo Hyvi\u00e4 uutisia vanhenemisesta -podcastsarjan 3. jakso\"><img loading=\"lazy\" decoding=\"async\" width=\"1640\" height=\"924\" src=\"https:\/\/www.gerec.fi\/wp-content\/uploads\/2021\/10\/TTT-podcast_jakso3.png\" class=\"vcex-blog-entry-img\" alt=\"\" srcset=\"https:\/\/www.gerec.fi\/wp-content\/uploads\/2021\/10\/TTT-podcast_jakso3.png 1640w, https:\/\/www.gerec.fi\/wp-content\/uploads\/2021\/10\/TTT-podcast_jakso3-300x169.png 300w, https:\/\/www.gerec.fi\/wp-content\/uploads\/2021\/10\/TTT-podcast_jakso3-1024x577.png 1024w, https:\/\/www.gerec.fi\/wp-content\/uploads\/2021\/10\/TTT-podcast_jakso3-768x433.png 768w, https:\/\/www.gerec.fi\/wp-content\/uploads\/2021\/10\/TTT-podcast_jakso3-1536x865.png 1536w\" sizes=\"auto, (max-width: 1640px) 100vw, 1640px\" \/><\/a><\/div><div class=\"vcex-blog-entry-details entry-details wpex-clr\"><h2 class=\"vcex-blog-entry-title entry-title\"><a href=\"https:\/\/www.gerec.fi\/en\/elinikaan-ja-vanhenemismuutoksiin-on-mahdollista-vaikuttaa-kertoo-hyvia-uutisia-vanhenemisesta-podcastsarjan-3-jakso\/\">Elinik\u00e4\u00e4n ja vanhenemismuutoksiin on mahdollista vaikuttaa, kertoo Hyvi\u00e4 uutisia vanhenemisesta -podcastsarjan 3. jakso<\/a><\/h2><div class=\"vcex-blog-entry-date\">20.10.2021<\/div><div class=\"vcex-blog-entry-excerpt entry-excerpt entry clr\"><p>Voiko ik\u00e4\u00e4ntymisen biologisiin muutoksiin vaikuttaa? Uusimmassa Hyvi\u00e4 uutisia vanhenemisesta -podcastin jaksossa otetaan siit\u00e4 selv\u00e4\u00e4, kun&hellip;<\/p><\/div><div class=\"vcex-blog-entry-readmore-wrap entry-readmore-wrap clr\"><a href=\"https:\/\/www.gerec.fi\/en\/elinikaan-ja-vanhenemismuutoksiin-on-mahdollista-vaikuttaa-kertoo-hyvia-uutisia-vanhenemisesta-podcastsarjan-3-jakso\/\" class=\"theme-button\">Read more..<\/a><\/div><\/div><\/div><\/div><div class=\"vcex-blog-entry entry-has-details span_1_of_3 col-2 col post-8281 entry type-post no-media cat-130\"><div class=\"vcex-blog-entry-inner entry-inner wpex-clr\"><div class=\"vcex-blog-entry-details entry-details wpex-clr\"><h2 class=\"vcex-blog-entry-title entry-title\"><a href=\"https:\/\/www.gerec.fi\/en\/the-leonard-e-gibbs-award-palkinto-anu-sirenille-ja-kanssakirjoittajille\/\">The Leonard E. Gibbs Award -palkinto Anu Sirenille ja kanssakirjoittajille<\/a><\/h2><div class=\"vcex-blog-entry-date\">14.10.2021<\/div><div class=\"vcex-blog-entry-excerpt entry-excerpt entry clr\"><p>Professori Anu Sirenille ja kanssakirjoittajille on my\u00f6nnetty The Leonard E. Gibbs Award artikkelista: Voluntary work&hellip;<\/p><\/div><div class=\"vcex-blog-entry-readmore-wrap entry-readmore-wrap clr\"><a href=\"https:\/\/www.gerec.fi\/en\/the-leonard-e-gibbs-award-palkinto-anu-sirenille-ja-kanssakirjoittajille\/\" class=\"theme-button\">Read more..<\/a><\/div><\/div><\/div><\/div><div class=\"vcex-blog-entry entry-has-details span_1_of_3 col-3 col post-8278 entry type-post has-media cat-130\"><div class=\"vcex-blog-entry-inner entry-inner wpex-clr\"><div class=\"vcex-blog-entry-media entry-media\"><a href=\"https:\/\/www.gerec.fi\/en\/aging-finns-enjoy-high-level-of-well-being-but-also-have-concerns\/\" title=\"Aging Finns enjoy high level of well-being but also have concerns\"><img loading=\"lazy\" decoding=\"async\" width=\"2560\" height=\"1703\" src=\"https:\/\/www.gerec.fi\/wp-content\/uploads\/2021\/10\/RS8358-scaled.jpg\" class=\"vcex-blog-entry-img\" alt=\"\" srcset=\"https:\/\/www.gerec.fi\/wp-content\/uploads\/2021\/10\/RS8358-scaled.jpg 2560w, https:\/\/www.gerec.fi\/wp-content\/uploads\/2021\/10\/RS8358-300x200.jpg 300w, https:\/\/www.gerec.fi\/wp-content\/uploads\/2021\/10\/RS8358-1024x681.jpg 1024w, https:\/\/www.gerec.fi\/wp-content\/uploads\/2021\/10\/RS8358-768x511.jpg 768w, https:\/\/www.gerec.fi\/wp-content\/uploads\/2021\/10\/RS8358-1536x1022.jpg 1536w, https:\/\/www.gerec.fi\/wp-content\/uploads\/2021\/10\/RS8358-2048x1363.jpg 2048w\" sizes=\"auto, (max-width: 2560px) 100vw, 2560px\" \/><\/a><\/div><div class=\"vcex-blog-entry-details entry-details wpex-clr\"><h2 class=\"vcex-blog-entry-title entry-title\"><a href=\"https:\/\/www.gerec.fi\/en\/aging-finns-enjoy-high-level-of-well-being-but-also-have-concerns\/\">Aging Finns enjoy high level of well-being but also have concerns<\/a><\/h2><div class=\"vcex-blog-entry-date\">7.10.2021<\/div><div class=\"vcex-blog-entry-excerpt entry-excerpt entry clr\"><p>Finns aged 65\u201384 generally enjoy a high level of well-being, according to preliminary results from&hellip;<\/p><\/div><div class=\"vcex-blog-entry-readmore-wrap entry-readmore-wrap clr\"><a href=\"https:\/\/www.gerec.fi\/en\/aging-finns-enjoy-high-level-of-well-being-but-also-have-concerns\/\" class=\"theme-button\">Read more..<\/a><\/div><\/div><\/div><\/div><div class=\"vcex-blog-entry entry-has-details span_1_of_3 col-1 col post-8271 entry type-post no-media cat-130\"><div class=\"vcex-blog-entry-inner entry-inner wpex-clr\"><div class=\"vcex-blog-entry-details entry-details wpex-clr\"><h2 class=\"vcex-blog-entry-title entry-title\"><a href=\"https:\/\/www.gerec.fi\/en\/marja-jylha-vanhuustutkijan-koronavuosi-myohaiskeski-ika-ja-pitkaikaisyyden-vallankumous\/\">Marja Jylh\u00e4: Vanhuustutkijan koronavuosi &#8211; My\u00f6h\u00e4iskeski-ik\u00e4 ja pitk\u00e4ik\u00e4isyyden vallankumous<\/a><\/h2><div class=\"vcex-blog-entry-date\">6.10.2021<\/div><div class=\"vcex-blog-entry-excerpt entry-excerpt entry clr\"><p>Lukusuositus syksyn pimeneviin iltoihin! Marja Jylh\u00e4n kirja Vanhuustutkijan koronavuosi \u2014 My\u00f6h\u00e4iskeski-ik\u00e4 ja pitk\u00e4ik\u00e4isyyden vallankumous ilmestyy&hellip;<\/p><\/div><div class=\"vcex-blog-entry-readmore-wrap entry-readmore-wrap clr\"><a href=\"https:\/\/www.gerec.fi\/en\/marja-jylha-vanhuustutkijan-koronavuosi-myohaiskeski-ika-ja-pitkaikaisyyden-vallankumous\/\" class=\"theme-button\">Read more..<\/a><\/div><\/div><\/div><\/div><div class=\"vcex-blog-entry entry-has-details span_1_of_3 col-2 col post-8267 entry type-post has-media cat-131\"><div class=\"vcex-blog-entry-inner entry-inner wpex-clr\"><div class=\"vcex-blog-entry-media entry-media\"><a href=\"https:\/\/www.gerec.fi\/en\/kysy-vanhenemisesta-tutkijat-vastaavat\/\" title=\"Kysy vanhenemisesta &#8211; Tutkijat vastaavat!\"><img loading=\"lazy\" decoding=\"async\" width=\"1640\" height=\"924\" src=\"https:\/\/www.gerec.fi\/wp-content\/uploads\/2021\/10\/Kysy_vanhenemisesta_GEREC.png\" class=\"vcex-blog-entry-img\" alt=\"\" srcset=\"https:\/\/www.gerec.fi\/wp-content\/uploads\/2021\/10\/Kysy_vanhenemisesta_GEREC.png 1640w, https:\/\/www.gerec.fi\/wp-content\/uploads\/2021\/10\/Kysy_vanhenemisesta_GEREC-300x169.png 300w, https:\/\/www.gerec.fi\/wp-content\/uploads\/2021\/10\/Kysy_vanhenemisesta_GEREC-1024x577.png 1024w, https:\/\/www.gerec.fi\/wp-content\/uploads\/2021\/10\/Kysy_vanhenemisesta_GEREC-768x433.png 768w, https:\/\/www.gerec.fi\/wp-content\/uploads\/2021\/10\/Kysy_vanhenemisesta_GEREC-1536x865.png 1536w\" sizes=\"auto, (max-width: 1640px) 100vw, 1640px\" \/><\/a><\/div><div class=\"vcex-blog-entry-details entry-details wpex-clr\"><h2 class=\"vcex-blog-entry-title entry-title\"><a href=\"https:\/\/www.gerec.fi\/en\/kysy-vanhenemisesta-tutkijat-vastaavat\/\">Kysy vanhenemisesta &#8211; Tutkijat vastaavat!<\/a><\/h2><div class=\"vcex-blog-entry-date\">1.10.2021<\/div><div class=\"vcex-blog-entry-excerpt entry-excerpt entry clr\"><p>Mit\u00e4 olet aina halunnut tiet\u00e4\u00e4 vanhenemisesta? Nyt on mahdollisuus kysy\u00e4 ik\u00e4\u00e4ntymisen tutkijoilta! Kiinnosti sinua sitten&hellip;<\/p><\/div><div class=\"vcex-blog-entry-readmore-wrap entry-readmore-wrap clr\"><a href=\"https:\/\/www.gerec.fi\/en\/kysy-vanhenemisesta-tutkijat-vastaavat\/\" class=\"theme-button\">Read more..<\/a><\/div><\/div><\/div><\/div><div class=\"vcex-blog-entry entry-has-details span_1_of_3 col-3 col post-8264 entry type-post has-media cat-130\"><div class=\"vcex-blog-entry-inner entry-inner wpex-clr\"><div class=\"vcex-blog-entry-media entry-media\"><a href=\"https:\/\/www.gerec.fi\/en\/iakkaat-selviytyivat-korona-arjessa-enimmakseen-hyvin\/\" title=\"I\u00e4kk\u00e4\u00e4t selviytyiv\u00e4t korona-arjessa enimm\u00e4kseen hyvin\"><img loading=\"lazy\" decoding=\"async\" width=\"1640\" height=\"924\" src=\"https:\/\/www.gerec.fi\/wp-content\/uploads\/2021\/09\/Hyvia_uutisia_vanhenemisesta_jakso2.png\" class=\"vcex-blog-entry-img\" alt=\"\" srcset=\"https:\/\/www.gerec.fi\/wp-content\/uploads\/2021\/09\/Hyvia_uutisia_vanhenemisesta_jakso2.png 1640w, https:\/\/www.gerec.fi\/wp-content\/uploads\/2021\/09\/Hyvia_uutisia_vanhenemisesta_jakso2-300x169.png 300w, https:\/\/www.gerec.fi\/wp-content\/uploads\/2021\/09\/Hyvia_uutisia_vanhenemisesta_jakso2-1024x577.png 1024w, https:\/\/www.gerec.fi\/wp-content\/uploads\/2021\/09\/Hyvia_uutisia_vanhenemisesta_jakso2-768x433.png 768w, https:\/\/www.gerec.fi\/wp-content\/uploads\/2021\/09\/Hyvia_uutisia_vanhenemisesta_jakso2-1536x865.png 1536w\" sizes=\"auto, (max-width: 1640px) 100vw, 1640px\" \/><\/a><\/div><div class=\"vcex-blog-entry-details entry-details wpex-clr\"><h2 class=\"vcex-blog-entry-title entry-title\"><a href=\"https:\/\/www.gerec.fi\/en\/iakkaat-selviytyivat-korona-arjessa-enimmakseen-hyvin\/\">I\u00e4kk\u00e4\u00e4t selviytyiv\u00e4t korona-arjessa enimm\u00e4kseen hyvin<\/a><\/h2><div class=\"vcex-blog-entry-date\">27.9.2021<\/div><div class=\"vcex-blog-entry-excerpt entry-excerpt entry clr\"><p>Hyvi\u00e4 uutisia vanhenemisesta -podcastsarjan 2. jakso on julkaistu! T\u00e4ss\u00e4 jaksossa tutkijatohtori P\u00e4ivi Ahosola Tampereen yliopistosta&hellip;<\/p><\/div><div class=\"vcex-blog-entry-readmore-wrap entry-readmore-wrap clr\"><a href=\"https:\/\/www.gerec.fi\/en\/iakkaat-selviytyivat-korona-arjessa-enimmakseen-hyvin\/\" class=\"theme-button\">Read more..<\/a><\/div><\/div><\/div><\/div><div class=\"vcex-blog-entry entry-has-details span_1_of_3 col-1 col post-8254 entry type-post has-media cat-131 post_tag-217 post_tag-449\"><div class=\"vcex-blog-entry-inner entry-inner wpex-clr\"><div class=\"vcex-blog-entry-media entry-media\"><a href=\"https:\/\/www.gerec.fi\/en\/tutkijoiden-yo-2021-jarjestetaan-verkossa-ja-livena-tervetuloa-kuulemaan-hyvia-uutisia-vanhenemisesta\/\" title=\"Tutkijoiden y\u00f6 2021 j\u00e4rjestet\u00e4\u00e4n verkossa ja liven\u00e4 \u2013 tervetuloa kuulemaan hyvi\u00e4 uutisia vanhenemisesta!\"><img loading=\"lazy\" decoding=\"async\" width=\"1640\" height=\"924\" src=\"https:\/\/www.gerec.fi\/wp-content\/uploads\/2021\/08\/Kopio-Unnamed-Design.png\" class=\"vcex-blog-entry-img\" alt=\"\" srcset=\"https:\/\/www.gerec.fi\/wp-content\/uploads\/2021\/08\/Kopio-Unnamed-Design.png 1640w, https:\/\/www.gerec.fi\/wp-content\/uploads\/2021\/08\/Kopio-Unnamed-Design-300x169.png 300w, https:\/\/www.gerec.fi\/wp-content\/uploads\/2021\/08\/Kopio-Unnamed-Design-1024x577.png 1024w, https:\/\/www.gerec.fi\/wp-content\/uploads\/2021\/08\/Kopio-Unnamed-Design-768x433.png 768w, https:\/\/www.gerec.fi\/wp-content\/uploads\/2021\/08\/Kopio-Unnamed-Design-1536x865.png 1536w\" sizes=\"auto, (max-width: 1640px) 100vw, 1640px\" \/><\/a><\/div><div class=\"vcex-blog-entry-details entry-details wpex-clr\"><h2 class=\"vcex-blog-entry-title entry-title\"><a href=\"https:\/\/www.gerec.fi\/en\/tutkijoiden-yo-2021-jarjestetaan-verkossa-ja-livena-tervetuloa-kuulemaan-hyvia-uutisia-vanhenemisesta\/\">Tutkijoiden y\u00f6 2021 j\u00e4rjestet\u00e4\u00e4n verkossa ja liven\u00e4 \u2013 tervetuloa kuulemaan hyvi\u00e4 uutisia vanhenemisesta!<\/a><\/h2><div class=\"vcex-blog-entry-date\">17.9.2021<\/div><div class=\"vcex-blog-entry-excerpt entry-excerpt entry clr\"><p>Tutkijoiden y\u00f6 j\u00e4rjestet\u00e4\u00e4n syyskuun viimeisen\u00e4 perjantaina 24.9.2021 \u2013 t\u00e4n\u00e4 vuonna Jyv\u00e4skyl\u00e4n yliopistossa verkkotapahtumana ja osin&hellip;<\/p><\/div><div class=\"vcex-blog-entry-readmore-wrap entry-readmore-wrap clr\"><a href=\"https:\/\/www.gerec.fi\/en\/tutkijoiden-yo-2021-jarjestetaan-verkossa-ja-livena-tervetuloa-kuulemaan-hyvia-uutisia-vanhenemisesta\/\" class=\"theme-button\">Read more..<\/a><\/div><\/div><\/div><\/div><div class=\"vcex-blog-entry entry-has-details span_1_of_3 col-2 col post-8250 entry type-post has-media cat-130\"><div class=\"vcex-blog-entry-inner entry-inner wpex-clr\"><div class=\"vcex-blog-entry-media entry-media\"><a href=\"https:\/\/www.gerec.fi\/en\/kirjoituskutsu-kokemuksia-korona-ajasta\/\" title=\"Kirjoituskutsu: Kokemuksia korona-ajasta\"><img loading=\"lazy\" decoding=\"async\" width=\"1640\" height=\"924\" src=\"https:\/\/www.gerec.fi\/wp-content\/uploads\/2021\/09\/Kirjoituskutsu.png\" class=\"vcex-blog-entry-img\" alt=\"\" srcset=\"https:\/\/www.gerec.fi\/wp-content\/uploads\/2021\/09\/Kirjoituskutsu.png 1640w, https:\/\/www.gerec.fi\/wp-content\/uploads\/2021\/09\/Kirjoituskutsu-300x169.png 300w, https:\/\/www.gerec.fi\/wp-content\/uploads\/2021\/09\/Kirjoituskutsu-1024x577.png 1024w, https:\/\/www.gerec.fi\/wp-content\/uploads\/2021\/09\/Kirjoituskutsu-768x433.png 768w, https:\/\/www.gerec.fi\/wp-content\/uploads\/2021\/09\/Kirjoituskutsu-1536x865.png 1536w\" sizes=\"auto, (max-width: 1640px) 100vw, 1640px\" \/><\/a><\/div><div class=\"vcex-blog-entry-details entry-details wpex-clr\"><h2 class=\"vcex-blog-entry-title entry-title\"><a href=\"https:\/\/www.gerec.fi\/en\/kirjoituskutsu-kokemuksia-korona-ajasta\/\">Kirjoituskutsu: Kokemuksia korona-ajasta<\/a><\/h2><div class=\"vcex-blog-entry-date\">16.9.2021<\/div><div class=\"vcex-blog-entry-excerpt entry-excerpt entry clr\"><p>GERECin ja CoEAgeCaren tutkija Paula Vasara ker\u00e4\u00e4 eri ik\u00e4isten kertomuksia korona-ajasta. Milt\u00e4 sinusta on tuntunut&hellip;<\/p><\/div><div class=\"vcex-blog-entry-readmore-wrap entry-readmore-wrap clr\"><a href=\"https:\/\/www.gerec.fi\/en\/kirjoituskutsu-kokemuksia-korona-ajasta\/\" class=\"theme-button\">Read more..<\/a><\/div><\/div><\/div><\/div><div class=\"vcex-blog-entry entry-has-details span_1_of_3 col-3 col post-8247 entry type-post has-media cat-130\"><div class=\"vcex-blog-entry-inner entry-inner wpex-clr\"><div class=\"vcex-blog-entry-media entry-media\"><a href=\"https:\/\/www.gerec.fi\/en\/sosiaaliset-suhteet-arkiaskareet-ja-mielekkaat-harrastukset-tukevat-iakkaita-korona-aikana\/\" title=\"Sosiaaliset suhteet, arkiaskareet ja mielekk\u00e4\u00e4t harrastukset tukevat i\u00e4kk\u00e4it\u00e4 korona-aikana\"><img loading=\"lazy\" decoding=\"async\" width=\"1640\" height=\"924\" src=\"https:\/\/www.gerec.fi\/wp-content\/uploads\/2021\/09\/Hyvia_uutisia_vanhenemisesta_korona.png\" class=\"vcex-blog-entry-img\" alt=\"\" srcset=\"https:\/\/www.gerec.fi\/wp-content\/uploads\/2021\/09\/Hyvia_uutisia_vanhenemisesta_korona.png 1640w, https:\/\/www.gerec.fi\/wp-content\/uploads\/2021\/09\/Hyvia_uutisia_vanhenemisesta_korona-300x169.png 300w, https:\/\/www.gerec.fi\/wp-content\/uploads\/2021\/09\/Hyvia_uutisia_vanhenemisesta_korona-1024x577.png 1024w, https:\/\/www.gerec.fi\/wp-content\/uploads\/2021\/09\/Hyvia_uutisia_vanhenemisesta_korona-768x433.png 768w, https:\/\/www.gerec.fi\/wp-content\/uploads\/2021\/09\/Hyvia_uutisia_vanhenemisesta_korona-1536x865.png 1536w\" sizes=\"auto, (max-width: 1640px) 100vw, 1640px\" \/><\/a><\/div><div class=\"vcex-blog-entry-details entry-details wpex-clr\"><h2 class=\"vcex-blog-entry-title entry-title\"><a href=\"https:\/\/www.gerec.fi\/en\/sosiaaliset-suhteet-arkiaskareet-ja-mielekkaat-harrastukset-tukevat-iakkaita-korona-aikana\/\">Sosiaaliset suhteet, arkiaskareet ja mielekk\u00e4\u00e4t harrastukset tukevat i\u00e4kk\u00e4it\u00e4 korona-aikana<\/a><\/h2><div class=\"vcex-blog-entry-date\">16.9.2021<\/div><div class=\"vcex-blog-entry-excerpt entry-excerpt entry clr\"><p>T\u00e4m\u00e4 tiedeuutinen on julkaistu osana Tutkitun tiedon teemavuotta. GEREC osallistuu teemavuoteen jakamalla Hyvi\u00e4 uutisia vanhenemisesta&hellip;<\/p><\/div><div class=\"vcex-blog-entry-readmore-wrap entry-readmore-wrap clr\"><a href=\"https:\/\/www.gerec.fi\/en\/sosiaaliset-suhteet-arkiaskareet-ja-mielekkaat-harrastukset-tukevat-iakkaita-korona-aikana\/\" class=\"theme-button\">Read more..<\/a><\/div><\/div><\/div><\/div><div class=\"vcex-blog-entry entry-has-details span_1_of_3 col-1 col post-8237 entry type-post has-media cat-130 post_tag-419 post_tag-446 post_tag-447 post_tag-379 post_tag-445 post_tag-263 post_tag-448\"><div class=\"vcex-blog-entry-inner entry-inner wpex-clr\"><div class=\"vcex-blog-entry-media entry-media\"><a href=\"https:\/\/www.gerec.fi\/en\/tutkimus-osoittaa-ikaantyneiden-toimintakyky-paranee-saannollisella-liikunnalla\/\" title=\"Tutkimus osoittaa: ik\u00e4\u00e4ntyneiden toimintakyky paranee s\u00e4\u00e4nn\u00f6llisell\u00e4 liikunnalla\"><img loading=\"lazy\" decoding=\"async\" width=\"400\" height=\"266\" src=\"https:\/\/www.gerec.fi\/wp-content\/uploads\/2021\/09\/de111c0e-d794-3441-cae5-1dfef548ab64.jpeg\" class=\"vcex-blog-entry-img\" alt=\"\" srcset=\"https:\/\/www.gerec.fi\/wp-content\/uploads\/2021\/09\/de111c0e-d794-3441-cae5-1dfef548ab64.jpeg 400w, https:\/\/www.gerec.fi\/wp-content\/uploads\/2021\/09\/de111c0e-d794-3441-cae5-1dfef548ab64-300x200.jpeg 300w\" sizes=\"auto, (max-width: 400px) 100vw, 400px\" \/><\/a><\/div><div class=\"vcex-blog-entry-details entry-details wpex-clr\"><h2 class=\"vcex-blog-entry-title entry-title\"><a href=\"https:\/\/www.gerec.fi\/en\/tutkimus-osoittaa-ikaantyneiden-toimintakyky-paranee-saannollisella-liikunnalla\/\">Tutkimus osoittaa: ik\u00e4\u00e4ntyneiden toimintakyky paranee s\u00e4\u00e4nn\u00f6llisell\u00e4 liikunnalla<\/a><\/h2><div class=\"vcex-blog-entry-date\">7.9.2021<\/div><div class=\"vcex-blog-entry-excerpt entry-excerpt entry clr\"><p>Ohjatulla kotiharjoittelulla voidaan parantaa huonokuntoisten ik\u00e4\u00e4ntyneiden fyysist\u00e4 toimintakyky\u00e4, selvisi Etel\u00e4-Karjalan sosiaali- ja terveyspiiriss\u00e4 toteutetussa tutkimuksessa.&hellip;<\/p><\/div><div class=\"vcex-blog-entry-readmore-wrap entry-readmore-wrap clr\"><a href=\"https:\/\/www.gerec.fi\/en\/tutkimus-osoittaa-ikaantyneiden-toimintakyky-paranee-saannollisella-liikunnalla\/\" class=\"theme-button\">Read more..<\/a><\/div><\/div><\/div><\/div><div class=\"vcex-blog-entry entry-has-details span_1_of_3 col-2 col post-8232 entry type-post has-media cat-130\"><div class=\"vcex-blog-entry-inner entry-inner wpex-clr\"><div class=\"vcex-blog-entry-media entry-media\"><a href=\"https:\/\/www.gerec.fi\/en\/ikaantyneille-suunnatuissa-elintapainterventioissa-on-huomioitava-moniammatillinen-yhteistyo-tyon-koordinointi-ja-ammattilaisten-riittava-osaaminen\/\" title=\"Ik\u00e4\u00e4ntyneille suunnatuissa elintapainterventioissa on huomioitava moniammatillinen yhteisty\u00f6, ty\u00f6n koordinointi ja ammattilaisten riitt\u00e4v\u00e4 osaaminen\"><img loading=\"lazy\" decoding=\"async\" width=\"2560\" height=\"1703\" src=\"https:\/\/www.gerec.fi\/wp-content\/uploads\/2021\/09\/RS9214-scaled.jpg\" class=\"vcex-blog-entry-img\" alt=\"\" srcset=\"https:\/\/www.gerec.fi\/wp-content\/uploads\/2021\/09\/RS9214-scaled.jpg 2560w, https:\/\/www.gerec.fi\/wp-content\/uploads\/2021\/09\/RS9214-300x200.jpg 300w, https:\/\/www.gerec.fi\/wp-content\/uploads\/2021\/09\/RS9214-1024x681.jpg 1024w, https:\/\/www.gerec.fi\/wp-content\/uploads\/2021\/09\/RS9214-768x511.jpg 768w, https:\/\/www.gerec.fi\/wp-content\/uploads\/2021\/09\/RS9214-1536x1022.jpg 1536w, https:\/\/www.gerec.fi\/wp-content\/uploads\/2021\/09\/RS9214-2048x1363.jpg 2048w\" sizes=\"auto, (max-width: 2560px) 100vw, 2560px\" \/><\/a><\/div><div class=\"vcex-blog-entry-details entry-details wpex-clr\"><h2 class=\"vcex-blog-entry-title entry-title\"><a href=\"https:\/\/www.gerec.fi\/en\/ikaantyneille-suunnatuissa-elintapainterventioissa-on-huomioitava-moniammatillinen-yhteistyo-tyon-koordinointi-ja-ammattilaisten-riittava-osaaminen\/\">Ik\u00e4\u00e4ntyneille suunnatuissa elintapainterventioissa on huomioitava moniammatillinen yhteisty\u00f6, ty\u00f6n koordinointi ja ammattilaisten riitt\u00e4v\u00e4 osaaminen<\/a><\/h2><div class=\"vcex-blog-entry-date\">2.9.2021<\/div><div class=\"vcex-blog-entry-excerpt entry-excerpt entry clr\"><p>Ik\u00e4\u00e4ntyneille suunnatun elintapaintervention jalkautumista terveydenhuollon rakenteisiin tulee tukea kiinnitt\u00e4m\u00e4ll\u00e4 huomiota moniammatilliseen yhteisty\u00f6h\u00f6n ja resursseihin, ik\u00e4\u00e4ntyneiden&hellip;<\/p><\/div><div class=\"vcex-blog-entry-readmore-wrap entry-readmore-wrap clr\"><a href=\"https:\/\/www.gerec.fi\/en\/ikaantyneille-suunnatuissa-elintapainterventioissa-on-huomioitava-moniammatillinen-yhteistyo-tyon-koordinointi-ja-ammattilaisten-riittava-osaaminen\/\" class=\"theme-button\">Read more..<\/a><\/div><\/div><\/div><\/div><div class=\"vcex-blog-entry entry-has-details span_1_of_3 col-3 col post-8227 entry type-post has-media cat-130\"><div class=\"vcex-blog-entry-inner entry-inner wpex-clr\"><div class=\"vcex-blog-entry-media entry-media\"><a href=\"https:\/\/www.gerec.fi\/en\/hyvia-uutisia-vanhenemisesta-podcast-sarjan-ensimmainen-jakso-on-julkaistu\/\" title=\"Hyvi\u00e4 uutisia vanhenemisesta podcast-sarjan ensimm\u00e4inen jakso on julkaistu\"><img loading=\"lazy\" decoding=\"async\" width=\"1640\" height=\"924\" src=\"https:\/\/www.gerec.fi\/wp-content\/uploads\/2021\/08\/Kopio-Unnamed-Design.png\" class=\"vcex-blog-entry-img\" alt=\"\" srcset=\"https:\/\/www.gerec.fi\/wp-content\/uploads\/2021\/08\/Kopio-Unnamed-Design.png 1640w, https:\/\/www.gerec.fi\/wp-content\/uploads\/2021\/08\/Kopio-Unnamed-Design-300x169.png 300w, https:\/\/www.gerec.fi\/wp-content\/uploads\/2021\/08\/Kopio-Unnamed-Design-1024x577.png 1024w, https:\/\/www.gerec.fi\/wp-content\/uploads\/2021\/08\/Kopio-Unnamed-Design-768x433.png 768w, https:\/\/www.gerec.fi\/wp-content\/uploads\/2021\/08\/Kopio-Unnamed-Design-1536x865.png 1536w\" sizes=\"auto, (max-width: 1640px) 100vw, 1640px\" \/><\/a><\/div><div class=\"vcex-blog-entry-details entry-details wpex-clr\"><h2 class=\"vcex-blog-entry-title entry-title\"><a href=\"https:\/\/www.gerec.fi\/en\/hyvia-uutisia-vanhenemisesta-podcast-sarjan-ensimmainen-jakso-on-julkaistu\/\">Hyvi\u00e4 uutisia vanhenemisesta podcast-sarjan ensimm\u00e4inen jakso on julkaistu<\/a><\/h2><div class=\"vcex-blog-entry-date\">30.8.2021<\/div><div class=\"vcex-blog-entry-excerpt entry-excerpt entry clr\"><p>Hyvi\u00e4 uutisia vanhenemisesta podcast-sarjan ensimm\u00e4inen jakso on julkaistu ja kuunneltavissa! Ensimm\u00e4isess\u00e4 jaksossa k\u00e4sitell\u00e4\u00e4n muistisairauksia ja&hellip;<\/p><\/div><div class=\"vcex-blog-entry-readmore-wrap entry-readmore-wrap clr\"><a href=\"https:\/\/www.gerec.fi\/en\/hyvia-uutisia-vanhenemisesta-podcast-sarjan-ensimmainen-jakso-on-julkaistu\/\" class=\"theme-button\">Read more..<\/a><\/div><\/div><\/div><\/div><div class=\"vcex-blog-entry entry-has-details span_1_of_3 col-1 col post-8213 entry type-post has-media cat-132\"><div class=\"vcex-blog-entry-inner entry-inner wpex-clr\"><div class=\"vcex-blog-entry-media entry-media\"><a href=\"https:\/\/www.gerec.fi\/en\/luvassa-hyvia-uutisia-vanhenemisesta\/\" title=\"Luvassa hyvi\u00e4 uutisia vanhenemisesta\"><img loading=\"lazy\" decoding=\"async\" width=\"1640\" height=\"924\" src=\"https:\/\/www.gerec.fi\/wp-content\/uploads\/2021\/08\/TTT_1blogi_kkuva.png\" class=\"vcex-blog-entry-img\" alt=\"\" srcset=\"https:\/\/www.gerec.fi\/wp-content\/uploads\/2021\/08\/TTT_1blogi_kkuva.png 1640w, https:\/\/www.gerec.fi\/wp-content\/uploads\/2021\/08\/TTT_1blogi_kkuva-300x169.png 300w, https:\/\/www.gerec.fi\/wp-content\/uploads\/2021\/08\/TTT_1blogi_kkuva-1024x577.png 1024w, https:\/\/www.gerec.fi\/wp-content\/uploads\/2021\/08\/TTT_1blogi_kkuva-768x433.png 768w, https:\/\/www.gerec.fi\/wp-content\/uploads\/2021\/08\/TTT_1blogi_kkuva-1536x865.png 1536w\" sizes=\"auto, (max-width: 1640px) 100vw, 1640px\" \/><\/a><\/div><div class=\"vcex-blog-entry-details entry-details wpex-clr\"><h2 class=\"vcex-blog-entry-title entry-title\"><a href=\"https:\/\/www.gerec.fi\/en\/luvassa-hyvia-uutisia-vanhenemisesta\/\">Luvassa hyvi\u00e4 uutisia vanhenemisesta<\/a><\/h2><div class=\"vcex-blog-entry-date\">19.8.2021<\/div><div class=\"vcex-blog-entry-excerpt entry-excerpt entry clr\"><p>Gerontologian tutkimuskeskus GEREC on mukana Tutkitun tiedon teemavuoden ohjelmassa jakamassa Hyvi\u00e4 uutisia vanhenemisesta. &nbsp; El\u00e4mme&hellip;<\/p><\/div><div class=\"vcex-blog-entry-readmore-wrap entry-readmore-wrap clr\"><a href=\"https:\/\/www.gerec.fi\/en\/luvassa-hyvia-uutisia-vanhenemisesta\/\" class=\"theme-button\">Read more..<\/a><\/div><\/div><\/div><\/div><div class=\"vcex-blog-entry entry-has-details span_1_of_3 col-2 col post-8203 entry type-post no-media cat-130 post_tag-443 post_tag-439 post_tag-375 post_tag-442 post_tag-359 post_tag-188 post_tag-155 post_tag-161 post_tag-313 post_tag-440 post_tag-441 post_tag-437 post_tag-436 post_tag-444 post_tag-438\"><div class=\"vcex-blog-entry-inner entry-inner wpex-clr\"><div class=\"vcex-blog-entry-details entry-details wpex-clr\"><h2 class=\"vcex-blog-entry-title entry-title\"><a href=\"https:\/\/www.gerec.fi\/en\/depressive-symptoms-and-irregular-eating-increased-during-the-covid-19-pandemic-among-middle-aged-women\/\">Depressive symptoms and irregular eating increased during the COVID-19 pandemic among middle-aged women<\/a><\/h2><div class=\"vcex-blog-entry-date\">16.8.2021<\/div><div class=\"vcex-blog-entry-excerpt entry-excerpt entry clr\"><p>High extraversion was linked to a decrease in alcohol consumption A recent study from the&hellip;<\/p><\/div><div class=\"vcex-blog-entry-readmore-wrap entry-readmore-wrap clr\"><a href=\"https:\/\/www.gerec.fi\/en\/depressive-symptoms-and-irregular-eating-increased-during-the-covid-19-pandemic-among-middle-aged-women\/\" class=\"theme-button\">Read more..<\/a><\/div><\/div><\/div><\/div><div class=\"vcex-blog-entry entry-has-details span_1_of_3 col-3 col post-8174 entry type-post has-media cat-130\"><div class=\"vcex-blog-entry-inner entry-inner wpex-clr\"><div class=\"vcex-blog-entry-media entry-media\"><a href=\"https:\/\/www.gerec.fi\/en\/professori-marja-jylha-on-kutsuttu-jaseneksi-kansainvalisen-axa-research-fundin-tieteelliseen-komiteaan\/\" title=\"Professori Marja Jylh\u00e4 on kutsuttu j\u00e4seneksi kansainv\u00e4lisen AXA Research Fundin tieteelliseen komiteaan.\"><img loading=\"lazy\" decoding=\"async\" width=\"2048\" height=\"1366\" src=\"https:\/\/www.gerec.fi\/wp-content\/uploads\/2021\/08\/Marja-Jylha-10.11.2020_62.jpg\" class=\"vcex-blog-entry-img\" alt=\"\" srcset=\"https:\/\/www.gerec.fi\/wp-content\/uploads\/2021\/08\/Marja-Jylha-10.11.2020_62.jpg 2048w, https:\/\/www.gerec.fi\/wp-content\/uploads\/2021\/08\/Marja-Jylha-10.11.2020_62-300x200.jpg 300w, https:\/\/www.gerec.fi\/wp-content\/uploads\/2021\/08\/Marja-Jylha-10.11.2020_62-1024x683.jpg 1024w, https:\/\/www.gerec.fi\/wp-content\/uploads\/2021\/08\/Marja-Jylha-10.11.2020_62-768x512.jpg 768w, https:\/\/www.gerec.fi\/wp-content\/uploads\/2021\/08\/Marja-Jylha-10.11.2020_62-1536x1025.jpg 1536w\" sizes=\"auto, (max-width: 2048px) 100vw, 2048px\" \/><\/a><\/div><div class=\"vcex-blog-entry-details entry-details wpex-clr\"><h2 class=\"vcex-blog-entry-title entry-title\"><a href=\"https:\/\/www.gerec.fi\/en\/professori-marja-jylha-on-kutsuttu-jaseneksi-kansainvalisen-axa-research-fundin-tieteelliseen-komiteaan\/\">Professori Marja Jylh\u00e4 on kutsuttu j\u00e4seneksi kansainv\u00e4lisen AXA Research Fundin tieteelliseen komiteaan.<\/a><\/h2><div class=\"vcex-blog-entry-date\">5.8.2021<\/div><div class=\"vcex-blog-entry-excerpt entry-excerpt entry clr\"><p>Professori Marja Jylh\u00e4 on kutsuttu j\u00e4seneksi kansainv\u00e4lisen AXA Research Fundin tieteelliseen komiteaan. J\u00e4senyys kest\u00e4\u00e4 kolme&hellip;<\/p><\/div><div class=\"vcex-blog-entry-readmore-wrap entry-readmore-wrap clr\"><a href=\"https:\/\/www.gerec.fi\/en\/professori-marja-jylha-on-kutsuttu-jaseneksi-kansainvalisen-axa-research-fundin-tieteelliseen-komiteaan\/\" class=\"theme-button\">Read more..<\/a><\/div><\/div><\/div><\/div><div class=\"vcex-blog-entry entry-has-details span_1_of_3 col-1 col post-8170 entry type-post has-media cat-131\"><div class=\"vcex-blog-entry-inner entry-inner wpex-clr\"><div class=\"vcex-blog-entry-media entry-media\"><a href=\"https:\/\/www.gerec.fi\/en\/vaitos-27-8-2021-vilhelmiina-lehto-niskala-ikaantyneen-oma-nakokulma-seka-laheisten-ja-pitkaaikaishoidon-hoitajien-kasitykset-tarkeita-toimintakykya-maariteltaessa\/\" title=\"V\u00e4it\u00f6stilaisuus 27.8.2021: Vilhelmiina Lehto-Niskala: Ik\u00e4\u00e4ntyneen oma n\u00e4k\u00f6kulma sek\u00e4 l\u00e4heisten ja pitk\u00e4aikaishoidon hoitajien k\u00e4sitykset t\u00e4rkeit\u00e4 toimintakyky\u00e4 m\u00e4\u00e4ritelt\u00e4ess\u00e4\"><img loading=\"lazy\" decoding=\"async\" width=\"870\" height=\"580\" src=\"https:\/\/www.gerec.fi\/wp-content\/uploads\/2021\/08\/vilhelmiinalehto-niskala900_0.jpg\" class=\"vcex-blog-entry-img\" alt=\"\" srcset=\"https:\/\/www.gerec.fi\/wp-content\/uploads\/2021\/08\/vilhelmiinalehto-niskala900_0.jpg 870w, https:\/\/www.gerec.fi\/wp-content\/uploads\/2021\/08\/vilhelmiinalehto-niskala900_0-300x200.jpg 300w, https:\/\/www.gerec.fi\/wp-content\/uploads\/2021\/08\/vilhelmiinalehto-niskala900_0-768x512.jpg 768w\" sizes=\"auto, (max-width: 870px) 100vw, 870px\" \/><\/a><\/div><div class=\"vcex-blog-entry-details entry-details wpex-clr\"><h2 class=\"vcex-blog-entry-title entry-title\"><a href=\"https:\/\/www.gerec.fi\/en\/vaitos-27-8-2021-vilhelmiina-lehto-niskala-ikaantyneen-oma-nakokulma-seka-laheisten-ja-pitkaaikaishoidon-hoitajien-kasitykset-tarkeita-toimintakykya-maariteltaessa\/\">V\u00e4it\u00f6stilaisuus 27.8.2021: Vilhelmiina Lehto-Niskala: Ik\u00e4\u00e4ntyneen oma n\u00e4k\u00f6kulma sek\u00e4 l\u00e4heisten ja pitk\u00e4aikaishoidon hoitajien k\u00e4sitykset t\u00e4rkeit\u00e4 toimintakyky\u00e4 m\u00e4\u00e4ritelt\u00e4ess\u00e4<\/a><\/h2><div class=\"vcex-blog-entry-date\">4.8.2021<\/div><div class=\"vcex-blog-entry-excerpt entry-excerpt entry clr\"><p>Ik\u00e4\u00e4ntyneen ihmisen toimintakyvyn arviointi ja yll\u00e4pit\u00e4minen ovat keskeisi\u00e4 ik\u00e4\u00e4ntymispolitiikan tavoitteita. Tavoitteiden saavuttaminen voi kuitenkin olla&hellip;<\/p><\/div><div class=\"vcex-blog-entry-readmore-wrap entry-readmore-wrap clr\"><a href=\"https:\/\/www.gerec.fi\/en\/vaitos-27-8-2021-vilhelmiina-lehto-niskala-ikaantyneen-oma-nakokulma-seka-laheisten-ja-pitkaaikaishoidon-hoitajien-kasitykset-tarkeita-toimintakykya-maariteltaessa\/\" class=\"theme-button\">Read more..<\/a><\/div><\/div><\/div><\/div><div class=\"vcex-blog-entry entry-has-details span_1_of_3 col-2 col post-8164 entry type-post has-media cat-132\"><div class=\"vcex-blog-entry-inner entry-inner wpex-clr\"><div class=\"vcex-blog-entry-media entry-media\"><a href=\"https:\/\/www.gerec.fi\/en\/seniorikeskuksesta-yliopistoon\/\" title=\"Seniorikeskuksesta yliopistoon\"><img loading=\"lazy\" decoding=\"async\" width=\"1747\" height=\"1240\" src=\"https:\/\/www.gerec.fi\/wp-content\/uploads\/2021\/06\/Nimeton-suunn.malli_.png\" class=\"vcex-blog-entry-img\" alt=\"\" srcset=\"https:\/\/www.gerec.fi\/wp-content\/uploads\/2021\/06\/Nimeton-suunn.malli_.png 1747w, https:\/\/www.gerec.fi\/wp-content\/uploads\/2021\/06\/Nimeton-suunn.malli_-300x213.png 300w, https:\/\/www.gerec.fi\/wp-content\/uploads\/2021\/06\/Nimeton-suunn.malli_-1024x727.png 1024w, https:\/\/www.gerec.fi\/wp-content\/uploads\/2021\/06\/Nimeton-suunn.malli_-768x545.png 768w, https:\/\/www.gerec.fi\/wp-content\/uploads\/2021\/06\/Nimeton-suunn.malli_-1536x1090.png 1536w\" sizes=\"auto, (max-width: 1747px) 100vw, 1747px\" \/><\/a><\/div><div class=\"vcex-blog-entry-details entry-details wpex-clr\"><h2 class=\"vcex-blog-entry-title entry-title\"><a href=\"https:\/\/www.gerec.fi\/en\/seniorikeskuksesta-yliopistoon\/\">Seniorikeskuksesta yliopistoon<\/a><\/h2><div class=\"vcex-blog-entry-date\">1.7.2021<\/div><div class=\"vcex-blog-entry-excerpt entry-excerpt entry clr\"><p>Ensiksi tarkennus: t\u00e4m\u00e4 kirjoitus ei pohjaudu seniorikeskuksen ik\u00e4\u00e4ntyneen asukkaan kokemuksiin yliopisto-opintojen aloittamisesta \u2013 mik\u00e4 my\u00f6s&hellip;<\/p><\/div><div class=\"vcex-blog-entry-readmore-wrap entry-readmore-wrap clr\"><a href=\"https:\/\/www.gerec.fi\/en\/seniorikeskuksesta-yliopistoon\/\" class=\"theme-button\">Read more..<\/a><\/div><\/div><\/div><\/div><div class=\"vcex-blog-entry entry-has-details span_1_of_3 col-3 col post-8158 entry type-post has-media cat-132 post_tag-281 post_tag-134 post_tag-434 post_tag-435 post_tag-433\"><div class=\"vcex-blog-entry-inner entry-inner wpex-clr\"><div class=\"vcex-blog-entry-media entry-media\"><a href=\"https:\/\/www.gerec.fi\/en\/mita-ihmetta-vanhenemisen-tutkijat-ajattelevat-vanhenemisesta\/\" title=\"Mit\u00e4 (ihmett\u00e4) vanhenemisen tutkijat ajattelevat vanhenemisesta?\"><img loading=\"lazy\" decoding=\"async\" width=\"1204\" height=\"772\" src=\"https:\/\/www.gerec.fi\/wp-content\/uploads\/2021\/06\/blogiin.jpg\" class=\"vcex-blog-entry-img\" alt=\"\" srcset=\"https:\/\/www.gerec.fi\/wp-content\/uploads\/2021\/06\/blogiin.jpg 1204w, https:\/\/www.gerec.fi\/wp-content\/uploads\/2021\/06\/blogiin-300x192.jpg 300w, https:\/\/www.gerec.fi\/wp-content\/uploads\/2021\/06\/blogiin-1024x657.jpg 1024w, https:\/\/www.gerec.fi\/wp-content\/uploads\/2021\/06\/blogiin-768x492.jpg 768w\" sizes=\"auto, (max-width: 1204px) 100vw, 1204px\" \/><\/a><\/div><div class=\"vcex-blog-entry-details entry-details wpex-clr\"><h2 class=\"vcex-blog-entry-title entry-title\"><a href=\"https:\/\/www.gerec.fi\/en\/mita-ihmetta-vanhenemisen-tutkijat-ajattelevat-vanhenemisesta\/\">Mit\u00e4 (ihmett\u00e4) vanhenemisen tutkijat ajattelevat vanhenemisesta?<\/a><\/h2><div class=\"vcex-blog-entry-date\">23.6.2021<\/div><div class=\"vcex-blog-entry-excerpt entry-excerpt entry clr\"><p>Gerontologian sairaus- ja ongelmakeskeisyys vahvana viel\u00e4 vuonna 2021 Dementia, huimaus, l\u00e4\u00e4kitys, raihnaus, pitk\u00e4aikaishoito, kaatumiset, yksin\u00e4isyys,&hellip;<\/p><\/div><div class=\"vcex-blog-entry-readmore-wrap entry-readmore-wrap clr\"><a href=\"https:\/\/www.gerec.fi\/en\/mita-ihmetta-vanhenemisen-tutkijat-ajattelevat-vanhenemisesta\/\" class=\"theme-button\">Read more..<\/a><\/div><\/div><\/div><\/div><div class=\"vcex-blog-entry entry-has-details span_1_of_3 col-1 col post-8143 entry type-post has-media cat-131 post_tag-430 post_tag-429 post_tag-146 post_tag-162 post_tag-161 post_tag-262 post_tag-154 post_tag-138 post_tag-427 post_tag-428 post_tag-426 post_tag-157 post_tag-153\"><div class=\"vcex-blog-entry-inner entry-inner wpex-clr\"><div class=\"vcex-blog-entry-media entry-media\"><a href=\"https:\/\/www.gerec.fi\/en\/doctoral-dissertation-18-6-2021-adaptive-responses-of-aging-bone-to-physical-exercise-masters-athletes-and-patients-with-hip-fracture-as-a-research-model\/\" title=\"Doctoral dissertation 18.6.2021: Adaptive Responses of Aging Bone to Physical Exercise: Masters Athletes and Patients with Hip Fracture as a Research Model\"><img loading=\"lazy\" decoding=\"async\" width=\"400\" height=\"266\" src=\"https:\/\/www.gerec.fi\/wp-content\/uploads\/2021\/06\/e5a034ab-4c64-2f4e-3c7e-aa09409d68e3.jpeg\" class=\"vcex-blog-entry-img\" alt=\"Tuuli Suominen\" srcset=\"https:\/\/www.gerec.fi\/wp-content\/uploads\/2021\/06\/e5a034ab-4c64-2f4e-3c7e-aa09409d68e3.jpeg 400w, https:\/\/www.gerec.fi\/wp-content\/uploads\/2021\/06\/e5a034ab-4c64-2f4e-3c7e-aa09409d68e3-300x200.jpeg 300w\" sizes=\"auto, (max-width: 400px) 100vw, 400px\" \/><\/a><\/div><div class=\"vcex-blog-entry-details entry-details wpex-clr\"><h2 class=\"vcex-blog-entry-title entry-title\"><a href=\"https:\/\/www.gerec.fi\/en\/doctoral-dissertation-18-6-2021-adaptive-responses-of-aging-bone-to-physical-exercise-masters-athletes-and-patients-with-hip-fracture-as-a-research-model\/\">Doctoral dissertation 18.6.2021: Adaptive Responses of Aging Bone to Physical Exercise: Masters Athletes and Patients with Hip Fracture as a Research Model<\/a><\/h2><div class=\"vcex-blog-entry-date\">14.6.2021<\/div><div class=\"vcex-blog-entry-excerpt entry-excerpt entry clr\"><p>M.Sc. Tuuli Suominen defends her doctoral dissertation in Gerontology and Public Health \"Adaptive Responses of&hellip;<\/p><\/div><div class=\"vcex-blog-entry-readmore-wrap entry-readmore-wrap clr\"><a href=\"https:\/\/www.gerec.fi\/en\/doctoral-dissertation-18-6-2021-adaptive-responses-of-aging-bone-to-physical-exercise-masters-athletes-and-patients-with-hip-fracture-as-a-research-model\/\" class=\"theme-button\">Read more..<\/a><\/div><\/div><\/div><\/div><div class=\"vcex-blog-entry entry-has-details span_1_of_3 col-2 col post-8153 entry type-post no-media cat-130 post_tag-227 post_tag-431 post_tag-432\"><div class=\"vcex-blog-entry-inner entry-inner wpex-clr\"><div class=\"vcex-blog-entry-details entry-details wpex-clr\"><h2 class=\"vcex-blog-entry-title entry-title\"><a href=\"https:\/\/www.gerec.fi\/en\/high-genetic-running-capacity-promotes-efficient-metabolism-with-aging\/\">High genetic running capacity promotes efficient metabolism with aging<\/a><\/h2><div class=\"vcex-blog-entry-date\">14.6.2021<\/div><div class=\"vcex-blog-entry-excerpt entry-excerpt entry clr\"><p>High running capacity is associated with health and longevity. However, whether high genetic running capacity&hellip;<\/p><\/div><div class=\"vcex-blog-entry-readmore-wrap entry-readmore-wrap clr\"><a href=\"https:\/\/www.gerec.fi\/en\/high-genetic-running-capacity-promotes-efficient-metabolism-with-aging\/\" class=\"theme-button\">Read more..<\/a><\/div><\/div><\/div><\/div><div class=\"vcex-blog-entry entry-has-details span_1_of_3 col-3 col post-8132 entry type-post has-media cat-131 post_tag-419 post_tag-284 post_tag-422 post_tag-423 post_tag-421 post_tag-420 post_tag-275 post_tag-153\"><div class=\"vcex-blog-entry-inner entry-inner wpex-clr\"><div class=\"vcex-blog-entry-media entry-media\"><a href=\"https:\/\/www.gerec.fi\/en\/doctoral-dissertation-11-6-2021-features-of-physical-environment-walking-difficulty-and-physical-activity-in-old-age\/\" title=\"Doctoral dissertation 11.6.2021: Features of Physical Environment, Walking Difficulty, and Physical Activity in Old Age\"><img loading=\"lazy\" decoding=\"async\" width=\"400\" height=\"266\" src=\"https:\/\/www.gerec.fi\/wp-content\/uploads\/2021\/06\/fb6922dd-1e4b-e47e-ca21-c383638e586e.jpeg\" class=\"vcex-blog-entry-img\" alt=\"\" srcset=\"https:\/\/www.gerec.fi\/wp-content\/uploads\/2021\/06\/fb6922dd-1e4b-e47e-ca21-c383638e586e.jpeg 400w, https:\/\/www.gerec.fi\/wp-content\/uploads\/2021\/06\/fb6922dd-1e4b-e47e-ca21-c383638e586e-300x200.jpeg 300w\" sizes=\"auto, (max-width: 400px) 100vw, 400px\" \/><\/a><\/div><div class=\"vcex-blog-entry-details entry-details wpex-clr\"><h2 class=\"vcex-blog-entry-title entry-title\"><a href=\"https:\/\/www.gerec.fi\/en\/doctoral-dissertation-11-6-2021-features-of-physical-environment-walking-difficulty-and-physical-activity-in-old-age\/\">Doctoral dissertation 11.6.2021: Features of Physical Environment, Walking Difficulty, and Physical Activity in Old Age<\/a><\/h2><div class=\"vcex-blog-entry-date\">10.6.2021<\/div><div class=\"vcex-blog-entry-excerpt entry-excerpt entry clr\"><p>M.Sc. (Tech) Kirsi Keskinen defends her doctoral dissertation in Gerontology and Public Health \"Features of&hellip;<\/p><\/div><div class=\"vcex-blog-entry-readmore-wrap entry-readmore-wrap clr\"><a href=\"https:\/\/www.gerec.fi\/en\/doctoral-dissertation-11-6-2021-features-of-physical-environment-walking-difficulty-and-physical-activity-in-old-age\/\" class=\"theme-button\">Read more..<\/a><\/div><\/div><\/div><\/div><div class=\"vcex-blog-entry entry-has-details span_1_of_3 col-1 col post-8122 entry type-post has-media cat-130 post_tag-227 post_tag-424 post_tag-188 post_tag-425 post_tag-140 post_tag-417 post_tag-418 post_tag-426 post_tag-157\"><div class=\"vcex-blog-entry-inner entry-inner wpex-clr\"><div class=\"vcex-blog-entry-media entry-media\"><a href=\"https:\/\/www.gerec.fi\/en\/high-intensity-strength-and-impact-training-attenuates-skeletal-aging\/\" title=\"High-intensity strength and impact training attenuates skeletal aging\"><img loading=\"lazy\" decoding=\"async\" width=\"400\" height=\"266\" src=\"https:\/\/www.gerec.fi\/wp-content\/uploads\/2021\/06\/dde0dc43-7516-a0be-e30c-79bc6fc67abc.jpeg\" class=\"vcex-blog-entry-img\" alt=\"\" srcset=\"https:\/\/www.gerec.fi\/wp-content\/uploads\/2021\/06\/dde0dc43-7516-a0be-e30c-79bc6fc67abc.jpeg 400w, https:\/\/www.gerec.fi\/wp-content\/uploads\/2021\/06\/dde0dc43-7516-a0be-e30c-79bc6fc67abc-300x200.jpeg 300w\" sizes=\"auto, (max-width: 400px) 100vw, 400px\" \/><\/a><\/div><div class=\"vcex-blog-entry-details entry-details wpex-clr\"><h2 class=\"vcex-blog-entry-title entry-title\"><a href=\"https:\/\/www.gerec.fi\/en\/high-intensity-strength-and-impact-training-attenuates-skeletal-aging\/\">High-intensity strength and impact training attenuates skeletal aging<\/a><\/h2><div class=\"vcex-blog-entry-date\">10.6.2021<\/div><div class=\"vcex-blog-entry-excerpt entry-excerpt entry clr\"><p>Regular strength and impact-type training may decrease or even prevent age-related bone deterioration in men,&hellip;<\/p><\/div><div class=\"vcex-blog-entry-readmore-wrap entry-readmore-wrap clr\"><a href=\"https:\/\/www.gerec.fi\/en\/high-intensity-strength-and-impact-training-attenuates-skeletal-aging\/\" class=\"theme-button\">Read more..<\/a><\/div><\/div><\/div><\/div><div class=\"vcex-blog-entry entry-has-details span_1_of_3 col-2 col post-8115 entry type-post has-media cat-130\"><div class=\"vcex-blog-entry-inner entry-inner wpex-clr\"><div class=\"vcex-blog-entry-media entry-media\"><a href=\"https:\/\/www.gerec.fi\/en\/raportti-itsemaaraamisoikeudesta-ikaantyneiden-ymparivuorokautisissa-palveluissa-on-julkaistu\/\" title=\"Raportti itsem\u00e4\u00e4r\u00e4\u00e4misoikeudesta ik\u00e4\u00e4ntyneiden ymp\u00e4rivuorokautisissa palveluissa on julkaistu\"><img loading=\"lazy\" decoding=\"async\" width=\"2560\" height=\"1707\" src=\"https:\/\/www.gerec.fi\/wp-content\/uploads\/2021\/06\/eyes-scaled.jpg\" class=\"vcex-blog-entry-img\" alt=\"\" srcset=\"https:\/\/www.gerec.fi\/wp-content\/uploads\/2021\/06\/eyes-scaled.jpg 2560w, https:\/\/www.gerec.fi\/wp-content\/uploads\/2021\/06\/eyes-300x200.jpg 300w, https:\/\/www.gerec.fi\/wp-content\/uploads\/2021\/06\/eyes-1024x683.jpg 1024w, https:\/\/www.gerec.fi\/wp-content\/uploads\/2021\/06\/eyes-768x512.jpg 768w, https:\/\/www.gerec.fi\/wp-content\/uploads\/2021\/06\/eyes-1536x1024.jpg 1536w, https:\/\/www.gerec.fi\/wp-content\/uploads\/2021\/06\/eyes-2048x1365.jpg 2048w\" sizes=\"auto, (max-width: 2560px) 100vw, 2560px\" \/><\/a><\/div><div class=\"vcex-blog-entry-details entry-details wpex-clr\"><h2 class=\"vcex-blog-entry-title entry-title\"><a href=\"https:\/\/www.gerec.fi\/en\/raportti-itsemaaraamisoikeudesta-ikaantyneiden-ymparivuorokautisissa-palveluissa-on-julkaistu\/\">Raportti itsem\u00e4\u00e4r\u00e4\u00e4misoikeudesta ik\u00e4\u00e4ntyneiden ymp\u00e4rivuorokautisissa palveluissa on julkaistu<\/a><\/h2><div class=\"vcex-blog-entry-date\">1.6.2021<\/div><div class=\"vcex-blog-entry-excerpt entry-excerpt entry clr\"><p>Ihmisoikeuskeskuksen julkaisema raportti k\u00e4sittelee laajasti ik\u00e4\u00e4ntyneiden itsem\u00e4\u00e4r\u00e4\u00e4misoikeuteen liittyvi\u00e4 kysymyksi\u00e4 niin yleisell\u00e4 tasolla kuin asumispalveluiden henkil\u00f6kunnan&hellip;<\/p><\/div><div class=\"vcex-blog-entry-readmore-wrap entry-readmore-wrap clr\"><a href=\"https:\/\/www.gerec.fi\/en\/raportti-itsemaaraamisoikeudesta-ikaantyneiden-ymparivuorokautisissa-palveluissa-on-julkaistu\/\" class=\"theme-button\">Read more..<\/a><\/div><\/div><\/div><\/div><div class=\"vcex-blog-entry entry-has-details span_1_of_3 col-3 col post-8107 entry type-post no-media cat-132 post_tag-413 post_tag-411 post_tag-414 post_tag-412 post_tag-415 post_tag-416 post_tag-410\"><div class=\"vcex-blog-entry-inner entry-inner wpex-clr\"><div class=\"vcex-blog-entry-details entry-details wpex-clr\"><h2 class=\"vcex-blog-entry-title entry-title\"><a href=\"https:\/\/www.gerec.fi\/en\/ikaantyneiden-riittavat-palvelut\/\">Ik\u00e4\u00e4ntyneiden riitt\u00e4v\u00e4t palvelut?<\/a><\/h2><div class=\"vcex-blog-entry-date\">1.6.2021<\/div><div class=\"vcex-blog-entry-excerpt entry-excerpt entry clr\"><p>Vuoden 1999 Suomen perustuslaissa todetaan: \u201dJokaisella on oikeus v\u00e4ltt\u00e4m\u00e4tt\u00f6m\u00e4\u00e4n huolenpitoon ja riitt\u00e4viin sosiaali- ja terveyspalveluihin\u201d.&hellip;<\/p><\/div><div class=\"vcex-blog-entry-readmore-wrap entry-readmore-wrap clr\"><a href=\"https:\/\/www.gerec.fi\/en\/ikaantyneiden-riittavat-palvelut\/\" class=\"theme-button\">Read more..<\/a><\/div><\/div><\/div><\/div><div class=\"vcex-blog-entry entry-has-details span_1_of_3 col-1 col post-8103 entry type-post has-media cat-130\"><div class=\"vcex-blog-entry-inner entry-inner wpex-clr\"><div class=\"vcex-blog-entry-media entry-media\"><a href=\"https:\/\/www.gerec.fi\/en\/sosioekonomiset-erot-toimintakyvyssa-ja-koetussa-terveydessa-ovat-kasvaneet-vanhimmissa-ikaryhmissa-suomessa-ja-ruotsissa-2000-luvulla\/\" title=\"Sosioekonomiset erot toimintakyvyss\u00e4 ja koetussa terveydess\u00e4 ovat kasvaneet vanhimmissa ik\u00e4ryhmiss\u00e4 Suomessa ja Ruotsissa 2000-luvulla\"><img loading=\"lazy\" decoding=\"async\" width=\"2048\" height=\"1343\" src=\"https:\/\/www.gerec.fi\/wp-content\/uploads\/2021\/05\/ruokasali.jpg\" class=\"vcex-blog-entry-img\" alt=\"\" srcset=\"https:\/\/www.gerec.fi\/wp-content\/uploads\/2021\/05\/ruokasali.jpg 2048w, https:\/\/www.gerec.fi\/wp-content\/uploads\/2021\/05\/ruokasali-300x197.jpg 300w, https:\/\/www.gerec.fi\/wp-content\/uploads\/2021\/05\/ruokasali-1024x672.jpg 1024w, https:\/\/www.gerec.fi\/wp-content\/uploads\/2021\/05\/ruokasali-768x504.jpg 768w, https:\/\/www.gerec.fi\/wp-content\/uploads\/2021\/05\/ruokasali-1536x1007.jpg 1536w\" sizes=\"auto, (max-width: 2048px) 100vw, 2048px\" \/><\/a><\/div><div class=\"vcex-blog-entry-details entry-details wpex-clr\"><h2 class=\"vcex-blog-entry-title entry-title\"><a href=\"https:\/\/www.gerec.fi\/en\/sosioekonomiset-erot-toimintakyvyssa-ja-koetussa-terveydessa-ovat-kasvaneet-vanhimmissa-ikaryhmissa-suomessa-ja-ruotsissa-2000-luvulla\/\">Sosioekonomiset erot toimintakyvyss\u00e4 ja koetussa terveydess\u00e4 ovat kasvaneet vanhimmissa ik\u00e4ryhmiss\u00e4 Suomessa ja Ruotsissa 2000-luvulla<\/a><\/h2><div class=\"vcex-blog-entry-date\">31.5.2021<\/div><div class=\"vcex-blog-entry-excerpt entry-excerpt entry clr\"><p>Ty\u00f6uransa toimihenkil\u00f6ammateissa tehneill\u00e4 on parempi toimintakyky, ja he arvioivat terveytens\u00e4 paremmaksi kuin ty\u00f6ntekij\u00e4ammateissa toimineet. Tuoreessa&hellip;<\/p><\/div><div class=\"vcex-blog-entry-readmore-wrap entry-readmore-wrap clr\"><a href=\"https:\/\/www.gerec.fi\/en\/sosioekonomiset-erot-toimintakyvyssa-ja-koetussa-terveydessa-ovat-kasvaneet-vanhimmissa-ikaryhmissa-suomessa-ja-ruotsissa-2000-luvulla\/\" class=\"theme-button\">Read more..<\/a><\/div><\/div><\/div><\/div><div class=\"vcex-blog-entry entry-has-details span_1_of_3 col-2 col post-8099 entry type-post no-media cat-130\"><div class=\"vcex-blog-entry-inner entry-inner wpex-clr\"><div class=\"vcex-blog-entry-details entry-details wpex-clr\"><h2 class=\"vcex-blog-entry-title entry-title\"><a href=\"https:\/\/www.gerec.fi\/en\/yliopistotutkija-subas-neupane-sai-akatemiahankerahoituksen-vanhuuden-tautitaakkaa-ennakoivia-tekijoita-kartoittavaan-tutkimukseen\/\">Yliopistotutkija Subas Neupane sai Akatemiahankerahoituksen vanhuuden tautitaakkaa ennakoivia tekij\u00f6it\u00e4 kartoittavaan tutkimukseen<\/a><\/h2><div class=\"vcex-blog-entry-date\">28.5.2021<\/div><div class=\"vcex-blog-entry-excerpt entry-excerpt entry clr\"><p>Suomen Akatemian kulttuurin ja yhteiskunnan tutkimuksen toimikunta on my\u00f6nt\u00e4nyt l\u00e4hes 30 miljoonan euron rahoituksen 59&hellip;<\/p><\/div><div class=\"vcex-blog-entry-readmore-wrap entry-readmore-wrap clr\"><a href=\"https:\/\/www.gerec.fi\/en\/yliopistotutkija-subas-neupane-sai-akatemiahankerahoituksen-vanhuuden-tautitaakkaa-ennakoivia-tekijoita-kartoittavaan-tutkimukseen\/\" class=\"theme-button\">Read more..<\/a><\/div><\/div><\/div><\/div><div class=\"vcex-blog-entry entry-has-details span_1_of_3 col-3 col post-8094 entry type-post has-media cat-130 post_tag-409\"><div class=\"vcex-blog-entry-inner entry-inner wpex-clr\"><div class=\"vcex-blog-entry-media entry-media\"><a href=\"https:\/\/www.gerec.fi\/en\/the-first-half-year-edition-of-gerec-news-is-out\/\" title=\"The first half-year edition of GEREC news is out\"><img loading=\"lazy\" decoding=\"async\" width=\"1640\" height=\"924\" src=\"https:\/\/www.gerec.fi\/wp-content\/uploads\/2021\/05\/banneri_kuva.jpg\" class=\"vcex-blog-entry-img\" alt=\"\" srcset=\"https:\/\/www.gerec.fi\/wp-content\/uploads\/2021\/05\/banneri_kuva.jpg 1640w, https:\/\/www.gerec.fi\/wp-content\/uploads\/2021\/05\/banneri_kuva-300x169.jpg 300w, https:\/\/www.gerec.fi\/wp-content\/uploads\/2021\/05\/banneri_kuva-1024x577.jpg 1024w, https:\/\/www.gerec.fi\/wp-content\/uploads\/2021\/05\/banneri_kuva-768x433.jpg 768w, https:\/\/www.gerec.fi\/wp-content\/uploads\/2021\/05\/banneri_kuva-1536x865.jpg 1536w\" sizes=\"auto, (max-width: 1640px) 100vw, 1640px\" \/><\/a><\/div><div class=\"vcex-blog-entry-details entry-details wpex-clr\"><h2 class=\"vcex-blog-entry-title entry-title\"><a href=\"https:\/\/www.gerec.fi\/en\/the-first-half-year-edition-of-gerec-news-is-out\/\">The first half-year edition of GEREC news is out<\/a><\/h2><div class=\"vcex-blog-entry-date\">27.5.2021<\/div><div class=\"vcex-blog-entry-excerpt entry-excerpt entry clr\"><p>The first half-year edition of GEREC news is published. To increase the visibility and improve&hellip;<\/p><\/div><div class=\"vcex-blog-entry-readmore-wrap entry-readmore-wrap clr\"><a href=\"https:\/\/www.gerec.fi\/en\/the-first-half-year-edition-of-gerec-news-is-out\/\" class=\"theme-button\">Read more..<\/a><\/div><\/div><\/div><\/div><div class=\"vcex-blog-entry entry-has-details span_1_of_3 col-1 col post-8087 entry type-post has-media cat-130 post_tag-408 post_tag-407\"><div class=\"vcex-blog-entry-inner entry-inner wpex-clr\"><div class=\"vcex-blog-entry-media entry-media\"><a href=\"https:\/\/www.gerec.fi\/en\/professor-antonio-terracciano-is-visiting-gerec-as-a-fullbright-professor-from-mid-may-to-mid-june\/\" title=\"Professor Antonio Terracciano is visiting GEREC as a Fullbright Professor from mid-May to mid-June\"><img loading=\"lazy\" decoding=\"async\" width=\"1000\" height=\"667\" src=\"https:\/\/www.gerec.fi\/wp-content\/uploads\/2021\/05\/Terracciano-Antonio_1.jpg\" class=\"vcex-blog-entry-img\" alt=\"\" srcset=\"https:\/\/www.gerec.fi\/wp-content\/uploads\/2021\/05\/Terracciano-Antonio_1.jpg 1000w, https:\/\/www.gerec.fi\/wp-content\/uploads\/2021\/05\/Terracciano-Antonio_1-300x200.jpg 300w, https:\/\/www.gerec.fi\/wp-content\/uploads\/2021\/05\/Terracciano-Antonio_1-768x512.jpg 768w\" sizes=\"auto, (max-width: 1000px) 100vw, 1000px\" \/><\/a><\/div><div class=\"vcex-blog-entry-details entry-details wpex-clr\"><h2 class=\"vcex-blog-entry-title entry-title\"><a href=\"https:\/\/www.gerec.fi\/en\/professor-antonio-terracciano-is-visiting-gerec-as-a-fullbright-professor-from-mid-may-to-mid-june\/\">Professor Antonio Terracciano is visiting GEREC as a Fullbright Professor from mid-May to mid-June<\/a><\/h2><div class=\"vcex-blog-entry-date\">27.5.2021<\/div><div class=\"vcex-blog-entry-excerpt entry-excerpt entry clr\"><p>Professor Antonio Terracciano serves currently as a Professor in the Department of Geriatrics at the&hellip;<\/p><\/div><div class=\"vcex-blog-entry-readmore-wrap entry-readmore-wrap clr\"><a href=\"https:\/\/www.gerec.fi\/en\/professor-antonio-terracciano-is-visiting-gerec-as-a-fullbright-professor-from-mid-may-to-mid-june\/\" class=\"theme-button\">Read more..<\/a><\/div><\/div><\/div><\/div><div class=\"vcex-blog-entry entry-has-details span_1_of_3 col-2 col post-8056 entry type-post has-media cat-132\"><div class=\"vcex-blog-entry-inner entry-inner wpex-clr\"><div class=\"vcex-blog-entry-media entry-media\"><a href=\"https:\/\/www.gerec.fi\/en\/aanesta-ikaystavallinen-kunta\/\" title=\"\u00c4\u00e4nest\u00e4 ik\u00e4yst\u00e4v\u00e4llinen kunta!\"><img loading=\"lazy\" decoding=\"async\" width=\"1024\" height=\"683\" src=\"https:\/\/www.gerec.fi\/wp-content\/uploads\/2021\/05\/10.11.2020-Lahdensivun-koti_-127.jpg\" class=\"vcex-blog-entry-img\" alt=\"\" srcset=\"https:\/\/www.gerec.fi\/wp-content\/uploads\/2021\/05\/10.11.2020-Lahdensivun-koti_-127.jpg 1024w, https:\/\/www.gerec.fi\/wp-content\/uploads\/2021\/05\/10.11.2020-Lahdensivun-koti_-127-300x200.jpg 300w, https:\/\/www.gerec.fi\/wp-content\/uploads\/2021\/05\/10.11.2020-Lahdensivun-koti_-127-768x512.jpg 768w\" sizes=\"auto, (max-width: 1024px) 100vw, 1024px\" \/><\/a><\/div><div class=\"vcex-blog-entry-details entry-details wpex-clr\"><h2 class=\"vcex-blog-entry-title entry-title\"><a href=\"https:\/\/www.gerec.fi\/en\/aanesta-ikaystavallinen-kunta\/\">\u00c4\u00e4nest\u00e4 ik\u00e4yst\u00e4v\u00e4llinen kunta!<\/a><\/h2><div class=\"vcex-blog-entry-date\">25.5.2021<\/div><div class=\"vcex-blog-entry-excerpt entry-excerpt entry clr\"><p>Kuntavaaleista 2021 on sanottu, ett\u00e4 ne ovat nettivaalit. Ehdokkaat kampanjoivat somessa ja vaalikoneet ohjaavat \u00e4\u00e4nest\u00e4m\u00e4\u00e4n&hellip;<\/p><\/div><div class=\"vcex-blog-entry-readmore-wrap entry-readmore-wrap clr\"><a href=\"https:\/\/www.gerec.fi\/en\/aanesta-ikaystavallinen-kunta\/\" class=\"theme-button\">Read more..<\/a><\/div><\/div><\/div><\/div><div class=\"vcex-blog-entry entry-has-details span_1_of_3 col-3 col post-8045 entry type-post has-media cat-130 post_tag-359 post_tag-155 post_tag-154 post_tag-406 post_tag-403 post_tag-404 post_tag-405\"><div class=\"vcex-blog-entry-inner entry-inner wpex-clr\"><div class=\"vcex-blog-entry-media entry-media\"><a href=\"https:\/\/www.gerec.fi\/en\/liikunnalla-ja-painonhallinnalla-mahdollista-alentaa-syopariskia\/\" title=\"Liikunnalla ja painonhallinnalla mahdollista alentaa sy\u00f6p\u00e4riski\u00e4\"><img loading=\"lazy\" decoding=\"async\" width=\"400\" height=\"266\" src=\"https:\/\/www.gerec.fi\/wp-content\/uploads\/2021\/05\/d8b839d7-35f0-a508-f8f8-a955f54b4a7a.jpeg\" class=\"vcex-blog-entry-img\" alt=\"\" srcset=\"https:\/\/www.gerec.fi\/wp-content\/uploads\/2021\/05\/d8b839d7-35f0-a508-f8f8-a955f54b4a7a.jpeg 400w, https:\/\/www.gerec.fi\/wp-content\/uploads\/2021\/05\/d8b839d7-35f0-a508-f8f8-a955f54b4a7a-300x200.jpeg 300w\" sizes=\"auto, (max-width: 400px) 100vw, 400px\" \/><\/a><\/div><div class=\"vcex-blog-entry-details entry-details wpex-clr\"><h2 class=\"vcex-blog-entry-title entry-title\"><a href=\"https:\/\/www.gerec.fi\/en\/liikunnalla-ja-painonhallinnalla-mahdollista-alentaa-syopariskia\/\">Liikunnalla ja painonhallinnalla mahdollista alentaa sy\u00f6p\u00e4riski\u00e4<\/a><\/h2><div class=\"vcex-blog-entry-date\">10.5.2021<\/div><div class=\"vcex-blog-entry-excerpt entry-excerpt entry clr\"><p>Jyv\u00e4skyl\u00e4n yliopiston yhteisty\u00f6tutkimus osoittaa aikuisi\u00e4n kehonpainon sek\u00e4 fyysisen aktiivisuuden olevan yhteydess\u00e4 Lynchin oireyhtym\u00e4\u00e4 kantavien ihmisten&hellip;<\/p><\/div><div class=\"vcex-blog-entry-readmore-wrap entry-readmore-wrap clr\"><a href=\"https:\/\/www.gerec.fi\/en\/liikunnalla-ja-painonhallinnalla-mahdollista-alentaa-syopariskia\/\" class=\"theme-button\">Read more..<\/a><\/div><\/div><\/div><\/div><div class=\"vcex-blog-entry entry-has-details span_1_of_3 col-1 col post-8042 entry type-post no-media cat-130 post_tag-402 post_tag-400 post_tag-401 post_tag-186\"><div class=\"vcex-blog-entry-inner entry-inner wpex-clr\"><div class=\"vcex-blog-entry-details entry-details wpex-clr\"><h2 class=\"vcex-blog-entry-title entry-title\"><a href=\"https:\/\/www.gerec.fi\/en\/five-new-academy-research-fellows-for-the-university-of-jyvaskyla\/\">Five new Academy Research Fellows for the University of Jyv\u00e4skyl\u00e4<\/a><\/h2><div class=\"vcex-blog-entry-date\">10.5.2021<\/div><div class=\"vcex-blog-entry-excerpt entry-excerpt entry clr\"><p>The Academy of Finland has decided to fund five new Academy Research Fellows at the&hellip;<\/p><\/div><div class=\"vcex-blog-entry-readmore-wrap entry-readmore-wrap clr\"><a href=\"https:\/\/www.gerec.fi\/en\/five-new-academy-research-fellows-for-the-university-of-jyvaskyla\/\" class=\"theme-button\">Read more..<\/a><\/div><\/div><\/div><\/div><div class=\"vcex-blog-entry entry-has-details span_1_of_3 col-2 col post-8033 entry type-post has-media cat-130 post_tag-222 post_tag-399 post_tag-218 post_tag-169 post_tag-219 post_tag-398\"><div class=\"vcex-blog-entry-inner entry-inner wpex-clr\"><div class=\"vcex-blog-entry-media entry-media\"><a href=\"https:\/\/www.gerec.fi\/en\/age-at-the-menopause-can-be-assessed-using-predictive-modeling\/\" title=\"Age at the menopause can be assessed using predictive modeling\"><img loading=\"lazy\" decoding=\"async\" width=\"768\" height=\"610\" src=\"https:\/\/www.gerec.fi\/wp-content\/uploads\/2021\/04\/47807364-2783-f433-fc11-176c4b6f78b3.jpeg\" class=\"vcex-blog-entry-img\" alt=\"\" srcset=\"https:\/\/www.gerec.fi\/wp-content\/uploads\/2021\/04\/47807364-2783-f433-fc11-176c4b6f78b3.jpeg 768w, https:\/\/www.gerec.fi\/wp-content\/uploads\/2021\/04\/47807364-2783-f433-fc11-176c4b6f78b3-300x238.jpeg 300w\" sizes=\"auto, (max-width: 768px) 100vw, 768px\" \/><\/a><\/div><div class=\"vcex-blog-entry-details entry-details wpex-clr\"><h2 class=\"vcex-blog-entry-title entry-title\"><a href=\"https:\/\/www.gerec.fi\/en\/age-at-the-menopause-can-be-assessed-using-predictive-modeling\/\">Age at the menopause can be assessed using predictive modeling<\/a><\/h2><div class=\"vcex-blog-entry-date\">20.4.2021<\/div><div class=\"vcex-blog-entry-excerpt entry-excerpt entry clr\"><p>The age at menopause is known to vary significantly between individuals and it has been&hellip;<\/p><\/div><div class=\"vcex-blog-entry-readmore-wrap entry-readmore-wrap clr\"><a href=\"https:\/\/www.gerec.fi\/en\/age-at-the-menopause-can-be-assessed-using-predictive-modeling\/\" class=\"theme-button\">Read more..<\/a><\/div><\/div><\/div><\/div><div class=\"vcex-blog-entry entry-has-details span_1_of_3 col-3 col post-8026 entry type-post has-media cat-130\"><div class=\"vcex-blog-entry-inner entry-inner wpex-clr\"><div class=\"vcex-blog-entry-media entry-media\"><a href=\"https:\/\/www.gerec.fi\/en\/selkeat-palvelurakenteet-ja-toimiva-kommunikointi-parantavat-muistisairautta-sairastavien-henkiloiden-ja-heidan-omaishoitajien-mahdollisuuksia-vaikuttaa-saamiinsa-sosiaali-ja-terveyspalveluihin\/\" title=\"Selke\u00e4t palvelurakenteet ja toimiva kommunikointi parantavat muistisairautta sairastavien henkil\u00f6iden ja heid\u00e4n omaishoitajien mahdollisuuksia vaikuttaa saamiinsa sosiaali- ja terveyspalveluihin\"><img loading=\"lazy\" decoding=\"async\" width=\"1024\" height=\"683\" src=\"https:\/\/www.gerec.fi\/wp-content\/uploads\/2021\/04\/23.10.2020_-119.jpg\" class=\"vcex-blog-entry-img\" alt=\"\" srcset=\"https:\/\/www.gerec.fi\/wp-content\/uploads\/2021\/04\/23.10.2020_-119.jpg 1024w, https:\/\/www.gerec.fi\/wp-content\/uploads\/2021\/04\/23.10.2020_-119-300x200.jpg 300w, https:\/\/www.gerec.fi\/wp-content\/uploads\/2021\/04\/23.10.2020_-119-768x512.jpg 768w\" sizes=\"auto, (max-width: 1024px) 100vw, 1024px\" \/><\/a><\/div><div class=\"vcex-blog-entry-details entry-details wpex-clr\"><h2 class=\"vcex-blog-entry-title entry-title\"><a href=\"https:\/\/www.gerec.fi\/en\/selkeat-palvelurakenteet-ja-toimiva-kommunikointi-parantavat-muistisairautta-sairastavien-henkiloiden-ja-heidan-omaishoitajien-mahdollisuuksia-vaikuttaa-saamiinsa-sosiaali-ja-terveyspalveluihin\/\">Selke\u00e4t palvelurakenteet ja toimiva kommunikointi parantavat muistisairautta sairastavien henkil\u00f6iden ja heid\u00e4n omaishoitajien mahdollisuuksia vaikuttaa saamiinsa sosiaali- ja terveyspalveluihin<\/a><\/h2><div class=\"vcex-blog-entry-date\">14.4.2021<\/div><div class=\"vcex-blog-entry-excerpt entry-excerpt entry clr\"><p>Selke\u00e4t palvelurakenteet ja toimiva kommunikointi parantavat muistisairautta sairastavien henkil\u00f6iden ja heid\u00e4n omaishoitajien mahdollisuuksia vaikuttaa hoivaan,&hellip;<\/p><\/div><div class=\"vcex-blog-entry-readmore-wrap entry-readmore-wrap clr\"><a href=\"https:\/\/www.gerec.fi\/en\/selkeat-palvelurakenteet-ja-toimiva-kommunikointi-parantavat-muistisairautta-sairastavien-henkiloiden-ja-heidan-omaishoitajien-mahdollisuuksia-vaikuttaa-saamiinsa-sosiaali-ja-terveyspalveluihin\/\" class=\"theme-button\">Read more..<\/a><\/div><\/div><\/div><\/div><div class=\"vcex-blog-entry entry-has-details span_1_of_3 col-1 col post-8015 entry type-post no-media cat-131\"><div class=\"vcex-blog-entry-inner entry-inner wpex-clr\"><div class=\"vcex-blog-entry-details entry-details wpex-clr\"><h2 class=\"vcex-blog-entry-title entry-title\"><a href=\"https:\/\/www.gerec.fi\/en\/gerec-seminar-on-advancing-your-career-may-28-2021\/\">GEREC Seminar on Advancing Your Career\/\/ May 28, 2021<\/a><\/h2><div class=\"vcex-blog-entry-date\">7.4.2021<\/div><div class=\"vcex-blog-entry-excerpt entry-excerpt entry clr\"><p>GEREC Seminar on Advancing Your Career is held with GEREC\u2019s Scientific Advisory Board on Friday,&hellip;<\/p><\/div><div class=\"vcex-blog-entry-readmore-wrap entry-readmore-wrap clr\"><a href=\"https:\/\/www.gerec.fi\/en\/gerec-seminar-on-advancing-your-career-may-28-2021\/\" class=\"theme-button\">Read more..<\/a><\/div><\/div><\/div><\/div><div class=\"vcex-blog-entry entry-has-details span_1_of_3 col-2 col post-8001 entry type-post has-media cat-130 post_tag-245 post_tag-390 post_tag-391 post_tag-393 post_tag-155 post_tag-162 post_tag-378 post_tag-324 post_tag-313 post_tag-148 post_tag-154 post_tag-397 post_tag-396 post_tag-392 post_tag-179 post_tag-394 post_tag-395 post_tag-389 post_tag-209\"><div class=\"vcex-blog-entry-inner entry-inner wpex-clr\"><div class=\"vcex-blog-entry-media entry-media\"><a href=\"https:\/\/www.gerec.fi\/en\/during-the-first-wave-of-the-coronavirus-pandemic-older-adults-left-home-predominantly-for-physical-exercise\/\" title=\"During the first wave of the coronavirus pandemic older adults left home predominantly for physical exercise\"><img loading=\"lazy\" decoding=\"async\" width=\"768\" height=\"572\" src=\"https:\/\/www.gerec.fi\/wp-content\/uploads\/2021\/03\/f16a7366-b377-d552-789e-1dab3479a335.jpeg\" class=\"vcex-blog-entry-img\" alt=\"\" srcset=\"https:\/\/www.gerec.fi\/wp-content\/uploads\/2021\/03\/f16a7366-b377-d552-789e-1dab3479a335.jpeg 768w, https:\/\/www.gerec.fi\/wp-content\/uploads\/2021\/03\/f16a7366-b377-d552-789e-1dab3479a335-300x223.jpeg 300w\" sizes=\"auto, (max-width: 768px) 100vw, 768px\" \/><\/a><\/div><div class=\"vcex-blog-entry-details entry-details wpex-clr\"><h2 class=\"vcex-blog-entry-title entry-title\"><a href=\"https:\/\/www.gerec.fi\/en\/during-the-first-wave-of-the-coronavirus-pandemic-older-adults-left-home-predominantly-for-physical-exercise\/\">During the first wave of the coronavirus pandemic older adults left home predominantly for physical exercise<\/a><\/h2><div class=\"vcex-blog-entry-date\">24.3.2021<\/div><div class=\"vcex-blog-entry-excerpt entry-excerpt entry clr\"><p>In spring 2020, when the first wave of the coronavirus pandemic hit Finland, older adults&hellip;<\/p><\/div><div class=\"vcex-blog-entry-readmore-wrap entry-readmore-wrap clr\"><a href=\"https:\/\/www.gerec.fi\/en\/during-the-first-wave-of-the-coronavirus-pandemic-older-adults-left-home-predominantly-for-physical-exercise\/\" class=\"theme-button\">Read more..<\/a><\/div><\/div><\/div><\/div><div class=\"vcex-blog-entry entry-has-details span_1_of_3 col-3 col post-7992 entry type-post no-media cat-131\"><div class=\"vcex-blog-entry-inner entry-inner wpex-clr\"><div class=\"vcex-blog-entry-details entry-details wpex-clr\"><h2 class=\"vcex-blog-entry-title entry-title\"><a href=\"https:\/\/www.gerec.fi\/en\/doctoral-defence-26-3-2021-geriatric-assessment-in-clinical-practice-current-situation-and-challenges-in-implementation-hanna-kerminen\/\">Doctoral defence 26.3.2021: Geriatric Assessment in Clinical Practice : Current Situation and Challenges in Implementation, Hanna Kerminen<\/a><\/h2><div class=\"vcex-blog-entry-date\">16.3.2021<\/div><div class=\"vcex-blog-entry-excerpt entry-excerpt entry clr\"><p>Comprehensive geriatric assessment (CGA) is a central part of geriatric medicine. However, the concept of&hellip;<\/p><\/div><div class=\"vcex-blog-entry-readmore-wrap entry-readmore-wrap clr\"><a href=\"https:\/\/www.gerec.fi\/en\/doctoral-defence-26-3-2021-geriatric-assessment-in-clinical-practice-current-situation-and-challenges-in-implementation-hanna-kerminen\/\" class=\"theme-button\">Read more..<\/a><\/div><\/div><\/div><\/div><div class=\"vcex-blog-entry entry-has-details span_1_of_3 col-1 col post-7986 entry type-post no-media cat-130\"><div class=\"vcex-blog-entry-inner entry-inner wpex-clr\"><div class=\"vcex-blog-entry-details entry-details wpex-clr\"><h2 class=\"vcex-blog-entry-title entry-title\"><a href=\"https:\/\/www.gerec.fi\/en\/vaestopoliittinen-selvitys-on-valmistunut-uusia-ehdotuksia-ikaantymisesta\/\">V\u00e4est\u00f6poliittinen selvitys on valmistunut: Uusia ehdotuksia ik\u00e4\u00e4ntymisest\u00e4<\/a><\/h2><div class=\"vcex-blog-entry-date\">12.3.2021<\/div><div class=\"vcex-blog-entry-excerpt entry-excerpt entry clr\"><p>Valtioneuvoston tilaama ja Anna Rotkirchin laatima V\u00e4est\u00f6poliittinen selvitys julkaistiin 10.3.2021. P\u00e4\u00e4ministeri Sanna Marinin asettaman selvityshankkeen&hellip;<\/p><\/div><div class=\"vcex-blog-entry-readmore-wrap entry-readmore-wrap clr\"><a href=\"https:\/\/www.gerec.fi\/en\/vaestopoliittinen-selvitys-on-valmistunut-uusia-ehdotuksia-ikaantymisesta\/\" class=\"theme-button\">Read more..<\/a><\/div><\/div><\/div><\/div><div class=\"vcex-blog-entry entry-has-details span_1_of_3 col-2 col post-7982 entry type-post no-media cat-131\"><div class=\"vcex-blog-entry-inner entry-inner wpex-clr\"><div class=\"vcex-blog-entry-details entry-details wpex-clr\"><h2 class=\"vcex-blog-entry-title entry-title\"><a href=\"https:\/\/www.gerec.fi\/en\/syntyvyyden-toipuminen-ja-piteneva-elinika-linjauksia-2020-luvun-vaestopolitiikalle-selvityksen-julkistus-keskiviikkona-10-3-klo-9-11\/\">Syntyvyyden toipuminen ja pitenev\u00e4 elinik\u00e4, linjauksia 2020-luvun v\u00e4est\u00f6politiikalle -selvityksen julkistus keskiviikkona 10.3. klo 9-11<\/a><\/h2><div class=\"vcex-blog-entry-date\">8.3.2021<\/div><div class=\"vcex-blog-entry-excerpt entry-excerpt entry clr\"><p>Milt\u00e4 n\u00e4ytt\u00e4\u00e4 2020-luvun v\u00e4est\u00f6politiikka? V\u00e4heneek\u00f6 v\u00e4est\u00f6, toipuuko syntyvyys? Miten v\u00e4est\u00f6mme kehittyi 2000-luvulla, ent\u00e4 toiko pandemia&hellip;<\/p><\/div><div class=\"vcex-blog-entry-readmore-wrap entry-readmore-wrap clr\"><a href=\"https:\/\/www.gerec.fi\/en\/syntyvyyden-toipuminen-ja-piteneva-elinika-linjauksia-2020-luvun-vaestopolitiikalle-selvityksen-julkistus-keskiviikkona-10-3-klo-9-11\/\" class=\"theme-button\">Read more..<\/a><\/div><\/div><\/div><\/div><div class=\"vcex-blog-entry entry-has-details span_1_of_3 col-3 col post-7968 entry type-post no-media cat-131 post_tag-184 post_tag-386 post_tag-388 post_tag-387\"><div class=\"vcex-blog-entry-inner entry-inner wpex-clr\"><div class=\"vcex-blog-entry-details entry-details wpex-clr\"><h2 class=\"vcex-blog-entry-title entry-title\"><a href=\"https:\/\/www.gerec.fi\/en\/share-tutkimuksen-tuloksia-vaestoliiton-webinaarissa-11-3-2021-klo-14-15-30\/\">SHARE-tutkimuksen tuloksia V\u00e4est\u00f6liiton webinaarissa 11.3.2021 klo 14-15.30<\/a><\/h2><div class=\"vcex-blog-entry-date\">25.2.2021<\/div><div class=\"vcex-blog-entry-excerpt entry-excerpt entry clr\"><p>SHARE (Survey of Health, Ageing and Retirement) on laaja eurooppalainen ik\u00e4\u00e4ntymistutkimus, jonka tarkoituksena on selvitt\u00e4\u00e4&hellip;<\/p><\/div><div class=\"vcex-blog-entry-readmore-wrap entry-readmore-wrap clr\"><a href=\"https:\/\/www.gerec.fi\/en\/share-tutkimuksen-tuloksia-vaestoliiton-webinaarissa-11-3-2021-klo-14-15-30\/\" class=\"theme-button\">Read more..<\/a><\/div><\/div><\/div><\/div><div class=\"vcex-blog-entry entry-has-details span_1_of_3 col-1 col post-7957 entry type-post has-media cat-132 post_tag-384 post_tag-385 post_tag-383 post_tag-382\"><div class=\"vcex-blog-entry-inner entry-inner wpex-clr\"><div class=\"vcex-blog-entry-media entry-media\"><a href=\"https:\/\/www.gerec.fi\/en\/palvelujen-tuolileikkia\/\" title=\"Palvelujen tuolileikki\u00e4\"><img loading=\"lazy\" decoding=\"async\" width=\"1920\" height=\"1224\" src=\"https:\/\/www.gerec.fi\/wp-content\/uploads\/2021\/02\/man-.jpg.png\" class=\"vcex-blog-entry-img\" alt=\"\" srcset=\"https:\/\/www.gerec.fi\/wp-content\/uploads\/2021\/02\/man-.jpg.png 1920w, https:\/\/www.gerec.fi\/wp-content\/uploads\/2021\/02\/man-.jpg-300x191.png 300w, https:\/\/www.gerec.fi\/wp-content\/uploads\/2021\/02\/man-.jpg-1024x653.png 1024w, https:\/\/www.gerec.fi\/wp-content\/uploads\/2021\/02\/man-.jpg-768x490.png 768w, https:\/\/www.gerec.fi\/wp-content\/uploads\/2021\/02\/man-.jpg-1536x979.png 1536w\" sizes=\"auto, (max-width: 1920px) 100vw, 1920px\" \/><\/a><\/div><div class=\"vcex-blog-entry-details entry-details wpex-clr\"><h2 class=\"vcex-blog-entry-title entry-title\"><a href=\"https:\/\/www.gerec.fi\/en\/palvelujen-tuolileikkia\/\">Palvelujen tuolileikki\u00e4<\/a><\/h2><div class=\"vcex-blog-entry-date\">18.2.2021<\/div><div class=\"vcex-blog-entry-excerpt entry-excerpt entry clr\"><p>Ik\u00e4\u00e4ntyneiden sosiaali- ja terveyspalvelut ovat yhteen kietoutunut kokonaisuus: kun jostain v\u00e4hennet\u00e4\u00e4n, paine todenn\u00e4k\u00f6isesti lis\u00e4\u00e4ntyy jossain&hellip;<\/p><\/div><div class=\"vcex-blog-entry-readmore-wrap entry-readmore-wrap clr\"><a href=\"https:\/\/www.gerec.fi\/en\/palvelujen-tuolileikkia\/\" class=\"theme-button\">Read more..<\/a><\/div><\/div><\/div><\/div><div class=\"vcex-blog-entry entry-has-details span_1_of_3 col-2 col post-7937 entry type-post no-media cat-131\"><div class=\"vcex-blog-entry-inner entry-inner wpex-clr\"><div class=\"vcex-blog-entry-details entry-details wpex-clr\"><h2 class=\"vcex-blog-entry-title entry-title\"><a href=\"https:\/\/www.gerec.fi\/en\/tampere-geroseminaarit-kevatlukukausi-2021-geroseminars-spring-term-2021\/\">TAMPERE: GEROSEMINAARIT KEV\u00c4TLUKUKAUSI 2021\/ GEROSEMINARS SPRING TERM 2021.<\/a><\/h2><div class=\"vcex-blog-entry-date\">11.2.2021<\/div><div class=\"vcex-blog-entry-excerpt entry-excerpt entry clr\"><p>TAMPERE: GEROSEMINAARIT - KEV\u00c4TLUKUKAUSI 2021 \/ GEROSEMINARS - SPRING TERM 2021 &nbsp; Kev\u00e4tlukukauden 2021 geroseminaarit&hellip;<\/p><\/div><div class=\"vcex-blog-entry-readmore-wrap entry-readmore-wrap clr\"><a href=\"https:\/\/www.gerec.fi\/en\/tampere-geroseminaarit-kevatlukukausi-2021-geroseminars-spring-term-2021\/\" class=\"theme-button\">Read more..<\/a><\/div><\/div><\/div><\/div><div class=\"vcex-blog-entry entry-has-details span_1_of_3 col-3 col post-7889 entry type-post has-media cat-132 post_tag-380 post_tag-162 post_tag-378 post_tag-379 post_tag-377 post_tag-381 post_tag-154 post_tag-234 post_tag-209\"><div class=\"vcex-blog-entry-inner entry-inner wpex-clr\"><div class=\"vcex-blog-entry-media entry-media\"><a href=\"https:\/\/www.gerec.fi\/en\/hyvia-vai-huonoja-uutisia-kaatumisista\/\" title=\"Hyvi\u00e4 vai huonoja uutisia kaatumisista?\"><img loading=\"lazy\" decoding=\"async\" width=\"450\" height=\"478\" src=\"https:\/\/www.gerec.fi\/wp-content\/uploads\/2021\/02\/BA6I5856-4PS2-scaled-e1612358040732.jpg\" class=\"vcex-blog-entry-img\" alt=\"\" \/><\/a><\/div><div class=\"vcex-blog-entry-details entry-details wpex-clr\"><h2 class=\"vcex-blog-entry-title entry-title\"><a href=\"https:\/\/www.gerec.fi\/en\/hyvia-vai-huonoja-uutisia-kaatumisista\/\">Hyvi\u00e4 vai huonoja uutisia kaatumisista?<\/a><\/h2><div class=\"vcex-blog-entry-date\">3.2.2021<\/div><div class=\"vcex-blog-entry-excerpt entry-excerpt entry clr\"><p>Seuraavassa i\u00e4kk\u00e4iden ihmisten kaatumisiin liittyvi\u00e4 uutisotsikoita viime vuodelta: Kaatuminen koituu vuosittain yli tuhannen ik\u00e4ihmisen kohtaloksi&hellip;<\/p><\/div><div class=\"vcex-blog-entry-readmore-wrap entry-readmore-wrap clr\"><a href=\"https:\/\/www.gerec.fi\/en\/hyvia-vai-huonoja-uutisia-kaatumisista\/\" class=\"theme-button\">Read more..<\/a><\/div><\/div><\/div><\/div><div class=\"vcex-blog-entry entry-has-details span_1_of_3 col-1 col post-7868 entry type-post has-media cat-132 post_tag-375 post_tag-162 post_tag-297 post_tag-374 post_tag-376 post_tag-373\"><div class=\"vcex-blog-entry-inner entry-inner wpex-clr\"><div class=\"vcex-blog-entry-media entry-media\"><a href=\"https:\/\/www.gerec.fi\/en\/pitkaaikaissairaudet-ja-koronavirus-yhdistavat-kansanterveydelliset-haasteet\/\" title=\"Pitk\u00e4aikaissairaudet ja koronavirus yhdist\u00e4v\u00e4t kansanterveydelliset haasteet\"><img loading=\"lazy\" decoding=\"async\" width=\"893\" height=\"578\" src=\"https:\/\/www.gerec.fi\/wp-content\/uploads\/2021\/01\/Kuva1.jpg\" class=\"vcex-blog-entry-img\" alt=\"\" srcset=\"https:\/\/www.gerec.fi\/wp-content\/uploads\/2021\/01\/Kuva1.jpg 893w, https:\/\/www.gerec.fi\/wp-content\/uploads\/2021\/01\/Kuva1-300x194.jpg 300w, https:\/\/www.gerec.fi\/wp-content\/uploads\/2021\/01\/Kuva1-768x497.jpg 768w\" sizes=\"auto, (max-width: 893px) 100vw, 893px\" \/><\/a><\/div><div class=\"vcex-blog-entry-details entry-details wpex-clr\"><h2 class=\"vcex-blog-entry-title entry-title\"><a href=\"https:\/\/www.gerec.fi\/en\/pitkaaikaissairaudet-ja-koronavirus-yhdistavat-kansanterveydelliset-haasteet\/\">Pitk\u00e4aikaissairaudet ja koronavirus yhdist\u00e4v\u00e4t kansanterveydelliset haasteet<\/a><\/h2><div class=\"vcex-blog-entry-date\">19.1.2021<\/div><div class=\"vcex-blog-entry-excerpt entry-excerpt entry clr\"><p>Alkuvuodesta 2020 Suomeenkin levinneen koronaviruspandemian aikana on huomattu, ett\u00e4 COVID-19- tauti aiheuttaa vakavampia oireita ja&hellip;<\/p><\/div><div class=\"vcex-blog-entry-readmore-wrap entry-readmore-wrap clr\"><a href=\"https:\/\/www.gerec.fi\/en\/pitkaaikaissairaudet-ja-koronavirus-yhdistavat-kansanterveydelliset-haasteet\/\" class=\"theme-button\">Read more..<\/a><\/div><\/div><\/div><\/div><div class=\"vcex-blog-entry entry-has-details span_1_of_3 col-2 col post-7837 entry type-post has-media cat-130 post_tag-304 post_tag-312 post_tag-142\"><div class=\"vcex-blog-entry-inner entry-inner wpex-clr\"><div class=\"vcex-blog-entry-media entry-media\"><a href=\"https:\/\/www.gerec.fi\/en\/terveystiedon-ymmartaminen-tarkeaa-iakkaiden-ihmisten-arjessa\/\" title=\"Terveystiedon ymm\u00e4rt\u00e4minen t\u00e4rke\u00e4\u00e4 i\u00e4kk\u00e4iden ihmisten arjessa\"><img loading=\"lazy\" decoding=\"async\" width=\"768\" height=\"512\" src=\"https:\/\/www.gerec.fi\/wp-content\/uploads\/2020\/12\/fc7097ac-a1f4-a427-2894-17ae1be2d3ad.jpeg\" class=\"vcex-blog-entry-img\" alt=\"\" srcset=\"https:\/\/www.gerec.fi\/wp-content\/uploads\/2020\/12\/fc7097ac-a1f4-a427-2894-17ae1be2d3ad.jpeg 768w, https:\/\/www.gerec.fi\/wp-content\/uploads\/2020\/12\/fc7097ac-a1f4-a427-2894-17ae1be2d3ad-300x200.jpeg 300w\" sizes=\"auto, (max-width: 768px) 100vw, 768px\" \/><\/a><\/div><div class=\"vcex-blog-entry-details entry-details wpex-clr\"><h2 class=\"vcex-blog-entry-title entry-title\"><a href=\"https:\/\/www.gerec.fi\/en\/terveystiedon-ymmartaminen-tarkeaa-iakkaiden-ihmisten-arjessa\/\">Terveystiedon ymm\u00e4rt\u00e4minen t\u00e4rke\u00e4\u00e4 i\u00e4kk\u00e4iden ihmisten arjessa<\/a><\/h2><div class=\"vcex-blog-entry-date\">29.12.2020<\/div><div class=\"vcex-blog-entry-excerpt entry-excerpt entry clr\"><p>Gerontologian tutkimuskeskuksen tutkimuksen mukaan hyv\u00e4 terveyden lukutaito tukee aktiivista el\u00e4m\u00e4notetta vanhuudessa. Tutkimuksessa todettiin, ett\u00e4 hyv\u00e4&hellip;<\/p><\/div><div class=\"vcex-blog-entry-readmore-wrap entry-readmore-wrap clr\"><a href=\"https:\/\/www.gerec.fi\/en\/terveystiedon-ymmartaminen-tarkeaa-iakkaiden-ihmisten-arjessa\/\" class=\"theme-button\">Read more..<\/a><\/div><\/div><\/div><\/div><div class=\"vcex-blog-entry entry-has-details span_1_of_3 col-3 col post-7840 entry type-post has-media cat-130 post_tag-312 post_tag-155 post_tag-372 post_tag-264 post_tag-209 post_tag-370 post_tag-371\"><div class=\"vcex-blog-entry-inner entry-inner wpex-clr\"><div class=\"vcex-blog-entry-media entry-media\"><a href=\"https:\/\/www.gerec.fi\/en\/katkonainen-aktiivisuus-paivan-aikana-voi-kertoa-iakkaiden-vasymisesta-arjen-toiminnoissa\/\" title=\"Katkonainen aktiivisuus p\u00e4iv\u00e4n aikana voi kertoa i\u00e4kk\u00e4iden v\u00e4symisest\u00e4 arjen toiminnoissa\"><img loading=\"lazy\" decoding=\"async\" width=\"400\" height=\"266\" src=\"https:\/\/www.gerec.fi\/wp-content\/uploads\/2020\/12\/8effeb1b-07ee-f735-ff44-c07a7ab14e62.jpeg\" class=\"vcex-blog-entry-img\" alt=\"\" srcset=\"https:\/\/www.gerec.fi\/wp-content\/uploads\/2020\/12\/8effeb1b-07ee-f735-ff44-c07a7ab14e62.jpeg 400w, https:\/\/www.gerec.fi\/wp-content\/uploads\/2020\/12\/8effeb1b-07ee-f735-ff44-c07a7ab14e62-300x200.jpeg 300w\" sizes=\"auto, (max-width: 400px) 100vw, 400px\" \/><\/a><\/div><div class=\"vcex-blog-entry-details entry-details wpex-clr\"><h2 class=\"vcex-blog-entry-title entry-title\"><a href=\"https:\/\/www.gerec.fi\/en\/katkonainen-aktiivisuus-paivan-aikana-voi-kertoa-iakkaiden-vasymisesta-arjen-toiminnoissa\/\">Katkonainen aktiivisuus p\u00e4iv\u00e4n aikana voi kertoa i\u00e4kk\u00e4iden v\u00e4symisest\u00e4 arjen toiminnoissa<\/a><\/h2><div class=\"vcex-blog-entry-date\">22.12.2020<\/div><div class=\"vcex-blog-entry-excerpt entry-excerpt entry clr\"><p>I\u00e4n my\u00f6t\u00e4 pidempien aktiivisuusjaksojen yll\u00e4pit\u00e4minen saattaa hankaloitua, jolloin p\u00e4ivitt\u00e4inen fyysinen aktiivisuus voi kerty\u00e4 katkonaisemmin. Jyv\u00e4skyl\u00e4n&hellip;<\/p><\/div><div class=\"vcex-blog-entry-readmore-wrap entry-readmore-wrap clr\"><a href=\"https:\/\/www.gerec.fi\/en\/katkonainen-aktiivisuus-paivan-aikana-voi-kertoa-iakkaiden-vasymisesta-arjen-toiminnoissa\/\" class=\"theme-button\">Read more..<\/a><\/div><\/div><\/div><\/div><div class=\"vcex-blog-entry entry-has-details span_1_of_3 col-1 col post-7825 entry type-post has-media cat-130\"><div class=\"vcex-blog-entry-inner entry-inner wpex-clr\"><div class=\"vcex-blog-entry-media entry-media\"><a href=\"https:\/\/www.gerec.fi\/en\/uusia-professoreita-tampereen-gereciin\/\" title=\"Uusia professoreita Tampereen GEREC:iin\"><img loading=\"lazy\" decoding=\"async\" width=\"2084\" height=\"1184\" src=\"https:\/\/www.gerec.fi\/wp-content\/uploads\/2020\/12\/Anu-Jenni.jpg\" class=\"vcex-blog-entry-img\" alt=\"Anu Siren ja Jenni Kulmala\" srcset=\"https:\/\/www.gerec.fi\/wp-content\/uploads\/2020\/12\/Anu-Jenni.jpg 2084w, https:\/\/www.gerec.fi\/wp-content\/uploads\/2020\/12\/Anu-Jenni-300x170.jpg 300w, https:\/\/www.gerec.fi\/wp-content\/uploads\/2020\/12\/Anu-Jenni-1024x582.jpg 1024w, https:\/\/www.gerec.fi\/wp-content\/uploads\/2020\/12\/Anu-Jenni-768x436.jpg 768w, https:\/\/www.gerec.fi\/wp-content\/uploads\/2020\/12\/Anu-Jenni-1536x873.jpg 1536w, https:\/\/www.gerec.fi\/wp-content\/uploads\/2020\/12\/Anu-Jenni-2048x1164.jpg 2048w\" sizes=\"auto, (max-width: 2084px) 100vw, 2084px\" \/><\/a><\/div><div class=\"vcex-blog-entry-details entry-details wpex-clr\"><h2 class=\"vcex-blog-entry-title entry-title\"><a href=\"https:\/\/www.gerec.fi\/en\/uusia-professoreita-tampereen-gereciin\/\">Uusia professoreita Tampereen GEREC:iin<\/a><\/h2><div class=\"vcex-blog-entry-date\">18.12.2020<\/div><div class=\"vcex-blog-entry-excerpt entry-excerpt entry clr\"><p>Kaksi uutta professoria, professori Anu Siren \u00a0ja tenure track -professori Jenni Kulmala,\u00a0 aloittaa kev\u00e4\u00e4n 2021&hellip;<\/p><\/div><div class=\"vcex-blog-entry-readmore-wrap entry-readmore-wrap clr\"><a href=\"https:\/\/www.gerec.fi\/en\/uusia-professoreita-tampereen-gereciin\/\" class=\"theme-button\">Read more..<\/a><\/div><\/div><\/div><\/div><div class=\"vcex-blog-entry entry-has-details span_1_of_3 col-2 col post-7820 entry type-post no-media cat-130 post_tag-368 post_tag-146 post_tag-162 post_tag-367 post_tag-249 post_tag-369 post_tag-209\"><div class=\"vcex-blog-entry-inner entry-inner wpex-clr\"><div class=\"vcex-blog-entry-details entry-details wpex-clr\"><h2 class=\"vcex-blog-entry-title entry-title\"><a href=\"https:\/\/www.gerec.fi\/en\/muistisairauksien-riskiin-ja-ikaantyvien-toimintakyvyn-laskuun-voidaan-vaikuttaa-monin-eri-keinoin\/\">Muistisairauksien riskiin ja ik\u00e4\u00e4ntyvien toimintakyvyn laskuun voidaan vaikuttaa monin eri keinoin<\/a><\/h2><div class=\"vcex-blog-entry-date\">16.12.2020<\/div><div class=\"vcex-blog-entry-excerpt entry-excerpt entry clr\"><p>V\u00e4est\u00f6n ik\u00e4\u00e4ntymisen my\u00f6t\u00e4 muistisairaiden ja toimintakyvylt\u00e4\u00e4n heikentyneiden henkil\u00f6iden m\u00e4\u00e4r\u00e4 kasvaa maailmanlaajuisesti vauhdilla. Viimeisimpien arvioiden mukaan&hellip;<\/p><\/div><div class=\"vcex-blog-entry-readmore-wrap entry-readmore-wrap clr\"><a href=\"https:\/\/www.gerec.fi\/en\/muistisairauksien-riskiin-ja-ikaantyvien-toimintakyvyn-laskuun-voidaan-vaikuttaa-monin-eri-keinoin\/\" class=\"theme-button\">Read more..<\/a><\/div><\/div><\/div><\/div><div class=\"vcex-blog-entry entry-has-details span_1_of_3 col-3 col post-7790 entry type-post has-media cat-132\"><div class=\"vcex-blog-entry-inner entry-inner wpex-clr\"><div class=\"vcex-blog-entry-media entry-media\"><a href=\"https:\/\/www.gerec.fi\/en\/hauraan-ikaantyneen-naapurina-epavarmuutta-ja-epatietoisuutta\/\" title=\"Hauraan ik\u00e4\u00e4ntyneen naapurina \u2013 ep\u00e4varmuutta ja ep\u00e4tietoisuutta?\"><img loading=\"lazy\" decoding=\"async\" width=\"1920\" height=\"1280\" src=\"https:\/\/www.gerec.fi\/wp-content\/uploads\/2020\/12\/vanha-nainen-ikkunalla.jpg\" class=\"vcex-blog-entry-img\" alt=\"\" srcset=\"https:\/\/www.gerec.fi\/wp-content\/uploads\/2020\/12\/vanha-nainen-ikkunalla.jpg 1920w, https:\/\/www.gerec.fi\/wp-content\/uploads\/2020\/12\/vanha-nainen-ikkunalla-300x200.jpg 300w, https:\/\/www.gerec.fi\/wp-content\/uploads\/2020\/12\/vanha-nainen-ikkunalla-1024x683.jpg 1024w, https:\/\/www.gerec.fi\/wp-content\/uploads\/2020\/12\/vanha-nainen-ikkunalla-768x512.jpg 768w, https:\/\/www.gerec.fi\/wp-content\/uploads\/2020\/12\/vanha-nainen-ikkunalla-1536x1024.jpg 1536w\" sizes=\"auto, (max-width: 1920px) 100vw, 1920px\" \/><\/a><\/div><div class=\"vcex-blog-entry-details entry-details wpex-clr\"><h2 class=\"vcex-blog-entry-title entry-title\"><a href=\"https:\/\/www.gerec.fi\/en\/hauraan-ikaantyneen-naapurina-epavarmuutta-ja-epatietoisuutta\/\">Hauraan ik\u00e4\u00e4ntyneen naapurina \u2013 ep\u00e4varmuutta ja ep\u00e4tietoisuutta?<\/a><\/h2><div class=\"vcex-blog-entry-date\">7.12.2020<\/div><div class=\"vcex-blog-entry-excerpt entry-excerpt entry clr\"><p>Ik\u00e4\u00e4ntyneiden kotona asumista halutaan tukea ja se on my\u00f6s monen ik\u00e4\u00e4ntyneen oma toive. Usein paikallaan&hellip;<\/p><\/div><div class=\"vcex-blog-entry-readmore-wrap entry-readmore-wrap clr\"><a href=\"https:\/\/www.gerec.fi\/en\/hauraan-ikaantyneen-naapurina-epavarmuutta-ja-epatietoisuutta\/\" class=\"theme-button\">Read more..<\/a><\/div><\/div><\/div><\/div><div class=\"vcex-blog-entry entry-has-details span_1_of_3 col-1 col post-7783 entry type-post no-media cat-131 post_tag-134 post_tag-366 post_tag-365 post_tag-217\"><div class=\"vcex-blog-entry-inner entry-inner wpex-clr\"><div class=\"vcex-blog-entry-details entry-details wpex-clr\"><h2 class=\"vcex-blog-entry-title entry-title\"><a href=\"https:\/\/www.gerec.fi\/en\/virtuaalinen-tutkijoiden-yo-pe-27-11-2020\/\">Virtuaalinen Tutkijoiden y\u00f6 pe 27.11.2020<\/a><\/h2><div class=\"vcex-blog-entry-date\">24.11.2020<\/div><div class=\"vcex-blog-entry-excerpt entry-excerpt entry clr\"><p>Tutkijoiden y\u00f6 j\u00e4rjestet\u00e4\u00e4n t\u00e4n\u00e4 vuonna virtuaalisena. Mukana on my\u00f6s gerontologian alan esityksi\u00e4 Jyv\u00e4skyl\u00e4n yliopiston liikuntatieteellisen&hellip;<\/p><\/div><div class=\"vcex-blog-entry-readmore-wrap entry-readmore-wrap clr\"><a href=\"https:\/\/www.gerec.fi\/en\/virtuaalinen-tutkijoiden-yo-pe-27-11-2020\/\" class=\"theme-button\">Read more..<\/a><\/div><\/div><\/div><\/div><div class=\"vcex-blog-entry entry-has-details span_1_of_3 col-2 col post-7779 entry type-post no-media cat-132 post_tag-364 post_tag-234 post_tag-363\"><div class=\"vcex-blog-entry-inner entry-inner wpex-clr\"><div class=\"vcex-blog-entry-details entry-details wpex-clr\"><h2 class=\"vcex-blog-entry-title entry-title\"><a href=\"https:\/\/www.gerec.fi\/en\/miksi-persoonallisuudella-on-valia\/\">Miksi persoonallisuudella on v\u00e4li\u00e4?<\/a><\/h2><div class=\"vcex-blog-entry-date\">20.11.2020<\/div><div class=\"vcex-blog-entry-excerpt entry-excerpt entry clr\"><p>Ihmisen persoonallisuuden piirteet ovat suhteellisen pysyvi\u00e4 ominaisuuksia l\u00e4pi el\u00e4m\u00e4n. Ne my\u00f6s my\u00f6t\u00e4vaikuttavat ihmissuhteisiimme, harrastuksiimme, ty\u00f6uraamme&hellip;<\/p><\/div><div class=\"vcex-blog-entry-readmore-wrap entry-readmore-wrap clr\"><a href=\"https:\/\/www.gerec.fi\/en\/miksi-persoonallisuudella-on-valia\/\" class=\"theme-button\">Read more..<\/a><\/div><\/div><\/div><\/div><div class=\"vcex-blog-entry entry-has-details span_1_of_3 col-3 col post-7777 entry type-post no-media cat-132 post_tag-159\"><div class=\"vcex-blog-entry-inner entry-inner wpex-clr\"><div class=\"vcex-blog-entry-details entry-details wpex-clr\"><h2 class=\"vcex-blog-entry-title entry-title\"><a href=\"https:\/\/www.gerec.fi\/en\/hyvinvointi-tavoitteena-eli-mita-oikeastaan-tavoitellaan\/\">Hyvinvointi tavoitteena \u2013 eli mit\u00e4 oikeastaan tavoitellaan?<\/a><\/h2><div class=\"vcex-blog-entry-date\">20.11.2020<\/div><div class=\"vcex-blog-entry-excerpt entry-excerpt entry clr\"><p>Hyvinvointia tavoitellaan jatkuvasti sek\u00e4 omassa el\u00e4m\u00e4ss\u00e4 ett\u00e4 tutkimuksessa. Harvemmin kuitenkaan pys\u00e4hdyt\u00e4\u00e4n ajattelemaan, mit\u00e4 sill\u00e4 loppujen&hellip;<\/p><\/div><div class=\"vcex-blog-entry-readmore-wrap entry-readmore-wrap clr\"><a href=\"https:\/\/www.gerec.fi\/en\/hyvinvointi-tavoitteena-eli-mita-oikeastaan-tavoitellaan\/\" class=\"theme-button\">Read more..<\/a><\/div><\/div><\/div><\/div><div class=\"vcex-blog-entry entry-has-details span_1_of_3 col-1 col post-7760 entry type-post no-media cat-130 post_tag-245 post_tag-144 post_tag-312 post_tag-215 post_tag-322 post_tag-324 post_tag-313 post_tag-283\"><div class=\"vcex-blog-entry-inner entry-inner wpex-clr\"><div class=\"vcex-blog-entry-details entry-details wpex-clr\"><h2 class=\"vcex-blog-entry-title entry-title\"><a href=\"https:\/\/www.gerec.fi\/en\/iakkaiden-elamanlaatu-aleni-vain-vahan-koronakevaan-liikkumisrajoituksista-huolimatta\/\">I\u00e4kk\u00e4iden el\u00e4m\u00e4nlaatu aleni vain v\u00e4h\u00e4n koronakev\u00e4\u00e4n liikkumisrajoituksista huolimatta<\/a><\/h2><div class=\"vcex-blog-entry-date\">12.11.2020<\/div><div class=\"vcex-blog-entry-excerpt entry-excerpt entry clr\"><p>Kev\u00e4\u00e4ll\u00e4 2020 koronaan liittyvien liikkumisrajoitusten aikana i\u00e4kk\u00e4iden elinpiiri pieneni huomattavasti ja kodin ulkopuolinen aktiivisuus v\u00e4heni&hellip;<\/p><\/div><div class=\"vcex-blog-entry-readmore-wrap entry-readmore-wrap clr\"><a href=\"https:\/\/www.gerec.fi\/en\/iakkaiden-elamanlaatu-aleni-vain-vahan-koronakevaan-liikkumisrajoituksista-huolimatta\/\" class=\"theme-button\">Read more..<\/a><\/div><\/div><\/div><\/div><div class=\"vcex-blog-entry entry-has-details span_1_of_3 col-2 col post-7755 entry type-post no-media cat-130 post_tag-162 post_tag-154 post_tag-138 post_tag-140 post_tag-141\"><div class=\"vcex-blog-entry-inner entry-inner wpex-clr\"><div class=\"vcex-blog-entry-details entry-details wpex-clr\"><h2 class=\"vcex-blog-entry-title entry-title\"><a href=\"https:\/\/www.gerec.fi\/en\/kevyt-liikkuminen-voi-hidastaa-ikaan-liittyvaa-luun-menetysta\/\">Kevyt liikkuminen voi hidastaa ik\u00e4\u00e4n liittyv\u00e4\u00e4 luun menetyst\u00e4<\/a><\/h2><div class=\"vcex-blog-entry-date\">11.11.2020<\/div><div class=\"vcex-blog-entry-excerpt entry-excerpt entry clr\"><p>I\u00e4kk\u00e4iden luut hy\u00f6tyv\u00e4t kevyest\u00e4 liikunnasta, selvi\u00e4\u00e4 tuoreessa Jyv\u00e4skyl\u00e4n yliopiston tutkimuksessa. V\u00e4h\u00e4n liikkuvien i\u00e4kk\u00e4iden kevyt liikkuminen&hellip;<\/p><\/div><div class=\"vcex-blog-entry-readmore-wrap entry-readmore-wrap clr\"><a href=\"https:\/\/www.gerec.fi\/en\/kevyt-liikkuminen-voi-hidastaa-ikaan-liittyvaa-luun-menetysta\/\" class=\"theme-button\">Read more..<\/a><\/div><\/div><\/div><\/div><div class=\"vcex-blog-entry entry-has-details span_1_of_3 col-3 col post-7744 entry type-post no-media cat-130 post_tag-311 post_tag-310\"><div class=\"vcex-blog-entry-inner entry-inner wpex-clr\"><div class=\"vcex-blog-entry-details entry-details wpex-clr\"><h2 class=\"vcex-blog-entry-title entry-title\"><a href=\"https:\/\/www.gerec.fi\/en\/avoin-tyopaikka-tutkimusavustaja\/\">Avoin ty\u00f6paikka: Tutkimusavustaja<\/a><\/h2><div class=\"vcex-blog-entry-date\">6.11.2020<\/div><div class=\"vcex-blog-entry-excerpt entry-excerpt entry clr\"><p>Tutkimusavustaja Tampereen yliopisto ja Tampereen ammattikorkeakoulu muodostavat korkeakouluyhteis\u00f6n, joka uskoo ihmiseen ja tieteeseen. Tekniikan, terveyden&hellip;<\/p><\/div><div class=\"vcex-blog-entry-readmore-wrap entry-readmore-wrap clr\"><a href=\"https:\/\/www.gerec.fi\/en\/avoin-tyopaikka-tutkimusavustaja\/\" class=\"theme-button\">Read more..<\/a><\/div><\/div><\/div><\/div><div class=\"vcex-blog-entry entry-has-details span_1_of_3 col-1 col post-7718 entry type-post no-media cat-130 post_tag-302 post_tag-134 post_tag-361 post_tag-362\"><div class=\"vcex-blog-entry-inner entry-inner wpex-clr\"><div class=\"vcex-blog-entry-details entry-details wpex-clr\"><h2 class=\"vcex-blog-entry-title entry-title\"><a href=\"https:\/\/www.gerec.fi\/en\/ikaantyvien-tyontekijoiden-kykenemista-osaamista-ja-halua-jatkaa-tyoelamassa-tulee-tarkastella-yksilokohtaisesti-ja-huomioiden-rakenteelliset-rajoitteet\/\">Ik\u00e4\u00e4ntyvien ty\u00f6ntekij\u00f6iden kykenemist\u00e4, osaamista ja halua jatkaa ty\u00f6el\u00e4m\u00e4ss\u00e4 tulee tarkastella yksil\u00f6kohtaisesti ja huomioiden rakenteelliset rajoitteet<\/a><\/h2><div class=\"vcex-blog-entry-date\">7.10.2020<\/div><div class=\"vcex-blog-entry-excerpt entry-excerpt entry clr\"><p>Ty\u00f6nantajien ja ty\u00f6ntekij\u00f6iden arvot ja asenteet ty\u00f6ss\u00e4 jatkamista kohtaan sek\u00e4 ty\u00f6ntekij\u00e4n hyvinvointia tukevat joustot tulee&hellip;<\/p><\/div><div class=\"vcex-blog-entry-readmore-wrap entry-readmore-wrap clr\"><a href=\"https:\/\/www.gerec.fi\/en\/ikaantyvien-tyontekijoiden-kykenemista-osaamista-ja-halua-jatkaa-tyoelamassa-tulee-tarkastella-yksilokohtaisesti-ja-huomioiden-rakenteelliset-rajoitteet\/\" class=\"theme-button\">Read more..<\/a><\/div><\/div><\/div><\/div><div class=\"vcex-blog-entry entry-has-details span_1_of_3 col-2 col post-7715 entry type-post no-media cat-130 post_tag-302 post_tag-325\"><div class=\"vcex-blog-entry-inner entry-inner wpex-clr\"><div class=\"vcex-blog-entry-details entry-details wpex-clr\"><h2 class=\"vcex-blog-entry-title entry-title\"><a href=\"https:\/\/www.gerec.fi\/en\/professori-marja-jylha-palkittiin-ansiokkaasta-yhteiskunnallisesta-vuorovaikutuksesta\/\">Professori Marja Jylh\u00e4 palkittiin ansiokkaasta yhteiskunnallisesta vuorovaikutuksesta<\/a><\/h2><div class=\"vcex-blog-entry-date\">23.9.2020<\/div><div class=\"vcex-blog-entry-excerpt entry-excerpt entry clr\"><p>Palkinnon saajaa saivat ehdottaa kaikki korkeakouluyhteis\u00f6n j\u00e4senet ja ehdotuksia tulikin paljon. T\u00e4n\u00e4 vuonna palkinnon saajaksi&hellip;<\/p><\/div><div class=\"vcex-blog-entry-readmore-wrap entry-readmore-wrap clr\"><a href=\"https:\/\/www.gerec.fi\/en\/professori-marja-jylha-palkittiin-ansiokkaasta-yhteiskunnallisesta-vuorovaikutuksesta\/\" class=\"theme-button\">Read more..<\/a><\/div><\/div><\/div><\/div><div class=\"vcex-blog-entry entry-has-details span_1_of_3 col-3 col post-7708 entry type-post no-media cat-130 post_tag-360 post_tag-359 post_tag-358 post_tag-155 post_tag-146\"><div class=\"vcex-blog-entry-inner entry-inner wpex-clr\"><div class=\"vcex-blog-entry-details entry-details wpex-clr\"><h2 class=\"vcex-blog-entry-title entry-title\"><a href=\"https:\/\/www.gerec.fi\/en\/raskas-tyo-ja-epaterveelliset-elintavat-saattavat-nopeuttaa-ikaantymista-jo-nuorilla\/\">Raskas ty\u00f6 ja ep\u00e4terveelliset elintavat saattavat nopeuttaa ik\u00e4\u00e4ntymist\u00e4 jo nuorilla<\/a><\/h2><div class=\"vcex-blog-entry-date\">17.9.2020<\/div><div class=\"vcex-blog-entry-excerpt entry-excerpt entry clr\"><p>Vapaa-ajan fyysinen aktiivisuus on yhteydess\u00e4 hidastuneeseen biologiseen ik\u00e4\u00e4ntymiseen, kun taas ty\u00f6ajan fyysinen aktiivisuus on yhteydess\u00e4&hellip;<\/p><\/div><div class=\"vcex-blog-entry-readmore-wrap entry-readmore-wrap clr\"><a href=\"https:\/\/www.gerec.fi\/en\/raskas-tyo-ja-epaterveelliset-elintavat-saattavat-nopeuttaa-ikaantymista-jo-nuorilla\/\" class=\"theme-button\">Read more..<\/a><\/div><\/div><\/div><\/div><div class=\"vcex-blog-entry entry-has-details span_1_of_3 col-1 col post-7704 entry type-post no-media cat-130 post_tag-245 post_tag-144 post_tag-356 post_tag-354 post_tag-357 post_tag-209 post_tag-355\"><div class=\"vcex-blog-entry-inner entry-inner wpex-clr\"><div class=\"vcex-blog-entry-details entry-details wpex-clr\"><h2 class=\"vcex-blog-entry-title entry-title\"><a href=\"https:\/\/www.gerec.fi\/en\/iakkaat-ihmiset-ovat-nuortuneet-fyysinen-ja-alyllinen-toimintakyky-on-parantunut-30-vuodessa-merkittavasti\/\">I\u00e4kk\u00e4\u00e4t ihmiset ovat nuortuneet: fyysinen ja \u00e4lyllinen toimintakyky on parantunut 30 vuodessa merkitt\u00e4v\u00e4sti<\/a><\/h2><div class=\"vcex-blog-entry-date\">14.9.2020<\/div><div class=\"vcex-blog-entry-excerpt entry-excerpt entry clr\"><p>I\u00e4kk\u00e4iden henkil\u00f6iden toimintakyky on nyky\u00e4\u00e4n huomattavasti parempi verrattuna saman ik\u00e4isten toimintakykyyn kolme vuosikymment\u00e4 sitten. T\u00e4m\u00e4&hellip;<\/p><\/div><div class=\"vcex-blog-entry-readmore-wrap entry-readmore-wrap clr\"><a href=\"https:\/\/www.gerec.fi\/en\/iakkaat-ihmiset-ovat-nuortuneet-fyysinen-ja-alyllinen-toimintakyky-on-parantunut-30-vuodessa-merkittavasti\/\" class=\"theme-button\">Read more..<\/a><\/div><\/div><\/div><\/div><div class=\"vcex-blog-entry entry-has-details span_1_of_3 col-2 col post-7693 entry type-post no-media cat-131\"><div class=\"vcex-blog-entry-inner entry-inner wpex-clr\"><div class=\"vcex-blog-entry-details entry-details wpex-clr\"><h2 class=\"vcex-blog-entry-title entry-title\"><a href=\"https:\/\/www.gerec.fi\/en\/gerec-autumn-school-29th-30th-october-2020-webinar\/\">GEREC Autumn School 29th-30th October 2020 webinar<\/a><\/h2><div class=\"vcex-blog-entry-date\">14.9.2020<\/div><div class=\"vcex-blog-entry-excerpt entry-excerpt entry clr\"><p>Autumn School of Gerontology will be organised this year as a webinar. Theme of the&hellip;<\/p><\/div><div class=\"vcex-blog-entry-readmore-wrap entry-readmore-wrap clr\"><a href=\"https:\/\/www.gerec.fi\/en\/gerec-autumn-school-29th-30th-october-2020-webinar\/\" class=\"theme-button\">Read more..<\/a><\/div><\/div><\/div><\/div><div class=\"vcex-blog-entry entry-has-details span_1_of_3 col-3 col post-7245 entry type-post has-media cat-131 post_tag-261\"><div class=\"vcex-blog-entry-inner entry-inner wpex-clr\"><div class=\"vcex-blog-entry-media entry-media\"><a href=\"https:\/\/www.gerec.fi\/en\/gerontologia-2020-kongressi-jyvaskylassa-25-27-3\/\" title=\"Gerontologia 2020 -kongressi peruuntuu\"><img loading=\"lazy\" decoding=\"async\" width=\"957\" height=\"718\" src=\"https:\/\/www.gerec.fi\/wp-content\/uploads\/2020\/03\/Gerontologia2020_some_uusi_1.jpg\" class=\"vcex-blog-entry-img\" alt=\"\" srcset=\"https:\/\/www.gerec.fi\/wp-content\/uploads\/2020\/03\/Gerontologia2020_some_uusi_1.jpg 957w, https:\/\/www.gerec.fi\/wp-content\/uploads\/2020\/03\/Gerontologia2020_some_uusi_1-300x225.jpg 300w, https:\/\/www.gerec.fi\/wp-content\/uploads\/2020\/03\/Gerontologia2020_some_uusi_1-768x576.jpg 768w\" sizes=\"auto, (max-width: 957px) 100vw, 957px\" \/><\/a><\/div><div class=\"vcex-blog-entry-details entry-details wpex-clr\"><h2 class=\"vcex-blog-entry-title entry-title\"><a href=\"https:\/\/www.gerec.fi\/en\/gerontologia-2020-kongressi-jyvaskylassa-25-27-3\/\">Gerontologia 2020 -kongressi peruuntuu<\/a><\/h2><div class=\"vcex-blog-entry-date\">11.9.2020<\/div><div class=\"vcex-blog-entry-excerpt entry-excerpt entry clr\"><p>Gerontologia 2020 -kongressi on p\u00e4\u00e4tetty peruuttaa vaikeasti ennakoitavan koronavirustilanteen vuoksi.\u00a0 Kongressi oli tarkoitus j\u00e4rjest\u00e4\u00e4 30.11.-2.12.2020&hellip;<\/p><\/div><div class=\"vcex-blog-entry-readmore-wrap entry-readmore-wrap clr\"><a href=\"https:\/\/www.gerec.fi\/en\/gerontologia-2020-kongressi-jyvaskylassa-25-27-3\/\" class=\"theme-button\">Read more..<\/a><\/div><\/div><\/div><\/div><div class=\"vcex-blog-entry entry-has-details span_1_of_3 col-1 col post-7680 entry type-post no-media cat-130 post_tag-155 post_tag-148 post_tag-154 post_tag-234\"><div class=\"vcex-blog-entry-inner entry-inner wpex-clr\"><div class=\"vcex-blog-entry-details entry-details wpex-clr\"><h2 class=\"vcex-blog-entry-title entry-title\"><a href=\"https:\/\/www.gerec.fi\/en\/neuroottisemmat-naiset-liikkuvat-vahemman\/\">Neuroottisemmat naiset liikkuvat v\u00e4hemm\u00e4n<\/a><\/h2><div class=\"vcex-blog-entry-date\">28.8.2020<\/div><div class=\"vcex-blog-entry-excerpt entry-excerpt entry clr\"><p>Persoonallisuuden piirteet auttavat ymm\u00e4rt\u00e4m\u00e4\u00e4n, miksi toiset ihmiset liikkuvat ja toiset eiv\u00e4t. Jyv\u00e4skyl\u00e4n yliopiston liikuntatieteellisess\u00e4 tiedekunnassa,&hellip;<\/p><\/div><div class=\"vcex-blog-entry-readmore-wrap entry-readmore-wrap clr\"><a href=\"https:\/\/www.gerec.fi\/en\/neuroottisemmat-naiset-liikkuvat-vahemman\/\" class=\"theme-button\">Read more..<\/a><\/div><\/div><\/div><\/div><div class=\"vcex-blog-entry entry-has-details span_1_of_3 col-2 col post-7664 entry type-post no-media cat-130 post_tag-353 post_tag-162 post_tag-352 post_tag-214 post_tag-209 post_tag-246\"><div class=\"vcex-blog-entry-inner entry-inner wpex-clr\"><div class=\"vcex-blog-entry-details entry-details wpex-clr\"><h2 class=\"vcex-blog-entry-title entry-title\"><a href=\"https:\/\/www.gerec.fi\/en\/ymparistotekijat-voivat-tukea-iakkaiden-ihmisten-kavelyn-jatkumista\/\">Ymp\u00e4rist\u00f6tekij\u00e4t voivat tukea i\u00e4kk\u00e4iden ihmisten k\u00e4velyn jatkumista<\/a><\/h2><div class=\"vcex-blog-entry-date\">21.8.2020<\/div><div class=\"vcex-blog-entry-excerpt entry-excerpt entry clr\"><p>I\u00e4kk\u00e4\u00e4t ihmiset muokkaavat k\u00e4vely\u00e4\u00e4n tietoisesti tai tiedostamatta toimintakyvyn heiketess\u00e4. Tuoreen tutkimuksen mukaan i\u00e4kk\u00e4\u00e4t henkil\u00f6t, jotka&hellip;<\/p><\/div><div class=\"vcex-blog-entry-readmore-wrap entry-readmore-wrap clr\"><a href=\"https:\/\/www.gerec.fi\/en\/ymparistotekijat-voivat-tukea-iakkaiden-ihmisten-kavelyn-jatkumista\/\" class=\"theme-button\">Read more..<\/a><\/div><\/div><\/div><\/div><div class=\"vcex-blog-entry entry-has-details span_1_of_3 col-3 col post-7660 entry type-post no-media cat-130 post_tag-302 post_tag-134 post_tag-351 post_tag-350\"><div class=\"vcex-blog-entry-inner entry-inner wpex-clr\"><div class=\"vcex-blog-entry-details entry-details wpex-clr\"><h2 class=\"vcex-blog-entry-title entry-title\"><a href=\"https:\/\/www.gerec.fi\/en\/suomessa-suurin-osa-iakkaista-ihmisista-kuolee-terveyskeskussairaalassa-norjassa-vanhainkodissa\/\">Suomessa suurin osa i\u00e4kk\u00e4ist\u00e4 ihmisist\u00e4 kuolee terveyskeskussairaalassa, Norjassa vanhainkodissa<\/a><\/h2><div class=\"vcex-blog-entry-date\">10.8.2020<\/div><div class=\"vcex-blog-entry-excerpt entry-excerpt entry clr\"><p>Suomessa ja Norjassa ik\u00e4\u00e4ntyneet voivat viett\u00e4\u00e4 el\u00e4m\u00e4ns\u00e4 viimeiset viikot ja p\u00e4iv\u00e4t l\u00e4hemp\u00e4n\u00e4 kotiaan kuin erikoissairaanhoidossa.&hellip;<\/p><\/div><div class=\"vcex-blog-entry-readmore-wrap entry-readmore-wrap clr\"><a href=\"https:\/\/www.gerec.fi\/en\/suomessa-suurin-osa-iakkaista-ihmisista-kuolee-terveyskeskussairaalassa-norjassa-vanhainkodissa\/\" class=\"theme-button\">Read more..<\/a><\/div><\/div><\/div><\/div><div class=\"vcex-blog-entry entry-has-details span_1_of_3 col-1 col post-7656 entry type-post no-media cat-130 post_tag-155 post_tag-162 post_tag-349 post_tag-147\"><div class=\"vcex-blog-entry-inner entry-inner wpex-clr\"><div class=\"vcex-blog-entry-details entry-details wpex-clr\"><h2 class=\"vcex-blog-entry-title entry-title\"><a href=\"https:\/\/www.gerec.fi\/en\/puistot-kavelyreitit-ja-palvelut-sopivalla-etaisyydella-saavat-ikaantyneet-liikkeelle\/\">Puistot, k\u00e4velyreitit ja palvelut sopivalla et\u00e4isyydell\u00e4 saavat ik\u00e4\u00e4ntyneet liikkeelle<\/a><\/h2><div class=\"vcex-blog-entry-date\">7.8.2020<\/div><div class=\"vcex-blog-entry-excerpt entry-excerpt entry clr\"><p>Liikuntapaikat yli puolen kilometrin p\u00e4\u00e4st\u00e4 kotoa voivat houkutella ik\u00e4\u00e4ntyneit\u00e4 henkil\u00f6it\u00e4 liikkumaan. Ulkona liikkumiseen houkuttelevat puistot,&hellip;<\/p><\/div><div class=\"vcex-blog-entry-readmore-wrap entry-readmore-wrap clr\"><a href=\"https:\/\/www.gerec.fi\/en\/puistot-kavelyreitit-ja-palvelut-sopivalla-etaisyydella-saavat-ikaantyneet-liikkeelle\/\" class=\"theme-button\">Read more..<\/a><\/div><\/div><\/div><\/div><div class=\"vcex-blog-entry entry-has-details span_1_of_3 col-2 col post-7643 entry type-post no-media cat-130 post_tag-346 post_tag-343 post_tag-344 post_tag-348 post_tag-347\"><div class=\"vcex-blog-entry-inner entry-inner wpex-clr\"><div class=\"vcex-blog-entry-details entry-details wpex-clr\"><h2 class=\"vcex-blog-entry-title entry-title\"><a href=\"https:\/\/www.gerec.fi\/en\/liikunta-saa-kehon-erittamaan-merkkiaineita-hikeen\/\">Liikunta saa kehon eritt\u00e4m\u00e4\u00e4n merkkiaineita hikeen<\/a><\/h2><div class=\"vcex-blog-entry-date\">7.8.2020<\/div><div class=\"vcex-blog-entry-excerpt entry-excerpt entry clr\"><p>Juuri julkaistu Jyv\u00e4skyl\u00e4n ja Oulun yliopistojen yhteisty\u00f6tutkimus osoittaa, ett\u00e4 veren lis\u00e4ksi my\u00f6s hien sis\u00e4lt\u00e4mien biomolekyylien&hellip;<\/p><\/div><div class=\"vcex-blog-entry-readmore-wrap entry-readmore-wrap clr\"><a href=\"https:\/\/www.gerec.fi\/en\/liikunta-saa-kehon-erittamaan-merkkiaineita-hikeen\/\" class=\"theme-button\">Read more..<\/a><\/div><\/div><\/div><\/div><div class=\"vcex-blog-entry entry-has-details span_1_of_3 col-3 col post-7638 entry type-post no-media cat-130 post_tag-302 post_tag-134 post_tag-150 post_tag-342\"><div class=\"vcex-blog-entry-inner entry-inner wpex-clr\"><div class=\"vcex-blog-entry-details entry-details wpex-clr\"><h2 class=\"vcex-blog-entry-title entry-title\"><a href=\"https:\/\/www.gerec.fi\/en\/toimintakyky-heikkenee-edelleen-yli-90-vuotiaidenkin-joukossa-mutta-heikkenemisvauhti-riippuu-tutkimusjoukosta-tutkimusjoukko-maarittaa-kaytettavan-tilastollisen-menetelman\/\">Toimintakyky heikkenee edelleen yli 90-vuotiaidenkin joukossa, mutta heikkenemisvauhti riippuu tutkimusjoukosta: tutkimusjoukko m\u00e4\u00e4ritt\u00e4\u00e4 k\u00e4ytett\u00e4v\u00e4n tilastollisen menetelm\u00e4n<\/a><\/h2><div class=\"vcex-blog-entry-date\">3.8.2020<\/div><div class=\"vcex-blog-entry-excerpt entry-excerpt entry clr\"><p>Tervaskannot 90+ -tutkimuksen mukaan viel\u00e4 yli 90-vuotiaidenkin joukossa fyysinen toimintakyky heikkenee ik\u00e4vuosien lis\u00e4\u00e4ntyess\u00e4, mutta heikkenemisvauhti&hellip;<\/p><\/div><div class=\"vcex-blog-entry-readmore-wrap entry-readmore-wrap clr\"><a href=\"https:\/\/www.gerec.fi\/en\/toimintakyky-heikkenee-edelleen-yli-90-vuotiaidenkin-joukossa-mutta-heikkenemisvauhti-riippuu-tutkimusjoukosta-tutkimusjoukko-maarittaa-kaytettavan-tilastollisen-menetelman\/\" class=\"theme-button\">Read more..<\/a><\/div><\/div><\/div><\/div><div class=\"vcex-blog-entry entry-has-details span_1_of_3 col-1 col post-7628 entry type-post no-media cat-130 post_tag-245 post_tag-304 post_tag-270 post_tag-341\"><div class=\"vcex-blog-entry-inner entry-inner wpex-clr\"><div class=\"vcex-blog-entry-details entry-details wpex-clr\"><h2 class=\"vcex-blog-entry-title entry-title\"><a href=\"https:\/\/www.gerec.fi\/en\/iakkaiden-liikkumista-tarkasteltava-heille-sopivalla-mittarilla\/\">I\u00e4kk\u00e4iden liikkumista tarkasteltava heille sopivalla mittarilla<\/a><\/h2><div class=\"vcex-blog-entry-date\">14.7.2020<\/div><div class=\"vcex-blog-entry-excerpt entry-excerpt entry clr\"><p>I\u00e4n my\u00f6t\u00e4 mahdollisesti heikkenev\u00e4 kyky liikkua tulee huomioida aktiivisuusmittauksessa. Jyv\u00e4skyl\u00e4n yliopiston aktiivisena vanhenemista k\u00e4sittelev\u00e4 tutkimus&hellip;<\/p><\/div><div class=\"vcex-blog-entry-readmore-wrap entry-readmore-wrap clr\"><a href=\"https:\/\/www.gerec.fi\/en\/iakkaiden-liikkumista-tarkasteltava-heille-sopivalla-mittarilla\/\" class=\"theme-button\">Read more..<\/a><\/div><\/div><\/div><\/div><div class=\"vcex-blog-entry entry-has-details span_1_of_3 col-2 col post-7626 entry type-post no-media cat-130 post_tag-339 post_tag-340 post_tag-209\"><div class=\"vcex-blog-entry-inner entry-inner wpex-clr\"><div class=\"vcex-blog-entry-details entry-details wpex-clr\"><h2 class=\"vcex-blog-entry-title entry-title\"><a href=\"https:\/\/www.gerec.fi\/en\/elinajanodote-90-vuotiaana-kasvaa-lisaantyvatko-terveet-sairaat-vai-seka-terveet-etta-sairaat-elinvuodet\/\">Elinajanodote 90-vuotiaana kasvaa: lis\u00e4\u00e4ntyv\u00e4tk\u00f6 terveet, sairaat vai sek\u00e4 terveet ett\u00e4 sairaat elinvuodet?<\/a><\/h2><div class=\"vcex-blog-entry-date\">14.7.2020<\/div><div class=\"vcex-blog-entry-excerpt entry-excerpt entry clr\"><p>Suomessa 90-vuotiaiden elinajanodote kasvoi noin puolella vuodella vuosien 2001 ja 2018 v\u00e4lill\u00e4. Tervaskannot 90+ tutkimuksen&hellip;<\/p><\/div><div class=\"vcex-blog-entry-readmore-wrap entry-readmore-wrap clr\"><a href=\"https:\/\/www.gerec.fi\/en\/elinajanodote-90-vuotiaana-kasvaa-lisaantyvatko-terveet-sairaat-vai-seka-terveet-etta-sairaat-elinvuodet\/\" class=\"theme-button\">Read more..<\/a><\/div><\/div><\/div><\/div><div class=\"vcex-blog-entry entry-has-details span_1_of_3 col-3 col post-7601 entry type-post no-media cat-130 post_tag-337 post_tag-311 post_tag-310 post_tag-338\"><div class=\"vcex-blog-entry-inner entry-inner wpex-clr\"><div class=\"vcex-blog-entry-details entry-details wpex-clr\"><h2 class=\"vcex-blog-entry-title entry-title\"><a href=\"https:\/\/www.gerec.fi\/en\/current-vacancy-a-postdoctoral-researcher-in-the-field-of-molecular-biology-of-hdl-particle\/\">Current vacancy: A postdoctoral researcher, in the field of molecular biology of HDL-particle<\/a><\/h2><div class=\"vcex-blog-entry-date\">26.6.2020<\/div><div class=\"vcex-blog-entry-excerpt entry-excerpt entry clr\"><p>The University of Jyv\u00e4skyl\u00e4 is a human-centered environment of 2,500 experts and 14,500 students. Our&hellip;<\/p><\/div><div class=\"vcex-blog-entry-readmore-wrap entry-readmore-wrap clr\"><a href=\"https:\/\/www.gerec.fi\/en\/current-vacancy-a-postdoctoral-researcher-in-the-field-of-molecular-biology-of-hdl-particle\/\" class=\"theme-button\">Read more..<\/a><\/div><\/div><\/div><\/div><div class=\"vcex-blog-entry entry-has-details span_1_of_3 col-1 col post-7597 entry type-post no-media cat-130 post_tag-245 post_tag-304 post_tag-327\"><div class=\"vcex-blog-entry-inner entry-inner wpex-clr\"><div class=\"vcex-blog-entry-details entry-details wpex-clr\"><h2 class=\"vcex-blog-entry-title entry-title\"><a href=\"https:\/\/www.gerec.fi\/en\/lisaantynyt-arjen-aktiivisuus-ei-valttamatta-paranna-liikkumiskykya-tai-lisaa-liikkumista-ikaihmisilla\/\">Lis\u00e4\u00e4ntynyt arjen aktiivisuus ei v\u00e4ltt\u00e4m\u00e4tt\u00e4 paranna liikkumiskyky\u00e4 tai lis\u00e4\u00e4 liikkumista ik\u00e4ihmisill\u00e4<\/a><\/h2><div class=\"vcex-blog-entry-date\">26.6.2020<\/div><div class=\"vcex-blog-entry-excerpt entry-excerpt entry clr\"><p>Jyv\u00e4skyl\u00e4n yliopistossa toteutettiin tutkimus, jossa yksil\u00f6llistetyll\u00e4 neuvonnalla pyrittiin lis\u00e4\u00e4m\u00e4\u00e4n mielek\u00e4st\u00e4 aktiivisuutta i\u00e4kk\u00e4ill\u00e4 henkil\u00f6ill\u00e4. Neuvonta lis\u00e4si&hellip;<\/p><\/div><div class=\"vcex-blog-entry-readmore-wrap entry-readmore-wrap clr\"><a href=\"https:\/\/www.gerec.fi\/en\/lisaantynyt-arjen-aktiivisuus-ei-valttamatta-paranna-liikkumiskykya-tai-lisaa-liikkumista-ikaihmisilla\/\" class=\"theme-button\">Read more..<\/a><\/div><\/div><\/div><\/div><div class=\"vcex-blog-entry entry-has-details span_1_of_3 col-2 col post-7574 entry type-post no-media cat-130 post_tag-302 post_tag-287 post_tag-333\"><div class=\"vcex-blog-entry-inner entry-inner wpex-clr\"><div class=\"vcex-blog-entry-details entry-details wpex-clr\"><h2 class=\"vcex-blog-entry-title entry-title\"><a href=\"https:\/\/www.gerec.fi\/en\/professorit-marja-jylha-ja-teppo-kroger-vaestopoliittiseen-tiedepaneeliin\/\">Professorit Marja Jylh\u00e4 ja Teppo Kr\u00f6ger v\u00e4est\u00f6poliittiseen tiedepaneeliin<\/a><\/h2><div class=\"vcex-blog-entry-date\">16.6.2020<\/div><div class=\"vcex-blog-entry-excerpt entry-excerpt entry clr\"><p>Valtioneuvoston kanslia on asettanut v\u00e4est\u00f6poliittisen selvityshankkeen, jonka selvityshenkil\u00f6n\u00e4 on professori Anna Rotkirch. Hankkeella on valtiosihteereist\u00e4&hellip;<\/p><\/div><div class=\"vcex-blog-entry-readmore-wrap entry-readmore-wrap clr\"><a href=\"https:\/\/www.gerec.fi\/en\/professorit-marja-jylha-ja-teppo-kroger-vaestopoliittiseen-tiedepaneeliin\/\" class=\"theme-button\">Read more..<\/a><\/div><\/div><\/div><\/div><div class=\"vcex-blog-entry entry-has-details span_1_of_3 col-3 col post-7533 entry type-post no-media cat-130 post_tag-336 post_tag-334 post_tag-335 post_tag-315 post_tag-305 post_tag-138 post_tag-139 post_tag-332 post_tag-330 post_tag-226 post_tag-209\"><div class=\"vcex-blog-entry-inner entry-inner wpex-clr\"><div class=\"vcex-blog-entry-details entry-details wpex-clr\"><h2 class=\"vcex-blog-entry-title entry-title\"><a href=\"https:\/\/www.gerec.fi\/en\/low-physical-function-and-low-muscle-mass-increase-the-risk-for-accelerated-bone-loss-in-older-hip-fracture-patients\/\">Low physical function and low muscle mass increase the risk for accelerated bone loss in older hip fracture patients<\/a><\/h2><div class=\"vcex-blog-entry-date\">10.6.2020<\/div><div class=\"vcex-blog-entry-excerpt entry-excerpt entry clr\"><p>Low physical function and low muscle mass after hip fracture increased the risk for accelerated&hellip;<\/p><\/div><div class=\"vcex-blog-entry-readmore-wrap entry-readmore-wrap clr\"><a href=\"https:\/\/www.gerec.fi\/en\/low-physical-function-and-low-muscle-mass-increase-the-risk-for-accelerated-bone-loss-in-older-hip-fracture-patients\/\" class=\"theme-button\">Read more..<\/a><\/div><\/div><\/div><\/div><div class=\"vcex-blog-entry entry-has-details span_1_of_3 col-1 col post-7492 entry type-post no-media cat-130 post_tag-245 post_tag-327\"><div class=\"vcex-blog-entry-inner entry-inner wpex-clr\"><div class=\"vcex-blog-entry-details entry-details wpex-clr\"><h2 class=\"vcex-blog-entry-title entry-title\"><a href=\"https:\/\/www.gerec.fi\/en\/neuvonnalla-on-hankala-muuttaa-iakkaiden-ihmisten-aktiivisuutta\/\">Neuvonnalla on hankala muuttaa i\u00e4kk\u00e4iden ihmisten aktiivisuutta<\/a><\/h2><div class=\"vcex-blog-entry-date\">2.6.2020<\/div><div class=\"vcex-blog-entry-excerpt entry-excerpt entry clr\"><p>Jyv\u00e4skyl\u00e4n yliopiston Gerontologian tutkimuskeskuksessa toteutetussa tutkimuksessa oli tarkoitus lis\u00e4t\u00e4 i\u00e4kk\u00e4iden ihmisten omiin tavoitteisiin pohjautuvaa aktiivisuutta&hellip;<\/p><\/div><div class=\"vcex-blog-entry-readmore-wrap entry-readmore-wrap clr\"><a href=\"https:\/\/www.gerec.fi\/en\/neuvonnalla-on-hankala-muuttaa-iakkaiden-ihmisten-aktiivisuutta\/\" class=\"theme-button\">Read more..<\/a><\/div><\/div><\/div><\/div><div class=\"vcex-blog-entry entry-has-details span_1_of_3 col-2 col post-7486 entry type-post no-media cat-130 post_tag-326 post_tag-218 post_tag-309\"><div class=\"vcex-blog-entry-inner entry-inner wpex-clr\"><div class=\"vcex-blog-entry-details entry-details wpex-clr\"><h2 class=\"vcex-blog-entry-title entry-title\"><a href=\"https:\/\/www.gerec.fi\/en\/akatemiatutkija-eija-laakkoselle-merkittava-rahoitus-suomen-akatemialta-menopaussin-aineenvaihdunnan-tutkimiseen\/\">Akatemiatutkija Eija Laakkoselle merkitt\u00e4v\u00e4 rahoitus Suomen Akatemialta menopaussin aineenvaihdunnan tutkimiseen<\/a><\/h2><div class=\"vcex-blog-entry-date\">29.5.2020<\/div><div class=\"vcex-blog-entry-excerpt entry-excerpt entry clr\"><p>Suomen Akatemian biotieteiden, terveyden ja ymp\u00e4rist\u00f6n tutkimuksen toimikunta (BTY) on my\u00f6nt\u00e4nyt rahoitukset akatemiahankkeille. Yksi rahoituksen&hellip;<\/p><\/div><div class=\"vcex-blog-entry-readmore-wrap entry-readmore-wrap clr\"><a href=\"https:\/\/www.gerec.fi\/en\/akatemiatutkija-eija-laakkoselle-merkittava-rahoitus-suomen-akatemialta-menopaussin-aineenvaihdunnan-tutkimiseen\/\" class=\"theme-button\">Read more..<\/a><\/div><\/div><\/div><\/div><div class=\"vcex-blog-entry entry-has-details span_1_of_3 col-3 col post-7477 entry type-post no-media cat-130 post_tag-302 post_tag-324 post_tag-325 post_tag-323 post_tag-135\"><div class=\"vcex-blog-entry-inner entry-inner wpex-clr\"><div class=\"vcex-blog-entry-details entry-details wpex-clr\"><h2 class=\"vcex-blog-entry-title entry-title\"><a href=\"https:\/\/www.gerec.fi\/en\/professori-marja-jylhan-tutkimusryhmalle-rahoitus\/\">Professori Marja Jylh\u00e4n tutkimusryhm\u00e4lle rahoitus<\/a><\/h2><div class=\"vcex-blog-entry-date\">28.5.2020<\/div><div class=\"vcex-blog-entry-excerpt entry-excerpt entry clr\"><p>Suomen Akatemia tukee GEREC:n tutkimusta koronapandemian vaikutuksista. Marja Jylh\u00e4n Tampereen yliopistossa toimivalle ryhm\u00e4lle on my\u00f6nnetty&hellip;<\/p><\/div><div class=\"vcex-blog-entry-readmore-wrap entry-readmore-wrap clr\"><a href=\"https:\/\/www.gerec.fi\/en\/professori-marja-jylhan-tutkimusryhmalle-rahoitus\/\" class=\"theme-button\">Read more..<\/a><\/div><\/div><\/div><\/div><div class=\"vcex-blog-entry entry-has-details span_1_of_3 col-1 col post-7447 entry type-post no-media cat-130 post_tag-320 post_tag-215 post_tag-322 post_tag-318 post_tag-321 post_tag-319 post_tag-148 post_tag-283 post_tag-280 post_tag-153\"><div class=\"vcex-blog-entry-inner entry-inner wpex-clr\"><div class=\"vcex-blog-entry-details entry-details wpex-clr\"><h2 class=\"vcex-blog-entry-title entry-title\"><a href=\"https:\/\/www.gerec.fi\/en\/vaitos-29-5-2020-hyva-kuulo-tukee-ikaantyneiden-elamanlaatua-ja-arjen-aktiivisuutta-polku\/\">V\u00e4it\u00f6s 29.5.2020: Hyv\u00e4 kuulo tukee ik\u00e4\u00e4ntyneiden el\u00e4m\u00e4nlaatua ja arjen aktiivisuutta (Polku)<\/a><\/h2><div class=\"vcex-blog-entry-date\">27.5.2020<\/div><div class=\"vcex-blog-entry-excerpt entry-excerpt entry clr\"><p>TtM, PsM Hannele Polun gerontologian ja kansanterveyden v\u00e4it\u00f6skirja \u201dAssociations of hearing difficulties, life-space mobility, quality&hellip;<\/p><\/div><div class=\"vcex-blog-entry-readmore-wrap entry-readmore-wrap clr\"><a href=\"https:\/\/www.gerec.fi\/en\/vaitos-29-5-2020-hyva-kuulo-tukee-ikaantyneiden-elamanlaatua-ja-arjen-aktiivisuutta-polku\/\" class=\"theme-button\">Read more..<\/a><\/div><\/div><\/div><\/div><div class=\"vcex-blog-entry entry-has-details span_1_of_3 col-2 col post-7443 entry type-post no-media cat-130 post_tag-329 post_tag-328 post_tag-316 post_tag-188 post_tag-155 post_tag-317 post_tag-315 post_tag-154 post_tag-223 post_tag-218 post_tag-330 post_tag-179 post_tag-331 post_tag-278 post_tag-219\"><div class=\"vcex-blog-entry-inner entry-inner wpex-clr\"><div class=\"vcex-blog-entry-details entry-details wpex-clr\"><h2 class=\"vcex-blog-entry-title entry-title\"><a href=\"https:\/\/www.gerec.fi\/en\/liikunta-hidastaa-vaihdevuosien-hormonimuutoksista-johtuvaa-lihasmassan-vahentymista\/\">Hormonal changes during menopause decrease muscle mass, but physical activity might slow the decrement<\/a><\/h2><div class=\"vcex-blog-entry-date\">25.5.2020<\/div><div class=\"vcex-blog-entry-excerpt entry-excerpt entry clr\"><p>A large study of middle-aged women shows that age-related changes in skeletal muscle are part&hellip;<\/p><\/div><div class=\"vcex-blog-entry-readmore-wrap entry-readmore-wrap clr\"><a href=\"https:\/\/www.gerec.fi\/en\/liikunta-hidastaa-vaihdevuosien-hormonimuutoksista-johtuvaa-lihasmassan-vahentymista\/\" class=\"theme-button\">Read more..<\/a><\/div><\/div><\/div><\/div><div class=\"vcex-blog-entry entry-has-details span_1_of_3 col-3 col post-7411 entry type-post no-media cat-130 post_tag-245 post_tag-304 post_tag-312 post_tag-215 post_tag-313 post_tag-314\"><div class=\"vcex-blog-entry-inner entry-inner wpex-clr\"><div class=\"vcex-blog-entry-details entry-details wpex-clr\"><h2 class=\"vcex-blog-entry-title entry-title\"><a href=\"https:\/\/www.gerec.fi\/en\/jyvaskylan-yliopisto-tutkii-iakkaiden-ihmisten-aktiivisuutta-koronaviruspandemian-aikana\/\">Jyv\u00e4skyl\u00e4n yliopisto tutkii i\u00e4kk\u00e4iden ihmisten aktiivisuutta koronaviruspandemian aikana<\/a><\/h2><div class=\"vcex-blog-entry-date\">15.5.2020<\/div><div class=\"vcex-blog-entry-excerpt entry-excerpt entry clr\"><p>Jyv\u00e4skyl\u00e4n yliopiston liikuntatieteellisen tiedekunnan Gerontologian tutkimuskeskus k\u00e4ynnist\u00e4\u00e4 kyselytutkimuksen i\u00e4kk\u00e4iden ihmisten aktiivisuudesta ja elinpiirist\u00e4 koronaviruspandemiasta johtuvien&hellip;<\/p><\/div><div class=\"vcex-blog-entry-readmore-wrap entry-readmore-wrap clr\"><a href=\"https:\/\/www.gerec.fi\/en\/jyvaskylan-yliopisto-tutkii-iakkaiden-ihmisten-aktiivisuutta-koronaviruspandemian-aikana\/\" class=\"theme-button\">Read more..<\/a><\/div><\/div><\/div><\/div><div class=\"vcex-blog-entry entry-has-details span_1_of_3 col-1 col post-7408 entry type-post no-media cat-130 post_tag-311 post_tag-310\"><div class=\"vcex-blog-entry-inner entry-inner wpex-clr\"><div class=\"vcex-blog-entry-details entry-details wpex-clr\"><h2 class=\"vcex-blog-entry-title entry-title\"><a href=\"https:\/\/www.gerec.fi\/en\/avoin-tyopaikka-yliopistonlehtori-gerontologia-ja-kansanterveys\/\">Avoin ty\u00f6paikka: Yliopistonlehtori, gerontologia ja kansanterveys<\/a><\/h2><div class=\"vcex-blog-entry-date\">12.5.2020<\/div><div class=\"vcex-blog-entry-excerpt entry-excerpt entry clr\"><p>Jyv\u00e4skyl\u00e4n yliopiston 2600 asiantuntijan ja 14 700 opiskelijan ihmisl\u00e4heisest\u00e4 yhteis\u00f6st\u00e4 jokaisen on helppo l\u00f6yt\u00e4\u00e4 paikkansa.&hellip;<\/p><\/div><div class=\"vcex-blog-entry-readmore-wrap entry-readmore-wrap clr\"><a href=\"https:\/\/www.gerec.fi\/en\/avoin-tyopaikka-yliopistonlehtori-gerontologia-ja-kansanterveys\/\" class=\"theme-button\">Read more..<\/a><\/div><\/div><\/div><\/div><div class=\"vcex-blog-entry entry-has-details span_1_of_3 col-2 col post-7402 entry type-post no-media cat-130 post_tag-309 post_tag-307 post_tag-308\"><div class=\"vcex-blog-entry-inner entry-inner wpex-clr\"><div class=\"vcex-blog-entry-details entry-details wpex-clr\"><h2 class=\"vcex-blog-entry-title entry-title\"><a href=\"https:\/\/www.gerec.fi\/en\/kahdelle-jyvaskylan-yliopiston-gerec-tutkijalle-huomattava-suomen-akatemian-tutkijatohtorirahoitus\/\">Kahdelle Jyv\u00e4skyl\u00e4n yliopiston GEREC-tutkijalle huomattava Suomen Akatemian tutkijatohtorirahoitus<\/a><\/h2><div class=\"vcex-blog-entry-date\">12.5.2020<\/div><div class=\"vcex-blog-entry-excerpt entry-excerpt entry clr\"><p>Suomen Akatemia on my\u00f6nt\u00e4nyt Sira Karviselle ja Inna Liskolle tutkijatohtorirahoituksen. Rahoituskausi on kolmivuotinen ja se&hellip;<\/p><\/div><div class=\"vcex-blog-entry-readmore-wrap entry-readmore-wrap clr\"><a href=\"https:\/\/www.gerec.fi\/en\/kahdelle-jyvaskylan-yliopiston-gerec-tutkijalle-huomattava-suomen-akatemian-tutkijatohtorirahoitus\/\" class=\"theme-button\">Read more..<\/a><\/div><\/div><\/div><\/div><div class=\"vcex-blog-entry entry-has-details span_1_of_3 col-3 col post-7396 entry type-post no-media cat-130 post_tag-304 post_tag-306 post_tag-305 post_tag-303 post_tag-292\"><div class=\"vcex-blog-entry-inner entry-inner wpex-clr\"><div class=\"vcex-blog-entry-details entry-details wpex-clr\"><h2 class=\"vcex-blog-entry-title entry-title\"><a href=\"https:\/\/www.gerec.fi\/en\/sisukkuus-auttaa-pysymaan-aktiivisena-ian-tuomista-liikkumisvaikeuksista-huolimatta\/\">Sisukkuus auttaa pysym\u00e4\u00e4n aktiivisena i\u00e4n tuomista liikkumisvaikeuksista huolimatta<\/a><\/h2><div class=\"vcex-blog-entry-date\">11.5.2020<\/div><div class=\"vcex-blog-entry-excerpt entry-excerpt entry clr\"><p>Jyv\u00e4skyl\u00e4n yliopiston tuore tutkimus osoittaa, ett\u00e4 aktiivinen el\u00e4m\u00e4ntyyli voi onnistua ik\u00e4\u00e4ntyess\u00e4 liikkumisvaikeuksista huolimatta \u2013 siihen&hellip;<\/p><\/div><div class=\"vcex-blog-entry-readmore-wrap entry-readmore-wrap clr\"><a href=\"https:\/\/www.gerec.fi\/en\/sisukkuus-auttaa-pysymaan-aktiivisena-ian-tuomista-liikkumisvaikeuksista-huolimatta\/\" class=\"theme-button\">Read more..<\/a><\/div><\/div><\/div><\/div><div class=\"vcex-blog-entry entry-has-details span_1_of_3 col-1 col post-7391 entry type-post no-media cat-130 post_tag-235 post_tag-134 post_tag-135\"><div class=\"vcex-blog-entry-inner entry-inner wpex-clr\"><div class=\"vcex-blog-entry-details entry-details wpex-clr\"><h2 class=\"vcex-blog-entry-title entry-title\"><a href=\"https:\/\/www.gerec.fi\/en\/saara-marttilalle-myonnetty-apuraha\/\">Saara Marttilalle my\u00f6nnetty apuraha<\/a><\/h2><div class=\"vcex-blog-entry-date\">8.5.2020<\/div><div class=\"vcex-blog-entry-excerpt entry-excerpt entry clr\"><p>Suomen Kulttuurirahaston Pirkanmaan rahasto my\u00f6nsi GERECin tutkija Saara Marttilalle apurahan Aino Valvaalan rahastosta. My\u00f6nnetyn apurahan&hellip;<\/p><\/div><div class=\"vcex-blog-entry-readmore-wrap entry-readmore-wrap clr\"><a href=\"https:\/\/www.gerec.fi\/en\/saara-marttilalle-myonnetty-apuraha\/\" class=\"theme-button\">Read more..<\/a><\/div><\/div><\/div><\/div><div class=\"vcex-blog-entry entry-has-details span_1_of_3 col-2 col post-7388 entry type-post no-media cat-130 post_tag-235 post_tag-134 post_tag-135\"><div class=\"vcex-blog-entry-inner entry-inner wpex-clr\"><div class=\"vcex-blog-entry-details entry-details wpex-clr\"><h2 class=\"vcex-blog-entry-title entry-title\"><a href=\"https:\/\/www.gerec.fi\/en\/mari-aaltosen-tutkimusryhmalle-apurahaa\/\">Mari Aaltosen tutkimusryhm\u00e4lle apurahaa<\/a><\/h2><div class=\"vcex-blog-entry-date\">8.5.2020<\/div><div class=\"vcex-blog-entry-excerpt entry-excerpt entry clr\"><p>Suomen Kulttuurirahaston Pirkanmaan rahasto on my\u00f6nt\u00e4nyt apurahaa tutkijatohtori Mari Aaltosen tutkimusryhm\u00e4lle Aino Valvaalan rahastosta. My\u00f6nnetyn&hellip;<\/p><\/div><div class=\"vcex-blog-entry-readmore-wrap entry-readmore-wrap clr\"><a href=\"https:\/\/www.gerec.fi\/en\/mari-aaltosen-tutkimusryhmalle-apurahaa\/\" class=\"theme-button\">Read more..<\/a><\/div><\/div><\/div><\/div><div class=\"vcex-blog-entry entry-has-details span_1_of_3 col-3 col post-7367 entry type-post no-media cat-132 post_tag-298 post_tag-301 post_tag-299 post_tag-297 post_tag-300\"><div class=\"vcex-blog-entry-inner entry-inner wpex-clr\"><div class=\"vcex-blog-entry-details entry-details wpex-clr\"><h2 class=\"vcex-blog-entry-title entry-title\"><a href=\"https:\/\/www.gerec.fi\/en\/ika-korona-ja-tutkijan-tehtava\/\">Ik\u00e4, korona ja tutkijan teht\u00e4v\u00e4<\/a><\/h2><div class=\"vcex-blog-entry-date\">6.5.2020<\/div><div class=\"vcex-blog-entry-excerpt entry-excerpt entry clr\"><p>Ik\u00e4ihmisi\u00e4 koskevat erityisrajoitukset ovat tuottaneet paljon hyv\u00e4\u00e4 ja paljon huonoa. \u00a0Taudilta suojelu johtaa sosiaaliseen eristykseen&hellip;<\/p><\/div><div class=\"vcex-blog-entry-readmore-wrap entry-readmore-wrap clr\"><a href=\"https:\/\/www.gerec.fi\/en\/ika-korona-ja-tutkijan-tehtava\/\" class=\"theme-button\">Read more..<\/a><\/div><\/div><\/div><\/div><div class=\"vcex-blog-entry entry-has-details span_1_of_3 col-1 col post-7357 entry type-post no-media cat-130 post_tag-294 post_tag-296 post_tag-295 post_tag-289 post_tag-292 post_tag-291 post_tag-290 post_tag-293\"><div class=\"vcex-blog-entry-inner entry-inner wpex-clr\"><div class=\"vcex-blog-entry-details entry-details wpex-clr\"><h2 class=\"vcex-blog-entry-title entry-title\"><a href=\"https:\/\/www.gerec.fi\/en\/yksin-asuvat-iakkaat-selviavat-luunmurtuman-jalkeen-yhta-hyvin-kuin-yhdessa-asuvat\/\">Yksin asuvat i\u00e4kk\u00e4\u00e4t selvi\u00e4v\u00e4t luunmurtuman j\u00e4lkeen yht\u00e4 hyvin kuin yhdess\u00e4 asuvat<\/a><\/h2><div class=\"vcex-blog-entry-date\">8.4.2020<\/div><div class=\"vcex-blog-entry-excerpt entry-excerpt entry clr\"><p>Luunmurtumat lis\u00e4\u00e4v\u00e4t ik\u00e4\u00e4ntyneill\u00e4 henkil\u00f6ill\u00e4 terveyden heikkenemisen ja kuoleman riski\u00e4 etenkin ensimm\u00e4isen\u00e4 murtuman j\u00e4lkeisen\u00e4 vuotena. Yksil\u00f6lliset&hellip;<\/p><\/div><div class=\"vcex-blog-entry-readmore-wrap entry-readmore-wrap clr\"><a href=\"https:\/\/www.gerec.fi\/en\/yksin-asuvat-iakkaat-selviavat-luunmurtuman-jalkeen-yhta-hyvin-kuin-yhdessa-asuvat\/\" class=\"theme-button\">Read more..<\/a><\/div><\/div><\/div><\/div><div class=\"vcex-blog-entry entry-has-details span_1_of_3 col-2 col post-7354 entry type-post no-media cat-130 post_tag-288 post_tag-287\"><div class=\"vcex-blog-entry-inner entry-inner wpex-clr\"><div class=\"vcex-blog-entry-details entry-details wpex-clr\"><h2 class=\"vcex-blog-entry-title entry-title\"><a href=\"https:\/\/www.gerec.fi\/en\/professori-marja-jylha-ihmisoikeusvaltuuskunnan-jaseneksi\/\">Professori Marja Jylh\u00e4 Ihmisoikeusvaltuuskunnan j\u00e4seneksi<\/a><\/h2><div class=\"vcex-blog-entry-date\">2.4.2020<\/div><div class=\"vcex-blog-entry-excerpt entry-excerpt entry clr\"><p>Professori Marja Jylh\u00e4 on nimitetty Ihmisoikeusvaltuuskunnan j\u00e4seneksi vuosiksi 2020-2024. Ihmisoikeusvaltuuskunta k\u00e4sittelee laajoja ja periaatteellisia perus-&hellip;<\/p><\/div><div class=\"vcex-blog-entry-readmore-wrap entry-readmore-wrap clr\"><a href=\"https:\/\/www.gerec.fi\/en\/professori-marja-jylha-ihmisoikeusvaltuuskunnan-jaseneksi\/\" class=\"theme-button\">Read more..<\/a><\/div><\/div><\/div><\/div><div class=\"vcex-blog-entry entry-has-details span_1_of_3 col-3 col post-7350 entry type-post no-media cat-130 post_tag-134 post_tag-285 post_tag-286 post_tag-169 post_tag-135\"><div class=\"vcex-blog-entry-inner entry-inner wpex-clr\"><div class=\"vcex-blog-entry-details entry-details wpex-clr\"><h2 class=\"vcex-blog-entry-title entry-title\"><a href=\"https:\/\/www.gerec.fi\/en\/yli-90-vuotiaat-arvioivat-terveyttaan-oireiden-ja-vaivojen-enemman-kuin-sairauksien-perusteella\/\">Yli 90-vuotiaat arvioivat terveytt\u00e4\u00e4n oireiden ja vaivojen enemm\u00e4n kuin sairauksien perusteella<\/a><\/h2><div class=\"vcex-blog-entry-date\">30.3.2020<\/div><div class=\"vcex-blog-entry-excerpt entry-excerpt entry clr\"><p>Yhdeks\u00e4nkymment\u00e4vuotiaille ja sit\u00e4 vanhemmille sairauksien seuraukset ovat t\u00e4rke\u00e4mpi\u00e4 terveyden osoittimia kuin itse sairaudet. \u00a0V\u00e4symys, huimaus,&hellip;<\/p><\/div><div class=\"vcex-blog-entry-readmore-wrap entry-readmore-wrap clr\"><a href=\"https:\/\/www.gerec.fi\/en\/yli-90-vuotiaat-arvioivat-terveyttaan-oireiden-ja-vaivojen-enemman-kuin-sairauksien-perusteella\/\" class=\"theme-button\">Read more..<\/a><\/div><\/div><\/div><\/div><div class=\"vcex-blog-entry entry-has-details span_1_of_3 col-1 col post-7344 entry type-post no-media cat-130 post_tag-155 post_tag-146 post_tag-284 post_tag-283 post_tag-147 post_tag-282\"><div class=\"vcex-blog-entry-inner entry-inner wpex-clr\"><div class=\"vcex-blog-entry-details entry-details wpex-clr\"><h2 class=\"vcex-blog-entry-title entry-title\"><a href=\"https:\/\/www.gerec.fi\/en\/ikaihmisia-liikkumaan-innostavat-ymparistotekijat-vaihtelevat-asuinaluetyypeittain\/\">Environmental features that attract older adults to physical activity differ between neighbourhood types<\/a><\/h2><div class=\"vcex-blog-entry-date\">23.3.2020<\/div><div class=\"vcex-blog-entry-excerpt entry-excerpt entry clr\"><p>Destinations in nature, such as a lakeside or a walking trail, are the most commonly&hellip;<\/p><\/div><div class=\"vcex-blog-entry-readmore-wrap entry-readmore-wrap clr\"><a href=\"https:\/\/www.gerec.fi\/en\/ikaihmisia-liikkumaan-innostavat-ymparistotekijat-vaihtelevat-asuinaluetyypeittain\/\" class=\"theme-button\">Read more..<\/a><\/div><\/div><\/div><\/div><div class=\"vcex-blog-entry entry-has-details span_1_of_3 col-2 col post-7341 entry type-post no-media cat-130 post_tag-281 post_tag-155 post_tag-161 post_tag-277 post_tag-154 post_tag-280 post_tag-218 post_tag-160 post_tag-279 post_tag-278 post_tag-219\"><div class=\"vcex-blog-entry-inner entry-inner wpex-clr\"><div class=\"vcex-blog-entry-details entry-details wpex-clr\"><h2 class=\"vcex-blog-entry-title entry-title\"><a href=\"https:\/\/www.gerec.fi\/en\/liikunnan-harrastaminen-yllapitaa-lihasmassaa-seka-mielen-hyvinvointia-vaihdevuosien-aikana\/\">Liikunnan harrastaminen yll\u00e4pit\u00e4\u00e4 lihasmassaa sek\u00e4 mielen hyvinvointia vaihdevuosien aikana<\/a><\/h2><div class=\"vcex-blog-entry-date\">19.3.2020<\/div><div class=\"vcex-blog-entry-excerpt entry-excerpt entry clr\"><p>Laaja keski-ik\u00e4isi\u00e4 naisia koskeva tutkimus osoittaa, ett\u00e4 vaihdevuosien edetess\u00e4 lihasmassa alenee ja luuntiheys heikkenee. Korkea&hellip;<\/p><\/div><div class=\"vcex-blog-entry-readmore-wrap entry-readmore-wrap clr\"><a href=\"https:\/\/www.gerec.fi\/en\/liikunnan-harrastaminen-yllapitaa-lihasmassaa-seka-mielen-hyvinvointia-vaihdevuosien-aikana\/\" class=\"theme-button\">Read more..<\/a><\/div><\/div><\/div><\/div><div class=\"vcex-blog-entry entry-has-details span_1_of_3 col-3 col post-7338 entry type-post no-media cat-130 post_tag-146 post_tag-209 post_tag-276 post_tag-275\"><div class=\"vcex-blog-entry-inner entry-inner wpex-clr\"><div class=\"vcex-blog-entry-details entry-details wpex-clr\"><h2 class=\"vcex-blog-entry-title entry-title\"><a href=\"https:\/\/www.gerec.fi\/en\/saannollinen-liikunta-yllapitaa-ikaantyneiden-liikkumismahdollisuuksia\/\">S\u00e4\u00e4nn\u00f6llinen liikunta yll\u00e4pit\u00e4\u00e4 ik\u00e4\u00e4ntyneiden liikkumismahdollisuuksia<\/a><\/h2><div class=\"vcex-blog-entry-date\">19.3.2020<\/div><div class=\"vcex-blog-entry-excerpt entry-excerpt entry clr\"><p>Liikunnalla on useita terveyshy\u00f6tyj\u00e4, mutta monet ik\u00e4\u00e4ntyneet ihmiset eiv\u00e4t itse kykene lis\u00e4\u00e4m\u00e4\u00e4n ulkona liikkumista, vaikka&hellip;<\/p><\/div><div class=\"vcex-blog-entry-readmore-wrap entry-readmore-wrap clr\"><a href=\"https:\/\/www.gerec.fi\/en\/saannollinen-liikunta-yllapitaa-ikaantyneiden-liikkumismahdollisuuksia\/\" class=\"theme-button\">Read more..<\/a><\/div><\/div><\/div><\/div><div class=\"vcex-blog-entry entry-has-details span_1_of_3 col-1 col post-7302 entry type-post no-media cat-130 post_tag-274 post_tag-146 post_tag-271 post_tag-273 post_tag-272\"><div class=\"vcex-blog-entry-inner entry-inner wpex-clr\"><div class=\"vcex-blog-entry-details entry-details wpex-clr\"><h2 class=\"vcex-blog-entry-title entry-title\"><a href=\"https:\/\/www.gerec.fi\/en\/sustainable-work-ability-and-aging-kirja-julkaistu\/\">\u201dSustainable Work Ability and Aging\u201d -kirja julkaistu<\/a><\/h2><div class=\"vcex-blog-entry-date\">24.2.2020<\/div><div class=\"vcex-blog-entry-excerpt entry-excerpt entry clr\"><p>Kest\u00e4v\u00e4 ja riitt\u00e4v\u00e4 ty\u00f6kyky on t\u00e4rke\u00e4 edellytys pidentyneeseen ty\u00f6uraan ja terveen\u00e4 vanhenemiseen. GERECin ty\u00f6terveyden professori&hellip;<\/p><\/div><div class=\"vcex-blog-entry-readmore-wrap entry-readmore-wrap clr\"><a href=\"https:\/\/www.gerec.fi\/en\/sustainable-work-ability-and-aging-kirja-julkaistu\/\" class=\"theme-button\">Read more..<\/a><\/div><\/div><\/div><\/div><div class=\"vcex-blog-entry entry-has-details span_1_of_3 col-2 col post-7294 entry type-post no-media cat-130\"><div class=\"vcex-blog-entry-inner entry-inner wpex-clr\"><div class=\"vcex-blog-entry-details entry-details wpex-clr\"><h2 class=\"vcex-blog-entry-title entry-title\"><a href=\"https:\/\/www.gerec.fi\/en\/mita-kuuluu-60-vuotiaille-kahdeksanvuotiaana-ensimmaisen-kerran-tutkittuja-kartoitetaan-taas\/\">Mit\u00e4 kuuluu 60-vuotiaille? Kahdeksanvuotiaana ensimm\u00e4isen kerran tutkittuja kartoitetaan taas<\/a><\/h2><div class=\"vcex-blog-entry-date\">18.2.2020<\/div><div class=\"vcex-blog-entry-excerpt entry-excerpt entry clr\"><p>Kahdeksanvuotiaana ensimm\u00e4isen kerran mukana olleita tutkittavia kaivataan j\u00e4lleen mukaan Jyv\u00e4skyl\u00e4n yliopiston Lapsesta aikuiseksi -pitkitt\u00e4istutkimukseen. Kansainv\u00e4lisestikin&hellip;<\/p><\/div><div class=\"vcex-blog-entry-readmore-wrap entry-readmore-wrap clr\"><a href=\"https:\/\/www.gerec.fi\/en\/mita-kuuluu-60-vuotiaille-kahdeksanvuotiaana-ensimmaisen-kerran-tutkittuja-kartoitetaan-taas\/\" class=\"theme-button\">Read more..<\/a><\/div><\/div><\/div><\/div><div class=\"vcex-blog-entry entry-has-details span_1_of_3 col-3 col post-7261 entry type-post no-media cat-130 post_tag-270 post_tag-155 post_tag-169 post_tag-209\"><div class=\"vcex-blog-entry-inner entry-inner wpex-clr\"><div class=\"vcex-blog-entry-details entry-details wpex-clr\"><h2 class=\"vcex-blog-entry-title entry-title\"><a href=\"https:\/\/www.gerec.fi\/en\/kevytkin-liikkuminen-yhteydessa-iakkaiden-terveyteen\/\">Kevytkin liikkuminen yhteydess\u00e4 i\u00e4kk\u00e4iden terveyteen<\/a><\/h2><div class=\"vcex-blog-entry-date\">13.2.2020<\/div><div class=\"vcex-blog-entry-excerpt entry-excerpt entry clr\"><p>Uusi tutkimusmenetelm\u00e4 paljasti, ett\u00e4 jo hyvin matalatehoinen liikkuminen on yhteydess\u00e4 alhaisempaan rasvaprosenttiin ja suurempaan k\u00e4velynopeuteen&hellip;<\/p><\/div><div class=\"vcex-blog-entry-readmore-wrap entry-readmore-wrap clr\"><a href=\"https:\/\/www.gerec.fi\/en\/kevytkin-liikkuminen-yhteydessa-iakkaiden-terveyteen\/\" class=\"theme-button\">Read more..<\/a><\/div><\/div><\/div><\/div><div class=\"vcex-blog-entry entry-has-details span_1_of_3 col-1 col post-7252 entry type-post no-media cat-132 post_tag-267 post_tag-269 post_tag-268\"><div class=\"vcex-blog-entry-inner entry-inner wpex-clr\"><div class=\"vcex-blog-entry-details entry-details wpex-clr\"><h2 class=\"vcex-blog-entry-title entry-title\"><a href=\"https:\/\/www.gerec.fi\/en\/tutkijan-kansainvalinen-liikkuvuus-osa-ii\/\">Tutkijan kansainv\u00e4linen liikkuvuus osa II<\/a><\/h2><div class=\"vcex-blog-entry-date\">10.2.2020<\/div><div class=\"vcex-blog-entry-excerpt entry-excerpt entry clr\"><p>Mari Aaltonen kirjoitti edellisess\u00e4 blogitekstiss\u00e4 kokemuksiaan tutkijan kansainv\u00e4lisest\u00e4 liikkuvuudesta ja siihen liittyvist\u00e4 valmisteluista. Jatkan samasta&hellip;<\/p><\/div><div class=\"vcex-blog-entry-readmore-wrap entry-readmore-wrap clr\"><a href=\"https:\/\/www.gerec.fi\/en\/tutkijan-kansainvalinen-liikkuvuus-osa-ii\/\" class=\"theme-button\">Read more..<\/a><\/div><\/div><\/div><\/div><div class=\"vcex-blog-entry entry-has-details span_1_of_3 col-2 col post-7248 entry type-post no-media cat-130 post_tag-155 post_tag-265 post_tag-262 post_tag-263 post_tag-264 post_tag-266\"><div class=\"vcex-blog-entry-inner entry-inner wpex-clr\"><div class=\"vcex-blog-entry-details entry-details wpex-clr\"><h2 class=\"vcex-blog-entry-title entry-title\"><a href=\"https:\/\/www.gerec.fi\/en\/liikkumiseen-kannustaminen-sairaalajakson-jalkeen-tarkeaa-iakkaille\/\">Liikkumiseen kannustaminen sairaalajakson j\u00e4lkeen t\u00e4rke\u00e4\u00e4 i\u00e4kk\u00e4ille<\/a><\/h2><div class=\"vcex-blog-entry-date\">10.2.2020<\/div><div class=\"vcex-blog-entry-excerpt entry-excerpt entry clr\"><p>Fysioterapeutin ohjaama, omatoimiseen harjoitteluun ja arjen aktiivisuuden lis\u00e4\u00e4miseen t\u00e4ht\u00e4\u00e4v\u00e4 kotikuntoutus v\u00e4hensi i\u00e4kk\u00e4iden kuntoutujien porrask\u00e4velyss\u00e4 kokemia&hellip;<\/p><\/div><div class=\"vcex-blog-entry-readmore-wrap entry-readmore-wrap clr\"><a href=\"https:\/\/www.gerec.fi\/en\/liikkumiseen-kannustaminen-sairaalajakson-jalkeen-tarkeaa-iakkaille\/\" class=\"theme-button\">Read more..<\/a><\/div><\/div><\/div><\/div><div class=\"vcex-blog-entry entry-has-details span_1_of_3 col-3 col post-7237 entry type-post no-media cat-131\"><div class=\"vcex-blog-entry-inner entry-inner wpex-clr\"><div class=\"vcex-blog-entry-details entry-details wpex-clr\"><h2 class=\"vcex-blog-entry-title entry-title\"><a href=\"https:\/\/www.gerec.fi\/en\/aktiivisena-vanheneminen-ja-hoiva-2040-profilointialueen-seminaari-30-1-2020\/\">Aktiivisena vanheneminen ja hoiva 2040 -profilointialueen seminaari 30.1.2020<\/a><\/h2><div class=\"vcex-blog-entry-date\">27.1.2020<\/div><div class=\"vcex-blog-entry-excerpt entry-excerpt entry clr\"><p>Jyv\u00e4skyl\u00e4n yliopiston Aktiivisena vanheneminen ja hoiva 2040 -profilointialueen seminaari j\u00e4rjestet\u00e4\u00e4n 30.1.2020 klo 12-16. Aika: 30.1.2020&hellip;<\/p><\/div><div class=\"vcex-blog-entry-readmore-wrap entry-readmore-wrap clr\"><a href=\"https:\/\/www.gerec.fi\/en\/aktiivisena-vanheneminen-ja-hoiva-2040-profilointialueen-seminaari-30-1-2020\/\" class=\"theme-button\">Read more..<\/a><\/div><\/div><\/div><\/div><div class=\"vcex-blog-entry entry-has-details span_1_of_3 col-1 col post-7227 entry type-post no-media cat-132 post_tag-260 post_tag-259\"><div class=\"vcex-blog-entry-inner entry-inner wpex-clr\"><div class=\"vcex-blog-entry-details entry-details wpex-clr\"><h2 class=\"vcex-blog-entry-title entry-title\"><a href=\"https:\/\/www.gerec.fi\/en\/tutkijan-kansainvalinen-liikkuvuus-paljon-valmistelua-paljon-iloa\/\">Tutkijan kansainv\u00e4linen liikkuvuus \u2013 paljon valmistelua, paljon iloa<\/a><\/h2><div class=\"vcex-blog-entry-date\">22.1.2020<\/div><div class=\"vcex-blog-entry-excerpt entry-excerpt entry clr\"><p>Kansainv\u00e4lisess\u00e4 liikkuvuudessa tutkijan t\u00e4ytyy varautua suuriin taloudellisiin uhrauksiin ilman, ett\u00e4 saa mit\u00e4\u00e4n takeita esimerkiksi uran&hellip;<\/p><\/div><div class=\"vcex-blog-entry-readmore-wrap entry-readmore-wrap clr\"><a href=\"https:\/\/www.gerec.fi\/en\/tutkijan-kansainvalinen-liikkuvuus-paljon-valmistelua-paljon-iloa\/\" class=\"theme-button\">Read more..<\/a><\/div><\/div><\/div><\/div><div class=\"vcex-blog-entry entry-has-details span_1_of_3 col-2 col post-7225 entry type-post no-media cat-131\"><div class=\"vcex-blog-entry-inner entry-inner wpex-clr\"><div class=\"vcex-blog-entry-details entry-details wpex-clr\"><h2 class=\"vcex-blog-entry-title entry-title\"><a href=\"https:\/\/www.gerec.fi\/en\/agnes-tutkimuksen-palautetilaisuus-pe-24-1-2020-klo-10-15-11-45\/\">AGNES-tutkimuksen palautetilaisuus pe 24.1.2020 klo 10.15-11.45<\/a><\/h2><div class=\"vcex-blog-entry-date\">22.1.2020<\/div><div class=\"vcex-blog-entry-excerpt entry-excerpt entry clr\"><p>AGNES-tutkimuksen (Aktiivisuuden, terveyden ja toimintakyvyn yhteys hyvinvointiin vanhuudessa) palautetilaisuus j\u00e4rjestet\u00e4\u00e4n perjantaina 24.1.2020 klo 10.15-11.45 Jyv\u00e4skyl\u00e4n&hellip;<\/p><\/div><div class=\"vcex-blog-entry-readmore-wrap entry-readmore-wrap clr\"><a href=\"https:\/\/www.gerec.fi\/en\/agnes-tutkimuksen-palautetilaisuus-pe-24-1-2020-klo-10-15-11-45\/\" class=\"theme-button\">Read more..<\/a><\/div><\/div><\/div><\/div><div class=\"vcex-blog-entry entry-has-details span_1_of_3 col-3 col post-7201 entry type-post no-media cat-132 post_tag-251 post_tag-252\"><div class=\"vcex-blog-entry-inner entry-inner wpex-clr\"><div class=\"vcex-blog-entry-details entry-details wpex-clr\"><h2 class=\"vcex-blog-entry-title entry-title\"><a href=\"https:\/\/www.gerec.fi\/en\/gerontologinen-joulublogi\/\">Gerontologinen joulublogi<\/a><\/h2><div class=\"vcex-blog-entry-date\">17.12.2019<\/div><div class=\"vcex-blog-entry-excerpt entry-excerpt entry clr\"><p>Joulupukki on vanha. Edes joulupukki itse ei kuulemma muista ik\u00e4\u00e4ns\u00e4, mutta jossain 400 vuoden huitteilla&hellip;<\/p><\/div><div class=\"vcex-blog-entry-readmore-wrap entry-readmore-wrap clr\"><a href=\"https:\/\/www.gerec.fi\/en\/gerontologinen-joulublogi\/\" class=\"theme-button\">Read more..<\/a><\/div><\/div><\/div><\/div><div class=\"vcex-blog-entry entry-has-details span_1_of_3 col-1 col post-7196 entry type-post no-media cat-130 post_tag-146 post_tag-250 post_tag-186\"><div class=\"vcex-blog-entry-inner entry-inner wpex-clr\"><div class=\"vcex-blog-entry-details entry-details wpex-clr\"><h2 class=\"vcex-blog-entry-title entry-title\"><a href=\"https:\/\/www.gerec.fi\/en\/marja-jylhan-tutkimusryhmalle-apurahaa\/\">Marja Jylh\u00e4n tutkimusryhm\u00e4lle apurahaa<\/a><\/h2><div class=\"vcex-blog-entry-date\">13.12.2019<\/div><div class=\"vcex-blog-entry-excerpt entry-excerpt entry clr\"><p>P\u00e4ivikki ja Sakari Sohlbergin S\u00e4\u00e4ti\u00f6 on my\u00f6nt\u00e4nyt professori Marja Jylh\u00e4n tutkimusryhm\u00e4lle yksivuotisen apurahan.\u00a0 Vuodelle 2020&hellip;<\/p><\/div><div class=\"vcex-blog-entry-readmore-wrap entry-readmore-wrap clr\"><a href=\"https:\/\/www.gerec.fi\/en\/marja-jylhan-tutkimusryhmalle-apurahaa\/\" class=\"theme-button\">Read more..<\/a><\/div><\/div><\/div><\/div><div class=\"vcex-blog-entry entry-has-details span_1_of_3 col-2 col post-7181 entry type-post no-media cat-130 post_tag-146 post_tag-249 post_tag-135\"><div class=\"vcex-blog-entry-inner entry-inner wpex-clr\"><div class=\"vcex-blog-entry-details entry-details wpex-clr\"><h2 class=\"vcex-blog-entry-title entry-title\"><a href=\"https:\/\/www.gerec.fi\/en\/hoivakoyhyys-uhkaa-kotona-asuvia-muistisairaita\/\">Hoivak\u00f6yhyys uhkaa kotona asuvia muistisairaita<\/a><\/h2><div class=\"vcex-blog-entry-date\">12.12.2019<\/div><div class=\"vcex-blog-entry-excerpt entry-excerpt entry clr\"><p>Kotona asuvat yli 75-vuotiaat muistisairaat ihmiset j\u00e4\u00e4v\u00e4t ilman tarvitsemaansa apua ja hoitoa useammin kuin muita&hellip;<\/p><\/div><div class=\"vcex-blog-entry-readmore-wrap entry-readmore-wrap clr\"><a href=\"https:\/\/www.gerec.fi\/en\/hoivakoyhyys-uhkaa-kotona-asuvia-muistisairaita\/\" class=\"theme-button\">Read more..<\/a><\/div><\/div><\/div><\/div><div class=\"vcex-blog-entry entry-has-details span_1_of_3 col-3 col post-7178 entry type-post no-media cat-130 post_tag-176 post_tag-245 post_tag-188 post_tag-255 post_tag-146 post_tag-247 post_tag-248 post_tag-156 post_tag-258 post_tag-254 post_tag-256 post_tag-257 post_tag-246 post_tag-253\"><div class=\"vcex-blog-entry-inner entry-inner wpex-clr\"><div class=\"vcex-blog-entry-details entry-details wpex-clr\"><h2 class=\"vcex-blog-entry-title entry-title\"><a href=\"https:\/\/www.gerec.fi\/en\/missa-ikaantyneiden-ihmisten-fyysista-suorituskykya-ja-fyysista-aktiivisuutta-kannatta\/\">Where should older people\u2019s physical performance and physical activity be measured?<\/a><\/h2><div class=\"vcex-blog-entry-date\">11.12.2019<\/div><div class=\"vcex-blog-entry-excerpt entry-excerpt entry clr\"><p>In aging research, recruiting people with poor health and function is challenging. A recent study&hellip;<\/p><\/div><div class=\"vcex-blog-entry-readmore-wrap entry-readmore-wrap clr\"><a href=\"https:\/\/www.gerec.fi\/en\/missa-ikaantyneiden-ihmisten-fyysista-suorituskykya-ja-fyysista-aktiivisuutta-kannatta\/\" class=\"theme-button\">Read more..<\/a><\/div><\/div><\/div><\/div><div class=\"vcex-blog-entry entry-has-details span_1_of_3 col-1 col post-7174 entry type-post no-media cat-130 post_tag-242 post_tag-244 post_tag-243 post_tag-241 post_tag-153\"><div class=\"vcex-blog-entry-inner entry-inner wpex-clr\"><div class=\"vcex-blog-entry-details entry-details wpex-clr\"><h2 class=\"vcex-blog-entry-title entry-title\"><a href=\"https:\/\/www.gerec.fi\/en\/vaitos-7-12-2019-perinteisia-sukupuolirooleja-vahvistetaan-paikallisella-hoivapoli\/\">V\u00e4it\u00f6s 7.12.2019: Pe\u00adrin\u00adtei\u00adsi\u00e4 su\u00adku\u00adpuo\u00adli\u00adroo\u00adle\u00adja vah\u00advis\u00adte\u00adtaan pai\u00adkal\u00adli\u00adsel\u00adla hoi\u00adva\u00adpo\u00adli\u00adtii\u00adkal\u00adla (Sihto)<\/a><\/h2><div class=\"vcex-blog-entry-date\">9.12.2019<\/div><div class=\"vcex-blog-entry-excerpt entry-excerpt entry clr\"><p>Er\u00e4s t\u00e4m\u00e4n hetken t\u00e4rkeimmist\u00e4 yhteiskuntapoliittisista kysymyksist\u00e4 on, miten sovittaa yhteen ansioty\u00f6 ja kodin piiriss\u00e4 teht\u00e4v\u00e4&hellip;<\/p><\/div><div class=\"vcex-blog-entry-readmore-wrap entry-readmore-wrap clr\"><a href=\"https:\/\/www.gerec.fi\/en\/vaitos-7-12-2019-perinteisia-sukupuolirooleja-vahvistetaan-paikallisella-hoivapoli\/\" class=\"theme-button\">Read more..<\/a><\/div><\/div><\/div><\/div><div class=\"vcex-blog-entry entry-has-details span_1_of_3 col-2 col post-7164 entry type-post no-media cat-130\"><div class=\"vcex-blog-entry-inner entry-inner wpex-clr\"><div class=\"vcex-blog-entry-details entry-details wpex-clr\"><h2 class=\"vcex-blog-entry-title entry-title\"><a href=\"https:\/\/www.gerec.fi\/en\/yliopistonlehtori-anne-viljasesta-liikunnan-vuoden-opettaja-2019\/\">Yliopistonlehtori Anne Viljasesta Liikunnan vuoden opettaja 2019<\/a><\/h2><div class=\"vcex-blog-entry-date\">5.12.2019<\/div><div class=\"vcex-blog-entry-excerpt entry-excerpt entry clr\"><p>Gerontologian ja kansanterveyden yliopistonlehtori Anne Viljaselle my\u00f6nnettiin Liikunnan vuoden opettaja -palkinto. Palkinnon jakoi Jyv\u00e4skyl\u00e4n yliopiston&hellip;<\/p><\/div><div class=\"vcex-blog-entry-readmore-wrap entry-readmore-wrap clr\"><a href=\"https:\/\/www.gerec.fi\/en\/yliopistonlehtori-anne-viljasesta-liikunnan-vuoden-opettaja-2019\/\" class=\"theme-button\">Read more..<\/a><\/div><\/div><\/div><\/div><div class=\"vcex-blog-entry entry-has-details span_1_of_3 col-3 col post-7153 entry type-post no-media cat-130\"><div class=\"vcex-blog-entry-inner entry-inner wpex-clr\"><div class=\"vcex-blog-entry-details entry-details wpex-clr\"><h2 class=\"vcex-blog-entry-title entry-title\"><a href=\"https:\/\/www.gerec.fi\/en\/sarianna-sipilalle-myonnettiin-suomen-valkoisen-ruusun-i-luokan-ritarimerkki\/\">Sarianna Sipil\u00e4lle my\u00f6nnettiin Suomen Valkoisen Ruusun I luokan ritarimerkki<\/a><\/h2><div class=\"vcex-blog-entry-date\">4.12.2019<\/div><div class=\"vcex-blog-entry-excerpt entry-excerpt entry clr\"><p>Liikuntagerontologian professori, varadekaani Sarianna Sipil\u00e4lle on my\u00f6nnetty Suomen Valkoisen Ruusun I luokan ritarimerkki. Kunniamerkkien saajat&hellip;<\/p><\/div><div class=\"vcex-blog-entry-readmore-wrap entry-readmore-wrap clr\"><a href=\"https:\/\/www.gerec.fi\/en\/sarianna-sipilalle-myonnettiin-suomen-valkoisen-ruusun-i-luokan-ritarimerkki\/\" class=\"theme-button\">Read more..<\/a><\/div><\/div><\/div><\/div><div class=\"vcex-blog-entry entry-has-details span_1_of_3 col-1 col post-7148 entry type-post no-media cat-130 post_tag-186\"><div class=\"vcex-blog-entry-inner entry-inner wpex-clr\"><div class=\"vcex-blog-entry-details entry-details wpex-clr\"><h2 class=\"vcex-blog-entry-title entry-title\"><a href=\"https:\/\/www.gerec.fi\/en\/marja-jylhan-tutkimusryhma-sai-rahoitusta-vanhuusian-terveyden-toimintakyvyn-seka-palvelujen-kayton-tutkimukseen\/\">Marja Jylh\u00e4n tutkimusryhm\u00e4 sai rahoitusta vanhuusi\u00e4n terveyden, toimintakyvyn sek\u00e4 palvelujen k\u00e4yt\u00f6n tutkimukseen<\/a><\/h2><div class=\"vcex-blog-entry-date\">3.12.2019<\/div><div class=\"vcex-blog-entry-excerpt entry-excerpt entry clr\"><p>Professori Marja Jylh\u00e4n tutkimusryhm\u00e4lle GERECiss\u00e4 ja CoE AgeCaressa on my\u00f6nnetty valtion tutkimusrahoitusta reilut 40 000&hellip;<\/p><\/div><div class=\"vcex-blog-entry-readmore-wrap entry-readmore-wrap clr\"><a href=\"https:\/\/www.gerec.fi\/en\/marja-jylhan-tutkimusryhma-sai-rahoitusta-vanhuusian-terveyden-toimintakyvyn-seka-palvelujen-kayton-tutkimukseen\/\" class=\"theme-button\">Read more..<\/a><\/div><\/div><\/div><\/div><div class=\"vcex-blog-entry entry-has-details span_1_of_3 col-2 col post-7142 entry type-post no-media cat-130 post_tag-235 post_tag-236 post_tag-237\"><div class=\"vcex-blog-entry-inner entry-inner wpex-clr\"><div class=\"vcex-blog-entry-details entry-details wpex-clr\"><h2 class=\"vcex-blog-entry-title entry-title\"><a href=\"https:\/\/www.gerec.fi\/en\/gerec-tutkijoille-apurahoja-juho-vainion-ja-paulon-saatioilta\/\">GEREC-tutkijoille apurahoja Juho Vainion ja Paulon S\u00e4\u00e4ti\u00f6ilt\u00e4<\/a><\/h2><div class=\"vcex-blog-entry-date\">29.11.2019<\/div><div class=\"vcex-blog-entry-excerpt entry-excerpt entry clr\"><p>Juho Vainion ja Paulon S\u00e4\u00e4ti\u00f6t ovat my\u00f6nt\u00e4neet GEREC-tutkijoille viisi apurahaa vuodelle 2020. Apurahan saavat Marko&hellip;<\/p><\/div><div class=\"vcex-blog-entry-readmore-wrap entry-readmore-wrap clr\"><a href=\"https:\/\/www.gerec.fi\/en\/gerec-tutkijoille-apurahoja-juho-vainion-ja-paulon-saatioilta\/\" class=\"theme-button\">Read more..<\/a><\/div><\/div><\/div><\/div><div class=\"vcex-blog-entry entry-has-details span_1_of_3 col-3 col post-7138 entry type-post no-media cat-130 post_tag-238 post_tag-240 post_tag-155 post_tag-156 post_tag-239 post_tag-234 post_tag-179 post_tag-233\"><div class=\"vcex-blog-entry-inner entry-inner wpex-clr\"><div class=\"vcex-blog-entry-details entry-details wpex-clr\"><h2 class=\"vcex-blog-entry-title entry-title\"><a href=\"https:\/\/www.gerec.fi\/en\/men-prone-to-negative-emotions-are-less-physically-active-during-leisure-time\/\">Men prone to negative emotions are less physically active during leisure time<\/a><\/h2><div class=\"vcex-blog-entry-date\">22.11.2019<\/div><div class=\"vcex-blog-entry-excerpt entry-excerpt entry clr\"><p>Fundamental and early-appearing dispositions of feeling and reacting, also known as temperament, are reflected in&hellip;<\/p><\/div><div class=\"vcex-blog-entry-readmore-wrap entry-readmore-wrap clr\"><a href=\"https:\/\/www.gerec.fi\/en\/men-prone-to-negative-emotions-are-less-physically-active-during-leisure-time\/\" class=\"theme-button\">Read more..<\/a><\/div><\/div><\/div><\/div><div class=\"vcex-blog-entry entry-has-details span_1_of_3 col-1 col post-7129 entry type-post no-media cat-130\"><div class=\"vcex-blog-entry-inner entry-inner wpex-clr\"><div class=\"vcex-blog-entry-details entry-details wpex-clr\"><h2 class=\"vcex-blog-entry-title entry-title\"><a href=\"https:\/\/www.gerec.fi\/en\/outi-jolanki-valittiin-euroopan-sosiologijarjeston-ikaantymistutkimuksen-verkoston-johtokuntaan\/\">Outi Jolanki valittiin Euroopan Sosiologij\u00e4rjest\u00f6n ik\u00e4\u00e4ntymistutkimuksen verkoston johtokuntaan<\/a><\/h2><div class=\"vcex-blog-entry-date\">21.11.2019<\/div><div class=\"vcex-blog-entry-excerpt entry-excerpt entry clr\"><p>Dosentti Outi Jolanki on valittu Euroopan Sosiologij\u00e4rjest\u00f6n (ESA) Ageing in Europe tutkijaverkoston johtokuntaan elokuusta 2019&hellip;<\/p><\/div><div class=\"vcex-blog-entry-readmore-wrap entry-readmore-wrap clr\"><a href=\"https:\/\/www.gerec.fi\/en\/outi-jolanki-valittiin-euroopan-sosiologijarjeston-ikaantymistutkimuksen-verkoston-johtokuntaan\/\" class=\"theme-button\">Read more..<\/a><\/div><\/div><\/div><\/div><div class=\"vcex-blog-entry entry-has-details span_1_of_3 col-2 col post-7125 entry type-post no-media cat-131\"><div class=\"vcex-blog-entry-inner entry-inner wpex-clr\"><div class=\"vcex-blog-entry-details entry-details wpex-clr\"><h2 class=\"vcex-blog-entry-title entry-title\"><a href=\"https:\/\/www.gerec.fi\/en\/euroopan-sosiologijarjeston-ikaantymistutkimuksen-verkoston-konferenssi-jyvaskylassa-26-28-8-2020\/\">Euroopan sosiologij\u00e4rjest\u00f6n ik\u00e4\u00e4ntymistutkimuksen verkoston konferenssi Jyv\u00e4skyl\u00e4ss\u00e4 26-28.8.2020<\/a><\/h2><div class=\"vcex-blog-entry-date\">20.11.2019<\/div><div class=\"vcex-blog-entry-excerpt entry-excerpt entry clr\"><p>Euroopan Sosiologij\u00e4rjest\u00f6n (ESA) tutkijaverkosto Ageing in Europe j\u00e4rjest\u00e4\u00e4 26-28.8.2020 konferenssin ik\u00e4\u00e4ntymisen tutkimuksesta otsikolla 'Ageing in&hellip;<\/p><\/div><div class=\"vcex-blog-entry-readmore-wrap entry-readmore-wrap clr\"><a href=\"https:\/\/www.gerec.fi\/en\/euroopan-sosiologijarjeston-ikaantymistutkimuksen-verkoston-konferenssi-jyvaskylassa-26-28-8-2020\/\" class=\"theme-button\">Read more..<\/a><\/div><\/div><\/div><\/div><div class=\"vcex-blog-entry entry-has-details span_1_of_3 col-3 col post-7105 entry type-post has-media cat-130 post_tag-232\"><div class=\"vcex-blog-entry-inner entry-inner wpex-clr\"><div class=\"vcex-blog-entry-media entry-media\"><a href=\"https:\/\/www.gerec.fi\/en\/vuoden-liikuntalaaketieteellinen-tutkimus-2019-kilpailun-voitto-anna-kankaanpaalle\/\" title=\"Vuoden liikuntal\u00e4\u00e4ketieteellinen tutkimus 2019 -kilpailun voitto Anna Kankaanp\u00e4\u00e4lle\"><img loading=\"lazy\" decoding=\"async\" width=\"600\" height=\"360\" src=\"https:\/\/www.gerec.fi\/wp-content\/uploads\/2019\/11\/LLTP19_finalistit.jpg\" class=\"vcex-blog-entry-img\" alt=\"\" srcset=\"https:\/\/www.gerec.fi\/wp-content\/uploads\/2019\/11\/LLTP19_finalistit.jpg 600w, https:\/\/www.gerec.fi\/wp-content\/uploads\/2019\/11\/LLTP19_finalistit-300x180.jpg 300w\" sizes=\"auto, (max-width: 600px) 100vw, 600px\" \/><\/a><\/div><div class=\"vcex-blog-entry-details entry-details wpex-clr\"><h2 class=\"vcex-blog-entry-title entry-title\"><a href=\"https:\/\/www.gerec.fi\/en\/vuoden-liikuntalaaketieteellinen-tutkimus-2019-kilpailun-voitto-anna-kankaanpaalle\/\">Vuoden liikuntal\u00e4\u00e4ketieteellinen tutkimus 2019 -kilpailun voitto Anna Kankaanp\u00e4\u00e4lle<\/a><\/h2><div class=\"vcex-blog-entry-date\">14.11.2019<\/div><div class=\"vcex-blog-entry-excerpt entry-excerpt entry clr\"><p>GERECin tutkijat menestyiv\u00e4t vuoden liikuntal\u00e4\u00e4ketieteellinen tutkimus 2019 -kilpailussa. Tohtorikoulutettava Anna Kankaanp\u00e4\u00e4 voitti kilpailun ensimm\u00e4isen palkinnon.&hellip;<\/p><\/div><div class=\"vcex-blog-entry-readmore-wrap entry-readmore-wrap clr\"><a href=\"https:\/\/www.gerec.fi\/en\/vuoden-liikuntalaaketieteellinen-tutkimus-2019-kilpailun-voitto-anna-kankaanpaalle\/\" class=\"theme-button\">Read more..<\/a><\/div><\/div><\/div><\/div><div class=\"vcex-blog-entry entry-has-details span_1_of_3 col-1 col post-7095 entry type-post no-media cat-132 post_tag-146 post_tag-230 post_tag-231\"><div class=\"vcex-blog-entry-inner entry-inner wpex-clr\"><div class=\"vcex-blog-entry-details entry-details wpex-clr\"><h2 class=\"vcex-blog-entry-title entry-title\"><a href=\"https:\/\/www.gerec.fi\/en\/virukset-vanhentavat\/\">Virukset vanhentavat<\/a><\/h2><div class=\"vcex-blog-entry-date\">13.11.2019<\/div><div class=\"vcex-blog-entry-excerpt entry-excerpt entry clr\"><p>Omaa immuunij\u00e4rjestelm\u00e4\u00e4ns\u00e4 ajattelee vasta, kun se pett\u00e4\u00e4. Flunssaisena tai vatsataudin kourissa on helppo arvostaa sit\u00e4&hellip;<\/p><\/div><div class=\"vcex-blog-entry-readmore-wrap entry-readmore-wrap clr\"><a href=\"https:\/\/www.gerec.fi\/en\/virukset-vanhentavat\/\" class=\"theme-button\">Read more..<\/a><\/div><\/div><\/div><\/div><div class=\"vcex-blog-entry entry-has-details span_1_of_3 col-2 col post-7084 entry type-post no-media cat-130 post_tag-229 post_tag-228 post_tag-209\"><div class=\"vcex-blog-entry-inner entry-inner wpex-clr\"><div class=\"vcex-blog-entry-details entry-details wpex-clr\"><h2 class=\"vcex-blog-entry-title entry-title\"><a href=\"https:\/\/www.gerec.fi\/en\/hyva-kavelynopeus-ja-lihasvoima-tarkeita-iakkaille-murtumapotilaille\/\">Hyv\u00e4 k\u00e4\u00adve\u00adly\u00adno\u00adpeus ja li\u00adhas\u00advoi\u00adma t\u00e4r\u00adkeit\u00e4 i\u00e4k\u00adk\u00e4il\u00adle mur\u00adtu\u00adma\u00adpo\u00adti\u00adlail\u00adle<\/a><\/h2><div class=\"vcex-blog-entry-date\">8.11.2019<\/div><div class=\"vcex-blog-entry-excerpt entry-excerpt entry clr\"><p>Heikkokuntoiset i\u00e4kk\u00e4\u00e4t henkil\u00f6t kuolevat todenn\u00e4k\u00f6isemmin luunmurtuman j\u00e4lkeisen\u00e4 vuonna kuin parempikuntoiset ik\u00e4toverinsa. Hyv\u00e4 murtumaa edelt\u00e4v\u00e4 lihasvoima&hellip;<\/p><\/div><div class=\"vcex-blog-entry-readmore-wrap entry-readmore-wrap clr\"><a href=\"https:\/\/www.gerec.fi\/en\/hyva-kavelynopeus-ja-lihasvoima-tarkeita-iakkaille-murtumapotilaille\/\" class=\"theme-button\">Read more..<\/a><\/div><\/div><\/div><\/div><div class=\"vcex-blog-entry entry-has-details span_1_of_3 col-3 col post-7078 entry type-post no-media cat-131\"><div class=\"vcex-blog-entry-inner entry-inner wpex-clr\"><div class=\"vcex-blog-entry-details entry-details wpex-clr\"><h2 class=\"vcex-blog-entry-title entry-title\"><a href=\"https:\/\/www.gerec.fi\/en\/vanheta-on-pakko-mutta-pitaako-sita-pelata-keskustelutilaisuus-ikaantymisesta-yksilon-ja-yhteiskunnan-nakokulmasta-tampereella-11-marraskuuta\/\">Vanheta on pakko, mutta pit\u00e4\u00e4k\u00f6 sit\u00e4 pel\u00e4t\u00e4? Keskustelutilaisuus ik\u00e4\u00e4ntymisest\u00e4 yksil\u00f6n ja yhteiskunnan n\u00e4k\u00f6kulmasta Tampereella 11.11.<\/a><\/h2><div class=\"vcex-blog-entry-date\">1.11.2019<\/div><div class=\"vcex-blog-entry-excerpt entry-excerpt entry clr\"><p>Pitk\u00e4ik\u00e4isyys on pitk\u00e4\u00e4n ollut yhteiskunnallinen tavoite ja arvostettu asia.\u00a0 Viime aikoina tavoitteesta on alettu puhua&hellip;<\/p><\/div><div class=\"vcex-blog-entry-readmore-wrap entry-readmore-wrap clr\"><a href=\"https:\/\/www.gerec.fi\/en\/vanheta-on-pakko-mutta-pitaako-sita-pelata-keskustelutilaisuus-ikaantymisesta-yksilon-ja-yhteiskunnan-nakokulmasta-tampereella-11-marraskuuta\/\" class=\"theme-button\">Read more..<\/a><\/div><\/div><\/div><\/div><div class=\"vcex-blog-entry entry-has-details span_1_of_3 col-1 col post-7072 entry type-post no-media cat-130\"><div class=\"vcex-blog-entry-inner entry-inner wpex-clr\"><div class=\"vcex-blog-entry-details entry-details wpex-clr\"><h2 class=\"vcex-blog-entry-title entry-title\"><a href=\"https:\/\/www.gerec.fi\/en\/current-vacancy-doctoral-student-functional-ability-and-mobility-in-old-age-measured-through-wearable-sensors\/\">Current vacancy: Doctoral student (\u201cFunctional ability and mobility in old age measured through wearable sensors\u201d)<\/a><\/h2><div class=\"vcex-blog-entry-date\">1.11.2019<\/div><div class=\"vcex-blog-entry-excerpt entry-excerpt entry clr\"><p>At the University of Jyv\u00e4skyl\u00e4, everyone can find their place in the human-centred environment of&hellip;<\/p><\/div><div class=\"vcex-blog-entry-readmore-wrap entry-readmore-wrap clr\"><a href=\"https:\/\/www.gerec.fi\/en\/current-vacancy-doctoral-student-functional-ability-and-mobility-in-old-age-measured-through-wearable-sensors\/\" class=\"theme-button\">Read more..<\/a><\/div><\/div><\/div><\/div><div class=\"vcex-blog-entry entry-has-details span_1_of_3 col-2 col post-7055 entry type-post no-media cat-132\"><div class=\"vcex-blog-entry-inner entry-inner wpex-clr\"><div class=\"vcex-blog-entry-details entry-details wpex-clr\"><h2 class=\"vcex-blog-entry-title entry-title\"><a href=\"https:\/\/www.gerec.fi\/en\/50-years-of-ageism\/\">50 years of ageism<\/a><\/h2><div class=\"vcex-blog-entry-date\">11.10.2019<\/div><div class=\"vcex-blog-entry-excerpt entry-excerpt entry clr\"><p>One day I entered a room, as a researcher, conducting data collection in a company.&hellip;<\/p><\/div><div class=\"vcex-blog-entry-readmore-wrap entry-readmore-wrap clr\"><a href=\"https:\/\/www.gerec.fi\/en\/50-years-of-ageism\/\" class=\"theme-button\">Read more..<\/a><\/div><\/div><\/div><\/div><div class=\"vcex-blog-entry entry-has-details span_1_of_3 col-3 col post-7044 entry type-post no-media cat-132\"><div class=\"vcex-blog-entry-inner entry-inner wpex-clr\"><div class=\"vcex-blog-entry-details entry-details wpex-clr\"><h2 class=\"vcex-blog-entry-title entry-title\"><a href=\"https:\/\/www.gerec.fi\/en\/uusi-elaman-tiekartta\/\">Uusi el\u00e4m\u00e4n tiekartta<\/a><\/h2><div class=\"vcex-blog-entry-date\">30.9.2019<\/div><div class=\"vcex-blog-entry-excerpt entry-excerpt entry clr\"><p>T\u00e4ytin hiljan 60 vuotta ja sain ty\u00f6nantajalta kirjeen, jossa kysyttiin, milloin aion j\u00e4\u00e4d\u00e4 el\u00e4kkeelle. Sulattelin&hellip;<\/p><\/div><div class=\"vcex-blog-entry-readmore-wrap entry-readmore-wrap clr\"><a href=\"https:\/\/www.gerec.fi\/en\/uusi-elaman-tiekartta\/\" class=\"theme-button\">Read more..<\/a><\/div><\/div><\/div><\/div><div class=\"vcex-blog-entry entry-has-details span_1_of_3 col-1 col post-7038 entry type-post no-media cat-131 post_tag-217\"><div class=\"vcex-blog-entry-inner entry-inner wpex-clr\"><div class=\"vcex-blog-entry-details entry-details wpex-clr\"><h2 class=\"vcex-blog-entry-title entry-title\"><a href=\"https:\/\/www.gerec.fi\/en\/gerecin-ohjelma-tampereen-yliopiston-tutkijoiden-yossa-27-9-2019\/\">GERECin ohjelma Tampereen yliopiston Tutkijoiden y\u00f6ss\u00e4 27.9.2019<\/a><\/h2><div class=\"vcex-blog-entry-date\">20.9.2019<\/div><div class=\"vcex-blog-entry-excerpt entry-excerpt entry clr\"><p>Tampereen GEREC on mukana Tampereen yliopiston Tutkijoiden y\u00f6ss\u00e4 27.9. Terveys- ja hyvinvointisarjan tiedeluennoilla puhutaan vanhenemisesta,&hellip;<\/p><\/div><div class=\"vcex-blog-entry-readmore-wrap entry-readmore-wrap clr\"><a href=\"https:\/\/www.gerec.fi\/en\/gerecin-ohjelma-tampereen-yliopiston-tutkijoiden-yossa-27-9-2019\/\" class=\"theme-button\">Read more..<\/a><\/div><\/div><\/div><\/div><div class=\"vcex-blog-entry entry-has-details span_1_of_3 col-2 col post-7034 entry type-post no-media cat-130\"><div class=\"vcex-blog-entry-inner entry-inner wpex-clr\"><div class=\"vcex-blog-entry-details entry-details wpex-clr\"><h2 class=\"vcex-blog-entry-title entry-title\"><a href=\"https:\/\/www.gerec.fi\/en\/avoin-tyopaikka-gerontologian-tenure-track-professori-professori-2-tehtavaa\/\">Current vacancies: 2 Tenure track positions in Gerontology<\/a><\/h2><div class=\"vcex-blog-entry-date\">20.9.2019<\/div><div class=\"vcex-blog-entry-excerpt entry-excerpt entry clr\"><p>Tampere University and Tampere University of Applied Sciences create a unique environment for multidisciplinary, inspirational&hellip;<\/p><\/div><div class=\"vcex-blog-entry-readmore-wrap entry-readmore-wrap clr\"><a href=\"https:\/\/www.gerec.fi\/en\/avoin-tyopaikka-gerontologian-tenure-track-professori-professori-2-tehtavaa\/\" class=\"theme-button\">Read more..<\/a><\/div><\/div><\/div><\/div><div class=\"vcex-blog-entry entry-has-details span_1_of_3 col-3 col post-7028 entry type-post no-media cat-130 post_tag-224 post_tag-222 post_tag-155 post_tag-154 post_tag-223 post_tag-218 post_tag-179 post_tag-221 post_tag-220 post_tag-219\"><div class=\"vcex-blog-entry-inner entry-inner wpex-clr\"><div class=\"vcex-blog-entry-details entry-details wpex-clr\"><h2 class=\"vcex-blog-entry-title entry-title\"><a href=\"https:\/\/www.gerec.fi\/en\/physical-activity-may-attenuate-menopause-associated-atherogenic-changes\/\">Physical activity may attenuate menopause-associated atherogenic changes<\/a><\/h2><div class=\"vcex-blog-entry-date\">13.9.2019<\/div><div class=\"vcex-blog-entry-excerpt entry-excerpt entry clr\"><p>A new study on menopausal women shows that leisure-time physical activity is associated with a&hellip;<\/p><\/div><div class=\"vcex-blog-entry-readmore-wrap entry-readmore-wrap clr\"><a href=\"https:\/\/www.gerec.fi\/en\/physical-activity-may-attenuate-menopause-associated-atherogenic-changes\/\" class=\"theme-button\">Read more..<\/a><\/div><\/div><\/div><\/div><div class=\"vcex-blog-entry entry-has-details span_1_of_3 col-1 col post-7005 entry type-post no-media cat-131 post_tag-217\"><div class=\"vcex-blog-entry-inner entry-inner wpex-clr\"><div class=\"vcex-blog-entry-details entry-details wpex-clr\"><h2 class=\"vcex-blog-entry-title entry-title\"><a href=\"https:\/\/www.gerec.fi\/en\/tutkijoiden-yo-2019\/\">Tutkijoiden y\u00f6 saapuu j\u00e4lleen Jyv\u00e4skyl\u00e4n yliopistoon 27.9.2019<\/a><\/h2><div class=\"vcex-blog-entry-date\">9.9.2019<\/div><div class=\"vcex-blog-entry-excerpt entry-excerpt entry clr\"><p>Tervetuloa tieteen ja tutkimuksen maailmaan! Jyv\u00e4skyl\u00e4n GEREC on mukana Tutkijoiden y\u00f6ss\u00e4 osana Liikuntatieteellisen tiedekunnan monipuolista&hellip;<\/p><\/div><div class=\"vcex-blog-entry-readmore-wrap entry-readmore-wrap clr\"><a href=\"https:\/\/www.gerec.fi\/en\/tutkijoiden-yo-2019\/\" class=\"theme-button\">Read more..<\/a><\/div><\/div><\/div><\/div><div class=\"vcex-blog-entry entry-has-details span_1_of_3 col-2 col post-6997 entry type-post no-media cat-132 post_tag-216 post_tag-201\"><div class=\"vcex-blog-entry-inner entry-inner wpex-clr\"><div class=\"vcex-blog-entry-details entry-details wpex-clr\"><h2 class=\"vcex-blog-entry-title entry-title\"><a href=\"https:\/\/www.gerec.fi\/en\/ikaantymisen-tutkijat-teorioiden-kirpputorilla\/\">Ik\u00e4\u00e4ntymisen tutkijat teorioiden kirpputorilla<\/a><\/h2><div class=\"vcex-blog-entry-date\">4.9.2019<\/div><div class=\"vcex-blog-entry-excerpt entry-excerpt entry clr\"><p>\u201dTutkimus on viihtyis\u00e4\u00e4 puuhaa\u201d, totesi sosiaaligerontologian emeritusprofessori Antti Karisto Gerontologian kes\u00e4koulussa. Voisivatko teoriat tehd\u00e4 siit\u00e4&hellip;<\/p><\/div><div class=\"vcex-blog-entry-readmore-wrap entry-readmore-wrap clr\"><a href=\"https:\/\/www.gerec.fi\/en\/ikaantymisen-tutkijat-teorioiden-kirpputorilla\/\" class=\"theme-button\">Read more..<\/a><\/div><\/div><\/div><\/div><div class=\"vcex-blog-entry entry-has-details span_1_of_3 col-3 col post-6988 entry type-post no-media cat-130 post_tag-227 post_tag-215 post_tag-225 post_tag-155 post_tag-146 post_tag-214 post_tag-179 post_tag-226 post_tag-209\"><div class=\"vcex-blog-entry-inner entry-inner wpex-clr\"><div class=\"vcex-blog-entry-details entry-details wpex-clr\"><h2 class=\"vcex-blog-entry-title entry-title\"><a href=\"https:\/\/www.gerec.fi\/en\/walking-slower-and-pausing-for-rest-may-enable-older-adults-to-maintain-outdoor-mobility\/\">Walking slower and pausing for rest may enable older adults to maintain outdoor mobility<\/a><\/h2><div class=\"vcex-blog-entry-date\">19.8.2019<\/div><div class=\"vcex-blog-entry-excerpt entry-excerpt entry clr\"><p>When functional ability declines, changing the way of walking by, for instance, walking slower, pausing&hellip;<\/p><\/div><div class=\"vcex-blog-entry-readmore-wrap entry-readmore-wrap clr\"><a href=\"https:\/\/www.gerec.fi\/en\/walking-slower-and-pausing-for-rest-may-enable-older-adults-to-maintain-outdoor-mobility\/\" class=\"theme-button\">Read more..<\/a><\/div><\/div><\/div><\/div><div class=\"vcex-blog-entry entry-has-details span_1_of_3 col-1 col post-6981 entry type-post no-media cat-132\"><div class=\"vcex-blog-entry-inner entry-inner wpex-clr\"><div class=\"vcex-blog-entry-details entry-details wpex-clr\"><h2 class=\"vcex-blog-entry-title entry-title\"><a href=\"https:\/\/www.gerec.fi\/en\/biogerontologia-ikaantyminen-biologin-silmin\/\">Biogerontologia \u2013 ik\u00e4\u00e4ntyminen biologin silmin<\/a><\/h2><div class=\"vcex-blog-entry-date\">14.8.2019<\/div><div class=\"vcex-blog-entry-excerpt entry-excerpt entry clr\"><p>Ik\u00e4\u00e4ntymisen tutkiminen l\u00e4hti k\u00e4yntiin 1900-luvun alussa. T\u00e4t\u00e4 ennen ik\u00e4\u00e4ntyminen ja i\u00e4n mukanaan tuomat ongelmat eiv\u00e4t&hellip;<\/p><\/div><div class=\"vcex-blog-entry-readmore-wrap entry-readmore-wrap clr\"><a href=\"https:\/\/www.gerec.fi\/en\/biogerontologia-ikaantyminen-biologin-silmin\/\" class=\"theme-button\">Read more..<\/a><\/div><\/div><\/div><\/div><div class=\"vcex-blog-entry entry-has-details span_1_of_3 col-2 col post-6971 entry type-post no-media cat-130\"><div class=\"vcex-blog-entry-inner entry-inner wpex-clr\"><div class=\"vcex-blog-entry-details entry-details wpex-clr\"><h2 class=\"vcex-blog-entry-title entry-title\"><a href=\"https:\/\/www.gerec.fi\/en\/avoin-tyopaikka-tohtorikoulutettava-bodily-movement-tutkimushanke\/\">Avoin ty\u00f6paikka: Tohtorikoulutettava, Bodily movement -tutkimushanke<\/a><\/h2><div class=\"vcex-blog-entry-date\">14.8.2019<\/div><div class=\"vcex-blog-entry-excerpt entry-excerpt entry clr\"><p>Jyv\u00e4skyl\u00e4n keskustassa sijaitsevan yliopiston kauniilla puistokampuksella sykkii monitieteinen ja moderni tiedeyliopisto \u2013 ihmisl\u00e4heinen ja dynaaminen&hellip;<\/p><\/div><div class=\"vcex-blog-entry-readmore-wrap entry-readmore-wrap clr\"><a href=\"https:\/\/www.gerec.fi\/en\/avoin-tyopaikka-tohtorikoulutettava-bodily-movement-tutkimushanke\/\" class=\"theme-button\">Read more..<\/a><\/div><\/div><\/div><\/div><div class=\"vcex-blog-entry entry-has-details span_1_of_3 col-3 col post-6948 entry type-post no-media cat-132 post_tag-213 post_tag-212 post_tag-211 post_tag-210\"><div class=\"vcex-blog-entry-inner entry-inner wpex-clr\"><div class=\"vcex-blog-entry-details entry-details wpex-clr\"><h2 class=\"vcex-blog-entry-title entry-title\"><a href=\"https:\/\/www.gerec.fi\/en\/laadullisella-tutkimuksella-kohti-monipuolisempaa-ymmarrysta-vanhuudesta\/\">\u00a0Laadullisella tutkimuksella kohti monipuolisempaa ymm\u00e4rryst\u00e4 vanhuudesta<\/a><\/h2><div class=\"vcex-blog-entry-date\">1.8.2019<\/div><div class=\"vcex-blog-entry-excerpt entry-excerpt entry clr\"><p>T\u00e4ss\u00e4 blogikirjoituksessa pohdimme,\u00a0miten\u00a0vanhenemisen tutkimus voi hy\u00f6ty\u00e4 laadullisista tutkimusotteista, ja millaisena olemme itse kokeneet laadullisen aineiston&hellip;<\/p><\/div><div class=\"vcex-blog-entry-readmore-wrap entry-readmore-wrap clr\"><a href=\"https:\/\/www.gerec.fi\/en\/laadullisella-tutkimuksella-kohti-monipuolisempaa-ymmarrysta-vanhuudesta\/\" class=\"theme-button\">Read more..<\/a><\/div><\/div><\/div><\/div><div class=\"vcex-blog-entry entry-has-details span_1_of_3 col-1 col post-6941 entry type-post no-media cat-130 post_tag-205 post_tag-207 post_tag-206 post_tag-208 post_tag-209\"><div class=\"vcex-blog-entry-inner entry-inner wpex-clr\"><div class=\"vcex-blog-entry-details entry-details wpex-clr\"><h2 class=\"vcex-blog-entry-title entry-title\"><a href=\"https:\/\/www.gerec.fi\/en\/suomalainen-sisu-nakyy-ikaantyneiden-harrastusaktiivisuudessa\/\">Suo\u00adma\u00adlai\u00adnen sisu n\u00e4\u00adkyy ik\u00e4\u00e4n\u00adty\u00adnei\u00adden har\u00adras\u00adtusak\u00adtii\u00advi\u00adsuu\u00addessa<\/a><\/h2><div class=\"vcex-blog-entry-date\">28.6.2019<\/div><div class=\"vcex-blog-entry-excerpt entry-excerpt entry clr\"><p>Periksi antamaton asenne tavoitteiden suhteen on hy\u00f6dyksi erityisesti silloin kun fyysinen kunto on keskim\u00e4\u00e4r\u00e4ist\u00e4 matalampi.&hellip;<\/p><\/div><div class=\"vcex-blog-entry-readmore-wrap entry-readmore-wrap clr\"><a href=\"https:\/\/www.gerec.fi\/en\/suomalainen-sisu-nakyy-ikaantyneiden-harrastusaktiivisuudessa\/\" class=\"theme-button\">Read more..<\/a><\/div><\/div><\/div><\/div><div class=\"vcex-blog-entry entry-has-details span_1_of_3 col-2 col post-6933 entry type-post no-media cat-132 post_tag-204 post_tag-199 post_tag-200 post_tag-202 post_tag-201 post_tag-203\"><div class=\"vcex-blog-entry-inner entry-inner wpex-clr\"><div class=\"vcex-blog-entry-details entry-details wpex-clr\"><h2 class=\"vcex-blog-entry-title entry-title\"><a href=\"https:\/\/www.gerec.fi\/en\/myohaisaikuisika-on-psyykkisesti-tyydyttavaa-aikaa-elamassa\/\">My\u00f6h\u00e4isaikuisik\u00e4 on psyykkisesti tyydytt\u00e4v\u00e4\u00e4 aikaa el\u00e4m\u00e4ss\u00e4<\/a><\/h2><div class=\"vcex-blog-entry-date\">19.6.2019<\/div><div class=\"vcex-blog-entry-excerpt entry-excerpt entry clr\"><p>Mielikuvat ik\u00e4\u00e4ntymisest\u00e4 ovat usein kielteisi\u00e4, ja my\u00f6s ik\u00e4\u00e4ntyvien ihmisten psyykkisest\u00e4 toimintakyvyst\u00e4 k\u00e4yt\u00e4v\u00e4 keskustelu on p\u00e4\u00e4osin&hellip;<\/p><\/div><div class=\"vcex-blog-entry-readmore-wrap entry-readmore-wrap clr\"><a href=\"https:\/\/www.gerec.fi\/en\/myohaisaikuisika-on-psyykkisesti-tyydyttavaa-aikaa-elamassa\/\" class=\"theme-button\">Read more..<\/a><\/div><\/div><\/div><\/div><div class=\"vcex-blog-entry entry-has-details span_1_of_3 col-3 col post-6929 entry type-post no-media cat-130\"><div class=\"vcex-blog-entry-inner entry-inner wpex-clr\"><div class=\"vcex-blog-entry-details entry-details wpex-clr\"><h2 class=\"vcex-blog-entry-title entry-title\"><a href=\"https:\/\/www.gerec.fi\/en\/avoin-tyopaikka-tutkijatohtori-trails-hanke\/\">Avoin ty\u00f6paikka: Tutkijatohtori, TRAILS-hanke<\/a><\/h2><div class=\"vcex-blog-entry-date\">14.6.2019<\/div><div class=\"vcex-blog-entry-excerpt entry-excerpt entry clr\"><p>Liikuntatieteellisen tiedekunnan Gerontologian tutkimuskeskuksessa, TRAILS \u2013hankkeessa on haettavana tutkijatohtorin teht\u00e4v\u00e4, ajalle 1.9.2019 \u2013 31.8.2023.\u00a0\u00a0 Jyv\u00e4skyl\u00e4n&hellip;<\/p><\/div><div class=\"vcex-blog-entry-readmore-wrap entry-readmore-wrap clr\"><a href=\"https:\/\/www.gerec.fi\/en\/avoin-tyopaikka-tutkijatohtori-trails-hanke\/\" class=\"theme-button\">Read more..<\/a><\/div><\/div><\/div><\/div><div class=\"vcex-blog-entry entry-has-details span_1_of_3 col-1 col post-6925 entry type-post no-media cat-131\"><div class=\"vcex-blog-entry-inner entry-inner wpex-clr\"><div class=\"vcex-blog-entry-details entry-details wpex-clr\"><h2 class=\"vcex-blog-entry-title entry-title\"><a href=\"https:\/\/www.gerec.fi\/en\/gerecin-kesakoulu-22-23-8-2019-virroilla\/\">GERECin kes\u00e4koulu 22.\u201323.8.2019 Virroilla<\/a><\/h2><div class=\"vcex-blog-entry-date\">6.6.2019<\/div><div class=\"vcex-blog-entry-excerpt entry-excerpt entry clr\"><p>GERECin kes\u00e4koulu j\u00e4rjestet\u00e4\u00e4n\u00a0t\u00e4n\u00e4 vuonna Virroilla, Marttisen\u00a0Nuorisokeskuksessa. Teemana on Gerontologian suuret totuudet, ja ohjelmassa niiden selvitt\u00e4misen&hellip;<\/p><\/div><div class=\"vcex-blog-entry-readmore-wrap entry-readmore-wrap clr\"><a href=\"https:\/\/www.gerec.fi\/en\/gerecin-kesakoulu-22-23-8-2019-virroilla\/\" class=\"theme-button\">Read more..<\/a><\/div><\/div><\/div><\/div><div class=\"vcex-blog-entry entry-has-details span_1_of_3 col-2 col post-6905 entry type-post no-media cat-131\"><div class=\"vcex-blog-entry-inner entry-inner wpex-clr\"><div class=\"vcex-blog-entry-details entry-details wpex-clr\"><h2 class=\"vcex-blog-entry-title entry-title\"><a href=\"https:\/\/www.gerec.fi\/en\/large-amount-of-gerec-researchers-is-heading-to-the-iagg-er-2019-congress-to-gothenburg\/\">Large amount of GEREC-researchers is heading to the IAGG-ER 2019 congress to Gothenburg<\/a><\/h2><div class=\"vcex-blog-entry-date\">22.5.2019<\/div><div class=\"vcex-blog-entry-excerpt entry-excerpt entry clr\"><p>9th European Congress of the International Association of Gerontology and Geriatrics, European Region, is held&hellip;<\/p><\/div><div class=\"vcex-blog-entry-readmore-wrap entry-readmore-wrap clr\"><a href=\"https:\/\/www.gerec.fi\/en\/large-amount-of-gerec-researchers-is-heading-to-the-iagg-er-2019-congress-to-gothenburg\/\" class=\"theme-button\">Read more..<\/a><\/div><\/div><\/div><\/div><div class=\"vcex-blog-entry entry-has-details span_1_of_3 col-3 col post-6885 entry type-post no-media cat-132 post_tag-198 post_tag-197 post_tag-195 post_tag-196\"><div class=\"vcex-blog-entry-inner entry-inner wpex-clr\"><div class=\"vcex-blog-entry-details entry-details wpex-clr\"><h2 class=\"vcex-blog-entry-title entry-title\"><a href=\"https:\/\/www.gerec.fi\/en\/ikaantyneiden-hoivan-vaikuttavuutta-voidaan-arvioida\/\">Ik\u00e4\u00e4ntyneiden hoivan vaikuttavuutta voidaan arvioida<\/a><\/h2><div class=\"vcex-blog-entry-date\">16.5.2019<\/div><div class=\"vcex-blog-entry-excerpt entry-excerpt entry clr\"><p>On t\u00e4rke\u00e4\u00e4 arvioida ik\u00e4\u00e4ntyneiden hoivan vaikuttavuutta eli sit\u00e4, millaisia hyvinvointivaikutuksia hoivalla saadaan aikaan. Yksi t\u00e4h\u00e4n&hellip;<\/p><\/div><div class=\"vcex-blog-entry-readmore-wrap entry-readmore-wrap clr\"><a href=\"https:\/\/www.gerec.fi\/en\/ikaantyneiden-hoivan-vaikuttavuutta-voidaan-arvioida\/\" class=\"theme-button\">Read more..<\/a><\/div><\/div><\/div><\/div><div class=\"vcex-blog-entry entry-has-details span_1_of_3 col-1 col post-6860 entry type-post no-media cat-130 post_tag-193 post_tag-192 post_tag-191 post_tag-190\"><div class=\"vcex-blog-entry-inner entry-inner wpex-clr\"><div class=\"vcex-blog-entry-details entry-details wpex-clr\"><h2 class=\"vcex-blog-entry-title entry-title\"><a href=\"https:\/\/www.gerec.fi\/en\/tyosuojelurahasto-palkitsi-40-vuotisjuhlassaan-jyvaskylan-yliopiston-tyourien-jatka\/\">Ty\u00f6\u00adsuo\u00adje\u00adlu\u00adra\u00adhas\u00adto pal\u00adkit\u00adsi 40-vuo\u00adtis\u00adjuh\u00adlas\u00adsaan Jy\u00adv\u00e4s\u00adky\u00adl\u00e4n yli\u00adopis\u00adton ty\u00f6\u00adurien jat\u00adka\u00admis\u00adta tut\u00adki\u00advan JAT\u00adKIS-hank\u00adkeen<\/a><\/h2><div class=\"vcex-blog-entry-date\">14.5.2019<\/div><div class=\"vcex-blog-entry-excerpt entry-excerpt entry clr\"><p>Ty\u00f6suojelurahasto palkitsi kolme ajankohtaista hanketta, jotka ovat kehitt\u00e4neet suomalaista ty\u00f6el\u00e4m\u00e4\u00e4 tuottamalla uutta ja merkitt\u00e4v\u00e4\u00e4 tietoa&hellip;<\/p><\/div><div class=\"vcex-blog-entry-readmore-wrap entry-readmore-wrap clr\"><a href=\"https:\/\/www.gerec.fi\/en\/tyosuojelurahasto-palkitsi-40-vuotisjuhlassaan-jyvaskylan-yliopiston-tyourien-jatka\/\" class=\"theme-button\">Read more..<\/a><\/div><\/div><\/div><\/div><div class=\"vcex-blog-entry entry-has-details span_1_of_3 col-2 col post-6853 entry type-post no-media cat-130 post_tag-189 post_tag-186\"><div class=\"vcex-blog-entry-inner entry-inner wpex-clr\"><div class=\"vcex-blog-entry-details entry-details wpex-clr\"><h2 class=\"vcex-blog-entry-title entry-title\"><a href=\"https:\/\/www.gerec.fi\/en\/liikuntatieteellisen-tiedekunnan-timo-rantalaiselle-huomattava-akatemiatutkijan-rahoitus\/\">Liikuntatieteellisen tiedekunnan Timo Rantalaiselle huomattava akatemiatutkijan rahoitus<\/a><\/h2><div class=\"vcex-blog-entry-date\">14.5.2019<\/div><div class=\"vcex-blog-entry-excerpt entry-excerpt entry clr\"><p>Suomen Akatemian biotieteiden, terveyden ja ymp\u00e4rist\u00f6n tutkimuksen toimikunta (BTY) on my\u00f6nt\u00e4nyt kolmelle Jyv\u00e4skyl\u00e4n yliopiston tutkijalle&hellip;<\/p><\/div><div class=\"vcex-blog-entry-readmore-wrap entry-readmore-wrap clr\"><a href=\"https:\/\/www.gerec.fi\/en\/liikuntatieteellisen-tiedekunnan-timo-rantalaiselle-huomattava-akatemiatutkijan-rahoitus\/\" class=\"theme-button\">Read more..<\/a><\/div><\/div><\/div><\/div><div class=\"vcex-blog-entry entry-has-details span_1_of_3 col-3 col post-6780 entry type-post no-media cat-131\"><div class=\"vcex-blog-entry-inner entry-inner wpex-clr\"><div class=\"vcex-blog-entry-details entry-details wpex-clr\"><h2 class=\"vcex-blog-entry-title entry-title\"><a href=\"https:\/\/www.gerec.fi\/en\/t\/\">Symposium on ageing research at Tampere University 2019<\/a><\/h2><div class=\"vcex-blog-entry-date\">30.4.2019<\/div><div class=\"vcex-blog-entry-excerpt entry-excerpt entry clr\"><p>TAU-AGE Symposium - Towards better ageing through science and innovations! Longevity is the greatest achievement&hellip;<\/p><\/div><div class=\"vcex-blog-entry-readmore-wrap entry-readmore-wrap clr\"><a href=\"https:\/\/www.gerec.fi\/en\/t\/\" class=\"theme-button\">Read more..<\/a><\/div><\/div><\/div><\/div><div class=\"vcex-blog-entry entry-has-details span_1_of_3 col-1 col post-6808 entry type-post no-media cat-130 post_tag-188 post_tag-155 post_tag-161 post_tag-154 post_tag-181 post_tag-160 post_tag-179 post_tag-177\"><div class=\"vcex-blog-entry-inner entry-inner wpex-clr\"><div class=\"vcex-blog-entry-details entry-details wpex-clr\"><h2 class=\"vcex-blog-entry-title entry-title\"><a href=\"https:\/\/www.gerec.fi\/en\/mental-well-being-predicts-leisure-time-physical-activity-in-midlife\/\">Mental well-being predicts leisure time physical activity in midlife<\/a><\/h2><div class=\"vcex-blog-entry-date\">30.4.2019<\/div><div class=\"vcex-blog-entry-excerpt entry-excerpt entry clr\"><p>Men and women with high mental well-being at the age of 42 were more physically&hellip;<\/p><\/div><div class=\"vcex-blog-entry-readmore-wrap entry-readmore-wrap clr\"><a href=\"https:\/\/www.gerec.fi\/en\/mental-well-being-predicts-leisure-time-physical-activity-in-midlife\/\" class=\"theme-button\">Read more..<\/a><\/div><\/div><\/div><\/div><div class=\"vcex-blog-entry entry-has-details span_1_of_3 col-2 col post-6760 entry type-post has-media cat-132 post_tag-176 post_tag-175 post_tag-173 post_tag-172 post_tag-174\"><div class=\"vcex-blog-entry-inner entry-inner wpex-clr\"><div class=\"vcex-blog-entry-media entry-media\"><a href=\"https:\/\/www.gerec.fi\/en\/good-living-and-graceful-dying\/\" title=\"Good living and graceful dying\"><img loading=\"lazy\" decoding=\"async\" width=\"806\" height=\"564\" src=\"https:\/\/www.gerec.fi\/wp-content\/uploads\/2019\/04\/Lilyn-isovanhemmat2.jpg\" class=\"vcex-blog-entry-img\" alt=\"\" srcset=\"https:\/\/www.gerec.fi\/wp-content\/uploads\/2019\/04\/Lilyn-isovanhemmat2.jpg 806w, https:\/\/www.gerec.fi\/wp-content\/uploads\/2019\/04\/Lilyn-isovanhemmat2-300x210.jpg 300w, https:\/\/www.gerec.fi\/wp-content\/uploads\/2019\/04\/Lilyn-isovanhemmat2-768x537.jpg 768w\" sizes=\"auto, (max-width: 806px) 100vw, 806px\" \/><\/a><\/div><div class=\"vcex-blog-entry-details entry-details wpex-clr\"><h2 class=\"vcex-blog-entry-title entry-title\"><a href=\"https:\/\/www.gerec.fi\/en\/good-living-and-graceful-dying\/\">Good living and graceful dying<\/a><\/h2><div class=\"vcex-blog-entry-date\">18.4.2019<\/div><div class=\"vcex-blog-entry-excerpt entry-excerpt entry clr\"><p>I visited my over 90-year old grandparents at their home. I remember the angry reaction&hellip;<\/p><\/div><div class=\"vcex-blog-entry-readmore-wrap entry-readmore-wrap clr\"><a href=\"https:\/\/www.gerec.fi\/en\/good-living-and-graceful-dying\/\" class=\"theme-button\">Read more..<\/a><\/div><\/div><\/div><\/div><div class=\"vcex-blog-entry entry-has-details span_1_of_3 col-3 col post-6675 entry type-post no-media cat-132 post_tag-171 post_tag-169 post_tag-170 post_tag-133\"><div class=\"vcex-blog-entry-inner entry-inner wpex-clr\"><div class=\"vcex-blog-entry-details entry-details wpex-clr\"><h2 class=\"vcex-blog-entry-title entry-title\"><a href=\"https:\/\/www.gerec.fi\/en\/terveystiedon-lahteilla\/\">Terveystiedon l\u00e4hteill\u00e4<\/a><\/h2><div class=\"vcex-blog-entry-date\">5.4.2019<\/div><div class=\"vcex-blog-entry-excerpt entry-excerpt entry clr\"><p>Terveystietoa tulee joka tuutista, huokaisi i\u00e4k\u00e4s mies kun h\u00e4nelt\u00e4 kysyttiin, mist\u00e4 h\u00e4n l\u00f6yt\u00e4\u00e4 tietoa terveydest\u00e4.&hellip;<\/p><\/div><div class=\"vcex-blog-entry-readmore-wrap entry-readmore-wrap clr\"><a href=\"https:\/\/www.gerec.fi\/en\/terveystiedon-lahteilla\/\" class=\"theme-button\">Read more..<\/a><\/div><\/div><\/div><\/div><div class=\"vcex-blog-entry entry-has-details span_1_of_3 col-1 col post-6666 entry type-post no-media cat-131\"><div class=\"vcex-blog-entry-inner entry-inner wpex-clr\"><div class=\"vcex-blog-entry-details entry-details wpex-clr\"><h2 class=\"vcex-blog-entry-title entry-title\"><a href=\"https:\/\/www.gerec.fi\/en\/vaalikeskustelu-vanhuuspolitiikasta-ja-palveluista-tampereella\/\">Vaalikeskustelu vanhuuspolitiikasta ja palveluista Tampereella<\/a><\/h2><div class=\"vcex-blog-entry-date\">1.4.2019<\/div><div class=\"vcex-blog-entry-excerpt entry-excerpt entry clr\"><p>Mit\u00e4 eduskunta voi tehd\u00e4 hyv\u00e4n vanhuuden turvaamiseksi? Gerontologian tutkimuskeskus ja\u00a0Tampereen Naisyhdistys\u00a0j\u00e4rjest\u00e4v\u00e4t vaalikeskustelun vanhuuspolitiikasta ja palveluista&hellip;<\/p><\/div><div class=\"vcex-blog-entry-readmore-wrap entry-readmore-wrap clr\"><a href=\"https:\/\/www.gerec.fi\/en\/vaalikeskustelu-vanhuuspolitiikasta-ja-palveluista-tampereella\/\" class=\"theme-button\">Read more..<\/a><\/div><\/div><\/div><\/div><div class=\"vcex-blog-entry entry-has-details span_1_of_3 col-2 col post-6621 entry type-post no-media cat-132 post_tag-165 post_tag-163 post_tag-164 post_tag-166 post_tag-167 post_tag-168\"><div class=\"vcex-blog-entry-inner entry-inner wpex-clr\"><div class=\"vcex-blog-entry-details entry-details wpex-clr\"><h2 class=\"vcex-blog-entry-title entry-title\"><a href=\"https:\/\/www.gerec.fi\/en\/jatko-opiskelija-uskalla-olla-rohkea\/\">Jatko-opiskelija, uskalla olla rohkea!<\/a><\/h2><div class=\"vcex-blog-entry-date\">8.3.2019<\/div><div class=\"vcex-blog-entry-excerpt entry-excerpt entry clr\"><p>Gerontologian tutkimuskeskuksen jatko-opiskelijat kokoontuivat tammikuun lopulla Jyv\u00e4skyl\u00e4n yliopiston sympaattisella Puutarhurintalolla. Yhteinen jatko-opintoseminaari oli ensimm\u00e4inen laatuaan&hellip;<\/p><\/div><div class=\"vcex-blog-entry-readmore-wrap entry-readmore-wrap clr\"><a href=\"https:\/\/www.gerec.fi\/en\/jatko-opiskelija-uskalla-olla-rohkea\/\" class=\"theme-button\">Read more..<\/a><\/div><\/div><\/div><\/div><div class=\"vcex-blog-entry entry-has-details span_1_of_3 col-3 col post-6606 entry type-post no-media cat-130 post_tag-183 post_tag-155 post_tag-159 post_tag-162 post_tag-161 post_tag-178 post_tag-154 post_tag-156 post_tag-181 post_tag-160 post_tag-182 post_tag-179 post_tag-180 post_tag-158 post_tag-157 post_tag-153 post_tag-177\"><div class=\"vcex-blog-entry-inner entry-inner wpex-clr\"><div class=\"vcex-blog-entry-details entry-details wpex-clr\"><h2 class=\"vcex-blog-entry-title entry-title\"><a href=\"https:\/\/www.gerec.fi\/en\/vaitos-8-3-2019-mie%c2%adlen-hy%c2%advin%c2%advoin%c2%adti-mo%c2%adti%c2%advaatio-ja-usko-omiin-kykyi%c2%adhin-saa%c2%advat-liik%c2%adku%c2%admaan-ke%c2%adka%c2%adlai%c2%adnen\/\">Dissertation 8.3.2019: Leisure activities and well-being in midlife and older age: with special reference to physical activity and resistance training<\/a><\/h2><div class=\"vcex-blog-entry-date\">1.3.2019<\/div><div class=\"vcex-blog-entry-excerpt entry-excerpt entry clr\"><p>MSc Tiia Kek\u00e4l\u00e4inen defended her doctoral dissertation in Gerontology and Public Health \"Leisure activities and&hellip;<\/p><\/div><div class=\"vcex-blog-entry-readmore-wrap entry-readmore-wrap clr\"><a href=\"https:\/\/www.gerec.fi\/en\/vaitos-8-3-2019-mie%c2%adlen-hy%c2%advin%c2%advoin%c2%adti-mo%c2%adti%c2%advaatio-ja-usko-omiin-kykyi%c2%adhin-saa%c2%advat-liik%c2%adku%c2%admaan-ke%c2%adka%c2%adlai%c2%adnen\/\" class=\"theme-button\">Read more..<\/a><\/div><\/div><\/div><\/div><div class=\"vcex-blog-entry entry-has-details span_1_of_3 col-1 col post-6333 entry type-post no-media cat-130 post_tag-151 post_tag-150 post_tag-152\"><div class=\"vcex-blog-entry-inner entry-inner wpex-clr\"><div class=\"vcex-blog-entry-details entry-details wpex-clr\"><h2 class=\"vcex-blog-entry-title entry-title\"><a href=\"https:\/\/www.gerec.fi\/en\/tutkimusjulkaisu-sosiaalisilla-suhteilla-on-suuri-merkitys-kotona-asuville-yli-90-vuotiaille\/\">Tutkimusjulkaisu: Sosiaalisilla suhteilla on suuri merkitys kotona asuville yli 90-vuotiaille<\/a><\/h2><div class=\"vcex-blog-entry-date\">20.2.2019<\/div><div class=\"vcex-blog-entry-excerpt entry-excerpt entry clr\"><p>Sosiaalinen kanssak\u00e4yminen ei ole itsest\u00e4\u00e4nselvyys yli 90-vuotiaille kotona asuville ihmisille, ilmenee Tampereen yliopistossa tehdyst\u00e4 tutkimuksesta.&hellip;<\/p><\/div><div class=\"vcex-blog-entry-readmore-wrap entry-readmore-wrap clr\"><a href=\"https:\/\/www.gerec.fi\/en\/tutkimusjulkaisu-sosiaalisilla-suhteilla-on-suuri-merkitys-kotona-asuville-yli-90-vuotiaille\/\" class=\"theme-button\">Read more..<\/a><\/div><\/div><\/div><\/div><div class=\"vcex-blog-entry entry-has-details span_1_of_3 col-2 col post-6302 entry type-post no-media cat-130 post_tag-145 post_tag-146 post_tag-149 post_tag-148 post_tag-147\"><div class=\"vcex-blog-entry-inner entry-inner wpex-clr\"><div class=\"vcex-blog-entry-details entry-details wpex-clr\"><h2 class=\"vcex-blog-entry-title entry-title\"><a href=\"https:\/\/www.gerec.fi\/en\/tutkimusjulkaisu-ma%c2%adki%c2%adsyys-hyva-huo%c2%admioi%c2%adda-suun%c2%adni%c2%adtel%c2%adtaes%c2%adsa-iak%c2%adkai%c2%adden-liik%c2%adku%c2%admis%c2%admah%c2%addolli%c2%adsuuk%c2%adsia-ja-pal\/\">Tutkimusjulkaisu: M\u00e4\u00adki\u00adsyys hyv\u00e4 huo\u00admioi\u00adda suun\u00adni\u00adtel\u00adtaes\u00adsa i\u00e4k\u00adk\u00e4i\u00adden liik\u00adku\u00admis\u00admah\u00addolli\u00adsuuk\u00adsia ja pal\u00adve\u00adlui\u00adta<\/a><\/h2><div class=\"vcex-blog-entry-date\">19.2.2019<\/div><div class=\"vcex-blog-entry-excerpt entry-excerpt entry clr\"><p>M\u00e4kinen kodin l\u00e4hiymp\u00e4rist\u00f6 ennustaa k\u00e4velyvaikeuksien kehittymist\u00e4 i\u00e4kk\u00e4ill\u00e4 ihmisill\u00e4. Jyv\u00e4skyl\u00e4n yliopiston liikuntatieteellisen tiedekunnan tutkimuksessa selvisi, ett\u00e4&hellip;<\/p><\/div><div class=\"vcex-blog-entry-readmore-wrap entry-readmore-wrap clr\"><a href=\"https:\/\/www.gerec.fi\/en\/tutkimusjulkaisu-ma%c2%adki%c2%adsyys-hyva-huo%c2%admioi%c2%adda-suun%c2%adni%c2%adtel%c2%adtaes%c2%adsa-iak%c2%adkai%c2%adden-liik%c2%adku%c2%admis%c2%admah%c2%addolli%c2%adsuuk%c2%adsia-ja-pal\/\" class=\"theme-button\">Read more..<\/a><\/div><\/div><\/div><\/div><div class=\"vcex-blog-entry entry-has-details span_1_of_3 col-3 col post-6199 entry type-post no-media cat-132 post_tag-134 post_tag-135 post_tag-133 post_tag-136\"><div class=\"vcex-blog-entry-inner entry-inner wpex-clr\"><div class=\"vcex-blog-entry-details entry-details wpex-clr\"><h2 class=\"vcex-blog-entry-title entry-title\"><a href=\"https:\/\/www.gerec.fi\/en\/miksi-tutkia-vanhuutta\/\">Miksi tutkia vanhuutta?<\/a><\/h2><div class=\"vcex-blog-entry-date\">18.2.2019<\/div><div class=\"vcex-blog-entry-excerpt entry-excerpt entry clr\"><p>&nbsp; Jokainen meist\u00e4 tarvitsee motivaation ty\u00f6lleen. Ty\u00f6ll\u00e4 pit\u00e4\u00e4 olla tarkoitus ja mieli. Tutkijan ty\u00f6ss\u00e4 itse&hellip;<\/p><\/div><div class=\"vcex-blog-entry-readmore-wrap entry-readmore-wrap clr\"><a href=\"https:\/\/www.gerec.fi\/en\/miksi-tutkia-vanhuutta\/\" class=\"theme-button\">Read more..<\/a><\/div><\/div><\/div><\/div><div class=\"vcex-blog-entry entry-has-details span_1_of_3 col-1 col post-6241 entry type-post no-media cat-130 post_tag-144 post_tag-143 post_tag-142\"><div class=\"vcex-blog-entry-inner entry-inner wpex-clr\"><div class=\"vcex-blog-entry-details entry-details wpex-clr\"><h2 class=\"vcex-blog-entry-title entry-title\"><a href=\"https:\/\/www.gerec.fi\/en\/research-news-health-literacy-can-promote-older-peoples-health\/\">Research news: Health literacy can promote older people\u2019s health<\/a><\/h2><div class=\"vcex-blog-entry-date\">15.2.2019<\/div><div class=\"vcex-blog-entry-excerpt entry-excerpt entry clr\"><p>How easy is it for older individuals to understand what their doctor tells them or&hellip;<\/p><\/div><div class=\"vcex-blog-entry-readmore-wrap entry-readmore-wrap clr\"><a href=\"https:\/\/www.gerec.fi\/en\/research-news-health-literacy-can-promote-older-peoples-health\/\" class=\"theme-button\">Read more..<\/a><\/div><\/div><\/div><\/div><div class=\"vcex-blog-entry entry-has-details span_1_of_3 col-2 col post-6237 entry type-post no-media cat-130 post_tag-138 post_tag-139 post_tag-140 post_tag-141 post_tag-137\"><div class=\"vcex-blog-entry-inner entry-inner wpex-clr\"><div class=\"vcex-blog-entry-details entry-details wpex-clr\"><h2 class=\"vcex-blog-entry-title entry-title\"><a href=\"https:\/\/www.gerec.fi\/en\/tutkimusjulkaisu-te%c2%adhostet%c2%adtu-ko%c2%adti%c2%adkun%c2%adtou%c2%adtus-ei-esta-iak%c2%adkai%c2%adden-lonk%c2%adka%c2%admur%c2%adtu%c2%adma%c2%adpo%c2%adti%c2%adlai%c2%adden-luus%c2%adton-heik\/\">Tutkimusjulkaisu: Te\u00adhostet\u00adtu ko\u00adti\u00adkun\u00adtou\u00adtus ei est\u00e4 i\u00e4k\u00adk\u00e4i\u00adden lonk\u00adka\u00admur\u00adtu\u00adma\u00adpo\u00adti\u00adlai\u00adden luus\u00adton heik\u00adke\u00adne\u00admis\u00adt\u00e4<\/a><\/h2><div class=\"vcex-blog-entry-date\">15.2.2019<\/div><div class=\"vcex-blog-entry-excerpt entry-excerpt entry clr\"><p>Vuoden kest\u00e4nyt yksil\u00f6llinen kotiharjoitteluohjelma ei est\u00e4nyt i\u00e4kk\u00e4iden lonkkamurtumapotilaiden luuston ominaisuuksien heikkenemist\u00e4. Parantuneesta liikkumis- ja toimintakyvyst\u00e4&hellip;<\/p><\/div><div class=\"vcex-blog-entry-readmore-wrap entry-readmore-wrap clr\"><a href=\"https:\/\/www.gerec.fi\/en\/tutkimusjulkaisu-te%c2%adhostet%c2%adtu-ko%c2%adti%c2%adkun%c2%adtou%c2%adtus-ei-esta-iak%c2%adkai%c2%adden-lonk%c2%adka%c2%admur%c2%adtu%c2%adma%c2%adpo%c2%adti%c2%adlai%c2%adden-luus%c2%adton-heik\/\" class=\"theme-button\">Read more..<\/a><\/div><\/div><\/div><\/div><div class=\"vcex-blog-entry entry-has-details span_1_of_3 col-3 col post-6031 entry type-post no-media cat-130\"><div class=\"vcex-blog-entry-inner entry-inner wpex-clr\"><div class=\"vcex-blog-entry-details entry-details wpex-clr\"><h2 class=\"vcex-blog-entry-title entry-title\"><a href=\"https:\/\/www.gerec.fi\/en\/current-vacancies-phd-candidate-in-gerontology\/\">Current vacancies: PhD candidate in gerontology<\/a><\/h2><div class=\"vcex-blog-entry-date\">5.2.2019<\/div><div class=\"vcex-blog-entry-excerpt entry-excerpt entry clr\"><p>Faculty of Sport Sciences, University of Jyv\u00e4skyl\u00e4 (JYU) in collaboration with the Institute for Molecular&hellip;<\/p><\/div><div class=\"vcex-blog-entry-readmore-wrap entry-readmore-wrap clr\"><a href=\"https:\/\/www.gerec.fi\/en\/current-vacancies-phd-candidate-in-gerontology\/\" class=\"theme-button\">Read more..<\/a><\/div><\/div><\/div><\/div><div class=\"vcex-blog-entry entry-has-details span_1_of_3 col-1 col post-6039 entry type-post no-media cat-131\"><div class=\"vcex-blog-entry-inner entry-inner wpex-clr\"><div class=\"vcex-blog-entry-details entry-details wpex-clr\"><h2 class=\"vcex-blog-entry-title entry-title\"><a href=\"https:\/\/www.gerec.fi\/en\/ikaantyminen-tampereella-tuloksia-t60-ja-tervaskannot-90-tutkimuksista-2\/\">Ik\u00e4\u00e4ntyminen Tampereella: tuloksia T60- ja Tervaskannot 90+ -tutkimuksista<\/a><\/h2><div class=\"vcex-blog-entry-date\">4.2.2019<\/div><div class=\"vcex-blog-entry-excerpt entry-excerpt entry clr\"><p>Tervetuloa kuuntelemaan ja keskustelemaan tamperelaisten ik\u00e4\u00e4ntymisest\u00e4 Kulttuuritalo Laikun Musiikkisaliin! Tampereen yliopiston ja Gerontologian tutkimuskeskus GERECin&hellip;<\/p><\/div><div class=\"vcex-blog-entry-readmore-wrap entry-readmore-wrap clr\"><a href=\"https:\/\/www.gerec.fi\/en\/ikaantyminen-tampereella-tuloksia-t60-ja-tervaskannot-90-tutkimuksista-2\/\" class=\"theme-button\">Read more..<\/a><\/div><\/div><\/div><\/div><div class=\"vcex-blog-entry entry-has-details span_1_of_3 col-2 col post-6037 entry type-post no-media cat-131\"><div class=\"vcex-blog-entry-inner entry-inner wpex-clr\"><div class=\"vcex-blog-entry-details entry-details wpex-clr\"><h2 class=\"vcex-blog-entry-title entry-title\"><a href=\"https:\/\/www.gerec.fi\/en\/mita-on-ikaantyvan-ihmisen-hyvinvointi-keskustelutilaisuus-uudesta-tutkimuksesta-2\/\">Mit\u00e4 on ik\u00e4\u00e4ntyv\u00e4n ihmisen hyvinvointi? Keskustelutilaisuus uudesta tutkimuksesta<\/a><\/h2><div class=\"vcex-blog-entry-date\">4.2.2019<\/div><div class=\"vcex-blog-entry-excerpt entry-excerpt entry clr\"><p>Tervetuloa keskustelemaan hyvinvoinnista! Milloin 20.11.2018 alkaa 13.00 loppuu 15.00 Miss\u00e4 Kulttuuritalo Laikku, Keskustori 4, 33100&hellip;<\/p><\/div><div class=\"vcex-blog-entry-readmore-wrap entry-readmore-wrap clr\"><a href=\"https:\/\/www.gerec.fi\/en\/mita-on-ikaantyvan-ihmisen-hyvinvointi-keskustelutilaisuus-uudesta-tutkimuksesta-2\/\" class=\"theme-button\">Read more..<\/a><\/div><\/div><\/div><\/div><div class=\"vcex-blog-entry entry-has-details span_1_of_3 col-3 col post-6035 entry type-post no-media cat-131\"><div class=\"vcex-blog-entry-inner entry-inner wpex-clr\"><div class=\"vcex-blog-entry-details entry-details wpex-clr\"><h2 class=\"vcex-blog-entry-title entry-title\"><a href=\"https:\/\/www.gerec.fi\/en\/gerecin-tutkijat-osallistuvat-talla-viikolla-aktiivisesti-alan-kansainvalisiin-ja-kansallisiin-tapahtumiin-2\/\">GERECin tutkijat osallistuvat t\u00e4ll\u00e4 viikolla aktiivisesti alan kansainv\u00e4lisiin ja kansallisiin tapahtumiin<\/a><\/h2><div class=\"vcex-blog-entry-date\">4.2.2019<\/div><div class=\"vcex-blog-entry-excerpt entry-excerpt entry clr\"><p>Bostonissa 14.-18.11.2018 j\u00e4rjestett\u00e4v\u00e4\u00e4n Amerikan gerontologiayhdistyksen kongressiin osallistuu seitsem\u00e4n GERECin tutkijaa Jyv\u00e4skyl\u00e4st\u00e4 ja Tampereelta. Bostonissa esitell\u00e4\u00e4n&hellip;<\/p><\/div><div class=\"vcex-blog-entry-readmore-wrap entry-readmore-wrap clr\"><a href=\"https:\/\/www.gerec.fi\/en\/gerecin-tutkijat-osallistuvat-talla-viikolla-aktiivisesti-alan-kansainvalisiin-ja-kansallisiin-tapahtumiin-2\/\" class=\"theme-button\">Read more..<\/a><\/div><\/div><\/div><\/div><div class=\"vcex-blog-entry entry-has-details span_1_of_3 col-1 col post-6033 entry type-post no-media cat-130\"><div class=\"vcex-blog-entry-inner entry-inner wpex-clr\"><div class=\"vcex-blog-entry-details entry-details wpex-clr\"><h2 class=\"vcex-blog-entry-title entry-title\"><a href=\"https:\/\/www.gerec.fi\/en\/research-news-tenacious-and-flexible-goal-pursuit-gets-older-people-on-the-move\/\">Research news: Tenacious and flexible goal pursuit gets older people on the move<\/a><\/h2><div class=\"vcex-blog-entry-date\">4.2.2019<\/div><div class=\"vcex-blog-entry-excerpt entry-excerpt entry clr\"><p>Tenacious goal pursuit and flexible goal adjustment have been shown to help maintain psychological well-being&hellip;<\/p><\/div><div class=\"vcex-blog-entry-readmore-wrap entry-readmore-wrap clr\"><a href=\"https:\/\/www.gerec.fi\/en\/research-news-tenacious-and-flexible-goal-pursuit-gets-older-people-on-the-move\/\" class=\"theme-button\">Read more..<\/a><\/div><\/div><\/div><\/div><div class=\"vcex-blog-entry entry-has-details span_1_of_3 col-2 col post-6041 entry type-post no-media cat-130\"><div class=\"vcex-blog-entry-inner entry-inner wpex-clr\"><div class=\"vcex-blog-entry-details entry-details wpex-clr\"><h2 class=\"vcex-blog-entry-title entry-title\"><a href=\"https:\/\/www.gerec.fi\/en\/artikkelijulkaisu-pitkaaikaishoidon-filosofisesta-perustasta-2\/\">Tutkimusjulkaisu: Pitk\u00e4aikaishoidon filosofisesta perustasta<\/a><\/h2><div class=\"vcex-blog-entry-date\">3.2.2019<\/div><div class=\"vcex-blog-entry-excerpt entry-excerpt entry clr\"><p>Tunnustamisen ulottuvuudet perustana vanhojen ihmisten hyv\u00e4lle el\u00e4m\u00e4lle pitk\u00e4aikaishoidossa Tuoreessa artikkelissaan\u00a0Ten forms of recognition and misrecognition&hellip;<\/p><\/div><div class=\"vcex-blog-entry-readmore-wrap entry-readmore-wrap clr\"><a href=\"https:\/\/www.gerec.fi\/en\/artikkelijulkaisu-pitkaaikaishoidon-filosofisesta-perustasta-2\/\" class=\"theme-button\">Read more..<\/a><\/div><\/div><\/div><\/div><div class=\"vcex-blog-entry entry-has-details span_1_of_3 col-3 col post-520 entry type-post no-media cat-130 cat-1\"><div class=\"vcex-blog-entry-inner entry-inner wpex-clr\"><div class=\"vcex-blog-entry-details entry-details wpex-clr\"><h2 class=\"vcex-blog-entry-title entry-title\"><a href=\"https:\/\/www.gerec.fi\/en\/research-news-estrogen-explains-the-exosome-carried-messenger-profile-in-the-circulation-among-postmenopausal-women\/\">Research news: Estrogen explains the exosome-carried messenger profile in the circulation among postmenopausal women<\/a><\/h2><div class=\"vcex-blog-entry-date\">11.12.2018<\/div><div class=\"vcex-blog-entry-excerpt entry-excerpt entry clr\"><p>A study at the Gerontology Research Center, University of Jyv\u00e4skyl\u00e4 demonstrated that, in blood circulation,&hellip;<\/p><\/div><div class=\"vcex-blog-entry-readmore-wrap entry-readmore-wrap clr\"><a href=\"https:\/\/www.gerec.fi\/en\/research-news-estrogen-explains-the-exosome-carried-messenger-profile-in-the-circulation-among-postmenopausal-women\/\" class=\"theme-button\">Read more..<\/a><\/div><\/div><\/div><\/div><div class=\"vcex-blog-entry entry-has-details span_1_of_3 col-1 col post-416 entry type-post no-media cat-130 cat-1\"><div class=\"vcex-blog-entry-inner entry-inner wpex-clr\"><div class=\"vcex-blog-entry-details entry-details wpex-clr\"><h2 class=\"vcex-blog-entry-title entry-title\"><a href=\"https:\/\/www.gerec.fi\/en\/tutkimusjulkaisu-korkeasti-kuormittava-tyo-lisaa-sairaalahoidon-tarvetta-vanhuudessa\/\">Tutkimusjulkaisu: Korkeasti kuormittava ty\u00f6 lis\u00e4\u00e4 sairaalahoidon tarvetta vanhuudessa<\/a><\/h2><div class=\"vcex-blog-entry-date\">11.12.2018<\/div><div class=\"vcex-blog-entry-excerpt entry-excerpt entry clr\"><p>Psyykkisesti ja varsinkin fyysisesti kuormittava ty\u00f6 keski-i\u00e4ss\u00e4 lis\u00e4\u00e4 sairaalahoidon tarvetta vanhuudessa, todetaan tuoreessa Age and&hellip;<\/p><\/div><div class=\"vcex-blog-entry-readmore-wrap entry-readmore-wrap clr\"><a href=\"https:\/\/www.gerec.fi\/en\/tutkimusjulkaisu-korkeasti-kuormittava-tyo-lisaa-sairaalahoidon-tarvetta-vanhuudessa\/\" class=\"theme-button\">Read more..<\/a><\/div><\/div><\/div><\/div><div class=\"vcex-blog-entry entry-has-details span_1_of_3 col-2 col post-417 entry type-post no-media cat-130 cat-1\"><div class=\"vcex-blog-entry-inner entry-inner wpex-clr\"><div class=\"vcex-blog-entry-details entry-details wpex-clr\"><h2 class=\"vcex-blog-entry-title entry-title\"><a href=\"https:\/\/www.gerec.fi\/en\/tutkimusuutisia-liikkumiskyky-selittaa-osaltaan-iakkaiden-ihmisten-sosiaalinen-aktiivisuuden-ja-kuolleisuuden-valista-yhteytta\/\">Tutkimusjulkaisu: Liikkumiskyky selitt\u00e4\u00e4 osaltaan i\u00e4kk\u00e4iden ihmisten sosiaalinen aktiivisuuden ja kuolleisuuden v\u00e4list\u00e4 yhteytt\u00e4<\/a><\/h2><div class=\"vcex-blog-entry-date\">11.12.2018<\/div><div class=\"vcex-blog-entry-excerpt entry-excerpt entry clr\"><p>Sosiaalista osallistumista pidet\u00e4\u00e4n terveytt\u00e4 yll\u00e4pit\u00e4v\u00e4n\u00e4 toimintana, mutta on ep\u00e4selv\u00e4\u00e4 miksi n\u00e4in on. Lis\u00e4selvyytt\u00e4 asiaan saatiin&hellip;<\/p><\/div><div class=\"vcex-blog-entry-readmore-wrap entry-readmore-wrap clr\"><a href=\"https:\/\/www.gerec.fi\/en\/tutkimusuutisia-liikkumiskyky-selittaa-osaltaan-iakkaiden-ihmisten-sosiaalinen-aktiivisuuden-ja-kuolleisuuden-valista-yhteytta\/\" class=\"theme-button\">Read more..<\/a><\/div><\/div><\/div><\/div><div class=\"vcex-blog-entry entry-has-details span_1_of_3 col-3 col post-375 entry type-post no-media cat-130 cat-1\"><div class=\"vcex-blog-entry-inner entry-inner wpex-clr\"><div class=\"vcex-blog-entry-details entry-details wpex-clr\"><h2 class=\"vcex-blog-entry-title entry-title\"><a href=\"https:\/\/www.gerec.fi\/en\/tutkimusjulkaisu-vaikea-ymparisto-2013-yksinainen-vanhus-hankala-yhtalo\/\">Tutkimusjulkaisu: Vaikea ymp\u00e4rist\u00f6 \u2013 yksin\u00e4inen vanhus, hankala yht\u00e4l\u00f6<\/a><\/h2><div class=\"vcex-blog-entry-date\">11.12.2018<\/div><div class=\"vcex-blog-entry-excerpt entry-excerpt entry clr\"><p>Koetut ymp\u00e4rist\u00f6n esteet lis\u00e4\u00e4v\u00e4t yksin\u00e4isyyden kokemusta kotona asuvilla i\u00e4kk\u00e4ill\u00e4 ihmisill\u00e4. T\u00e4m\u00e4 todettiin Jyv\u00e4skyl\u00e4n yliopiston Gerontologian&hellip;<\/p><\/div><div class=\"vcex-blog-entry-readmore-wrap entry-readmore-wrap clr\"><a href=\"https:\/\/www.gerec.fi\/en\/tutkimusjulkaisu-vaikea-ymparisto-2013-yksinainen-vanhus-hankala-yhtalo\/\" class=\"theme-button\">Read more..<\/a><\/div><\/div><\/div><\/div><div class=\"vcex-blog-entry entry-has-details span_1_of_3 col-1 col post-376 entry type-post no-media cat-130 cat-1\"><div class=\"vcex-blog-entry-inner entry-inner wpex-clr\"><div class=\"vcex-blog-entry-details entry-details wpex-clr\"><h2 class=\"vcex-blog-entry-title entry-title\"><a href=\"https:\/\/www.gerec.fi\/en\/tutkimusjulkaisu-tehostetussa-palveluasumisessa-asuvat-muistisairaat-kokevat-eniten-kuormittavia-siirtymia-elaman-loppuvaiheessa\/\">Tutkimusjulkaisu: Tehostetussa palveluasumisessa asuvat muistisairaat kokevat eniten kuormittavia siirtymi\u00e4 el\u00e4m\u00e4n loppuvaiheessa<\/a><\/h2><div class=\"vcex-blog-entry-date\">11.12.2018<\/div><div class=\"vcex-blog-entry-excerpt entry-excerpt entry clr\"><p>Muistisairaista el\u00e4m\u00e4n loppuvaihetta el\u00e4vist\u00e4, vanhainkodissa tai tehostetussa palveluasumisessa asuvista ihmisist\u00e4 joka kymmenes koki kuormittaviksi luokiteltavia&hellip;<\/p><\/div><div class=\"vcex-blog-entry-readmore-wrap entry-readmore-wrap clr\"><a href=\"https:\/\/www.gerec.fi\/en\/tutkimusjulkaisu-tehostetussa-palveluasumisessa-asuvat-muistisairaat-kokevat-eniten-kuormittavia-siirtymia-elaman-loppuvaiheessa\/\" class=\"theme-button\">Read more..<\/a><\/div><\/div><\/div><\/div><div class=\"vcex-blog-entry entry-has-details span_1_of_3 col-2 col post-377 entry type-post no-media cat-130 cat-1\"><div class=\"vcex-blog-entry-inner entry-inner wpex-clr\"><div class=\"vcex-blog-entry-details entry-details wpex-clr\"><h2 class=\"vcex-blog-entry-title entry-title\"><a href=\"https:\/\/www.gerec.fi\/en\/tutkimusjulkaisu-iakkaat-naiset-luopuvat-monista-tavoitteistaan\/\">Tutkimusjulkaisu: I\u00e4kk\u00e4\u00e4t naiset luopuvat monista tavoitteistaan<\/a><\/h2><div class=\"vcex-blog-entry-date\">11.12.2018<\/div><div class=\"vcex-blog-entry-excerpt entry-excerpt entry clr\"><p>I\u00e4kk\u00e4ill\u00e4 ihmisill\u00e4 on el\u00e4m\u00e4ss\u00e4\u00e4n monenlaisia tavoitteita, jotka useimmiten liittyv\u00e4t terveyteen, itsen\u00e4iseen el\u00e4m\u00e4\u00e4n, ihmissuhteisiin ja erilaisiin&hellip;<\/p><\/div><div class=\"vcex-blog-entry-readmore-wrap entry-readmore-wrap clr\"><a href=\"https:\/\/www.gerec.fi\/en\/tutkimusjulkaisu-iakkaat-naiset-luopuvat-monista-tavoitteistaan\/\" class=\"theme-button\">Read more..<\/a><\/div><\/div><\/div><\/div><div class=\"vcex-blog-entry entry-has-details span_1_of_3 col-3 col post-378 entry type-post no-media cat-130 cat-1\"><div class=\"vcex-blog-entry-inner entry-inner wpex-clr\"><div class=\"vcex-blog-entry-details entry-details wpex-clr\"><h2 class=\"vcex-blog-entry-title entry-title\"><a href=\"https:\/\/www.gerec.fi\/en\/terveydenhuoltotutkimuksen-paivat-28\/\">TERVEYDENHUOLTOTUTKIMUKSEN P\u00c4IV\u00c4T 28.\u201329.11.2013, Tampereen yliopisto, Terveystieteiden yksikk\u00f6<\/a><\/h2><div class=\"vcex-blog-entry-date\">11.12.2018<\/div><div class=\"vcex-blog-entry-excerpt entry-excerpt entry clr\"><p>Teema:Sote-uudistus ja vanhojen ihmisten terveyspalvelutSuomalainen terveydenhuoltoj\u00e4rjestelm\u00e4 on muutosten alla. Muutoksella pyrit\u00e4\u00e4n muun muassa varautumaan v\u00e4est\u00f6n&hellip;<\/p><\/div><div class=\"vcex-blog-entry-readmore-wrap entry-readmore-wrap clr\"><a href=\"https:\/\/www.gerec.fi\/en\/terveydenhuoltotutkimuksen-paivat-28\/\" class=\"theme-button\">Read more..<\/a><\/div><\/div><\/div><\/div><div class=\"vcex-blog-entry entry-has-details span_1_of_3 col-1 col post-379 entry type-post no-media cat-130 cat-1\"><div class=\"vcex-blog-entry-inner entry-inner wpex-clr\"><div class=\"vcex-blog-entry-details entry-details wpex-clr\"><h2 class=\"vcex-blog-entry-title entry-title\"><a href=\"https:\/\/www.gerec.fi\/en\/tutkimusuutisia-iakkaiden-liikkumiskyvyn-ongelmien-taustalla-heikentynyt-tasapainon-varmuus\/\">Tutkimusjulkaisu: I\u00e4kk\u00e4iden liikkumiskyvyn ongelmien taustalla heikentynyt tasapainon varmuus<\/a><\/h2><div class=\"vcex-blog-entry-date\">11.12.2018<\/div><div class=\"vcex-blog-entry-excerpt entry-excerpt entry clr\"><p>Kaatuminen ja sen aiheuttama vamma heikent\u00e4v\u00e4t i\u00e4kk\u00e4\u00e4n henkil\u00f6n koettua tasapainon varmuutta ja lis\u00e4\u00e4v\u00e4t kaatumisen pelkoa,&hellip;<\/p><\/div><div class=\"vcex-blog-entry-readmore-wrap entry-readmore-wrap clr\"><a href=\"https:\/\/www.gerec.fi\/en\/tutkimusuutisia-iakkaiden-liikkumiskyvyn-ongelmien-taustalla-heikentynyt-tasapainon-varmuus\/\" class=\"theme-button\">Read more..<\/a><\/div><\/div><\/div><\/div><div class=\"vcex-blog-entry entry-has-details span_1_of_3 col-2 col post-380 entry type-post no-media cat-130 cat-1\"><div class=\"vcex-blog-entry-inner entry-inner wpex-clr\"><div class=\"vcex-blog-entry-details entry-details wpex-clr\"><h2 class=\"vcex-blog-entry-title entry-title\"><a href=\"https:\/\/www.gerec.fi\/en\/eija-pollaselle-aino-sallisen-nimikkorahaston-ensimmainen-apuraha\/\">Eija P\u00f6ll\u00e4selle Aino Sallisen nimikkorahaston ensimm\u00e4inen apuraha<\/a><\/h2><div class=\"vcex-blog-entry-date\">11.12.2018<\/div><div class=\"vcex-blog-entry-excerpt entry-excerpt entry clr\"><p>Jyv\u00e4skyl\u00e4n yliopiston emeritarehtori Aino Sallisen nimikkorahaston ensimm\u00e4inen apuraha on my\u00f6nnetty Gerontologian tutkimuskeskuksessa ty\u00f6skentelev\u00e4lle yliopistotutkija, FT&hellip;<\/p><\/div><div class=\"vcex-blog-entry-readmore-wrap entry-readmore-wrap clr\"><a href=\"https:\/\/www.gerec.fi\/en\/eija-pollaselle-aino-sallisen-nimikkorahaston-ensimmainen-apuraha\/\" class=\"theme-button\">Read more..<\/a><\/div><\/div><\/div><\/div><div class=\"vcex-blog-entry entry-has-details span_1_of_3 col-3 col post-381 entry type-post no-media cat-130 cat-1\"><div class=\"vcex-blog-entry-inner entry-inner wpex-clr\"><div class=\"vcex-blog-entry-details entry-details wpex-clr\"><h2 class=\"vcex-blog-entry-title entry-title\"><a href=\"https:\/\/www.gerec.fi\/en\/tutkimusjulkaisu-elamantavoitteet-voivat-tukea-tai-estaa-iakkaiden-liikunta-aktiivisuutta\/\">Tutkimusjulkaisu: El\u00e4m\u00e4ntavoitteet voivat tukea tai est\u00e4\u00e4 i\u00e4kk\u00e4iden liikunta-aktiivisuutta<\/a><\/h2><div class=\"vcex-blog-entry-date\">11.12.2018<\/div><div class=\"vcex-blog-entry-excerpt entry-excerpt entry clr\"><p>Vaikka liikunnan harrastaminen voi merkitt\u00e4v\u00e4sti edist\u00e4\u00e4 terveen\u00e4 vanhenemista, monet i\u00e4kk\u00e4\u00e4t ihmiset ovat melko passiivisia liikkujia.&hellip;<\/p><\/div><div class=\"vcex-blog-entry-readmore-wrap entry-readmore-wrap clr\"><a href=\"https:\/\/www.gerec.fi\/en\/tutkimusjulkaisu-elamantavoitteet-voivat-tukea-tai-estaa-iakkaiden-liikunta-aktiivisuutta\/\" class=\"theme-button\">Read more..<\/a><\/div><\/div><\/div><\/div><div class=\"vcex-blog-entry entry-has-details span_1_of_3 col-1 col post-382 entry type-post no-media cat-130 cat-1\"><div class=\"vcex-blog-entry-inner entry-inner wpex-clr\"><div class=\"vcex-blog-entry-details entry-details wpex-clr\"><h2 class=\"vcex-blog-entry-title entry-title\"><a href=\"https:\/\/www.gerec.fi\/en\/tutkimusjulkaisu-sosioekonominen-asema-on-yhteydessa-terveyseroihin-myos-viimeisina-elinvuosina\/\">Tutkimusjulkaisu: Sosioekonominen asema on yhteydess\u00e4 terveyseroihin my\u00f6s viimeisin\u00e4 elinvuosina<\/a><\/h2><div class=\"vcex-blog-entry-date\">11.12.2018<\/div><div class=\"vcex-blog-entry-excerpt entry-excerpt entry clr\"><p>Sosioekonominen asema on yhteydess\u00e4 my\u00f6s hyvin i\u00e4kk\u00e4iden ihmisten terveyteen ja toimintakykyyn. T\u00e4m\u00e4 k\u00e4y ilmi Tampereen&hellip;<\/p><\/div><div class=\"vcex-blog-entry-readmore-wrap entry-readmore-wrap clr\"><a href=\"https:\/\/www.gerec.fi\/en\/tutkimusjulkaisu-sosioekonominen-asema-on-yhteydessa-terveyseroihin-myos-viimeisina-elinvuosina\/\" class=\"theme-button\">Read more..<\/a><\/div><\/div><\/div><\/div><div class=\"vcex-blog-entry entry-has-details span_1_of_3 col-2 col post-383 entry type-post no-media cat-130 cat-1\"><div class=\"vcex-blog-entry-inner entry-inner wpex-clr\"><div class=\"vcex-blog-entry-details entry-details wpex-clr\"><h2 class=\"vcex-blog-entry-title entry-title\"><a href=\"https:\/\/www.gerec.fi\/en\/japanilais-suomalainen-seminaari-ageing-as-a-positive-phenomenon-enriching-interaction\/\">JAPANILAIS-SUOMALAINEN SEMINAARI: Ageing as a positive phenomenon ? enriching interaction!<\/a><\/h2><div class=\"vcex-blog-entry-date\">11.12.2018<\/div><div class=\"vcex-blog-entry-excerpt entry-excerpt entry clr\"><p>JAPANILAIS-SUOMALAINEN SEMINAARI: Ageing as a positive phenomenon ? enriching interaction! Aika: 10.9. klo 9.00-16.10Paikka: Lahden&hellip;<\/p><\/div><div class=\"vcex-blog-entry-readmore-wrap entry-readmore-wrap clr\"><a href=\"https:\/\/www.gerec.fi\/en\/japanilais-suomalainen-seminaari-ageing-as-a-positive-phenomenon-enriching-interaction\/\" class=\"theme-button\">Read more..<\/a><\/div><\/div><\/div><\/div><div class=\"vcex-blog-entry entry-has-details span_1_of_3 col-3 col post-385 entry type-post no-media cat-130 cat-1\"><div class=\"vcex-blog-entry-inner entry-inner wpex-clr\"><div class=\"vcex-blog-entry-details entry-details wpex-clr\"><h2 class=\"vcex-blog-entry-title entry-title\"><a href=\"https:\/\/www.gerec.fi\/en\/liikkumiseen-houkutteleva-ymparisto-auttaa-ikaantyneen-kavelykyvyn-yllapitamisessa\/\">Tutkimusjulkaisu: Liikkumiseen houkutteleva ymp\u00e4rist\u00f6 auttaa ik\u00e4\u00e4ntyneen k\u00e4velykyvyn yll\u00e4pit\u00e4misess\u00e4<\/a><\/h2><div class=\"vcex-blog-entry-date\">11.12.2018<\/div><div class=\"vcex-blog-entry-excerpt entry-excerpt entry clr\"><p>Ymp\u00e4rist\u00f6, jossa on ulkoliikuntaan houkuttelevia elementtej\u00e4, tukee vanhusten k\u00e4velykyvyn s\u00e4ilymist\u00e4. T\u00e4m\u00e4 k\u00e4vi ilmi Gerontologian tutkimuskeskuksessa&hellip;<\/p><\/div><div class=\"vcex-blog-entry-readmore-wrap entry-readmore-wrap clr\"><a href=\"https:\/\/www.gerec.fi\/en\/liikkumiseen-houkutteleva-ymparisto-auttaa-ikaantyneen-kavelykyvyn-yllapitamisessa\/\" class=\"theme-button\">Read more..<\/a><\/div><\/div><\/div><\/div><div class=\"vcex-blog-entry entry-has-details span_1_of_3 col-1 col post-386 entry type-post no-media cat-130 cat-1\"><div class=\"vcex-blog-entry-inner entry-inner wpex-clr\"><div class=\"vcex-blog-entry-details entry-details wpex-clr\"><h2 class=\"vcex-blog-entry-title entry-title\"><a href=\"https:\/\/www.gerec.fi\/en\/hyvia-uutisia-vanhenemisesta\/\">Hyvi\u00e4 uutisia vanhenemisesta<\/a><\/h2><div class=\"vcex-blog-entry-date\">11.12.2018<\/div><div class=\"vcex-blog-entry-excerpt entry-excerpt entry clr\"><p>Sosiaalinen \u00a0aktiivisuus on yhteydess\u00e4 i\u00e4kk\u00e4iden ihmisten terveyteenSosiaalisesti aktiivisemmilla 65\u201384-vuotiailla ik\u00e4ihmisill\u00e4 oli\u00a0 17 vuoden seurannassa pienempi&hellip;<\/p><\/div><div class=\"vcex-blog-entry-readmore-wrap entry-readmore-wrap clr\"><a href=\"https:\/\/www.gerec.fi\/en\/hyvia-uutisia-vanhenemisesta\/\" class=\"theme-button\">Read more..<\/a><\/div><\/div><\/div><\/div><div class=\"vcex-blog-entry entry-has-details span_1_of_3 col-2 col post-387 entry type-post no-media cat-130 cat-1\"><div class=\"vcex-blog-entry-inner entry-inner wpex-clr\"><div class=\"vcex-blog-entry-details entry-details wpex-clr\"><h2 class=\"vcex-blog-entry-title entry-title\"><a href=\"https:\/\/www.gerec.fi\/en\/tutkimusjulkaisu-genominlaajuinen-transkriptioanalyysi-paljastaa-sukupuolieroja-ihmisen-immuunijarjestelman-vanhenemisessa\/\">Tutkimusjulkaisu: Genominlaajuinen transkriptioanalyysi paljastaa sukupuolieroja ihmisen immuunij\u00e4rjestelm\u00e4n vanhenemisessa<\/a><\/h2><div class=\"vcex-blog-entry-date\">11.12.2018<\/div><div class=\"vcex-blog-entry-excerpt entry-excerpt entry clr\"><p>Immuunij\u00e4rjestelm\u00e4n toiminta heikkenee i\u00e4n my\u00f6t\u00e4 ja tiedet\u00e4\u00e4n my\u00f6s, ett\u00e4 miesten ja naisten v\u00e4lill\u00e4 on eroja&hellip;<\/p><\/div><div class=\"vcex-blog-entry-readmore-wrap entry-readmore-wrap clr\"><a href=\"https:\/\/www.gerec.fi\/en\/tutkimusjulkaisu-genominlaajuinen-transkriptioanalyysi-paljastaa-sukupuolieroja-ihmisen-immuunijarjestelman-vanhenemisessa\/\" class=\"theme-button\">Read more..<\/a><\/div><\/div><\/div><\/div><div class=\"vcex-blog-entry entry-has-details span_1_of_3 col-3 col post-388 entry type-post no-media cat-130 cat-1\"><div class=\"vcex-blog-entry-inner entry-inner wpex-clr\"><div class=\"vcex-blog-entry-details entry-details wpex-clr\"><h2 class=\"vcex-blog-entry-title entry-title\"><a href=\"https:\/\/www.gerec.fi\/en\/tutkimusjulkaisu-sytomegaloviruksen-vaikutus-ihmisen-immuunijarjestelman-vanhenemiseen\/\">Tutkimusjulkaisu: Sytomegaloviruksen vaikutus ihmisen immuunij\u00e4rjestelm\u00e4n vanhenemiseen<\/a><\/h2><div class=\"vcex-blog-entry-date\">11.12.2018<\/div><div class=\"vcex-blog-entry-excerpt entry-excerpt entry clr\"><p>Vanheneminen johtaa immuunij\u00e4rjestelm\u00e4n toiminnan heikkenemiseen. Ihmisen sytomegalovirus (CMV) saattaa olla yksi osatekij\u00e4 t\u00e4m\u00e4n heikkenemisen taustalla.&hellip;<\/p><\/div><div class=\"vcex-blog-entry-readmore-wrap entry-readmore-wrap clr\"><a href=\"https:\/\/www.gerec.fi\/en\/tutkimusjulkaisu-sytomegaloviruksen-vaikutus-ihmisen-immuunijarjestelman-vanhenemiseen\/\" class=\"theme-button\">Read more..<\/a><\/div><\/div><\/div><\/div><div class=\"vcex-blog-entry entry-has-details span_1_of_3 col-1 col post-389 entry type-post no-media cat-130 cat-1\"><div class=\"vcex-blog-entry-inner entry-inner wpex-clr\"><div class=\"vcex-blog-entry-details entry-details wpex-clr\"><h2 class=\"vcex-blog-entry-title entry-title\"><a href=\"https:\/\/www.gerec.fi\/en\/gerontologian-tutkimuskeskuksen-tohtoriopiskelija-linda-enroth-on-saanut-kasvun-ja-vanhenemisen-tutkijat-ry-n-gradupalkinnon\/\">Gerontologian tutkimuskeskuksen  tohtoriopiskelija LInda Enroth on saanut Kasvun ja vanhenemisen tutkijat ry:n gradupalkinnon<\/a><\/h2><div class=\"vcex-blog-entry-date\">11.12.2018<\/div><div class=\"vcex-blog-entry-excerpt entry-excerpt entry clr\"><p>tutkielmastaan Sosioekonomiset erot vanhoista vanhimpien terveydess\u00e4. Palkinto jaettiin Gerontologian p\u00e4ivien p\u00e4\u00e4t\u00f6stilaisuudessa Helsingiss\u00e4 7. kes\u00e4kuuta. Gerontologian&hellip;<\/p><\/div><div class=\"vcex-blog-entry-readmore-wrap entry-readmore-wrap clr\"><a href=\"https:\/\/www.gerec.fi\/en\/gerontologian-tutkimuskeskuksen-tohtoriopiskelija-linda-enroth-on-saanut-kasvun-ja-vanhenemisen-tutkijat-ry-n-gradupalkinnon\/\" class=\"theme-button\">Read more..<\/a><\/div><\/div><\/div><\/div><div class=\"vcex-blog-entry entry-has-details span_1_of_3 col-2 col post-390 entry type-post no-media cat-130 cat-1\"><div class=\"vcex-blog-entry-inner entry-inner wpex-clr\"><div class=\"vcex-blog-entry-details entry-details wpex-clr\"><h2 class=\"vcex-blog-entry-title entry-title\"><a href=\"https:\/\/www.gerec.fi\/en\/tutkijatohtori-elina-sillanpaa-palkittiin-liikuntatieteen-paivien-nuori-tutkija-kilpailussa\/\">Tutkijatohtori Elina Sillanp\u00e4\u00e4 palkittiin Liikuntatieteen p\u00e4ivien Nuori tutkija -kilpailussa<\/a><\/h2><div class=\"vcex-blog-entry-date\">11.12.2018<\/div><div class=\"vcex-blog-entry-excerpt entry-excerpt entry clr\"><p>Gerontologian tutkimuskeskuksen tutkijatohtori Elina Sillanp\u00e4\u00e4 palkittiin Liikuntatieteen p\u00e4ivien Nuori tutkija -kilpailussa Jyv\u00e4skyl\u00e4ss\u00e4 12.6.2013. Palkittu tutkimustiivistelm\u00e4&hellip;<\/p><\/div><div class=\"vcex-blog-entry-readmore-wrap entry-readmore-wrap clr\"><a href=\"https:\/\/www.gerec.fi\/en\/tutkijatohtori-elina-sillanpaa-palkittiin-liikuntatieteen-paivien-nuori-tutkija-kilpailussa\/\" class=\"theme-button\">Read more..<\/a><\/div><\/div><\/div><\/div><div class=\"vcex-blog-entry entry-has-details span_1_of_3 col-3 col post-391 entry type-post no-media cat-130 cat-1\"><div class=\"vcex-blog-entry-inner entry-inner wpex-clr\"><div class=\"vcex-blog-entry-details entry-details wpex-clr\"><h2 class=\"vcex-blog-entry-title entry-title\"><a href=\"https:\/\/www.gerec.fi\/en\/plasmassa-kiertava-soluvapaa-dna-on-yhteydessa-kuolleisuuteen-ja-tulehdustekijoihin-tervaskannot-90-tutkimus\/\">Tutkimusjulkaisu: Plasmassa kiert\u00e4v\u00e4 soluvapaa DNA on yhteydess\u00e4 kuolleisuuteen ja tulehdustekij\u00f6ihin: Tervaskannot 90+ Tutkimus<\/a><\/h2><div class=\"vcex-blog-entry-date\">11.12.2018<\/div><div class=\"vcex-blog-entry-excerpt entry-excerpt entry clr\"><p>Tutkimusjulkaisu: Plasmassa kiert\u00e4v\u00e4 soluvapaa DNA on yhteydess\u00e4 kuolleisuuteen ja tulehdustekij\u00f6ihin: Tervaskannot 90+ Tutkimus Vanhenemiseen liittyy&hellip;<\/p><\/div><div class=\"vcex-blog-entry-readmore-wrap entry-readmore-wrap clr\"><a href=\"https:\/\/www.gerec.fi\/en\/plasmassa-kiertava-soluvapaa-dna-on-yhteydessa-kuolleisuuteen-ja-tulehdustekijoihin-tervaskannot-90-tutkimus\/\" class=\"theme-button\">Read more..<\/a><\/div><\/div><\/div><\/div><div class=\"vcex-blog-entry entry-has-details span_1_of_3 col-1 col post-392 entry type-post no-media cat-130 cat-1\"><div class=\"vcex-blog-entry-inner entry-inner wpex-clr\"><div class=\"vcex-blog-entry-details entry-details wpex-clr\"><h2 class=\"vcex-blog-entry-title entry-title\"><a href=\"https:\/\/www.gerec.fi\/en\/plasman-soluvapaan-dna-n-eri-osakomponenttien-karakterisaatio-ja-yhteys-ikaan-liittyvaan-tulehdukseen-ja-frailty-syndroomaan\/\">Tutkimusjulkaisu: Plasman soluvapaan DNA:n eri osakomponenttien karakterisaatio ja yhteys ik\u00e4\u00e4n liittyv\u00e4\u00e4n tulehdukseen ja frailty-syndroomaan<\/a><\/h2><div class=\"vcex-blog-entry-date\">11.12.2018<\/div><div class=\"vcex-blog-entry-excerpt entry-excerpt entry clr\"><p>Plasmassa kiert\u00e4v\u00e4 soluvapaa DNA on hiljattain osoittautunut uudeksi k\u00e4yt\u00e4nn\u00f6lliseksi vanhenemiseen liittyv\u00e4n systeemisen tulehduksen ja solukuoleman&hellip;<\/p><\/div><div class=\"vcex-blog-entry-readmore-wrap entry-readmore-wrap clr\"><a href=\"https:\/\/www.gerec.fi\/en\/plasman-soluvapaan-dna-n-eri-osakomponenttien-karakterisaatio-ja-yhteys-ikaan-liittyvaan-tulehdukseen-ja-frailty-syndroomaan\/\" class=\"theme-button\">Read more..<\/a><\/div><\/div><\/div><\/div><div class=\"vcex-blog-entry entry-has-details span_1_of_3 col-2 col post-393 entry type-post no-media cat-130 cat-1\"><div class=\"vcex-blog-entry-inner entry-inner wpex-clr\"><div class=\"vcex-blog-entry-details entry-details wpex-clr\"><h2 class=\"vcex-blog-entry-title entry-title\"><a href=\"https:\/\/www.gerec.fi\/en\/vaitostilaisuus-ttm-anna-siukolan-vaitostilaisuus-perjantaina-26\/\">V\u00e4it\u00f6stilaisuus: TtM Anna Siukolan v\u00e4it\u00f6stilaisuus perjantaina 26.4.2013 12.00 Tampereella<\/a><\/h2><div class=\"vcex-blog-entry-date\">11.12.2018<\/div><div class=\"vcex-blog-entry-excerpt entry-excerpt entry clr\"><p>Sickness absence and working conditions in the food industry. Tampereen yliopiston terveystieteiden yksik\u00f6n luentosali, Medisiinarinkatu&hellip;<\/p><\/div><div class=\"vcex-blog-entry-readmore-wrap entry-readmore-wrap clr\"><a href=\"https:\/\/www.gerec.fi\/en\/vaitostilaisuus-ttm-anna-siukolan-vaitostilaisuus-perjantaina-26\/\" class=\"theme-button\">Read more..<\/a><\/div><\/div><\/div><\/div><div class=\"vcex-blog-entry entry-has-details span_1_of_3 col-3 col post-394 entry type-post no-media cat-130 cat-1\"><div class=\"vcex-blog-entry-inner entry-inner wpex-clr\"><div class=\"vcex-blog-entry-details entry-details wpex-clr\"><h2 class=\"vcex-blog-entry-title entry-title\"><a href=\"https:\/\/www.gerec.fi\/en\/tutkimusjulkaisu-hyva-fyysinen-toimintakyky-vahentaa-kuolleisuuden-riskia-myos-yli-90-vuotiailla\/\">Tutkimusjulkaisu: Hyv\u00e4 fyysinen toimintakyky v\u00e4hent\u00e4\u00e4 kuolleisuuden riski\u00e4 my\u00f6s yli 90-vuotiailla<\/a><\/h2><div class=\"vcex-blog-entry-date\">11.12.2018<\/div><div class=\"vcex-blog-entry-excerpt entry-excerpt entry clr\"><p>Tervaskannot 90+ tutkimuksen yhdeks\u00e4n vuoden seuranannan tulokset osoittavat, ett\u00e4 hyv\u00e4 toimintakyky ja liikkumiskyky samoin kuin&hellip;<\/p><\/div><div class=\"vcex-blog-entry-readmore-wrap entry-readmore-wrap clr\"><a href=\"https:\/\/www.gerec.fi\/en\/tutkimusjulkaisu-hyva-fyysinen-toimintakyky-vahentaa-kuolleisuuden-riskia-myos-yli-90-vuotiailla\/\" class=\"theme-button\">Read more..<\/a><\/div><\/div><\/div><\/div><div class=\"vcex-blog-entry entry-has-details span_1_of_3 col-1 col post-395 entry type-post no-media cat-130 cat-1\"><div class=\"vcex-blog-entry-inner entry-inner wpex-clr\"><div class=\"vcex-blog-entry-details entry-details wpex-clr\"><h2 class=\"vcex-blog-entry-title entry-title\"><a href=\"https:\/\/www.gerec.fi\/en\/tutkimusjulkaisu-vyotaro-lantiosuhde-ei-yhteydessa-rasvakudoksen-maaraan-vanhoista-vanhimmilla-naisilla\/\">Tutkimusjulkaisu: Vy\u00f6t\u00e4r\u00f6-lantiosuhde ei yhteydess\u00e4 rasvakudoksen m\u00e4\u00e4r\u00e4\u00e4n vanhoista vanhimmilla naisilla<\/a><\/h2><div class=\"vcex-blog-entry-date\">11.12.2018<\/div><div class=\"vcex-blog-entry-excerpt entry-excerpt entry clr\"><p>Painoindeksi ja vy\u00f6t\u00e4r\u00f6nymp\u00e4rys heijastavat rasvakudoksen m\u00e4\u00e4r\u00e4\u00e4 vanhoista vanhimmilla naisilla ja miehill\u00e4, mutta vy\u00f6t\u00e4r\u00f6-lantiosuhde kuvastaa rasvan&hellip;<\/p><\/div><div class=\"vcex-blog-entry-readmore-wrap entry-readmore-wrap clr\"><a href=\"https:\/\/www.gerec.fi\/en\/tutkimusjulkaisu-vyotaro-lantiosuhde-ei-yhteydessa-rasvakudoksen-maaraan-vanhoista-vanhimmilla-naisilla\/\" class=\"theme-button\">Read more..<\/a><\/div><\/div><\/div><\/div><div class=\"vcex-blog-entry entry-has-details span_1_of_3 col-2 col post-396 entry type-post no-media cat-130 cat-1\"><div class=\"vcex-blog-entry-inner entry-inner wpex-clr\"><div class=\"vcex-blog-entry-details entry-details wpex-clr\"><h2 class=\"vcex-blog-entry-title entry-title\"><a href=\"https:\/\/www.gerec.fi\/en\/tutkimusjulkaisu-kehno-fyysinen-kunto-moninkertaistaa-sepelvaltimoahtauman-riskin\/\">Tutkimusjulkaisu: Kehno fyysinen kunto moninkertaistaa sepelvaltimoahtauman riskin<\/a><\/h2><div class=\"vcex-blog-entry-date\">11.12.2018<\/div><div class=\"vcex-blog-entry-excerpt entry-excerpt entry clr\"><p>Korkea sepelvaltimoahtauma-aste yhdistettyn\u00e4 hitaaseen k\u00e4velynopeuteen nostaa kuolleisuusriskin moninkertaiseksi, todettiin tuoreessa International Journal of Cardiology -lehdess\u00e4&hellip;<\/p><\/div><div class=\"vcex-blog-entry-readmore-wrap entry-readmore-wrap clr\"><a href=\"https:\/\/www.gerec.fi\/en\/tutkimusjulkaisu-kehno-fyysinen-kunto-moninkertaistaa-sepelvaltimoahtauman-riskin\/\" class=\"theme-button\">Read more..<\/a><\/div><\/div><\/div><\/div><div class=\"vcex-blog-entry entry-has-details span_1_of_3 col-3 col post-397 entry type-post no-media cat-130 cat-1\"><div class=\"vcex-blog-entry-inner entry-inner wpex-clr\"><div class=\"vcex-blog-entry-details entry-details wpex-clr\"><h2 class=\"vcex-blog-entry-title entry-title\"><a href=\"https:\/\/www.gerec.fi\/en\/tyoian-stressilla-haitallisia-vaikutuksia-vanhuuden-toimintakykyyn\/\">Tutkimusjulkaisu: Ty\u00f6i\u00e4n stressill\u00e4 haitallisia vaikutuksia vanhuuden toimintakykyyn<\/a><\/h2><div class=\"vcex-blog-entry-date\">11.12.2018<\/div><div class=\"vcex-blog-entry-excerpt entry-excerpt entry clr\"><p>Tutkijatohtori Jenni Kulmalan tutkimus osoittaa, ett\u00e4 ty\u00f6i\u00e4ss\u00e4 koetulla stressill\u00e4 on pitk\u00e4aikaisia vaikutuksia vanhuuden fyysiseen toimintakykyyn.&hellip;<\/p><\/div><div class=\"vcex-blog-entry-readmore-wrap entry-readmore-wrap clr\"><a href=\"https:\/\/www.gerec.fi\/en\/tyoian-stressilla-haitallisia-vaikutuksia-vanhuuden-toimintakykyyn\/\" class=\"theme-button\">Read more..<\/a><\/div><\/div><\/div><\/div><div class=\"vcex-blog-entry entry-has-details span_1_of_3 col-1 col post-398 entry type-post no-media cat-130 cat-1\"><div class=\"vcex-blog-entry-inner entry-inner wpex-clr\"><div class=\"vcex-blog-entry-details entry-details wpex-clr\"><h2 class=\"vcex-blog-entry-title entry-title\"><a href=\"https:\/\/www.gerec.fi\/en\/tutkimusjulkaisu-hoidetut-kadut-ja-hyvat-valot-auttavat-iakkaita-liikkumaan\/\">Tutkimusjulkaisu: Hoidetut kadut ja hyv\u00e4t valot auttavat i\u00e4kk\u00e4it\u00e4 liikkumaan<\/a><\/h2><div class=\"vcex-blog-entry-date\">11.12.2018<\/div><div class=\"vcex-blog-entry-excerpt entry-excerpt entry clr\"><p>Gerontologian tutkimuskeskuksen tohtorikoulutettava Johanna Eronen selvitti syit\u00e4, jotka est\u00e4v\u00e4t tai vaikeuttavat i\u00e4kk\u00e4iden henkil\u00f6iden tavanomaista ulkona&hellip;<\/p><\/div><div class=\"vcex-blog-entry-readmore-wrap entry-readmore-wrap clr\"><a href=\"https:\/\/www.gerec.fi\/en\/tutkimusjulkaisu-hoidetut-kadut-ja-hyvat-valot-auttavat-iakkaita-liikkumaan\/\" class=\"theme-button\">Read more..<\/a><\/div><\/div><\/div><\/div><div class=\"vcex-blog-entry entry-has-details span_1_of_3 col-2 col post-399 entry type-post no-media cat-130 cat-1\"><div class=\"vcex-blog-entry-inner entry-inner wpex-clr\"><div class=\"vcex-blog-entry-details entry-details wpex-clr\"><h2 class=\"vcex-blog-entry-title entry-title\"><a href=\"https:\/\/www.gerec.fi\/en\/tutkimusjulkaisu-toimihenkilot-ja-korkeasti-koulutetut-elavat-pidempaan-90-vuotiainakin\/\">Tutkimusjulkaisu: Toimihenkil\u00f6t ja korkeasti koulutetut el\u00e4v\u00e4t pidemp\u00e4\u00e4n 90-vuotiainakin<\/a><\/h2><div class=\"vcex-blog-entry-date\">11.12.2018<\/div><div class=\"vcex-blog-entry-excerpt entry-excerpt entry clr\"><p>Toimihenkil\u00f6ill\u00e4 ja korkeasti koulutetuilla on viel\u00e4 yli 90-vuotiaanakin enemm\u00e4n elinvuosia edess\u00e4\u00e4n kuin ty\u00f6ntekij\u00e4ammateissa toimineilla ja&hellip;<\/p><\/div><div class=\"vcex-blog-entry-readmore-wrap entry-readmore-wrap clr\"><a href=\"https:\/\/www.gerec.fi\/en\/tutkimusjulkaisu-toimihenkilot-ja-korkeasti-koulutetut-elavat-pidempaan-90-vuotiainakin\/\" class=\"theme-button\">Read more..<\/a><\/div><\/div><\/div><\/div><div class=\"vcex-blog-entry entry-has-details span_1_of_3 col-3 col post-400 entry type-post no-media cat-130 cat-1\"><div class=\"vcex-blog-entry-inner entry-inner wpex-clr\"><div class=\"vcex-blog-entry-details entry-details wpex-clr\"><h2 class=\"vcex-blog-entry-title entry-title\"><a href=\"https:\/\/www.gerec.fi\/en\/gerecin-ensimmainen-blogi-julkaistu\/\">GERECin ensimm\u00e4inen blogi julkaistu<\/a><\/h2><div class=\"vcex-blog-entry-date\">11.12.2018<\/div><div class=\"vcex-blog-entry-excerpt entry-excerpt entry clr\"><p>Professori Taina Rantasen kirjoittama blogi l\u00f6ytyy t\u00e4m\u00e4n sivuston yl\u00e4reunasta blogi-otsikon alta Gerontologian tutkimuskeskusPL 35, 40014&hellip;<\/p><\/div><div class=\"vcex-blog-entry-readmore-wrap entry-readmore-wrap clr\"><a href=\"https:\/\/www.gerec.fi\/en\/gerecin-ensimmainen-blogi-julkaistu\/\" class=\"theme-button\">Read more..<\/a><\/div><\/div><\/div><\/div><div class=\"vcex-blog-entry entry-has-details span_1_of_3 col-1 col post-401 entry type-post no-media cat-130 cat-1\"><div class=\"vcex-blog-entry-inner entry-inner wpex-clr\"><div class=\"vcex-blog-entry-details entry-details wpex-clr\"><h2 class=\"vcex-blog-entry-title entry-title\"><a href=\"https:\/\/www.gerec.fi\/en\/tutkimusjulkaisu-heikko-kuulo-sitoo-kotiin\/\">Tutkimusjulkaisu: Heikko kuulo sitoo kotiin<\/a><\/h2><div class=\"vcex-blog-entry-date\">11.12.2018<\/div><div class=\"vcex-blog-entry-excerpt entry-excerpt entry clr\"><p>N\u00e4\u00f6n ja kuulon ongelmat v\u00e4hent\u00e4v\u00e4t i\u00e4kk\u00e4iden henkil\u00f6iden aktiivista osallistumista erilaisiin tapahtumiin ja harrastuksiin. T\u00e4m\u00e4 havaittiin&hellip;<\/p><\/div><div class=\"vcex-blog-entry-readmore-wrap entry-readmore-wrap clr\"><a href=\"https:\/\/www.gerec.fi\/en\/tutkimusjulkaisu-heikko-kuulo-sitoo-kotiin\/\" class=\"theme-button\">Read more..<\/a><\/div><\/div><\/div><\/div><div class=\"vcex-blog-entry entry-has-details span_1_of_3 col-2 col post-402 entry type-post no-media cat-130 cat-1\"><div class=\"vcex-blog-entry-inner entry-inner wpex-clr\"><div class=\"vcex-blog-entry-details entry-details wpex-clr\"><h2 class=\"vcex-blog-entry-title entry-title\"><a href=\"https:\/\/www.gerec.fi\/en\/tutkijatohtorirahoitus-leena-formalle-suomen-akatemiasta\/\">Tutkijatohtorirahoitus Leena Formalle Suomen Akatemiasta<\/a><\/h2><div class=\"vcex-blog-entry-date\">11.12.2018<\/div><div class=\"vcex-blog-entry-excerpt entry-excerpt entry clr\"><p>Terveystieteiden tohtori Leena Forma tutkii i\u00e4n ja kuoleman l\u00e4heisyyden merkityst\u00e4 sairaalan ja pitk\u00e4aikaishoidon k\u00e4yt\u00f6n ja&hellip;<\/p><\/div><div class=\"vcex-blog-entry-readmore-wrap entry-readmore-wrap clr\"><a href=\"https:\/\/www.gerec.fi\/en\/tutkijatohtorirahoitus-leena-formalle-suomen-akatemiasta\/\" class=\"theme-button\">Read more..<\/a><\/div><\/div><\/div><\/div><div class=\"vcex-blog-entry entry-has-details span_1_of_3 col-3 col post-403 entry type-post no-media cat-130 cat-1\"><div class=\"vcex-blog-entry-inner entry-inner wpex-clr\"><div class=\"vcex-blog-entry-details entry-details wpex-clr\"><h2 class=\"vcex-blog-entry-title entry-title\"><a href=\"https:\/\/www.gerec.fi\/en\/gerontologian-tutkimuskeskus-mukaan-uuteen-cost-verkostoon\/\">Gerontologian tutkimuskeskus mukaan uuteen COST-verkostoon<\/a><\/h2><div class=\"vcex-blog-entry-date\">11.12.2018<\/div><div class=\"vcex-blog-entry-excerpt entry-excerpt entry clr\"><p>GEREC on liittynyt mukaan EU-rahoitteiseen COST-tutkimusverkostoon COST-tutkimusverkostoon (European Cooperation in Science and Technology IS1402) jonka&hellip;<\/p><\/div><div class=\"vcex-blog-entry-readmore-wrap entry-readmore-wrap clr\"><a href=\"https:\/\/www.gerec.fi\/en\/gerontologian-tutkimuskeskus-mukaan-uuteen-cost-verkostoon\/\" class=\"theme-button\">Read more..<\/a><\/div><\/div><\/div><\/div><div class=\"vcex-blog-entry entry-has-details span_1_of_3 col-1 col post-404 entry type-post no-media cat-130 cat-1\"><div class=\"vcex-blog-entry-inner entry-inner wpex-clr\"><div class=\"vcex-blog-entry-details entry-details wpex-clr\"><h2 class=\"vcex-blog-entry-title entry-title\"><a href=\"https:\/\/www.gerec.fi\/en\/vuokko-kovasen-tutkimusryhmalle-hankerahaa-suomen-akatemialta\/\">Vuokko Kovasen tutkimusryhm\u00e4lle hankerahoitusta Suomen Akatemialta<\/a><\/h2><div class=\"vcex-blog-entry-date\">11.12.2018<\/div><div class=\"vcex-blog-entry-excerpt entry-excerpt entry clr\"><p>Solubiologian dosentti Vuokko Kovasen vet\u00e4m\u00e4 ERMA-tutkimus selvitt\u00e4\u00e4 vaihdevuosiin liittyv\u00e4n estrogeenivajeen merkityst\u00e4 ja estrogeenin vaikutusmekanismeja lihasten&hellip;<\/p><\/div><div class=\"vcex-blog-entry-readmore-wrap entry-readmore-wrap clr\"><a href=\"https:\/\/www.gerec.fi\/en\/vuokko-kovasen-tutkimusryhmalle-hankerahaa-suomen-akatemialta\/\" class=\"theme-button\">Read more..<\/a><\/div><\/div><\/div><\/div><div class=\"vcex-blog-entry entry-has-details span_1_of_3 col-2 col post-405 entry type-post no-media cat-130 cat-1\"><div class=\"vcex-blog-entry-inner entry-inner wpex-clr\"><div class=\"vcex-blog-entry-details entry-details wpex-clr\"><h2 class=\"vcex-blog-entry-title entry-title\"><a href=\"https:\/\/www.gerec.fi\/en\/opetus-ja-kulttuuriministeriolta-rahoitusta-tutkijatohtori-erja-portegjisille\/\">Opetus- ja kulttuuriministeri\u00f6lt\u00e4 rahoitusta tutkijatohtori Erja Portegijsille<\/a><\/h2><div class=\"vcex-blog-entry-date\">11.12.2018<\/div><div class=\"vcex-blog-entry-excerpt entry-excerpt entry clr\"><p>Opetus- ja kulttuuriministeri\u00f6 my\u00f6nsi apurahan uudelle tutkimushankkeelle joka k\u00e4sittelee i\u00e4kk\u00e4iden henkil\u00f6iden ulkona liikkumista ja heit\u00e4&hellip;<\/p><\/div><div class=\"vcex-blog-entry-readmore-wrap entry-readmore-wrap clr\"><a href=\"https:\/\/www.gerec.fi\/en\/opetus-ja-kulttuuriministeriolta-rahoitusta-tutkijatohtori-erja-portegjisille\/\" class=\"theme-button\">Read more..<\/a><\/div><\/div><\/div><\/div><div class=\"vcex-blog-entry entry-has-details span_1_of_3 col-3 col post-406 entry type-post no-media cat-130 cat-1\"><div class=\"vcex-blog-entry-inner entry-inner wpex-clr\"><div class=\"vcex-blog-entry-details entry-details wpex-clr\"><h2 class=\"vcex-blog-entry-title entry-title\"><a href=\"https:\/\/www.gerec.fi\/en\/tutkimusjulkaisu-kunnissa-suuria-eroja-pitkaaikaishoidon-kaytossa\/\">Tutkimusjulkaisu: Kunnissa suuria eroja pitk\u00e4aikaishoidon k\u00e4yt\u00f6ss\u00e4<\/a><\/h2><div class=\"vcex-blog-entry-date\">11.12.2018<\/div><div class=\"vcex-blog-entry-excerpt entry-excerpt entry clr\"><p>Kunnissa on suuria eroja siin\u00e4, millaisia pitk\u00e4aikaishoidon palveluja vanhat ihmiset k\u00e4ytt\u00e4v\u00e4t viimeisin\u00e4 elinvuosinaan. T\u00e4m\u00e4 selvi\u00e4\u00e4&hellip;<\/p><\/div><div class=\"vcex-blog-entry-readmore-wrap entry-readmore-wrap clr\"><a href=\"https:\/\/www.gerec.fi\/en\/tutkimusjulkaisu-kunnissa-suuria-eroja-pitkaaikaishoidon-kaytossa\/\" class=\"theme-button\">Read more..<\/a><\/div><\/div><\/div><\/div><div class=\"vcex-blog-entry entry-has-details span_1_of_3 col-1 col post-407 entry type-post no-media cat-130 cat-1\"><div class=\"vcex-blog-entry-inner entry-inner wpex-clr\"><div class=\"vcex-blog-entry-details entry-details wpex-clr\"><h2 class=\"vcex-blog-entry-title entry-title\"><a href=\"https:\/\/www.gerec.fi\/en\/tutkimusjulkaisu-ruumiillisella-tyolla-ja-vapaa-ajan-liikunnalla-painvastaiset-vaikutukset-vanhuuden-toimintakykyyn\/\">Tutkimusjulkaisu: Ruumiillisella ty\u00f6ll\u00e4 ja vapaa-ajan liikunnalla p\u00e4invastaiset vaikutukset vanhuuden toimintakykyyn<\/a><\/h2><div class=\"vcex-blog-entry-date\">11.12.2018<\/div><div class=\"vcex-blog-entry-excerpt entry-excerpt entry clr\"><p>Keski-i\u00e4ss\u00e4 tehty raskas ruumiillinen ty\u00f6 ennustaa heikentynytt\u00e4 toimintakyky\u00e4 vanhuudessa, mutta reipas vapaa-ajan liikunta ennakoi hyv\u00e4\u00e4&hellip;<\/p><\/div><div class=\"vcex-blog-entry-readmore-wrap entry-readmore-wrap clr\"><a href=\"https:\/\/www.gerec.fi\/en\/tutkimusjulkaisu-ruumiillisella-tyolla-ja-vapaa-ajan-liikunnalla-painvastaiset-vaikutukset-vanhuuden-toimintakykyyn\/\" class=\"theme-button\">Read more..<\/a><\/div><\/div><\/div><\/div><div class=\"vcex-blog-entry entry-has-details span_1_of_3 col-2 col post-408 entry type-post no-media cat-130 cat-1\"><div class=\"vcex-blog-entry-inner entry-inner wpex-clr\"><div class=\"vcex-blog-entry-details entry-details wpex-clr\"><h2 class=\"vcex-blog-entry-title entry-title\"><a href=\"https:\/\/www.gerec.fi\/en\/tutkimusjulkaisu-autonomian-tunne-ja-fyysinen-suorituskyky-maarittavat-iakkaiden-henkiloiden-elinpiiria\/\">Tutkimusjulkaisu: Autonomian tunne ja fyysinen suorituskyky m\u00e4\u00e4ritt\u00e4v\u00e4t i\u00e4kk\u00e4iden henkil\u00f6iden elinpiiri\u00e4<\/a><\/h2><div class=\"vcex-blog-entry-date\">11.12.2018<\/div><div class=\"vcex-blog-entry-excerpt entry-excerpt entry clr\"><p>Autonomian tunne ja fyysinen suorituskyky m\u00e4\u00e4ritt\u00e4v\u00e4t i\u00e4kk\u00e4iden henkil\u00f6iden elinpiiri\u00e4. T\u00e4m\u00e4 todettiin Jyv\u00e4skyl\u00e4n yliopiston Gerontologian tutkimuskeskuksessa&hellip;<\/p><\/div><div class=\"vcex-blog-entry-readmore-wrap entry-readmore-wrap clr\"><a href=\"https:\/\/www.gerec.fi\/en\/tutkimusjulkaisu-autonomian-tunne-ja-fyysinen-suorituskyky-maarittavat-iakkaiden-henkiloiden-elinpiiria\/\" class=\"theme-button\">Read more..<\/a><\/div><\/div><\/div><\/div><div class=\"vcex-blog-entry entry-has-details span_1_of_3 col-3 col post-409 entry type-post no-media cat-130 cat-1\"><div class=\"vcex-blog-entry-inner entry-inner wpex-clr\"><div class=\"vcex-blog-entry-details entry-details wpex-clr\"><h2 class=\"vcex-blog-entry-title entry-title\"><a href=\"https:\/\/www.gerec.fi\/en\/tutkimusjulkaisu-vanhuuden-hauraus-raihnaus-oireyhtyma-yleinen-muistisairailla-henkiloilla\/\">Tutkimusjulkaisu: Vanhuuden hauraus-raihnaus-oireyhtym\u00e4 yleinen muistisairailla henkil\u00f6ill\u00e4<\/a><\/h2><div class=\"vcex-blog-entry-date\">11.12.2018<\/div><div class=\"vcex-blog-entry-excerpt entry-excerpt entry clr\"><p>Jyv\u00e4skyl\u00e4n yliopiston Gerontologian tutkimuskeskuksen ja It\u00e4-Suomen yliopiston yhteisty\u00f6n\u00e4 tehdyt tutkimukset tuovat lis\u00e4valaisua HRO:n merkitykseen vanhuudessa.&hellip;<\/p><\/div><div class=\"vcex-blog-entry-readmore-wrap entry-readmore-wrap clr\"><a href=\"https:\/\/www.gerec.fi\/en\/tutkimusjulkaisu-vanhuuden-hauraus-raihnaus-oireyhtyma-yleinen-muistisairailla-henkiloilla\/\" class=\"theme-button\">Read more..<\/a><\/div><\/div><\/div><\/div><div class=\"vcex-blog-entry entry-has-details span_1_of_3 col-1 col post-410 entry type-post no-media cat-130 cat-1\"><div class=\"vcex-blog-entry-inner entry-inner wpex-clr\"><div class=\"vcex-blog-entry-details entry-details wpex-clr\"><h2 class=\"vcex-blog-entry-title entry-title\"><a href=\"https:\/\/www.gerec.fi\/en\/tutkimusjulkaisu-selkealla-hoitofilosofialla-voidaan-lisata-asukkaiden-elamanlaatua-vanhojen-ihmisten-pitkaaikaishoidossa\/\">Tutkimusjulkaisu: Selke\u00e4ll\u00e4 hoitofilosofialla voidaan lis\u00e4t\u00e4 asukkaiden el\u00e4m\u00e4nlaatua vanhojen ihmisten pitk\u00e4aikaishoidossa<\/a><\/h2><div class=\"vcex-blog-entry-date\">11.12.2018<\/div><div class=\"vcex-blog-entry-excerpt entry-excerpt entry clr\"><p>\u2013 Pitk\u00e4aikaishoidon rakenne on rajussa muutoksessa. Esimerkiksi Tampereella kaupunki muuttaa vauhdilla geriatrisia sairaalapaikkoja tehostetun palveluasumisen&hellip;<\/p><\/div><div class=\"vcex-blog-entry-readmore-wrap entry-readmore-wrap clr\"><a href=\"https:\/\/www.gerec.fi\/en\/tutkimusjulkaisu-selkealla-hoitofilosofialla-voidaan-lisata-asukkaiden-elamanlaatua-vanhojen-ihmisten-pitkaaikaishoidossa\/\" class=\"theme-button\">Read more..<\/a><\/div><\/div><\/div><\/div><div class=\"vcex-blog-entry entry-has-details span_1_of_3 col-2 col post-411 entry type-post no-media cat-130 cat-1\"><div class=\"vcex-blog-entry-inner entry-inner wpex-clr\"><div class=\"vcex-blog-entry-details entry-details wpex-clr\"><h2 class=\"vcex-blog-entry-title entry-title\"><a href=\"https:\/\/www.gerec.fi\/en\/tutkimusjulkaisu-tehostettu-kotikuntoutus-auttaa-lonkkamurtuman-jalkeen\/\">Tutkimusjulkaisu: Tehostettu kotikuntoutus auttaa lonkkamurtuman j\u00e4lkeen<\/a><\/h2><div class=\"vcex-blog-entry-date\">11.12.2018<\/div><div class=\"vcex-blog-entry-excerpt entry-excerpt entry clr\"><p>Tehokas ja useita kuukausia kest\u00e4v\u00e4 kuntoutus on ensiarvoisen t\u00e4rke\u00e4\u00e4, jotta lonkkamurtuman kokeneiden i\u00e4kk\u00e4iden henkil\u00f6iden liikkumis-&hellip;<\/p><\/div><div class=\"vcex-blog-entry-readmore-wrap entry-readmore-wrap clr\"><a href=\"https:\/\/www.gerec.fi\/en\/tutkimusjulkaisu-tehostettu-kotikuntoutus-auttaa-lonkkamurtuman-jalkeen\/\" class=\"theme-button\">Read more..<\/a><\/div><\/div><\/div><\/div><div class=\"vcex-blog-entry entry-has-details span_1_of_3 col-3 col post-412 entry type-post no-media cat-130 cat-1\"><div class=\"vcex-blog-entry-inner entry-inner wpex-clr\"><div class=\"vcex-blog-entry-details entry-details wpex-clr\"><h2 class=\"vcex-blog-entry-title entry-title\"><a href=\"https:\/\/www.gerec.fi\/en\/merja-vuorisalmelle-ja-kristina-tiaiselle-suomen-kulttuurirahaston-apuraha\/\">Merja Vuorisalmelle ja Kristina Tiaiselle Suomen Kulttuurirahaston apuraha<\/a><\/h2><div class=\"vcex-blog-entry-date\">11.12.2018<\/div><div class=\"vcex-blog-entry-excerpt entry-excerpt entry clr\"><p>Suomen Kulttuurirahasto on my\u00f6nt\u00e4nyt henkil\u00f6kohtaisen apurahan Gerontologian tutkimuskeskuksen tutkijoille, Merja Vuorisalmelle (26 000EUR) ja Kristina&hellip;<\/p><\/div><div class=\"vcex-blog-entry-readmore-wrap entry-readmore-wrap clr\"><a href=\"https:\/\/www.gerec.fi\/en\/merja-vuorisalmelle-ja-kristina-tiaiselle-suomen-kulttuurirahaston-apuraha\/\" class=\"theme-button\">Read more..<\/a><\/div><\/div><\/div><\/div><div class=\"vcex-blog-entry entry-has-details span_1_of_3 col-1 col post-413 entry type-post no-media cat-130 cat-1\"><div class=\"vcex-blog-entry-inner entry-inner wpex-clr\"><div class=\"vcex-blog-entry-details entry-details wpex-clr\"><h2 class=\"vcex-blog-entry-title entry-title\"><a href=\"https:\/\/www.gerec.fi\/en\/tutkimusjulkaisu-oma-kokemus-fyysisesta-kunnosta-kertoo-tulevaisuuden-dementiariskista\/\">Tutkimusjulkaisu: Oma kokemus fyysisest\u00e4 kunnosta kertoo tulevaisuuden dementiariskist\u00e4<\/a><\/h2><div class=\"vcex-blog-entry-date\">11.12.2018<\/div><div class=\"vcex-blog-entry-excerpt entry-excerpt entry clr\"><p>Jyv\u00e4skyl\u00e4n yliopiston Gerontologian tutkimuskeskuksen, It\u00e4-Suomen yliopiston, Tukholman Karoliinisen instituutin ja Terveyden ja hyvinvoinnin laitoksen yhteisty\u00f6n\u00e4&hellip;<\/p><\/div><div class=\"vcex-blog-entry-readmore-wrap entry-readmore-wrap clr\"><a href=\"https:\/\/www.gerec.fi\/en\/tutkimusjulkaisu-oma-kokemus-fyysisesta-kunnosta-kertoo-tulevaisuuden-dementiariskista\/\" class=\"theme-button\">Read more..<\/a><\/div><\/div><\/div><\/div><div class=\"vcex-blog-entry entry-has-details span_1_of_3 col-2 col post-414 entry type-post no-media cat-130 cat-1\"><div class=\"vcex-blog-entry-inner entry-inner wpex-clr\"><div class=\"vcex-blog-entry-details entry-details wpex-clr\"><h2 class=\"vcex-blog-entry-title entry-title\"><a href=\"https:\/\/www.gerec.fi\/en\/tutkimusjulkaisu-lonkkamurtumaa-edeltava-kunto-ennakoi-leikkauksen-jalkeisten-liikkumisvaikeuksien-kehittymista\/\">Tutkimusjulkaisu:Lonkkamurtumaa edelt\u00e4v\u00e4 kunto ennakoi leikkauksen j\u00e4lkeisten liikkumisvaikeuksien kehittymist\u00e4<\/a><\/h2><div class=\"vcex-blog-entry-date\">11.12.2018<\/div><div class=\"vcex-blog-entry-excerpt entry-excerpt entry clr\"><p>Ik\u00e4\u00e4ntyneiden lonkkamurtumapotilaiden liikkumiskyvyn palautumista selvitt\u00e4neess\u00e4 tutkimuksessa Gerontologian tutkimuskeskuksen tohtorikoulutettava Anu Salpakoski Jyv\u00e4skyl\u00e4n yliopistolta havaitsi ulkona&hellip;<\/p><\/div><div class=\"vcex-blog-entry-readmore-wrap entry-readmore-wrap clr\"><a href=\"https:\/\/www.gerec.fi\/en\/tutkimusjulkaisu-lonkkamurtumaa-edeltava-kunto-ennakoi-leikkauksen-jalkeisten-liikkumisvaikeuksien-kehittymista\/\" class=\"theme-button\">Read more..<\/a><\/div><\/div><\/div><\/div><div class=\"vcex-blog-entry entry-has-details span_1_of_3 col-3 col post-357 entry type-post no-media cat-130 cat-1\"><div class=\"vcex-blog-entry-inner entry-inner wpex-clr\"><div class=\"vcex-blog-entry-details entry-details wpex-clr\"><h2 class=\"vcex-blog-entry-title entry-title\"><a href=\"https:\/\/www.gerec.fi\/en\/tutkimusjulkaisu-maaraytyyko-tyouran-pituus-jo-kohdussa\/\">Tutkimusjulkaisu: M\u00e4\u00e4r\u00e4ytyyk\u00f6 ty\u00f6uran pituus jo kohdussa?<\/a><\/h2><div class=\"vcex-blog-entry-date\">11.12.2018<\/div><div class=\"vcex-blog-entry-excerpt entry-excerpt entry clr\"><p>Matala syntym\u00e4paino lis\u00e4si miesten riski\u00e4 joutua sairasel\u00e4kkeelle, osoittaa tuore PLoS One -lehdess\u00e4 julkaistu suomalaistutkimus. Vuosina&hellip;<\/p><\/div><div class=\"vcex-blog-entry-readmore-wrap entry-readmore-wrap clr\"><a href=\"https:\/\/www.gerec.fi\/en\/tutkimusjulkaisu-maaraytyyko-tyouran-pituus-jo-kohdussa\/\" class=\"theme-button\">Read more..<\/a><\/div><\/div><\/div><\/div><div class=\"vcex-blog-entry entry-has-details span_1_of_3 col-1 col post-358 entry type-post no-media cat-130 cat-1\"><div class=\"vcex-blog-entry-inner entry-inner wpex-clr\"><div class=\"vcex-blog-entry-details entry-details wpex-clr\"><h2 class=\"vcex-blog-entry-title entry-title\"><a href=\"https:\/\/www.gerec.fi\/en\/vanhusaiheinen-luentosarja-oli-menestys\/\">Vanhusaiheinen luentosarja oli menestys!<\/a><\/h2><div class=\"vcex-blog-entry-date\">11.12.2018<\/div><div class=\"vcex-blog-entry-excerpt entry-excerpt entry clr\"><p>Tampereen yliopiston ja Gerontologisen tutkimuskeskuksen j\u00e4rjest\u00e4m\u00e4 10-osainen luentosarja vanhuuteen liittyv\u00e4st\u00e4 tutkimuksesta on p\u00e4\u00e4ttynyt. Viikoittaisilla luennoilla&hellip;<\/p><\/div><div class=\"vcex-blog-entry-readmore-wrap entry-readmore-wrap clr\"><a href=\"https:\/\/www.gerec.fi\/en\/vanhusaiheinen-luentosarja-oli-menestys\/\" class=\"theme-button\">Read more..<\/a><\/div><\/div><\/div><\/div><div class=\"vcex-blog-entry entry-has-details span_1_of_3 col-2 col post-359 entry type-post no-media cat-130 cat-1\"><div class=\"vcex-blog-entry-inner entry-inner wpex-clr\"><div class=\"vcex-blog-entry-details entry-details wpex-clr\"><h2 class=\"vcex-blog-entry-title entry-title\"><a href=\"https:\/\/www.gerec.fi\/en\/vaitos-13\/\">V\u00e4it\u00f6s: 13.3.2015 L\u00e4hiymp\u00e4rist\u00f6 tarjoaa haasteita ja mahdollisuuksia i\u00e4kk\u00e4\u00e4n ihmisen liikunnalle<\/a><\/h2><div class=\"vcex-blog-entry-date\">11.12.2018<\/div><div class=\"vcex-blog-entry-excerpt entry-excerpt entry clr\"><p>TtM Johanna Erosen gerontologia ja kansanterveyden v\u00e4it\u00f6skirjan \u201cDisparities in physical activity in old age\u201d tarkastustilaisuus.&hellip;<\/p><\/div><div class=\"vcex-blog-entry-readmore-wrap entry-readmore-wrap clr\"><a href=\"https:\/\/www.gerec.fi\/en\/vaitos-13\/\" class=\"theme-button\">Read more..<\/a><\/div><\/div><\/div><\/div><div class=\"vcex-blog-entry entry-has-details span_1_of_3 col-3 col post-360 entry type-post no-media cat-130 cat-1\"><div class=\"vcex-blog-entry-inner entry-inner wpex-clr\"><div class=\"vcex-blog-entry-details entry-details wpex-clr\"><h2 class=\"vcex-blog-entry-title entry-title\"><a href=\"https:\/\/www.gerec.fi\/en\/vanhenemista-kasitteleva-avoin-luentosarja-alkaa-tampereen-yliopistossa\/\">Vanhenemista k\u00e4sittelev\u00e4 avoin luentosarja alkaa Tampereen yliopistossa<\/a><\/h2><div class=\"vcex-blog-entry-date\">11.12.2018<\/div><div class=\"vcex-blog-entry-excerpt entry-excerpt entry clr\"><p>Vanhuus Suomessa \u2013 miten se muuttuu ja miten sit\u00e4 tutkitaan? Mit\u00e4 vanheneminen voi olla? Vanhustenhoidon&hellip;<\/p><\/div><div class=\"vcex-blog-entry-readmore-wrap entry-readmore-wrap clr\"><a href=\"https:\/\/www.gerec.fi\/en\/vanhenemista-kasitteleva-avoin-luentosarja-alkaa-tampereen-yliopistossa\/\" class=\"theme-button\">Read more..<\/a><\/div><\/div><\/div><\/div><div class=\"vcex-blog-entry entry-has-details span_1_of_3 col-1 col post-361 entry type-post no-media cat-130 cat-1\"><div class=\"vcex-blog-entry-inner entry-inner wpex-clr\"><div class=\"vcex-blog-entry-details entry-details wpex-clr\"><h2 class=\"vcex-blog-entry-title entry-title\"><a href=\"https:\/\/www.gerec.fi\/en\/tekes-rahoitusta-monitieteiseen-digi-50-hankkeeseen\/\">TEKES rahoitusta Monitieteiseen DIGI 50+ hankkeeseen Jyv\u00e4skyl\u00e4n yliopistoon<\/a><\/h2><div class=\"vcex-blog-entry-date\">11.12.2018<\/div><div class=\"vcex-blog-entry-excerpt entry-excerpt entry clr\"><p>TEKES rahoitusta Monitieteiseen DIGI 50+ hankkeeseen Jyv\u00e4skyl\u00e4n yliopistoon Yli viisikymppisten arki paremmin huomioon palveluntarjonnassa, TEKES-rahalla&hellip;<\/p><\/div><div class=\"vcex-blog-entry-readmore-wrap entry-readmore-wrap clr\"><a href=\"https:\/\/www.gerec.fi\/en\/tekes-rahoitusta-monitieteiseen-digi-50-hankkeeseen\/\" class=\"theme-button\">Read more..<\/a><\/div><\/div><\/div><\/div><div class=\"vcex-blog-entry entry-has-details span_1_of_3 col-2 col post-362 entry type-post no-media cat-130 cat-1\"><div class=\"vcex-blog-entry-inner entry-inner wpex-clr\"><div class=\"vcex-blog-entry-details entry-details wpex-clr\"><h2 class=\"vcex-blog-entry-title entry-title\"><a href=\"https:\/\/www.gerec.fi\/en\/koneen-saatio-on-myontanyt-273\/\">Koneen s\u00e4\u00e4ti\u00f6 on my\u00f6nt\u00e4nyt 273.592 \u20ac Tampereen yliopiston tutkijoiden ty\u00f6ryhm\u00e4lle dosentti Pirjo Nikander (hankkeen vastuullinen johtaja), dosentti Kirsi Lumme-Sandt ja professori Clas-H\u00e5kan Nyg\u00e5rd \u2014 Gerontologian tutkimuskeskus<\/a><\/h2><div class=\"vcex-blog-entry-date\">11.12.2018<\/div><div class=\"vcex-blog-entry-excerpt entry-excerpt entry clr\"><p>Koneen s\u00e4\u00e4ti\u00f6 on my\u00f6nt\u00e4nyt 273.592 \u20ac Tampereen yliopiston tutkijoiden ty\u00f6ryhm\u00e4lle dosentti Pirjo Nikander (hankkeen vastuullinen&hellip;<\/p><\/div><div class=\"vcex-blog-entry-readmore-wrap entry-readmore-wrap clr\"><a href=\"https:\/\/www.gerec.fi\/en\/koneen-saatio-on-myontanyt-273\/\" class=\"theme-button\">Read more..<\/a><\/div><\/div><\/div><\/div><div class=\"vcex-blog-entry entry-has-details span_1_of_3 col-3 col post-363 entry type-post no-media cat-130 cat-1\"><div class=\"vcex-blog-entry-inner entry-inner wpex-clr\"><div class=\"vcex-blog-entry-details entry-details wpex-clr\"><h2 class=\"vcex-blog-entry-title entry-title\"><a href=\"https:\/\/www.gerec.fi\/en\/kaksi-uutta-raporttia-kuntaliitolta\/\">Kaksi uutta raporttia Kuntaliitolta<\/a><\/h2><div class=\"vcex-blog-entry-date\">11.12.2018<\/div><div class=\"vcex-blog-entry-excerpt entry-excerpt entry clr\"><p>Kuntaliitto on julkaissut kaksi uutta raporttia Miksi i\u00e4k\u00e4s ihminen l\u00e4htee p\u00e4ivystykseen? ja I\u00e4kk\u00e4\u00e4t p\u00e4ivystyksen k\u00e4ytt\u00e4jin\u00e4.&hellip;<\/p><\/div><div class=\"vcex-blog-entry-readmore-wrap entry-readmore-wrap clr\"><a href=\"https:\/\/www.gerec.fi\/en\/kaksi-uutta-raporttia-kuntaliitolta\/\" class=\"theme-button\">Read more..<\/a><\/div><\/div><\/div><\/div><div class=\"vcex-blog-entry entry-has-details span_1_of_3 col-1 col post-364 entry type-post has-media cat-130 cat-1\"><div class=\"vcex-blog-entry-inner entry-inner wpex-clr\"><div class=\"vcex-blog-entry-media entry-media\"><a href=\"https:\/\/www.gerec.fi\/en\/flame-finnish-longitudinal-study-of-municipal-employees-tutkijat-kokoontuivat-3\/\" title=\"FLAME (Finnish Longitudinal Study of Municipal Employees) tutkijat kokoontuivat 3.12.2014 Tampereelle p\u00e4ivitt\u00e4m\u00e4\u00e4n tutkimuksiaan ja suunnittelemaan uusia avauksia \u2014 Gerontologian tutkimuskeskus\"><\/a><\/div><div class=\"vcex-blog-entry-details entry-details wpex-clr\"><h2 class=\"vcex-blog-entry-title entry-title\"><a href=\"https:\/\/www.gerec.fi\/en\/flame-finnish-longitudinal-study-of-municipal-employees-tutkijat-kokoontuivat-3\/\">FLAME (Finnish Longitudinal Study of Municipal Employees) tutkijat kokoontuivat 3.12.2014 Tampereelle p\u00e4ivitt\u00e4m\u00e4\u00e4n tutkimuksiaan ja suunnittelemaan uusia avauksia \u2014 Gerontologian tutkimuskeskus<\/a><\/h2><div class=\"vcex-blog-entry-date\">11.12.2018<\/div><div class=\"vcex-blog-entry-excerpt entry-excerpt entry clr\"><p>FLAME (Finnish Longitudinal Study of Municipal Employees) tutkijat kokoontuivat 3.12.2014 Tampereelle p\u00e4ivitt\u00e4m\u00e4\u00e4n tutkimuksiaan ja suunnittelemaan&hellip;<\/p><\/div><div class=\"vcex-blog-entry-readmore-wrap entry-readmore-wrap clr\"><a href=\"https:\/\/www.gerec.fi\/en\/flame-finnish-longitudinal-study-of-municipal-employees-tutkijat-kokoontuivat-3\/\" class=\"theme-button\">Read more..<\/a><\/div><\/div><\/div><\/div><div class=\"vcex-blog-entry entry-has-details span_1_of_3 col-2 col post-366 entry type-post no-media cat-130 cat-1\"><div class=\"vcex-blog-entry-inner entry-inner wpex-clr\"><div class=\"vcex-blog-entry-details entry-details wpex-clr\"><h2 class=\"vcex-blog-entry-title entry-title\"><a href=\"https:\/\/www.gerec.fi\/en\/gerecin-geriatrian-professori-asiantuntijana-hoivakoti-kuntoon-hankkeessa\/\">Gerecin geriatrian professori asiantuntijana Hoivakoti kuntoon-hankkeessa<\/a><\/h2><div class=\"vcex-blog-entry-date\">11.12.2018<\/div><div class=\"vcex-blog-entry-excerpt entry-excerpt entry clr\"><p>Jaakko Valvanne on yksi A-studion suositun Hoivakoti kuntoon -ohjelmasarjan asiantuntijoista. Tampereen yliopiston tiede- ja kulttuurilehti&hellip;<\/p><\/div><div class=\"vcex-blog-entry-readmore-wrap entry-readmore-wrap clr\"><a href=\"https:\/\/www.gerec.fi\/en\/gerecin-geriatrian-professori-asiantuntijana-hoivakoti-kuntoon-hankkeessa\/\" class=\"theme-button\">Read more..<\/a><\/div><\/div><\/div><\/div><div class=\"vcex-blog-entry entry-has-details span_1_of_3 col-3 col post-368 entry type-post no-media cat-130 cat-1\"><div class=\"vcex-blog-entry-inner entry-inner wpex-clr\"><div class=\"vcex-blog-entry-details entry-details wpex-clr\"><h2 class=\"vcex-blog-entry-title entry-title\"><a href=\"https:\/\/www.gerec.fi\/en\/gerec-n-tutkimus-nakyvasti-esilla-american-gerontological-associationin-kongressissa\/\">GEREC:n tutkimus n\u00e4kyv\u00e4sti esill\u00e4 Gerontological Society of American kongressissa<\/a><\/h2><div class=\"vcex-blog-entry-date\">11.12.2018<\/div><div class=\"vcex-blog-entry-excerpt entry-excerpt entry clr\"><p>GEREC:n tutkimus oli t\u00e4n\u00e4kin vuonna hyvin esill\u00e4 Gerontological Society of American vuosttaisessa kongressissa. Marja Jylh\u00e4n&hellip;<\/p><\/div><div class=\"vcex-blog-entry-readmore-wrap entry-readmore-wrap clr\"><a href=\"https:\/\/www.gerec.fi\/en\/gerec-n-tutkimus-nakyvasti-esilla-american-gerontological-associationin-kongressissa\/\" class=\"theme-button\">Read more..<\/a><\/div><\/div><\/div><\/div><div class=\"vcex-blog-entry entry-has-details span_1_of_3 col-1 col post-369 entry type-post no-media cat-130 cat-1\"><div class=\"vcex-blog-entry-inner entry-inner wpex-clr\"><div class=\"vcex-blog-entry-details entry-details wpex-clr\"><h2 class=\"vcex-blog-entry-title entry-title\"><a href=\"https:\/\/www.gerec.fi\/en\/ilkka-pietila-journal-of-aging-studies-lehden-toimituskuntaan\/\">Ilkka Pietil\u00e4 Journal of Aging Studies -lehden toimituskuntaan<\/a><\/h2><div class=\"vcex-blog-entry-date\">11.12.2018<\/div><div class=\"vcex-blog-entry-excerpt entry-excerpt entry clr\"><p>Ilkka Pietil\u00e4 on kutsuttu uudeksi j\u00e4seneksi Yhdysvalloissa ilmestyv\u00e4n Journal of Ageing Studies-lehden toimituskuntaan. Lehden p\u00e4\u00e4toimittaja&hellip;<\/p><\/div><div class=\"vcex-blog-entry-readmore-wrap entry-readmore-wrap clr\"><a href=\"https:\/\/www.gerec.fi\/en\/ilkka-pietila-journal-of-aging-studies-lehden-toimituskuntaan\/\" class=\"theme-button\">Read more..<\/a><\/div><\/div><\/div><\/div><div class=\"vcex-blog-entry entry-has-details span_1_of_3 col-2 col post-370 entry type-post no-media cat-130 cat-1\"><div class=\"vcex-blog-entry-inner entry-inner wpex-clr\"><div class=\"vcex-blog-entry-details entry-details wpex-clr\"><h2 class=\"vcex-blog-entry-title entry-title\"><a href=\"https:\/\/www.gerec.fi\/en\/yli-90-vuotiaat-tervaskannot-edustavat-tulevaisuutta\/\">Yli 90-vuotiaat tervaskannot edustavat tulevaisuutta<\/a><\/h2><div class=\"vcex-blog-entry-date\">11.12.2018<\/div><div class=\"vcex-blog-entry-excerpt entry-excerpt entry clr\"><p>Muutama vuosikymmen sitten yli 90-vuotiaat olivat suuria harvinaisuuksia, nyt he ovat 45 000:n suuruinen joukko&hellip;<\/p><\/div><div class=\"vcex-blog-entry-readmore-wrap entry-readmore-wrap clr\"><a href=\"https:\/\/www.gerec.fi\/en\/yli-90-vuotiaat-tervaskannot-edustavat-tulevaisuutta\/\" class=\"theme-button\">Read more..<\/a><\/div><\/div><\/div><\/div><div class=\"vcex-blog-entry entry-has-details span_1_of_3 col-3 col post-371 entry type-post no-media cat-130 cat-1\"><div class=\"vcex-blog-entry-inner entry-inner wpex-clr\"><div class=\"vcex-blog-entry-details entry-details wpex-clr\"><h2 class=\"vcex-blog-entry-title entry-title\"><a href=\"https:\/\/www.gerec.fi\/en\/tampereen-tervaskannot-vuonna-2014\/\">Tampereen Tervaskannot vuonna 2014<\/a><\/h2><div class=\"vcex-blog-entry-date\">11.12.2018<\/div><div class=\"vcex-blog-entry-excerpt entry-excerpt entry clr\"><p>Avoin tiedotustilaisuus Torstaina 16.10.2014 klo 14.00 ik\u00e4\u00e4ntymistutkimuksen tuloksista. Linna-rakennuksen V\u00e4in\u00f6 Linna -sali, Kalevantie 5. Miss\u00e4&hellip;<\/p><\/div><div class=\"vcex-blog-entry-readmore-wrap entry-readmore-wrap clr\"><a href=\"https:\/\/www.gerec.fi\/en\/tampereen-tervaskannot-vuonna-2014\/\" class=\"theme-button\">Read more..<\/a><\/div><\/div><\/div><\/div><div class=\"vcex-blog-entry entry-has-details span_1_of_3 col-1 col post-372 entry type-post no-media cat-130 cat-1\"><div class=\"vcex-blog-entry-inner entry-inner wpex-clr\"><div class=\"vcex-blog-entry-details entry-details wpex-clr\"><h2 class=\"vcex-blog-entry-title entry-title\"><a href=\"https:\/\/www.gerec.fi\/en\/tuoko-elakeratkaisu-uudet-ruuhkavuodet-tyouran-loppuun\/\">Tuoko el\u00e4keratkaisu uudet ruuhkavuodet ty\u00f6uran loppuun?<\/a><\/h2><div class=\"vcex-blog-entry-date\">11.12.2018<\/div><div class=\"vcex-blog-entry-excerpt entry-excerpt entry clr\"><p>Vanhuusel\u00e4kkeen alarajan nostaminen 65 vuoteen pident\u00e4\u00e4 ty\u00f6uria seuraavien vuosien aikana keskim\u00e4\u00e4rin muutamalla vuodella. Jyv\u00e4skyl\u00e4n yliopiston&hellip;<\/p><\/div><div class=\"vcex-blog-entry-readmore-wrap entry-readmore-wrap clr\"><a href=\"https:\/\/www.gerec.fi\/en\/tuoko-elakeratkaisu-uudet-ruuhkavuodet-tyouran-loppuun\/\" class=\"theme-button\">Read more..<\/a><\/div><\/div><\/div><\/div><div class=\"vcex-blog-entry entry-has-details span_1_of_3 col-2 col post-373 entry type-post no-media cat-130 cat-1\"><div class=\"vcex-blog-entry-inner entry-inner wpex-clr\"><div class=\"vcex-blog-entry-details entry-details wpex-clr\"><h2 class=\"vcex-blog-entry-title entry-title\"><a href=\"https:\/\/www.gerec.fi\/en\/gerecin-uusi-blogi-julkaistu\/\">Gerecin uusi blogi julkaistu<\/a><\/h2><div class=\"vcex-blog-entry-date\">11.12.2018<\/div><div class=\"vcex-blog-entry-excerpt entry-excerpt entry clr\"><p>Tutkijakoulutettava Jari Pirhosen kirjoittama blogi l\u00f6ytyy t\u00e4m\u00e4n sivuston yl\u00e4reunasta blogi-otsikon alta. Gerontologian tutkimuskeskusPL 35, 40014&hellip;<\/p><\/div><div class=\"vcex-blog-entry-readmore-wrap entry-readmore-wrap clr\"><a href=\"https:\/\/www.gerec.fi\/en\/gerecin-uusi-blogi-julkaistu\/\" class=\"theme-button\">Read more..<\/a><\/div><\/div><\/div><\/div><div class=\"vcex-blog-entry entry-has-details span_1_of_3 col-3 col post-374 entry type-post no-media cat-130 cat-1\"><div class=\"vcex-blog-entry-inner entry-inner wpex-clr\"><div class=\"vcex-blog-entry-details entry-details wpex-clr\"><h2 class=\"vcex-blog-entry-title entry-title\"><a href=\"https:\/\/www.gerec.fi\/en\/saksalainen-vontobel-tutkimuspalkinto-ikaantymistutkimuksesta\/\">Saksalainen Vontobel tutkimuspalkinto ik\u00e4\u00e4ntymistutkimuksesta<\/a><\/h2><div class=\"vcex-blog-entry-date\">11.12.2018<\/div><div class=\"vcex-blog-entry-excerpt entry-excerpt entry clr\"><p>Gerontologian tutkimuskeskuksen saksalainen vieraileva tutkija Timo Hinrichs voitti Z\u00fcrichin yliopiston my\u00f6nt\u00e4m\u00e4n ik\u00e4\u00e4ntymistutkimuksen Vontobel palkinnon yhteisty\u00f6artikkelillaan&hellip;<\/p><\/div><div class=\"vcex-blog-entry-readmore-wrap entry-readmore-wrap clr\"><a href=\"https:\/\/www.gerec.fi\/en\/saksalainen-vontobel-tutkimuspalkinto-ikaantymistutkimuksesta\/\" class=\"theme-button\">Read more..<\/a><\/div><\/div><\/div><\/div><div class=\"vcex-blog-entry entry-has-details span_1_of_3 col-1 col post-345 entry type-post no-media cat-130 cat-1\"><div class=\"vcex-blog-entry-inner entry-inner wpex-clr\"><div class=\"vcex-blog-entry-details entry-details wpex-clr\"><h2 class=\"vcex-blog-entry-title entry-title\"><a href=\"https:\/\/www.gerec.fi\/en\/gerec-in-tutkijat-mukana-sotainvalidien-veljesliiton-tutkijafoorumissa\/\">GEREC:in tutkijat mukana Sotainvalidien Veljesliiton tutkijafoorumissa<\/a><\/h2><div class=\"vcex-blog-entry-date\">11.12.2018<\/div><div class=\"vcex-blog-entry-excerpt entry-excerpt entry clr\"><p>Sotainvalidien Veljesliitto t\u00e4ytti 75 vuotta 18.8.2015. Ennen juhlavuotta Veljesliitto kutsui koolle tutkijafoorumin, jonka tarkoitus oli&hellip;<\/p><\/div><div class=\"vcex-blog-entry-readmore-wrap entry-readmore-wrap clr\"><a href=\"https:\/\/www.gerec.fi\/en\/gerec-in-tutkijat-mukana-sotainvalidien-veljesliiton-tutkijafoorumissa\/\" class=\"theme-button\">Read more..<\/a><\/div><\/div><\/div><\/div><div class=\"vcex-blog-entry entry-has-details span_1_of_3 col-2 col post-346 entry type-post no-media cat-130 cat-1\"><div class=\"vcex-blog-entry-inner entry-inner wpex-clr\"><div class=\"vcex-blog-entry-details entry-details wpex-clr\"><h2 class=\"vcex-blog-entry-title entry-title\"><a href=\"https:\/\/www.gerec.fi\/en\/yksitoista-teesia-ikaantymisesta\/\">Yksitoista teesi\u00e4 ik\u00e4\u00e4ntymisest\u00e4<\/a><\/h2><div class=\"vcex-blog-entry-date\">11.12.2018<\/div><div class=\"vcex-blog-entry-excerpt entry-excerpt entry clr\"><p>Arkkiatri Risto Pelkosen johtama \"Kokeneet ja viisaat\" -asiantuntijaty\u00f6ryhm\u00e4 luovutti 26.8. raporttinsa sosiaali- ja terveysministeri Juha&hellip;<\/p><\/div><div class=\"vcex-blog-entry-readmore-wrap entry-readmore-wrap clr\"><a href=\"https:\/\/www.gerec.fi\/en\/yksitoista-teesia-ikaantymisesta\/\" class=\"theme-button\">Read more..<\/a><\/div><\/div><\/div><\/div><div class=\"vcex-blog-entry entry-has-details span_1_of_3 col-3 col post-347 entry type-post no-media cat-130 cat-1\"><div class=\"vcex-blog-entry-inner entry-inner wpex-clr\"><div class=\"vcex-blog-entry-details entry-details wpex-clr\"><h2 class=\"vcex-blog-entry-title entry-title\"><a href=\"https:\/\/www.gerec.fi\/en\/tutkimusjulkaisu-90-vuotiaat-arvostavat-terveytta-itsenaisyytta-ja-vapautta\/\">Tutkimusjulkaisu: 90-vuotiaat arvostavat terveytt\u00e4, itsen\u00e4isyytt\u00e4 ja vapautta<\/a><\/h2><div class=\"vcex-blog-entry-date\">11.12.2018<\/div><div class=\"vcex-blog-entry-excerpt entry-excerpt entry clr\"><p>Tampereen yliopistossa tehdyn tutkimuksen mukaan kotona asuvat tamperelaiset 90-91-vuotiaat ihmiset kokevat edelleen s\u00e4ilytt\u00e4neens\u00e4 itsen\u00e4isyytens\u00e4, vaikka&hellip;<\/p><\/div><div class=\"vcex-blog-entry-readmore-wrap entry-readmore-wrap clr\"><a href=\"https:\/\/www.gerec.fi\/en\/tutkimusjulkaisu-90-vuotiaat-arvostavat-terveytta-itsenaisyytta-ja-vapautta\/\" class=\"theme-button\">Read more..<\/a><\/div><\/div><\/div><\/div><div class=\"vcex-blog-entry entry-has-details span_1_of_3 col-1 col post-348 entry type-post no-media cat-130 cat-1\"><div class=\"vcex-blog-entry-inner entry-inner wpex-clr\"><div class=\"vcex-blog-entry-details entry-details wpex-clr\"><h2 class=\"vcex-blog-entry-title entry-title\"><a href=\"https:\/\/www.gerec.fi\/en\/tutkimusjulkaisu-asiointi-kodin-ulkopuolella-edistaa-ikaantyneen-fyysista-aktiivisuutta\/\">Tutkimusjulkaisu: Asiointi kodin ulkopuolella edist\u00e4\u00e4 ik\u00e4\u00e4ntyneen fyysist\u00e4 aktiivisuutta<\/a><\/h2><div class=\"vcex-blog-entry-date\">11.12.2018<\/div><div class=\"vcex-blog-entry-excerpt entry-excerpt entry clr\"><p>I\u00e4kk\u00e4iden henkil\u00f6iden fyysist\u00e4 aktiivisuutta voidaan lis\u00e4t\u00e4 kehottamalla i\u00e4kk\u00e4it\u00e4 l\u00e4htem\u00e4\u00e4n ulos kodistaan, yliopistotutkija Erja Portegijs selvitti.&hellip;<\/p><\/div><div class=\"vcex-blog-entry-readmore-wrap entry-readmore-wrap clr\"><a href=\"https:\/\/www.gerec.fi\/en\/tutkimusjulkaisu-asiointi-kodin-ulkopuolella-edistaa-ikaantyneen-fyysista-aktiivisuutta\/\" class=\"theme-button\">Read more..<\/a><\/div><\/div><\/div><\/div><div class=\"vcex-blog-entry entry-has-details span_1_of_3 col-2 col post-349 entry type-post no-media cat-130 cat-1\"><div class=\"vcex-blog-entry-inner entry-inner wpex-clr\"><div class=\"vcex-blog-entry-details entry-details wpex-clr\"><h2 class=\"vcex-blog-entry-title entry-title\"><a href=\"https:\/\/www.gerec.fi\/en\/vanhenemistutkimuksen-syysseminaari-20\/\">Vanhenemistutkimuksen syysseminaari 20.10.2015 Helsingiss\u00e4<\/a><\/h2><div class=\"vcex-blog-entry-date\">11.12.2018<\/div><div class=\"vcex-blog-entry-excerpt entry-excerpt entry clr\"><p>Kasvun ja vanhenemisen tutkijat ry, Ik\u00e4instituutti ja GEREC j\u00e4rjest\u00e4v\u00e4t Vanhenemistutkimuksen syysseminaarin Tieteiden Talolla Helsingiss\u00e4 tiistaina&hellip;<\/p><\/div><div class=\"vcex-blog-entry-readmore-wrap entry-readmore-wrap clr\"><a href=\"https:\/\/www.gerec.fi\/en\/vanhenemistutkimuksen-syysseminaari-20\/\" class=\"theme-button\">Read more..<\/a><\/div><\/div><\/div><\/div><div class=\"vcex-blog-entry entry-has-details span_1_of_3 col-3 col post-351 entry type-post no-media cat-130 cat-1\"><div class=\"vcex-blog-entry-inner entry-inner wpex-clr\"><div class=\"vcex-blog-entry-details entry-details wpex-clr\"><h2 class=\"vcex-blog-entry-title entry-title\"><a href=\"https:\/\/www.gerec.fi\/en\/suomen-akatemialta-rahoitusta-2-tutkijatohtorille\/\">Suomen Akatemialta rahoitusta 2 tutkijatohtorille<\/a><\/h2><div class=\"vcex-blog-entry-date\">11.12.2018<\/div><div class=\"vcex-blog-entry-excerpt entry-excerpt entry clr\"><p>Suomen Akatemian terveyden tutkimuksen toimikunta rahoittaa syyskuun 2014 haun perusteella 17 uutta tutkijatohtoria. Jyv\u00e4skyl\u00e4n yliopistoon&hellip;<\/p><\/div><div class=\"vcex-blog-entry-readmore-wrap entry-readmore-wrap clr\"><a href=\"https:\/\/www.gerec.fi\/en\/suomen-akatemialta-rahoitusta-2-tutkijatohtorille\/\" class=\"theme-button\">Read more..<\/a><\/div><\/div><\/div><\/div><div class=\"vcex-blog-entry entry-has-details span_1_of_3 col-1 col post-352 entry type-post no-media cat-130 cat-1\"><div class=\"vcex-blog-entry-inner entry-inner wpex-clr\"><div class=\"vcex-blog-entry-details entry-details wpex-clr\"><h2 class=\"vcex-blog-entry-title entry-title\"><a href=\"https:\/\/www.gerec.fi\/en\/ilkka-pietila-tampereen-yliopiston-tutkijakollegiumiin\/\">Ilkka Pietil\u00e4 Tampereen yliopiston tutkijakollegiumiin<\/a><\/h2><div class=\"vcex-blog-entry-date\">11.12.2018<\/div><div class=\"vcex-blog-entry-excerpt entry-excerpt entry clr\"><p>Tampereen yliopiston rehtori on nimitt\u00e4nyt Ilkka Pietil\u00e4n yliopistotutkijan kahden vuoden m\u00e4\u00e4r\u00e4aikaiseen teht\u00e4v\u00e4\u00e4n Tampereen yliopiston tutkijakollegiumissa&hellip;<\/p><\/div><div class=\"vcex-blog-entry-readmore-wrap entry-readmore-wrap clr\"><a href=\"https:\/\/www.gerec.fi\/en\/ilkka-pietila-tampereen-yliopiston-tutkijakollegiumiin\/\" class=\"theme-button\">Read more..<\/a><\/div><\/div><\/div><\/div><div class=\"vcex-blog-entry entry-has-details span_1_of_3 col-2 col post-353 entry type-post no-media cat-130 cat-1\"><div class=\"vcex-blog-entry-inner entry-inner wpex-clr\"><div class=\"vcex-blog-entry-details entry-details wpex-clr\"><h2 class=\"vcex-blog-entry-title entry-title\"><a href=\"https:\/\/www.gerec.fi\/en\/sari-stenholm-valittu-akatemiatutkijaksi\/\">Sari Stenholm valittu akatemiatutkijaksi<\/a><\/h2><div class=\"vcex-blog-entry-date\">11.12.2018<\/div><div class=\"vcex-blog-entry-excerpt entry-excerpt entry clr\"><p>Suomen Akatemian terveyden tutkimuksen toimikunta on valinnut kymmenen uutta akatemiatutkijaa ja yksi heist\u00e4 on Tampereen&hellip;<\/p><\/div><div class=\"vcex-blog-entry-readmore-wrap entry-readmore-wrap clr\"><a href=\"https:\/\/www.gerec.fi\/en\/sari-stenholm-valittu-akatemiatutkijaksi\/\" class=\"theme-button\">Read more..<\/a><\/div><\/div><\/div><\/div><div class=\"vcex-blog-entry entry-has-details span_1_of_3 col-3 col post-354 entry type-post no-media cat-130 cat-1\"><div class=\"vcex-blog-entry-inner entry-inner wpex-clr\"><div class=\"vcex-blog-entry-details entry-details wpex-clr\"><h2 class=\"vcex-blog-entry-title entry-title\"><a href=\"https:\/\/www.gerec.fi\/en\/suomen-akatemialta-rahoitusta-marja-jylhan-ja-riku-nikanderin-hankkeille\/\">Suomen Akatemialta rahoitusta Marja Jylh\u00e4n ja Riku Nikanderin hankkeille<\/a><\/h2><div class=\"vcex-blog-entry-date\">11.12.2018<\/div><div class=\"vcex-blog-entry-excerpt entry-excerpt entry clr\"><p>Suomen Akatemian terveyden tutkimuksen toimikunta on my\u00f6nt\u00e4nyt rahoituksen kahdelle GERECn piiriss\u00e4 toteutettavalle tutkimushankkeelle vuosiksi 2014-2019&hellip;<\/p><\/div><div class=\"vcex-blog-entry-readmore-wrap entry-readmore-wrap clr\"><a href=\"https:\/\/www.gerec.fi\/en\/suomen-akatemialta-rahoitusta-marja-jylhan-ja-riku-nikanderin-hankkeille\/\" class=\"theme-button\">Read more..<\/a><\/div><\/div><\/div><\/div><div class=\"vcex-blog-entry entry-has-details span_1_of_3 col-1 col post-355 entry type-post no-media cat-130 cat-1\"><div class=\"vcex-blog-entry-inner entry-inner wpex-clr\"><div class=\"vcex-blog-entry-details entry-details wpex-clr\"><h2 class=\"vcex-blog-entry-title entry-title\"><a href=\"https:\/\/www.gerec.fi\/en\/tutkimusjulkaisu-tunnustamisfilosofia-ja-vanhustyo\/\">Tutkimusjulkaisu &#8211; Tunnustamisfilosofia ja vanhusty\u00f6<\/a><\/h2><div class=\"vcex-blog-entry-date\">11.12.2018<\/div><div class=\"vcex-blog-entry-excerpt entry-excerpt entry clr\"><p>Tuoreessa artikkelissaan v\u00e4it\u00f6skirjatutkija Jari Pirhonen Tampereen yliopiston Terveystieteiden yksik\u00f6st\u00e4 pohtii pitk\u00e4aikaishoidossa el\u00e4vien vanhojen ihmisten persoonan&hellip;<\/p><\/div><div class=\"vcex-blog-entry-readmore-wrap entry-readmore-wrap clr\"><a href=\"https:\/\/www.gerec.fi\/en\/tutkimusjulkaisu-tunnustamisfilosofia-ja-vanhustyo\/\" class=\"theme-button\">Read more..<\/a><\/div><\/div><\/div><\/div><div class=\"vcex-blog-entry entry-has-details span_1_of_3 col-2 col post-316 entry type-post no-media cat-130 cat-1\"><div class=\"vcex-blog-entry-inner entry-inner wpex-clr\"><div class=\"vcex-blog-entry-details entry-details wpex-clr\"><h2 class=\"vcex-blog-entry-title entry-title\"><a href=\"https:\/\/www.gerec.fi\/en\/erc-advanced-grant-professori-taina-rantaselle\/\">ERC Advanced Grant professori Taina Rantaselle<\/a><\/h2><div class=\"vcex-blog-entry-date\">11.12.2018<\/div><div class=\"vcex-blog-entry-excerpt entry-excerpt entry clr\"><p>Ik\u00e4\u00e4ntymistutkimukseen yli kaksi miljoonaa euroa Jyv\u00e4skyl\u00e4n yliopistoon Euroopan tutkimusneuvosto on my\u00f6nt\u00e4nyt professori Taina Rantaselle arvostetun,&hellip;<\/p><\/div><div class=\"vcex-blog-entry-readmore-wrap entry-readmore-wrap clr\"><a href=\"https:\/\/www.gerec.fi\/en\/erc-advanced-grant-professori-taina-rantaselle\/\" class=\"theme-button\">Read more..<\/a><\/div><\/div><\/div><\/div><div class=\"vcex-blog-entry entry-has-details span_1_of_3 col-3 col post-317 entry type-post no-media cat-130 cat-1\"><div class=\"vcex-blog-entry-inner entry-inner wpex-clr\"><div class=\"vcex-blog-entry-details entry-details wpex-clr\"><h2 class=\"vcex-blog-entry-title entry-title\"><a href=\"https:\/\/www.gerec.fi\/en\/tutkimusjulkaisu-keski-ian-rikkonainen-tyoura-ennakoi-toimintakyvyn-ongelmia-elakeiassa\/\">Tutkimusjulkaisu: Keski-i\u00e4n rikkonainen ty\u00f6ura ennakoi toimintakyvyn ongelmia el\u00e4kei\u00e4ss\u00e4<\/a><\/h2><div class=\"vcex-blog-entry-date\">11.12.2018<\/div><div class=\"vcex-blog-entry-excerpt entry-excerpt entry clr\"><p>Keski-i\u00e4n katkonainen ty\u00f6suhde, ty\u00f6n korkea vaatimustaso ja v\u00e4h\u00e4isemm\u00e4t hallintamahdollisuudet ennakoivat huonompaa fyysist\u00e4 ja psyykkist\u00e4 toimintakyky\u00e4&hellip;<\/p><\/div><div class=\"vcex-blog-entry-readmore-wrap entry-readmore-wrap clr\"><a href=\"https:\/\/www.gerec.fi\/en\/tutkimusjulkaisu-keski-ian-rikkonainen-tyoura-ennakoi-toimintakyvyn-ongelmia-elakeiassa\/\" class=\"theme-button\">Read more..<\/a><\/div><\/div><\/div><\/div><div class=\"vcex-blog-entry entry-has-details span_1_of_3 col-1 col post-318 entry type-post no-media cat-130 cat-1\"><div class=\"vcex-blog-entry-inner entry-inner wpex-clr\"><div class=\"vcex-blog-entry-details entry-details wpex-clr\"><h2 class=\"vcex-blog-entry-title entry-title\"><a href=\"https:\/\/www.gerec.fi\/en\/tutkimusjulkaisu-ympariston-esteet-heikentavat-iakkaan-ihmisen-autonomiaa\/\">Tutkimusjulkaisu: Ymp\u00e4rist\u00f6n esteet heikent\u00e4v\u00e4t i\u00e4kk\u00e4\u00e4n ihmisen autonomiaa<\/a><\/h2><div class=\"vcex-blog-entry-date\">11.12.2018<\/div><div class=\"vcex-blog-entry-excerpt entry-excerpt entry clr\"><p>Mit\u00e4 haasteellisempi ymp\u00e4rist\u00f6, sen huonompi mahdollisuus el\u00e4\u00e4 el\u00e4m\u00e4\u00e4 sellaisena kuin itse haluaa, tiivist\u00e4\u00e4 gerontologian dosentti&hellip;<\/p><\/div><div class=\"vcex-blog-entry-readmore-wrap entry-readmore-wrap clr\"><a href=\"https:\/\/www.gerec.fi\/en\/tutkimusjulkaisu-ympariston-esteet-heikentavat-iakkaan-ihmisen-autonomiaa\/\" class=\"theme-button\">Read more..<\/a><\/div><\/div><\/div><\/div><div class=\"vcex-blog-entry entry-has-details span_1_of_3 col-2 col post-319 entry type-post no-media cat-130 cat-1\"><div class=\"vcex-blog-entry-inner entry-inner wpex-clr\"><div class=\"vcex-blog-entry-details entry-details wpex-clr\"><h2 class=\"vcex-blog-entry-title entry-title\"><a href=\"https:\/\/www.gerec.fi\/en\/tampereen-laakaripaivien-kohdeapuraha-sairaalageriatrian-tutkimukselle\/\">Tampereen l\u00e4\u00e4k\u00e4rip\u00e4ivien kohdeapuraha sairaalageriatrian tutkimukselle<\/a><\/h2><div class=\"vcex-blog-entry-date\">11.12.2018<\/div><div class=\"vcex-blog-entry-excerpt entry-excerpt entry clr\"><p>Tampereen yliopiston geriatrian tutkimusryhm\u00e4lle my\u00f6nnettiin Tampereen l\u00e4\u00e4k\u00e4rip\u00e4ivien 30 000 euron kohdeapuraha vanhusten sairaalahoitoa k\u00e4sittelev\u00e4\u00e4n tutkimukseen.&hellip;<\/p><\/div><div class=\"vcex-blog-entry-readmore-wrap entry-readmore-wrap clr\"><a href=\"https:\/\/www.gerec.fi\/en\/tampereen-laakaripaivien-kohdeapuraha-sairaalageriatrian-tutkimukselle\/\" class=\"theme-button\">Read more..<\/a><\/div><\/div><\/div><\/div><div class=\"vcex-blog-entry entry-has-details span_1_of_3 col-3 col post-320 entry type-post no-media cat-130 cat-1\"><div class=\"vcex-blog-entry-inner entry-inner wpex-clr\"><div class=\"vcex-blog-entry-details entry-details wpex-clr\"><h2 class=\"vcex-blog-entry-title entry-title\"><a href=\"https:\/\/www.gerec.fi\/en\/tutkimusjulkaisu-biologista-ikaa-kuvaava-telomeeri-on-yhteydessa-iakkaiden-liikkumiskykyyn\/\">Tutkimusjulkaisu: Vanhenemisvauhti l\u00f6ytyy DNA-ketjuista<\/a><\/h2><div class=\"vcex-blog-entry-date\">11.12.2018<\/div><div class=\"vcex-blog-entry-excerpt entry-excerpt entry clr\"><p>Solujen perint\u00f6ainesta suojaavat telomeerit selitt\u00e4v\u00e4t, miksi liikkumiskyky heikkenee yksil\u00f6llisesti ik\u00e4\u00e4nnytt\u00e4ess\u00e4, kertoo Jyv\u00e4skyl\u00e4n yliopiston Gerontologian tutkimuskeskuksen&hellip;<\/p><\/div><div class=\"vcex-blog-entry-readmore-wrap entry-readmore-wrap clr\"><a href=\"https:\/\/www.gerec.fi\/en\/tutkimusjulkaisu-biologista-ikaa-kuvaava-telomeeri-on-yhteydessa-iakkaiden-liikkumiskykyyn\/\" class=\"theme-button\">Read more..<\/a><\/div><\/div><\/div><\/div><div class=\"vcex-blog-entry entry-has-details span_1_of_3 col-1 col post-321 entry type-post no-media cat-130 cat-1\"><div class=\"vcex-blog-entry-inner entry-inner wpex-clr\"><div class=\"vcex-blog-entry-details entry-details wpex-clr\"><h2 class=\"vcex-blog-entry-title entry-title\"><a href=\"https:\/\/www.gerec.fi\/en\/tutkimusjulkaisu-ulkona-liikkuminen-auttaa-iakkaiden-itsenaisyyden-sailyttamisessa\/\">Tutkimusjulkaisu: Ulkona liikkuminen auttaa i\u00e4kk\u00e4iden itsen\u00e4isyyden s\u00e4ilytt\u00e4misess\u00e4<\/a><\/h2><div class=\"vcex-blog-entry-date\">11.12.2018<\/div><div class=\"vcex-blog-entry-excerpt entry-excerpt entry clr\"><p>Elinpiirin laajuus kuvastaa i\u00e4kk\u00e4\u00e4n henkil\u00f6n osallistumismahdollisuuksia yhteiskunnassa. Tuore Jyv\u00e4skyl\u00e4n yliopiston Gerontologian tutkimuskeskuksessa toteutettu tutkimus osoittaa,&hellip;<\/p><\/div><div class=\"vcex-blog-entry-readmore-wrap entry-readmore-wrap clr\"><a href=\"https:\/\/www.gerec.fi\/en\/tutkimusjulkaisu-ulkona-liikkuminen-auttaa-iakkaiden-itsenaisyyden-sailyttamisessa\/\" class=\"theme-button\">Read more..<\/a><\/div><\/div><\/div><\/div><div class=\"vcex-blog-entry entry-has-details span_1_of_3 col-2 col post-322 entry type-post no-media cat-130 cat-1\"><div class=\"vcex-blog-entry-inner entry-inner wpex-clr\"><div class=\"vcex-blog-entry-details entry-details wpex-clr\"><h2 class=\"vcex-blog-entry-title entry-title\"><a href=\"https:\/\/www.gerec.fi\/en\/gerocenter-saation-kevatseminaari-jyvaskylassa-11\/\">GeroCenter s\u00e4\u00e4ti\u00f6n kev\u00e4tseminaari Jyv\u00e4skyl\u00e4ss\u00e4 11.4.2016<\/a><\/h2><div class=\"vcex-blog-entry-date\">11.12.2018<\/div><div class=\"vcex-blog-entry-excerpt entry-excerpt entry clr\"><p>Digiloikka vanhuspalveluissa - K\u00e4yt\u00e4nn\u00f6n kokemuksia mobiiliteknologian ja virtuaalisten palveluiden hy\u00f6dynt\u00e4misest\u00e4 ik\u00e4ihmisille Seminaariohjelman l\u00f6yd\u00e4t t\u00e4st\u00e4. Gerontologian&hellip;<\/p><\/div><div class=\"vcex-blog-entry-readmore-wrap entry-readmore-wrap clr\"><a href=\"https:\/\/www.gerec.fi\/en\/gerocenter-saation-kevatseminaari-jyvaskylassa-11\/\" class=\"theme-button\">Read more..<\/a><\/div><\/div><\/div><\/div><div class=\"vcex-blog-entry entry-has-details span_1_of_3 col-3 col post-323 entry type-post no-media cat-130 cat-1\"><div class=\"vcex-blog-entry-inner entry-inner wpex-clr\"><div class=\"vcex-blog-entry-details entry-details wpex-clr\"><h2 class=\"vcex-blog-entry-title entry-title\"><a href=\"https:\/\/www.gerec.fi\/en\/tutkijatohtoripaikkoja-avoinna-panini-tutkimusverkostossa\/\">Tutkijatohtoripaikkoja avoinna PANINI tutkimusverkostossa<\/a><\/h2><div class=\"vcex-blog-entry-date\">11.12.2018<\/div><div class=\"vcex-blog-entry-excerpt entry-excerpt entry clr\"><p>Jyv\u00e4skyl\u00e4n yliopiston Gerontologian tutkimuskeskuksen professori Sarianna Sipil\u00e4 on osana Marie Sk\u0142odowska-Curie rahoituksen saanutta hanketta johon&hellip;<\/p><\/div><div class=\"vcex-blog-entry-readmore-wrap entry-readmore-wrap clr\"><a href=\"https:\/\/www.gerec.fi\/en\/tutkijatohtoripaikkoja-avoinna-panini-tutkimusverkostossa\/\" class=\"theme-button\">Read more..<\/a><\/div><\/div><\/div><\/div><div class=\"vcex-blog-entry entry-has-details span_1_of_3 col-1 col post-324 entry type-post no-media cat-130 cat-1\"><div class=\"vcex-blog-entry-inner entry-inner wpex-clr\"><div class=\"vcex-blog-entry-details entry-details wpex-clr\"><h2 class=\"vcex-blog-entry-title entry-title\"><a href=\"https:\/\/www.gerec.fi\/en\/gerec-mediassa-tie-hyvinvointiin-tarkeinta-on-tunnistaa-itselle-tarkeat-asiat-ja-elaa-niiden-mukaan\/\">GEREC mediassa:Tie hyvinvointiin: &#8220;T\u00e4rkeint\u00e4 on tunnistaa itselle t\u00e4rke\u00e4t asiat ja el\u00e4\u00e4 niiden mukaan&#8221;<\/a><\/h2><div class=\"vcex-blog-entry-date\">11.12.2018<\/div><div class=\"vcex-blog-entry-excerpt entry-excerpt entry clr\"><p>Henkist\u00e4 hyvinvointia tutkinut psykologian tohtori ja Jyv\u00e4skyl\u00e4n yliopiston Gerontologian tutkimuskeskuksen tutkimusjohtaja Katja Kokko YLE:n haastattelussa.&hellip;<\/p><\/div><div class=\"vcex-blog-entry-readmore-wrap entry-readmore-wrap clr\"><a href=\"https:\/\/www.gerec.fi\/en\/gerec-mediassa-tie-hyvinvointiin-tarkeinta-on-tunnistaa-itselle-tarkeat-asiat-ja-elaa-niiden-mukaan\/\" class=\"theme-button\">Read more..<\/a><\/div><\/div><\/div><\/div><div class=\"vcex-blog-entry entry-has-details span_1_of_3 col-2 col post-325 entry type-post no-media cat-130 cat-1\"><div class=\"vcex-blog-entry-inner entry-inner wpex-clr\"><div class=\"vcex-blog-entry-details entry-details wpex-clr\"><h2 class=\"vcex-blog-entry-title entry-title\"><a href=\"https:\/\/www.gerec.fi\/en\/gerec-radio-moreenissa-vanhuus-suomessa\/\">GEREC Radio Moreenissa: Mit\u00e4 on vanhuus nyt ja tulevaisuudessa?<\/a><\/h2><div class=\"vcex-blog-entry-date\">11.12.2018<\/div><div class=\"vcex-blog-entry-excerpt entry-excerpt entry clr\"><p>Vanhuus Suomessa kuullaan Radio Moreenissa keskiviikkoisin 24.2.2016 alkaen klo 17.30 ja uusintana sunnuntaisin klo 11.30.&hellip;<\/p><\/div><div class=\"vcex-blog-entry-readmore-wrap entry-readmore-wrap clr\"><a href=\"https:\/\/www.gerec.fi\/en\/gerec-radio-moreenissa-vanhuus-suomessa\/\" class=\"theme-button\">Read more..<\/a><\/div><\/div><\/div><\/div><div class=\"vcex-blog-entry entry-has-details span_1_of_3 col-3 col post-326 entry type-post no-media cat-130 cat-1\"><div class=\"vcex-blog-entry-inner entry-inner wpex-clr\"><div class=\"vcex-blog-entry-details entry-details wpex-clr\"><h2 class=\"vcex-blog-entry-title entry-title\"><a href=\"https:\/\/www.gerec.fi\/en\/tyokyvyttomyyselakkeelle-siirtyminen-vahentaa-sairaalahoidon-tarvetta\/\">Tutkimusjulkaisu: Ty\u00f6kyvytt\u00f6myysel\u00e4kkeelle siirtyminen v\u00e4hent\u00e4\u00e4 sairaalahoidon tarvetta<\/a><\/h2><div class=\"vcex-blog-entry-date\">11.12.2018<\/div><div class=\"vcex-blog-entry-excerpt entry-excerpt entry clr\"><p>Uusista el\u00e4kkeensaajista noin 25 prosenttia siirtyy ty\u00f6kyvytt\u00f6myysel\u00e4kkeelle, p\u00e4\u00e4osin mielenterveyteen tai tuki- ja liikuntaelimiin liittyvien syiden&hellip;<\/p><\/div><div class=\"vcex-blog-entry-readmore-wrap entry-readmore-wrap clr\"><a href=\"https:\/\/www.gerec.fi\/en\/tyokyvyttomyyselakkeelle-siirtyminen-vahentaa-sairaalahoidon-tarvetta\/\" class=\"theme-button\">Read more..<\/a><\/div><\/div><\/div><\/div><div class=\"vcex-blog-entry entry-has-details span_1_of_3 col-1 col post-327 entry type-post no-media cat-130 cat-1\"><div class=\"vcex-blog-entry-inner entry-inner wpex-clr\"><div class=\"vcex-blog-entry-details entry-details wpex-clr\"><h2 class=\"vcex-blog-entry-title entry-title\"><a href=\"https:\/\/www.gerec.fi\/en\/pirjo-nikander-journal-of-ageing-and-later-life-2013lehden-associate-editoriksi\/\">Pirjo Nikander Journal of Ageing and Later Life \u2013lehden associate editoriksi<\/a><\/h2><div class=\"vcex-blog-entry-date\">11.12.2018<\/div><div class=\"vcex-blog-entry-excerpt entry-excerpt entry clr\"><p>Pirjo Nikander Tampereen yliopistosta ja Gerecist\u00e4 valittu International Journal of Ageing and Later Life \u2013lehden&hellip;<\/p><\/div><div class=\"vcex-blog-entry-readmore-wrap entry-readmore-wrap clr\"><a href=\"https:\/\/www.gerec.fi\/en\/pirjo-nikander-journal-of-ageing-and-later-life-2013lehden-associate-editoriksi\/\" class=\"theme-button\">Read more..<\/a><\/div><\/div><\/div><\/div><div class=\"vcex-blog-entry entry-has-details span_1_of_3 col-2 col post-328 entry type-post no-media cat-130 cat-1\"><div class=\"vcex-blog-entry-inner entry-inner wpex-clr\"><div class=\"vcex-blog-entry-details entry-details wpex-clr\"><h2 class=\"vcex-blog-entry-title entry-title\"><a href=\"https:\/\/www.gerec.fi\/en\/tutkimusjulkaisu-korkeasti-koulutetuilla-on-parempi-toimintakyky-ja-vahemman-sydan-ja-aineenvaihduntasairauksien-riskitekijoita-myos-hyvin-vanhana\/\">Tutkimusjulkaisu: Korkeasti koulutetuilla on parempi toimintakyky ja v\u00e4hemm\u00e4n syd\u00e4n- ja aineenvaihduntasairauksien riskitekij\u00f6it\u00e4 my\u00f6s hyvin vanhana. \u2014 Gerontologian tutkimuskeskus<\/a><\/h2><div class=\"vcex-blog-entry-date\">11.12.2018<\/div><div class=\"vcex-blog-entry-excerpt entry-excerpt entry clr\"><p>Tutkimusjulkaisu: Korkeasti koulutetuilla on parempi toimintakyky ja v\u00e4hemm\u00e4n syd\u00e4n- ja aineenvaihduntasairauksien riskitekij\u00f6it\u00e4 my\u00f6s hyvin vanhana.&hellip;<\/p><\/div><div class=\"vcex-blog-entry-readmore-wrap entry-readmore-wrap clr\"><a href=\"https:\/\/www.gerec.fi\/en\/tutkimusjulkaisu-korkeasti-koulutetuilla-on-parempi-toimintakyky-ja-vahemman-sydan-ja-aineenvaihduntasairauksien-riskitekijoita-myos-hyvin-vanhana\/\" class=\"theme-button\">Read more..<\/a><\/div><\/div><\/div><\/div><div class=\"vcex-blog-entry entry-has-details span_1_of_3 col-3 col post-329 entry type-post no-media cat-130 cat-1\"><div class=\"vcex-blog-entry-inner entry-inner wpex-clr\"><div class=\"vcex-blog-entry-details entry-details wpex-clr\"><h2 class=\"vcex-blog-entry-title entry-title\"><a href=\"https:\/\/www.gerec.fi\/en\/vappu-taipale-helpage-internationalin-hallitukseen-board-of-trustees\/\">Vappu Taipale HelpAge Internationalin hallitukseen (Board of Trustees)<\/a><\/h2><div class=\"vcex-blog-entry-date\">11.12.2018<\/div><div class=\"vcex-blog-entry-excerpt entry-excerpt entry clr\"><p>Vappu Taipale HelpAge Internationalin hallitukseen (Board of Trustees) Vanhus- ja l\u00e4himm\u00e4ispalvelun liitto Valli ry:n puheenjohtaja&hellip;<\/p><\/div><div class=\"vcex-blog-entry-readmore-wrap entry-readmore-wrap clr\"><a href=\"https:\/\/www.gerec.fi\/en\/vappu-taipale-helpage-internationalin-hallitukseen-board-of-trustees\/\" class=\"theme-button\">Read more..<\/a><\/div><\/div><\/div><\/div><div class=\"vcex-blog-entry entry-has-details span_1_of_3 col-1 col post-330 entry type-post no-media cat-130 cat-1\"><div class=\"vcex-blog-entry-inner entry-inner wpex-clr\"><div class=\"vcex-blog-entry-details entry-details wpex-clr\"><h2 class=\"vcex-blog-entry-title entry-title\"><a href=\"https:\/\/www.gerec.fi\/en\/gerec-ja-cost-action-ageism-1\/\">GEREC ja COST Action Ageism<\/a><\/h2><div class=\"vcex-blog-entry-date\">11.12.2018<\/div><div class=\"vcex-blog-entry-excerpt entry-excerpt entry clr\"><p>GERECn tutkijat osallistuvat Cost Action Ageism\u00b4n toimintaan. Lue uutiskirje t\u00e4st\u00e4. Gerontologian tutkimuskeskusPL 35, 40014 Jyv\u00e4skyl\u00e4n&hellip;<\/p><\/div><div class=\"vcex-blog-entry-readmore-wrap entry-readmore-wrap clr\"><a href=\"https:\/\/www.gerec.fi\/en\/gerec-ja-cost-action-ageism-1\/\" class=\"theme-button\">Read more..<\/a><\/div><\/div><\/div><\/div><div class=\"vcex-blog-entry entry-has-details span_1_of_3 col-2 col post-331 entry type-post no-media cat-130 cat-1\"><div class=\"vcex-blog-entry-inner entry-inner wpex-clr\"><div class=\"vcex-blog-entry-details entry-details wpex-clr\"><h2 class=\"vcex-blog-entry-title entry-title\"><a href=\"https:\/\/www.gerec.fi\/en\/vaitos-12\/\">V\u00e4it\u00f6s:   12.2.2016 Tavoitteista mielekkyytt\u00e4 vanhuuteen (Saajanaho)<\/a><\/h2><div class=\"vcex-blog-entry-date\">11.12.2018<\/div><div class=\"vcex-blog-entry-excerpt entry-excerpt entry clr\"><p>V\u00e4it\u00f6s: 12.2.2016 Tavoitteista mielekkyytt\u00e4 vanhuuteen (Saajanaho) TtM, KM Milla Saajanahon gerontologian ja kansanterveyden v\u00e4it\u00f6skirjan \u201dPersonal&hellip;<\/p><\/div><div class=\"vcex-blog-entry-readmore-wrap entry-readmore-wrap clr\"><a href=\"https:\/\/www.gerec.fi\/en\/vaitos-12\/\" class=\"theme-button\">Read more..<\/a><\/div><\/div><\/div><\/div><div class=\"vcex-blog-entry entry-has-details span_1_of_3 col-3 col post-332 entry type-post no-media cat-130 cat-1\"><div class=\"vcex-blog-entry-inner entry-inner wpex-clr\"><div class=\"vcex-blog-entry-details entry-details wpex-clr\"><h2 class=\"vcex-blog-entry-title entry-title\"><a href=\"https:\/\/www.gerec.fi\/en\/laaja-medianakyvyys-gerecin-tutkimushankkeelle-kohti-kaksitahti-suomea\/\">Laaja median\u00e4kyvyys GERECin tutkimushankkeelle Kohti kaksitahti-Suomea.<\/a><\/h2><div class=\"vcex-blog-entry-date\">11.12.2018<\/div><div class=\"vcex-blog-entry-excerpt entry-excerpt entry clr\"><p>KONEen s\u00e4\u00e4ti\u00f6n ja Ty\u00f6suojelurahaston rahoittama hanke Kohti kaksitahti-Suomea: Ty\u00f6urien pidennys, el\u00e4k\u00f6itymisen polut ja eriarvoistuva vanhuus&hellip;<\/p><\/div><div class=\"vcex-blog-entry-readmore-wrap entry-readmore-wrap clr\"><a href=\"https:\/\/www.gerec.fi\/en\/laaja-medianakyvyys-gerecin-tutkimushankkeelle-kohti-kaksitahti-suomea\/\" class=\"theme-button\">Read more..<\/a><\/div><\/div><\/div><\/div><div class=\"vcex-blog-entry entry-has-details span_1_of_3 col-1 col post-334 entry type-post no-media cat-130 cat-1\"><div class=\"vcex-blog-entry-inner entry-inner wpex-clr\"><div class=\"vcex-blog-entry-details entry-details wpex-clr\"><h2 class=\"vcex-blog-entry-title entry-title\"><a href=\"https:\/\/www.gerec.fi\/en\/gerecin-facebook-sivut-on-avattu\/\">GERECin Facebook sivut on avattu<\/a><\/h2><div class=\"vcex-blog-entry-date\">11.12.2018<\/div><div class=\"vcex-blog-entry-excerpt entry-excerpt entry clr\"><p>GEREC on Facebookissa! Gerontologian tutkimuskeskuksen sivu l\u00f6ytyy hakuvalikon kautta, kun sy\u00f6t\u00e4t kentt\u00e4\u00e4n \u201dGEREC\u201d. Suora linkki&hellip;<\/p><\/div><div class=\"vcex-blog-entry-readmore-wrap entry-readmore-wrap clr\"><a href=\"https:\/\/www.gerec.fi\/en\/gerecin-facebook-sivut-on-avattu\/\" class=\"theme-button\">Read more..<\/a><\/div><\/div><\/div><\/div><div class=\"vcex-blog-entry entry-has-details span_1_of_3 col-2 col post-336 entry type-post no-media cat-130 cat-1\"><div class=\"vcex-blog-entry-inner entry-inner wpex-clr\"><div class=\"vcex-blog-entry-details entry-details wpex-clr\"><h2 class=\"vcex-blog-entry-title entry-title\"><a href=\"https:\/\/www.gerec.fi\/en\/suomen-akatemian-tutkiva-tyopaja-kulttuurit-hyvinvointi-ja-terveys-30\/\">Suomen Akatemian Tutkiva ty\u00f6paja: kulttuurit, hyvinvointi ja terveys 30.11.2015<\/a><\/h2><div class=\"vcex-blog-entry-date\">11.12.2018<\/div><div class=\"vcex-blog-entry-excerpt entry-excerpt entry clr\"><p>Tutkivassa ty\u00f6pajassa Jyv\u00e4skyl\u00e4n yliopistolla pohditaan tutkijoiden ja eri hallintosektoreiden asiantuntijoiden kesken, miten kulttuuri ja hyvinvointi&hellip;<\/p><\/div><div class=\"vcex-blog-entry-readmore-wrap entry-readmore-wrap clr\"><a href=\"https:\/\/www.gerec.fi\/en\/suomen-akatemian-tutkiva-tyopaja-kulttuurit-hyvinvointi-ja-terveys-30\/\" class=\"theme-button\">Read more..<\/a><\/div><\/div><\/div><\/div><div class=\"vcex-blog-entry entry-has-details span_1_of_3 col-3 col post-337 entry type-post no-media cat-130 cat-1\"><div class=\"vcex-blog-entry-inner entry-inner wpex-clr\"><div class=\"vcex-blog-entry-details entry-details wpex-clr\"><h2 class=\"vcex-blog-entry-title entry-title\"><a href=\"https:\/\/www.gerec.fi\/en\/yliopistolehtorin-maaraaikainen-tehtava-gerontologian-alalla\/\">Gerontologian yliopistonlehtorin m\u00e4\u00e4r\u00e4aikainen teht\u00e4v\u00e4<\/a><\/h2><div class=\"vcex-blog-entry-date\">11.12.2018<\/div><div class=\"vcex-blog-entry-excerpt entry-excerpt entry clr\"><p>TaYn terveystieteiden yksik\u00f6ss\u00e4 on haettavana m\u00e4\u00e4r\u00e4aikainen vuoteen 2019 kest\u00e4v\u00e4 yliopistonlehtorin teht\u00e4v\u00e4 gerontologian alalla Gerontologian tutkimuskeskusPL&hellip;<\/p><\/div><div class=\"vcex-blog-entry-readmore-wrap entry-readmore-wrap clr\"><a href=\"https:\/\/www.gerec.fi\/en\/yliopistolehtorin-maaraaikainen-tehtava-gerontologian-alalla\/\" class=\"theme-button\">Read more..<\/a><\/div><\/div><\/div><\/div><div class=\"vcex-blog-entry entry-has-details span_1_of_3 col-1 col post-338 entry type-post no-media cat-130 cat-1\"><div class=\"vcex-blog-entry-inner entry-inner wpex-clr\"><div class=\"vcex-blog-entry-details entry-details wpex-clr\"><h2 class=\"vcex-blog-entry-title entry-title\"><a href=\"https:\/\/www.gerec.fi\/en\/nordforsk-rahoitusta-ikaantyvan-yhteiskunnan-tutkijoille\/\">NordForsk-rahoitusta ik\u00e4\u00e4ntyv\u00e4n yhteiskunnan tutkijoille<\/a><\/h2><div class=\"vcex-blog-entry-date\">11.12.2018<\/div><div class=\"vcex-blog-entry-excerpt entry-excerpt entry clr\"><p>Laaja pohjoismainen tutkimushanke alkaa selvitt\u00e4\u00e4 vanhuusi\u00e4n terveyden ja toimintakyvyn edellytyksi\u00e4 ja muutoksia. Samalla tutkitaan my\u00f6s,&hellip;<\/p><\/div><div class=\"vcex-blog-entry-readmore-wrap entry-readmore-wrap clr\"><a href=\"https:\/\/www.gerec.fi\/en\/nordforsk-rahoitusta-ikaantyvan-yhteiskunnan-tutkijoille\/\" class=\"theme-button\">Read more..<\/a><\/div><\/div><\/div><\/div><div class=\"vcex-blog-entry entry-has-details span_1_of_3 col-2 col post-341 entry type-post no-media cat-130 cat-1\"><div class=\"vcex-blog-entry-inner entry-inner wpex-clr\"><div class=\"vcex-blog-entry-details entry-details wpex-clr\"><h2 class=\"vcex-blog-entry-title entry-title\"><a href=\"https:\/\/www.gerec.fi\/en\/vaitos-16-d1\/\">V\u00e4it\u00f6s: 16.10. 2015 I\u00e4kk\u00e4\u00e4t ihmiset siirtyv\u00e4t paljon eri hoitopalvelujen v\u00e4lill\u00e4 el\u00e4m\u00e4n lopussa<\/a><\/h2><div class=\"vcex-blog-entry-date\">11.12.2018<\/div><div class=\"vcex-blog-entry-excerpt entry-excerpt entry clr\"><p>TtM Mari Aaltosen gerontologian alan v\u00e4it\u00f6skirja Patterns of care in the last two years of&hellip;<\/p><\/div><div class=\"vcex-blog-entry-readmore-wrap entry-readmore-wrap clr\"><a href=\"https:\/\/www.gerec.fi\/en\/vaitos-16-d1\/\" class=\"theme-button\">Read more..<\/a><\/div><\/div><\/div><\/div><div class=\"vcex-blog-entry entry-has-details span_1_of_3 col-3 col post-342 entry type-post no-media cat-130 cat-1\"><div class=\"vcex-blog-entry-inner entry-inner wpex-clr\"><div class=\"vcex-blog-entry-details entry-details wpex-clr\"><h2 class=\"vcex-blog-entry-title entry-title\"><a href=\"https:\/\/www.gerec.fi\/en\/vanhan-ihmisen-tunnustaminen-persoonaksi-tukee-hyvinvointia\/\">Tutkimusjulkaisu: Vanhan ihmisen tunnustaminen persoonaksi tukee hyvinvointia<\/a><\/h2><div class=\"vcex-blog-entry-date\">11.12.2018<\/div><div class=\"vcex-blog-entry-excerpt entry-excerpt entry clr\"><p>Ymp\u00e4rivuorokautisessa hoidossa el\u00e4vien vanhojen ihmisten hyvinvointia voitaisiin parantaa yksinkertaisesti tunnustamalla heid\u00e4t yksil\u00f6in\u00e4 ja persoonina, ilmenee&hellip;<\/p><\/div><div class=\"vcex-blog-entry-readmore-wrap entry-readmore-wrap clr\"><a href=\"https:\/\/www.gerec.fi\/en\/vanhan-ihmisen-tunnustaminen-persoonaksi-tukee-hyvinvointia\/\" class=\"theme-button\">Read more..<\/a><\/div><\/div><\/div><\/div><div class=\"vcex-blog-entry entry-has-details span_1_of_3 col-1 col post-343 entry type-post no-media cat-130 cat-1\"><div class=\"vcex-blog-entry-inner entry-inner wpex-clr\"><div class=\"vcex-blog-entry-details entry-details wpex-clr\"><h2 class=\"vcex-blog-entry-title entry-title\"><a href=\"https:\/\/www.gerec.fi\/en\/tutkimusjulkaisu-tavoitteet-yllapitavat-laajempaa-elinpiiria-vanhuudessa\/\">Tutkimusjulkaisu: Tavoitteet yll\u00e4pit\u00e4v\u00e4t laajempaa elinpiiri\u00e4 vanhuudessa<\/a><\/h2><div class=\"vcex-blog-entry-date\">11.12.2018<\/div><div class=\"vcex-blog-entry-excerpt entry-excerpt entry clr\"><p>Elinpiiri, eli alue jolla ihminen p\u00e4ivitt\u00e4isess\u00e4 el\u00e4m\u00e4ss\u00e4\u00e4n liikkuu, tyypillisesti pienenee vanhuudessa. Jyv\u00e4skyl\u00e4n yliopiston terveystieteiden laitoksen&hellip;<\/p><\/div><div class=\"vcex-blog-entry-readmore-wrap entry-readmore-wrap clr\"><a href=\"https:\/\/www.gerec.fi\/en\/tutkimusjulkaisu-tavoitteet-yllapitavat-laajempaa-elinpiiria-vanhuudessa\/\" class=\"theme-button\">Read more..<\/a><\/div><\/div><\/div><\/div><div class=\"vcex-blog-entry entry-has-details span_1_of_3 col-2 col post-344 entry type-post no-media cat-130 cat-1\"><div class=\"vcex-blog-entry-inner entry-inner wpex-clr\"><div class=\"vcex-blog-entry-details entry-details wpex-clr\"><h2 class=\"vcex-blog-entry-title entry-title\"><a href=\"https:\/\/www.gerec.fi\/en\/pohjoismaisen-gerontologikongressin-symposiumehdotusten-viimeinen-jattopaiva-on-30\/\">Pohjoismaisen gerontologikongressin symposiumehdotusten viimeinen j\u00e4tt\u00f6p\u00e4iv\u00e4 on 30.9.2015.<\/a><\/h2><div class=\"vcex-blog-entry-date\">11.12.2018<\/div><div class=\"vcex-blog-entry-excerpt entry-excerpt entry clr\"><p>23NKG symposiumehdotukset tulee l\u00e4hett\u00e4\u00e4 syyskuun loppuun menness\u00e4. Englanninkieliset ehdotukset milt\u00e4 tahansa gerontologian osa-alueelta ovat tervetulleita.&hellip;<\/p><\/div><div class=\"vcex-blog-entry-readmore-wrap entry-readmore-wrap clr\"><a href=\"https:\/\/www.gerec.fi\/en\/pohjoismaisen-gerontologikongressin-symposiumehdotusten-viimeinen-jattopaiva-on-30\/\" class=\"theme-button\">Read more..<\/a><\/div><\/div><\/div><\/div><div class=\"vcex-blog-entry entry-has-details span_1_of_3 col-3 col post-252 entry type-post no-media cat-130 cat-1\"><div class=\"vcex-blog-entry-inner entry-inner wpex-clr\"><div class=\"vcex-blog-entry-details entry-details wpex-clr\"><h2 class=\"vcex-blog-entry-title entry-title\"><a href=\"https:\/\/www.gerec.fi\/en\/research-news-environmental-facilitators-decrease-the-risk-for-walking-difficulty-among-older-people\/\">Research news: Environmental facilitators decrease the risk for walking difficulty among older people<\/a><\/h2><div class=\"vcex-blog-entry-date\">11.12.2018<\/div><div class=\"vcex-blog-entry-excerpt entry-excerpt entry clr\"><p>A pleasant environment with parks, green areas and walking routes can promote mobility among older&hellip;<\/p><\/div><div class=\"vcex-blog-entry-readmore-wrap entry-readmore-wrap clr\"><a href=\"https:\/\/www.gerec.fi\/en\/research-news-environmental-facilitators-decrease-the-risk-for-walking-difficulty-among-older-people\/\" class=\"theme-button\">Read more..<\/a><\/div><\/div><\/div><\/div><div class=\"vcex-blog-entry entry-has-details span_1_of_3 col-1 col post-253 entry type-post no-media cat-130 cat-1\"><div class=\"vcex-blog-entry-inner entry-inner wpex-clr\"><div class=\"vcex-blog-entry-details entry-details wpex-clr\"><h2 class=\"vcex-blog-entry-title entry-title\"><a href=\"https:\/\/www.gerec.fi\/en\/seminar-on-occupational-gerontology-aging-and-new-technology\/\">Seminar on Occupational Gerontology: Aging and new technology<\/a><\/h2><div class=\"vcex-blog-entry-date\">11.12.2018<\/div><div class=\"vcex-blog-entry-excerpt entry-excerpt entry clr\"><p>29th August, 2013, University of Tampere Contentsaging and cognition, caregiving, human-computer interaction, older workers abilities,&hellip;<\/p><\/div><div class=\"vcex-blog-entry-readmore-wrap entry-readmore-wrap clr\"><a href=\"https:\/\/www.gerec.fi\/en\/seminar-on-occupational-gerontology-aging-and-new-technology\/\" class=\"theme-button\">Read more..<\/a><\/div><\/div><\/div><\/div><div class=\"vcex-blog-entry entry-has-details span_1_of_3 col-2 col post-254 entry type-post no-media cat-130 cat-1\"><div class=\"vcex-blog-entry-inner entry-inner wpex-clr\"><div class=\"vcex-blog-entry-details entry-details wpex-clr\"><h2 class=\"vcex-blog-entry-title entry-title\"><a href=\"https:\/\/www.gerec.fi\/en\/research-news-socioeconomic-status-is-associated-with-health-inequalities-also-in-the-last-years-of-life\/\">Research news: Socioeconomic status is associated with health inequalities also in the last years of life<\/a><\/h2><div class=\"vcex-blog-entry-date\">11.12.2018<\/div><div class=\"vcex-blog-entry-excerpt entry-excerpt entry clr\"><p>Socioeconomic status is associated with health and functioning also among the oldest old adults. The&hellip;<\/p><\/div><div class=\"vcex-blog-entry-readmore-wrap entry-readmore-wrap clr\"><a href=\"https:\/\/www.gerec.fi\/en\/research-news-socioeconomic-status-is-associated-with-health-inequalities-also-in-the-last-years-of-life\/\" class=\"theme-button\">Read more..<\/a><\/div><\/div><\/div><\/div><div class=\"vcex-blog-entry entry-has-details span_1_of_3 col-3 col post-255 entry type-post no-media cat-130 cat-1\"><div class=\"vcex-blog-entry-inner entry-inner wpex-clr\"><div class=\"vcex-blog-entry-details entry-details wpex-clr\"><h2 class=\"vcex-blog-entry-title entry-title\"><a href=\"https:\/\/www.gerec.fi\/en\/research-news-mobility-limitation-due-to-a-lack-of-balance-confidence\/\">Research news: Mobility limitation due to a lack of balance confidence<\/a><\/h2><div class=\"vcex-blog-entry-date\">11.12.2018<\/div><div class=\"vcex-blog-entry-excerpt entry-excerpt entry clr\"><p>A fall and subsequent injury decreases a person\u2019s balance confidence and increases his or her&hellip;<\/p><\/div><div class=\"vcex-blog-entry-readmore-wrap entry-readmore-wrap clr\"><a href=\"https:\/\/www.gerec.fi\/en\/research-news-mobility-limitation-due-to-a-lack-of-balance-confidence\/\" class=\"theme-button\">Read more..<\/a><\/div><\/div><\/div><\/div><div class=\"vcex-blog-entry entry-has-details span_1_of_3 col-1 col post-256 entry type-post no-media cat-130 cat-1\"><div class=\"vcex-blog-entry-inner entry-inner wpex-clr\"><div class=\"vcex-blog-entry-details entry-details wpex-clr\"><h2 class=\"vcex-blog-entry-title entry-title\"><a href=\"https:\/\/www.gerec.fi\/en\/research-news-physically-and-mentally-straining-job-increases-the-need-for-hospital-care-in-old-age\/\">Research news: Physically and mentally straining job increases the need for hospital care in old age<\/a><\/h2><div class=\"vcex-blog-entry-date\">11.12.2018<\/div><div class=\"vcex-blog-entry-excerpt entry-excerpt entry clr\"><p>Mentally and particularly physically straining work in midlife increased the need for hospital care in&hellip;<\/p><\/div><div class=\"vcex-blog-entry-readmore-wrap entry-readmore-wrap clr\"><a href=\"https:\/\/www.gerec.fi\/en\/research-news-physically-and-mentally-straining-job-increases-the-need-for-hospital-care-in-old-age\/\" class=\"theme-button\">Read more..<\/a><\/div><\/div><\/div><\/div><div class=\"vcex-blog-entry entry-has-details span_1_of_3 col-2 col post-257 entry type-post no-media cat-130 cat-1\"><div class=\"vcex-blog-entry-inner entry-inner wpex-clr\"><div class=\"vcex-blog-entry-details entry-details wpex-clr\"><h2 class=\"vcex-blog-entry-title entry-title\"><a href=\"https:\/\/www.gerec.fi\/en\/research-news-physical-function-as-wells-as-sense-of-autonomy-determine-life-space-mobility-in-older-people\/\">Research news: Physical function as wells as sense of autonomy determine life-space mobility in older people<\/a><\/h2><div class=\"vcex-blog-entry-date\">11.12.2018<\/div><div class=\"vcex-blog-entry-excerpt entry-excerpt entry clr\"><p>Physical function and sense of autonomy are independent determinants of life-space mobility in older people.&hellip;<\/p><\/div><div class=\"vcex-blog-entry-readmore-wrap entry-readmore-wrap clr\"><a href=\"https:\/\/www.gerec.fi\/en\/research-news-physical-function-as-wells-as-sense-of-autonomy-determine-life-space-mobility-in-older-people\/\" class=\"theme-button\">Read more..<\/a><\/div><\/div><\/div><\/div><div class=\"vcex-blog-entry entry-has-details span_1_of_3 col-3 col post-258 entry type-post no-media cat-130 cat-1\"><div class=\"vcex-blog-entry-inner entry-inner wpex-clr\"><div class=\"vcex-blog-entry-details entry-details wpex-clr\"><h2 class=\"vcex-blog-entry-title entry-title\"><a href=\"https:\/\/www.gerec.fi\/en\/research-news-inverse-effects-of-midlife-occupational-and-leisure-time-physical-activity-on-mobility-limitation-in-old-age\/\">Research news: Inverse Effects of Midlife Occupational and Leisure Time Physical Activity on Mobility Limitation in Old Age<\/a><\/h2><div class=\"vcex-blog-entry-date\">11.12.2018<\/div><div class=\"vcex-blog-entry-excerpt entry-excerpt entry clr\"><p>Strenuous occupational physical activity in midlife increases the risk of mobility limitation in old age,&hellip;<\/p><\/div><div class=\"vcex-blog-entry-readmore-wrap entry-readmore-wrap clr\"><a href=\"https:\/\/www.gerec.fi\/en\/research-news-inverse-effects-of-midlife-occupational-and-leisure-time-physical-activity-on-mobility-limitation-in-old-age\/\" class=\"theme-button\">Read more..<\/a><\/div><\/div><\/div><\/div><div class=\"vcex-blog-entry entry-has-details span_1_of_3 col-1 col post-259 entry type-post no-media cat-130 cat-1\"><div class=\"vcex-blog-entry-inner entry-inner wpex-clr\"><div class=\"vcex-blog-entry-details entry-details wpex-clr\"><h2 class=\"vcex-blog-entry-title entry-title\"><a href=\"https:\/\/www.gerec.fi\/en\/gerontology-research-center-joins-a-new-cost-action\/\">Gerontology Research Center joins a new COST-action<\/a><\/h2><div class=\"vcex-blog-entry-date\">11.12.2018<\/div><div class=\"vcex-blog-entry-excerpt entry-excerpt entry clr\"><p>GEREC has joined an EU-funded COST-action network COST-action network (European Cooperation in Science and Technology&hellip;<\/p><\/div><div class=\"vcex-blog-entry-readmore-wrap entry-readmore-wrap clr\"><a href=\"https:\/\/www.gerec.fi\/en\/gerontology-research-center-joins-a-new-cost-action\/\" class=\"theme-button\">Read more..<\/a><\/div><\/div><\/div><\/div><div class=\"vcex-blog-entry entry-has-details span_1_of_3 col-2 col post-260 entry type-post no-media cat-130 cat-1\"><div class=\"vcex-blog-entry-inner entry-inner wpex-clr\"><div class=\"vcex-blog-entry-details entry-details wpex-clr\"><h2 class=\"vcex-blog-entry-title entry-title\"><a href=\"https:\/\/www.gerec.fi\/en\/postdoctoral-research-funding-from-academy-of-finland-for-leena-forma\/\">Postdoctoral research funding from Academy of Finland for Leena Forma<\/a><\/h2><div class=\"vcex-blog-entry-date\">11.12.2018<\/div><div class=\"vcex-blog-entry-excerpt entry-excerpt entry clr\"><p>PhD Leena Forma is studying the effects of age and closeness of death on use&hellip;<\/p><\/div><div class=\"vcex-blog-entry-readmore-wrap entry-readmore-wrap clr\"><a href=\"https:\/\/www.gerec.fi\/en\/postdoctoral-research-funding-from-academy-of-finland-for-leena-forma\/\" class=\"theme-button\">Read more..<\/a><\/div><\/div><\/div><\/div><div class=\"vcex-blog-entry entry-has-details span_1_of_3 col-3 col post-261 entry type-post no-media cat-130 cat-1\"><div class=\"vcex-blog-entry-inner entry-inner wpex-clr\"><div class=\"vcex-blog-entry-details entry-details wpex-clr\"><h2 class=\"vcex-blog-entry-title entry-title\"><a href=\"https:\/\/www.gerec.fi\/en\/research-news-poor-hearing-confines-older-adults-to-their-homes\/\">Research news: Poor hearing confines older adults to their homes<\/a><\/h2><div class=\"vcex-blog-entry-date\">11.12.2018<\/div><div class=\"vcex-blog-entry-excerpt entry-excerpt entry clr\"><p>Vision and hearing problems reduce the active participation of older people in various events and&hellip;<\/p><\/div><div class=\"vcex-blog-entry-readmore-wrap entry-readmore-wrap clr\"><a href=\"https:\/\/www.gerec.fi\/en\/research-news-poor-hearing-confines-older-adults-to-their-homes\/\" class=\"theme-button\">Read more..<\/a><\/div><\/div><\/div><\/div><div class=\"vcex-blog-entry entry-has-details span_1_of_3 col-1 col post-262 entry type-post no-media cat-130 cat-1\"><div class=\"vcex-blog-entry-inner entry-inner wpex-clr\"><div class=\"vcex-blog-entry-details entry-details wpex-clr\"><h2 class=\"vcex-blog-entry-title entry-title\"><a href=\"https:\/\/www.gerec.fi\/en\/research-news-nonmanual-workers-and-high-educated-live-longer-even-at-the-age-of-90-years\/\">Research news: Nonmanual workers and high educated live longer even at the age of 90 years<\/a><\/h2><div class=\"vcex-blog-entry-date\">11.12.2018<\/div><div class=\"vcex-blog-entry-excerpt entry-excerpt entry clr\"><p>Nonmanual workers and high educated live longer than manual workers and lower educated even at&hellip;<\/p><\/div><div class=\"vcex-blog-entry-readmore-wrap entry-readmore-wrap clr\"><a href=\"https:\/\/www.gerec.fi\/en\/research-news-nonmanual-workers-and-high-educated-live-longer-even-at-the-age-of-90-years\/\" class=\"theme-button\">Read more..<\/a><\/div><\/div><\/div><\/div><div class=\"vcex-blog-entry entry-has-details span_1_of_3 col-2 col post-263 entry type-post no-media cat-130 cat-1\"><div class=\"vcex-blog-entry-inner entry-inner wpex-clr\"><div class=\"vcex-blog-entry-details entry-details wpex-clr\"><h2 class=\"vcex-blog-entry-title entry-title\"><a href=\"https:\/\/www.gerec.fi\/en\/research-news-older-women-abandon-many-of-their-personal-goals\/\">Research news: Older women abandon many of their personal goals<\/a><\/h2><div class=\"vcex-blog-entry-date\">11.12.2018<\/div><div class=\"vcex-blog-entry-excerpt entry-excerpt entry clr\"><p>Older people have many kinds of goals in their lives, most commonly related to health,&hellip;<\/p><\/div><div class=\"vcex-blog-entry-readmore-wrap entry-readmore-wrap clr\"><a href=\"https:\/\/www.gerec.fi\/en\/research-news-older-women-abandon-many-of-their-personal-goals\/\" class=\"theme-button\">Read more..<\/a><\/div><\/div><\/div><\/div><div class=\"vcex-blog-entry entry-has-details span_1_of_3 col-3 col post-264 entry type-post no-media cat-130 cat-1\"><div class=\"vcex-blog-entry-inner entry-inner wpex-clr\"><div class=\"vcex-blog-entry-details entry-details wpex-clr\"><h2 class=\"vcex-blog-entry-title entry-title\"><a href=\"https:\/\/www.gerec.fi\/en\/german-vontobel-prize-for-ageing-research\/\">German Vontobel prize for ageing research<\/a><\/h2><div class=\"vcex-blog-entry-date\">11.12.2018<\/div><div class=\"vcex-blog-entry-excerpt entry-excerpt entry clr\"><p>Visiting scientist MD, PhD Timo Hinrichs has won the Vontobel prize for ageing research awarded&hellip;<\/p><\/div><div class=\"vcex-blog-entry-readmore-wrap entry-readmore-wrap clr\"><a href=\"https:\/\/www.gerec.fi\/en\/german-vontobel-prize-for-ageing-research\/\" class=\"theme-button\">Read more..<\/a><\/div><\/div><\/div><\/div><div class=\"vcex-blog-entry entry-has-details span_1_of_3 col-1 col post-265 entry type-post no-media cat-130 cat-1\"><div class=\"vcex-blog-entry-inner entry-inner wpex-clr\"><div class=\"vcex-blog-entry-details entry-details wpex-clr\"><h2 class=\"vcex-blog-entry-title entry-title\"><a href=\"https:\/\/www.gerec.fi\/en\/ilkka-pietila-to-the-editorial-board-of-the-journal-of-ageing-studies\/\">Ilkka Pietil\u00e4 to the Editorial Board of the Journal of Ageing Studies<\/a><\/h2><div class=\"vcex-blog-entry-date\">11.12.2018<\/div><div class=\"vcex-blog-entry-excerpt entry-excerpt entry clr\"><p>Ilkka Pietil\u00e4 has been invited to the Editorial Board of the Journal of Ageing Studies.&hellip;<\/p><\/div><div class=\"vcex-blog-entry-readmore-wrap entry-readmore-wrap clr\"><a href=\"https:\/\/www.gerec.fi\/en\/ilkka-pietila-to-the-editorial-board-of-the-journal-of-ageing-studies\/\" class=\"theme-button\">Read more..<\/a><\/div><\/div><\/div><\/div><div class=\"vcex-blog-entry entry-has-details span_1_of_3 col-2 col post-266 entry type-post no-media cat-130 cat-1\"><div class=\"vcex-blog-entry-inner entry-inner wpex-clr\"><div class=\"vcex-blog-entry-details entry-details wpex-clr\"><h2 class=\"vcex-blog-entry-title entry-title\"><a href=\"https:\/\/www.gerec.fi\/en\/research-news-is-the-length-of-work-careers-determined-in-utero\/\">Research news: Is the length of work careers determined in utero?<\/a><\/h2><div class=\"vcex-blog-entry-date\">11.12.2018<\/div><div class=\"vcex-blog-entry-excerpt entry-excerpt entry clr\"><p>Low weight at birth increased the risk of disability pension among men, reveals a new&hellip;<\/p><\/div><div class=\"vcex-blog-entry-readmore-wrap entry-readmore-wrap clr\"><a href=\"https:\/\/www.gerec.fi\/en\/research-news-is-the-length-of-work-careers-determined-in-utero\/\" class=\"theme-button\">Read more..<\/a><\/div><\/div><\/div><\/div><div class=\"vcex-blog-entry entry-has-details span_1_of_3 col-3 col post-267 entry type-post no-media cat-130 cat-1\"><div class=\"vcex-blog-entry-inner entry-inner wpex-clr\"><div class=\"vcex-blog-entry-details entry-details wpex-clr\"><h2 class=\"vcex-blog-entry-title entry-title\"><a href=\"https:\/\/www.gerec.fi\/en\/academy-of-finlands-research-council-for-health-funding-to-marja-jylha-and-riku-nikander\/\">Academy of Finland&#8217;s Research Council for Health funding to Marja Jylh\u00e4 and Riku Nikander<\/a><\/h2><div class=\"vcex-blog-entry-date\">11.12.2018<\/div><div class=\"vcex-blog-entry-excerpt entry-excerpt entry clr\"><p>The Academy of Finlands\u00b4Rezsearch Council for Health has granted funding for two research project in&hellip;<\/p><\/div><div class=\"vcex-blog-entry-readmore-wrap entry-readmore-wrap clr\"><a href=\"https:\/\/www.gerec.fi\/en\/academy-of-finlands-research-council-for-health-funding-to-marja-jylha-and-riku-nikander\/\" class=\"theme-button\">Read more..<\/a><\/div><\/div><\/div><\/div><div class=\"vcex-blog-entry entry-has-details span_1_of_3 col-1 col post-268 entry type-post no-media cat-130 cat-1\"><div class=\"vcex-blog-entry-inner entry-inner wpex-clr\"><div class=\"vcex-blog-entry-details entry-details wpex-clr\"><h2 class=\"vcex-blog-entry-title entry-title\"><a href=\"https:\/\/www.gerec.fi\/en\/sari-stenholm-appointed-as-a-new-academy-research-fellow\/\">Sari Stenholm appointed as a new Academy Research Fellow<\/a><\/h2><div class=\"vcex-blog-entry-date\">11.12.2018<\/div><div class=\"vcex-blog-entry-excerpt entry-excerpt entry clr\"><p>The Academy of Finland\u2019s Research Council for Health has decided to fund ten new research&hellip;<\/p><\/div><div class=\"vcex-blog-entry-readmore-wrap entry-readmore-wrap clr\"><a href=\"https:\/\/www.gerec.fi\/en\/sari-stenholm-appointed-as-a-new-academy-research-fellow\/\" class=\"theme-button\">Read more..<\/a><\/div><\/div><\/div><\/div><div class=\"vcex-blog-entry entry-has-details span_1_of_3 col-2 col post-269 entry type-post no-media cat-130 cat-1\"><div class=\"vcex-blog-entry-inner entry-inner wpex-clr\"><div class=\"vcex-blog-entry-details entry-details wpex-clr\"><h2 class=\"vcex-blog-entry-title entry-title\"><a href=\"https:\/\/www.gerec.fi\/en\/ilkka-pietila-appointed-to-fellowship-at-the-institute-for-advanced-social-research\/\">Ilkka Pietil\u00e4 appointed to Fellowship at the Institute for Advanced Social Research<\/a><\/h2><div class=\"vcex-blog-entry-date\">11.12.2018<\/div><div class=\"vcex-blog-entry-excerpt entry-excerpt entry clr\"><p>The Rector of the University of Tampere has appointed Ilkka Pietil\u00e4 for two-year fixed-term Fellowship&hellip;<\/p><\/div><div class=\"vcex-blog-entry-readmore-wrap entry-readmore-wrap clr\"><a href=\"https:\/\/www.gerec.fi\/en\/ilkka-pietila-appointed-to-fellowship-at-the-institute-for-advanced-social-research\/\" class=\"theme-button\">Read more..<\/a><\/div><\/div><\/div><\/div><div class=\"vcex-blog-entry entry-has-details span_1_of_3 col-3 col post-270 entry type-post no-media cat-130 cat-1\"><div class=\"vcex-blog-entry-inner entry-inner wpex-clr\"><div class=\"vcex-blog-entry-details entry-details wpex-clr\"><h2 class=\"vcex-blog-entry-title entry-title\"><a href=\"https:\/\/www.gerec.fi\/en\/deadline-for-symposia-proposals-for-23nkg-is-september-30-2015\/\">Deadline for symposia proposals for 23NKG is September 30, 2015<\/a><\/h2><div class=\"vcex-blog-entry-date\">11.12.2018<\/div><div class=\"vcex-blog-entry-excerpt entry-excerpt entry clr\"><p>The Scientific Committee welcomes symposia from all fields in ageing research. We particularly encourage cross-disciplinary&hellip;<\/p><\/div><div class=\"vcex-blog-entry-readmore-wrap entry-readmore-wrap clr\"><a href=\"https:\/\/www.gerec.fi\/en\/deadline-for-symposia-proposals-for-23nkg-is-september-30-2015\/\" class=\"theme-button\">Read more..<\/a><\/div><\/div><\/div><\/div><div class=\"vcex-blog-entry entry-has-details span_1_of_3 col-1 col post-271 entry type-post no-media cat-130 cat-1\"><div class=\"vcex-blog-entry-inner entry-inner wpex-clr\"><div class=\"vcex-blog-entry-details entry-details wpex-clr\"><h2 class=\"vcex-blog-entry-title entry-title\"><a href=\"https:\/\/www.gerec.fi\/en\/a-position-of-university-lecturer-in-gerontology\/\">A position of university lecturer in gerontology<\/a><\/h2><div class=\"vcex-blog-entry-date\">11.12.2018<\/div><div class=\"vcex-blog-entry-excerpt entry-excerpt entry clr\"><p>A position of university lecturer in gerontology at U TampereDear friendsa fixed-term (until 2019) position&hellip;<\/p><\/div><div class=\"vcex-blog-entry-readmore-wrap entry-readmore-wrap clr\"><a href=\"https:\/\/www.gerec.fi\/en\/a-position-of-university-lecturer-in-gerontology\/\" class=\"theme-button\">Read more..<\/a><\/div><\/div><\/div><\/div><div class=\"vcex-blog-entry entry-has-details span_1_of_3 col-2 col post-272 entry type-post no-media cat-130 cat-1\"><div class=\"vcex-blog-entry-inner entry-inner wpex-clr\"><div class=\"vcex-blog-entry-details entry-details wpex-clr\"><h2 class=\"vcex-blog-entry-title entry-title\"><a href=\"https:\/\/www.gerec.fi\/en\/research-news-new-knowledge-on-factors-predicting-survival-in-older-adults\/\">Research news: New knowledge on factors predicting survival in older adults<\/a><\/h2><div class=\"vcex-blog-entry-date\">11.12.2018<\/div><div class=\"vcex-blog-entry-excerpt entry-excerpt entry clr\"><p>A Nordic comparative study indicates that of the Finnish men born in the middle of&hellip;<\/p><\/div><div class=\"vcex-blog-entry-readmore-wrap entry-readmore-wrap clr\"><a href=\"https:\/\/www.gerec.fi\/en\/research-news-new-knowledge-on-factors-predicting-survival-in-older-adults\/\" class=\"theme-button\">Read more..<\/a><\/div><\/div><\/div><\/div><div class=\"vcex-blog-entry entry-has-details span_1_of_3 col-3 col post-273 entry type-post no-media cat-130 cat-1\"><div class=\"vcex-blog-entry-inner entry-inner wpex-clr\"><div class=\"vcex-blog-entry-details entry-details wpex-clr\"><h2 class=\"vcex-blog-entry-title entry-title\"><a href=\"https:\/\/www.gerec.fi\/en\/you-can-find-gerec-in-facebook\/\">You can find GEREC in Facebook<\/a><\/h2><div class=\"vcex-blog-entry-date\">11.12.2018<\/div><div class=\"vcex-blog-entry-excerpt entry-excerpt entry clr\"><p>The direct address is https:\/\/www.facebook.com\/gerontologiantutkimuskeskus\/.Please visit the page and like it, remember to invite you&hellip;<\/p><\/div><div class=\"vcex-blog-entry-readmore-wrap entry-readmore-wrap clr\"><a href=\"https:\/\/www.gerec.fi\/en\/you-can-find-gerec-in-facebook\/\" class=\"theme-button\">Read more..<\/a><\/div><\/div><\/div><\/div><div class=\"vcex-blog-entry entry-has-details span_1_of_3 col-1 col post-274 entry type-post no-media cat-130 cat-1\"><div class=\"vcex-blog-entry-inner entry-inner wpex-clr\"><div class=\"vcex-blog-entry-details entry-details wpex-clr\"><h2 class=\"vcex-blog-entry-title entry-title\"><a href=\"https:\/\/www.gerec.fi\/en\/gerec-and-cost-action-ageism\/\">GEREC and COST Action Ageism<\/a><\/h2><div class=\"vcex-blog-entry-date\">11.12.2018<\/div><div class=\"vcex-blog-entry-excerpt entry-excerpt entry clr\"><p>GEREC reserachers participate in the work of COST Action Ageism. Read the newsletter here. Gerontology&hellip;<\/p><\/div><div class=\"vcex-blog-entry-readmore-wrap entry-readmore-wrap clr\"><a href=\"https:\/\/www.gerec.fi\/en\/gerec-and-cost-action-ageism\/\" class=\"theme-button\">Read more..<\/a><\/div><\/div><\/div><\/div><div class=\"vcex-blog-entry entry-has-details span_1_of_3 col-2 col post-275 entry type-post no-media cat-130 cat-1\"><div class=\"vcex-blog-entry-inner entry-inner wpex-clr\"><div class=\"vcex-blog-entry-details entry-details wpex-clr\"><h2 class=\"vcex-blog-entry-title entry-title\"><a href=\"https:\/\/www.gerec.fi\/en\/research-news-the-high-educated-have-better-functioning-and-less-cardiometabolic-risk-factors-also-in-very-old-age\/\">Research news: The high-educated have better functioning and less cardiometabolic risk factors also in very old age.<\/a><\/h2><div class=\"vcex-blog-entry-date\">11.12.2018<\/div><div class=\"vcex-blog-entry-excerpt entry-excerpt entry clr\"><p>The research conducted at the School of Health Sciences and the Gerontology Research Center in&hellip;<\/p><\/div><div class=\"vcex-blog-entry-readmore-wrap entry-readmore-wrap clr\"><a href=\"https:\/\/www.gerec.fi\/en\/research-news-the-high-educated-have-better-functioning-and-less-cardiometabolic-risk-factors-also-in-very-old-age\/\" class=\"theme-button\">Read more..<\/a><\/div><\/div><\/div><\/div><div class=\"vcex-blog-entry entry-has-details span_1_of_3 col-3 col post-276 entry type-post no-media cat-130 cat-1\"><div class=\"vcex-blog-entry-inner entry-inner wpex-clr\"><div class=\"vcex-blog-entry-details entry-details wpex-clr\"><h2 class=\"vcex-blog-entry-title entry-title\"><a href=\"https:\/\/www.gerec.fi\/en\/pirjo-nikander-starts-as-associate-editor-in-the-international-journal-of-ageing-and-later-life-1\/\">Pirjo Nikander starts as associate editor in the International Journal of Ageing and Later Life 1.1.2016.<\/a><\/h2><div class=\"vcex-blog-entry-date\">11.12.2018<\/div><div class=\"vcex-blog-entry-excerpt entry-excerpt entry clr\"><p>The International Journal of Ageing and Later Life (IJAL) serves an audience interested in social&hellip;<\/p><\/div><div class=\"vcex-blog-entry-readmore-wrap entry-readmore-wrap clr\"><a href=\"https:\/\/www.gerec.fi\/en\/pirjo-nikander-starts-as-associate-editor-in-the-international-journal-of-ageing-and-later-life-1\/\" class=\"theme-button\">Read more..<\/a><\/div><\/div><\/div><\/div><div class=\"vcex-blog-entry entry-has-details span_1_of_3 col-1 col post-277 entry type-post no-media cat-130 cat-1\"><div class=\"vcex-blog-entry-inner entry-inner wpex-clr\"><div class=\"vcex-blog-entry-details entry-details wpex-clr\"><h2 class=\"vcex-blog-entry-title entry-title\"><a href=\"https:\/\/www.gerec.fi\/en\/job-vacancies\/\">Job vacancies<\/a><\/h2><div class=\"vcex-blog-entry-date\">11.12.2018<\/div><div class=\"vcex-blog-entry-excerpt entry-excerpt entry clr\"><p>Professor Sarianna Sipil\u00e4 from GEREC, University of Jyvaskyla is a partner in the PANINI network&hellip;<\/p><\/div><div class=\"vcex-blog-entry-readmore-wrap entry-readmore-wrap clr\"><a href=\"https:\/\/www.gerec.fi\/en\/job-vacancies\/\" class=\"theme-button\">Read more..<\/a><\/div><\/div><\/div><\/div><div class=\"vcex-blog-entry entry-has-details span_1_of_3 col-2 col post-278 entry type-post no-media cat-130 cat-1\"><div class=\"vcex-blog-entry-inner entry-inner wpex-clr\"><div class=\"vcex-blog-entry-details entry-details wpex-clr\"><h2 class=\"vcex-blog-entry-title entry-title\"><a href=\"https:\/\/www.gerec.fi\/en\/research-news-out-of-home-activity-supports-independence-in-old-age\/\">Research news: Out-of-home activity supports independence in old age<\/a><\/h2><div class=\"vcex-blog-entry-date\">11.12.2018<\/div><div class=\"vcex-blog-entry-excerpt entry-excerpt entry clr\"><p>Life-space mobility reflects an individual\u2019s opportunities to participate in society. A recent study conducted at&hellip;<\/p><\/div><div class=\"vcex-blog-entry-readmore-wrap entry-readmore-wrap clr\"><a href=\"https:\/\/www.gerec.fi\/en\/research-news-out-of-home-activity-supports-independence-in-old-age\/\" class=\"theme-button\">Read more..<\/a><\/div><\/div><\/div><\/div><div class=\"vcex-blog-entry entry-has-details span_1_of_3 col-3 col post-279 entry type-post no-media cat-130 cat-1\"><div class=\"vcex-blog-entry-inner entry-inner wpex-clr\"><div class=\"vcex-blog-entry-details entry-details wpex-clr\"><h2 class=\"vcex-blog-entry-title entry-title\"><a href=\"https:\/\/www.gerec.fi\/en\/erc-advanced-grant-funding-for-professor-taina-rantanen\/\">ERC Advanced Grant Funding for Professor Taina Rantanen<\/a><\/h2><div class=\"vcex-blog-entry-date\">11.12.2018<\/div><div class=\"vcex-blog-entry-excerpt entry-excerpt entry clr\"><p>2.04 M\u20ac for aging research to the University of Jyv\u00e4skyl\u00e4 Active ageing: beyond the same&hellip;<\/p><\/div><div class=\"vcex-blog-entry-readmore-wrap entry-readmore-wrap clr\"><a href=\"https:\/\/www.gerec.fi\/en\/erc-advanced-grant-funding-for-professor-taina-rantanen\/\" class=\"theme-button\">Read more..<\/a><\/div><\/div><\/div><\/div><div class=\"vcex-blog-entry entry-has-details span_1_of_3 col-1 col post-280 entry type-post no-media cat-130 cat-1\"><div class=\"vcex-blog-entry-inner entry-inner wpex-clr\"><div class=\"vcex-blog-entry-details entry-details wpex-clr\"><h2 class=\"vcex-blog-entry-title entry-title\"><a href=\"https:\/\/www.gerec.fi\/en\/research-news-hearing-problems-reduce-the-quality-of-life-of-older-people\/\">Research news: Hearing problems reduce the quality of life of older people<\/a><\/h2><div class=\"vcex-blog-entry-date\">11.12.2018<\/div><div class=\"vcex-blog-entry-excerpt entry-excerpt entry clr\"><p>A study published by the University of Jyv\u00e4skyl\u00e4, Gerontology Research Center found that hearing loss&hellip;<\/p><\/div><div class=\"vcex-blog-entry-readmore-wrap entry-readmore-wrap clr\"><a href=\"https:\/\/www.gerec.fi\/en\/research-news-hearing-problems-reduce-the-quality-of-life-of-older-people\/\" class=\"theme-button\">Read more..<\/a><\/div><\/div><\/div><\/div><div class=\"vcex-blog-entry entry-has-details span_1_of_3 col-2 col post-281 entry type-post no-media cat-130 cat-1\"><div class=\"vcex-blog-entry-inner entry-inner wpex-clr\"><div class=\"vcex-blog-entry-details entry-details wpex-clr\"><h2 class=\"vcex-blog-entry-title entry-title\"><a href=\"https:\/\/www.gerec.fi\/en\/asuva-new-housing-options-in-old-age\/\">ASUVA &#8211; New housing options in old age<\/a><\/h2><div class=\"vcex-blog-entry-date\">11.12.2018<\/div><div class=\"vcex-blog-entry-excerpt entry-excerpt entry clr\"><p>The project receives funding from Prime Minister\u2019s Office (VN-TEAS, tietokayttoon.fi), 248.000\u20ac. Duration of the project&hellip;<\/p><\/div><div class=\"vcex-blog-entry-readmore-wrap entry-readmore-wrap clr\"><a href=\"https:\/\/www.gerec.fi\/en\/asuva-new-housing-options-in-old-age\/\" class=\"theme-button\">Read more..<\/a><\/div><\/div><\/div><\/div><div class=\"vcex-blog-entry entry-has-details span_1_of_3 col-3 col post-282 entry type-post no-media cat-130 cat-1\"><div class=\"vcex-blog-entry-inner entry-inner wpex-clr\"><div class=\"vcex-blog-entry-details entry-details wpex-clr\"><h2 class=\"vcex-blog-entry-title entry-title\"><a href=\"https:\/\/www.gerec.fi\/en\/costs-for-antidementia-medicine-purchases-and-sii-reimbursements-increased-between-the-years-2000-and-2013\/\">Costs for antidementia medicine purchases and SII reimbursements increased between the years 2000 and 2013<\/a><\/h2><div class=\"vcex-blog-entry-date\">11.12.2018<\/div><div class=\"vcex-blog-entry-excerpt entry-excerpt entry clr\"><p>The use of sheltered housing with 24-hour assistance, a community long-term care service, has increasingly&hellip;<\/p><\/div><div class=\"vcex-blog-entry-readmore-wrap entry-readmore-wrap clr\"><a href=\"https:\/\/www.gerec.fi\/en\/costs-for-antidementia-medicine-purchases-and-sii-reimbursements-increased-between-the-years-2000-and-2013\/\" class=\"theme-button\">Read more..<\/a><\/div><\/div><\/div><\/div><div class=\"vcex-blog-entry entry-has-details span_1_of_3 col-1 col post-284 entry type-post no-media cat-130 cat-1\"><div class=\"vcex-blog-entry-inner entry-inner wpex-clr\"><div class=\"vcex-blog-entry-details entry-details wpex-clr\"><h2 class=\"vcex-blog-entry-title entry-title\"><a href=\"https:\/\/www.gerec.fi\/en\/dissertation-17\/\">Dissertation:   17.2.2017 Walking, physical activity, and life-space mobility among older people (Tsai)<\/a><\/h2><div class=\"vcex-blog-entry-date\">11.12.2018<\/div><div class=\"vcex-blog-entry-excerpt entry-excerpt entry clr\"><p>Dissertation: 17.2.2017 Walking, physical activity, and life-space mobility among older people (Tsai) TtM Li-Tang Tsain&hellip;<\/p><\/div><div class=\"vcex-blog-entry-readmore-wrap entry-readmore-wrap clr\"><a href=\"https:\/\/www.gerec.fi\/en\/dissertation-17\/\" class=\"theme-button\">Read more..<\/a><\/div><\/div><\/div><\/div><div class=\"vcex-blog-entry entry-has-details span_1_of_3 col-2 col post-285 entry type-post no-media cat-130 cat-1\"><div class=\"vcex-blog-entry-inner entry-inner wpex-clr\"><div class=\"vcex-blog-entry-details entry-details wpex-clr\"><h2 class=\"vcex-blog-entry-title entry-title\"><a href=\"https:\/\/www.gerec.fi\/en\/research-news-home-neighborhood-motivates-older-people-to-physical-activity\/\">Research news: Home neighborhood motivates older people to physical activity<\/a><\/h2><div class=\"vcex-blog-entry-date\">11.12.2018<\/div><div class=\"vcex-blog-entry-excerpt entry-excerpt entry clr\"><p>A recent study, conducted at the Gerontology Research Center of the University of Jyv\u00e4skyl\u00e4, shows&hellip;<\/p><\/div><div class=\"vcex-blog-entry-readmore-wrap entry-readmore-wrap clr\"><a href=\"https:\/\/www.gerec.fi\/en\/research-news-home-neighborhood-motivates-older-people-to-physical-activity\/\" class=\"theme-button\">Read more..<\/a><\/div><\/div><\/div><\/div><div class=\"vcex-blog-entry entry-has-details span_1_of_3 col-3 col post-286 entry type-post no-media cat-130 cat-1\"><div class=\"vcex-blog-entry-inner entry-inner wpex-clr\"><div class=\"vcex-blog-entry-details entry-details wpex-clr\"><h2 class=\"vcex-blog-entry-title entry-title\"><a href=\"https:\/\/www.gerec.fi\/en\/long-term-care-is-increasingly-concentrated-in-the-last-years-of-life\/\">Long-term care is increasingly concentrated in the last years of life<\/a><\/h2><div class=\"vcex-blog-entry-date\">11.12.2018<\/div><div class=\"vcex-blog-entry-excerpt entry-excerpt entry clr\"><p>Very old people often need round-the-clock long-term care (LTC) in the last phase of life.&hellip;<\/p><\/div><div class=\"vcex-blog-entry-readmore-wrap entry-readmore-wrap clr\"><a href=\"https:\/\/www.gerec.fi\/en\/long-term-care-is-increasingly-concentrated-in-the-last-years-of-life\/\" class=\"theme-button\">Read more..<\/a><\/div><\/div><\/div><\/div><div class=\"vcex-blog-entry entry-has-details span_1_of_3 col-1 col post-287 entry type-post no-media cat-130 cat-1\"><div class=\"vcex-blog-entry-inner entry-inner wpex-clr\"><div class=\"vcex-blog-entry-details entry-details wpex-clr\"><h2 class=\"vcex-blog-entry-title entry-title\"><a href=\"https:\/\/www.gerec.fi\/en\/research-news-obesity-does-not-predict-decline-in-physical-functioning-in-90-year-old-people\/\">Research news: Obesity does not predict decline in physical functioning in 90-year-old people<\/a><\/h2><div class=\"vcex-blog-entry-date\">11.12.2018<\/div><div class=\"vcex-blog-entry-excerpt entry-excerpt entry clr\"><p>General or abdominal obesity does not predict the development of mobility disability or activities of&hellip;<\/p><\/div><div class=\"vcex-blog-entry-readmore-wrap entry-readmore-wrap clr\"><a href=\"https:\/\/www.gerec.fi\/en\/research-news-obesity-does-not-predict-decline-in-physical-functioning-in-90-year-old-people\/\" class=\"theme-button\">Read more..<\/a><\/div><\/div><\/div><\/div><div class=\"vcex-blog-entry entry-has-details span_1_of_3 col-2 col post-288 entry type-post no-media cat-130 cat-1\"><div class=\"vcex-blog-entry-inner entry-inner wpex-clr\"><div class=\"vcex-blog-entry-details entry-details wpex-clr\"><h2 class=\"vcex-blog-entry-title entry-title\"><a href=\"https:\/\/www.gerec.fi\/en\/research-news-understanding-functional-ability-perspectives-of-nurses-and-older-people-living-in-long-term-care\/\">Research news: Understanding functional ability: Perspectives of nurses and older people living in long-term care<\/a><\/h2><div class=\"vcex-blog-entry-date\">11.12.2018<\/div><div class=\"vcex-blog-entry-excerpt entry-excerpt entry clr\"><p>A new research shows that accounts of functioning differ between long- term care nurses and&hellip;<\/p><\/div><div class=\"vcex-blog-entry-readmore-wrap entry-readmore-wrap clr\"><a href=\"https:\/\/www.gerec.fi\/en\/research-news-understanding-functional-ability-perspectives-of-nurses-and-older-people-living-in-long-term-care\/\" class=\"theme-button\">Read more..<\/a><\/div><\/div><\/div><\/div><div class=\"vcex-blog-entry entry-has-details span_1_of_3 col-3 col post-289 entry type-post no-media cat-130 cat-1\"><div class=\"vcex-blog-entry-inner entry-inner wpex-clr\"><div class=\"vcex-blog-entry-details entry-details wpex-clr\"><h2 class=\"vcex-blog-entry-title entry-title\"><a href=\"https:\/\/www.gerec.fi\/en\/research-news-menopause-and-estrogen-affect-muscle-function\/\">Research news: Menopause and estrogen affect muscle function<\/a><\/h2><div class=\"vcex-blog-entry-date\">11.12.2018<\/div><div class=\"vcex-blog-entry-excerpt entry-excerpt entry clr\"><p>According to a research conducted at the University of Jyv\u00e4skyl\u00e4, estrogen acts as a regulator&hellip;<\/p><\/div><div class=\"vcex-blog-entry-readmore-wrap entry-readmore-wrap clr\"><a href=\"https:\/\/www.gerec.fi\/en\/research-news-menopause-and-estrogen-affect-muscle-function\/\" class=\"theme-button\">Read more..<\/a><\/div><\/div><\/div><\/div><div class=\"vcex-blog-entry entry-has-details span_1_of_3 col-1 col post-290 entry type-post no-media cat-130 cat-1\"><div class=\"vcex-blog-entry-inner entry-inner wpex-clr\"><div class=\"vcex-blog-entry-details entry-details wpex-clr\"><h2 class=\"vcex-blog-entry-title entry-title\"><a href=\"https:\/\/www.gerec.fi\/en\/research-news-a-new-assessment-method-for-active-ageing\/\">Research news: A new assessment method for active ageing<\/a><\/h2><div class=\"vcex-blog-entry-date\">11.12.2018<\/div><div class=\"vcex-blog-entry-excerpt entry-excerpt entry clr\"><p>Researchers at the University of Jyv\u00e4skyl\u00e4 in Finland have developed a new indicator for assessing&hellip;<\/p><\/div><div class=\"vcex-blog-entry-readmore-wrap entry-readmore-wrap clr\"><a href=\"https:\/\/www.gerec.fi\/en\/research-news-a-new-assessment-method-for-active-ageing\/\" class=\"theme-button\">Read more..<\/a><\/div><\/div><\/div><\/div><div class=\"vcex-blog-entry entry-has-details span_1_of_3 col-2 col post-291 entry type-post no-media cat-130 cat-1\"><div class=\"vcex-blog-entry-inner entry-inner wpex-clr\"><div class=\"vcex-blog-entry-details entry-details wpex-clr\"><h2 class=\"vcex-blog-entry-title entry-title\"><a href=\"https:\/\/www.gerec.fi\/en\/research-news-access-to-water-and-diverse-terrain-in-the-neighbourhood-encourage-elderly-in-physical-activity\/\">Research news: Access to water and diverse terrain in the neighbourhood encourage elderly in physical activity<\/a><\/h2><div class=\"vcex-blog-entry-date\">11.12.2018<\/div><div class=\"vcex-blog-entry-excerpt entry-excerpt entry clr\"><p>A recently published study, conducted at the Gerontology Research Center of the University of Jyv\u00e4skyl\u00e4,&hellip;<\/p><\/div><div class=\"vcex-blog-entry-readmore-wrap entry-readmore-wrap clr\"><a href=\"https:\/\/www.gerec.fi\/en\/research-news-access-to-water-and-diverse-terrain-in-the-neighbourhood-encourage-elderly-in-physical-activity\/\" class=\"theme-button\">Read more..<\/a><\/div><\/div><\/div><\/div><div class=\"vcex-blog-entry entry-has-details span_1_of_3 col-3 col post-245 entry type-post no-media cat-130 cat-1\"><div class=\"vcex-blog-entry-inner entry-inner wpex-clr\"><div class=\"vcex-blog-entry-details entry-details wpex-clr\"><h2 class=\"vcex-blog-entry-title entry-title\"><a href=\"https:\/\/www.gerec.fi\/en\/research-news-good-functional-performance-decreases-the-risk-of-mortality-also-among-nonagenarians\/\">Research news: Good functional performance decreases the risk of mortality also among nonagenarians<\/a><\/h2><div class=\"vcex-blog-entry-date\">11.12.2018<\/div><div class=\"vcex-blog-entry-excerpt entry-excerpt entry clr\"><p>The 9-year follow-up study in the Vitality 90+ Study showed that also in nonagenarians older&hellip;<\/p><\/div><div class=\"vcex-blog-entry-readmore-wrap entry-readmore-wrap clr\"><a href=\"https:\/\/www.gerec.fi\/en\/research-news-good-functional-performance-decreases-the-risk-of-mortality-also-among-nonagenarians\/\" class=\"theme-button\">Read more..<\/a><\/div><\/div><\/div><\/div><div class=\"vcex-blog-entry entry-has-details span_1_of_3 col-1 col post-246 entry type-post no-media cat-130 cat-1\"><div class=\"vcex-blog-entry-inner entry-inner wpex-clr\"><div class=\"vcex-blog-entry-details entry-details wpex-clr\"><h2 class=\"vcex-blog-entry-title entry-title\"><a href=\"https:\/\/www.gerec.fi\/en\/research-news-characterization-of-the-role-of-distinct-plasma-cell-free-dna-species-in-age-associated-inflammation-and-frailty\/\">Research news: Characterization of the role of distinct plasma cell-free DNA species in age-associated inflammation and frailty.<\/a><\/h2><div class=\"vcex-blog-entry-date\">11.12.2018<\/div><div class=\"vcex-blog-entry-excerpt entry-excerpt entry clr\"><p>Plasma cell-free DNA (cf-DNA) has recently emerged as a new biomarker of age-associated systemic inflammation&hellip;<\/p><\/div><div class=\"vcex-blog-entry-readmore-wrap entry-readmore-wrap clr\"><a href=\"https:\/\/www.gerec.fi\/en\/research-news-characterization-of-the-role-of-distinct-plasma-cell-free-dna-species-in-age-associated-inflammation-and-frailty\/\" class=\"theme-button\">Read more..<\/a><\/div><\/div><\/div><\/div><div class=\"vcex-blog-entry entry-has-details span_1_of_3 col-2 col post-247 entry type-post no-media cat-130 cat-1\"><div class=\"vcex-blog-entry-inner entry-inner wpex-clr\"><div class=\"vcex-blog-entry-details entry-details wpex-clr\"><h2 class=\"vcex-blog-entry-title entry-title\"><a href=\"https:\/\/www.gerec.fi\/en\/research-news-circulating-cell-free-dna-is-associated-with-mortality-and-inflammatory-markers-in-nonagenarians-the-vitality-90-study\/\">Research news: Circulating cell-free DNA is associated with mortality and inflammatory markers in nonagenarians: the Vitality 90+ Study.<\/a><\/h2><div class=\"vcex-blog-entry-date\">11.12.2018<\/div><div class=\"vcex-blog-entry-excerpt entry-excerpt entry clr\"><p>Research news: Circulating cell-free DNA is associated with mortality and inflammatory markers in nonagenarians: the&hellip;<\/p><\/div><div class=\"vcex-blog-entry-readmore-wrap entry-readmore-wrap clr\"><a href=\"https:\/\/www.gerec.fi\/en\/research-news-circulating-cell-free-dna-is-associated-with-mortality-and-inflammatory-markers-in-nonagenarians-the-vitality-90-study\/\" class=\"theme-button\">Read more..<\/a><\/div><\/div><\/div><\/div><div class=\"vcex-blog-entry entry-has-details span_1_of_3 col-3 col post-248 entry type-post no-media cat-130 cat-1\"><div class=\"vcex-blog-entry-inner entry-inner wpex-clr\"><div class=\"vcex-blog-entry-details entry-details wpex-clr\"><h2 class=\"vcex-blog-entry-title entry-title\"><a href=\"https:\/\/www.gerec.fi\/en\/post-doctoral-researcher-elina-sillanpaa-was-awarded-in-young-scientist-competition-by-the-finnish-society-of-sport-sciences\/\">Post Doctoral researcher Elina Sillanp\u00e4\u00e4 was awarded in Young scientist competition by the Finnish Society of Sport Sciences<\/a><\/h2><div class=\"vcex-blog-entry-date\">11.12.2018<\/div><div class=\"vcex-blog-entry-excerpt entry-excerpt entry clr\"><p>Post Doctoral researcher Elina Sillanp\u00e4\u00e4 was awarded in Young scientist competition organized by the Finnish&hellip;<\/p><\/div><div class=\"vcex-blog-entry-readmore-wrap entry-readmore-wrap clr\"><a href=\"https:\/\/www.gerec.fi\/en\/post-doctoral-researcher-elina-sillanpaa-was-awarded-in-young-scientist-competition-by-the-finnish-society-of-sport-sciences\/\" class=\"theme-button\">Read more..<\/a><\/div><\/div><\/div><\/div><div class=\"vcex-blog-entry entry-has-details span_1_of_3 col-1 col post-249 entry type-post no-media cat-130 cat-1\"><div class=\"vcex-blog-entry-inner entry-inner wpex-clr\"><div class=\"vcex-blog-entry-details entry-details wpex-clr\"><h2 class=\"vcex-blog-entry-title entry-title\"><a href=\"https:\/\/www.gerec.fi\/en\/phd-student-at-gerec-linda-enroth-was-awarded-the-best-masters-thesis-on-gerontology\/\">PhD student at GEREC, Linda Enroth was awarded the best masters thesis on Gerontology<\/a><\/h2><div class=\"vcex-blog-entry-date\">11.12.2018<\/div><div class=\"vcex-blog-entry-excerpt entry-excerpt entry clr\"><p>The title of the thesis is Socioeconomic differences in health of the oldest old. The&hellip;<\/p><\/div><div class=\"vcex-blog-entry-readmore-wrap entry-readmore-wrap clr\"><a href=\"https:\/\/www.gerec.fi\/en\/phd-student-at-gerec-linda-enroth-was-awarded-the-best-masters-thesis-on-gerontology\/\" class=\"theme-button\">Read more..<\/a><\/div><\/div><\/div><\/div><div class=\"vcex-blog-entry entry-has-details span_1_of_3 col-2 col post-250 entry type-post no-media cat-130 cat-1\"><div class=\"vcex-blog-entry-inner entry-inner wpex-clr\"><div class=\"vcex-blog-entry-details entry-details wpex-clr\"><h2 class=\"vcex-blog-entry-title entry-title\"><a href=\"https:\/\/www.gerec.fi\/en\/research-news-cytomegalovirus-cmv-dependent-and-independent-changes-in-the-aging-of-the-human-immune-system-a-transcriptomic-analysis\/\">Research news: Cytomegalovirus (CMV)-dependent and -independent changes in the aging of the human immune system: A transcriptomic analysis<\/a><\/h2><div class=\"vcex-blog-entry-date\">11.12.2018<\/div><div class=\"vcex-blog-entry-excerpt entry-excerpt entry clr\"><p>Research news: Cytomegalovirus (CMV)-dependent and -independent changes in the aging of the human immune system:&hellip;<\/p><\/div><div class=\"vcex-blog-entry-readmore-wrap entry-readmore-wrap clr\"><a href=\"https:\/\/www.gerec.fi\/en\/research-news-cytomegalovirus-cmv-dependent-and-independent-changes-in-the-aging-of-the-human-immune-system-a-transcriptomic-analysis\/\" class=\"theme-button\">Read more..<\/a><\/div><\/div><\/div><\/div><div class=\"vcex-blog-entry entry-has-details span_1_of_3 col-3 col post-251 entry type-post no-media cat-130 cat-1\"><div class=\"vcex-blog-entry-inner entry-inner wpex-clr\"><div class=\"vcex-blog-entry-details entry-details wpex-clr\"><h2 class=\"vcex-blog-entry-title entry-title\"><a href=\"https:\/\/www.gerec.fi\/en\/research-news-transcriptional-analysis-reveals-gender-specific-changes-in-the-ageing-of-the-human-immune-system\/\">Research news: Transcriptional analysis reveals gender-specific changes in the ageing of the human immune system<\/a><\/h2><div class=\"vcex-blog-entry-date\">11.12.2018<\/div><div class=\"vcex-blog-entry-excerpt entry-excerpt entry clr\"><p>Ageing is associated with declining function of the immune system and on the other hand&hellip;<\/p><\/div><div class=\"vcex-blog-entry-readmore-wrap entry-readmore-wrap clr\"><a href=\"https:\/\/www.gerec.fi\/en\/research-news-transcriptional-analysis-reveals-gender-specific-changes-in-the-ageing-of-the-human-immune-system\/\" class=\"theme-button\">Read more..<\/a><\/div><\/div><\/div><\/div><div class=\"vcex-blog-entry entry-has-details span_1_of_3 col-1 col post-217 entry type-post no-media cat-130 cat-1\"><div class=\"vcex-blog-entry-inner entry-inner wpex-clr\"><div class=\"vcex-blog-entry-details entry-details wpex-clr\"><h2 class=\"vcex-blog-entry-title entry-title\"><a href=\"https:\/\/www.gerec.fi\/en\/tutkimusjulkaisu-vyotaronymparyksella-ja-tulehdustasolla-yhteisvaikutusta-kuolleisuuteen-90-vuotiailla\/\">Tutkimusjulkaisu: Vy\u00f6t\u00e4r\u00f6nymp\u00e4ryksell\u00e4 ja tulehdustasolla yhteisvaikutusta kuolleisuuteen 90-vuotiailla<\/a><\/h2><div class=\"vcex-blog-entry-date\">11.12.2018<\/div><div class=\"vcex-blog-entry-excerpt entry-excerpt entry clr\"><p>Tohtoriopiskelija Inna Liskon tutkimuksessa pieni vy\u00f6t\u00e4r\u00f6nymp\u00e4rys yhdistettyn\u00e4 matalaan tulehdustasoon ennakoi alhaista kuolleisuutta 90-vuotiailla naisilla nelj\u00e4n&hellip;<\/p><\/div><div class=\"vcex-blog-entry-readmore-wrap entry-readmore-wrap clr\"><a href=\"https:\/\/www.gerec.fi\/en\/tutkimusjulkaisu-vyotaronymparyksella-ja-tulehdustasolla-yhteisvaikutusta-kuolleisuuteen-90-vuotiailla\/\" class=\"theme-button\">Read more..<\/a><\/div><\/div><\/div><\/div><div class=\"vcex-blog-entry entry-has-details span_1_of_3 col-2 col post-218 entry type-post no-media cat-130 cat-1\"><div class=\"vcex-blog-entry-inner entry-inner wpex-clr\"><div class=\"vcex-blog-entry-details entry-details wpex-clr\"><h2 class=\"vcex-blog-entry-title entry-title\"><a href=\"https:\/\/www.gerec.fi\/en\/tutkimusjulkaisu-sosiaalinen-aktiivisuus-pidentaa-elinikaa-ja-vahentaa-iakkaiden-laitoshoidon-tarvetta\/\">Tutkimusjulkaisu: Sosiaalinen aktiivisuus pident\u00e4\u00e4 elinik\u00e4\u00e4 ja v\u00e4hent\u00e4\u00e4 i\u00e4kk\u00e4iden laitoshoidon tarvetta<\/a><\/h2><div class=\"vcex-blog-entry-date\">11.12.2018<\/div><div class=\"vcex-blog-entry-excerpt entry-excerpt entry clr\"><p>Tohtorikoulutettava Katja Pynn\u00f6nen toteaa tutkimuksessaan ett\u00e4 sosiaalisesti aktiivisemmilla ik\u00e4ihmisill\u00e4 oli noin 17 vuoden seurannan kuluessa&hellip;<\/p><\/div><div class=\"vcex-blog-entry-readmore-wrap entry-readmore-wrap clr\"><a href=\"https:\/\/www.gerec.fi\/en\/tutkimusjulkaisu-sosiaalinen-aktiivisuus-pidentaa-elinikaa-ja-vahentaa-iakkaiden-laitoshoidon-tarvetta\/\" class=\"theme-button\">Read more..<\/a><\/div><\/div><\/div><\/div><div class=\"vcex-blog-entry entry-has-details span_1_of_3 col-3 col post-219 entry type-post no-media cat-130 cat-1\"><div class=\"vcex-blog-entry-inner entry-inner wpex-clr\"><div class=\"vcex-blog-entry-details entry-details wpex-clr\"><h2 class=\"vcex-blog-entry-title entry-title\"><a href=\"https:\/\/www.gerec.fi\/en\/suomen-akatemian-terveyden-tutkimuksen-toimikunta-myontanyt-tutkijatohtorirahoitusta-gerontologiaan\/\">Suomen Akatemian terveyden tutkimuksen toimikunta my\u00f6nt\u00e4nyt tutkijatohtorirahoitusta gerontologiaan<\/a><\/h2><div class=\"vcex-blog-entry-date\">11.12.2018<\/div><div class=\"vcex-blog-entry-excerpt entry-excerpt entry clr\"><p>Suomen Akatemian terveyden tutkimuksen toimikunta on syyskuun 2011 haun perusteella my\u00f6nt\u00e4nyt tutkijatohtorirahoitusta Mikaela von Bonsdorffille&hellip;<\/p><\/div><div class=\"vcex-blog-entry-readmore-wrap entry-readmore-wrap clr\"><a href=\"https:\/\/www.gerec.fi\/en\/suomen-akatemian-terveyden-tutkimuksen-toimikunta-myontanyt-tutkijatohtorirahoitusta-gerontologiaan\/\" class=\"theme-button\">Read more..<\/a><\/div><\/div><\/div><\/div><div class=\"vcex-blog-entry entry-has-details span_1_of_3 col-1 col post-220 entry type-post no-media cat-130 cat-1\"><div class=\"vcex-blog-entry-inner entry-inner wpex-clr\"><div class=\"vcex-blog-entry-details entry-details wpex-clr\"><h2 class=\"vcex-blog-entry-title entry-title\"><a href=\"https:\/\/www.gerec.fi\/en\/tutkimusjulkaisu-lapset-ja-lapsenlapset-ehkaisevat-itarajan-takaa-muuttaneiden-ikaantyvien-syrjaytymista\/\">Tutkimusjulkaisu: Lapset ja lapsenlapset ehk\u00e4isev\u00e4t it\u00e4rajan takaa muuttaneiden ik\u00e4\u00e4ntyvien syrj\u00e4ytymist\u00e4<\/a><\/h2><div class=\"vcex-blog-entry-date\">11.12.2018<\/div><div class=\"vcex-blog-entry-excerpt entry-excerpt entry clr\"><p>Tohtoriopiskelija Sari Heikkisen tutkimuksessa ilmeni ett\u00e4 arjen askareet sujuvat ik\u00e4\u00e4ntyvilt\u00e4 maahanmuuttajilta mutta tunnetasolla he kokevat&hellip;<\/p><\/div><div class=\"vcex-blog-entry-readmore-wrap entry-readmore-wrap clr\"><a href=\"https:\/\/www.gerec.fi\/en\/tutkimusjulkaisu-lapset-ja-lapsenlapset-ehkaisevat-itarajan-takaa-muuttaneiden-ikaantyvien-syrjaytymista\/\" class=\"theme-button\">Read more..<\/a><\/div><\/div><\/div><\/div><div class=\"vcex-blog-entry entry-has-details span_1_of_3 col-2 col post-221 entry type-post no-media cat-130 cat-1\"><div class=\"vcex-blog-entry-inner entry-inner wpex-clr\"><div class=\"vcex-blog-entry-details entry-details wpex-clr\"><h2 class=\"vcex-blog-entry-title entry-title\"><a href=\"https:\/\/www.gerec.fi\/en\/tutkimusjulkaisu-laiha-syntyessa-lihava-keski-iassa-diabeetikko-vanhuudessa\/\">Tutkimusjulkaisu: Laiha syntyess\u00e4, lihava keski-i\u00e4ss\u00e4 &#8211; diabeetikko vanhuudessa?<\/a><\/h2><div class=\"vcex-blog-entry-date\">11.12.2018<\/div><div class=\"vcex-blog-entry-excerpt entry-excerpt entry clr\"><p>Yliopistotutkija Mikaela von Bonsdorff: Pienikokoisilla vauvoilla selv\u00e4sti korkeampi veren sokeri- ja insuliinitaso sek\u00e4 suurempi riski&hellip;<\/p><\/div><div class=\"vcex-blog-entry-readmore-wrap entry-readmore-wrap clr\"><a href=\"https:\/\/www.gerec.fi\/en\/tutkimusjulkaisu-laiha-syntyessa-lihava-keski-iassa-diabeetikko-vanhuudessa\/\" class=\"theme-button\">Read more..<\/a><\/div><\/div><\/div><\/div><div class=\"vcex-blog-entry entry-has-details span_1_of_3 col-3 col post-222 entry type-post no-media cat-130 cat-1\"><div class=\"vcex-blog-entry-inner entry-inner wpex-clr\"><div class=\"vcex-blog-entry-details entry-details wpex-clr\"><h2 class=\"vcex-blog-entry-title entry-title\"><a href=\"https:\/\/www.gerec.fi\/en\/tutkimusjulkaisu-iakkailla-on-eriarvoiset-mahdollisuudet-liikuntaan\/\">Tutkimusjulkaisu: I\u00e4kk\u00e4ill\u00e4 on eriarvoiset mahdollisuudet liikuntaan<\/a><\/h2><div class=\"vcex-blog-entry-date\">11.12.2018<\/div><div class=\"vcex-blog-entry-excerpt entry-excerpt entry clr\"><p>Tutkijakoulutettava Johanna Erosen uuden tutkimuksen mukaan kotona asuvien i\u00e4kk\u00e4iden henkil\u00f6iden mahdollisuudet osallistua liikuntaan eiv\u00e4t ole&hellip;<\/p><\/div><div class=\"vcex-blog-entry-readmore-wrap entry-readmore-wrap clr\"><a href=\"https:\/\/www.gerec.fi\/en\/tutkimusjulkaisu-iakkailla-on-eriarvoiset-mahdollisuudet-liikuntaan\/\" class=\"theme-button\">Read more..<\/a><\/div><\/div><\/div><\/div><div class=\"vcex-blog-entry entry-has-details span_1_of_3 col-1 col post-223 entry type-post no-media cat-130 cat-1\"><div class=\"vcex-blog-entry-inner entry-inner wpex-clr\"><div class=\"vcex-blog-entry-details entry-details wpex-clr\"><h2 class=\"vcex-blog-entry-title entry-title\"><a href=\"https:\/\/www.gerec.fi\/en\/professori-marja-jylha-eu-n-ikaohjelman-ohjausryhmaan\/\">Professori Marja Jylh\u00e4 EU:n ik\u00e4ohjelman ohjausryhm\u00e4\u00e4n<\/a><\/h2><div class=\"vcex-blog-entry-date\">11.12.2018<\/div><div class=\"vcex-blog-entry-excerpt entry-excerpt entry clr\"><p>Joint Programming -ty\u00f6n tavoitteena on lis\u00e4t\u00e4 tutkimus- ja tutkimusrahoitusyhteisty\u00f6t\u00e4 Euroopassa muutamilla yhteiskunnallisesti t\u00e4rkeill\u00e4 avainalueilla. Professori&hellip;<\/p><\/div><div class=\"vcex-blog-entry-readmore-wrap entry-readmore-wrap clr\"><a href=\"https:\/\/www.gerec.fi\/en\/professori-marja-jylha-eu-n-ikaohjelman-ohjausryhmaan\/\" class=\"theme-button\">Read more..<\/a><\/div><\/div><\/div><\/div><div class=\"vcex-blog-entry entry-has-details span_1_of_3 col-2 col post-234 entry type-post no-media cat-130 cat-1\"><div class=\"vcex-blog-entry-inner entry-inner wpex-clr\"><div class=\"vcex-blog-entry-details entry-details wpex-clr\"><h2 class=\"vcex-blog-entry-title entry-title\"><a href=\"https:\/\/www.gerec.fi\/en\/research-news-thin-as-a-baby-obese-as-an-adult-a-diabetic-in-old-age\/\">Research news: Thin as a baby, obese as an adult &#8211; a diabetic in old age?<\/a><\/h2><div class=\"vcex-blog-entry-date\">11.12.2018<\/div><div class=\"vcex-blog-entry-excerpt entry-excerpt entry clr\"><p>Researcher Mikaela von Bonsdorff: Small babies had significantly higher blood glucose and insulin levels and&hellip;<\/p><\/div><div class=\"vcex-blog-entry-readmore-wrap entry-readmore-wrap clr\"><a href=\"https:\/\/www.gerec.fi\/en\/research-news-thin-as-a-baby-obese-as-an-adult-a-diabetic-in-old-age\/\" class=\"theme-button\">Read more..<\/a><\/div><\/div><\/div><\/div><div class=\"vcex-blog-entry entry-has-details span_1_of_3 col-3 col post-235 entry type-post no-media cat-130 cat-1\"><div class=\"vcex-blog-entry-inner entry-inner wpex-clr\"><div class=\"vcex-blog-entry-details entry-details wpex-clr\"><h2 class=\"vcex-blog-entry-title entry-title\"><a href=\"https:\/\/www.gerec.fi\/en\/academy-of-finland-funding-for-postdoctoral-research-in-gerontology\/\">Academy of Finland: funding for postdoctoral research in gerontology<\/a><\/h2><div class=\"vcex-blog-entry-date\">11.12.2018<\/div><div class=\"vcex-blog-entry-excerpt entry-excerpt entry clr\"><p>The Academy of Finland's Research Council for Health has awarded research funding for PhD Mikaela&hellip;<\/p><\/div><div class=\"vcex-blog-entry-readmore-wrap entry-readmore-wrap clr\"><a href=\"https:\/\/www.gerec.fi\/en\/academy-of-finland-funding-for-postdoctoral-research-in-gerontology\/\" class=\"theme-button\">Read more..<\/a><\/div><\/div><\/div><\/div><div class=\"vcex-blog-entry entry-has-details span_1_of_3 col-1 col post-236 entry type-post no-media cat-130 cat-1\"><div class=\"vcex-blog-entry-inner entry-inner wpex-clr\"><div class=\"vcex-blog-entry-details entry-details wpex-clr\"><h2 class=\"vcex-blog-entry-title entry-title\"><a href=\"https:\/\/www.gerec.fi\/en\/is-there-successful-aging-for-nonagenarians\/\">Research news: Is there successful aging for nonagenarians?<\/a><\/h2><div class=\"vcex-blog-entry-date\">11.12.2018<\/div><div class=\"vcex-blog-entry-excerpt entry-excerpt entry clr\"><p>If successful aging is defined by using conventional criteria that emphasize absence of disease and&hellip;<\/p><\/div><div class=\"vcex-blog-entry-readmore-wrap entry-readmore-wrap clr\"><a href=\"https:\/\/www.gerec.fi\/en\/is-there-successful-aging-for-nonagenarians\/\" class=\"theme-button\">Read more..<\/a><\/div><\/div><\/div><\/div><div class=\"vcex-blog-entry entry-has-details span_1_of_3 col-2 col post-237 entry type-post no-media cat-130 cat-1\"><div class=\"vcex-blog-entry-inner entry-inner wpex-clr\"><div class=\"vcex-blog-entry-details entry-details wpex-clr\"><h2 class=\"vcex-blog-entry-title entry-title\"><a href=\"https:\/\/www.gerec.fi\/en\/research-news-nonagenerians-are-a-very-heterogeneous-age-group-in-terms-of-health-and-functional-ability\/\">Research news: Nonagenerians are a very heterogeneous age group in terms of health and functional ability<\/a><\/h2><div class=\"vcex-blog-entry-date\">11.12.2018<\/div><div class=\"vcex-blog-entry-excerpt entry-excerpt entry clr\"><p>The latest postal survey conducted by the Vitality 90+ study showed that health and functional&hellip;<\/p><\/div><div class=\"vcex-blog-entry-readmore-wrap entry-readmore-wrap clr\"><a href=\"https:\/\/www.gerec.fi\/en\/research-news-nonagenerians-are-a-very-heterogeneous-age-group-in-terms-of-health-and-functional-ability\/\" class=\"theme-button\">Read more..<\/a><\/div><\/div><\/div><\/div><div class=\"vcex-blog-entry entry-has-details span_1_of_3 col-3 col post-238 entry type-post no-media cat-130 cat-1\"><div class=\"vcex-blog-entry-inner entry-inner wpex-clr\"><div class=\"vcex-blog-entry-details entry-details wpex-clr\"><h2 class=\"vcex-blog-entry-title entry-title\"><a href=\"https:\/\/www.gerec.fi\/en\/research-news-several-individual-and-environmental-factors-affect-process-of-mobility-decline-in-old-age\/\">Research news: Several individual and environmental factors affect process of mobility decline in old age<\/a><\/h2><div class=\"vcex-blog-entry-date\">11.12.2018<\/div><div class=\"vcex-blog-entry-excerpt entry-excerpt entry clr\"><p>Mobility is important for community independence. With increasing age underlying pathologies genetic vulnerabilities, physiological and&hellip;<\/p><\/div><div class=\"vcex-blog-entry-readmore-wrap entry-readmore-wrap clr\"><a href=\"https:\/\/www.gerec.fi\/en\/research-news-several-individual-and-environmental-factors-affect-process-of-mobility-decline-in-old-age\/\" class=\"theme-button\">Read more..<\/a><\/div><\/div><\/div><\/div><div class=\"vcex-blog-entry entry-has-details span_1_of_3 col-1 col post-239 entry type-post no-media cat-130 cat-1\"><div class=\"vcex-blog-entry-inner entry-inner wpex-clr\"><div class=\"vcex-blog-entry-details entry-details wpex-clr\"><h2 class=\"vcex-blog-entry-title entry-title\"><a href=\"https:\/\/www.gerec.fi\/en\/research-news-knee-replacement-leads-to-less-pain-improved-mobility-and-better-performance-also-in-patients-aged-75-and-older\/\">Research news: Knee replacement leads to less pain, improved mobility and better performance also in patients aged 75 and older.<\/a><\/h2><div class=\"vcex-blog-entry-date\">11.12.2018<\/div><div class=\"vcex-blog-entry-excerpt entry-excerpt entry clr\"><p>Knee osteoarthritis patients aged \u2265 75 years, who were scheduled for knee replacement, were compared&hellip;<\/p><\/div><div class=\"vcex-blog-entry-readmore-wrap entry-readmore-wrap clr\"><a href=\"https:\/\/www.gerec.fi\/en\/research-news-knee-replacement-leads-to-less-pain-improved-mobility-and-better-performance-also-in-patients-aged-75-and-older\/\" class=\"theme-button\">Read more..<\/a><\/div><\/div><\/div><\/div><div class=\"vcex-blog-entry entry-has-details span_1_of_3 col-2 col post-240 entry type-post no-media cat-130 cat-1\"><div class=\"vcex-blog-entry-inner entry-inner wpex-clr\"><div class=\"vcex-blog-entry-details entry-details wpex-clr\"><h2 class=\"vcex-blog-entry-title entry-title\"><a href=\"https:\/\/www.gerec.fi\/en\/gerec-researcher-group-awarded-funding-for-a-multinational-research-programme-in-the-field-of-ageing\/\">Research group at GEREC awarded funding for a multinational research programme in the field of ageing<\/a><\/h2><div class=\"vcex-blog-entry-date\">11.12.2018<\/div><div class=\"vcex-blog-entry-excerpt entry-excerpt entry clr\"><p>A research group from the Gerontology Research Center, based at the University of Jyv\u00e4skyl\u00e4\u2019s Department&hellip;<\/p><\/div><div class=\"vcex-blog-entry-readmore-wrap entry-readmore-wrap clr\"><a href=\"https:\/\/www.gerec.fi\/en\/gerec-researcher-group-awarded-funding-for-a-multinational-research-programme-in-the-field-of-ageing\/\" class=\"theme-button\">Read more..<\/a><\/div><\/div><\/div><\/div><div class=\"vcex-blog-entry entry-has-details span_1_of_3 col-3 col post-241 entry type-post no-media cat-130 cat-1\"><div class=\"vcex-blog-entry-inner entry-inner wpex-clr\"><div class=\"vcex-blog-entry-details entry-details wpex-clr\"><h2 class=\"vcex-blog-entry-title entry-title\"><a href=\"https:\/\/www.gerec.fi\/en\/research-news-long-term-care-in-sheltered-housing-has-become-general-but-does-not-continue-until-the-end-of-life\/\">Research news: Long-term care in sheltered housing has become general, but does not continue until the end of life<\/a><\/h2><div class=\"vcex-blog-entry-date\">11.12.2018<\/div><div class=\"vcex-blog-entry-excerpt entry-excerpt entry clr\"><p>Sheltered housing with 24-hour assistance has replaced long-term care in residential homes. Residential homes and&hellip;<\/p><\/div><div class=\"vcex-blog-entry-readmore-wrap entry-readmore-wrap clr\"><a href=\"https:\/\/www.gerec.fi\/en\/research-news-long-term-care-in-sheltered-housing-has-become-general-but-does-not-continue-until-the-end-of-life\/\" class=\"theme-button\">Read more..<\/a><\/div><\/div><\/div><\/div><div class=\"vcex-blog-entry entry-has-details span_1_of_3 col-1 col post-242 entry type-post no-media cat-130 cat-1\"><div class=\"vcex-blog-entry-inner entry-inner wpex-clr\"><div class=\"vcex-blog-entry-details entry-details wpex-clr\"><h2 class=\"vcex-blog-entry-title entry-title\"><a href=\"https:\/\/www.gerec.fi\/en\/gerecs-scientific-advisory-board-seminar\/\">GEREC&#8217;s International Scientific Advisory Board seminar<\/a><\/h2><div class=\"vcex-blog-entry-date\">11.12.2018<\/div><div class=\"vcex-blog-entry-excerpt entry-excerpt entry clr\"><p>GEREC's first International Scientific Advisory Board seminar will be held in Tampere January, 15. The&hellip;<\/p><\/div><div class=\"vcex-blog-entry-readmore-wrap entry-readmore-wrap clr\"><a href=\"https:\/\/www.gerec.fi\/en\/gerecs-scientific-advisory-board-seminar\/\" class=\"theme-button\">Read more..<\/a><\/div><\/div><\/div><\/div><div class=\"vcex-blog-entry entry-has-details span_1_of_3 col-2 col post-243 entry type-post no-media cat-130 cat-1\"><div class=\"vcex-blog-entry-inner entry-inner wpex-clr\"><div class=\"vcex-blog-entry-details entry-details wpex-clr\"><h2 class=\"vcex-blog-entry-title entry-title\"><a href=\"https:\/\/www.gerec.fi\/en\/stress-symptoms-in-midlife-predict-old-age-disability\/\">Research news: Stress symptoms in midlife predict old-age disability<\/a><\/h2><div class=\"vcex-blog-entry-date\">11.12.2018<\/div><div class=\"vcex-blog-entry-excerpt entry-excerpt entry clr\"><p>The recently published prospective cohort study by Dr. Jenni Kulmala and co-workers provides strong evidence&hellip;<\/p><\/div><div class=\"vcex-blog-entry-readmore-wrap entry-readmore-wrap clr\"><a href=\"https:\/\/www.gerec.fi\/en\/stress-symptoms-in-midlife-predict-old-age-disability\/\" class=\"theme-button\">Read more..<\/a><\/div><\/div><\/div><\/div><div class=\"vcex-blog-entry entry-has-details span_1_of_3 col-3 col post-244 entry type-post no-media cat-130 cat-1\"><div class=\"vcex-blog-entry-inner entry-inner wpex-clr\"><div class=\"vcex-blog-entry-details entry-details wpex-clr\"><h2 class=\"vcex-blog-entry-title entry-title\"><a href=\"https:\/\/www.gerec.fi\/en\/research-news-coronary-calcium-together-with-lower-physical-capacity-multiply-the-risk-of-health-decline\/\">Research news: Coronary calcium together with lower physical capacity multiply the risk of health decline<\/a><\/h2><div class=\"vcex-blog-entry-date\">11.12.2018<\/div><div class=\"vcex-blog-entry-excerpt entry-excerpt entry clr\"><p>High coronary artery calcium (CAC) together with slow walking speed multiplies the risk of mortality,&hellip;<\/p><\/div><div class=\"vcex-blog-entry-readmore-wrap entry-readmore-wrap clr\"><a href=\"https:\/\/www.gerec.fi\/en\/research-news-coronary-calcium-together-with-lower-physical-capacity-multiply-the-risk-of-health-decline\/\" class=\"theme-button\">Read more..<\/a><\/div><\/div><\/div><\/div><div class=\"vcex-blog-entry entry-has-details span_1_of_3 col-1 col post-177 entry type-post no-media cat-130 cat-1\"><div class=\"vcex-blog-entry-inner entry-inner wpex-clr\"><div class=\"vcex-blog-entry-details entry-details wpex-clr\"><h2 class=\"vcex-blog-entry-title entry-title\"><a href=\"https:\/\/www.gerec.fi\/en\/tutkimusjulkaisu-estrogeeni-selittaa-vaihdevuosi-ikaisten-naisten-verenkierron-viestimolekyyliprofiilia\/\">Tutkimusjulkaisu: Estrogeeni selitt\u00e4\u00e4 vaihdevuosi-ik\u00e4isten naisten verenkierron viestimolekyyliprofiilia<\/a><\/h2><div class=\"vcex-blog-entry-date\">11.12.2018<\/div><div class=\"vcex-blog-entry-excerpt entry-excerpt entry clr\"><p>Jyv\u00e4skyl\u00e4n yliopistossa julkaistussa tutkimuksessa todettiin ett\u00e4 vaihdevuosi-ik\u00e4isten naisten verenkierron viestimolekyyliprofiili on erilainen kuin nuorilla naisilla.&hellip;<\/p><\/div><div class=\"vcex-blog-entry-readmore-wrap entry-readmore-wrap clr\"><a href=\"https:\/\/www.gerec.fi\/en\/tutkimusjulkaisu-estrogeeni-selittaa-vaihdevuosi-ikaisten-naisten-verenkierron-viestimolekyyliprofiilia\/\" class=\"theme-button\">Read more..<\/a><\/div><\/div><\/div><\/div><div class=\"vcex-blog-entry entry-has-details span_1_of_3 col-2 col post-178 entry type-post no-media cat-130 cat-1\"><div class=\"vcex-blog-entry-inner entry-inner wpex-clr\"><div class=\"vcex-blog-entry-details entry-details wpex-clr\"><h2 class=\"vcex-blog-entry-title entry-title\"><a href=\"https:\/\/www.gerec.fi\/en\/vaitos-17\/\">V\u00e4it\u00f6s:   17.2.2017 K\u00e4vely yll\u00e4pit\u00e4\u00e4 ik\u00e4\u00e4ntyvien elinpiiri\u00e4 (Tsai)<\/a><\/h2><div class=\"vcex-blog-entry-date\">11.12.2018<\/div><div class=\"vcex-blog-entry-excerpt entry-excerpt entry clr\"><p>V\u00e4it\u00f6s: 17.2.2017 K\u00e4vely yll\u00e4pit\u00e4\u00e4 ik\u00e4\u00e4ntyvien elinpiiri\u00e4 (Tsai) TtM Li-Tang Tsain gerontologian ja kansanterveyden v\u00e4it\u00f6skirjan \u201dWalking,&hellip;<\/p><\/div><div class=\"vcex-blog-entry-readmore-wrap entry-readmore-wrap clr\"><a href=\"https:\/\/www.gerec.fi\/en\/vaitos-17\/\" class=\"theme-button\">Read more..<\/a><\/div><\/div><\/div><\/div><div class=\"vcex-blog-entry entry-has-details span_1_of_3 col-3 col post-179 entry type-post no-media cat-130 cat-1\"><div class=\"vcex-blog-entry-inner entry-inner wpex-clr\"><div class=\"vcex-blog-entry-details entry-details wpex-clr\"><h2 class=\"vcex-blog-entry-title entry-title\"><a href=\"https:\/\/www.gerec.fi\/en\/tutkimusjulkaisu-hyva-asuintalon-suunnittelu-mahdollistaa-ikaantyneiden-liikkumisen-ulkona\/\">Tutkimusjulkaisu: Hyv\u00e4 asuintalon suunnittelu mahdollistaa ik\u00e4\u00e4ntyneiden liikkumisen ulkona<\/a><\/h2><div class=\"vcex-blog-entry-date\">11.12.2018<\/div><div class=\"vcex-blog-entry-excerpt entry-excerpt entry clr\"><p>Tuore Jyv\u00e4skyl\u00e4n yliopiston Gerontologian tutkimuskeskuksessa toteutettu tutkimus osoittaa, ett\u00e4 asuintaloon liittyv\u00e4t ymp\u00e4rist\u00f6n esteet, kuten portaat&hellip;<\/p><\/div><div class=\"vcex-blog-entry-readmore-wrap entry-readmore-wrap clr\"><a href=\"https:\/\/www.gerec.fi\/en\/tutkimusjulkaisu-hyva-asuintalon-suunnittelu-mahdollistaa-ikaantyneiden-liikkumisen-ulkona\/\" class=\"theme-button\">Read more..<\/a><\/div><\/div><\/div><\/div><div class=\"vcex-blog-entry entry-has-details span_1_of_3 col-1 col post-180 entry type-post no-media cat-130 cat-1\"><div class=\"vcex-blog-entry-inner entry-inner wpex-clr\"><div class=\"vcex-blog-entry-details entry-details wpex-clr\"><h2 class=\"vcex-blog-entry-title entry-title\"><a href=\"https:\/\/www.gerec.fi\/en\/gerec-in-tutkijat-mukana-osallistava-terveyden-ja-hyvinvoinnin-edistaminen-promeq-2013konsortiossa\/\">GEREC:in tutkijat mukana Osallistava terveyden ja hyvinvoinnin edist\u00e4minen (PROMEQ) \u2013konsortiossa<\/a><\/h2><div class=\"vcex-blog-entry-date\">11.12.2018<\/div><div class=\"vcex-blog-entry-excerpt entry-excerpt entry clr\"><p>GEREC:in tutkijat mukana Osallistava terveyden ja hyvinvoinnin edist\u00e4minen (PROMEQ) \u2013konsortiossa Osallistava terveyden ja hyvinvoinnin edist\u00e4minen&hellip;<\/p><\/div><div class=\"vcex-blog-entry-readmore-wrap entry-readmore-wrap clr\"><a href=\"https:\/\/www.gerec.fi\/en\/gerec-in-tutkijat-mukana-osallistava-terveyden-ja-hyvinvoinnin-edistaminen-promeq-2013konsortiossa\/\" class=\"theme-button\">Read more..<\/a><\/div><\/div><\/div><\/div><div class=\"vcex-blog-entry entry-has-details span_1_of_3 col-2 col post-181 entry type-post no-media cat-130 cat-1\"><div class=\"vcex-blog-entry-inner entry-inner wpex-clr\"><div class=\"vcex-blog-entry-details entry-details wpex-clr\"><h2 class=\"vcex-blog-entry-title entry-title\"><a href=\"https:\/\/www.gerec.fi\/en\/call-for-applications-for-the-international-doctoral-programme-in-epidemiology-ippe-2017-2018-cohort-now-open\/\">Call for applications for the International Doctoral Programme in Epidemiology, IPPE 2017-2018 cohort now open!<\/a><\/h2><div class=\"vcex-blog-entry-date\">11.12.2018<\/div><div class=\"vcex-blog-entry-excerpt entry-excerpt entry clr\"><p>The IPPE programme is currently open for applications: http:\/\/www.uta.fi\/hes\/en\/doctoralstudies\/ippe\/admission\/call.html IPPE is an exciting doctoral training&hellip;<\/p><\/div><div class=\"vcex-blog-entry-readmore-wrap entry-readmore-wrap clr\"><a href=\"https:\/\/www.gerec.fi\/en\/call-for-applications-for-the-international-doctoral-programme-in-epidemiology-ippe-2017-2018-cohort-now-open\/\" class=\"theme-button\">Read more..<\/a><\/div><\/div><\/div><\/div><div class=\"vcex-blog-entry entry-has-details span_1_of_3 col-3 col post-182 entry type-post no-media cat-130 cat-1\"><div class=\"vcex-blog-entry-inner entry-inner wpex-clr\"><div class=\"vcex-blog-entry-details entry-details wpex-clr\"><h2 class=\"vcex-blog-entry-title entry-title\"><a href=\"https:\/\/www.gerec.fi\/en\/dementialaakeostojen-kustannukset-ja-kela-korvaukset-kasvoivat-vuosina-2000-2013\/\">Demential\u00e4\u00e4keostojen kustannukset ja Kela-korvaukset kasvoivat vuosina 2000 &#8211; 2013<\/a><\/h2><div class=\"vcex-blog-entry-date\">11.12.2018<\/div><div class=\"vcex-blog-entry-excerpt entry-excerpt entry clr\"><p>Tehostetun palveluasumisen yleistyminen on siirt\u00e4nyt demential\u00e4\u00e4keostojen kustannuksia i\u00e4kk\u00e4iden ihmisten itsens\u00e4 maksettaviksi ja kasvattanut Kelan maksamien&hellip;<\/p><\/div><div class=\"vcex-blog-entry-readmore-wrap entry-readmore-wrap clr\"><a href=\"https:\/\/www.gerec.fi\/en\/dementialaakeostojen-kustannukset-ja-kela-korvaukset-kasvoivat-vuosina-2000-2013\/\" class=\"theme-button\">Read more..<\/a><\/div><\/div><\/div><\/div><div class=\"vcex-blog-entry entry-has-details span_1_of_3 col-1 col post-185 entry type-post no-media cat-130 cat-1\"><div class=\"vcex-blog-entry-inner entry-inner wpex-clr\"><div class=\"vcex-blog-entry-details entry-details wpex-clr\"><h2 class=\"vcex-blog-entry-title entry-title\"><a href=\"https:\/\/www.gerec.fi\/en\/tutkimusjulkaisu-ikaihmisten-yksinaisyys-ja-alakulo-helpottavat-ajan-myota\/\">Tutkimusjulkaisu: Ik\u00e4ihmisten yksin\u00e4isyys ja alakulo helpottavat ajan my\u00f6t\u00e4<\/a><\/h2><div class=\"vcex-blog-entry-date\">11.12.2018<\/div><div class=\"vcex-blog-entry-excerpt entry-excerpt entry clr\"><p>Jyv\u00e4skyl\u00e4n yliopiston tutkimuksessa todettiin ett\u00e4 yksin\u00e4isyys ja alakulo ovat normaaleja reaktioita ik\u00e4\u00e4ntymisen mukanaan tuomiin kielteisiin&hellip;<\/p><\/div><div class=\"vcex-blog-entry-readmore-wrap entry-readmore-wrap clr\"><a href=\"https:\/\/www.gerec.fi\/en\/tutkimusjulkaisu-ikaihmisten-yksinaisyys-ja-alakulo-helpottavat-ajan-myota\/\" class=\"theme-button\">Read more..<\/a><\/div><\/div><\/div><\/div><div class=\"vcex-blog-entry entry-has-details span_1_of_3 col-2 col post-186 entry type-post no-media cat-130 cat-1\"><div class=\"vcex-blog-entry-inner entry-inner wpex-clr\"><div class=\"vcex-blog-entry-details entry-details wpex-clr\"><h2 class=\"vcex-blog-entry-title entry-title\"><a href=\"https:\/\/www.gerec.fi\/en\/vanha-ihminen-yksin-yhteisossa-2013-tutkimuskohteena-tehostettu-palveluasuminen-vanhustenhoidon-julkisuuskuvakin-voi-vahentaa-vierailuja-palvelutaloon\/\">Vanha ihminen yksin yhteis\u00f6ss\u00e4 \u2013 tutkimuskohteena tehostettu palveluasuminen. Vanhustenhoidon julkisuuskuvakin voi v\u00e4hent\u00e4\u00e4 vierailuja palvelutaloon \u2014 Gerontologian tutkimuskeskus<\/a><\/h2><div class=\"vcex-blog-entry-date\">11.12.2018<\/div><div class=\"vcex-blog-entry-excerpt entry-excerpt entry clr\"><p>Vanha ihminen yksin yhteis\u00f6ss\u00e4 \u2013 tutkimuskohteena tehostettu palveluasuminen. Vanhustenhoidon julkisuuskuvakin voi v\u00e4hent\u00e4\u00e4 vierailuja palvelutaloon Vanhojen&hellip;<\/p><\/div><div class=\"vcex-blog-entry-readmore-wrap entry-readmore-wrap clr\"><a href=\"https:\/\/www.gerec.fi\/en\/vanha-ihminen-yksin-yhteisossa-2013-tutkimuskohteena-tehostettu-palveluasuminen-vanhustenhoidon-julkisuuskuvakin-voi-vahentaa-vierailuja-palvelutaloon\/\" class=\"theme-button\">Read more..<\/a><\/div><\/div><\/div><\/div><div class=\"vcex-blog-entry entry-has-details span_1_of_3 col-3 col post-187 entry type-post no-media cat-130 cat-1\"><div class=\"vcex-blog-entry-inner entry-inner wpex-clr\"><div class=\"vcex-blog-entry-details entry-details wpex-clr\"><h2 class=\"vcex-blog-entry-title entry-title\"><a href=\"https:\/\/www.gerec.fi\/en\/tutkimusjulkaisu-vanhojen-ihmisten-itsemurhariskia-ei-usein-tunnisteta-sote-palveluissa\/\">Tutkimusjulkaisu: Vanhojen ihmisten itsemurhariski\u00e4 ei usein tunnisteta sote-palveluissa<\/a><\/h2><div class=\"vcex-blog-entry-date\">11.12.2018<\/div><div class=\"vcex-blog-entry-excerpt entry-excerpt entry clr\"><p>Hieman yli sata yli 70-vuotiasta suomalaista tekee joka vuosi itsemurhan. Valtaosalla, yli 80 prosentilla heist\u00e4,&hellip;<\/p><\/div><div class=\"vcex-blog-entry-readmore-wrap entry-readmore-wrap clr\"><a href=\"https:\/\/www.gerec.fi\/en\/tutkimusjulkaisu-vanhojen-ihmisten-itsemurhariskia-ei-usein-tunnisteta-sote-palveluissa\/\" class=\"theme-button\">Read more..<\/a><\/div><\/div><\/div><\/div><div class=\"vcex-blog-entry entry-has-details span_1_of_3 col-1 col post-188 entry type-post no-media cat-130 cat-1\"><div class=\"vcex-blog-entry-inner entry-inner wpex-clr\"><div class=\"vcex-blog-entry-details entry-details wpex-clr\"><h2 class=\"vcex-blog-entry-title entry-title\"><a href=\"https:\/\/www.gerec.fi\/en\/akatemian-karkihankerahoitusta-jyvaskylan-yliopistoon\/\">Akatemian k\u00e4rkihankerahoitusta Jyv\u00e4skyl\u00e4n yliopistoon<\/a><\/h2><div class=\"vcex-blog-entry-date\">11.12.2018<\/div><div class=\"vcex-blog-entry-excerpt entry-excerpt entry clr\"><p>Monika von Bonsdorffin (terveystieteiden laitos) pienten ja keskisuurten yritysten yritt\u00e4jien el\u00e4kkeelle siirtymisen haasteita k\u00e4sittelev\u00e4ss\u00e4 hankkeessa&hellip;<\/p><\/div><div class=\"vcex-blog-entry-readmore-wrap entry-readmore-wrap clr\"><a href=\"https:\/\/www.gerec.fi\/en\/akatemian-karkihankerahoitusta-jyvaskylan-yliopistoon\/\" class=\"theme-button\">Read more..<\/a><\/div><\/div><\/div><\/div><div class=\"vcex-blog-entry entry-has-details span_1_of_3 col-2 col post-189 entry type-post no-media cat-130 cat-1\"><div class=\"vcex-blog-entry-inner entry-inner wpex-clr\"><div class=\"vcex-blog-entry-details entry-details wpex-clr\"><h2 class=\"vcex-blog-entry-title entry-title\"><a href=\"https:\/\/www.gerec.fi\/en\/gerec-mukana-jyvaskyla-yliopiston-tutkijoiden-yossa\/\">GEREC mukana Jyv\u00e4skyl\u00e4 yliopiston Tutkijoiden y\u00f6ss\u00e4<\/a><\/h2><div class=\"vcex-blog-entry-date\">11.12.2018<\/div><div class=\"vcex-blog-entry-excerpt entry-excerpt entry clr\"><p>Tutkijoiden y\u00f6ss\u00e4 jokainen voi olla tutkija Tutkijoiden y\u00f6 tuo perjantaina 30.9.2016 tutkijat suuren yleis\u00f6n pariin&hellip;<\/p><\/div><div class=\"vcex-blog-entry-readmore-wrap entry-readmore-wrap clr\"><a href=\"https:\/\/www.gerec.fi\/en\/gerec-mukana-jyvaskyla-yliopiston-tutkijoiden-yossa\/\" class=\"theme-button\">Read more..<\/a><\/div><\/div><\/div><\/div><div class=\"vcex-blog-entry entry-has-details span_1_of_3 col-3 col post-190 entry type-post no-media cat-130 cat-1\"><div class=\"vcex-blog-entry-inner entry-inner wpex-clr\"><div class=\"vcex-blog-entry-details entry-details wpex-clr\"><h2 class=\"vcex-blog-entry-title entry-title\"><a href=\"https:\/\/www.gerec.fi\/en\/toimijuus-ei-katoa-toimintakyvyn-heikentyessa\/\">Toimijuus ei katoa toimintakyvyn heikentyess\u00e4<\/a><\/h2><div class=\"vcex-blog-entry-date\">11.12.2018<\/div><div class=\"vcex-blog-entry-excerpt entry-excerpt entry clr\"><p>Vanhojen ihmisten toimijuus ei katoa, vaikka heid\u00e4n toimintakykyns\u00e4 heikkenee ja he siirtyv\u00e4t ymp\u00e4rivuorokautiseen hoitoon, osoittaa&hellip;<\/p><\/div><div class=\"vcex-blog-entry-readmore-wrap entry-readmore-wrap clr\"><a href=\"https:\/\/www.gerec.fi\/en\/toimijuus-ei-katoa-toimintakyvyn-heikentyessa\/\" class=\"theme-button\">Read more..<\/a><\/div><\/div><\/div><\/div><div class=\"vcex-blog-entry entry-has-details span_1_of_3 col-1 col post-191 entry type-post no-media cat-130 cat-1\"><div class=\"vcex-blog-entry-inner entry-inner wpex-clr\"><div class=\"vcex-blog-entry-details entry-details wpex-clr\"><h2 class=\"vcex-blog-entry-title entry-title\"><a href=\"https:\/\/www.gerec.fi\/en\/valtioneuvoston-kanslia-rahoittaa-yhteisollisen-asumisen-tutkimusta\/\">Valtioneuvoston kanslia rahoittaa yhteis\u00f6llisen asumisen tutkimusta<\/a><\/h2><div class=\"vcex-blog-entry-date\">11.12.2018<\/div><div class=\"vcex-blog-entry-excerpt entry-excerpt entry clr\"><p>ASUVA (Asumisen uudet vaihtoehdot ja hyv\u00e4 vanhuus) tutkimus ja kehitt\u00e4mishanke saa rahoituksensa Valtioneuvoston kanslian VN-TEAS&hellip;<\/p><\/div><div class=\"vcex-blog-entry-readmore-wrap entry-readmore-wrap clr\"><a href=\"https:\/\/www.gerec.fi\/en\/valtioneuvoston-kanslia-rahoittaa-yhteisollisen-asumisen-tutkimusta\/\" class=\"theme-button\">Read more..<\/a><\/div><\/div><\/div><\/div><div class=\"vcex-blog-entry entry-has-details span_1_of_3 col-2 col post-192 entry type-post no-media cat-130 cat-1\"><div class=\"vcex-blog-entry-inner entry-inner wpex-clr\"><div class=\"vcex-blog-entry-details entry-details wpex-clr\"><h2 class=\"vcex-blog-entry-title entry-title\"><a href=\"https:\/\/www.gerec.fi\/en\/tutkimusjulkaisu-elakeuudistuksen-sisalto-tunnetaan-huonosti\/\">Tutkimusjulkaisu: El\u00e4keuudistuksen sis\u00e4lt\u00f6 tunnetaan huonosti<\/a><\/h2><div class=\"vcex-blog-entry-date\">11.12.2018<\/div><div class=\"vcex-blog-entry-excerpt entry-excerpt entry clr\"><p>Ty\u00f6paikalla tapahtuvaa tiedottamista lis\u00e4tt\u00e4v\u00e4 reilusti, todetaan Jyv\u00e4skyl\u00e4n yliopiston Gerontologian tutkimuskeskuksen tutkimuksessa - El\u00e4keuudistus astuu voimaan&hellip;<\/p><\/div><div class=\"vcex-blog-entry-readmore-wrap entry-readmore-wrap clr\"><a href=\"https:\/\/www.gerec.fi\/en\/tutkimusjulkaisu-elakeuudistuksen-sisalto-tunnetaan-huonosti\/\" class=\"theme-button\">Read more..<\/a><\/div><\/div><\/div><\/div><div class=\"vcex-blog-entry entry-has-details span_1_of_3 col-3 col post-193 entry type-post no-media cat-130 cat-1\"><div class=\"vcex-blog-entry-inner entry-inner wpex-clr\"><div class=\"vcex-blog-entry-details entry-details wpex-clr\"><h2 class=\"vcex-blog-entry-title entry-title\"><a href=\"https:\/\/www.gerec.fi\/en\/tiedeblogissa-professori-taina-rantanen\/\">Jyv\u00e4skyl\u00e4n yliopiston Tiedeblogissa Professori Taina Rantanen<\/a><\/h2><div class=\"vcex-blog-entry-date\">11.12.2018<\/div><div class=\"vcex-blog-entry-excerpt entry-excerpt entry clr\"><p>Aktiivisena vanheneminen \u2013 ei pelk\u00e4st\u00e4\u00e4n liikuntaa Vanhuus muuttuu ja suhteessa ik\u00e4vuosiin, se on my\u00f6s siirtynyt.&hellip;<\/p><\/div><div class=\"vcex-blog-entry-readmore-wrap entry-readmore-wrap clr\"><a href=\"https:\/\/www.gerec.fi\/en\/tiedeblogissa-professori-taina-rantanen\/\" class=\"theme-button\">Read more..<\/a><\/div><\/div><\/div><\/div><div class=\"vcex-blog-entry entry-has-details span_1_of_3 col-1 col post-194 entry type-post no-media cat-130 cat-1\"><div class=\"vcex-blog-entry-inner entry-inner wpex-clr\"><div class=\"vcex-blog-entry-details entry-details wpex-clr\"><h2 class=\"vcex-blog-entry-title entry-title\"><a href=\"https:\/\/www.gerec.fi\/en\/tutkimusjulkaisu-parempi-tyokyky-ennakoi-yrityksen-menestymista\/\">Tutkimusjulkaisu: Parempi ty\u00f6kyky ennakoi yrityksen menestymist\u00e4<\/a><\/h2><div class=\"vcex-blog-entry-date\">11.12.2018<\/div><div class=\"vcex-blog-entry-excerpt entry-excerpt entry clr\"><p>Jyv\u00e4skyl\u00e4n yliopiston tutkimuksessa havaittiin yksik\u00f6n henkil\u00f6st\u00f6n korkeamman keski-i\u00e4n olevan yhteydess\u00e4 koettuun huonompaan ty\u00f6kykyyn. Henkil\u00f6st\u00f6n parempi&hellip;<\/p><\/div><div class=\"vcex-blog-entry-readmore-wrap entry-readmore-wrap clr\"><a href=\"https:\/\/www.gerec.fi\/en\/tutkimusjulkaisu-parempi-tyokyky-ennakoi-yrityksen-menestymista\/\" class=\"theme-button\">Read more..<\/a><\/div><\/div><\/div><\/div><div class=\"vcex-blog-entry entry-has-details span_1_of_3 col-2 col post-195 entry type-post no-media cat-130 cat-1\"><div class=\"vcex-blog-entry-inner entry-inner wpex-clr\"><div class=\"vcex-blog-entry-details entry-details wpex-clr\"><h2 class=\"vcex-blog-entry-title entry-title\"><a href=\"https:\/\/www.gerec.fi\/en\/vaitos-lihas-ja-janne-mukautuvat-ian-myota-lauri-stenroth-jyvaskylan-yliopisto\/\">V\u00e4it\u00f6s: Lihas ja j\u00e4nne mukautuvat i\u00e4n my\u00f6t\u00e4 Lauri Stenroth, Jyv\u00e4skyl\u00e4n yliopisto<\/a><\/h2><div class=\"vcex-blog-entry-date\">11.12.2018<\/div><div class=\"vcex-blog-entry-excerpt entry-excerpt entry clr\"><p>LitM Lauri Stenrothin biomekaniikan v\u00e4it\u00f6skirjan \u201dStructure and function of human triceps surae muscle and tendon&hellip;<\/p><\/div><div class=\"vcex-blog-entry-readmore-wrap entry-readmore-wrap clr\"><a href=\"https:\/\/www.gerec.fi\/en\/vaitos-lihas-ja-janne-mukautuvat-ian-myota-lauri-stenroth-jyvaskylan-yliopisto\/\" class=\"theme-button\">Read more..<\/a><\/div><\/div><\/div><\/div><div class=\"vcex-blog-entry entry-has-details span_1_of_3 col-3 col post-196 entry type-post no-media cat-130 cat-1\"><div class=\"vcex-blog-entry-inner entry-inner wpex-clr\"><div class=\"vcex-blog-entry-details entry-details wpex-clr\"><h2 class=\"vcex-blog-entry-title entry-title\"><a href=\"https:\/\/www.gerec.fi\/en\/gerecin-kesakoulu-jyvaskylassa-1\/\">GERECin kes\u00e4koulu Jyv\u00e4skyl\u00e4ss\u00e4 1.-2.9.2016<\/a><\/h2><div class=\"vcex-blog-entry-date\">11.12.2018<\/div><div class=\"vcex-blog-entry-excerpt entry-excerpt entry clr\"><p>Gerontologian kes\u00e4koulu ja sen yhteydess\u00e4 oleva GEREC:in ohjausryhm\u00e4n kokous j\u00e4rjestet\u00e4\u00e4n t\u00e4n\u00e4 vuonna Jyv\u00e4skyl\u00e4ss\u00e4. Kes\u00e4koulun ohjelmassa&hellip;<\/p><\/div><div class=\"vcex-blog-entry-readmore-wrap entry-readmore-wrap clr\"><a href=\"https:\/\/www.gerec.fi\/en\/gerecin-kesakoulu-jyvaskylassa-1\/\" class=\"theme-button\">Read more..<\/a><\/div><\/div><\/div><\/div><div class=\"vcex-blog-entry entry-has-details span_1_of_3 col-1 col post-197 entry type-post no-media cat-130 cat-1\"><div class=\"vcex-blog-entry-inner entry-inner wpex-clr\"><div class=\"vcex-blog-entry-details entry-details wpex-clr\"><h2 class=\"vcex-blog-entry-title entry-title\"><a href=\"https:\/\/www.gerec.fi\/en\/tutkimusjulkaisu-kuulovaikeudet-heikentavat-iakkaiden-elamanlaatua\/\">Tutkimusjulkaisu: Kuulovaikeudet heikent\u00e4v\u00e4t i\u00e4kk\u00e4iden el\u00e4m\u00e4nlaatua<\/a><\/h2><div class=\"vcex-blog-entry-date\">11.12.2018<\/div><div class=\"vcex-blog-entry-excerpt entry-excerpt entry clr\"><p>Heikentyneell\u00e4 kuulolla havaittiin olevan laaja-alaisia vaikutuksia paitsi i\u00e4kk\u00e4iden henkil\u00f6iden kommunikointikykyyn, my\u00f6s heid\u00e4n kykyyns\u00e4 liikkua ja&hellip;<\/p><\/div><div class=\"vcex-blog-entry-readmore-wrap entry-readmore-wrap clr\"><a href=\"https:\/\/www.gerec.fi\/en\/tutkimusjulkaisu-kuulovaikeudet-heikentavat-iakkaiden-elamanlaatua\/\" class=\"theme-button\">Read more..<\/a><\/div><\/div><\/div><\/div><div class=\"vcex-blog-entry entry-has-details span_1_of_3 col-2 col post-198 entry type-post no-media cat-130 cat-1\"><div class=\"vcex-blog-entry-inner entry-inner wpex-clr\"><div class=\"vcex-blog-entry-details entry-details wpex-clr\"><h2 class=\"vcex-blog-entry-title entry-title\"><a href=\"https:\/\/www.gerec.fi\/en\/tutkimusjulkaisu-alykkaat-nuoret-sailyttavat-fyysisen-toimintakyvyn-vanhana\/\">Tutkimusjulkaisu: \u00c4lykk\u00e4\u00e4t nuoret s\u00e4ilytt\u00e4v\u00e4t fyysisen toimintakyvyn vanhana<\/a><\/h2><div class=\"vcex-blog-entry-date\">11.12.2018<\/div><div class=\"vcex-blog-entry-excerpt entry-excerpt entry clr\"><p>Uuden Jyv\u00e4skyl\u00e4n yliopiston tutkimuksen mukaan varhaisen aikuisuuden \u00e4lylliset kyvyt ovat yhteydess\u00e4 vanhuuden fyysiseen toimintakykyyn -&hellip;<\/p><\/div><div class=\"vcex-blog-entry-readmore-wrap entry-readmore-wrap clr\"><a href=\"https:\/\/www.gerec.fi\/en\/tutkimusjulkaisu-alykkaat-nuoret-sailyttavat-fyysisen-toimintakyvyn-vanhana\/\" class=\"theme-button\">Read more..<\/a><\/div><\/div><\/div><\/div><div class=\"vcex-blog-entry entry-has-details span_1_of_3 col-3 col post-199 entry type-post no-media cat-130 cat-1\"><div class=\"vcex-blog-entry-inner entry-inner wpex-clr\"><div class=\"vcex-blog-entry-details entry-details wpex-clr\"><h2 class=\"vcex-blog-entry-title entry-title\"><a href=\"https:\/\/www.gerec.fi\/en\/vaitoskirjatutkija-jari-pirhosen-uusi-tutkimusjulkaisu-yhteydet-palvelutalon-ulkopuolelle\/\">V\u00e4it\u00f6skirjatutkija Jari Pirhosen uusi tutkimusjulkaisu:<\/a><\/h2><div class=\"vcex-blog-entry-date\">11.12.2018<\/div><div class=\"vcex-blog-entry-excerpt entry-excerpt entry clr\"><p>Yhteydet palvelutalon ulkopuolelle ja tieto siit\u00e4, ett\u00e4 olisi mahdollisuus tehd\u00e4 erilaisia asioita, vaikka n\u00e4it\u00e4 mahdollisuuksia&hellip;<\/p><\/div><div class=\"vcex-blog-entry-readmore-wrap entry-readmore-wrap clr\"><a href=\"https:\/\/www.gerec.fi\/en\/vaitoskirjatutkija-jari-pirhosen-uusi-tutkimusjulkaisu-yhteydet-palvelutalon-ulkopuolelle\/\" class=\"theme-button\">Read more..<\/a><\/div><\/div><\/div><\/div><div class=\"vcex-blog-entry entry-has-details span_1_of_3 col-1 col post-200 entry type-post no-media cat-130 cat-1\"><div class=\"vcex-blog-entry-inner entry-inner wpex-clr\"><div class=\"vcex-blog-entry-details entry-details wpex-clr\"><h2 class=\"vcex-blog-entry-title entry-title\"><a href=\"https:\/\/www.gerec.fi\/en\/fm-saara-marttilan-vaitoskirja-ageing-associated-changes-in-gene-expression-and-dna-methylation-with-implications-for-intergenerational-epigenetic-inheritance\/\">FM Saara Marttilan v\u00e4it\u00f6skirja Ageing-associated changes in gene expression and DNA methylation with implications for intergenerational epigenetic inheritance \u2014 Gerontologian tutkimuskeskus<\/a><\/h2><div class=\"vcex-blog-entry-date\">11.12.2018<\/div><div class=\"vcex-blog-entry-excerpt entry-excerpt entry clr\"><p>Info FM Saara Marttilan v\u00e4it\u00f6skirja Ageing-associated changes in gene expression and DNA methylation with implications&hellip;<\/p><\/div><div class=\"vcex-blog-entry-readmore-wrap entry-readmore-wrap clr\"><a href=\"https:\/\/www.gerec.fi\/en\/fm-saara-marttilan-vaitoskirja-ageing-associated-changes-in-gene-expression-and-dna-methylation-with-implications-for-intergenerational-epigenetic-inheritance\/\" class=\"theme-button\">Read more..<\/a><\/div><\/div><\/div><\/div><div class=\"vcex-blog-entry entry-has-details span_1_of_3 col-2 col post-201 entry type-post no-media cat-130 cat-1\"><div class=\"vcex-blog-entry-inner entry-inner wpex-clr\"><div class=\"vcex-blog-entry-details entry-details wpex-clr\"><h2 class=\"vcex-blog-entry-title entry-title\"><a href=\"https:\/\/www.gerec.fi\/en\/professori-taina-rantaselle-keski-suomen-kulttuurirahaston-palkinto\/\">Professori Taina Rantaselle Keski-Suomen Kulttuurirahaston palkinto<\/a><\/h2><div class=\"vcex-blog-entry-date\">11.12.2018<\/div><div class=\"vcex-blog-entry-excerpt entry-excerpt entry clr\"><p>Suomen Kulttuurirahaston Keski-Suomen rahaston 57. vuosijuhlassa 13.5. Jyv\u00e4skyl\u00e4n yliopiston Ruusupuistossa my\u00f6nnettiin Schildtin palkinto, arvoltaan 15&hellip;<\/p><\/div><div class=\"vcex-blog-entry-readmore-wrap entry-readmore-wrap clr\"><a href=\"https:\/\/www.gerec.fi\/en\/professori-taina-rantaselle-keski-suomen-kulttuurirahaston-palkinto\/\" class=\"theme-button\">Read more..<\/a><\/div><\/div><\/div><\/div><div class=\"vcex-blog-entry entry-has-details span_1_of_3 col-3 col post-202 entry type-post no-media cat-130 cat-1\"><div class=\"vcex-blog-entry-inner entry-inner wpex-clr\"><div class=\"vcex-blog-entry-details entry-details wpex-clr\"><h2 class=\"vcex-blog-entry-title entry-title\"><a href=\"https:\/\/www.gerec.fi\/en\/professori-jaakko-valvanteelle-vuoden-yliopistoteko-palkinto\/\">Professori Jaakko Valvanteelle Vuoden yliopistoteko -palkinto<\/a><\/h2><div class=\"vcex-blog-entry-date\">11.12.2018<\/div><div class=\"vcex-blog-entry-excerpt entry-excerpt entry clr\"><p>Rehtori Liisa Laakso on my\u00f6nt\u00e4nyt professori Jaakko Valvanteelle Vuoden yliopistoteko -palkinnon h\u00e4nen aktiivisesta ty\u00f6skentelyst\u00e4\u00e4n suomalaisten&hellip;<\/p><\/div><div class=\"vcex-blog-entry-readmore-wrap entry-readmore-wrap clr\"><a href=\"https:\/\/www.gerec.fi\/en\/professori-jaakko-valvanteelle-vuoden-yliopistoteko-palkinto\/\" class=\"theme-button\">Read more..<\/a><\/div><\/div><\/div><\/div><div class=\"vcex-blog-entry entry-has-details span_1_of_3 col-1 col post-203 entry type-post no-media cat-130 cat-1\"><div class=\"vcex-blog-entry-inner entry-inner wpex-clr\"><div class=\"vcex-blog-entry-details entry-details wpex-clr\"><h2 class=\"vcex-blog-entry-title entry-title\"><a href=\"https:\/\/www.gerec.fi\/en\/suomen-akatemian-rahoitusta-iakkaiden-ihmisten-turvallisen-liikkumisen-edistamiseen\/\">Suomen Akatemian rahoitusta I\u00e4kk\u00e4iden ihmisten turvallisen liikkumisen edist\u00e4miseen<\/a><\/h2><div class=\"vcex-blog-entry-date\">11.12.2018<\/div><div class=\"vcex-blog-entry-excerpt entry-excerpt entry clr\"><p>Suomen Akatemian terveyden tutkimuksen toimikunta on my\u00f6nt\u00e4nyt 500 000 \u20ac Jyv\u00e4skyl\u00e4n yliopiston terveystieteiden professori Sarianna&hellip;<\/p><\/div><div class=\"vcex-blog-entry-readmore-wrap entry-readmore-wrap clr\"><a href=\"https:\/\/www.gerec.fi\/en\/suomen-akatemian-rahoitusta-iakkaiden-ihmisten-turvallisen-liikkumisen-edistamiseen\/\" class=\"theme-button\">Read more..<\/a><\/div><\/div><\/div><\/div><div class=\"vcex-blog-entry entry-has-details span_1_of_3 col-2 col post-205 entry type-post no-media cat-130 cat-1\"><div class=\"vcex-blog-entry-inner entry-inner wpex-clr\"><div class=\"vcex-blog-entry-details entry-details wpex-clr\"><h2 class=\"vcex-blog-entry-title entry-title\"><a href=\"https:\/\/www.gerec.fi\/en\/gerontologian-tutkimuskeskuksen-1-vuotispaiva\/\">Gerontologian tutkimuskeskuksen 1-vuotisp\u00e4iv\u00e4<\/a><\/h2><div class=\"vcex-blog-entry-date\">11.12.2018<\/div><div class=\"vcex-blog-entry-excerpt entry-excerpt entry clr\"><p>Tampereen yliopiston t-rakennus, Medisiinarinkatu 3. Ilmoittautuminen 29.1. menness\u00e4. GEREC on Jyv\u00e4skyl\u00e4n yliopiston ja Tampereen yliopiston&hellip;<\/p><\/div><div class=\"vcex-blog-entry-readmore-wrap entry-readmore-wrap clr\"><a href=\"https:\/\/www.gerec.fi\/en\/gerontologian-tutkimuskeskuksen-1-vuotispaiva\/\" class=\"theme-button\">Read more..<\/a><\/div><\/div><\/div><\/div><div class=\"vcex-blog-entry entry-has-details span_1_of_3 col-3 col post-206 entry type-post no-media cat-130 cat-1\"><div class=\"vcex-blog-entry-inner entry-inner wpex-clr\"><div class=\"vcex-blog-entry-details entry-details wpex-clr\"><h2 class=\"vcex-blog-entry-title entry-title\"><a href=\"https:\/\/www.gerec.fi\/en\/gerecin-tieteellisen-ohjausryhman-seminaari-tampereella-15\/\">GERECin kansainv\u00e4lisen tieteellisen tukiryhm\u00e4n seminaari<\/a><\/h2><div class=\"vcex-blog-entry-date\">11.12.2018<\/div><div class=\"vcex-blog-entry-excerpt entry-excerpt entry clr\"><p>Ensimm\u00e4inen GERECin kansainv\u00e4lisen tieteellisen tukiryhm\u00e4n seminaari j\u00e4rjestet\u00e4\u00e4n Tampereella 15.1. TIlaisuudessa esitell\u00e4\u00e4n GERECin tutkimusta tutkimusteemoittain.Kansainv\u00e4linen tieteellinen&hellip;<\/p><\/div><div class=\"vcex-blog-entry-readmore-wrap entry-readmore-wrap clr\"><a href=\"https:\/\/www.gerec.fi\/en\/gerecin-tieteellisen-ohjausryhman-seminaari-tampereella-15\/\" class=\"theme-button\">Read more..<\/a><\/div><\/div><\/div><\/div><div class=\"vcex-blog-entry entry-has-details span_1_of_3 col-1 col post-207 entry type-post no-media cat-130 cat-1\"><div class=\"vcex-blog-entry-inner entry-inner wpex-clr\"><div class=\"vcex-blog-entry-details entry-details wpex-clr\"><h2 class=\"vcex-blog-entry-title entry-title\"><a href=\"https:\/\/www.gerec.fi\/en\/tutkimusjulkaisu-vapaaehtoistyossa-apua-saaneet-iakkaat-henkilot-eivat-kokeneet-itseaan-passiivisiksi-vastaanottajiksi-vaan-yllapitivat-vastavuoroisuutta-monin-keinoin\/\">Tutkimusjulkaisu: Vapaaehtoisty\u00f6ss\u00e4 apua saaneet i\u00e4kk\u00e4\u00e4t henkil\u00f6t eiv\u00e4t kokeneet itse\u00e4\u00e4n passiivisiksi vastaanottajiksi, vaan yll\u00e4pitiv\u00e4t vastavuoroisuutta monin keinoin. \u2014 Gerontologian tutkimuskeskus<\/a><\/h2><div class=\"vcex-blog-entry-date\">11.12.2018<\/div><div class=\"vcex-blog-entry-excerpt entry-excerpt entry clr\"><p>Tutkimusjulkaisu: Vapaaehtoisty\u00f6ss\u00e4 apua saaneet i\u00e4kk\u00e4\u00e4t henkil\u00f6t eiv\u00e4t kokeneet itse\u00e4\u00e4n passiivisiksi vastaanottajiksi, vaan yll\u00e4pitiv\u00e4t vastavuoroisuutta monin&hellip;<\/p><\/div><div class=\"vcex-blog-entry-readmore-wrap entry-readmore-wrap clr\"><a href=\"https:\/\/www.gerec.fi\/en\/tutkimusjulkaisu-vapaaehtoistyossa-apua-saaneet-iakkaat-henkilot-eivat-kokeneet-itseaan-passiivisiksi-vastaanottajiksi-vaan-yllapitivat-vastavuoroisuutta-monin-keinoin\/\" class=\"theme-button\">Read more..<\/a><\/div><\/div><\/div><\/div><div class=\"vcex-blog-entry entry-has-details span_1_of_3 col-2 col post-208 entry type-post no-media cat-130 cat-1\"><div class=\"vcex-blog-entry-inner entry-inner wpex-clr\"><div class=\"vcex-blog-entry-details entry-details wpex-clr\"><h2 class=\"vcex-blog-entry-title entry-title\"><a href=\"https:\/\/www.gerec.fi\/en\/gerecin-jyvaskylan-yliopiston-tutkijaryhma-mukana-kansainvalisessa-ikaantymisen-tutkimusohjelmassa\/\">GEREC:in tutkijaryhm\u00e4 mukana kansainv\u00e4lisess\u00e4 ik\u00e4\u00e4ntymisen tutkimusohjelmassa<\/a><\/h2><div class=\"vcex-blog-entry-date\">11.12.2018<\/div><div class=\"vcex-blog-entry-excerpt entry-excerpt entry clr\"><p>Gerontologian tutkimuskeskuksen tutkijaryhm\u00e4lle Akatemian rahoitusta Jyv\u00e4skyl\u00e4n yliopistoon hankkeeseen Kuulo, muisti ja hyvinvointi: meluisan ymp\u00e4rist\u00f6n asettamat&hellip;<\/p><\/div><div class=\"vcex-blog-entry-readmore-wrap entry-readmore-wrap clr\"><a href=\"https:\/\/www.gerec.fi\/en\/gerecin-jyvaskylan-yliopiston-tutkijaryhma-mukana-kansainvalisessa-ikaantymisen-tutkimusohjelmassa\/\" class=\"theme-button\">Read more..<\/a><\/div><\/div><\/div><\/div><div class=\"vcex-blog-entry entry-has-details span_1_of_3 col-3 col post-209 entry type-post no-media cat-130 cat-1\"><div class=\"vcex-blog-entry-inner entry-inner wpex-clr\"><div class=\"vcex-blog-entry-details entry-details wpex-clr\"><h2 class=\"vcex-blog-entry-title entry-title\"><a href=\"https:\/\/www.gerec.fi\/en\/juho-vainion-saatio-on-myontanyt-rahoitusta\/\">Juho Vainion S\u00e4\u00e4ti\u00f6 on my\u00f6nt\u00e4nyt rahoitusta<\/a><\/h2><div class=\"vcex-blog-entry-date\">11.12.2018<\/div><div class=\"vcex-blog-entry-excerpt entry-excerpt entry clr\"><p>TtT Kristina Tiaisen tutkimukseen\u00a0 \u201dPredictors and consequences of frailty \u00a0- a life-course approach\u201d \u00a0(22\u00a0500) ja&hellip;<\/p><\/div><div class=\"vcex-blog-entry-readmore-wrap entry-readmore-wrap clr\"><a href=\"https:\/\/www.gerec.fi\/en\/juho-vainion-saatio-on-myontanyt-rahoitusta\/\" class=\"theme-button\">Read more..<\/a><\/div><\/div><\/div><\/div><div class=\"vcex-blog-entry entry-has-details span_1_of_3 col-1 col post-210 entry type-post no-media cat-130 cat-1\"><div class=\"vcex-blog-entry-inner entry-inner wpex-clr\"><div class=\"vcex-blog-entry-details entry-details wpex-clr\"><h2 class=\"vcex-blog-entry-title entry-title\"><a href=\"https:\/\/www.gerec.fi\/en\/tutkimusjulkaisu-polven-tekonivel-auttaa-myos-yli-75-vuotiaita\/\">Tutkimusjulkaisu: Polven tekonivel auttaa my\u00f6s yli 75-vuotiaita<\/a><\/h2><div class=\"vcex-blog-entry-date\">11.12.2018<\/div><div class=\"vcex-blog-entry-excerpt entry-excerpt entry clr\"><p>LL Katriina Limnellin tutkimuksessa verrattiin polven tekonivelleikkausta odottavia 75-vuotiaita ja sit\u00e4 vanhempia vuotta aikaisemmin ja&hellip;<\/p><\/div><div class=\"vcex-blog-entry-readmore-wrap entry-readmore-wrap clr\"><a href=\"https:\/\/www.gerec.fi\/en\/tutkimusjulkaisu-polven-tekonivel-auttaa-myos-yli-75-vuotiaita\/\" class=\"theme-button\">Read more..<\/a><\/div><\/div><\/div><\/div><div class=\"vcex-blog-entry entry-has-details span_1_of_3 col-2 col post-211 entry type-post no-media cat-130 cat-1\"><div class=\"vcex-blog-entry-inner entry-inner wpex-clr\"><div class=\"vcex-blog-entry-details entry-details wpex-clr\"><h2 class=\"vcex-blog-entry-title entry-title\"><a href=\"https:\/\/www.gerec.fi\/en\/tutkimusjulkaisu-useat-yksiloon-ja-ymparistoon-liittyvat-tekijat-vaikuttavat-liikkumiskyvyn-heikkenemisprosessiin-vanhuudessa\/\">Tutkimusjulkaisu: Useat yksil\u00f6\u00f6n ja ymp\u00e4rist\u00f6\u00f6n liittyv\u00e4t tekij\u00e4t vaikuttavat liikkumiskyvyn heikkenemisprosessiin vanhuudessa<\/a><\/h2><div class=\"vcex-blog-entry-date\">11.12.2018<\/div><div class=\"vcex-blog-entry-excerpt entry-excerpt entry clr\"><p>Liikkumiskyky on avainasemassa i\u00e4kk\u00e4\u00e4n ihmisen itsen\u00e4iselle el\u00e4m\u00e4lle. I\u00e4n my\u00f6t\u00e4 liikkumiskyky usein heikkenee.\u00a0Jotta liikkumiskyky\u00e4 voidaan parantaa&hellip;<\/p><\/div><div class=\"vcex-blog-entry-readmore-wrap entry-readmore-wrap clr\"><a href=\"https:\/\/www.gerec.fi\/en\/tutkimusjulkaisu-useat-yksiloon-ja-ymparistoon-liittyvat-tekijat-vaikuttavat-liikkumiskyvyn-heikkenemisprosessiin-vanhuudessa\/\" class=\"theme-button\">Read more..<\/a><\/div><\/div><\/div><\/div><div class=\"vcex-blog-entry entry-has-details span_1_of_3 col-3 col post-212 entry type-post no-media cat-130 cat-1\"><div class=\"vcex-blog-entry-inner entry-inner wpex-clr\"><div class=\"vcex-blog-entry-details entry-details wpex-clr\"><h2 class=\"vcex-blog-entry-title entry-title\"><a href=\"https:\/\/www.gerec.fi\/en\/tutkimusjulkaisu-yli-90-vuotiaat-ovat-terveydeltaan-ja-toimintakyvyltaan-hyvin-heterogeeninen-ikaryhma\/\">Tutkimusjulkaisu: Yli 90 -vuotiaat ovat terveydelt\u00e4\u00e4n ja toimintakyvylt\u00e4\u00e4n hyvin heterogeeninen ik\u00e4ryhm\u00e4<\/a><\/h2><div class=\"vcex-blog-entry-date\">11.12.2018<\/div><div class=\"vcex-blog-entry-excerpt entry-excerpt entry clr\"><p>Tervaskannot 90+ -hankkeen viimeisimm\u00e4n postikyselyn tulokset osoittivat, ett\u00e4 terveys ja toimintakyky vaihtelevat suuresti yli 90-vuotiaiden&hellip;<\/p><\/div><div class=\"vcex-blog-entry-readmore-wrap entry-readmore-wrap clr\"><a href=\"https:\/\/www.gerec.fi\/en\/tutkimusjulkaisu-yli-90-vuotiaat-ovat-terveydeltaan-ja-toimintakyvyltaan-hyvin-heterogeeninen-ikaryhma\/\" class=\"theme-button\">Read more..<\/a><\/div><\/div><\/div><\/div><div class=\"vcex-blog-entry entry-has-details span_1_of_3 col-1 col post-213 entry type-post no-media cat-130 cat-1\"><div class=\"vcex-blog-entry-inner entry-inner wpex-clr\"><div class=\"vcex-blog-entry-details entry-details wpex-clr\"><h2 class=\"vcex-blog-entry-title entry-title\"><a href=\"https:\/\/www.gerec.fi\/en\/tutkimusjulkaisu-palveluasuminen-yleistyy-mutta-hoitaa-harvoin-elaman-loppuun-saakka\/\">Tutkimusjulkaisu: Palveluasuminen yleistyy mutta hoitaa harvoin el\u00e4m\u00e4n loppuun saakka<\/a><\/h2><div class=\"vcex-blog-entry-date\">11.12.2018<\/div><div class=\"vcex-blog-entry-excerpt entry-excerpt entry clr\"><p>Tehostettu palveluasuminen on kasvattanut asemaansa vanhainkodin kustannuksella vanhuusi\u00e4n pitk\u00e4aikaishoidossa. Vanhainkodit ja erityisesti palveluasumisyksik\u00f6t eiv\u00e4t kuitenkaan&hellip;<\/p><\/div><div class=\"vcex-blog-entry-readmore-wrap entry-readmore-wrap clr\"><a href=\"https:\/\/www.gerec.fi\/en\/tutkimusjulkaisu-palveluasuminen-yleistyy-mutta-hoitaa-harvoin-elaman-loppuun-saakka\/\" class=\"theme-button\">Read more..<\/a><\/div><\/div><\/div><\/div><div class=\"vcex-blog-entry entry-has-details span_1_of_3 col-2 col post-214 entry type-post no-media cat-130 cat-1\"><div class=\"vcex-blog-entry-inner entry-inner wpex-clr\"><div class=\"vcex-blog-entry-details entry-details wpex-clr\"><h2 class=\"vcex-blog-entry-title entry-title\"><a href=\"https:\/\/www.gerec.fi\/en\/onko-hyva-vanheneminen-mahdollista-yli-90-vuotiaalle\/\">Tutkimusjulkaisu: Onko hyv\u00e4 vanheneminen mahdollista yli 90-vuotiaalle?<\/a><\/h2><div class=\"vcex-blog-entry-date\">11.12.2018<\/div><div class=\"vcex-blog-entry-excerpt entry-excerpt entry clr\"><p>Hyv\u00e4n, tai \u201donnistuneen\u201d vanhenemisen (successful aging) keskeisin\u00e4 tunnusmerkkein\u00e4 pidet\u00e4\u00e4n tutkimuksessa yleens\u00e4 sairauksien puuttumista ja hyv\u00e4\u00e4&hellip;<\/p><\/div><div class=\"vcex-blog-entry-readmore-wrap entry-readmore-wrap clr\"><a href=\"https:\/\/www.gerec.fi\/en\/onko-hyva-vanheneminen-mahdollista-yli-90-vuotiaalle\/\" class=\"theme-button\">Read more..<\/a><\/div><\/div><\/div><\/div><div class=\"vcex-blog-entry entry-has-details span_1_of_3 col-3 col post-215 entry type-post no-media cat-130 cat-1\"><div class=\"vcex-blog-entry-inner entry-inner wpex-clr\"><div class=\"vcex-blog-entry-details entry-details wpex-clr\"><h2 class=\"vcex-blog-entry-title entry-title\"><a href=\"https:\/\/www.gerec.fi\/en\/tutkimusjulkaisu-kaatumisen-pelko-vaikeuttaa-kotona-selviytymista-lonkkamurtuman-jalkeen\/\">Tutkimusjulkaisu: Kaatumisen pelko vaikeuttaa kotona selviytymist\u00e4 lonkkamurtuman j\u00e4lkeen<\/a><\/h2><div class=\"vcex-blog-entry-date\">11.12.2018<\/div><div class=\"vcex-blog-entry-excerpt entry-excerpt entry clr\"><p>Tohtorikoulutettava Johanna Edgren selvitti tutkimuksessaan, ett\u00e4 tasapaino ja itse arvioitu tasapainovarmuus ja olivat vahvasti yhteydess\u00e4&hellip;<\/p><\/div><div class=\"vcex-blog-entry-readmore-wrap entry-readmore-wrap clr\"><a href=\"https:\/\/www.gerec.fi\/en\/tutkimusjulkaisu-kaatumisen-pelko-vaikeuttaa-kotona-selviytymista-lonkkamurtuman-jalkeen\/\" class=\"theme-button\">Read more..<\/a><\/div><\/div><\/div><\/div><div class=\"vcex-blog-entry entry-has-details span_1_of_3 col-1 col post-216 entry type-post no-media cat-130 cat-1\"><div class=\"vcex-blog-entry-inner entry-inner wpex-clr\"><div class=\"vcex-blog-entry-details entry-details wpex-clr\"><h2 class=\"vcex-blog-entry-title entry-title\"><a href=\"https:\/\/www.gerec.fi\/en\/tutkimusjulkaisu-vaihdevuosien-hormonihoito-voi-ehkaista-keskivartalolihavuutta\/\">Tutkimusjulkaisu: Vaihdevuosien hormonihoito voi ehk\u00e4ist\u00e4 keskivartalolihavuutta<\/a><\/h2><div class=\"vcex-blog-entry-date\">11.12.2018<\/div><div class=\"vcex-blog-entry-excerpt entry-excerpt entry clr\"><p>Tutkijatohtorina ty\u00f6skennelleen Maarit Ahtiaisen tutkimuksessa todettiin ett\u00e4 pitk\u00e4aikainen, estrogeeni\u00e4 sis\u00e4lt\u00e4v\u00e4 hormonihoito s\u00e4ilytti kehon testosteroni-estrogeeni-tasapainon vaihdevuosia&hellip;<\/p><\/div><div class=\"vcex-blog-entry-readmore-wrap entry-readmore-wrap clr\"><a href=\"https:\/\/www.gerec.fi\/en\/tutkimusjulkaisu-vaihdevuosien-hormonihoito-voi-ehkaista-keskivartalolihavuutta\/\" class=\"theme-button\">Read more..<\/a><\/div><\/div><\/div><\/div><div class=\"vcex-blog-entry entry-has-details span_1_of_3 col-2 col post-163 entry type-post no-media cat-130 cat-1\"><div class=\"vcex-blog-entry-inner entry-inner wpex-clr\"><div class=\"vcex-blog-entry-details entry-details wpex-clr\"><h2 class=\"vcex-blog-entry-title entry-title\"><a href=\"https:\/\/www.gerec.fi\/en\/tutkimusjulkaisu-ikaantyneiden-pitkaaikaishoidon-asukkaiden-ja-siella-toimivien-hoitajien-kasitykset-toimintakyvysta-eroavat-toisistaan\/\">Tutkimusjulkaisu: Ik\u00e4\u00e4ntyneiden pitk\u00e4aikaishoidon asukkaiden ja siell\u00e4 toimivien hoitajien k\u00e4sitykset toimintakyvyst\u00e4 eroavat toisistaan<\/a><\/h2><div class=\"vcex-blog-entry-date\">11.12.2018<\/div><div class=\"vcex-blog-entry-excerpt entry-excerpt entry clr\"><p>Vastajulkaistun tutkimuksen tulokset osoittivat, ett\u00e4 ymp\u00e4rivuorokautisessa pitk\u00e4aikaishoidossa asuvat vanhat ihmiset ja siell\u00e4 toimivat hoitajat ymm\u00e4rt\u00e4v\u00e4t&hellip;<\/p><\/div><div class=\"vcex-blog-entry-readmore-wrap entry-readmore-wrap clr\"><a href=\"https:\/\/www.gerec.fi\/en\/tutkimusjulkaisu-ikaantyneiden-pitkaaikaishoidon-asukkaiden-ja-siella-toimivien-hoitajien-kasitykset-toimintakyvysta-eroavat-toisistaan\/\" class=\"theme-button\">Read more..<\/a><\/div><\/div><\/div><\/div><div class=\"vcex-blog-entry entry-has-details span_1_of_3 col-3 col post-164 entry type-post no-media cat-130 cat-1\"><div class=\"vcex-blog-entry-inner entry-inner wpex-clr\"><div class=\"vcex-blog-entry-details entry-details wpex-clr\"><h2 class=\"vcex-blog-entry-title entry-title\"><a href=\"https:\/\/www.gerec.fi\/en\/kasvun-ja-vanhenemisen-tutkijat-ry-gradupalkinto-2017\/\">Kasvun ja vanhenemisen tutkijat ry: Gradupalkinto 2017<\/a><\/h2><div class=\"vcex-blog-entry-date\">11.12.2018<\/div><div class=\"vcex-blog-entry-excerpt entry-excerpt entry clr\"><p>Kasvun ja vanhenemisen tutkijat ry (KaVa) palkitsee vanhenemisen tutkimukseen liittyv\u00e4n pro gradu -tutkielman. Ehdotetun pro&hellip;<\/p><\/div><div class=\"vcex-blog-entry-readmore-wrap entry-readmore-wrap clr\"><a href=\"https:\/\/www.gerec.fi\/en\/kasvun-ja-vanhenemisen-tutkijat-ry-gradupalkinto-2017\/\" class=\"theme-button\">Read more..<\/a><\/div><\/div><\/div><\/div><div class=\"vcex-blog-entry entry-has-details span_1_of_3 col-1 col post-165 entry type-post no-media cat-130 cat-1\"><div class=\"vcex-blog-entry-inner entry-inner wpex-clr\"><div class=\"vcex-blog-entry-details entry-details wpex-clr\"><h2 class=\"vcex-blog-entry-title entry-title\"><a href=\"https:\/\/www.gerec.fi\/en\/tutkimusjulkaisu-tehostettu-harjoittelu-lisaa-ikaantyvien-urheilijoiden-luuston-lujuutta\/\">Tutkimusjulkaisu: Tehostettu harjoittelu lis\u00e4\u00e4 ik\u00e4\u00e4ntyvien urheilijoiden luuston lujuutta<\/a><\/h2><div class=\"vcex-blog-entry-date\">11.12.2018<\/div><div class=\"vcex-blog-entry-excerpt entry-excerpt entry clr\"><p>Suuritehoisella voima-, pikajuoksu- ja hyppelyharjoittelulla voidaan lis\u00e4t\u00e4 keski-ik\u00e4isten ja i\u00e4kk\u00e4iden urheilijoiden luuston lujuutta jo varsin&hellip;<\/p><\/div><div class=\"vcex-blog-entry-readmore-wrap entry-readmore-wrap clr\"><a href=\"https:\/\/www.gerec.fi\/en\/tutkimusjulkaisu-tehostettu-harjoittelu-lisaa-ikaantyvien-urheilijoiden-luuston-lujuutta\/\" class=\"theme-button\">Read more..<\/a><\/div><\/div><\/div><\/div><div class=\"vcex-blog-entry entry-has-details span_1_of_3 col-2 col post-166 entry type-post no-media cat-130 cat-1\"><div class=\"vcex-blog-entry-inner entry-inner wpex-clr\"><div class=\"vcex-blog-entry-details entry-details wpex-clr\"><h2 class=\"vcex-blog-entry-title entry-title\"><a href=\"https:\/\/www.gerec.fi\/en\/tutkimusjulkaisu-yrittaja-jatkaa-yrittajana-elakkeelle-siirtymisen-jalkeenkin-2013-yrittajien-elakoityminen-sukupuolittunutta\/\">Tutkimusjulkaisu: Yritt\u00e4j\u00e4 jatkaa yritt\u00e4j\u00e4n\u00e4 el\u00e4kkeelle siirtymisen j\u00e4lkeenkin \u2013 yritt\u00e4jien el\u00e4k\u00f6ityminen sukupuolittunutta<\/a><\/h2><div class=\"vcex-blog-entry-date\">11.12.2018<\/div><div class=\"vcex-blog-entry-excerpt entry-excerpt entry clr\"><p>Jyv\u00e4skyl\u00e4n yliopiston Gerontologian tutkimuskeskuksessa tutkitaan yritt\u00e4jien el\u00e4kkeelle siirtymist\u00e4 kahdessa Suomen Akatemian rahoittamassa hankkeessa. Tieteellisen tiedon&hellip;<\/p><\/div><div class=\"vcex-blog-entry-readmore-wrap entry-readmore-wrap clr\"><a href=\"https:\/\/www.gerec.fi\/en\/tutkimusjulkaisu-yrittaja-jatkaa-yrittajana-elakkeelle-siirtymisen-jalkeenkin-2013-yrittajien-elakoityminen-sukupuolittunutta\/\" class=\"theme-button\">Read more..<\/a><\/div><\/div><\/div><\/div><div class=\"vcex-blog-entry entry-has-details span_1_of_3 col-3 col post-167 entry type-post no-media cat-130 cat-1\"><div class=\"vcex-blog-entry-inner entry-inner wpex-clr\"><div class=\"vcex-blog-entry-details entry-details wpex-clr\"><h2 class=\"vcex-blog-entry-title entry-title\"><a href=\"https:\/\/www.gerec.fi\/en\/eija-laakkonen-akatemiatutkijaksi-terveyden-tutkimuksen-alalle\/\">Eija Laakkonen akatemiatutkijaksi terveyden tutkimuksen alalle<\/a><\/h2><div class=\"vcex-blog-entry-date\">11.12.2018<\/div><div class=\"vcex-blog-entry-excerpt entry-excerpt entry clr\"><p>Suomen Akatemian terveyden tutkimuksen toimikunta on valinnut syyskuun 2016 haun perusteella 12 uutta akatemiatutkijaa. Jyv\u00e4skyl\u00e4n&hellip;<\/p><\/div><div class=\"vcex-blog-entry-readmore-wrap entry-readmore-wrap clr\"><a href=\"https:\/\/www.gerec.fi\/en\/eija-laakkonen-akatemiatutkijaksi-terveyden-tutkimuksen-alalle\/\" class=\"theme-button\">Read more..<\/a><\/div><\/div><\/div><\/div><div class=\"vcex-blog-entry entry-has-details span_1_of_3 col-1 col post-168 entry type-post no-media cat-130 cat-1\"><div class=\"vcex-blog-entry-inner entry-inner wpex-clr\"><div class=\"vcex-blog-entry-details entry-details wpex-clr\"><h2 class=\"vcex-blog-entry-title entry-title\"><a href=\"https:\/\/www.gerec.fi\/en\/tutkimusjulkaisu-kavelyn-mukauttaminen-auttaa-iakkaita-yllapitamaan-laajaa-elinpiiria\/\">Tutkimusjulkaisu: K\u00e4velyn mukauttaminen auttaa i\u00e4kk\u00e4it\u00e4 yll\u00e4pit\u00e4m\u00e4\u00e4n laajaa elinpiiri\u00e4<\/a><\/h2><div class=\"vcex-blog-entry-date\">11.12.2018<\/div><div class=\"vcex-blog-entry-excerpt entry-excerpt entry clr\"><p>K\u00e4velyn mukauttaminen ei olekaan aina huono asia vaan saattaa auttaa i\u00e4kk\u00e4it\u00e4 henkil\u00f6it\u00e4 liikkumaan kodin ulkopuolella&hellip;<\/p><\/div><div class=\"vcex-blog-entry-readmore-wrap entry-readmore-wrap clr\"><a href=\"https:\/\/www.gerec.fi\/en\/tutkimusjulkaisu-kavelyn-mukauttaminen-auttaa-iakkaita-yllapitamaan-laajaa-elinpiiria\/\" class=\"theme-button\">Read more..<\/a><\/div><\/div><\/div><\/div><div class=\"vcex-blog-entry entry-has-details span_1_of_3 col-2 col post-169 entry type-post no-media cat-130 cat-1\"><div class=\"vcex-blog-entry-inner entry-inner wpex-clr\"><div class=\"vcex-blog-entry-details entry-details wpex-clr\"><h2 class=\"vcex-blog-entry-title entry-title\"><a href=\"https:\/\/www.gerec.fi\/en\/geenien-ja-ympariston-merkitys-ikaantymisprosessissa-esilla-terveystieteiden-tieteen-paivassa-11\/\">Geenien ja ymp\u00e4rist\u00f6n merkitys ik\u00e4\u00e4ntymisprosessissa esill\u00e4 terveystieteiden Tieteen p\u00e4iv\u00e4ss\u00e4 11.5.<\/a><\/h2><div class=\"vcex-blog-entry-date\">11.12.2018<\/div><div class=\"vcex-blog-entry-excerpt entry-excerpt entry clr\"><p>Terveystieteiden Tieteen p\u00e4iv\u00e4ss\u00e4 aiheesta puhuu akatemiaprofessori Jaakko Kaprio Suomen molekyylil\u00e4\u00e4ketieteen instituutista Helsingin yliopistosta. Luennon otsikkona&hellip;<\/p><\/div><div class=\"vcex-blog-entry-readmore-wrap entry-readmore-wrap clr\"><a href=\"https:\/\/www.gerec.fi\/en\/geenien-ja-ympariston-merkitys-ikaantymisprosessissa-esilla-terveystieteiden-tieteen-paivassa-11\/\" class=\"theme-button\">Read more..<\/a><\/div><\/div><\/div><\/div><div class=\"vcex-blog-entry entry-has-details span_1_of_3 col-3 col post-170 entry type-post no-media cat-130 cat-1\"><div class=\"vcex-blog-entry-inner entry-inner wpex-clr\"><div class=\"vcex-blog-entry-details entry-details wpex-clr\"><h2 class=\"vcex-blog-entry-title entry-title\"><a href=\"https:\/\/www.gerec.fi\/en\/ovatko-vanhat-ihmiset-nuortuneet-akatemiarahoitusta-nykyvanhusten-toiminnallisen-ian-tutkimukseen\/\">Ovatko vanhat ihmiset nuortuneet? Akatemiarahoitusta nykyvanhusten toiminnallisen i\u00e4n tutkimukseen<\/a><\/h2><div class=\"vcex-blog-entry-date\">11.12.2018<\/div><div class=\"vcex-blog-entry-excerpt entry-excerpt entry clr\"><p>Ovatko vanhat ihmiset nuortuneet? Akatemiarahoitusta nykyvanhusten toiminnallisen i\u00e4n tutkimukseen Suomen Akatemian terveyden tutkimuksen toimikunta on&hellip;<\/p><\/div><div class=\"vcex-blog-entry-readmore-wrap entry-readmore-wrap clr\"><a href=\"https:\/\/www.gerec.fi\/en\/ovatko-vanhat-ihmiset-nuortuneet-akatemiarahoitusta-nykyvanhusten-toiminnallisen-ian-tutkimukseen\/\" class=\"theme-button\">Read more..<\/a><\/div><\/div><\/div><\/div><div class=\"vcex-blog-entry entry-has-details span_1_of_3 col-1 col post-171 entry type-post no-media cat-130 cat-1\"><div class=\"vcex-blog-entry-inner entry-inner wpex-clr\"><div class=\"vcex-blog-entry-details entry-details wpex-clr\"><h2 class=\"vcex-blog-entry-title entry-title\"><a href=\"https:\/\/www.gerec.fi\/en\/tutkimusjulkaisu-kognitiivinen-toiminnanohjaus-on-yhteydessa-ikaantyneiden-elinpiirin-laajuuteen\/\">Tutkimusjulkaisu: Kognitiivinen toiminnanohjaus on yhteydess\u00e4 ik\u00e4\u00e4ntyneiden elinpiirin laajuuteen<\/a><\/h2><div class=\"vcex-blog-entry-date\">11.12.2018<\/div><div class=\"vcex-blog-entry-excerpt entry-excerpt entry clr\"><p>Jyv\u00e4skyl\u00e4n yliopiston Gerontologian tutkimuskeskuksessa tehdyn tutkimuksen mukaan kognitiivinen toiminnanohjaus on yhteydess\u00e4 ik\u00e4\u00e4ntyvien henkil\u00f6iden liikkumisaktiivisuuteen elinpiiriss\u00e4\u00e4n.&hellip;<\/p><\/div><div class=\"vcex-blog-entry-readmore-wrap entry-readmore-wrap clr\"><a href=\"https:\/\/www.gerec.fi\/en\/tutkimusjulkaisu-kognitiivinen-toiminnanohjaus-on-yhteydessa-ikaantyneiden-elinpiirin-laajuuteen\/\" class=\"theme-button\">Read more..<\/a><\/div><\/div><\/div><\/div><div class=\"vcex-blog-entry entry-has-details span_1_of_3 col-2 col post-172 entry type-post no-media cat-130 cat-1\"><div class=\"vcex-blog-entry-inner entry-inner wpex-clr\"><div class=\"vcex-blog-entry-details entry-details wpex-clr\"><h2 class=\"vcex-blog-entry-title entry-title\"><a href=\"https:\/\/www.gerec.fi\/en\/tutkimusjulkaisu-lihavuus-ei-heikenna-toimintakykya-90-vuotiailla\/\">Tutkimusjulkaisu: Lihavuus ei heikenn\u00e4 toimintakyky\u00e4 90-vuotiailla<\/a><\/h2><div class=\"vcex-blog-entry-date\">11.12.2018<\/div><div class=\"vcex-blog-entry-excerpt entry-excerpt entry clr\"><p>Yleinen lihavuus tai keskivartalolihavuus ei ennusta liikkumiskyvyn tai p\u00e4ivitt\u00e4istoimintojen heikentymist\u00e4 90-vuotiailla. Sen sijaan pieni vy\u00f6t\u00e4r\u00f6nymp\u00e4rys&hellip;<\/p><\/div><div class=\"vcex-blog-entry-readmore-wrap entry-readmore-wrap clr\"><a href=\"https:\/\/www.gerec.fi\/en\/tutkimusjulkaisu-lihavuus-ei-heikenna-toimintakykya-90-vuotiailla\/\" class=\"theme-button\">Read more..<\/a><\/div><\/div><\/div><\/div><div class=\"vcex-blog-entry entry-has-details span_1_of_3 col-3 col post-174 entry type-post no-media cat-130 cat-1\"><div class=\"vcex-blog-entry-inner entry-inner wpex-clr\"><div class=\"vcex-blog-entry-details entry-details wpex-clr\"><h2 class=\"vcex-blog-entry-title entry-title\"><a href=\"https:\/\/www.gerec.fi\/en\/copy-of-vanhojen-ihmisten-ymparivuorokautinen-pitkaaikaishoito-keskittyy-yha-enemman-viimeisiin-elinvuosiin\/\">Vanhojen ihmisten ymp\u00e4rivuorokautinen pitk\u00e4aikaishoito keskittyy yh\u00e4 enemm\u00e4n viimeisiin elinvuosiin<\/a><\/h2><div class=\"vcex-blog-entry-date\">11.12.2018<\/div><div class=\"vcex-blog-entry-excerpt entry-excerpt entry clr\"><p>Hyvin vanhaksi el\u00e4v\u00e4t ihmiset tarvitsevat usein ymp\u00e4rivuorokautista pitk\u00e4aikaishoitoa el\u00e4m\u00e4ns\u00e4 loppuvaiheessa. Pitk\u00e4ik\u00e4isyyden yleistyess\u00e4 yh\u00e4 useampi el\u00e4\u00e4&hellip;<\/p><\/div><div class=\"vcex-blog-entry-readmore-wrap entry-readmore-wrap clr\"><a href=\"https:\/\/www.gerec.fi\/en\/copy-of-vanhojen-ihmisten-ymparivuorokautinen-pitkaaikaishoito-keskittyy-yha-enemman-viimeisiin-elinvuosiin\/\" class=\"theme-button\">Read more..<\/a><\/div><\/div><\/div><\/div><div class=\"vcex-blog-entry entry-has-details span_1_of_3 col-1 col post-175 entry type-post no-media cat-130 cat-1\"><div class=\"vcex-blog-entry-inner entry-inner wpex-clr\"><div class=\"vcex-blog-entry-details entry-details wpex-clr\"><h2 class=\"vcex-blog-entry-title entry-title\"><a href=\"https:\/\/www.gerec.fi\/en\/tutkimusjulkaisu-lahiymparisto-motivoi-ikaantyneita-liikkumaan\/\">Tutkimusjulkaisu: L\u00e4hiymp\u00e4rist\u00f6 motivoi ik\u00e4\u00e4ntyneit\u00e4 liikkumaan<\/a><\/h2><div class=\"vcex-blog-entry-date\">11.12.2018<\/div><div class=\"vcex-blog-entry-excerpt entry-excerpt entry clr\"><p>Tuore Jyv\u00e4skyl\u00e4n yliopiston Gerontologian tutkimuskeskuksessa toteutettu tutkimus osoittaa, ett\u00e4 k\u00e4vely-yst\u00e4v\u00e4lliseksi suunniteltu ymp\u00e4rist\u00f6 tukee i\u00e4kk\u00e4iden henkil\u00f6iden&hellip;<\/p><\/div><div class=\"vcex-blog-entry-readmore-wrap entry-readmore-wrap clr\"><a href=\"https:\/\/www.gerec.fi\/en\/tutkimusjulkaisu-lahiymparisto-motivoi-ikaantyneita-liikkumaan\/\" class=\"theme-button\">Read more..<\/a><\/div><\/div><\/div><\/div><div class=\"vcex-blog-entry entry-has-details span_1_of_3 col-2 col post-176 entry type-post no-media cat-130 cat-1\"><div class=\"vcex-blog-entry-inner entry-inner wpex-clr\"><div class=\"vcex-blog-entry-details entry-details wpex-clr\"><h2 class=\"vcex-blog-entry-title entry-title\"><a href=\"https:\/\/www.gerec.fi\/en\/tutkimusjulkaisu-biologiseen-ikaantymiseen-ei-voi-vaikuttaa-hormonikorvaushoidoilla\/\">Tutkimusjulkaisu: Biologiseen ik\u00e4\u00e4ntymiseen ei voi vaikuttaa hormonikorvaushoidoilla<\/a><\/h2><div class=\"vcex-blog-entry-date\">11.12.2018<\/div><div class=\"vcex-blog-entry-excerpt entry-excerpt entry clr\"><p>Twin Research and Human Genetics \u2013lehdess\u00e4 julkaistun tutkimuksen mukaan kaikkien solutyyppien biologinen ik\u00e4\u00e4ntyminen ei etene&hellip;<\/p><\/div><div class=\"vcex-blog-entry-readmore-wrap entry-readmore-wrap clr\"><a href=\"https:\/\/www.gerec.fi\/en\/tutkimusjulkaisu-biologiseen-ikaantymiseen-ei-voi-vaikuttaa-hormonikorvaushoidoilla\/\" class=\"theme-button\">Read more..<\/a><\/div><\/div><\/div><\/div><div class=\"vcex-blog-entry entry-has-details span_1_of_3 col-3 col post-145 entry type-post no-media cat-130 cat-1\"><div class=\"vcex-blog-entry-inner entry-inner wpex-clr\"><div class=\"vcex-blog-entry-details entry-details wpex-clr\"><h2 class=\"vcex-blog-entry-title entry-title\"><a href=\"https:\/\/www.gerec.fi\/en\/luentosarja-studia-generalia-tampereella\/\">Luentosarja: Studia Generalia Tampereella<\/a><\/h2><div class=\"vcex-blog-entry-date\">11.12.2018<\/div><div class=\"vcex-blog-entry-excerpt entry-excerpt entry clr\"><p>T\u00e4n\u00e4 kev\u00e4\u00e4n\u00e4 Tampereella kuullaan tutkimuksen n\u00e4k\u00f6kulmia ik\u00e4\u00e4ntymiseen ja vanhuuteen GEREC:n tutkijoiden j\u00e4rjest\u00e4m\u00e4ss\u00e4 kaikille avoimessa yleis\u00f6luentosarjassa.&hellip;<\/p><\/div><div class=\"vcex-blog-entry-readmore-wrap entry-readmore-wrap clr\"><a href=\"https:\/\/www.gerec.fi\/en\/luentosarja-studia-generalia-tampereella\/\" class=\"theme-button\">Read more..<\/a><\/div><\/div><\/div><\/div><div class=\"vcex-blog-entry entry-has-details span_1_of_3 col-1 col post-146 entry type-post no-media cat-130 cat-1\"><div class=\"vcex-blog-entry-inner entry-inner wpex-clr\"><div class=\"vcex-blog-entry-details entry-details wpex-clr\"><h2 class=\"vcex-blog-entry-title entry-title\"><a href=\"https:\/\/www.gerec.fi\/en\/tutkimusjulkaisu-vanhan-ihmisen-muistiongelmia-voidaan-testata-sairaalassa-helposti\/\">Tutkimusjulkaisu: Vanhan ihmisen muistiongelmia voidaan testata sairaalassa helposti<\/a><\/h2><div class=\"vcex-blog-entry-date\">11.12.2018<\/div><div class=\"vcex-blog-entry-excerpt entry-excerpt entry clr\"><p>Vanhojen, sairaalahoitoon joutuneiden ihmisten muistiongelmia tai sekavuustilaan viittaavia tarkkaavaisuuden h\u00e4iri\u00f6it\u00e4 voidaan havaita yksinkertaisilla testeill\u00e4, todettiin&hellip;<\/p><\/div><div class=\"vcex-blog-entry-readmore-wrap entry-readmore-wrap clr\"><a href=\"https:\/\/www.gerec.fi\/en\/tutkimusjulkaisu-vanhan-ihmisen-muistiongelmia-voidaan-testata-sairaalassa-helposti\/\" class=\"theme-button\">Read more..<\/a><\/div><\/div><\/div><\/div><div class=\"vcex-blog-entry entry-has-details span_1_of_3 col-2 col post-147 entry type-post no-media cat-130 cat-1\"><div class=\"vcex-blog-entry-inner entry-inner wpex-clr\"><div class=\"vcex-blog-entry-details entry-details wpex-clr\"><h2 class=\"vcex-blog-entry-title entry-title\"><a href=\"https:\/\/www.gerec.fi\/en\/tutkimusjulkaisu-diabetes-ei-lisannyt-varhaista-elakkeelle-siirtymista\/\">Tutkimusjulkaisu: Diabetes ei lis\u00e4nnyt varhaista el\u00e4kkeelle siirtymist\u00e4<\/a><\/h2><div class=\"vcex-blog-entry-date\">11.12.2018<\/div><div class=\"vcex-blog-entry-excerpt entry-excerpt entry clr\"><p>Suomalaistutkimuksessa seurattiin diabetesta ja ennenaikaisesta el\u00e4k\u00f6itymisest\u00e4 johtuvaa ty\u00f6vuosien menetyst\u00e4 l\u00e4pi ty\u00f6uran l\u00e4hes 13 000 henkil\u00f6n&hellip;<\/p><\/div><div class=\"vcex-blog-entry-readmore-wrap entry-readmore-wrap clr\"><a href=\"https:\/\/www.gerec.fi\/en\/tutkimusjulkaisu-diabetes-ei-lisannyt-varhaista-elakkeelle-siirtymista\/\" class=\"theme-button\">Read more..<\/a><\/div><\/div><\/div><\/div><div class=\"vcex-blog-entry entry-has-details span_1_of_3 col-3 col post-148 entry type-post no-media cat-130 cat-1\"><div class=\"vcex-blog-entry-inner entry-inner wpex-clr\"><div class=\"vcex-blog-entry-details entry-details wpex-clr\"><h2 class=\"vcex-blog-entry-title entry-title\"><a href=\"https:\/\/www.gerec.fi\/en\/tiedote-kasvun-ja-vanhenemisen-tutkijat-ry-www\/\">Tiedote: Kasvun ja vanhenemisen tutkijat ry: www.gerontologia.fi<\/a><\/h2><div class=\"vcex-blog-entry-date\">11.12.2018<\/div><div class=\"vcex-blog-entry-excerpt entry-excerpt entry clr\"><p>Kasvun ja vanhenemisen tutkijat ry (KaVa) on gerontologian alan tutkijoille ja toimijoille tarkoitettu tieteellinen yhdistys.&hellip;<\/p><\/div><div class=\"vcex-blog-entry-readmore-wrap entry-readmore-wrap clr\"><a href=\"https:\/\/www.gerec.fi\/en\/tiedote-kasvun-ja-vanhenemisen-tutkijat-ry-www\/\" class=\"theme-button\">Read more..<\/a><\/div><\/div><\/div><\/div><div class=\"vcex-blog-entry entry-has-details span_1_of_3 col-1 col post-150 entry type-post no-media cat-130 cat-1\"><div class=\"vcex-blog-entry-inner entry-inner wpex-clr\"><div class=\"vcex-blog-entry-details entry-details wpex-clr\"><h2 class=\"vcex-blog-entry-title entry-title\"><a href=\"https:\/\/www.gerec.fi\/en\/vaitos-16\/\">V\u00e4it\u00f6s 16.2.: Verenkierron mikroRNAt viestiv\u00e4t terveydentilasta ja suorituskyvyst\u00e4<\/a><\/h2><div class=\"vcex-blog-entry-date\">11.12.2018<\/div><div class=\"vcex-blog-entry-excerpt entry-excerpt entry clr\"><p>FM Reeta Kankaan gerontologian ja kansanterveyden v\u00e4it\u00f6skirja \u201dAging and microRNA messaging: Associations with systemic estrogen&hellip;<\/p><\/div><div class=\"vcex-blog-entry-readmore-wrap entry-readmore-wrap clr\"><a href=\"https:\/\/www.gerec.fi\/en\/vaitos-16\/\" class=\"theme-button\">Read more..<\/a><\/div><\/div><\/div><\/div><div class=\"vcex-blog-entry entry-has-details span_1_of_3 col-2 col post-151 entry type-post no-media cat-130 cat-1\"><div class=\"vcex-blog-entry-inner entry-inner wpex-clr\"><div class=\"vcex-blog-entry-details entry-details wpex-clr\"><h2 class=\"vcex-blog-entry-title entry-title\"><a href=\"https:\/\/www.gerec.fi\/en\/tutkimusjulkaisu-suurin-osa-keski-ikaisista-voi-mieleltaan-hyvin\/\">Tutkimusjulkaisu: Suurin osa keski-ik\u00e4isist\u00e4 voi mielelt\u00e4\u00e4n hyvin<\/a><\/h2><div class=\"vcex-blog-entry-date\">11.12.2018<\/div><div class=\"vcex-blog-entry-excerpt entry-excerpt entry clr\"><p>Keski-ik\u00e4isten mielen hyvinvoinnin kehityspolut ovat erilaisia. Tuoreessa julkaisussa arvioitiin mielen hyvinvointia monipuolisesti ottamalla huomioon yleinen&hellip;<\/p><\/div><div class=\"vcex-blog-entry-readmore-wrap entry-readmore-wrap clr\"><a href=\"https:\/\/www.gerec.fi\/en\/tutkimusjulkaisu-suurin-osa-keski-ikaisista-voi-mieleltaan-hyvin\/\" class=\"theme-button\">Read more..<\/a><\/div><\/div><\/div><\/div><div class=\"vcex-blog-entry entry-has-details span_1_of_3 col-3 col post-152 entry type-post no-media cat-130 cat-1\"><div class=\"vcex-blog-entry-inner entry-inner wpex-clr\"><div class=\"vcex-blog-entry-details entry-details wpex-clr\"><h2 class=\"vcex-blog-entry-title entry-title\"><a href=\"https:\/\/www.gerec.fi\/en\/tutkimusjulkaisu-lahijarvi-ja-ympariston-vaihtelevuus-houkuttelevat-ikaantyneet-ulkoliikuntaan\/\">Tutkimusjulkaisu: L\u00e4hij\u00e4rvi ja ymp\u00e4rist\u00f6n vaihtelevuus houkuttelevat ik\u00e4\u00e4ntyneet ulkoliikuntaan<\/a><\/h2><div class=\"vcex-blog-entry-date\">11.12.2018<\/div><div class=\"vcex-blog-entry-excerpt entry-excerpt entry clr\"><p>Asuinymp\u00e4rist\u00f6ll\u00e4 on merkityst\u00e4 i\u00e4kk\u00e4iden ihmisten liikunnalle. - J\u00e4rvenranta on usein tasaista aluetta, jolloin k\u00e4velij\u00e4 ei&hellip;<\/p><\/div><div class=\"vcex-blog-entry-readmore-wrap entry-readmore-wrap clr\"><a href=\"https:\/\/www.gerec.fi\/en\/tutkimusjulkaisu-lahijarvi-ja-ympariston-vaihtelevuus-houkuttelevat-ikaantyneet-ulkoliikuntaan\/\" class=\"theme-button\">Read more..<\/a><\/div><\/div><\/div><\/div><div class=\"vcex-blog-entry entry-has-details span_1_of_3 col-1 col post-153 entry type-post no-media cat-130 cat-1\"><div class=\"vcex-blog-entry-inner entry-inner wpex-clr\"><div class=\"vcex-blog-entry-details entry-details wpex-clr\"><h2 class=\"vcex-blog-entry-title entry-title\"><a href=\"https:\/\/www.gerec.fi\/en\/tutkimusjulkaisu-vanhuuden-aktiivisuutta-arvioiva-uusi-mittari-julkaistu\/\">Tutkimusjulkaisu: Vanhuuden aktiivisuutta arvioiva uusi mittari julkaistu<\/a><\/h2><div class=\"vcex-blog-entry-date\">11.12.2018<\/div><div class=\"vcex-blog-entry-excerpt entry-excerpt entry clr\"><p>Jyv\u00e4skyl\u00e4n yliopistossa on kehitetty mittari, jolla voi arvioida i\u00e4kk\u00e4iden ihmisten aktiivisuutta. Aktiivisuus tarkoittaa oma-aloitteisuutta ja&hellip;<\/p><\/div><div class=\"vcex-blog-entry-readmore-wrap entry-readmore-wrap clr\"><a href=\"https:\/\/www.gerec.fi\/en\/tutkimusjulkaisu-vanhuuden-aktiivisuutta-arvioiva-uusi-mittari-julkaistu\/\" class=\"theme-button\">Read more..<\/a><\/div><\/div><\/div><\/div><div class=\"vcex-blog-entry entry-has-details span_1_of_3 col-2 col post-155 entry type-post no-media cat-130 cat-1\"><div class=\"vcex-blog-entry-inner entry-inner wpex-clr\"><div class=\"vcex-blog-entry-details entry-details wpex-clr\"><h2 class=\"vcex-blog-entry-title entry-title\"><a href=\"https:\/\/www.gerec.fi\/en\/tutkimusjulkaisu-suurin-osa-ikaantyneista-asuu-kotona-hyvin-lahelle-kuolemaa\/\">Tutkimusjulkaisu: Suurin osa ik\u00e4\u00e4ntyneist\u00e4 asuu kotona hyvin l\u00e4helle kuolemaa<\/a><\/h2><div class=\"vcex-blog-entry-date\">11.12.2018<\/div><div class=\"vcex-blog-entry-excerpt entry-excerpt entry clr\"><p>Suurin osa suomalaisista ik\u00e4\u00e4ntyneist\u00e4 asuu kotona hyvin l\u00e4helle kuolemaa. Yleistynyt pitk\u00e4ik\u00e4isyys saattaa kuitenkin johtaa aiempaa&hellip;<\/p><\/div><div class=\"vcex-blog-entry-readmore-wrap entry-readmore-wrap clr\"><a href=\"https:\/\/www.gerec.fi\/en\/tutkimusjulkaisu-suurin-osa-ikaantyneista-asuu-kotona-hyvin-lahelle-kuolemaa\/\" class=\"theme-button\">Read more..<\/a><\/div><\/div><\/div><\/div><div class=\"vcex-blog-entry entry-has-details span_1_of_3 col-3 col post-156 entry type-post no-media cat-130 cat-1\"><div class=\"vcex-blog-entry-inner entry-inner wpex-clr\"><div class=\"vcex-blog-entry-details entry-details wpex-clr\"><h2 class=\"vcex-blog-entry-title entry-title\"><a href=\"https:\/\/www.gerec.fi\/en\/vaitos-1\/\">V\u00e4it\u00f6s: 1.12.2017 Sosioekonominen asema m\u00e4\u00e4ritt\u00e4\u00e4 terveytt\u00e4 my\u00f6s hyvin vanhoilla<\/a><\/h2><div class=\"vcex-blog-entry-date\">11.12.2018<\/div><div class=\"vcex-blog-entry-excerpt entry-excerpt entry clr\"><p>TtM Linda Enrothin gerontologian alaan kuuluvan v\u00e4it\u00f6skirja \u201dSocial inequality in the health of the oldest&hellip;<\/p><\/div><div class=\"vcex-blog-entry-readmore-wrap entry-readmore-wrap clr\"><a href=\"https:\/\/www.gerec.fi\/en\/vaitos-1\/\" class=\"theme-button\">Read more..<\/a><\/div><\/div><\/div><\/div><div class=\"vcex-blog-entry entry-has-details span_1_of_3 col-1 col post-157 entry type-post no-media cat-130 cat-1\"><div class=\"vcex-blog-entry-inner entry-inner wpex-clr\"><div class=\"vcex-blog-entry-details entry-details wpex-clr\"><h2 class=\"vcex-blog-entry-title entry-title\"><a href=\"https:\/\/www.gerec.fi\/en\/tutkimusjulkaisu-voimaharjoittelu-edistaa-ikaantyneiden-elamanlaatua-ja-elamanhallintaa\/\">Tutkimusjulkaisu: Voimaharjoittelu edist\u00e4\u00e4 ik\u00e4\u00e4ntyneiden el\u00e4m\u00e4nlaatua ja el\u00e4m\u00e4nhallintaa<\/a><\/h2><div class=\"vcex-blog-entry-date\">11.12.2018<\/div><div class=\"vcex-blog-entry-excerpt entry-excerpt entry clr\"><p>Voimaharjoittelulla voidaan edist\u00e4\u00e4 ik\u00e4\u00e4ntyneiden elinymp\u00e4rist\u00f6\u00f6n liittyv\u00e4n el\u00e4m\u00e4nlaadun ja el\u00e4m\u00e4nhallinnan kokemuksia. T\u00e4m\u00e4 havaittiin Jyv\u00e4skyl\u00e4n yliopiston liikuntatieteellisess\u00e4&hellip;<\/p><\/div><div class=\"vcex-blog-entry-readmore-wrap entry-readmore-wrap clr\"><a href=\"https:\/\/www.gerec.fi\/en\/tutkimusjulkaisu-voimaharjoittelu-edistaa-ikaantyneiden-elamanlaatua-ja-elamanhallintaa\/\" class=\"theme-button\">Read more..<\/a><\/div><\/div><\/div><\/div><div class=\"vcex-blog-entry entry-has-details span_1_of_3 col-2 col post-158 entry type-post no-media cat-130 cat-1\"><div class=\"vcex-blog-entry-inner entry-inner wpex-clr\"><div class=\"vcex-blog-entry-details entry-details wpex-clr\"><h2 class=\"vcex-blog-entry-title entry-title\"><a href=\"https:\/\/www.gerec.fi\/en\/tutkimusjulkaisu-ikaantyneen-elinpiiri-kapenee-kun-muisti-ja-tarkkaavaisuus-heikkenevat\/\">Tutkimusjulkaisu: Ik\u00e4\u00e4ntyneen elinpiiri kapenee, kun muisti ja tarkkaavaisuus heikkenev\u00e4t<\/a><\/h2><div class=\"vcex-blog-entry-date\">11.12.2018<\/div><div class=\"vcex-blog-entry-excerpt entry-excerpt entry clr\"><p>Jyv\u00e4skyl\u00e4n yliopiston Gerontologian tutkimuskeskuksessa tehdyn tutkimuksen mukaan kognitiivisen toiminnanohjauksen heikentyminen ennustaa ik\u00e4\u00e4ntyvien henkil\u00f6iden liikkumisaktiivisuuden v\u00e4hentymist\u00e4.&hellip;<\/p><\/div><div class=\"vcex-blog-entry-readmore-wrap entry-readmore-wrap clr\"><a href=\"https:\/\/www.gerec.fi\/en\/tutkimusjulkaisu-ikaantyneen-elinpiiri-kapenee-kun-muisti-ja-tarkkaavaisuus-heikkenevat\/\" class=\"theme-button\">Read more..<\/a><\/div><\/div><\/div><\/div><div class=\"vcex-blog-entry entry-has-details span_1_of_3 col-3 col post-159 entry type-post no-media cat-130 cat-1\"><div class=\"vcex-blog-entry-inner entry-inner wpex-clr\"><div class=\"vcex-blog-entry-details entry-details wpex-clr\"><h2 class=\"vcex-blog-entry-title entry-title\"><a href=\"https:\/\/www.gerec.fi\/en\/yha-useampi-tarvitsee-ymparivuorokautista-hoitoa-viimeisina-elinvuosinaan-eri-hoitomuotojen-kustannusten-vertailu-on-vaikeaa\/\">Tutkimusjulkaisu: Yh\u00e4 useampi tarvitsee ymp\u00e4rivuorokautista hoitoa viimeisin\u00e4 elinvuosinaan &#8211; eri hoitomuotojen kustannusten vertailu on vaikeaa<\/a><\/h2><div class=\"vcex-blog-entry-date\">11.12.2018<\/div><div class=\"vcex-blog-entry-excerpt entry-excerpt entry clr\"><p>Vanhojen ihmisten ymp\u00e4rivuorokautista hoitoa on viime vuosikymmenin\u00e4 muutettu laitoshoidosta (vanhainkoti ja terveyskeskuksen vuodeosasto) tehostettuun palveluasumiseen.&hellip;<\/p><\/div><div class=\"vcex-blog-entry-readmore-wrap entry-readmore-wrap clr\"><a href=\"https:\/\/www.gerec.fi\/en\/yha-useampi-tarvitsee-ymparivuorokautista-hoitoa-viimeisina-elinvuosinaan-eri-hoitomuotojen-kustannusten-vertailu-on-vaikeaa\/\" class=\"theme-button\">Read more..<\/a><\/div><\/div><\/div><\/div><div class=\"vcex-blog-entry entry-has-details span_1_of_3 col-1 col post-160 entry type-post no-media cat-130 cat-1\"><div class=\"vcex-blog-entry-inner entry-inner wpex-clr\"><div class=\"vcex-blog-entry-details entry-details wpex-clr\"><h2 class=\"vcex-blog-entry-title entry-title\"><a href=\"https:\/\/www.gerec.fi\/en\/tutkimusjulkaisu-vaihdevuodet-ja-estrogeeni-vaikuttavat-lihasten-toimintaan\/\">Tutkimusjulkaisu: Vaihdevuodet ja estrogeeni vaikuttavat lihasten toimintaan<\/a><\/h2><div class=\"vcex-blog-entry-date\">11.12.2018<\/div><div class=\"vcex-blog-entry-excerpt entry-excerpt entry clr\"><p>Menopaussi kiihdytt\u00e4\u00e4 kehon erilaisten kudosten ik\u00e4\u00e4ntymismuutoksia, joista tunnetuin lienee luuston haurastuminen eli osteoporoosi. Estrogeenin vaikutukset&hellip;<\/p><\/div><div class=\"vcex-blog-entry-readmore-wrap entry-readmore-wrap clr\"><a href=\"https:\/\/www.gerec.fi\/en\/tutkimusjulkaisu-vaihdevuodet-ja-estrogeeni-vaikuttavat-lihasten-toimintaan\/\" class=\"theme-button\">Read more..<\/a><\/div><\/div><\/div><\/div><div class=\"vcex-blog-entry entry-has-details span_1_of_3 col-2 col post-141 entry type-post no-media cat-130 cat-1\"><div class=\"vcex-blog-entry-inner entry-inner wpex-clr\"><div class=\"vcex-blog-entry-details entry-details wpex-clr\"><h2 class=\"vcex-blog-entry-title entry-title\"><a href=\"https:\/\/www.gerec.fi\/en\/gerontologian-professori-marja-jylha-sai-eeva-jalavisto-palkinnon\/\">Gerontologian professori Marja Jylh\u00e4 sai Eeva Jalavisto -palkinnon<\/a><\/h2><div class=\"vcex-blog-entry-date\">11.12.2018<\/div><div class=\"vcex-blog-entry-excerpt entry-excerpt entry clr\"><p>Societas Gerontologica Fennica ry:n vuoden 2018 Eeva Jalavisto -palkinnon saaja on professori Marja Jylh\u00e4. Marja&hellip;<\/p><\/div><div class=\"vcex-blog-entry-readmore-wrap entry-readmore-wrap clr\"><a href=\"https:\/\/www.gerec.fi\/en\/gerontologian-professori-marja-jylha-sai-eeva-jalavisto-palkinnon\/\" class=\"theme-button\">Read more..<\/a><\/div><\/div><\/div><\/div><div class=\"vcex-blog-entry entry-has-details span_1_of_3 col-3 col post-142 entry type-post no-media cat-130 cat-1\"><div class=\"vcex-blog-entry-inner entry-inner wpex-clr\"><div class=\"vcex-blog-entry-details entry-details wpex-clr\"><h2 class=\"vcex-blog-entry-title entry-title\"><a href=\"https:\/\/www.gerec.fi\/en\/tutkimusjulkaisu-epigeneettinen-kello-kertoo-oletko-ikaistasi-vanhempi\/\">Tutkimusjulkaisu: Epigeneettinen kello kertoo, oletko ik\u00e4ist\u00e4si vanhempi<\/a><\/h2><div class=\"vcex-blog-entry-date\">11.12.2018<\/div><div class=\"vcex-blog-entry-excerpt entry-excerpt entry clr\"><p>Biologinen ik\u00e4\u00e4ntyminen etenee yksil\u00f6llisesti. Tuoreessa Jyv\u00e4skyl\u00e4n ja Helsingin yliopistoissa tehdyss\u00e4 tutkimuksessa havaittiin ik\u00e4\u00e4ntyvi\u00e4 naiskaksosia tutkimalla&hellip;<\/p><\/div><div class=\"vcex-blog-entry-readmore-wrap entry-readmore-wrap clr\"><a href=\"https:\/\/www.gerec.fi\/en\/tutkimusjulkaisu-epigeneettinen-kello-kertoo-oletko-ikaistasi-vanhempi\/\" class=\"theme-button\">Read more..<\/a><\/div><\/div><\/div><\/div><div class=\"vcex-blog-entry entry-has-details span_1_of_3 col-1 col post-144 entry type-post no-media cat-130 cat-1\"><div class=\"vcex-blog-entry-inner entry-inner wpex-clr\"><div class=\"vcex-blog-entry-details entry-details wpex-clr\"><h2 class=\"vcex-blog-entry-title entry-title\"><a href=\"https:\/\/www.gerec.fi\/en\/pohjoismainen-gerontologian-palkinto-professori-taina-rantaselle\/\">Pohjoismainen gerontologiapalkinto professori Taina Rantaselle<\/a><\/h2><div class=\"vcex-blog-entry-date\">11.12.2018<\/div><div class=\"vcex-blog-entry-excerpt entry-excerpt entry clr\"><p>Jyv\u00e4skyl\u00e4n yliopiston gerontologian ja kansanterveyden professori Taina Rantaselle on my\u00f6nnetty pohjoismainen gerontologiapalkinto (Sohlberg-palkinto) tunnustuksena ansiokkaasta&hellip;<\/p><\/div><div class=\"vcex-blog-entry-readmore-wrap entry-readmore-wrap clr\"><a href=\"https:\/\/www.gerec.fi\/en\/pohjoismainen-gerontologian-palkinto-professori-taina-rantaselle\/\" class=\"theme-button\">Read more..<\/a><\/div><\/div><\/div><\/div><div class=\"vcex-blog-entry entry-has-details span_1_of_3 col-2 col post-87 entry type-post no-media cat-130 cat-1\"><div class=\"vcex-blog-entry-inner entry-inner wpex-clr\"><div class=\"vcex-blog-entry-details entry-details wpex-clr\"><h2 class=\"vcex-blog-entry-title entry-title\"><a href=\"https:\/\/www.gerec.fi\/en\/research-news-resistance-training-and-exercise-motivation-go-hand-in-hand\/\">Research news: Resistance training and exercise-motivation go hand-in-hand<\/a><\/h2><div class=\"vcex-blog-entry-date\">11.12.2018<\/div><div class=\"vcex-blog-entry-excerpt entry-excerpt entry clr\"><p>A recent study conducted in the University of Jyv\u00e4skyl\u00e4 suggests that resistance training improves exercise&hellip;<\/p><\/div><div class=\"vcex-blog-entry-readmore-wrap entry-readmore-wrap clr\"><a href=\"https:\/\/www.gerec.fi\/en\/research-news-resistance-training-and-exercise-motivation-go-hand-in-hand\/\" class=\"theme-button\">Read more..<\/a><\/div><\/div><\/div><\/div><div class=\"vcex-blog-entry entry-has-details span_1_of_3 col-3 col post-88 entry type-post no-media cat-130 cat-1\"><div class=\"vcex-blog-entry-inner entry-inner wpex-clr\"><div class=\"vcex-blog-entry-details entry-details wpex-clr\"><h2 class=\"vcex-blog-entry-title entry-title\"><a href=\"https:\/\/www.gerec.fi\/en\/research-news-leucocyte-amount-proportions-associate-with-menopausal-stage\/\">Research news: Leucocyte amount proportions associate with menopausal stage<\/a><\/h2><div class=\"vcex-blog-entry-date\">11.12.2018<\/div><div class=\"vcex-blog-entry-excerpt entry-excerpt entry clr\"><p>Researchers in the multidisciplinary ERMA study at the University of Jyv\u00e4skyl\u00e4 have found that total&hellip;<\/p><\/div><div class=\"vcex-blog-entry-readmore-wrap entry-readmore-wrap clr\"><a href=\"https:\/\/www.gerec.fi\/en\/research-news-leucocyte-amount-proportions-associate-with-menopausal-stage\/\" class=\"theme-button\">Read more..<\/a><\/div><\/div><\/div><\/div><div class=\"vcex-blog-entry entry-has-details span_1_of_3 col-1 col post-89 entry type-post no-media cat-130 cat-1\"><div class=\"vcex-blog-entry-inner entry-inner wpex-clr\"><div class=\"vcex-blog-entry-details entry-details wpex-clr\"><h2 class=\"vcex-blog-entry-title entry-title\"><a href=\"https:\/\/www.gerec.fi\/en\/dissertation-8\/\">Dissertation 8.6.2018: Midlife work exposures and musculoskeletal diseases, mobility limitations and disability in old age<\/a><\/h2><div class=\"vcex-blog-entry-date\">11.12.2018<\/div><div class=\"vcex-blog-entry-excerpt entry-excerpt entry clr\"><p>MSc (Public Health) Prakash K.C. defends his doctoral dissertation in Occupational Health \u201dMidlife work exposures&hellip;<\/p><\/div><div class=\"vcex-blog-entry-readmore-wrap entry-readmore-wrap clr\"><a href=\"https:\/\/www.gerec.fi\/en\/dissertation-8\/\" class=\"theme-button\">Read more..<\/a><\/div><\/div><\/div><\/div><div class=\"vcex-blog-entry entry-has-details span_1_of_3 col-2 col post-90 entry type-post no-media cat-130 cat-1\"><div class=\"vcex-blog-entry-inner entry-inner wpex-clr\"><div class=\"vcex-blog-entry-details entry-details wpex-clr\"><h2 class=\"vcex-blog-entry-title entry-title\"><a href=\"https:\/\/www.gerec.fi\/en\/dissertation-25\/\">Dissertation 25.5.2018: Successful aging among the oldest old<\/a><\/h2><div class=\"vcex-blog-entry-date\">11.12.2018<\/div><div class=\"vcex-blog-entry-excerpt entry-excerpt entry clr\"><p>MSc Lily Nosraty defends her doctoral dissertation in Gerontology \u201dSuccessful aging among the oldest old\u201d.&hellip;<\/p><\/div><div class=\"vcex-blog-entry-readmore-wrap entry-readmore-wrap clr\"><a href=\"https:\/\/www.gerec.fi\/en\/dissertation-25\/\" class=\"theme-button\">Read more..<\/a><\/div><\/div><\/div><\/div><div class=\"vcex-blog-entry entry-has-details span_1_of_3 col-3 col post-91 entry type-post no-media cat-130 cat-1\"><div class=\"vcex-blog-entry-inner entry-inner wpex-clr\"><div class=\"vcex-blog-entry-details entry-details wpex-clr\"><h2 class=\"vcex-blog-entry-title entry-title\"><a href=\"https:\/\/www.gerec.fi\/en\/the-2018-winner-of-the-sohlberg-prize-2013-the-most-prestigious-nordic-prize-in-gerontology-is-professor-taina-rantanen\/\">The 2018 winner of the Sohlberg prize \u2013 the most prestigious Nordic Prize in Gerontology is Professor Taina Rantanen<\/a><\/h2><div class=\"vcex-blog-entry-date\">11.12.2018<\/div><div class=\"vcex-blog-entry-excerpt entry-excerpt entry clr\"><p>Since 2005 Professor Taina Rantanen has been the full Professor of Gerontology and Public Health&hellip;<\/p><\/div><div class=\"vcex-blog-entry-readmore-wrap entry-readmore-wrap clr\"><a href=\"https:\/\/www.gerec.fi\/en\/the-2018-winner-of-the-sohlberg-prize-2013-the-most-prestigious-nordic-prize-in-gerontology-is-professor-taina-rantanen\/\" class=\"theme-button\">Read more..<\/a><\/div><\/div><\/div><\/div><div class=\"vcex-blog-entry entry-has-details span_1_of_3 col-1 col post-92 entry type-post no-media cat-130 cat-1\"><div class=\"vcex-blog-entry-inner entry-inner wpex-clr\"><div class=\"vcex-blog-entry-details entry-details wpex-clr\"><h2 class=\"vcex-blog-entry-title entry-title\"><a href=\"https:\/\/www.gerec.fi\/en\/research-news-diabetes-did-not-increase-early-retirement\/\">Research news: Diabetes did not increase early retirement<\/a><\/h2><div class=\"vcex-blog-entry-date\">11.12.2018<\/div><div class=\"vcex-blog-entry-excerpt entry-excerpt entry clr\"><p>A Finnish study examined diabetes and work loss due to early retirement during the work&hellip;<\/p><\/div><div class=\"vcex-blog-entry-readmore-wrap entry-readmore-wrap clr\"><a href=\"https:\/\/www.gerec.fi\/en\/research-news-diabetes-did-not-increase-early-retirement\/\" class=\"theme-button\">Read more..<\/a><\/div><\/div><\/div><\/div><div class=\"vcex-blog-entry entry-has-details span_1_of_3 col-2 col post-93 entry type-post no-media cat-130 cat-1\"><div class=\"vcex-blog-entry-inner entry-inner wpex-clr\"><div class=\"vcex-blog-entry-details entry-details wpex-clr\"><h2 class=\"vcex-blog-entry-title entry-title\"><a href=\"https:\/\/www.gerec.fi\/en\/dissertation-16\/\">Dissertation 16.2.2018: Aging and microRNA messaging: Associations with systemic estrogen levels and physical performance<\/a><\/h2><div class=\"vcex-blog-entry-date\">11.12.2018<\/div><div class=\"vcex-blog-entry-excerpt entry-excerpt entry clr\"><p>M.A. Reeta Kangas defended her doctoral dissertation in Gerontology and Public Health \u201dAging and microRNA&hellip;<\/p><\/div><div class=\"vcex-blog-entry-readmore-wrap entry-readmore-wrap clr\"><a href=\"https:\/\/www.gerec.fi\/en\/dissertation-16\/\" class=\"theme-button\">Read more..<\/a><\/div><\/div><\/div><\/div><div class=\"vcex-blog-entry entry-has-details span_1_of_3 col-3 col post-94 entry type-post no-media cat-130 cat-1\"><div class=\"vcex-blog-entry-inner entry-inner wpex-clr\"><div class=\"vcex-blog-entry-details entry-details wpex-clr\"><h2 class=\"vcex-blog-entry-title entry-title\"><a href=\"https:\/\/www.gerec.fi\/en\/research-news-a-majority-of-middle-aged-people-show-a-high-level-of-mental-well-being\/\">Research news: A majority of middle-aged people show a high level of mental well-being<\/a><\/h2><div class=\"vcex-blog-entry-date\">11.12.2018<\/div><div class=\"vcex-blog-entry-excerpt entry-excerpt entry clr\"><p>A recent study at the University of Jyv\u00e4skyl\u00e4 has found a surprisingly high level of&hellip;<\/p><\/div><div class=\"vcex-blog-entry-readmore-wrap entry-readmore-wrap clr\"><a href=\"https:\/\/www.gerec.fi\/en\/research-news-a-majority-of-middle-aged-people-show-a-high-level-of-mental-well-being\/\" class=\"theme-button\">Read more..<\/a><\/div><\/div><\/div><\/div><div class=\"vcex-blog-entry entry-has-details span_1_of_3 col-1 col post-72 entry type-post no-media cat-130 cat-1\"><div class=\"vcex-blog-entry-inner entry-inner wpex-clr\"><div class=\"vcex-blog-entry-details entry-details wpex-clr\"><h2 class=\"vcex-blog-entry-title entry-title\"><a href=\"https:\/\/www.gerec.fi\/en\/siemenrahoitusta-viidelle-sote-tutkimusaloitteelle\/\">Siemenrahoitusta viidelle sote-tutkimusaloitteelle<\/a><\/h2><div class=\"vcex-blog-entry-date\">11.12.2018<\/div><div class=\"vcex-blog-entry-excerpt entry-excerpt entry clr\"><p>Valmistautuakseen uuden sote-tutkimusalustan perustamiseen yhteiskuntatieteiden ja l\u00e4\u00e4ketieteen ja biotieteiden tiedekunnat sek\u00e4 johtamiskorkeakoulu k\u00e4ynnistiv\u00e4t yhdess\u00e4 sote-tutkimusta&hellip;<\/p><\/div><div class=\"vcex-blog-entry-readmore-wrap entry-readmore-wrap clr\"><a href=\"https:\/\/www.gerec.fi\/en\/siemenrahoitusta-viidelle-sote-tutkimusaloitteelle\/\" class=\"theme-button\">Read more..<\/a><\/div><\/div><\/div><\/div><div class=\"vcex-blog-entry entry-has-details span_1_of_3 col-2 col post-74 entry type-post no-media cat-130 cat-1\"><div class=\"vcex-blog-entry-inner entry-inner wpex-clr\"><div class=\"vcex-blog-entry-details entry-details wpex-clr\"><h2 class=\"vcex-blog-entry-title entry-title\"><a href=\"https:\/\/www.gerec.fi\/en\/vaitos-8\/\">V\u00e4it\u00f6s 8.6.: Ty\u00f6per\u00e4inen altistus keski-i\u00e4ss\u00e4 ennustaa tuki- ja liikuntaelinsairauksia sek\u00e4 liikunta- ja toimintarajoitteisuutta vanhuudessa<\/a><\/h2><div class=\"vcex-blog-entry-date\">11.12.2018<\/div><div class=\"vcex-blog-entry-excerpt entry-excerpt entry clr\"><p>MSc Prakash K.C.:n ty\u00f6terveyden alaan kuuluva v\u00e4it\u00f6skirja \u201dMidlife work exposures and musculoskeletal diseases, mobility limitations&hellip;<\/p><\/div><div class=\"vcex-blog-entry-readmore-wrap entry-readmore-wrap clr\"><a href=\"https:\/\/www.gerec.fi\/en\/vaitos-8\/\" class=\"theme-button\">Read more..<\/a><\/div><\/div><\/div><\/div><div class=\"vcex-blog-entry entry-has-details span_1_of_3 col-3 col post-75 entry type-post no-media cat-130 cat-1\"><div class=\"vcex-blog-entry-inner entry-inner wpex-clr\"><div class=\"vcex-blog-entry-details entry-details wpex-clr\"><h2 class=\"vcex-blog-entry-title entry-title\"><a href=\"https:\/\/www.gerec.fi\/en\/vaitos-25\/\">V\u00e4it\u00f6s 25.5.2018: Hyv\u00e4 ja onnistunut vanheneminen hyvin vanhoilla<\/a><\/h2><div class=\"vcex-blog-entry-date\">11.12.2018<\/div><div class=\"vcex-blog-entry-excerpt entry-excerpt entry clr\"><p>MSc Lily Nosratyn gerontologian alaan kuuluvan v\u00e4it\u00f6skirja \u201dSuccessful aging among the oldest old (Hyv\u00e4 ja&hellip;<\/p><\/div><div class=\"vcex-blog-entry-readmore-wrap entry-readmore-wrap clr\"><a href=\"https:\/\/www.gerec.fi\/en\/vaitos-25\/\" class=\"theme-button\">Read more..<\/a><\/div><\/div><\/div><\/div><div class=\"vcex-blog-entry entry-has-details span_1_of_3 col-1 col post-76 entry type-post no-media cat-130 cat-1\"><div class=\"vcex-blog-entry-inner entry-inner wpex-clr\"><div class=\"vcex-blog-entry-details entry-details wpex-clr\"><h2 class=\"vcex-blog-entry-title entry-title\"><a href=\"https:\/\/www.gerec.fi\/en\/tutkimusjulkaisu-huono-muisti-ja-heikot-jalat-2013-molempi-pahempi\/\">Tutkimusjulkaisu: Huo\u00adno muis\u00adti ja hei\u00adkot ja\u00adlat \u2013 mo\u00adlem\u00adpi pa\u00adhem\u00adpi<\/a><\/h2><div class=\"vcex-blog-entry-date\">11.12.2018<\/div><div class=\"vcex-blog-entry-excerpt entry-excerpt entry clr\"><p>Tuore Jyv\u00e4skyl\u00e4n yliopistossa tehty tutkimus osoittaa, ett\u00e4 k\u00e4velyvaikeudet ovat kaikkein todenn\u00e4k\u00f6isimpi\u00e4 ik\u00e4\u00e4ntyneill\u00e4, joilla on heikentyneen&hellip;<\/p><\/div><div class=\"vcex-blog-entry-readmore-wrap entry-readmore-wrap clr\"><a href=\"https:\/\/www.gerec.fi\/en\/tutkimusjulkaisu-huono-muisti-ja-heikot-jalat-2013-molempi-pahempi\/\" class=\"theme-button\">Read more..<\/a><\/div><\/div><\/div><\/div><div class=\"vcex-blog-entry entry-has-details span_1_of_3 col-2 col post-31 entry type-post no-media cat-130 cat-1\"><div class=\"vcex-blog-entry-inner entry-inner wpex-clr\"><div class=\"vcex-blog-entry-details entry-details wpex-clr\"><h2 class=\"vcex-blog-entry-title entry-title\"><a href=\"https:\/\/www.gerec.fi\/en\/artikkelijulkaisu-pitkaaikaishoidon-filosofisesta-perustasta\/\">Artikkelijulkaisu: Pitk\u00e4aikaishoidon filosofisesta perustasta<\/a><\/h2><div class=\"vcex-blog-entry-date\">23.10.2018<\/div><div class=\"vcex-blog-entry-excerpt entry-excerpt entry clr\"><p>Tuoreessa artikkelissaan\u00a0Ten forms of recognition and misrecognition in long-term care for older people\u00a0Arto Laitinen ja&hellip;<\/p><\/div><div class=\"vcex-blog-entry-readmore-wrap entry-readmore-wrap clr\"><a href=\"https:\/\/www.gerec.fi\/en\/artikkelijulkaisu-pitkaaikaishoidon-filosofisesta-perustasta\/\" class=\"theme-button\">Read more..<\/a><\/div><\/div><\/div><\/div><div class=\"vcex-blog-entry entry-has-details span_1_of_3 col-3 col post-32 entry type-post no-media cat-130 cat-1\"><div class=\"vcex-blog-entry-inner entry-inner wpex-clr\"><div class=\"vcex-blog-entry-details entry-details wpex-clr\"><h2 class=\"vcex-blog-entry-title entry-title\"><a href=\"https:\/\/www.gerec.fi\/en\/vaitos-26-10-2018-tek%c2%adno%c2%adlo%c2%adgi%c2%adset-apu%c2%adva%c2%adli%c2%adneet-pa%c2%adran%c2%adta%c2%advat-muis%c2%adti%c2%adsai%c2%adraan-ar%c2%adkea-oi%c2%adkein-kay%c2%adtet%c2%adty%c2%adna\/\">V\u00e4it\u00f6s 26.10.2018: Tek\u00adno\u00adlo\u00adgi\u00adset apu\u00adv\u00e4\u00adli\u00adneet pa\u00adran\u00adta\u00advat muis\u00adti\u00adsai\u00adraan ar\u00adkea oi\u00adkein k\u00e4y\u00adtet\u00adty\u00adn\u00e4<\/a><\/h2><div class=\"vcex-blog-entry-date\">23.10.2018<\/div><div class=\"vcex-blog-entry-excerpt entry-excerpt entry clr\"><p>V\u00e4it\u00f6stutkimuksessa tarkasteltiin muistisairaiden henkil\u00f6iden ja heid\u00e4n l\u00e4heistens\u00e4 kokemuksia teknologian k\u00e4ytt\u00f6\u00f6notosta ja vaikutuksista heid\u00e4n arkeensa. Erityisen\u00e4&hellip;<\/p><\/div><div class=\"vcex-blog-entry-readmore-wrap entry-readmore-wrap clr\"><a href=\"https:\/\/www.gerec.fi\/en\/vaitos-26-10-2018-tek%c2%adno%c2%adlo%c2%adgi%c2%adset-apu%c2%adva%c2%adli%c2%adneet-pa%c2%adran%c2%adta%c2%advat-muis%c2%adti%c2%adsai%c2%adraan-ar%c2%adkea-oi%c2%adkein-kay%c2%adtet%c2%adty%c2%adna\/\" class=\"theme-button\">Read more..<\/a><\/div><\/div><\/div><\/div><div class=\"vcex-blog-entry entry-has-details span_1_of_3 col-1 col post-33 entry type-post no-media cat-130 cat-1\"><div class=\"vcex-blog-entry-inner entry-inner wpex-clr\"><div class=\"vcex-blog-entry-details entry-details wpex-clr\"><h2 class=\"vcex-blog-entry-title entry-title\"><a href=\"https:\/\/www.gerec.fi\/en\/vaitos-19-10-liikkumiskyky-edellyttaa-fyysisen-toimintakyvyn-lisaksi-myos-tiedonkasittelya\/\">V\u00e4it\u00f6s 19.10.: Liikkumiskyky edellytt\u00e4\u00e4 fyysisen toimintakyvyn lis\u00e4ksi my\u00f6s tiedonk\u00e4sittely\u00e4<\/a><\/h2><div class=\"vcex-blog-entry-date\">10.10.2018<\/div><div class=\"vcex-blog-entry-excerpt entry-excerpt entry clr\"><p>Tuoreen v\u00e4it\u00f6stutkimuksen mukaan i\u00e4kk\u00e4iden henkil\u00f6iden tiedonk\u00e4sittelytoiminnot vaikuttavat heid\u00e4n liikkumisaktiivisuuteensa elinpiiriss\u00e4. TtM Taina Poranen-Clarkin gerontologian ja&hellip;<\/p><\/div><div class=\"vcex-blog-entry-readmore-wrap entry-readmore-wrap clr\"><a href=\"https:\/\/www.gerec.fi\/en\/vaitos-19-10-liikkumiskyky-edellyttaa-fyysisen-toimintakyvyn-lisaksi-myos-tiedonkasittelya\/\" class=\"theme-button\">Read more..<\/a><\/div><\/div><\/div><\/div><div class=\"vcex-blog-entry entry-has-details span_1_of_3 col-2 col post-35 entry type-post no-media cat-130 cat-1\"><div class=\"vcex-blog-entry-inner entry-inner wpex-clr\"><div class=\"vcex-blog-entry-details entry-details wpex-clr\"><h2 class=\"vcex-blog-entry-title entry-title\"><a href=\"https:\/\/www.gerec.fi\/en\/kes%c2%adkus%c2%adtel%c2%adlaan-tyos%c2%adsa-jat%c2%adka%c2%admi%c2%adses%c2%adta-tyo%c2%adpai%c2%adkoil%c2%adla\/\">Kes\u00adkus\u00adtel\u00adlaan ty\u00f6s\u00ads\u00e4 jat\u00adka\u00admi\u00adses\u00adta ty\u00f6\u00adpai\u00adkoil\u00adla<\/a><\/h2><div class=\"vcex-blog-entry-date\">18.9.2018<\/div><div class=\"vcex-blog-entry-excerpt entry-excerpt entry clr\"><p>Jyv\u00e4skyl\u00e4n yliopiston JATKIS-hankkeessa on kehitetty yhdess\u00e4 Ty\u00f6terveyslaitoksen kanssa k\u00e4yt\u00e4nn\u00f6nl\u00e4heinen ty\u00f6kalu, jonka avulla ty\u00f6ntekij\u00e4t ja ty\u00f6nantajat&hellip;<\/p><\/div><div class=\"vcex-blog-entry-readmore-wrap entry-readmore-wrap clr\"><a href=\"https:\/\/www.gerec.fi\/en\/kes%c2%adkus%c2%adtel%c2%adlaan-tyos%c2%adsa-jat%c2%adka%c2%admi%c2%adses%c2%adta-tyo%c2%adpai%c2%adkoil%c2%adla\/\" class=\"theme-button\">Read more..<\/a><\/div><\/div><\/div><\/div><div class=\"vcex-blog-entry entry-has-details span_1_of_3 col-3 col post-36 entry type-post no-media cat-130 cat-1\"><div class=\"vcex-blog-entry-inner entry-inner wpex-clr\"><div class=\"vcex-blog-entry-details entry-details wpex-clr\"><h2 class=\"vcex-blog-entry-title entry-title\"><a href=\"https:\/\/www.gerec.fi\/en\/gerec-on-mukana-jyvaskylan-yliopiston-tutkijoiden-yossa-28-9-2018\/\">GEREC on mukana Jyv\u00e4skyl\u00e4n yliopiston Tutkijoiden y\u00f6ss\u00e4 28.9.2018<\/a><\/h2><div class=\"vcex-blog-entry-date\">14.9.2018<\/div><div class=\"vcex-blog-entry-excerpt entry-excerpt entry clr\"><p>Tervetuloa tieteen ja tutkimuksen juhlaan! Tutkijoiden y\u00f6t\u00e4 2018 vietet\u00e4\u00e4n j\u00e4lleen Jyv\u00e4skyl\u00e4n yliopistossa 28.9. yht\u00e4 aikaa&hellip;<\/p><\/div><div class=\"vcex-blog-entry-readmore-wrap entry-readmore-wrap clr\"><a href=\"https:\/\/www.gerec.fi\/en\/gerec-on-mukana-jyvaskylan-yliopiston-tutkijoiden-yossa-28-9-2018\/\" class=\"theme-button\">Read more..<\/a><\/div><\/div><\/div><\/div><div class=\"vcex-blog-entry entry-has-details span_1_of_3 col-1 col post-38 entry type-post no-media cat-130 cat-1\"><div class=\"vcex-blog-entry-inner entry-inner wpex-clr\"><div class=\"vcex-blog-entry-details entry-details wpex-clr\"><h2 class=\"vcex-blog-entry-title entry-title\"><a href=\"https:\/\/www.gerec.fi\/en\/ge%c2%adron%c2%adto%c2%adlo%c2%adgian-ke%c2%adsa%c2%adkou%c2%adlu-haas%c2%adtaa-ikaan%c2%adty%c2%admi%c2%adsen-tut%c2%adki%c2%adjat-poh%c2%adti%c2%admaan-omaa-roo%c2%adli%c2%adaan-vies%c2%adtin%c2%adn\/\">Ge\u00adron\u00adto\u00adlo\u00adgian ke\u00ads\u00e4\u00adkou\u00adlu haas\u00adtaa ik\u00e4\u00e4n\u00adty\u00admi\u00adsen tut\u00adki\u00adjat poh\u00adti\u00admaan omaa roo\u00adli\u00adaan vies\u00adtin\u00adn\u00e4n ja vai\u00adkut\u00adta\u00admi\u00adsen sa\u00adral\u00adla<\/a><\/h2><div class=\"vcex-blog-entry-date\">28.8.2018<\/div><div class=\"vcex-blog-entry-excerpt entry-excerpt entry clr\"><p>Kes\u00e4koulun ensimm\u00e4isen p\u00e4iv\u00e4n ohjelman aloittaa alustukset tutkimuksen viestinn\u00e4st\u00e4 ja vaikuttamisesta.\u00a0 P\u00e4iv\u00e4n avaa kansanedustaja Sinuhe Wallinheimo.&hellip;<\/p><\/div><div class=\"vcex-blog-entry-readmore-wrap entry-readmore-wrap clr\"><a href=\"https:\/\/www.gerec.fi\/en\/ge%c2%adron%c2%adto%c2%adlo%c2%adgian-ke%c2%adsa%c2%adkou%c2%adlu-haas%c2%adtaa-ikaan%c2%adty%c2%admi%c2%adsen-tut%c2%adki%c2%adjat-poh%c2%adti%c2%admaan-omaa-roo%c2%adli%c2%adaan-vies%c2%adtin%c2%adn\/\" class=\"theme-button\">Read more..<\/a><\/div><\/div><\/div><\/div><div class=\"vcex-blog-entry entry-has-details span_1_of_3 col-2 col post-40 entry type-post no-media cat-130 cat-1\"><div class=\"vcex-blog-entry-inner entry-inner wpex-clr\"><div class=\"vcex-blog-entry-details entry-details wpex-clr\"><h2 class=\"vcex-blog-entry-title entry-title\"><a href=\"https:\/\/www.gerec.fi\/en\/moniammatillinen-ja-moderni-sote\/\">Moniammatillinen ja moderni sote<\/a><\/h2><div class=\"vcex-blog-entry-date\">16.8.2018<\/div><div class=\"vcex-blog-entry-excerpt entry-excerpt entry clr\"><p>I\u00e4kk\u00e4\u00e4n potilaan hoidon suunnittelu edellytt\u00e4\u00e4 h\u00e4nen kokonaistilanteensa selvitt\u00e4mist\u00e4, sill\u00e4 ajankohtaisen terveysongelman rinnalla i\u00e4kk\u00e4ill\u00e4 potilailla on&hellip;<\/p><\/div><div class=\"vcex-blog-entry-readmore-wrap entry-readmore-wrap clr\"><a href=\"https:\/\/www.gerec.fi\/en\/moniammatillinen-ja-moderni-sote\/\" class=\"theme-button\">Read more..<\/a><\/div><\/div><\/div><\/div><\/div><\/div>[\/vc_column][\/vc_row]\n","protected":false,"raw":"[vc_row css=\".vc_custom_1544826812847{margin-top: 30px !important;}\"][vc_column][vcex_searchbar placeholder=\"Search..\" button_text=\"Search\"][vcex_spacing][vcex_blog_grid columns=\"3\" posts_per_page=\"-1\" img_size=\"full\" include_categories=\"130, 131, 132\" read_more_text=\"Read more..\"][\/vc_column][\/vc_row]"},"excerpt":{"rendered":"I\u00e4kk\u00e4\u00e4n potilaan hoidon suunnittelu edellytt\u00e4\u00e4 h\u00e4nen kokonaistilanteensa selvitt\u00e4mist\u00e4, sill\u00e4 ajankohtaisen terveysongelman rinnalla i\u00e4kk\u00e4ill\u00e4 potilailla on usein pitk\u00e4aikaissairauksia, geriatrisia oireyhtymi\u00e4 (kuten muistisairaudet, vajaaravitsemus, kaatuilu ja gerastenia l. frailty), l\u00e4\u00e4kehaittoja ja oireita, jotka vaikuttavat ennusteeseen, toipumiseen ja kuntoutumiseen. My\u00f6s sosiaalinen tilanne ja&hellip;","protected":false,"raw":""},"author":1,"featured_media":0,"parent":0,"menu_order":10,"comment_status":"closed","ping_status":"closed","template":"","meta":{"_mi_skip_tracking":false,"_fi_post_content":"[vc_row css=\".vc_custom_1544826812847{margin-top: 30px !important;}\"][vc_column][vcex_searchbar placeholder=\"Hae ajankohtaisista..\" button_text=\"Hae\"][vcex_spacing][vcex_blog_grid columns=\"3\" posts_per_page=\"-1\" img_size=\"full\" date=\"false\" excerpt_length=\"25\" include_categories=\"130, 132, 131\" orderby=\"date\" read_more_text=\"Lue lis\u00e4\u00e4\"][\/vc_column][\/vc_row]","_fi_post_name":"ajankohtaista","_fi_post_excerpt":"","_fi_post_title":"Ajankohtaista","_en_post_content":"[vc_row css=\".vc_custom_1544826812847{margin-top: 30px !important;}\"][vc_column][vcex_searchbar placeholder=\"Search..\" button_text=\"Search\"][vcex_spacing][vcex_blog_grid columns=\"3\" posts_per_page=\"-1\" img_size=\"full\" include_categories=\"130, 131, 132\" read_more_text=\"Read more..\"][\/vc_column][\/vc_row]","_en_post_name":"news","_en_post_excerpt":"","_en_post_title":"News","edit_language":"en","footnotes":""},"class_list":["post-5724","page","type-page","status-publish","hentry","entry","no-media"],"_links":{"self":[{"href":"https:\/\/www.gerec.fi\/en\/wp-json\/wp\/v2\/pages\/5724","targetHints":{"allow":["GET"]}}],"collection":[{"href":"https:\/\/www.gerec.fi\/en\/wp-json\/wp\/v2\/pages"}],"about":[{"href":"https:\/\/www.gerec.fi\/en\/wp-json\/wp\/v2\/types\/page"}],"author":[{"embeddable":true,"href":"https:\/\/www.gerec.fi\/en\/wp-json\/wp\/v2\/users\/1"}],"replies":[{"embeddable":true,"href":"https:\/\/www.gerec.fi\/en\/wp-json\/wp\/v2\/comments?post=5724"}],"version-history":[{"count":8,"href":"https:\/\/www.gerec.fi\/en\/wp-json\/wp\/v2\/pages\/5724\/revisions"}],"predecessor-version":[{"id":8574,"href":"https:\/\/www.gerec.fi\/en\/wp-json\/wp\/v2\/pages\/5724\/revisions\/8574"}],"wp:attachment":[{"href":"https:\/\/www.gerec.fi\/en\/wp-json\/wp\/v2\/media?parent=5724"}],"curies":[{"name":"wp","href":"https:\/\/api.w.org\/{rel}","templated":true}]}}