{"id":5662,"date":"2014-01-20T20:19:28","date_gmt":"2018-12-15T14:34:44","guid":{"rendered":"https:\/\/gerec.fi\/tutkimus\/aktiivisena-vanheneminen-elinpiiri-ja-liikunta-4\/"},"modified":"2024-06-19T08:42:26","modified_gmt":"2024-06-19T05:42:26","slug":"lifecourse","status":"publish","type":"page","link":"https:\/\/www.gerec.fi\/en\/research\/lifecourse\/","title":{"rendered":"Life course, retirement and agency","raw":"Life course, retirement and agency"},"content":{"rendered":"[vc_row column_spacing=&#8221;50&#8243; bg_style=&#8221;stretch&#8221; css=&#8221;.vc_custom_1544814296502{padding-top: 30px !important;padding-bottom: 5px !important;}&#8221;][vc_column][vc_column_text width=&#8221;750&#8243; font_size=&#8221;14px&#8221; align=&#8221;left&#8221;]\n<h3>University of Jyv\u00e4skyl\u00e4<\/h3>\n<ul>\n<li><a href=\"http:\/\/www.gerec.fi\/en\/research\/lifecourse\/helsinki-birth-cohort-study\/\"><span class=\"thin-font\">Healthy<\/span> ageing from a life course perspective &#8211; Helsinki Birth Cohort Study<\/a><\/li>\n<li><a href=\"https:\/\/www.jyu.fi\/en\/projects\/the-jyvaskyla-longitudinal-study-of-personality-and-social-development-jyls-developmental\">Jyv\u00e4skyl\u00e4 Longitudinal Study of Personality and Social Development (JYLS)<\/a><\/li>\n<li style=\"list-style-type: none;\"><\/li>\n<\/ul>\n<h3>University of Tampere<\/h3>\n<ul>\n<li><a href=\"http:\/\/www.gerec.fi\/en\/research\/health\/vitality-90\/\">Vitality 90+<\/a><\/li>\n<li><a href=\"http:\/\/www.gerec.fi\/en\/research\/lifecourse\/workload-work-ability\/\">Workload, work ability and sickness absence in the food industry<\/a><\/li>\n<li><a href=\"http:\/\/www.gerec.fi\/en\/research\/lifecourse\/proactive-support\/\">Proactive support of work well-being during structural changes in the work<\/a><\/li>\n<li><a href=\"http:\/\/www.gerec.fi\/en\/research\/lifecourse\/flame\/\">Work, health and work ability in midlife and in the old age (FLAME)<\/a><\/li>\n<li><a href=\"http:\/\/www.gerec.fi\/en\/research\/lifecourse\/manage\/\">MANage \u2013 a research project on men and ageing <\/a><\/li>\n<li><a href=\"http:\/\/www.gerec.fi\/en\/research\/lifecourse\/two-speed-finland\/\">Towards a Two-speed Finland?<\/a><\/li>\n<\/ul>\n[\/vc_column_text][\/vc_column][\/vc_row]\n","protected":false,"raw":"[vc_row column_spacing=\"50\" bg_style=\"stretch\" css=\".vc_custom_1544814296502{padding-top: 30px !important;padding-bottom: 5px !important;}\"][vc_column][vc_column_text width=\"750\" font_size=\"14px\" align=\"left\"]\r\n<h3>University of Jyv\u00e4skyl\u00e4<\/h3>\r\n<ul>\r\n \t<li><a href=\"http:\/\/www.gerec.fi\/en\/research\/lifecourse\/helsinki-birth-cohort-study\/\"><span class=\"thin-font\">Healthy<\/span> ageing from a life course perspective - Helsinki Birth Cohort Study<\/a><\/li>\r\n \t<li><a href=\"https:\/\/www.jyu.fi\/en\/projects\/the-jyvaskyla-longitudinal-study-of-personality-and-social-development-jyls-developmental\">Jyv\u00e4skyl\u00e4 Longitudinal Study of Personality and Social Development (JYLS)<\/a><\/li>\r\n \t<li style=\"list-style-type: none;\"><\/li>\r\n<\/ul>\r\n<h3>University of Tampere<\/h3>\r\n<ul>\r\n \t<li><a href=\"http:\/\/www.gerec.fi\/en\/research\/health\/vitality-90\/\">Vitality 90+<\/a><\/li>\r\n \t<li><a href=\"http:\/\/www.gerec.fi\/en\/research\/lifecourse\/workload-work-ability\/\">Workload, work ability and sickness absence in the food industry<\/a><\/li>\r\n \t<li><a href=\"http:\/\/www.gerec.fi\/en\/research\/lifecourse\/proactive-support\/\">Proactive support of work well-being during structural changes in the work<\/a><\/li>\r\n \t<li><a href=\"http:\/\/www.gerec.fi\/en\/research\/lifecourse\/flame\/\">Work, health and work ability in midlife and in the old age (FLAME)<\/a><\/li>\r\n \t<li><a href=\"http:\/\/www.gerec.fi\/en\/research\/lifecourse\/manage\/\">MANage \u2013 a research project on men and ageing <\/a><\/li>\r\n \t<li><a href=\"http:\/\/www.gerec.fi\/en\/research\/lifecourse\/two-speed-finland\/\">Towards a Two-speed Finland?<\/a><\/li>\r\n<\/ul>\r\n[\/vc_column_text][\/vc_column][\/vc_row]"},"excerpt":{"rendered":"[vc_row column_spacing=\"50\" bg_style=\"stretch\" css=\".vc_custom_1544814296502{padding-top: 30px !important;padding-bottom: 5px !important;}\"][vc_column][vc_column_text width=\"750\" font_size=\"14px\" align=\"left\"] Jyv\u00e4skyl\u00e4n yliopisto Terveellinen vanheneminen el\u00e4m\u00e4nkulun n\u00e4k\u00f6kulmasta - Helsinki Birth Cohort Study Lapsesta aikuiseksi -pitkitt\u00e4istutkimus (LAKU) Tampereen yliopisto Tervaskannot 90+ Ty\u00f6kuormitus, ty\u00f6kyky ja sairaspoissaolot elintarvikealalla Ennakoiva ty\u00f6hyvinvoinnin tuki rakennemuutoksessa Ty\u00f6,&hellip;","protected":false,"raw":""},"author":1,"featured_media":0,"parent":5237,"menu_order":4,"comment_status":"closed","ping_status":"closed","template":"","meta":{"_mi_skip_tracking":false,"_fi_post_content":"[vc_row column_spacing=\"50\" bg_style=\"stretch\" css=\".vc_custom_1544814296502{padding-top: 30px !important;padding-bottom: 5px !important;}\"][vc_column][vc_column_text width=\"750\" font_size=\"14px\" align=\"left\"]\r\n<h3>Jyv\u00e4skyl\u00e4n yliopisto<\/h3>\r\n<ul>\r\n \t<li><a href=\"http:\/\/www.gerec.fi\/tutkimus\/elamankulku-elakoityminen-ja-toimijuus\/terveellinen-vanheneminen-elamankulun-nakokulmasta-helsinki-birth-cohort-study-mikaela-von-bonsdorff-johan-eriksson\/\">Terveellinen vanheneminen el\u00e4m\u00e4nkulun n\u00e4k\u00f6kulmasta - Helsinki Birth Cohort Study<\/a><\/li>\r\n \t<li><a href=\"https:\/\/www.jyu.fi\/fi\/hankkeet\/lapsesta-aikuiseksi-elamankaaren-aikana-muotoutuvat-yksilolliset-kehityspolut-elamansiirtymiin-60\">Lapsesta aikuiseksi -pitkitt\u00e4istutkimus (LAKU)<\/a><\/li>\r\n \t<li style=\"list-style-type: none;\"><\/li>\r\n<\/ul>\r\n<h3>Tampereen yliopisto<\/h3>\r\n<ul>\r\n \t<li><a href=\"https:\/\/www.gerec.fi\/tutkimus\/terveys-toimintakykyisyys-pitkaikaisyys-ja-biologinen-vanheneminen\/tervaskannot-90\/\">Tervaskannot 90+<\/a><\/li>\r\n \t<li><a href=\"http:\/\/www.gerec.fi\/tutkimus\/elamankulku-elakoityminen-ja-toimijuus\/tyokuormitus-tyokyky-ja-sairaspoissaolot-elintarvikealalla-clas-hakan-nygard\/\">Ty\u00f6kuormitus, ty\u00f6kyky ja sairaspoissaolot elintarvikealalla<\/a><\/li>\r\n \t<li><a href=\"http:\/\/www.gerec.fi\/tutkimus\/elamankulku-elakoityminen-ja-toimijuus\/ennakoiva-tyohyvinvoinnin-tuki-rakennemuutoksessa-clas-hakan-nygard\/\">Ennakoiva ty\u00f6hyvinvoinnin tuki rakennemuutoksessa<\/a><\/li>\r\n \t<li><a href=\"http:\/\/www.gerec.fi\/tutkimus\/elamankulku-elakoityminen-ja-toimijuus\/tyo-terveys-ja-tyokyky-keski-iassa-ja-vanhuudessa-flame-clas-hakan-nygard\/\">Ty\u00f6, terveys ja ty\u00f6kyky keski-i\u00e4ss\u00e4 ja vanhuudessa (FLAME) <\/a><\/li>\r\n \t<li><a href=\"http:\/\/www.gerec.fi\/tutkimus\/elamankulku-elakoityminen-ja-toimijuus\/manage-tutkimusprojekti-miesten-vanhenemisesta-tyoelaman-viimeisista-vuosista-ja-elakkeelle-siirtymisesta-ilkka-pietila-ja-hanna-ojala\/\">MANage: Tutkimusprojekti miesten vanhenemisesta, ty\u00f6el\u00e4m\u00e4n viimeisist\u00e4 vuosista ja el\u00e4kkeelle siirtymisest\u00e4<\/a><\/li>\r\n \t<li><a href=\"https:\/\/www.gerec.fi\/tutkimus\/elamankulku-elakoityminen-ja-toimijuus\/kohti-kaksitahti-suomea\/\">Kohti kaksitahti-Suomea?<\/a><\/li>\r\n \t<li><a href=\"https:\/\/www.gerec.fi\/tutkimus\/elamankulku-elakoityminen-ja-toimijuus\/vanheneminen-ja-sosiaalinen-hyvinvointi-sowell\/\">Vanheneminen ja sosiaalinen hyvinvointi (SoWell)<\/a><\/li>\r\n<\/ul>\r\n[\/vc_column_text][\/vc_column][\/vc_row]","_fi_post_name":"elamankulku-elakoityminen-ja-toimijuus","_fi_post_excerpt":"","_fi_post_title":"El\u00e4m\u00e4nkulku, el\u00e4k\u00f6ityminen ja toimijuus","_en_post_content":"[vc_row column_spacing=\"50\" bg_style=\"stretch\" css=\".vc_custom_1544814296502{padding-top: 30px !important;padding-bottom: 5px !important;}\"][vc_column][vc_column_text width=\"750\" font_size=\"14px\" align=\"left\"]\r\n<h3>University of Jyv\u00e4skyl\u00e4<\/h3>\r\n<ul>\r\n \t<li><a href=\"http:\/\/www.gerec.fi\/en\/research\/lifecourse\/helsinki-birth-cohort-study\/\"><span class=\"thin-font\">Healthy<\/span> ageing from a life course perspective - Helsinki Birth Cohort Study<\/a><\/li>\r\n \t<li><a href=\"https:\/\/www.jyu.fi\/en\/projects\/the-jyvaskyla-longitudinal-study-of-personality-and-social-development-jyls-developmental\">Jyv\u00e4skyl\u00e4 Longitudinal Study of Personality and Social Development (JYLS)<\/a><\/li>\r\n \t<li style=\"list-style-type: none;\"><\/li>\r\n<\/ul>\r\n<h3>University of Tampere<\/h3>\r\n<ul>\r\n \t<li><a href=\"http:\/\/www.gerec.fi\/en\/research\/health\/vitality-90\/\">Vitality 90+<\/a><\/li>\r\n \t<li><a href=\"http:\/\/www.gerec.fi\/en\/research\/lifecourse\/workload-work-ability\/\">Workload, work ability and sickness absence in the food industry<\/a><\/li>\r\n \t<li><a href=\"http:\/\/www.gerec.fi\/en\/research\/lifecourse\/proactive-support\/\">Proactive support of work well-being during structural changes in the work<\/a><\/li>\r\n \t<li><a href=\"http:\/\/www.gerec.fi\/en\/research\/lifecourse\/flame\/\">Work, health and work ability in midlife and in the old age (FLAME)<\/a><\/li>\r\n \t<li><a href=\"http:\/\/www.gerec.fi\/en\/research\/lifecourse\/manage\/\">MANage \u2013 a research project on men and ageing <\/a><\/li>\r\n \t<li><a href=\"http:\/\/www.gerec.fi\/en\/research\/lifecourse\/two-speed-finland\/\">Towards a Two-speed Finland?<\/a><\/li>\r\n<\/ul>\r\n[\/vc_column_text][\/vc_column][\/vc_row]","_en_post_name":"lifecourse","_en_post_excerpt":"","_en_post_title":"Life course, retirement and agency","edit_language":"en","footnotes":""},"class_list":["post-5662","page","type-page","status-publish","hentry","entry","no-media"],"_links":{"self":[{"href":"https:\/\/www.gerec.fi\/en\/wp-json\/wp\/v2\/pages\/5662","targetHints":{"allow":["GET"]}}],"collection":[{"href":"https:\/\/www.gerec.fi\/en\/wp-json\/wp\/v2\/pages"}],"about":[{"href":"https:\/\/www.gerec.fi\/en\/wp-json\/wp\/v2\/types\/page"}],"author":[{"embeddable":true,"href":"https:\/\/www.gerec.fi\/en\/wp-json\/wp\/v2\/users\/1"}],"replies":[{"embeddable":true,"href":"https:\/\/www.gerec.fi\/en\/wp-json\/wp\/v2\/comments?post=5662"}],"version-history":[{"count":27,"href":"https:\/\/www.gerec.fi\/en\/wp-json\/wp\/v2\/pages\/5662\/revisions"}],"predecessor-version":[{"id":9460,"href":"https:\/\/www.gerec.fi\/en\/wp-json\/wp\/v2\/pages\/5662\/revisions\/9460"}],"up":[{"embeddable":true,"href":"https:\/\/www.gerec.fi\/en\/wp-json\/wp\/v2\/pages\/5237"}],"wp:attachment":[{"href":"https:\/\/www.gerec.fi\/en\/wp-json\/wp\/v2\/media?parent=5662"}],"curies":[{"name":"wp","href":"https:\/\/api.w.org\/{rel}","templated":true}]}}