{"id":5558,"date":"2019-05-04T16:12:09","date_gmt":"2018-12-15T12:38:32","guid":{"rendered":"https:\/\/gerec.fi\/?page_id=5558"},"modified":"2024-06-19T08:42:26","modified_gmt":"2024-06-19T05:42:26","slug":"agnes-blogi","status":"publish","type":"page","link":"https:\/\/www.gerec.fi\/en\/research\/activeageing\/active-ageing-agnes-study\/agnes-blogi\/","title":{"rendered":"","raw":""},"content":{"rendered":"","protected":false,"raw":""},"excerpt":{"rendered":"[vc_row column_spacing=\"50\" bg_style=\"stretch\" css=\".vc_custom_1544814296502{padding-top: 30px !important;padding-bottom: 5px !important;}\"][vc_column]Aktiivisuuden, terveyden ja toimintakyvyn yhteys hyvinvointiin vanhuudessa (AGNES)[vc_column_text font_size=\"14px\"]Monet i\u00e4kk\u00e4\u00e4t ihmiset sanovat, ett\u00e4 aktiivisuus pit\u00e4\u00e4 el\u00e4m\u00e4ss\u00e4 kiinni. Olemme kehitt\u00e4neet uuden mittariston, jolla voimme mitata aktiivisena vanhenemista yksil\u00f6n omista tavoitteista l\u00e4htien. Tutkimuksessa selvit\u00e4mme, mitk\u00e4&hellip;","protected":false,"raw":""},"author":1,"featured_media":0,"parent":5548,"menu_order":5,"comment_status":"closed","ping_status":"closed","template":"","meta":{"_mi_skip_tracking":false,"_fi_post_content":"[vc_row column_spacing=\"50\" bg_style=\"stretch\" css=\".vc_custom_1544814296502{padding-top: 30px !important;padding-bottom: 5px !important;}\"][vc_column][vcex_heading text=\"Aktiivisuuden, terveyden ja toimintakyvyn yhteys hyvinvointiin vanhuudessa (AGNES)\" tag=\"h3\" text_align=\"left\" color=\"#555555\" font_size=\"18px\" font_weight=\"300\" css=\".vc_custom_1544876660015{padding-bottom: 20px !important;}\"][vc_column_text font_size=\"14px\"]Monet i\u00e4kk\u00e4\u00e4t ihmiset sanovat, ett\u00e4 aktiivisuus pit\u00e4\u00e4 el\u00e4m\u00e4ss\u00e4 kiinni. Olemme kehitt\u00e4neet uuden mittariston, jolla voimme mitata aktiivisena vanhenemista yksil\u00f6n omista tavoitteista l\u00e4htien.\r\n\r\nTutkimuksessa selvit\u00e4mme, mitk\u00e4 tekij\u00e4t selitt\u00e4v\u00e4t aktiivisena vanhenemista ja sit\u00e4, onko aktiivisena vanheneminen yhteydess\u00e4 hyvinvointiin. Etsimme n\u00e4it\u00e4 tekij\u00f6it\u00e4 mm. ihmisen terveydentilasta, toimintakyvyst\u00e4 ja elinymp\u00e4rist\u00f6st\u00e4.\r\n\r\nToiveena on l\u00f6yt\u00e4\u00e4 toimintatapoja, joilla vanhusten yksil\u00f6llist\u00e4 osallisuutta voitaisiin parantaa.\r\n\r\nTutkimus toteutetaan ker\u00e4\u00e4m\u00e4ll\u00e4 tietoa 75- ja 80- ja 85-vuotiaista jyv\u00e4skyl\u00e4l\u00e4isist\u00e4 vuosien 2017 ja 2018 aikana. Kutsumme heid\u00e4t osallistumaan kotona teht\u00e4v\u00e4\u00e4n haastatteluun sek\u00e4 Liikunta- ja terveyslaboratoriossa suoritettaviin toimintakykymittauksiin.\r\n<h3><img class=\"alignnone size-full wp-image-5550\" src=\"https:\/\/gerec.fi\/wp-content\/uploads\/2018\/12\/Aktiivinen_vanheneminen.jpg\" alt=\"\" width=\"700\" height=\"467\" \/><\/h3>\r\nVastuullinen tutkija\r\n\r\nProfessori <a href=\"https:\/\/www.jyu.fi\/sport\/fi\/tiedekunta\/henkilosto\/opetus-tutkimus\/rantanen-taina\">Taina Rantanen<\/a>, Liikuntatieteellinen tiedekunta, Jyv\u00e4skyl\u00e4n yliopisto\r\n<h3>Rahoittajat<\/h3>\r\nViisivuotista AGNES-tutkimusta rahoittavat Suomen Akatemia ja Euroopan tutkimusneuvosto, joka my\u00f6nsi professori Taina Rantaselle arvostetun ERC Advanced Grant -rahoituksen.[\/vc_column_text][\/vc_column][\/vc_row]","_fi_post_name":"agnes-blogi","_fi_post_excerpt":"","_fi_post_title":"AGNES-blogi","_en_post_content":"","_en_post_name":"agnes-blogi","_en_post_excerpt":"","_en_post_title":"","edit_language":"en","footnotes":""},"class_list":["post-5558","page","type-page","status-publish","hentry","entry","no-media"],"_links":{"self":[{"href":"https:\/\/www.gerec.fi\/en\/wp-json\/wp\/v2\/pages\/5558","targetHints":{"allow":["GET"]}}],"collection":[{"href":"https:\/\/www.gerec.fi\/en\/wp-json\/wp\/v2\/pages"}],"about":[{"href":"https:\/\/www.gerec.fi\/en\/wp-json\/wp\/v2\/types\/page"}],"author":[{"embeddable":true,"href":"https:\/\/www.gerec.fi\/en\/wp-json\/wp\/v2\/users\/1"}],"replies":[{"embeddable":true,"href":"https:\/\/www.gerec.fi\/en\/wp-json\/wp\/v2\/comments?post=5558"}],"version-history":[{"count":4,"href":"https:\/\/www.gerec.fi\/en\/wp-json\/wp\/v2\/pages\/5558\/revisions"}],"predecessor-version":[{"id":9029,"href":"https:\/\/www.gerec.fi\/en\/wp-json\/wp\/v2\/pages\/5558\/revisions\/9029"}],"up":[{"embeddable":true,"href":"https:\/\/www.gerec.fi\/en\/wp-json\/wp\/v2\/pages\/5548"}],"wp:attachment":[{"href":"https:\/\/www.gerec.fi\/en\/wp-json\/wp\/v2\/media?parent=5558"}],"curies":[{"name":"wp","href":"https:\/\/api.w.org\/{rel}","templated":true}]}}