{"id":5548,"date":"2018-12-15T14:21:26","date_gmt":"2018-12-15T12:21:26","guid":{"rendered":"https:\/\/gerec.fi\/?page_id=5548"},"modified":"2024-06-19T08:42:26","modified_gmt":"2024-06-19T05:42:26","slug":"active-ageing-agnes-study","status":"publish","type":"page","link":"https:\/\/www.gerec.fi\/en\/research\/activeageing\/active-ageing-agnes-study\/","title":{"rendered":"Active ageing - The AGNES study","raw":"Active ageing - The AGNES study"},"content":{"rendered":"[vc_row column_spacing=&#8221;50&#8243; bg_style=&#8221;stretch&#8221; css=&#8221;.vc_custom_1544814296502{padding-top: 30px !important;padding-bottom: 5px !important;}&#8221;][vc_column]<h3 class=\"vcex-module vcex-heading vcex-heading-plain vc_custom_1549611736358\" style=\"color:#555555;font-size:18px;font-weight:300;text-align:left;\"><span class=\"vcex-heading-inner clr\">Active ageing - The AGNES study<\/span><\/h3>[vc_column_text font_size=&#8221;14px&#8221;]\n<p>&nbsp;<\/p>\n<p class=\"documentDescription\">In our study we have defined active ageing on an individual level. Active ageing means wellness promotion according to one\u2019s individual goals, abilities and opportunities. In the first phase of the study, we developed a new scale, <a class=\"internal-link\" href=\"https:\/\/www.gerec.fi\/en\/research\/activeageing\/active-ageing-agnes-study\/active-ageing-scale-ujacas\/\">University of Jyvaskyla Active Ageing Scale (UJACAS)<\/a>, for quantifying active ageing based on individual goals.<\/p>\n<div>\n<p>In the second phase, we investigated the determinants and modifiers of active ageing by collecting data on activity, health, and physical and cognitive functioning. Data was collected from 75, 80 and 85 year old people in Jyv\u00e4skyl\u00e4 during 2017 and 2018. We invited participants for a home interview, clinical assessment, and physical and cognitive performance tests in our laboratory at the Faculty of Sport and Health Sciences, University of Jyv\u00e4skyl\u00e4.<\/p>\n<p>In May 2020, the data set was complemented with AGNES-COVID-19 postal survey. In this follow-up study, we investigated the cross-sectional and longitudinal associations of and changes in mobility, activity, and quality of life during COVID-19 social distancing compared to 2 years before.<\/p>\n<p>The third data collection (The AGNES follow-up study) was carried out 2021-2022. All the previously attended participants were asked to participate. The study focused on changes in activity, health, functioning and wellbeing after years 2017-2018. The aim is to define how the changes differ between people with varying life stituations and which factors contribute to these changes. In addition, long-term consequenses of the COVID-19 pandemic are under examination. The AGNES follow-up study consists of home interviews and performance tests in laboratories at the Faculty of Sport and Health Sciences.<\/p>\n<\/div>\n<h3><img loading=\"lazy\" decoding=\"async\" class=\"alignnone size-full wp-image-5550\" src=\"https:\/\/gerec.fi\/wp-content\/uploads\/2018\/12\/Aktiivinen_vanheneminen.jpg\" alt=\"\" width=\"700\" height=\"467\" srcset=\"https:\/\/www.gerec.fi\/wp-content\/uploads\/2018\/12\/Aktiivinen_vanheneminen.jpg 700w, https:\/\/www.gerec.fi\/wp-content\/uploads\/2018\/12\/Aktiivinen_vanheneminen-300x200.jpg 300w\" sizes=\"auto, (max-width: 700px) 100vw, 700px\" \/><\/h3>\n<h3>Principal investigator<\/h3>\n<p>Professor <a class=\"external-link\" href=\"https:\/\/www.jyu.fi\/sport\/fi\/tiedekunta\/henkilosto\/opetus-tutkimus\/rantanen-taina\" target=\"_blank\" rel=\"noopener noreferrer\">Taina Rantanen<\/a>, Faculty of Sport and Health Sciences, University of Jyv\u00e4skyl\u00e4<\/p>\n<h3>Funding<\/h3>\n<p>The 5-year AGNES study is funded by the Academy of Finland and the European Union via its distinguished ERC Advanced Grant for ground-breaking research.<\/p>\n<p><img loading=\"lazy\" decoding=\"async\" class=\"alignnone size-full wp-image-8390\" src=\"https:\/\/www.gerec.fi\/wp-content\/uploads\/2021\/12\/LOGO_ERC-FLAG_EU_1.jpg\" alt=\"\" width=\"300\" height=\"212\" \/>[\/vc_column_text][\/vc_column][\/vc_row]\n","protected":false,"raw":"[vc_row column_spacing=\"50\" bg_style=\"stretch\" css=\".vc_custom_1544814296502{padding-top: 30px !important;padding-bottom: 5px !important;}\"][vc_column][vcex_heading text=\"Active ageing - The AGNES study\" tag=\"h3\" text_align=\"left\" color=\"#555555\" font_size=\"18px\" font_weight=\"300\" css=\".vc_custom_1549611736358{padding-bottom: 20px !important;}\"][vc_column_text font_size=\"14px\"]\r\n\r\n&nbsp;\r\n<p class=\"documentDescription\">In our study we have defined active ageing on an individual level. Active ageing means wellness promotion according to one\u2019s individual goals, abilities and opportunities. In the first phase of the study, we developed a new scale, <a class=\"internal-link\" href=\"https:\/\/www.gerec.fi\/en\/research\/activeageing\/active-ageing-agnes-study\/active-ageing-scale-ujacas\/\">University of Jyvaskyla Active Ageing Scale (UJACAS)<\/a>, for quantifying active ageing based on individual goals.<\/p>\r\n\r\n<div>\r\n\r\nIn the second phase, we investigated the determinants and modifiers of active ageing by collecting data on activity, health, and physical and cognitive functioning. Data was collected from 75, 80 and 85 year old people in Jyv\u00e4skyl\u00e4 during 2017 and 2018. We invited participants for a home interview, clinical assessment, and physical and cognitive performance tests in our laboratory at the Faculty of Sport and Health Sciences, University of Jyv\u00e4skyl\u00e4.\r\n\r\nIn May 2020, the data set was complemented with AGNES-COVID-19 postal survey. In this follow-up study, we investigated the cross-sectional and longitudinal associations of and changes in mobility, activity, and quality of life during COVID-19 social distancing compared to 2 years before.\r\n\r\nThe third data collection (The AGNES follow-up study) was carried out 2021-2022. All the previously attended participants were asked to participate. The study focused on changes in activity, health, functioning and wellbeing after years 2017-2018. The aim is to define how the changes differ between people with varying life stituations and which factors contribute to these changes. In addition, long-term consequenses of the COVID-19 pandemic are under examination. The AGNES follow-up study consists of home interviews and performance tests in laboratories at the Faculty of Sport and Health Sciences.\r\n\r\n<\/div>\r\n<h3><img class=\"alignnone size-full wp-image-5550\" src=\"https:\/\/gerec.fi\/wp-content\/uploads\/2018\/12\/Aktiivinen_vanheneminen.jpg\" alt=\"\" width=\"700\" height=\"467\" \/><\/h3>\r\n<h3>Principal investigator<\/h3>\r\nProfessor <a class=\"external-link\" href=\"https:\/\/www.jyu.fi\/sport\/fi\/tiedekunta\/henkilosto\/opetus-tutkimus\/rantanen-taina\" target=\"_blank\" rel=\"noopener noreferrer\">Taina Rantanen<\/a>, Faculty of Sport and Health Sciences, University of Jyv\u00e4skyl\u00e4\r\n<h3>Funding<\/h3>\r\nThe 5-year AGNES study is funded by the Academy of Finland and the European Union via its distinguished ERC Advanced Grant for ground-breaking research.\r\n\r\n<img class=\"alignnone size-full wp-image-8390\" src=\"https:\/\/www.gerec.fi\/wp-content\/uploads\/2021\/12\/LOGO_ERC-FLAG_EU_1.jpg\" alt=\"\" width=\"300\" height=\"212\" \/>[\/vc_column_text][\/vc_column][\/vc_row]"},"excerpt":{"rendered":"[vc_row column_spacing=\"50\" bg_style=\"stretch\" css=\".vc_custom_1544814296502{padding-top: 30px !important;padding-bottom: 5px !important;}\"][vc_column][vc_column_text font_size=\"14px\"] Monet i\u00e4kk\u00e4\u00e4t ihmiset sanovat, ett\u00e4 aktiivisuus pit\u00e4\u00e4 el\u00e4m\u00e4ss\u00e4 kiinni. Olemme kehitt\u00e4neet uuden mittariston, jolla voimme mitata aktiivisena vanhenemista yksil\u00f6n omista tavoitteista l\u00e4htien. Tutkimuksessa selvit\u00e4mme, mitk\u00e4 tekij\u00e4t selitt\u00e4v\u00e4t aktiivisena vanhenemista ja sit\u00e4,&hellip;","protected":false,"raw":""},"author":1,"featured_media":0,"parent":5537,"menu_order":1,"comment_status":"closed","ping_status":"closed","template":"","meta":{"_mi_skip_tracking":false,"_fi_post_content":"[vc_row column_spacing=\"50\" bg_style=\"stretch\" css=\".vc_custom_1544814296502{padding-top: 30px !important;padding-bottom: 5px !important;}\"][vc_column][vc_column_text font_size=\"14px\"]\r\n\r\nMonet i\u00e4kk\u00e4\u00e4t ihmiset sanovat, ett\u00e4 aktiivisuus pit\u00e4\u00e4 el\u00e4m\u00e4ss\u00e4 kiinni. Olemme kehitt\u00e4neet uuden mittariston, jolla voimme mitata aktiivisena vanhenemista yksil\u00f6n omista tavoitteista l\u00e4htien.\r\n\r\nTutkimuksessa selvit\u00e4mme, mitk\u00e4 tekij\u00e4t selitt\u00e4v\u00e4t aktiivisena vanhenemista ja sit\u00e4, onko aktiivisena vanheneminen yhteydess\u00e4 hyvinvointiin. Etsimme n\u00e4it\u00e4 tekij\u00f6it\u00e4 mm. ihmisen terveydentilasta, toimintakyvyst\u00e4 ja elinymp\u00e4rist\u00f6st\u00e4.\r\n\r\nTutkimuksen ensimm\u00e4inen vaihe toteutettiin ker\u00e4\u00e4m\u00e4ll\u00e4 tietoa 75- ja 80- ja 85-vuotiaista jyv\u00e4skyl\u00e4l\u00e4isist\u00e4 vuosien 2017 ja 2018 aikana. Kutsuimme osallistujat kotona teht\u00e4v\u00e4\u00e4n haastatteluun sek\u00e4 Liikunta- ja terveyslaboratoriossa suoritettaviin toimintakykymittauksiin.\r\n\r\nToukokuussa 2020 t\u00e4ydensimme AGNES-tutkimusta postikyselyll\u00e4, jolla selvitimme samojen tutkittavien aktiivisuutta ja el\u00e4m\u00e4nlaatua koronaviruksesta johtuvien poikkeusolojen aikana kev\u00e4\u00e4ll\u00e4 2020.\r\n\r\nTutkimuksen kolmas aineistonkeruu, AGNES-jatkotutkimus, toteutettiin vuosina 2021 - 2022. Jatkotutkimuksessa tutkitaan aktiivisuuden, toimintakyvyn, liikkumisen ja el\u00e4m\u00e4nlaadun muutoksia vuosien 2017 - 2018 j\u00e4lkeen sek\u00e4 selvitet\u00e4\u00e4n muutoksiin yhteydess\u00e4 olevia tekij\u00f6it\u00e4. Haluamme selvitt\u00e4\u00e4 miss\u00e4 m\u00e4\u00e4rin muutokset eroavat eri el\u00e4m\u00e4ntilanteissa olevilla i\u00e4kk\u00e4ill\u00e4 ihmisill\u00e4 ja millaisia pitk\u00e4aikaisvaikutuksia koronaviruspandemialla on ollut aktiivisuuteen, liikkumiseen ja el\u00e4m\u00e4nlaatuun. AGNES-jatkotutkimus koostui kotihaastatteluista ja Liikunta- ja terveyslaboratoriossa suoritettavista toimintakykymittauksista. Tutkimukseen kutsuttiin vuoden 2022 loppuun menness\u00e4 kaikki AGNES-tutkimukseen aiemmin osallistuneet henkil\u00f6t.\r\n<h3><img class=\"alignnone size-full wp-image-5550\" src=\"https:\/\/gerec.fi\/wp-content\/uploads\/2018\/12\/Aktiivinen_vanheneminen.jpg\" alt=\"\" width=\"700\" height=\"467\" \/><\/h3>\r\n<strong>Vastuullinen tutkija<\/strong>\r\nProfessori <a href=\"https:\/\/www.jyu.fi\/fi\/henkilot\/taina-rantanen\">Taina Rantanen<\/a>, Liikuntatieteellinen tiedekunta, Jyv\u00e4skyl\u00e4n yliopisto\r\n\r\n<strong>Rahoittajat<\/strong>\r\nAGNES-jatkotutkimusta rahoittavat Suomen Akatemia, opetus- ja kulttuuriministeri\u00f6, Juho Vainion s\u00e4\u00e4ti\u00f6 ja Jyv\u00e4skyl\u00e4n yliopisto.\r\n\r\nAGNES-tutkimuksen ensimm\u00e4ist\u00e4 viisivuotiskautta (2016-2021) rahoittivat Suomen Akatemia ja Euroopan tutkimusneuvosto, joka my\u00f6nsi professori Taina Rantaselle arvostetun ERC Advanced Grant -rahoituksen.\r\n\r\n<img class=\"alignnone size-full wp-image-8390\" src=\"https:\/\/www.gerec.fi\/wp-content\/uploads\/2021\/12\/LOGO_ERC-FLAG_EU_1.jpg\" alt=\"\" width=\"300\" height=\"212\" \/>[\/vc_column_text][\/vc_column][\/vc_row]","_fi_post_name":"aktiivinen-vanhuus-agnes","_fi_post_excerpt":"","_fi_post_title":"Aktiivinen vanhuus - AGNES","_en_post_content":"[vc_row column_spacing=\"50\" bg_style=\"stretch\" css=\".vc_custom_1544814296502{padding-top: 30px !important;padding-bottom: 5px !important;}\"][vc_column][vcex_heading text=\"Active ageing - The AGNES study\" tag=\"h3\" text_align=\"left\" color=\"#555555\" font_size=\"18px\" font_weight=\"300\" css=\".vc_custom_1549611736358{padding-bottom: 20px !important;}\"][vc_column_text font_size=\"14px\"]\r\n\r\n&nbsp;\r\n<p class=\"documentDescription\">In our study we have defined active ageing on an individual level. Active ageing means wellness promotion according to one\u2019s individual goals, abilities and opportunities. In the first phase of the study, we developed a new scale, <a class=\"internal-link\" href=\"https:\/\/www.gerec.fi\/en\/research\/activeageing\/active-ageing-agnes-study\/active-ageing-scale-ujacas\/\">University of Jyvaskyla Active Ageing Scale (UJACAS)<\/a>, for quantifying active ageing based on individual goals.<\/p>\r\n\r\n<div>\r\n\r\nIn the second phase, we investigated the determinants and modifiers of active ageing by collecting data on activity, health, and physical and cognitive functioning. Data was collected from 75, 80 and 85 year old people in Jyv\u00e4skyl\u00e4 during 2017 and 2018. We invited participants for a home interview, clinical assessment, and physical and cognitive performance tests in our laboratory at the Faculty of Sport and Health Sciences, University of Jyv\u00e4skyl\u00e4.\r\n\r\nIn May 2020, the data set was complemented with AGNES-COVID-19 postal survey. In this follow-up study, we investigated the cross-sectional and longitudinal associations of and changes in mobility, activity, and quality of life during COVID-19 social distancing compared to 2 years before.\r\n\r\nThe third data collection (The AGNES follow-up study) was carried out 2021-2022. All the previously attended participants were asked to participate. The study focused on changes in activity, health, functioning and wellbeing after years 2017-2018. The aim is to define how the changes differ between people with varying life stituations and which factors contribute to these changes. In addition, long-term consequenses of the COVID-19 pandemic are under examination. The AGNES follow-up study consists of home interviews and performance tests in laboratories at the Faculty of Sport and Health Sciences.\r\n\r\n<\/div>\r\n<h3><img class=\"alignnone size-full wp-image-5550\" src=\"https:\/\/gerec.fi\/wp-content\/uploads\/2018\/12\/Aktiivinen_vanheneminen.jpg\" alt=\"\" width=\"700\" height=\"467\" \/><\/h3>\r\n<h3>Principal investigator<\/h3>\r\nProfessor <a class=\"external-link\" href=\"https:\/\/www.jyu.fi\/sport\/fi\/tiedekunta\/henkilosto\/opetus-tutkimus\/rantanen-taina\" target=\"_blank\" rel=\"noopener noreferrer\">Taina Rantanen<\/a>, Faculty of Sport and Health Sciences, University of Jyv\u00e4skyl\u00e4\r\n<h3>Funding<\/h3>\r\nThe 5-year AGNES study is funded by the Academy of Finland and the European Union via its distinguished ERC Advanced Grant for ground-breaking research.\r\n\r\n<img class=\"alignnone size-full wp-image-8390\" src=\"https:\/\/www.gerec.fi\/wp-content\/uploads\/2021\/12\/LOGO_ERC-FLAG_EU_1.jpg\" alt=\"\" width=\"300\" height=\"212\" \/>[\/vc_column_text][\/vc_column][\/vc_row]","_en_post_name":"active-ageing-agnes-study","_en_post_excerpt":"","_en_post_title":"Active ageing - The AGNES study","edit_language":"en","footnotes":""},"class_list":["post-5548","page","type-page","status-publish","hentry","entry","no-media"],"_links":{"self":[{"href":"https:\/\/www.gerec.fi\/en\/wp-json\/wp\/v2\/pages\/5548","targetHints":{"allow":["GET"]}}],"collection":[{"href":"https:\/\/www.gerec.fi\/en\/wp-json\/wp\/v2\/pages"}],"about":[{"href":"https:\/\/www.gerec.fi\/en\/wp-json\/wp\/v2\/types\/page"}],"author":[{"embeddable":true,"href":"https:\/\/www.gerec.fi\/en\/wp-json\/wp\/v2\/users\/1"}],"replies":[{"embeddable":true,"href":"https:\/\/www.gerec.fi\/en\/wp-json\/wp\/v2\/comments?post=5548"}],"version-history":[{"count":28,"href":"https:\/\/www.gerec.fi\/en\/wp-json\/wp\/v2\/pages\/5548\/revisions"}],"predecessor-version":[{"id":9361,"href":"https:\/\/www.gerec.fi\/en\/wp-json\/wp\/v2\/pages\/5548\/revisions\/9361"}],"up":[{"embeddable":true,"href":"https:\/\/www.gerec.fi\/en\/wp-json\/wp\/v2\/pages\/5537"}],"wp:attachment":[{"href":"https:\/\/www.gerec.fi\/en\/wp-json\/wp\/v2\/media?parent=5548"}],"curies":[{"name":"wp","href":"https:\/\/api.w.org\/{rel}","templated":true}]}}