{"id":5537,"date":"2018-12-15T13:50:43","date_gmt":"2018-12-15T11:50:43","guid":{"rendered":"https:\/\/gerec.fi\/?page_id=5537"},"modified":"2024-06-19T12:01:06","modified_gmt":"2024-06-19T09:01:06","slug":"activeageing","status":"publish","type":"page","link":"https:\/\/www.gerec.fi\/en\/research\/activeageing\/","title":{"rendered":"Active ageing, life-space mobility and physical activity","raw":"Active ageing, life-space mobility and physical activity"},"content":{"rendered":"[vc_row column_spacing=&#8221;50&#8243; bg_style=&#8221;stretch&#8221; css=&#8221;.vc_custom_1544814296502{padding-top: 30px !important;padding-bottom: 5px !important;}&#8221;][vc_column][vc_column_text width=&#8221;750&#8243; font_size=&#8221;14px&#8221; align=&#8221;left&#8221;]\n<h3>University of Jyv\u00e4skyl\u00e4<\/h3>\n<ul>\n<li><a href=\"https:\/\/www.gerec.fi\/en\/research\/activeageing\/active-ageing-agnes-study\/\">Active ageing &#8211; Resilience and external support as modifiers of the disablement outcome (The AGNES study)<\/a><\/li>\n<li><a href=\"http:\/\/www.gerec.fi\/en\/research\/activeageing\/athlas\/\">Athlete model approach to understand the benefits of different types of regular exercise on functional capacity and musculoskeletal health in old age (Athlete Aging Study &#8211; ATHLAS)<\/a><\/li>\n<li><a href=\"https:\/\/www.gerec.fi\/en\/research\/activeageing\/kehollinen-liikkuminen-ja-kyky-sailyttaa-elamanlaatu-ikaantymisen-yhteydessa\/\">Bodily movement and sustaining quality of life in old age<\/a><\/li>\n<li><a href=\"https:\/\/www.gerec.fi\/en\/research\/activeageing\/equal-part\/\">Equality of participation in physical activity in old age (Equal-Part)<\/a><\/li>\n<li><a href=\"https:\/\/www.gerec.fi\/en\/research\/activeageing\/espace\/\">Environments supporting activity in old age: pre-, at- and post-COVID19 (ESPACE)<\/a><\/li>\n<li>Evergreen II project<\/li>\n<li><a href=\"http:\/\/www.gerec.fi\/en\/research\/activeageing\/lispe\/\">Life-Space Mobility in Older People (LISPE)<\/a><\/li>\n<li>Mobility and Active Aging, MIIA<\/li>\n<li><a href=\"https:\/\/www.gerec.fi\/en\/research\/activeageing\/pa-reform\/\">Individual physical activity profiling in older adults: Reforming the assessment of dose-response relationship (PA-REFORM) <\/a><\/li>\n<li><a href=\"https:\/\/www.jyu.fi\/sport\/en\/research\/research-projects\/password\" target=\"_blank\" rel=\"noopener noreferrer\">Promoting safe walking among older people: Physical and cognitive training intervention among older community-dwelling sedentary or moderate physically active men and women (PASSWORD) <\/a><\/li>\n<li><a href=\"https:\/\/www.gerec.fi\/tutkimus\/aktiivisena-vanheneminen-elinpiiri-ja-liikunta\/pathway\/\">Personality as a predictor of physical activity in middle-aged and old people: When and why? (PATHWAY project)<\/a><\/li>\n<li><a href=\"https:\/\/www.gerec.fi\/en\/research\/activeageing\/places-of-active-aging\/\">Places of Active Aging<\/a><\/li>\n<\/ul>\n[\/vc_column_text][\/vc_column][\/vc_row]\n","protected":false,"raw":"[vc_row column_spacing=\"50\" bg_style=\"stretch\" css=\".vc_custom_1544814296502{padding-top: 30px !important;padding-bottom: 5px !important;}\"][vc_column][vc_column_text width=\"750\" font_size=\"14px\" align=\"left\"]\r\n<h3>University of Jyv\u00e4skyl\u00e4<\/h3>\r\n<ul>\r\n \t<li><a href=\"https:\/\/www.gerec.fi\/en\/research\/activeageing\/active-ageing-agnes-study\/\">Active ageing - Resilience and external support as modifiers of the disablement outcome (The AGNES study)<\/a><\/li>\r\n \t<li><a href=\"http:\/\/www.gerec.fi\/en\/research\/activeageing\/athlas\/\">Athlete model approach to understand the benefits of different types of regular exercise on functional capacity and musculoskeletal health in old age (Athlete Aging Study - ATHLAS)<\/a><\/li>\r\n \t<li><a href=\"https:\/\/www.gerec.fi\/en\/research\/activeageing\/kehollinen-liikkuminen-ja-kyky-sailyttaa-elamanlaatu-ikaantymisen-yhteydessa\/\">Bodily movement and sustaining quality of life in old age<\/a><\/li>\r\n \t<li><a href=\"https:\/\/www.gerec.fi\/en\/research\/activeageing\/equal-part\/\">Equality of participation in physical activity in old age (Equal-Part)<\/a><\/li>\r\n \t<li><a href=\"https:\/\/www.gerec.fi\/en\/research\/activeageing\/espace\/\">Environments supporting activity in old age: pre-, at- and post-COVID19 (ESPACE)<\/a><\/li>\r\n \t<li>Evergreen II project<\/li>\r\n \t<li><a href=\"http:\/\/www.gerec.fi\/en\/research\/activeageing\/lispe\/\">Life-Space Mobility in Older People (LISPE)<\/a><\/li>\r\n \t<li>Mobility and Active Aging, MIIA<\/li>\r\n \t<li><a href=\"https:\/\/www.gerec.fi\/en\/research\/activeageing\/pa-reform\/\">Individual physical activity profiling in older adults: Reforming the assessment of dose-response relationship (PA-REFORM) <\/a><\/li>\r\n \t<li><a href=\"https:\/\/www.jyu.fi\/sport\/en\/research\/research-projects\/password\" target=\"_blank\" rel=\"noopener noreferrer\">Promoting safe walking among older people: Physical and cognitive training intervention among older community-dwelling sedentary or moderate physically active men and women (PASSWORD) <\/a><\/li>\r\n \t<li><a href=\"https:\/\/www.gerec.fi\/tutkimus\/aktiivisena-vanheneminen-elinpiiri-ja-liikunta\/pathway\/\">Personality as a predictor of physical activity in middle-aged and old people: When and why? (PATHWAY project)<\/a><\/li>\r\n \t<li><a href=\"https:\/\/www.gerec.fi\/en\/research\/activeageing\/places-of-active-aging\/\">Places of Active Aging<\/a><\/li>\r\n<\/ul>\r\n[\/vc_column_text][\/vc_column][\/vc_row]"},"excerpt":{"rendered":"[vc_row column_spacing=\"50\" bg_style=\"stretch\" css=\".vc_custom_1544814296502{padding-top: 30px !important;padding-bottom: 5px !important;}\"][vc_column][vc_column_text width=\"750\" font_size=\"14px\" align=\"left\"] \u00a0Jyv\u00e4skyl\u00e4n yliopisto Aktiivisena vanheneminen \u2013 resilienssi ja ulkoinen tuki toiminnanvajauksia modifioivina tekij\u00f6in\u00e4 (AGNES) Aktiivisen ik\u00e4\u00e4ntymisen paikat Urheilijat ik\u00e4\u00e4ntymisen ja toimintakyvyn tutkimusmallina (Athlete Aging Study - ATHLAS) Tasa-arvoiset osallistumismahdollisuudet (Equal-Part)&hellip;","protected":false,"raw":""},"author":1,"featured_media":0,"parent":5237,"menu_order":1,"comment_status":"closed","ping_status":"closed","template":"","meta":{"_mi_skip_tracking":false,"_fi_post_content":"[vc_row column_spacing=\"50\" bg_style=\"stretch\" css=\".vc_custom_1544814296502{padding-top: 30px !important;padding-bottom: 5px !important;}\"][vc_column][vc_column_text width=\"750\" font_size=\"14px\" align=\"left\"]\r\n<h3>\u00a0Jyv\u00e4skyl\u00e4n yliopisto<\/h3>\r\n<ul>\r\n \t<li><a href=\"http:\/\/www.gerec.fi\/tutkimus\/aktiivisena-vanheneminen-elinpiiri-ja-liikunta\/aktiivinen-vanhuus-agnes\/\">Aktiivisena vanheneminen \u2013 resilienssi ja ulkoinen tuki toiminnanvajauksia modifioivina tekij\u00f6in\u00e4 (AGNES)<\/a><\/li>\r\n \t<li><a href=\"https:\/\/www.gerec.fi\/tutkimus\/aktiivisena-vanheneminen-elinpiiri-ja-liikunta\/aktiivisen-ikaantymisen-paikat\/\">Aktiivisen ik\u00e4\u00e4ntymisen paikat<\/a><\/li>\r\n \t<li><a href=\"http:\/\/www.gerec.fi\/tutkimus\/aktiivisena-vanheneminen-elinpiiri-ja-liikunta\/urheilijat-ikaantymisen-ja-toimintakyvyn-tutkimusmallina-athlete-aging-study-athlas-marko-korhonen\/\">Urheilijat ik\u00e4\u00e4ntymisen ja toimintakyvyn tutkimusmallina (Athlete Aging Study - ATHLAS)<\/a><\/li>\r\n \t<li><a href=\"http:\/\/www.gerec.fi\/tutkimus\/aktiivisena-vanheneminen-elinpiiri-ja-liikunta\/tasa-arvoiset-osallistumismahdollisuudet\/\">Tasa-arvoiset osallistumismahdollisuudet (Equal-Part)<\/a><\/li>\r\n \t<li><a href=\"https:\/\/www.gerec.fi\/tutkimus\/aktiivisena-vanheneminen-elinpiiri-ja-liikunta\/espace\/\">Aktiivista ik\u00e4\u00e4ntymist\u00e4 tukevat ymp\u00e4rist\u00f6t: COVID19 ennen, aikana ja j\u00e4lkeen (ESPACE)<\/a><\/li>\r\n \t<li><a href=\"https:\/\/www.gerec.fi\/tutkimus\/aktiivisena-vanheneminen-elinpiiri-ja-liikunta\/kavelyn-muutokset-eri-ymparistoissa-ja-yhteydet-ulkona-liikkumisen-mahdollisuuksiin-vanhuudessa-gaitage\/\">K\u00e4velyn muutokset eri ymp\u00e4rist\u00f6iss\u00e4 ja yhteydet ulkona liikkumisen mahdollisuuksiin vanhuudessa (GaitAge)<\/a><\/li>\r\n \t<li><a href=\"http:\/\/www.gerec.fi\/tutkimus\/aktiivisena-vanheneminen-elinpiiri-ja-liikunta\/ovatko-vanhat-ihmiset-nuortuneet-toimintakyvyn-ja-koetun-ian-kohorttierot-28-vuoden-valein-arvioiduilla-75-ja-80-vuotiailla-henkiloilla-ikivihreat-2-taina-rantanen-2\/\">Ovatko vanhat ihmiset nuortuneet? Toimintakyvyn ja koetun i\u00e4n kohorttierot 28 vuoden v\u00e4lein arvioiduilla 75- ja 80-vuotiailla henkil\u00f6ill\u00e4 (Ikivihre\u00e4t 2)<\/a><\/li>\r\n \t<li><a href=\"https:\/\/www.gerec.fi\/tutkimus\/aktiivisena-vanheneminen-elinpiiri-ja-liikunta\/kehollinen-liikkuminen-ja-kyky-sailyttaa-elamanlaatu-ikaantymisen-yhteydessa\">Kehollinen liikkuminen ja kyky s\u00e4ilytt\u00e4\u00e4 el\u00e4m\u00e4nlaatu ik\u00e4\u00e4ntymisen yhteydess\u00e4<\/a><\/li>\r\n \t<li><a href=\"https:\/\/www.gerec.fi\/tutkimus\/aktiivisena-vanheneminen-elinpiiri-ja-liikunta\/iakkaiden-ihmisten-liikkumiskyky-ja-elinpiiri-lispe\/\">I\u00e4kk\u00e4iden ihmisten liikkumiskyky ja elinpiiri (LISPE)<\/a><\/li>\r\n \t<li><a href=\"http:\/\/www.gerec.fi\/tutkimus\/aktiivisena-vanheneminen-elinpiiri-ja-liikunta\/elinpiiri-ja-aktiivisena-vanheneminen-mobility-and-active-aging-miia\">Elinpiiri ja aktiivisena vanheneminen (MIIA)<\/a><\/li>\r\n \t<li><a href=\"https:\/\/www.gerec.fi\/tutkimus\/aktiivisena-vanheneminen-elinpiiri-ja-liikunta\/pa-reform\/\">Fyysisen aktiivisuuden yksil\u00f6llinen m\u00e4\u00e4ritt\u00e4minen i\u00e4kk\u00e4ill\u00e4: Annos-vastesuhteen uudelleen arviointi puettavan teknologian avulla (PA-REFORM)<\/a><\/li>\r\n \t<li><a href=\"http:\/\/www.jyu.fi\/sport\/fi\/tutkimus\/hankkeet\/password\" target=\"_blank\" rel=\"noopener noreferrer\">I\u00e4kk\u00e4iden ihmisten turvallisen liikkumisen edist\u00e4minen: Fyysisen ja kognitiivisen harjoittelun vaikutukset 70-85 vuotiaiden miesten ja naisten k\u00e4velynopeuteen ja kaatumisiin (PASSWORD) <\/a><\/li>\r\n \t<li><a href=\"https:\/\/www.gerec.fi\/tutkimus\/aktiivisena-vanheneminen-elinpiiri-ja-liikunta\/pathway\/\">Milloin ja miksi persoonallisuus ennustaa keski-ik\u00e4isten ja vanhojen ihmisten fyysist\u00e4 aktiivisuutta? (PATHWAY)<\/a><\/li>\r\n<\/ul>\r\n[\/vc_column_text][\/vc_column][\/vc_row]","_fi_post_name":"aktiivisena-vanheneminen-elinpiiri-ja-liikunta","_fi_post_excerpt":"","_fi_post_title":"Aktiivisena vanheneminen, elinpiiri ja liikunta","_en_post_content":"[vc_row column_spacing=\"50\" bg_style=\"stretch\" css=\".vc_custom_1544814296502{padding-top: 30px !important;padding-bottom: 5px !important;}\"][vc_column][vc_column_text width=\"750\" font_size=\"14px\" align=\"left\"]\r\n<h3>University of Jyv\u00e4skyl\u00e4<\/h3>\r\n<ul>\r\n \t<li><a href=\"https:\/\/www.gerec.fi\/en\/research\/activeageing\/active-ageing-agnes-study\/\">Active ageing - Resilience and external support as modifiers of the disablement outcome (The AGNES study)<\/a><\/li>\r\n \t<li><a href=\"http:\/\/www.gerec.fi\/en\/research\/activeageing\/athlas\/\">Athlete model approach to understand the benefits of different types of regular exercise on functional capacity and musculoskeletal health in old age (Athlete Aging Study - ATHLAS)<\/a><\/li>\r\n \t<li><a href=\"https:\/\/www.gerec.fi\/en\/research\/activeageing\/kehollinen-liikkuminen-ja-kyky-sailyttaa-elamanlaatu-ikaantymisen-yhteydessa\/\">Bodily movement and sustaining quality of life in old age<\/a><\/li>\r\n \t<li><a href=\"https:\/\/www.gerec.fi\/en\/research\/activeageing\/equal-part\/\">Equality of participation in physical activity in old age (Equal-Part)<\/a><\/li>\r\n \t<li><a href=\"https:\/\/www.gerec.fi\/en\/research\/activeageing\/espace\/\">Environments supporting activity in old age: pre-, at- and post-COVID19 (ESPACE)<\/a><\/li>\r\n \t<li>Evergreen II project<\/li>\r\n \t<li><a href=\"http:\/\/www.gerec.fi\/en\/research\/activeageing\/lispe\/\">Life-Space Mobility in Older People (LISPE)<\/a><\/li>\r\n \t<li>Mobility and Active Aging, MIIA<\/li>\r\n \t<li><a href=\"https:\/\/www.gerec.fi\/en\/research\/activeageing\/pa-reform\/\">Individual physical activity profiling in older adults: Reforming the assessment of dose-response relationship (PA-REFORM) <\/a><\/li>\r\n \t<li><a href=\"https:\/\/www.jyu.fi\/sport\/en\/research\/research-projects\/password\" target=\"_blank\" rel=\"noopener noreferrer\">Promoting safe walking among older people: Physical and cognitive training intervention among older community-dwelling sedentary or moderate physically active men and women (PASSWORD) <\/a><\/li>\r\n \t<li><a href=\"https:\/\/www.gerec.fi\/tutkimus\/aktiivisena-vanheneminen-elinpiiri-ja-liikunta\/pathway\/\">Personality as a predictor of physical activity in middle-aged and old people: When and why? (PATHWAY project)<\/a><\/li>\r\n \t<li><a href=\"https:\/\/www.gerec.fi\/en\/research\/activeageing\/places-of-active-aging\/\">Places of Active Aging<\/a><\/li>\r\n<\/ul>\r\n[\/vc_column_text][\/vc_column][\/vc_row]","_en_post_name":"activeageing","_en_post_excerpt":"","_en_post_title":"Active ageing, life-space mobility and physical activity","edit_language":"en","footnotes":""},"class_list":["post-5537","page","type-page","status-publish","hentry","entry","no-media"],"_links":{"self":[{"href":"https:\/\/www.gerec.fi\/en\/wp-json\/wp\/v2\/pages\/5537","targetHints":{"allow":["GET"]}}],"collection":[{"href":"https:\/\/www.gerec.fi\/en\/wp-json\/wp\/v2\/pages"}],"about":[{"href":"https:\/\/www.gerec.fi\/en\/wp-json\/wp\/v2\/types\/page"}],"author":[{"embeddable":true,"href":"https:\/\/www.gerec.fi\/en\/wp-json\/wp\/v2\/users\/1"}],"replies":[{"embeddable":true,"href":"https:\/\/www.gerec.fi\/en\/wp-json\/wp\/v2\/comments?post=5537"}],"version-history":[{"count":54,"href":"https:\/\/www.gerec.fi\/en\/wp-json\/wp\/v2\/pages\/5537\/revisions"}],"predecessor-version":[{"id":9485,"href":"https:\/\/www.gerec.fi\/en\/wp-json\/wp\/v2\/pages\/5537\/revisions\/9485"}],"up":[{"embeddable":true,"href":"https:\/\/www.gerec.fi\/en\/wp-json\/wp\/v2\/pages\/5237"}],"wp:attachment":[{"href":"https:\/\/www.gerec.fi\/en\/wp-json\/wp\/v2\/media?parent=5537"}],"curies":[{"name":"wp","href":"https:\/\/api.w.org\/{rel}","templated":true}]}}