{"id":5231,"date":"2018-12-14T21:11:25","date_gmt":"2018-12-14T19:11:25","guid":{"rendered":"https:\/\/gerec.fi\/?page_id=5231"},"modified":"2025-08-19T12:45:16","modified_gmt":"2025-08-19T09:45:16","slug":"people","status":"publish","type":"page","link":"https:\/\/www.gerec.fi\/en\/people\/","title":{"rendered":"People","raw":"People"},"content":{"rendered":"<p class=\"attachment\"><a href='https:\/\/www.gerec.fi\/wp-content\/uploads\/2019\/01\/DSC_8194-e1550742166379.jpg'><img loading=\"lazy\" decoding=\"async\" width=\"300\" height=\"199\" src=\"https:\/\/www.gerec.fi\/wp-content\/uploads\/2019\/01\/DSC_8194-300x199.jpg\" class=\"attachment-medium size-medium\" alt=\"\" srcset=\"https:\/\/www.gerec.fi\/wp-content\/uploads\/2019\/01\/DSC_8194-300x199.jpg 300w, https:\/\/www.gerec.fi\/wp-content\/uploads\/2019\/01\/DSC_8194-768x509.jpg 768w, https:\/\/www.gerec.fi\/wp-content\/uploads\/2019\/01\/DSC_8194-1024x678.jpg 1024w\" sizes=\"auto, (max-width: 300px) 100vw, 300px\" \/><\/a><\/p>\n[vc_row column_spacing=&#8221;50&#8243; bg_style=&#8221;stretch&#8221; css=&#8221;.vc_custom_1544814296502{padding-top: 30px !important;padding-bottom: 5px !important;}&#8221;][vc_column]<div class=\"vcex-image vcex-module vcex-clr\"><span class=\"vcex-image-inner\"><img loading=\"lazy\" decoding=\"async\" src=\"https:\/\/www.gerec.fi\/wp-content\/uploads\/2019\/01\/DSC_8194-e1550742166379.jpg\" data-no-retina width=\"3500\" height=\"2318\" \/><\/span><\/div><div class=\"vcex-spacing\" style=\"height:30px\"><\/div>[vc_tta_tabs style=&#8221;modern&#8221; shape=&#8221;square&#8221; gap=&#8221;10&#8243; active_section=&#8221;6&#8243;][vc_tta_section title=&#8221;Jyv\u00e4skyl\u00e4&#8221; tab_id=&#8221;1544870095765-3c77cc4f-1d736a4f-8710&#8243;]<h3 class=\"vcex-module vcex-heading vcex-heading-plain vc_custom_1550832246894\" style=\"color:#555555;font-family:Open Sans;font-size:18px;font-weight:300;text-align:left;\"><span class=\"vcex-heading-inner clr\">Professors and professors emeriti<\/span><\/h3>[vc_column_text width=&#8221;750&#8243; font_size=&#8221;14px&#8221; align=&#8221;left&#8221;]<span style=\"font-family: Open Sans; font-size: 14px;\"><strong><a href=\"https:\/\/www.jyu.fi\/en\/people\/mikaela-bonsdorff-von\">Bonsdorff von Mikaela<\/a><\/strong>, gerontology and public health, mikaela.vonbonsdorff@jyu.fi, tel. +358 40 034 2692<\/span><br \/>\n<span style=\"font-family: Open Sans; font-size: 14px;\"><strong>Jyrk\u00e4m\u00e4 Jyrki<\/strong>, social gerontology, emeritus, jyrki.jyrkama@jyu.fi<\/span><br \/>\n<span style=\"font-family: Open Sans; font-size: 14px;\"><strong><a class=\"external-link\" href=\"https:\/\/www.jyu.fi\/en\/people\/katja-kokko\"><span class=\"external-link\">Kokko Katja<\/span><\/a><\/strong>, research director, lifespan psychology, <span id=\"form-widgets-IContactInfo-email\" class=\"textline-field text-widget\">katja.r.kokko@jyu.fi, tel. <\/span><span id=\"form-widgets-IContactInfo-phone_number\" class=\"textline-field text-widget\">+358 40 805 3500<\/span><\/span><br \/>\n<span style=\"font-family: Open Sans; font-size: 14px;\"><strong>Kovanen Vuokko<\/strong>, emerita<a href=\"https:\/\/www.jyu.fi\/en\/people\/teppo-kroger\"><br \/>\n<strong>Kr\u00f6ger Teppo<\/strong><\/a>, social and public policy, teppo.kroger@jyu.fi, tel. +358 40 805 4160<\/span><br \/>\n<span style=\"font-family: Open Sans; font-size: 14px;\"> <strong><a class=\"external-link\" href=\"https:\/\/www.jyu.fi\/en\/people\/eija-laakkonen\"><span class=\"internal\">Laakkonen Eija<\/span><\/a><\/strong>, translational research on physical activity and health, eija.k.laakkonen@jyu.fi, tel. +358 40 805 3588<\/span><br \/>\n<span style=\"font-family: Open Sans; font-size: 14px;\"><strong><a href=\"https:\/\/www.jyu.fi\/en\/people\/riku-nikander\">Nikander Riku<\/a><\/strong>, clinical physiotherapy, riku.p.nikander@jyu.fi, tel. +358 40 805 4818<\/span><br \/>\n<span style=\"font-family: Open Sans; font-size: 14px;\"> <a href=\"https:\/\/www.jyu.fi\/en\/people\/merja-rantakokko\"><strong>Rantakokko Merja<\/strong><\/a>, gerontological rehabilitation, merja.h.rantakokko@jyu.fi, tel. +358 50 301 6860<\/span><br \/>\n<span style=\"font-family: Open Sans; font-size: 14px;\"><a href=\"https:\/\/www.jyu.fi\/en\/people\/taina-rantanen\"><strong>Rantanen Taina<\/strong><\/a>, gerontology and public health, taina.rantanen@jyu.fi, tel.\u00a0 +358 40 805 3590<\/span><br \/>\n<span style=\"font-family: Open Sans; font-size: 14px;\"><strong><a class=\"external-link\" href=\"https:\/\/www.jyu.fi\/en\/people\/elina-sillanpaa\"><span class=\"external-link\">Sillanp\u00e4\u00e4 Elina<\/span><\/a><\/strong>, health promotion, elina.sillanpaa@jyu.fi, tel. +358 40 142 9639<a href=\"https:\/\/www.jyu.fi\/en\/people\/sarianna-sipila\"><br \/>\n<strong>Sipil\u00e4 Sarianna<\/strong><\/a>, exercise gerontology, sarianna.sipila@jyu.fi, tel.\u00a0 +358 40 805 3593<\/span><br \/>\n<span style=\"font-family: Open Sans; font-size: 14px;\"> <a href=\"https:\/\/www.jyu.fi\/en\/people\/sakari-taipale\"><strong>Taipale Sakari<\/strong><\/a>, social and public policy, sakari.taipale@jyu.fi, tel. +358 40 0728 852<\/span><span style=\"font-family: Open Sans; font-size: 14px;\"><br \/>\n<a href=\"https:\/\/www.jyu.fi\/en\/people\/heli-valokivi\" target=\"_blank\" rel=\"noopener noreferrer\"><strong>Valokivi Heli<\/strong><\/a>, social work, heli.valokivi@jyu.fi, tel. +358 40 664 1514<\/span>[\/vc_column_text]<div class=\"vcex-spacing\" style=\"height:20px\"><\/div><h3 class=\"vcex-module vcex-heading vcex-heading-plain vc_custom_1550832254336\" style=\"color:#555555;font-family:Open Sans;font-size:18px;font-weight:300;text-align:left;\"><span class=\"vcex-heading-inner clr\">Researchers and other people<\/span><\/h3>[vc_column_text width=&#8221;750&#8243; font_size=&#8221;14px&#8221; align=&#8221;left&#8221;]<span style=\"font-family: Open Sans; font-size: 14px;\"><a href=\"https:\/\/www.jyu.fi\/en\/people\/summer-abounar\" target=\"_blank\" rel=\"noopener\"><strong>Abounar Summer<\/strong><\/a>, summer.a.abounar@jyu.fi, tel. +358 50 413 4150<br \/>\n<a href=\"https:\/\/www.jyu.fi\/en\/people\/johanna-ahola\" target=\"_blank\" rel=\"noopener\"><strong>Ahola Johanna<\/strong><\/a>, johanna.m.ahola@jyu.fi, tel. +358 50 562 9019<\/span><br \/>\n<span style=\"font-family: Open Sans; font-size: 14px;\"><a href=\"https:\/\/www.jyu.fi\/en\/people\/salla-era\"><strong>Era Salla<\/strong><\/a>, salla.ma.era@jyu.fi, tel. +358 50 300 5607<\/span><br \/>\n<span style=\"font-family: Open Sans; font-size: 14px;\"><strong><a class=\"external-link\" href=\"https:\/\/www.jyu.fi\/en\/people\/johanna-eronen\"><span class=\"external-link\">Eronen Johanna<\/span><\/a><\/strong>, johanna.eronen@jyu.fi, tel. +358 50 478 1067<br \/>\n<a href=\"https:\/\/www.jyu.fi\/en\/people\/paivi-eskola\" target=\"_blank\" rel=\"noopener\"><strong>Eskola P\u00e4ivi<\/strong><\/a>, paivi.eskola@jyu.fi, tel. +358 40 576 7771<br \/>\n<\/span><span style=\"font-family: Open Sans; font-size: 14px;\"><a href=\"https:\/\/www.jyu.fi\/en\/people\/tiina-fohr\"><strong>F\u00f6hr Tiina<\/strong><\/a>, tiina.m.fohr@jyu.fi, tel. +358 40 705 4858 <\/span><br \/>\n<span style=\"font-family: Open Sans; font-size: 14px;\"><a href=\"https:\/\/www.jyu.fi\/en\/people\/ulla-halonen\"><strong>Halonen Ulla<\/strong><\/a>, ulla.m.halonen@jyu.fi, tel. +358 50 470 5044<br \/>\n<strong><a class=\"external-link\" href=\"https:\/\/www.jyu.fi\/en\/people\/paivi-herranen\">Herranen P\u00e4ivi<\/a><\/strong>, paivi.m.herranen@jyu.fi<\/span><br \/>\n<span style=\"font-family: Open Sans; font-size: 14px;\"><strong><a class=\"external-link\" href=\"https:\/\/www.jyu.fi\/en\/people\/enni-maria-hietavala\">Hietavala Enni<\/a><\/strong>, enni.m.hietavala@jyu.fi, tel. +358 50 472 6822<\/span><span style=\"font-family: Open Sans; font-size: 14px;\"><br \/>\n<\/span><span style=\"font-family: Open Sans; font-size: 14px;\"><a href=\"https:\/\/www.jyu.fi\/en\/people\/matti-hyvarinen\" target=\"_blank\" rel=\"noopener noreferrer\"><strong>Hyv\u00e4rinen Matti<\/strong><\/a>, matti.v.hyvarinen@jyu.fi, tel. +358 50 535 8691<br \/>\n<a href=\"https:\/\/www.jyu.fi\/en\/people\/antti-pekka-hamalainen\" target=\"_blank\" rel=\"noopener noreferrer\"><strong>H\u00e4m\u00e4l\u00e4inen Antti<\/strong><\/a>, antti.ap.hamalainen@jyu.fi, tel. +358 40 643 1016<br \/>\n<a href=\"https:\/\/www.jyu.fi\/en\/people\/onni-hamalainen\" target=\"_blank\" rel=\"noopener noreferrer\"><strong>H\u00e4m\u00e4l\u00e4inen Onni<\/strong><\/a>, onni.o.hamalainen@jyu.fi, tel. +358504757167<br \/>\n<a href=\"https:\/\/www.jyu.fi\/en\/people\/riitta-hanninen\" target=\"_blank\" rel=\"noopener noreferrer\"><strong>H\u00e4nninen Riitta<\/strong><\/a>, riitta.j.hanninen@jyu.fi, tel. +358 40 707 7481<\/span><span style=\"font-family: Open Sans; font-size: 14px;\"><br \/>\n<a href=\"https:\/\/www.jyu.fi\/en\/people\/laura-joensuu\" target=\"_blank\" rel=\"noopener\"><strong>Joensuu Laura<\/strong><\/a>, laura.p.joensuu@jyu.fi, tel. +358 50 436 3466<br \/>\n<a href=\"https:\/\/www.jyu.fi\/en\/people\/tiina-jokela\" target=\"_blank\" rel=\"noopener\"><strong>Jokela Tiina<\/strong><\/a>, tiina.a.jokela@jyu.fi, tel. +358 50 475 1124<\/span><span style=\"font-family: Open Sans; font-size: 14px;\"><br \/>\n<a href=\"https:\/\/www.jyu.fi\/en\/people\/anna-kankaanpaa\"><strong>Kankaanp\u00e4\u00e4 Anna<\/strong><\/a>, anna.k.kankaanpaa@jyu.fi, tel. +358 50 478 7978<\/span><br \/>\n<span style=\"font-family: Open Sans; font-size: 14px;\"><a class=\"external-link\" href=\"https:\/\/www.jyu.fi\/en\/people\/laura-karavirta\"><strong>Karavirta Laura<\/strong><\/a>, laura.i.karavirta@jyu.fi, tel. +358 40 805 5041<\/span><br \/>\n<span style=\"font-family: Open Sans; font-size: 14px;\"><strong><a class=\"external-link\" href=\"https:\/\/www.jyu.fi\/en\/people\/sira-karvinen\">Karvinen Sira<\/a><\/strong>, sira.m.karvinen@jyu.fi, tel. +358 50 362 5120<\/span><br \/>\n<span style=\"font-family: Open Sans; font-size: 14px;\"><strong><a class=\"external-link\" href=\"https:\/\/www.jyu.fi\/en\/people\/markku-kauppinen\"><span class=\"internal-link\">Kauppinen Markku<\/span><\/a><\/strong>, markku.a.kauppinen@jyu.fi, tel. +358 40 805 3559<\/span><br \/>\n<span style=\"font-family: Open Sans; font-size: 14px;\"><strong><a class=\"external-link\" href=\"https:\/\/www.jyu.fi\/en\/people\/kirsi-keskinen\"><span class=\"external-link\">Keskinen Kirsi<\/span><\/a><\/strong>, kirsi.e.keskinen@jyu.fi, tel. +358 50 433 9454<br \/>\n<a href=\"https:\/\/www.jyu.fi\/en\/people\/eeva-kettunen\"><strong>Kettunen Eeva<\/strong><\/a>, eeva.k.kettunen@jyu.fi, tel. +358 50 301 3414<br \/>\n<a href=\"https:\/\/www.jyu.fi\/en\/people\/sher-e-khoda\" target=\"_blank\" rel=\"noopener noreferrer\"><strong>Khoda Sher Md. E<\/strong><\/a>., md.s.khoda@jyu.fi, tel. +358 40 688 5855<br \/>\n<\/span><span style=\"font-family: Open Sans; font-size: 14px;\"><a href=\"https:\/\/www.jyu.fi\/en\/people\/hilla-kiuru\"><strong>Kiuru Hilla<\/strong><\/a>, hilla.v.kiuru@jyu.fi, tel. +358 50 433 8620<br \/>\n<\/span><span style=\"font-family: Open Sans; font-size: 14px;\"><a class=\"external-link\" href=\"https:\/\/www.jyu.fi\/en\/people\/kaisa-koivunen\"><strong>Koivunen Kaisa<\/strong><\/a>, kaisa.m.koivunen@jyu.fi, tel. +358 40 805 3972<\/span><br \/>\n<span style=\"font-family: Open Sans; font-size: 14px;\"><a class=\"external-link\" href=\"https:\/\/www.jyu.fi\/en\/people\/marko-korhonen\"><strong>Korhonen Marko<\/strong><\/a>, marko.t.korhonen@jyu.fi, tel. +358 50 587 4569<br \/>\n<a href=\"https:\/\/www.jyu.fi\/en\/people\/tia-marje-korhonen\" target=\"_blank\" rel=\"noopener\"><strong>Korhonen Tia-Marje<\/strong><\/a>, tia-marje.k.korhonen@jyu.fi, tel. +358 50 472 8557 <\/span><br \/>\n<span style=\"font-family: Open Sans; font-size: 14px;\"><a href=\"https:\/\/www.jyu.fi\/en\/people\/viivi-korpela\"><strong>Korpela Viivi<\/strong><\/a>, viivi.e.korpela@jyu.fi, tel. +358 40 703 3101<br \/>\n<a href=\"https:\/\/www.jyu.fi\/en\/people\/mari-kuutti\" target=\"_blank\" rel=\"noopener\"><strong>Kuutti Mari<\/strong><\/a>, mari.a.kuutti@jyu.fi, tel. +358 44 972 4473<br \/>\n<a href=\"https:\/\/www.jyu.fi\/en\/people\/youngbin-kwon\" target=\"_blank\" rel=\"noopener noreferrer\"><strong>Kwon Youngbin<\/strong><\/a>, youngbin.j.kwon@jyu.fi, tel. +358 50 406 9071<br \/>\n<\/span><span style=\"font-family: Open Sans; font-size: 14px;\"><a href=\"https:\/\/www.jyu.fi\/en\/people\/minta-karkkainen\" target=\"_blank\" rel=\"noopener noreferrer\"><strong>K\u00e4rkk\u00e4inen Minta<\/strong><\/a>, minta.e.m.karkkainen@jyu.fi, +358 44 258 2062<\/span><br \/>\n<span style=\"font-family: Open Sans; font-size: 14px;\"><strong>Lahti Anna<\/strong>, anna.lahti@folkhalsan.fi\u00a0<\/span><br \/>\n<strong><span style=\"font-family: Open Sans; font-size: 14px;\"><a href=\"https:\/\/www.jyu.fi\/en\/people\/hannamari-lankila\" target=\"_blank\" rel=\"noopener\">Lankila Hannamari<\/a>, <\/span><\/strong><span style=\"font-family: Open Sans; font-size: 14px;\">hannamari.i.lankila@jyu.fi<\/span><br \/>\n<span style=\"font-family: Open Sans; font-size: 14px;\"><a href=\"https:\/\/www.jyu.fi\/en\/people\/emilia-leinonen\" target=\"_blank\" rel=\"noopener noreferrer\"><strong>Leinonen Emilia<\/strong><\/a>, emilia.a.leinonen@jyu.fi, tel. +358 40 805 4280<br \/>\n<\/span><span style=\"font-family: Open Sans; font-size: 14px;\"><strong>Levonmaa Helena<\/strong>, helena.k.levonmaa@student.jyu.fi<br \/>\n<a href=\"https:\/\/www.jyu.fi\/en\/people\/katja-lindeman\"><strong>Lindeman Katja<\/strong><\/a>, katja.m.lindeman@jyu.fi, tel. +358 50 473 3214<br \/>\n<\/span><span style=\"font-family: Open Sans; font-size: 14px;\"><a href=\"https:\/\/www.jyu.fi\/en\/people\/henna-littunen\"><strong>Littunen Henna<\/strong><\/a>, henna-riikka.m.littunen@jyu.fi<\/span><br \/>\n<span style=\"font-family: Open Sans; font-size: 14px;\"><a href=\"https:\/\/www.jyu.fi\/en\/people\/andrea-lorenz-wende\"><strong> Lorenz-Wende Andrea<\/strong><\/a>, andrea.c.lorenz-wende@jyu.fi, +358 50 305 0792<br \/>\n<a href=\"https:\/\/www.jyu.fi\/en\/people\/antti-lopponen\"><strong>L\u00f6pp\u00f6nen Antti<\/strong><\/a>, antti.ej.lopponen@jyu.fi, tel. +358 40 620 1771<br \/>\n<a href=\"https:\/\/www.jyu.fi\/en\/people\/heidi-maaranen\"><strong>Maaranen Heidi<\/strong><\/a>, heidi.a.maaranen@jyu.fi<br \/>\n<a href=\"https:\/\/www.jyu.fi\/en\/people\/liinu-marin\"><strong>Marin Liinu<\/strong><\/a>, liinu.l.marin@jyu.fi, tel. +358 50 309 6733<\/span><br \/>\n<span style=\"font-family: Open Sans; font-size: 14px;\"><a href=\"https:\/\/www.jyu.fi\/en\/people\/liliya-martynova\" target=\"_blank\" rel=\"noopener noreferrer\"><strong>Martynova Liliya<\/strong><\/a>, liliya.v.martynova@jyu.fi, tel. +358 50 471 0996<\/span><br \/>\n<span style=\"font-family: Open Sans; font-size: 14px;\"><a href=\"https:\/\/www.jyu.fi\/en\/people\/jiby-mathew-puthenparambil\" target=\"_blank\" rel=\"noopener noreferrer\"><strong>Mathew Puthenparambil Jiby<\/strong><\/a>, jiby.j.mathew@jyu.fi, tel. +358 44 998 5641<br \/>\n<a href=\"https:\/\/www.jyu.fi\/en\/people\/emmi-matikainen-tervola\"><strong>Matikainen-Tervola Emmi<\/strong><\/a>, emmi.m.matikainen-tervola@jyu.fi, tel. +358 50 599 6408\u00a0<\/span><span style=\"font-family: Open Sans; font-size: 14px;\"><br \/>\n<a href=\"https:\/\/www.jyu.fi\/en\/people\/joona-neuvonen\"><strong>Neuvonen Joona<\/strong><\/a>, joona.e.neuvonen@jyu.fi, tel. +358 50 468 5171<br \/>\n<\/span><span style=\"font-family: Open Sans; font-size: 14px;\"><a href=\"https:\/\/www.jyu.fi\/en\/people\/annika-opperbeck\"><strong>Opperbeck Annika<\/strong><\/a>, annika.a.opperbeck@jyu.fi<\/span><br \/>\n<span style=\"font-family: Open Sans; font-size: 14px;\"><a href=\"https:\/\/www.jyu.fi\/en\/people\/laura-pajula\"><strong>Pajula Laura<\/strong><\/a>, laura.a.pajula@jyu.fi, tel. +358 40 828 0124<\/span><br \/>\n<span style=\"font-family: Open Sans; font-size: 14px;\"><a href=\"https:\/\/www.jyu.fi\/en\/people\/lotta-palmberg\"><strong>Palmberg Lotta<\/strong><\/a>, lotta.m.palmberg@jyu.fi, tel. +358 40 805 4823<\/span><br \/>\n<span style=\"font-family: Open Sans; font-size: 14px;\"><a class=\"external-link\" href=\"https:\/\/www.jyu.fi\/en\/people\/eeva-maija-palonen\"><strong>Palonen Eeva-Maija<\/strong><\/a>, eeva-maija.palonen@jyu.fi, tel. +358 40 805 4211<\/span><br \/>\n<span style=\"font-family: Open Sans; font-size: 14px;\"><a class=\"external-link\" href=\"https:\/\/www.jyu.fi\/en\/people\/heli-peltomaa\"><strong>Peltomaa Heli<\/strong><\/a>, heli.m.peltomaa@jyu.fi, tel. +358 50 476 1170<br \/>\n<a href=\"https:\/\/www.jyu.fi\/en\/people\/anni-pitkanen\"><strong>Pitk\u00e4nen Anni<\/strong><\/a>, anni.j.pitkanen@jyu.fi<br \/>\n<\/span><span style=\"font-family: Open Sans; font-size: 14px;\"><a href=\"https:\/\/www.jyu.fi\/en\/people\/veera-puumalainen\"><strong>Puumalainen Veera<\/strong><\/a>, veera.e.puumalainen@jyu.fi<\/span><br \/>\n<span style=\"font-family: Open Sans; font-size: 14px;\"><strong><a class=\"external-link\" href=\"https:\/\/www.jyu.fi\/en\/people\/timo-rantalainen\">Rantalainen Timo<\/a><\/strong>, timo.rantalainen@jyu.fi, tel. +358 40 805 3252<br \/>\n<a href=\"https:\/\/www.jyu.fi\/en\/people\/suvi-ravi\" target=\"_blank\" rel=\"noopener\"><strong>Ravi Suvi<\/strong><\/a>, suvi.m.ravi@jyu.fi, tel. +358 40 670 7282<br \/>\n<\/span><span style=\"font-family: Open Sans; font-size: 14px;\"><strong>Ray Jenny<\/strong>, jenny.ray@folkhalsan.fi<br \/>\n<a href=\"https:\/\/www.jyu.fi\/en\/people\/emmi-reinila\" target=\"_blank\" rel=\"noopener\"><strong>Reinil\u00e4 Emmi<\/strong><\/a>, emmi.e.reinila@jyu.fi, tel. +358 40 183 1423<\/span><br \/>\n<span style=\"font-family: Open Sans; font-size: 14px;\"><a class=\"external-link\" href=\"https:\/\/www.jyu.fi\/en\/people\/milla-saajanaho\"><span class=\"external-link\"><strong>Saajanaho Milla<\/strong><\/span><\/a>, milla.saajanaho@jyu.fi, tel.\u00a0+358 40\u00a0805 4536<br \/>\n<a href=\"https:\/\/www.jyu.fi\/en\/people\/tiina-savikangas\"><strong>Savikangas Tiina<\/strong><\/a>, tiina.m.savikangas@jyu.fi, tel. +358 50 569 6125<\/span><br \/>\n<span style=\"font-family: Open Sans; font-size: 14px;\"><span style=\"font-family: Open Sans;\"><strong>Stenroth Sini<\/strong>, sini.m.stenroth@jyu.fi<\/span><\/span><br \/>\n<span style=\"font-family: Open Sans; font-size: 14px;\"><a href=\"https:\/\/www.jyu.fi\/en\/people\/anna-katriina-tirkkonen\"><strong><span class=\"external-link\">Tirkkonen Anna<\/span><\/strong><\/a>, anna.a-k.tirkkonen@jyu.fi, tel. +358 40 805 4855<\/span><span style=\"font-family: Open Sans; font-size: 14px;\"><br \/>\n<a href=\"https:\/\/www.jyu.fi\/en\/people\/niko-tynkkynen\"><strong>Tynkkynen Niko<\/strong><\/a>, niko.p.tynkkynen@jyu.fi, tel. +358 50 341 9705<\/span><br \/>\n<span style=\"font-family: Open Sans; font-size: 14px;\"><a class=\"external-link\" href=\"https:\/\/www.jyu.fi\/en\/people\/timo-tormakangas\"><span class=\"internal-link\"><strong>T\u00f6rm\u00e4kangas Timo<\/strong><\/span><\/a>, timo.tormakangas@jyu.fi, tel. +358 40 805 3599<\/span><br \/>\n<span style=\"font-family: Open Sans; font-size: 14px;\"><a href=\"https:\/\/www.jyu.fi\/en\/people\/lina-van-aerschot\" target=\"_blank\" rel=\"noopener noreferrer\"><strong>Van Aerschot Lina<\/strong><\/a>, lina.vanaerschot@jyu.fi, tel. +358 40 805 3767<br \/>\n<strong><a href=\"https:\/\/www.jyu.fi\/en\/people\/elina-vettentera\">Vettenter\u00e4 Elina<\/a><\/strong>, elina.l.i.vettentera@jyu.fi, tel. +358 50 300 2588<\/span><br \/>\n<span style=\"font-family: Open Sans; font-size: 14px;\"><a class=\"external-link\" href=\"https:\/\/www.jyu.fi\/en\/people\/anne-viljanen\"><strong>Viljanen Anne<\/strong><\/a>, anne.viljanen@jyu.fi, tel. +358 40 805 3603<\/span><br \/>\n<span style=\"font-family: Open Sans; font-size: 14px;\"><a class=\"external-link\" href=\"https:\/\/www.jyu.fi\/en\/people\/maija-valimaa\"><strong>V\u00e4limaa Maija<\/strong><\/a>, maija.mv.valimaa@jyu.fi, tel. +358 50 479 7201<\/span>[\/vc_column_text][\/vc_tta_section][vc_tta_section title=&#8221;Tampere&#8221; tab_id=&#8221;1544870095769-f4a7aa60-607b6a4f-8710&#8243;]<h3 class=\"vcex-module vcex-heading vcex-heading-plain vc_custom_1550832303706\" style=\"color:#555555;font-family:Open Sans;font-size:18px;font-weight:300;text-align:left;\"><span class=\"vcex-heading-inner clr\">Professors and professors emeriti<\/span><\/h3>[vc_column_text width=&#8221;750&#8243; font_size=&#8221;14px&#8221; align=&#8221;left&#8221;]<span style=\"font-family: Open Sans; font-size: 14px;\"><strong>Hervonen Antti<\/strong>, gerontology, emeritus, antti.hervonen@uta.fi, tel. +358 40 190 1642<\/span><br \/>\n<span style=\"font-family: Open Sans; font-size: 14px;\"><strong>Hurme Mikko<\/strong>, emeritus, microbiology, mikko.hurme@tuni.fi, tel. +358 3 3551 6652<\/span><br \/>\n<span style=\"font-family: Open Sans; font-size: 14px;\"><a href=\"https:\/\/www.tuni.fi\/en\/marja-jylha\"><strong>Jylh\u00e4 <\/strong><strong>Marja<\/strong><\/a>, gerontology, marja.jylha@tuni.fi, tel +358 40 588 9100<\/span><br \/>\n<span style=\"font-family: Open Sans; font-size: 14px;\"><strong>Jyrk\u00e4m\u00e4 Jyrki<\/strong>, emeritus, social gerontology, jyrki.y.jyrkama@jyu.fi, tel. +358 40 805 4140<\/span><br \/>\n<span style=\"font-family: Open Sans; font-size: 14px;\"><a href=\"https:\/\/solecris.uta.fi\/crisyp\/disp\/5_\/fi\/cr_asiatunt\/edi\/tab\/fet?stack=push&amp;cro=2824292133252818231837173526262136242721232118233622232528292838273822292738393739283727351836321717&amp;verkko=1\" target=\"_blank\" rel=\"noopener noreferrer\"><strong>J\u00e4msen Esa<\/strong><\/a>, geriatry, esa.jamsen@tuni.fi, tel. +358 50 318 6274<br \/>\n<strong><a href=\"https:\/\/www.tuni.fi\/fi\/jenni-k-kulmala\">Kulmala Jenni<\/a>, <\/strong>gerontology, <span class=\"TextRun BCX2 SCXW98167458\" lang=\"FI-FI\" xml:lang=\"FI-FI\" data-contrast=\"auto\"><span class=\"NormalTextRun BCX2 SCXW98167458\">jenni.kulmala@tuni.fi, tel. +358 50 439 5422<\/span><\/span><br \/>\n<\/span><strong><a href=\"http:\/\/people.uta.fi\/~pirjo.nikander\/\">Nikander Pirjo<\/a><\/strong>,\u00a0pirjo.nikander@tuni.fi, tel. +358 40 190 1373<br \/>\n<span style=\"font-family: Open Sans; font-size: 14px;\"><a href=\"https:\/\/www.tuni.fi\/en\/clas-hakan-nygard\"><strong>Nyg\u00e5rd Clas-H\u00e5kan<\/strong><\/a>, emeritus, occupational health, clas-hakan.nygard@tuni.fi fi, tel. +358 50 586 5959<\/span><br \/>\n<span style=\"font-family: Open Sans; font-size: 14px;\"><strong>Rissanen Pekka<\/strong>, health economics, emeritus, pekka.rissanen@tuni.fi, tel. +358 40 7292988<br \/>\n<strong><a href=\"https:\/\/www.tuni.fi\/fi\/anu-siren\">Siren Anu<\/a>, <\/strong>gerontology, anu.siren@tuni.fi, +358 50 475 0373<\/span><br \/>\n<span style=\"font-family: Open Sans; font-size: 14px;\"><strong>Valvanne Jaakko<\/strong>, emeritus, geriatry, jaakko.valvanne@tuni.fi, tel. +358 40\u00a0190 9727<\/span>[\/vc_column_text]<div class=\"vcex-spacing\" style=\"height:20px\"><\/div><h3 class=\"vcex-module vcex-heading vcex-heading-plain vc_custom_1550832310158\" style=\"color:#555555;font-family:Open Sans;font-size:18px;font-weight:300;text-align:left;\"><span class=\"vcex-heading-inner clr\">Researchers and other people<\/span><\/h3>[vc_column_text width=&#8221;750&#8243; font_size=&#8221;14px&#8221; align=&#8221;left&#8221; line_height=&#8221;1,5&#8243;]<span style=\"font-family: Open Sans; font-size: 14px;\"><a href=\"https:\/\/www.tuni.fi\/en\/mari-aaltonen\" target=\"_blank\" rel=\"noopener noreferrer\"><strong>Aaltonen Mari<\/strong><\/a>, mari.aaltonen@tuni.fi, tel. +358 40 1901674<\/span><span style=\"font-family: Open Sans; font-size: 14px;\"><strong><br \/>\nAutio Arttu<\/strong>, arttu.autio@tuni.fi<\/span><br \/>\n<span style=\"font-family: Open Sans; font-size: 14px;\"><a href=\"https:\/\/www.tuni.fi\/en\/linda-enroth\" target=\"_blank\" rel=\"noopener noreferrer\"><strong>Enroth Linda<\/strong><\/a>, linda.enroth@tuni.fi, tel. +358 40 190 1647<\/span><br \/>\n<span style=\"font-family: Open Sans; font-size: 14px;\"><a href=\"https:\/\/www.tuni.fi\/en\/leena-forma\" target=\"_blank\" rel=\"noopener noreferrer\"><strong>Forma Leena<\/strong><\/a>, leena.forma@tuni.fi, tel. +358\u00a0\u00a040 190 1604<\/span><br \/>\n<span style=\"font-family: Open Sans; font-size: 14px;\"><a href=\"https:\/\/www.tuni.fi\/en\/pauliina-halonen\" target=\"_blank\" rel=\"noopener noreferrer\"><strong>Halonen Pauliina<\/strong><\/a>, pauliina.halonen@tuni.fi, tel. +358 50\u00a0437\u00a07338<\/span><br \/>\n<span style=\"font-family: Open Sans; font-size: 14px;\"><a href=\"https:\/\/www.tuni.fi\/en\/outi-jolanki\" target=\"_blank\" rel=\"noopener noreferrer\"><strong>Jolanki Outi<\/strong><\/a>, outi.jolanki@tuni.fi, tel. +358 40\u00a0190 1660<\/span><br \/>\n<span style=\"font-family: Open Sans; font-size: 14px;\"><strong>Jylh\u00e4v\u00e4 Juulia<\/strong>, juulia.jylhava@tuni.fi, tel. +358\u00a0 3 3551 6874<\/span><br \/>\n<span style=\"font-family: Open Sans; font-size: 14px;\"><a href=\"https:\/\/www.tuni.fi\/fi\/prakash-kc\"><strong>K. C. Prakash<\/strong><\/a>, prakash.kc@tuni.fi, tel. +358 50 509 9158<\/span><br \/>\n<span style=\"font-family: Open Sans; font-size: 14px;\"><a href=\"https:\/\/www.tuni.fi\/fi\/laura-kananen\"><strong>Kananen Laura<\/strong><\/a>, laura.kananen@tuni.fi, tel. +358 50\u00a0318\u00a06296<\/span><br \/>\n<span style=\"font-family: Open Sans; font-size: 14px;\"><a href=\"https:\/\/www.tuni.fi\/en\/tiina-kangasluoma\" target=\"_blank\" rel=\"noopener noreferrer\"><strong>Kangasluoma Tiina<\/strong><\/a>, tiina.kangasluoma@tuni.fi, tel. +358 40 190 1649<\/span><br \/>\n<span style=\"font-family: Open Sans; font-size: 14px;\"><a href=\"https:\/\/www.tuni.fi\/en\/hanna-kerminen\" target=\"_blank\" rel=\"noopener noreferrer\"><strong>Kerminen Hanna<\/strong><\/a>, hanna.kerminen@tuni.fi<\/span><br \/>\n<span style=\"font-family: Open Sans; font-size: 14px;\"><a href=\"https:\/\/www.tuni.fi\/en\/katri-keskinen\" target=\"_blank\" rel=\"noopener noreferrer\"><strong>Keskinen Katri<\/strong><\/a>, katri.keskinen@tuni.fi, tel. +358 50 437 7625<\/span><br \/>\n<span style=\"font-family: Open Sans; font-size: 14px;\"><strong>Kosonen Hanna<\/strong>, hanna.kosonen@tuni.fi<br \/>\n<strong>Kyr\u00f6nlahti Saila,<\/strong> saila.kyronlahti@tuni.fi<br \/>\n<strong>Lahti, Laura<\/strong> laura.e.lahti@tuni.fi<\/span><br \/>\n<span style=\"font-family: Open Sans; font-size: 14px;\"><strong>Lemivaara Marjut<\/strong>, marjut.lemivaara@tuni.fi<\/span><br \/>\n<span style=\"font-family: Open Sans; font-size: 14px;\"><strong><a href=\"https:\/\/www.tuni.fi\/en\/kirsi-lumme-sandt\" target=\"_blank\" rel=\"noopener noreferrer\">Lumme-Sandt Kirsi<\/a>\u00a0<\/strong>, kirsi.lumme-sandt@tuni.fi, tel. +358 40 190 1606<\/span><br \/>\n<span style=\"font-family: Open Sans; font-size: 14px;\"><a href=\"https:\/\/www.tuni.fi\/en\/saara-marttila\" target=\"_blank\" rel=\"noopener noreferrer\"><strong>Marttila Saara<\/strong><\/a>, saara.marttila@tuni.fi, tel +358 50 318 5813<\/span><br \/>\n<span style=\"font-family: Open Sans; font-size: 14px;\"><a href=\"https:\/\/www.tuni.fi\/en\/subas-neupane\" target=\"_blank\" rel=\"noopener noreferrer\"><strong>Neupane Subas<\/strong><\/a>, subas.neupane@tuni.fi, tel. +358 40 190 9709<\/span><br \/>\n<span style=\"font-family: Open Sans; font-size: 14px;\"><strong>Nevalainen Tapio<\/strong>, tapio.nevalainen@tuni.fi, tel. +358 50 318 6248<\/span><br \/>\n<span style=\"font-family: Open Sans; font-size: 14px;\"><a href=\"https:\/\/www.tuni.fi\/en\/lily-nosraty\" target=\"_blank\" rel=\"noopener noreferrer\"><strong>Nosraty Lily<\/strong><\/a>, lily.nosraty@tuni.fi, tel. +358\u00a0 40 1901660<\/span><br \/>\n<span style=\"font-family: Open Sans; font-size: 14px;\"><a href=\"https:\/\/www.tuni.fi\/en\/hanna-ojala\" target=\"_blank\" rel=\"noopener noreferrer\"><strong>Ojala Hanna<\/strong><\/a>, hanna.ojala@tuni.fi, tel. +358 40\u00a0190\u00a01246<\/span><br \/>\n<span style=\"font-family: Open Sans; font-size: 14px;\"><strong><a href=\"https:\/\/www.tuni.fi\/en\/mira-palonen\" target=\"_blank\" rel=\"noopener noreferrer\">Palonen Mira<\/a><\/strong>, mira.palonen@tuni.fi, tel. +35840 190 1451<\/span><br \/>\n<span style=\"font-family: Open Sans; font-size: 14px;\"><a href=\"https:\/\/www.tuni.fi\/en\/federica-previtali\" target=\"_blank\" rel=\"noopener noreferrer\"><strong>Previtali Frederica<\/strong><\/a>, federica.previtali@tuni.fi, <span lang=\"en-US\">+358 50 3182133<\/span><\/span><br \/>\n<span style=\"font-family: Open Sans; font-size: 14px;\"><a href=\"https:\/\/www.tuni.fi\/en\/jutta-pulkki\" target=\"_blank\" rel=\"noopener noreferrer\"><strong>Pulkki Jutta<\/strong><\/a>, jutta.pulkki@tuni.fi, tel +358 50\u00a0318\u00a06742<\/span><br \/>\n<span style=\"font-family: Open Sans; font-size: 14px;\"><a href=\"https:\/\/www.tuni.fi\/en\/jani-raitanen\" target=\"_blank\" rel=\"noopener noreferrer\"><strong>Raitanen Jani<\/strong><\/a>, jani.raitanen@tuni.fi, tel. +358 40 190 1686<br \/>\n<strong>Rantala Anniriikka,<\/strong> anniriikka.rantala@tuni.fi, tel+358 50 574 5205<\/span><br \/>\n<span style=\"font-family: Open Sans; font-size: 14px;\"><a href=\"https:\/\/www.tuni.fi\/en\/anna-siukola\" target=\"_blank\" rel=\"noopener noreferrer\"><strong>Siukola Anna<\/strong><\/a>, anna.siukola@tuni.fi, tel. \u00a0+358 50 318 7749<\/span><br \/>\n<span style=\"font-family: Open Sans; font-size: 14px;\"><strong>Surakka Johanna<\/strong>, johanna.surakka@tuni.fi, tel. +358 50\u00a0318\u00a07828<\/span><br \/>\n<span style=\"font-family: Open Sans; font-size: 14px;\"><a href=\"https:\/\/www.tuni.fi\/en\/kristina-tiainen\" target=\"_blank\" rel=\"noopener noreferrer\"><strong>Tiainen Kristina<\/strong><\/a>, kristina.tiainen@tuni.fi, tel. +358\u00a040 190 1648<\/span><br \/>\n<span style=\"font-size: 14px; font-family: Open Sans;\"><a href=\"https:\/\/www.tuni.fi\/en\/katariina-tuominen\" target=\"_blank\" rel=\"noopener noreferrer\"><strong>Tuominen<\/strong> <strong>Katariina<\/strong><\/a>, katariina.tuominen@tuni.fi, tel. +358 50 437 7524<br \/>\n<strong>Valkama Outi<\/strong>, outi.valkama@tuni.fi<\/span>[\/vc_column_text]<div class=\"vcex-spacing\" style=\"height:10px\"><\/div>[\/vc_tta_section][vc_tta_section title=&#8221;Adjunct Professorships i.e. Title of Docents&#8221; tab_id=&#8221;1554701916028-c5e2a3c2-940f&#8221;][vc_column_text]<span style=\"font-family: Open Sans; font-size: 14px;\"><span style=\"font-size: 16px;\">Adjunct Professorships i.e. Title of Docents in Gerontology, Faculty of Sport and Health Sciences, University of Jyv\u00e4skyl\u00e4 (since 2010):<\/span><br \/>\n<\/span><\/p>\n<p><span style=\"font-family: Open Sans; font-size: 14px;\"><strong>Sari Stenholm<\/strong>, PhD in Health Sciences, Gerontology and Public Health <\/span><br \/>\n<span style=\"font-family: Open Sans; font-size: 14px;\"><strong>Jenni Kulmala<\/strong>, PhD in Health Sciences, Gerontology and Public Health\u00a0<\/span><br \/>\n<span style=\"font-family: Open Sans; font-size: 14px;\"><strong>Kristina Tiainen<\/strong>, PhD in Health Sciences, Exercise Gerontology<br \/>\n<\/span><\/p>\n<p><span style=\"font-family: Open Sans; font-size: 14px;\"><span style=\"font-size: 16px;\">Adjunct Professorships i.e. Title of Docents in Gerontology, Faculty of\u00a0 Social Sciences, Tampere University:<br \/>\n<\/span><\/span><\/p>\n<p><span style=\"font-family: Open Sans; font-size: 14px;\"><strong>Ulla Eloniemi-Sulkava<\/strong>, PhD in Health Sciences \/ Geriatrics\u00a0<\/span><br \/>\n<span style=\"font-family: Open Sans; font-size: 14px;\"><strong>Anne Viljanen<\/strong>, PhD in Health Sciences\u00a0\u00a0<\/span><br \/>\n<span style=\"font-family: Open Sans; font-size: 14px;\"><strong>Anja Noro<\/strong>, PhD in Health Services\u00a0<\/span><br \/>\n<span style=\"font-family: Open Sans; font-size: 14px;\"><strong>Merja Rantakokko<\/strong>, PhD in Health Sciences<\/span><br \/>\n<span style=\"font-family: Open Sans; font-size: 14px;\"><strong>Tiina-Mari Lyyra<\/strong>, PhD in Health Sciences\u00a0<b><\/b><\/span><br \/>\n<span style=\"font-family: Open Sans; font-size: 14px;\"><strong>Pertti Pohjolainen<\/strong>, PhD in Sports Sciences\u00a0<\/span><br \/>\n<span style=\"font-family: Open Sans; font-size: 14px;\"><strong>Pertti Era<\/strong>, PhD in Sports Sciences\u00a0<\/span><br \/>\n<span style=\"font-family: Open Sans; font-size: 14px;\">Professor <strong>Richard Pieper<\/strong>, PhD in Sociology\u00a0<\/span><br \/>\n<span style=\"font-family: Open Sans; font-size: 14px;\"><strong>Terttu Parkatti<\/strong>, PhD in Sport Sciences\u00a0<\/span><\/p>\n<p><span style=\"font-family: Open Sans; font-size: 16px;\">Adjunct Professorships i.e. Title of Docents in Geriatrics, Faculty of Medicine and Health Technology, Tampere University:<\/span><\/p>\n<p><span style=\"font-family: Open Sans; font-size: 14px;\"><strong>Pirkko J\u00e4ntti<\/strong>, MD in Geriatrics\u00a0<\/span>[\/vc_column_text][\/vc_tta_section][vc_tta_section title=&#8221;Scientific Advisory Board 2022-2025&#8243; tab_id=&#8221;1544870095773-caae5901-99556a4f-8710&#8243;]<h3 class=\"vcex-module vcex-heading vcex-heading-plain vc_custom_1641194247027\" style=\"color:#555555;font-size:18px;font-weight:300;text-align:left;\"><span class=\"vcex-heading-inner clr\">Scientific Advisory Board 2022-2025<\/span><\/h3>[vc_column_text width=&#8221;750&#8243; font_size=&#8221;14px&#8221; align=&#8221;left&#8221;]Professor Susanne Iwarsson, Lund University<\/p>\n<p>Research professor Marja Aartsen, Oslo Metropolitan University<\/p>\n<p>Professor Kaare Christensen, University of Southern Denmark<\/p>\n<p>Vanhusasianvaltuutettu P\u00e4ivi Topo[\/vc_column_text][\/vc_tta_section][vc_tta_section title=&#8221;Board 2024-2025&#8243; tab_id=&#8221;1639128179164-440f6bcf-075d&#8221;][\/vc_tta_section][\/vc_tta_tabs][\/vc_column][\/vc_row][vc_row][vc_column][vc_column_text]<strong>Board Members 2024-2025:<\/strong><\/p>\n<p>Director: Anu Siren, TAU<\/p>\n<p>Vice Director: Katja Kokko, JY<\/p>\n<p>&nbsp;<\/p>\n<p>Mikaela von Bonsdorff JY<\/p>\n<p>Juulia Jylh\u00e4v\u00e4 TAU<\/p>\n<p>Tiia Kek\u00e4l\u00e4inen JY<\/p>\n<p>Jenni Kulmala TAU<\/p>\n<p>Laura Lahti TAU<\/p>\n<p>Katja Lindeman JY<\/p>\n<p>Merja Rantakokko JY<\/p>\n<p>Katariina Tuominen TAU[\/vc_column_text][\/vc_column][\/vc_row]\n","protected":false,"raw":"[vc_row column_spacing=\"50\" bg_style=\"stretch\" css=\".vc_custom_1544814296502{padding-top: 30px !important;padding-bottom: 5px !important;}\"][vc_column][vcex_image overlay_style=\"\" image_id=\"5935\"][vcex_spacing][vc_tta_tabs style=\"modern\" shape=\"square\" gap=\"10\" active_section=\"6\"][vc_tta_section title=\"Jyv\u00e4skyl\u00e4\" tab_id=\"1544870095765-3c77cc4f-1d736a4f-8710\"][vcex_heading text=\"Professors and professors emeriti\" tag=\"h3\" text_align=\"left\" color=\"#555555\" font_size=\"18px\" font_weight=\"300\" css=\".vc_custom_1550832246894{padding-bottom: 20px !important;}\" font_family=\"Open Sans\"][vc_column_text width=\"750\" font_size=\"14px\" align=\"left\"]<span style=\"font-family: Open Sans; font-size: 14px;\"><strong><a href=\"https:\/\/www.jyu.fi\/en\/people\/mikaela-bonsdorff-von\">Bonsdorff von Mikaela<\/a><\/strong>, gerontology and public health, mikaela.vonbonsdorff@jyu.fi, tel. +358 40 034 2692<\/span>\r\n<span style=\"font-family: Open Sans; font-size: 14px;\"><strong>Jyrk\u00e4m\u00e4 Jyrki<\/strong>, social gerontology, emeritus, jyrki.jyrkama@jyu.fi<\/span>\r\n<span style=\"font-family: Open Sans; font-size: 14px;\"><strong><a class=\"external-link\" href=\"https:\/\/www.jyu.fi\/en\/people\/katja-kokko\"><span class=\"external-link\">Kokko Katja<\/span><\/a><\/strong>, research director, lifespan psychology, <span id=\"form-widgets-IContactInfo-email\" class=\"textline-field text-widget\">katja.r.kokko@jyu.fi, tel. <\/span><span id=\"form-widgets-IContactInfo-phone_number\" class=\"textline-field text-widget\">+358 40 805 3500<\/span><\/span>\r\n<span style=\"font-family: Open Sans; font-size: 14px;\"><strong>Kovanen Vuokko<\/strong>, emerita<a href=\"https:\/\/www.jyu.fi\/en\/people\/teppo-kroger\">\r\n<strong>Kr\u00f6ger Teppo<\/strong><\/a>, social and public policy, teppo.kroger@jyu.fi, tel. +358 40 805 4160<\/span>\r\n<span style=\"font-family: Open Sans; font-size: 14px;\"> <strong><a class=\"external-link\" href=\"https:\/\/www.jyu.fi\/en\/people\/eija-laakkonen\"><span class=\"internal\">Laakkonen Eija<\/span><\/a><\/strong>, translational research on physical activity and health, eija.k.laakkonen@jyu.fi, tel. +358 40 805 3588<\/span>\r\n<span style=\"font-family: Open Sans; font-size: 14px;\"><strong><a href=\"https:\/\/www.jyu.fi\/en\/people\/riku-nikander\">Nikander Riku<\/a><\/strong>, clinical physiotherapy, riku.p.nikander@jyu.fi, tel. +358 40 805 4818<\/span>\r\n<span style=\"font-family: Open Sans; font-size: 14px;\"> <a href=\"https:\/\/www.jyu.fi\/en\/people\/merja-rantakokko\"><strong>Rantakokko Merja<\/strong><\/a>, gerontological rehabilitation, merja.h.rantakokko@jyu.fi, tel. +358 50 301 6860<\/span>\r\n<span style=\"font-family: Open Sans; font-size: 14px;\"><a href=\"https:\/\/www.jyu.fi\/en\/people\/taina-rantanen\"><strong>Rantanen Taina<\/strong><\/a>, gerontology and public health, taina.rantanen@jyu.fi, tel.\u00a0 +358 40 805 3590<\/span>\r\n<span style=\"font-family: Open Sans; font-size: 14px;\"><strong><a class=\"external-link\" href=\"https:\/\/www.jyu.fi\/en\/people\/elina-sillanpaa\"><span class=\"external-link\">Sillanp\u00e4\u00e4 Elina<\/span><\/a><\/strong>, health promotion, elina.sillanpaa@jyu.fi, tel. +358 40 142 9639<a href=\"https:\/\/www.jyu.fi\/en\/people\/sarianna-sipila\">\r\n<strong>Sipil\u00e4 Sarianna<\/strong><\/a>, exercise gerontology, sarianna.sipila@jyu.fi, tel.\u00a0 +358 40 805 3593<\/span>\r\n<span style=\"font-family: Open Sans; font-size: 14px;\"> <a href=\"https:\/\/www.jyu.fi\/en\/people\/sakari-taipale\"><strong>Taipale Sakari<\/strong><\/a>, social and public policy, sakari.taipale@jyu.fi, tel. +358 40 0728 852<\/span><span style=\"font-family: Open Sans; font-size: 14px;\">\r\n<a href=\"https:\/\/www.jyu.fi\/en\/people\/heli-valokivi\" target=\"_blank\" rel=\"noopener noreferrer\"><strong>Valokivi Heli<\/strong><\/a>, social work, heli.valokivi@jyu.fi, tel. +358 40 664 1514<\/span>[\/vc_column_text][vcex_spacing size=\"20px\"][vcex_heading text=\"Researchers and other people\" tag=\"h3\" text_align=\"left\" color=\"#555555\" font_size=\"18px\" font_weight=\"300\" css=\".vc_custom_1550832254336{padding-bottom: 20px !important;}\" font_family=\"Open Sans\"][vc_column_text width=\"750\" font_size=\"14px\" align=\"left\"]<span style=\"font-family: Open Sans; font-size: 14px;\"><a href=\"https:\/\/www.jyu.fi\/en\/people\/summer-abounar\" target=\"_blank\" rel=\"noopener\"><strong>Abounar Summer<\/strong><\/a>, summer.a.abounar@jyu.fi, tel. +358 50 413 4150\r\n<a href=\"https:\/\/www.jyu.fi\/en\/people\/johanna-ahola\" target=\"_blank\" rel=\"noopener\"><strong>Ahola Johanna<\/strong><\/a>, johanna.m.ahola@jyu.fi, tel. +358 50 562 9019<\/span>\r\n<span style=\"font-family: Open Sans; font-size: 14px;\"><a href=\"https:\/\/www.jyu.fi\/en\/people\/salla-era\"><strong>Era Salla<\/strong><\/a>, salla.ma.era@jyu.fi, tel. +358 50 300 5607<\/span>\r\n<span style=\"font-family: Open Sans; font-size: 14px;\"><strong><a class=\"external-link\" href=\"https:\/\/www.jyu.fi\/en\/people\/johanna-eronen\"><span class=\"external-link\">Eronen Johanna<\/span><\/a><\/strong>, johanna.eronen@jyu.fi, tel. +358 50 478 1067\r\n<a href=\"https:\/\/www.jyu.fi\/en\/people\/paivi-eskola\" target=\"_blank\" rel=\"noopener\"><strong>Eskola P\u00e4ivi<\/strong><\/a>, paivi.eskola@jyu.fi, tel. +358 40 576 7771\r\n<\/span><span style=\"font-family: Open Sans; font-size: 14px;\"><a href=\"https:\/\/www.jyu.fi\/en\/people\/tiina-fohr\"><strong>F\u00f6hr Tiina<\/strong><\/a>, tiina.m.fohr@jyu.fi, tel. +358 40 705 4858 <\/span>\r\n<span style=\"font-family: Open Sans; font-size: 14px;\"><a href=\"https:\/\/www.jyu.fi\/en\/people\/ulla-halonen\"><strong>Halonen Ulla<\/strong><\/a>, ulla.m.halonen@jyu.fi, tel. +358 50 470 5044\r\n<strong><a class=\"external-link\" href=\"https:\/\/www.jyu.fi\/en\/people\/paivi-herranen\">Herranen P\u00e4ivi<\/a><\/strong>, paivi.m.herranen@jyu.fi<\/span>\r\n<span style=\"font-family: Open Sans; font-size: 14px;\"><strong><a class=\"external-link\" href=\"https:\/\/www.jyu.fi\/en\/people\/enni-maria-hietavala\">Hietavala Enni<\/a><\/strong>, enni.m.hietavala@jyu.fi, tel. +358 50 472 6822<\/span><span style=\"font-family: Open Sans; font-size: 14px;\">\r\n<\/span><span style=\"font-family: Open Sans; font-size: 14px;\"><a href=\"https:\/\/www.jyu.fi\/en\/people\/matti-hyvarinen\" target=\"_blank\" rel=\"noopener noreferrer\"><strong>Hyv\u00e4rinen Matti<\/strong><\/a>, matti.v.hyvarinen@jyu.fi, tel. +358 50 535 8691\r\n<a href=\"https:\/\/www.jyu.fi\/en\/people\/antti-pekka-hamalainen\" target=\"_blank\" rel=\"noopener noreferrer\"><strong>H\u00e4m\u00e4l\u00e4inen Antti<\/strong><\/a>, antti.ap.hamalainen@jyu.fi, tel. +358 40 643 1016\r\n<a href=\"https:\/\/www.jyu.fi\/en\/people\/onni-hamalainen\" target=\"_blank\" rel=\"noopener noreferrer\"><strong>H\u00e4m\u00e4l\u00e4inen Onni<\/strong><\/a>, onni.o.hamalainen@jyu.fi, tel. +358504757167\r\n<a href=\"https:\/\/www.jyu.fi\/en\/people\/riitta-hanninen\" target=\"_blank\" rel=\"noopener noreferrer\"><strong>H\u00e4nninen Riitta<\/strong><\/a>, riitta.j.hanninen@jyu.fi, tel. +358 40 707 7481<\/span><span style=\"font-family: Open Sans; font-size: 14px;\">\r\n<a href=\"https:\/\/www.jyu.fi\/en\/people\/laura-joensuu\" target=\"_blank\" rel=\"noopener\"><strong>Joensuu Laura<\/strong><\/a>, laura.p.joensuu@jyu.fi, tel. +358 50 436 3466\r\n<a href=\"https:\/\/www.jyu.fi\/en\/people\/tiina-jokela\" target=\"_blank\" rel=\"noopener\"><strong>Jokela Tiina<\/strong><\/a>, tiina.a.jokela@jyu.fi, tel. +358 50 475 1124<\/span><span style=\"font-family: Open Sans; font-size: 14px;\">\r\n<a href=\"https:\/\/www.jyu.fi\/en\/people\/anna-kankaanpaa\"><strong>Kankaanp\u00e4\u00e4 Anna<\/strong><\/a>, anna.k.kankaanpaa@jyu.fi, tel. +358 50 478 7978<\/span>\r\n<span style=\"font-family: Open Sans; font-size: 14px;\"><a class=\"external-link\" href=\"https:\/\/www.jyu.fi\/en\/people\/laura-karavirta\"><strong>Karavirta Laura<\/strong><\/a>, laura.i.karavirta@jyu.fi, tel. +358 40 805 5041<\/span>\r\n<span style=\"font-family: Open Sans; font-size: 14px;\"><strong><a class=\"external-link\" href=\"https:\/\/www.jyu.fi\/en\/people\/sira-karvinen\">Karvinen Sira<\/a><\/strong>, sira.m.karvinen@jyu.fi, tel. +358 50 362 5120<\/span>\r\n<span style=\"font-family: Open Sans; font-size: 14px;\"><strong><a class=\"external-link\" href=\"https:\/\/www.jyu.fi\/en\/people\/markku-kauppinen\"><span class=\"internal-link\">Kauppinen Markku<\/span><\/a><\/strong>, markku.a.kauppinen@jyu.fi, tel. +358 40 805 3559<\/span>\r\n<span style=\"font-family: Open Sans; font-size: 14px;\"><strong><a class=\"external-link\" href=\"https:\/\/www.jyu.fi\/en\/people\/kirsi-keskinen\"><span class=\"external-link\">Keskinen Kirsi<\/span><\/a><\/strong>, kirsi.e.keskinen@jyu.fi, tel. +358 50 433 9454\r\n<a href=\"https:\/\/www.jyu.fi\/en\/people\/eeva-kettunen\"><strong>Kettunen Eeva<\/strong><\/a>, eeva.k.kettunen@jyu.fi, tel. +358 50 301 3414\r\n<a href=\"https:\/\/www.jyu.fi\/en\/people\/sher-e-khoda\" target=\"_blank\" rel=\"noopener noreferrer\"><strong>Khoda Sher Md. E<\/strong><\/a>., md.s.khoda@jyu.fi, tel. +358 40 688 5855\r\n<\/span><span style=\"font-family: Open Sans; font-size: 14px;\"><a href=\"https:\/\/www.jyu.fi\/en\/people\/hilla-kiuru\"><strong>Kiuru Hilla<\/strong><\/a>, hilla.v.kiuru@jyu.fi, tel. +358 50 433 8620\r\n<\/span><span style=\"font-family: Open Sans; font-size: 14px;\"><a class=\"external-link\" href=\"https:\/\/www.jyu.fi\/en\/people\/kaisa-koivunen\"><strong>Koivunen Kaisa<\/strong><\/a>, kaisa.m.koivunen@jyu.fi, tel. +358 40 805 3972<\/span>\r\n<span style=\"font-family: Open Sans; font-size: 14px;\"><a class=\"external-link\" href=\"https:\/\/www.jyu.fi\/en\/people\/marko-korhonen\"><strong>Korhonen Marko<\/strong><\/a>, marko.t.korhonen@jyu.fi, tel. +358 50 587 4569\r\n<a href=\"https:\/\/www.jyu.fi\/en\/people\/tia-marje-korhonen\" target=\"_blank\" rel=\"noopener\"><strong>Korhonen Tia-Marje<\/strong><\/a>, tia-marje.k.korhonen@jyu.fi, tel. +358 50 472 8557 <\/span>\r\n<span style=\"font-family: Open Sans; font-size: 14px;\"><a href=\"https:\/\/www.jyu.fi\/en\/people\/viivi-korpela\"><strong>Korpela Viivi<\/strong><\/a>, viivi.e.korpela@jyu.fi, tel. +358 40 703 3101\r\n<a href=\"https:\/\/www.jyu.fi\/en\/people\/mari-kuutti\" target=\"_blank\" rel=\"noopener\"><strong>Kuutti Mari<\/strong><\/a>, mari.a.kuutti@jyu.fi, tel. +358 44 972 4473\r\n<a href=\"https:\/\/www.jyu.fi\/en\/people\/youngbin-kwon\" target=\"_blank\" rel=\"noopener noreferrer\"><strong>Kwon Youngbin<\/strong><\/a>, youngbin.j.kwon@jyu.fi, tel. +358 50 406 9071\r\n<\/span><span style=\"font-family: Open Sans; font-size: 14px;\"><a href=\"https:\/\/www.jyu.fi\/en\/people\/minta-karkkainen\" target=\"_blank\" rel=\"noopener noreferrer\"><strong>K\u00e4rkk\u00e4inen Minta<\/strong><\/a>, minta.e.m.karkkainen@jyu.fi, +358 44 258 2062<\/span>\r\n<span style=\"font-family: Open Sans; font-size: 14px;\"><strong>Lahti Anna<\/strong>, anna.lahti@folkhalsan.fi\u00a0<\/span>\r\n<strong><span style=\"font-family: Open Sans; font-size: 14px;\"><a href=\"https:\/\/www.jyu.fi\/en\/people\/hannamari-lankila\" target=\"_blank\" rel=\"noopener\">Lankila Hannamari<\/a>, <\/span><\/strong><span style=\"font-family: Open Sans; font-size: 14px;\">hannamari.i.lankila@jyu.fi<\/span>\r\n<span style=\"font-family: Open Sans; font-size: 14px;\"><a href=\"https:\/\/www.jyu.fi\/en\/people\/emilia-leinonen\" target=\"_blank\" rel=\"noopener noreferrer\"><strong>Leinonen Emilia<\/strong><\/a>, emilia.a.leinonen@jyu.fi, tel. +358 40 805 4280\r\n<\/span><span style=\"font-family: Open Sans; font-size: 14px;\"><strong>Levonmaa Helena<\/strong>, helena.k.levonmaa@student.jyu.fi\r\n<a href=\"https:\/\/www.jyu.fi\/en\/people\/katja-lindeman\"><strong>Lindeman Katja<\/strong><\/a>, katja.m.lindeman@jyu.fi, tel. +358 50 473 3214\r\n<\/span><span style=\"font-family: Open Sans; font-size: 14px;\"><a href=\"https:\/\/www.jyu.fi\/en\/people\/henna-littunen\"><strong>Littunen Henna<\/strong><\/a>, henna-riikka.m.littunen@jyu.fi<\/span>\r\n<span style=\"font-family: Open Sans; font-size: 14px;\"><a href=\"https:\/\/www.jyu.fi\/en\/people\/andrea-lorenz-wende\"><strong> Lorenz-Wende Andrea<\/strong><\/a>, andrea.c.lorenz-wende@jyu.fi, +358 50 305 0792\r\n<a href=\"https:\/\/www.jyu.fi\/en\/people\/antti-lopponen\"><strong>L\u00f6pp\u00f6nen Antti<\/strong><\/a>, antti.ej.lopponen@jyu.fi, tel. +358 40 620 1771\r\n<a href=\"https:\/\/www.jyu.fi\/en\/people\/heidi-maaranen\"><strong>Maaranen Heidi<\/strong><\/a>, heidi.a.maaranen@jyu.fi\r\n<a href=\"https:\/\/www.jyu.fi\/en\/people\/liinu-marin\"><strong>Marin Liinu<\/strong><\/a>, liinu.l.marin@jyu.fi, tel. +358 50 309 6733<\/span>\r\n<span style=\"font-family: Open Sans; font-size: 14px;\"><a href=\"https:\/\/www.jyu.fi\/en\/people\/liliya-martynova\" target=\"_blank\" rel=\"noopener noreferrer\"><strong>Martynova Liliya<\/strong><\/a>, liliya.v.martynova@jyu.fi, tel. +358 50 471 0996<\/span>\r\n<span style=\"font-family: Open Sans; font-size: 14px;\"><a href=\"https:\/\/www.jyu.fi\/en\/people\/jiby-mathew-puthenparambil\" target=\"_blank\" rel=\"noopener noreferrer\"><strong>Mathew Puthenparambil Jiby<\/strong><\/a>, jiby.j.mathew@jyu.fi, tel. +358 44 998 5641\r\n<a href=\"https:\/\/www.jyu.fi\/en\/people\/emmi-matikainen-tervola\"><strong>Matikainen-Tervola Emmi<\/strong><\/a>, emmi.m.matikainen-tervola@jyu.fi, tel. +358 50 599 6408\u00a0<\/span><span style=\"font-family: Open Sans; font-size: 14px;\">\r\n<a href=\"https:\/\/www.jyu.fi\/en\/people\/joona-neuvonen\"><strong>Neuvonen Joona<\/strong><\/a>, joona.e.neuvonen@jyu.fi, tel. +358 50 468 5171\r\n<\/span><span style=\"font-family: Open Sans; font-size: 14px;\"><a href=\"https:\/\/www.jyu.fi\/en\/people\/annika-opperbeck\"><strong>Opperbeck Annika<\/strong><\/a>, annika.a.opperbeck@jyu.fi<\/span>\r\n<span style=\"font-family: Open Sans; font-size: 14px;\"><a href=\"https:\/\/www.jyu.fi\/en\/people\/laura-pajula\"><strong>Pajula Laura<\/strong><\/a>, laura.a.pajula@jyu.fi, tel. +358 40 828 0124<\/span>\r\n<span style=\"font-family: Open Sans; font-size: 14px;\"><a href=\"https:\/\/www.jyu.fi\/en\/people\/lotta-palmberg\"><strong>Palmberg Lotta<\/strong><\/a>, lotta.m.palmberg@jyu.fi, tel. +358 40 805 4823<\/span>\r\n<span style=\"font-family: Open Sans; font-size: 14px;\"><a class=\"external-link\" href=\"https:\/\/www.jyu.fi\/en\/people\/eeva-maija-palonen\"><strong>Palonen Eeva-Maija<\/strong><\/a>, eeva-maija.palonen@jyu.fi, tel. +358 40 805 4211<\/span>\r\n<span style=\"font-family: Open Sans; font-size: 14px;\"><a class=\"external-link\" href=\"https:\/\/www.jyu.fi\/en\/people\/heli-peltomaa\"><strong>Peltomaa Heli<\/strong><\/a>, heli.m.peltomaa@jyu.fi, tel. +358 50 476 1170\r\n<a href=\"https:\/\/www.jyu.fi\/en\/people\/anni-pitkanen\"><strong>Pitk\u00e4nen Anni<\/strong><\/a>, anni.j.pitkanen@jyu.fi\r\n<\/span><span style=\"font-family: Open Sans; font-size: 14px;\"><a href=\"https:\/\/www.jyu.fi\/en\/people\/veera-puumalainen\"><strong>Puumalainen Veera<\/strong><\/a>, veera.e.puumalainen@jyu.fi<\/span>\r\n<span style=\"font-family: Open Sans; font-size: 14px;\"><strong><a class=\"external-link\" href=\"https:\/\/www.jyu.fi\/en\/people\/timo-rantalainen\">Rantalainen Timo<\/a><\/strong>, timo.rantalainen@jyu.fi, tel. +358 40 805 3252\r\n<a href=\"https:\/\/www.jyu.fi\/en\/people\/suvi-ravi\" target=\"_blank\" rel=\"noopener\"><strong>Ravi Suvi<\/strong><\/a>, suvi.m.ravi@jyu.fi, tel. +358 40 670 7282\r\n<\/span><span style=\"font-family: Open Sans; font-size: 14px;\"><strong>Ray Jenny<\/strong>, jenny.ray@folkhalsan.fi\r\n<a href=\"https:\/\/www.jyu.fi\/en\/people\/emmi-reinila\" target=\"_blank\" rel=\"noopener\"><strong>Reinil\u00e4 Emmi<\/strong><\/a>, emmi.e.reinila@jyu.fi, tel. +358 40 183 1423<\/span>\r\n<span style=\"font-family: Open Sans; font-size: 14px;\"><a class=\"external-link\" href=\"https:\/\/www.jyu.fi\/en\/people\/milla-saajanaho\"><span class=\"external-link\"><strong>Saajanaho Milla<\/strong><\/span><\/a>, milla.saajanaho@jyu.fi, tel.\u00a0+358 40\u00a0805 4536\r\n<a href=\"https:\/\/www.jyu.fi\/en\/people\/tiina-savikangas\"><strong>Savikangas Tiina<\/strong><\/a>, tiina.m.savikangas@jyu.fi, tel. +358 50 569 6125<\/span>\r\n<span style=\"font-family: Open Sans; font-size: 14px;\"><span style=\"font-family: Open Sans;\"><strong>Stenroth Sini<\/strong>, sini.m.stenroth@jyu.fi<\/span><\/span>\r\n<span style=\"font-family: Open Sans; font-size: 14px;\"><a href=\"https:\/\/www.jyu.fi\/en\/people\/anna-katriina-tirkkonen\"><strong><span class=\"external-link\">Tirkkonen Anna<\/span><\/strong><\/a>, anna.a-k.tirkkonen@jyu.fi, tel. +358 40 805 4855<\/span><span style=\"font-family: Open Sans; font-size: 14px;\">\r\n<a href=\"https:\/\/www.jyu.fi\/en\/people\/niko-tynkkynen\"><strong>Tynkkynen Niko<\/strong><\/a>, niko.p.tynkkynen@jyu.fi, tel. +358 50 341 9705<\/span>\r\n<span style=\"font-family: Open Sans; font-size: 14px;\"><a class=\"external-link\" href=\"https:\/\/www.jyu.fi\/en\/people\/timo-tormakangas\"><span class=\"internal-link\"><strong>T\u00f6rm\u00e4kangas Timo<\/strong><\/span><\/a>, timo.tormakangas@jyu.fi, tel. +358 40 805 3599<\/span>\r\n<span style=\"font-family: Open Sans; font-size: 14px;\"><a href=\"https:\/\/www.jyu.fi\/en\/people\/lina-van-aerschot\" target=\"_blank\" rel=\"noopener noreferrer\"><strong>Van Aerschot Lina<\/strong><\/a>, lina.vanaerschot@jyu.fi, tel. +358 40 805 3767\r\n<strong><a href=\"https:\/\/www.jyu.fi\/en\/people\/elina-vettentera\">Vettenter\u00e4 Elina<\/a><\/strong>, elina.l.i.vettentera@jyu.fi, tel. +358 50 300 2588<\/span>\r\n<span style=\"font-family: Open Sans; font-size: 14px;\"><a class=\"external-link\" href=\"https:\/\/www.jyu.fi\/en\/people\/anne-viljanen\"><strong>Viljanen Anne<\/strong><\/a>, anne.viljanen@jyu.fi, tel. +358 40 805 3603<\/span>\r\n<span style=\"font-family: Open Sans; font-size: 14px;\"><a class=\"external-link\" href=\"https:\/\/www.jyu.fi\/en\/people\/maija-valimaa\"><strong>V\u00e4limaa Maija<\/strong><\/a>, maija.mv.valimaa@jyu.fi, tel. +358 50 479 7201<\/span>[\/vc_column_text][\/vc_tta_section][vc_tta_section title=\"Tampere\" tab_id=\"1544870095769-f4a7aa60-607b6a4f-8710\"][vcex_heading text=\"Professors and professors emeriti\" tag=\"h3\" text_align=\"left\" color=\"#555555\" font_size=\"18px\" font_weight=\"300\" css=\".vc_custom_1550832303706{padding-bottom: 20px !important;}\" font_family=\"Open Sans\"][vc_column_text width=\"750\" font_size=\"14px\" align=\"left\"]<span style=\"font-family: Open Sans; font-size: 14px;\"><strong>Hervonen Antti<\/strong>, gerontology, emeritus, antti.hervonen@uta.fi, tel. +358 40 190 1642<\/span>\r\n<span style=\"font-family: Open Sans; font-size: 14px;\"><strong>Hurme Mikko<\/strong>, emeritus, microbiology, mikko.hurme@tuni.fi, tel. +358 3 3551 6652<\/span>\r\n<span style=\"font-family: Open Sans; font-size: 14px;\"><a href=\"https:\/\/www.tuni.fi\/en\/marja-jylha\"><strong>Jylh\u00e4 <\/strong><strong>Marja<\/strong><\/a>, gerontology, marja.jylha@tuni.fi, tel +358 40 588 9100<\/span>\r\n<span style=\"font-family: Open Sans; font-size: 14px;\"><strong>Jyrk\u00e4m\u00e4 Jyrki<\/strong>, emeritus, social gerontology, jyrki.y.jyrkama@jyu.fi, tel. +358 40 805 4140<\/span>\r\n<span style=\"font-family: Open Sans; font-size: 14px;\"><a href=\"https:\/\/solecris.uta.fi\/crisyp\/disp\/5_\/fi\/cr_asiatunt\/edi\/tab\/fet?stack=push&amp;cro=2824292133252818231837173526262136242721232118233622232528292838273822292738393739283727351836321717&amp;verkko=1\" target=\"_blank\" rel=\"noopener noreferrer\"><strong>J\u00e4msen Esa<\/strong><\/a>, geriatry, esa.jamsen@tuni.fi, tel. +358 50 318 6274\r\n<strong><a href=\"https:\/\/www.tuni.fi\/fi\/jenni-k-kulmala\">Kulmala Jenni<\/a>, <\/strong>gerontology, <span class=\"TextRun BCX2 SCXW98167458\" lang=\"FI-FI\" xml:lang=\"FI-FI\" data-contrast=\"auto\"><span class=\"NormalTextRun BCX2 SCXW98167458\">jenni.kulmala@tuni.fi, tel. +358 50 439 5422<\/span><\/span>\r\n<\/span><strong><a href=\"http:\/\/people.uta.fi\/~pirjo.nikander\/\">Nikander Pirjo<\/a><\/strong>,\u00a0pirjo.nikander@tuni.fi, tel. +358 40 190 1373\r\n<span style=\"font-family: Open Sans; font-size: 14px;\"><a href=\"https:\/\/www.tuni.fi\/en\/clas-hakan-nygard\"><strong>Nyg\u00e5rd Clas-H\u00e5kan<\/strong><\/a>, emeritus, occupational health, clas-hakan.nygard@tuni.fi fi, tel. +358 50 586 5959<\/span>\r\n<span style=\"font-family: Open Sans; font-size: 14px;\"><strong>Rissanen Pekka<\/strong>, health economics, emeritus, pekka.rissanen@tuni.fi, tel. +358 40 7292988\r\n<strong><a href=\"https:\/\/www.tuni.fi\/fi\/anu-siren\">Siren Anu<\/a>, <\/strong>gerontology, anu.siren@tuni.fi, +358 50 475 0373<\/span>\r\n<span style=\"font-family: Open Sans; font-size: 14px;\"><strong>Valvanne Jaakko<\/strong>, emeritus, geriatry, jaakko.valvanne@tuni.fi, tel. +358 40\u00a0190 9727<\/span>[\/vc_column_text][vcex_spacing size=\"20px\"][vcex_heading text=\"Researchers and other people\" tag=\"h3\" text_align=\"left\" color=\"#555555\" font_size=\"18px\" font_weight=\"300\" css=\".vc_custom_1550832310158{padding-bottom: 20px !important;}\" font_family=\"Open Sans\"][vc_column_text width=\"750\" font_size=\"14px\" align=\"left\" line_height=\"1,5\"]<span style=\"font-family: Open Sans; font-size: 14px;\"><a href=\"https:\/\/www.tuni.fi\/en\/mari-aaltonen\" target=\"_blank\" rel=\"noopener noreferrer\"><strong>Aaltonen Mari<\/strong><\/a>, mari.aaltonen@tuni.fi, tel. +358 40 1901674<\/span><span style=\"font-family: Open Sans; font-size: 14px;\"><strong>\r\nAutio Arttu<\/strong>, arttu.autio@tuni.fi<\/span>\r\n<span style=\"font-family: Open Sans; font-size: 14px;\"><a href=\"https:\/\/www.tuni.fi\/en\/linda-enroth\" target=\"_blank\" rel=\"noopener noreferrer\"><strong>Enroth Linda<\/strong><\/a>, linda.enroth@tuni.fi, tel. +358 40 190 1647<\/span>\r\n<span style=\"font-family: Open Sans; font-size: 14px;\"><a href=\"https:\/\/www.tuni.fi\/en\/leena-forma\" target=\"_blank\" rel=\"noopener noreferrer\"><strong>Forma Leena<\/strong><\/a>, leena.forma@tuni.fi, tel. +358\u00a0\u00a040 190 1604<\/span>\r\n<span style=\"font-family: Open Sans; font-size: 14px;\"><a href=\"https:\/\/www.tuni.fi\/en\/pauliina-halonen\" target=\"_blank\" rel=\"noopener noreferrer\"><strong>Halonen Pauliina<\/strong><\/a>, pauliina.halonen@tuni.fi, tel. +358 50\u00a0437\u00a07338<\/span>\r\n<span style=\"font-family: Open Sans; font-size: 14px;\"><a href=\"https:\/\/www.tuni.fi\/en\/outi-jolanki\" target=\"_blank\" rel=\"noopener noreferrer\"><strong>Jolanki Outi<\/strong><\/a>, outi.jolanki@tuni.fi, tel. +358 40\u00a0190 1660<\/span>\r\n<span style=\"font-family: Open Sans; font-size: 14px;\"><strong>Jylh\u00e4v\u00e4 Juulia<\/strong>, juulia.jylhava@tuni.fi, tel. +358\u00a0 3 3551 6874<\/span>\r\n<span style=\"font-family: Open Sans; font-size: 14px;\"><a href=\"https:\/\/www.tuni.fi\/fi\/prakash-kc\"><strong>K. C. Prakash<\/strong><\/a>, prakash.kc@tuni.fi, tel. +358 50 509 9158<\/span>\r\n<span style=\"font-family: Open Sans; font-size: 14px;\"><a href=\"https:\/\/www.tuni.fi\/fi\/laura-kananen\"><strong>Kananen Laura<\/strong><\/a>, laura.kananen@tuni.fi, tel. +358 50\u00a0318\u00a06296<\/span>\r\n<span style=\"font-family: Open Sans; font-size: 14px;\"><a href=\"https:\/\/www.tuni.fi\/en\/tiina-kangasluoma\" target=\"_blank\" rel=\"noopener noreferrer\"><strong>Kangasluoma Tiina<\/strong><\/a>, tiina.kangasluoma@tuni.fi, tel. +358 40 190 1649<\/span>\r\n<span style=\"font-family: Open Sans; font-size: 14px;\"><a href=\"https:\/\/www.tuni.fi\/en\/hanna-kerminen\" target=\"_blank\" rel=\"noopener noreferrer\"><strong>Kerminen Hanna<\/strong><\/a>, hanna.kerminen@tuni.fi<\/span>\r\n<span style=\"font-family: Open Sans; font-size: 14px;\"><a href=\"https:\/\/www.tuni.fi\/en\/katri-keskinen\" target=\"_blank\" rel=\"noopener noreferrer\"><strong>Keskinen Katri<\/strong><\/a>, katri.keskinen@tuni.fi, tel. +358 50 437 7625<\/span>\r\n<span style=\"font-family: Open Sans; font-size: 14px;\"><strong>Kosonen Hanna<\/strong>, hanna.kosonen@tuni.fi\r\n<strong>Kyr\u00f6nlahti Saila,<\/strong> saila.kyronlahti@tuni.fi\r\n<strong>Lahti, Laura<\/strong> laura.e.lahti@tuni.fi<\/span>\r\n<span style=\"font-family: Open Sans; font-size: 14px;\"><strong>Lemivaara Marjut<\/strong>, marjut.lemivaara@tuni.fi<\/span>\r\n<span style=\"font-family: Open Sans; font-size: 14px;\"><strong><a href=\"https:\/\/www.tuni.fi\/en\/kirsi-lumme-sandt\" target=\"_blank\" rel=\"noopener noreferrer\">Lumme-Sandt Kirsi<\/a>\u00a0<\/strong>, kirsi.lumme-sandt@tuni.fi, tel. +358 40 190 1606<\/span>\r\n<span style=\"font-family: Open Sans; font-size: 14px;\"><a href=\"https:\/\/www.tuni.fi\/en\/saara-marttila\" target=\"_blank\" rel=\"noopener noreferrer\"><strong>Marttila Saara<\/strong><\/a>, saara.marttila@tuni.fi, tel +358 50 318 5813<\/span>\r\n<span style=\"font-family: Open Sans; font-size: 14px;\"><a href=\"https:\/\/www.tuni.fi\/en\/subas-neupane\" target=\"_blank\" rel=\"noopener noreferrer\"><strong>Neupane Subas<\/strong><\/a>, subas.neupane@tuni.fi, tel. +358 40 190 9709<\/span>\r\n<span style=\"font-family: Open Sans; font-size: 14px;\"><strong>Nevalainen Tapio<\/strong>, tapio.nevalainen@tuni.fi, tel. +358 50 318 6248<\/span>\r\n<span style=\"font-family: Open Sans; font-size: 14px;\"><a href=\"https:\/\/www.tuni.fi\/en\/lily-nosraty\" target=\"_blank\" rel=\"noopener noreferrer\"><strong>Nosraty Lily<\/strong><\/a>, lily.nosraty@tuni.fi, tel. +358\u00a0 40 1901660<\/span>\r\n<span style=\"font-family: Open Sans; font-size: 14px;\"><a href=\"https:\/\/www.tuni.fi\/en\/hanna-ojala\" target=\"_blank\" rel=\"noopener noreferrer\"><strong>Ojala Hanna<\/strong><\/a>, hanna.ojala@tuni.fi, tel. +358 40\u00a0190\u00a01246<\/span>\r\n<span style=\"font-family: Open Sans; font-size: 14px;\"><strong><a href=\"https:\/\/www.tuni.fi\/en\/mira-palonen\" target=\"_blank\" rel=\"noopener noreferrer\">Palonen Mira<\/a><\/strong>, mira.palonen@tuni.fi, tel. +35840 190 1451<\/span>\r\n<span style=\"font-family: Open Sans; font-size: 14px;\"><a href=\"https:\/\/www.tuni.fi\/en\/federica-previtali\" target=\"_blank\" rel=\"noopener noreferrer\"><strong>Previtali Frederica<\/strong><\/a>, federica.previtali@tuni.fi, <span lang=\"en-US\">+358 50 3182133<\/span><\/span>\r\n<span style=\"font-family: Open Sans; font-size: 14px;\"><a href=\"https:\/\/www.tuni.fi\/en\/jutta-pulkki\" target=\"_blank\" rel=\"noopener noreferrer\"><strong>Pulkki Jutta<\/strong><\/a>, jutta.pulkki@tuni.fi, tel +358 50\u00a0318\u00a06742<\/span>\r\n<span style=\"font-family: Open Sans; font-size: 14px;\"><a href=\"https:\/\/www.tuni.fi\/en\/jani-raitanen\" target=\"_blank\" rel=\"noopener noreferrer\"><strong>Raitanen Jani<\/strong><\/a>, jani.raitanen@tuni.fi, tel. +358 40 190 1686\r\n<strong>Rantala Anniriikka,<\/strong> anniriikka.rantala@tuni.fi, tel+358 50 574 5205<\/span>\r\n<span style=\"font-family: Open Sans; font-size: 14px;\"><a href=\"https:\/\/www.tuni.fi\/en\/anna-siukola\" target=\"_blank\" rel=\"noopener noreferrer\"><strong>Siukola Anna<\/strong><\/a>, anna.siukola@tuni.fi, tel. \u00a0+358 50 318 7749<\/span>\r\n<span style=\"font-family: Open Sans; font-size: 14px;\"><strong>Surakka Johanna<\/strong>, johanna.surakka@tuni.fi, tel. +358 50\u00a0318\u00a07828<\/span>\r\n<span style=\"font-family: Open Sans; font-size: 14px;\"><a href=\"https:\/\/www.tuni.fi\/en\/kristina-tiainen\" target=\"_blank\" rel=\"noopener noreferrer\"><strong>Tiainen Kristina<\/strong><\/a>, kristina.tiainen@tuni.fi, tel. +358\u00a040 190 1648<\/span>\r\n<span style=\"font-size: 14px; font-family: Open Sans;\"><a href=\"https:\/\/www.tuni.fi\/en\/katariina-tuominen\" target=\"_blank\" rel=\"noopener noreferrer\"><strong>Tuominen<\/strong> <strong>Katariina<\/strong><\/a>, katariina.tuominen@tuni.fi, tel. +358 50 437 7524\r\n<strong>Valkama Outi<\/strong>, outi.valkama@tuni.fi<\/span>[\/vc_column_text][vcex_spacing size=\"10px\"][\/vc_tta_section][vc_tta_section title=\"Adjunct Professorships i.e. Title of Docents\" tab_id=\"1554701916028-c5e2a3c2-940f\"][vc_column_text]<span style=\"font-family: Open Sans; font-size: 14px;\"><span style=\"font-size: 16px;\">Adjunct Professorships i.e. Title of Docents in Gerontology, Faculty of Sport and Health Sciences, University of Jyv\u00e4skyl\u00e4 (since 2010):<\/span>\r\n<\/span>\r\n\r\n<span style=\"font-family: Open Sans; font-size: 14px;\"><strong>Sari Stenholm<\/strong>, PhD in Health Sciences, Gerontology and Public Health <\/span>\r\n<span style=\"font-family: Open Sans; font-size: 14px;\"><strong>Jenni Kulmala<\/strong>, PhD in Health Sciences, Gerontology and Public Health\u00a0<\/span>\r\n<span style=\"font-family: Open Sans; font-size: 14px;\"><strong>Kristina Tiainen<\/strong>, PhD in Health Sciences, Exercise Gerontology\r\n<\/span>\r\n\r\n<span style=\"font-family: Open Sans; font-size: 14px;\"><span style=\"font-size: 16px;\">Adjunct Professorships i.e. Title of Docents in Gerontology, Faculty of\u00a0 Social Sciences, Tampere University:\r\n<\/span><\/span>\r\n\r\n<span style=\"font-family: Open Sans; font-size: 14px;\"><strong>Ulla Eloniemi-Sulkava<\/strong>, PhD in Health Sciences \/ Geriatrics\u00a0<\/span>\r\n<span style=\"font-family: Open Sans; font-size: 14px;\"><strong>Anne Viljanen<\/strong>, PhD in Health Sciences\u00a0\u00a0<\/span>\r\n<span style=\"font-family: Open Sans; font-size: 14px;\"><strong>Anja Noro<\/strong>, PhD in Health Services\u00a0<\/span>\r\n<span style=\"font-family: Open Sans; font-size: 14px;\"><strong>Merja Rantakokko<\/strong>, PhD in Health Sciences<\/span>\r\n<span style=\"font-family: Open Sans; font-size: 14px;\"><strong>Tiina-Mari Lyyra<\/strong>, PhD in Health Sciences\u00a0<b><\/b><\/span>\r\n<span style=\"font-family: Open Sans; font-size: 14px;\"><strong>Pertti Pohjolainen<\/strong>, PhD in Sports Sciences\u00a0<\/span>\r\n<span style=\"font-family: Open Sans; font-size: 14px;\"><strong>Pertti Era<\/strong>, PhD in Sports Sciences\u00a0<\/span>\r\n<span style=\"font-family: Open Sans; font-size: 14px;\">Professor <strong>Richard Pieper<\/strong>, PhD in Sociology\u00a0<\/span>\r\n<span style=\"font-family: Open Sans; font-size: 14px;\"><strong>Terttu Parkatti<\/strong>, PhD in Sport Sciences\u00a0<\/span>\r\n\r\n<span style=\"font-family: Open Sans; font-size: 16px;\">Adjunct Professorships i.e. Title of Docents in Geriatrics, Faculty of Medicine and Health Technology, Tampere University:<\/span>\r\n\r\n<span style=\"font-family: Open Sans; font-size: 14px;\"><strong>Pirkko J\u00e4ntti<\/strong>, MD in Geriatrics\u00a0<\/span>[\/vc_column_text][\/vc_tta_section][vc_tta_section title=\"Scientific Advisory Board 2022-2025\" tab_id=\"1544870095773-caae5901-99556a4f-8710\"][vcex_heading text=\"Scientific Advisory Board 2022-2025\" tag=\"h3\" text_align=\"left\" color=\"#555555\" font_size=\"18px\" font_weight=\"300\" css=\".vc_custom_1641194247027{padding-bottom: 20px !important;}\"][vc_column_text width=\"750\" font_size=\"14px\" align=\"left\"]Professor Susanne Iwarsson, Lund University\r\n\r\nResearch professor Marja Aartsen, Oslo Metropolitan University\r\n\r\nProfessor Kaare Christensen, University of Southern Denmark\r\n\r\nVanhusasianvaltuutettu P\u00e4ivi Topo[\/vc_column_text][\/vc_tta_section][vc_tta_section title=\"Board 2024-2025\" tab_id=\"1639128179164-440f6bcf-075d\"][\/vc_tta_section][\/vc_tta_tabs][vcex_image][\/vc_column][\/vc_row][vc_row][vc_column][vc_column_text]<strong>Board Members 2024-2025:<\/strong>\r\n\r\nDirector: Anu Siren, TAU\r\n\r\nVice Director: Katja Kokko, JY\r\n\r\n&nbsp;\r\n\r\nMikaela von Bonsdorff JY\r\n\r\nJuulia Jylh\u00e4v\u00e4 TAU\r\n\r\nTiia Kek\u00e4l\u00e4inen JY\r\n\r\nJenni Kulmala TAU\r\n\r\nLaura Lahti TAU\r\n\r\nKatja Lindeman JY\r\n\r\nMerja Rantakokko JY\r\n\r\nKatariina Tuominen TAU[\/vc_column_text][\/vc_column][\/vc_row]"},"excerpt":{"rendered":"","protected":false,"raw":""},"author":1,"featured_media":0,"parent":0,"menu_order":9,"comment_status":"closed","ping_status":"closed","template":"","meta":{"_mi_skip_tracking":false,"_fi_post_content":"[vc_row column_spacing=\"50\" bg_style=\"stretch\" css=\".vc_custom_1544814296502{padding-top: 30px !important;padding-bottom: 5px !important;}\"][vc_column][vcex_image overlay_style=\"\" image_id=\"9610\"][vcex_spacing][vc_tta_tabs style=\"modern\" shape=\"square\" gap=\"10\" active_section=\"6\"][vc_tta_section title=\"Jyv\u00e4skyl\u00e4\" tab_id=\"1544870095765-3c77cc4f-1d73\"][vcex_heading text=\"Professorit ja vastaavat\" tag=\"h3\" text_align=\"left\" color=\"#555555\" font_size=\"18px\" font_weight=\"300\" css=\".vc_custom_1550573932778{padding-bottom: 20px !important;}\" font_family=\"Open Sans\"][vc_column_text width=\"750\" font_size=\"14px\" align=\"left\"]<span style=\"font-family: Open Sans; font-size: 14px;\"><strong><a class=\"external-link\" href=\"https:\/\/www.jyu.fi\/fi\/henkilot\/mikaela-bonsdorff-von\"><span class=\"external-link\">Bonsdorff von Mikaela<\/span><\/a><\/strong>, gerontologia ja kansanterveys, mikaela.vonbonsdorff@jyu.fi, tel. +358 40 034 2692<\/span>\r\n<span style=\"font-family: Open Sans; font-size: 14px;\"><strong>Jyrk\u00e4m\u00e4 Jyrki<\/strong>, sosiaaligerontologia, emeritus, jyrki.jyrkama@jyu.fi<\/span>\r\n<span style=\"font-family: Open Sans; font-size: 14px;\"><strong><a class=\"external-link\" href=\"https:\/\/www.jyu.fi\/fi\/henkilot\/katja-kokko\"><span class=\"external-link\">Kokko Katja<\/span><\/a><\/strong>, tutkimusjohtaja, el\u00e4m\u00e4nkaaripsykologia, <span id=\"form-widgets-IContactInfo-email\" class=\"textline-field text-widget\">katja.r.kokko@jyu.fi, tel. <\/span><span id=\"form-widgets-IContactInfo-phone_number\" class=\"textline-field text-widget\">+358 40 805 3500<\/span><\/span>\r\n<span style=\"font-family: Open Sans; font-size: 14px;\"><strong><span class=\"external-link\">Kovanen Vuokko<\/span><\/strong>, emerita<\/span>\r\n<span style=\"font-family: Open Sans; font-size: 14px;\"><strong><a class=\"external-link\" href=\"https:\/\/www.jyu.fi\/fi\/henkilot\/teppo-kroger\">Kr\u00f6ger Teppo<\/a><\/strong>, yhteiskuntapolitiikka, teppo.kroger@jyu.fi, tel. +358 40 805 4160<\/span>\r\n<span style=\"font-family: Open Sans; font-size: 14px;\"><strong><a class=\"external-link\" href=\"https:\/\/www.jyu.fi\/fi\/henkilot\/eija-laakkonen\"><span class=\"internal\">Laakkonen Eija<\/span><\/a><\/strong>, translationaalinen liikunta- ja terveystutkimus, eija.k.laakkonen@jyu.fi, tel. +358 40 805 3588<\/span>\r\n<span style=\"font-family: Open Sans; font-size: 14px;\"><strong><a class=\"internal-link\" href=\"https:\/\/www.jyu.fi\/fi\/henkilot\/riku-nikander\">Nikander Riku<\/a><\/strong>, kliininen fysioterapia, riku.p.nikander@jyu.fi, tel. +358 40 805 4818<\/span>\r\n<span style=\"font-family: Open Sans; font-size: 14px;\"> <a href=\"https:\/\/www.jyu.fi\/fi\/henkilot\/merja-rantakokko\"><strong>Rantakokko Merja<\/strong><\/a>, gerontologinen kuntoutus, merja.h.rantakokko@jyu.fi, tel. +358 50 301 6860<\/span>\r\n<span style=\"font-family: Open Sans; font-size: 14px;\"><a class=\"external-link\" href=\"https:\/\/www.jyu.fi\/fi\/henkilot\/taina-rantanen\"><span class=\"internal-link\"><strong>Rantanen Taina<\/strong><\/span><\/a>, gerontologia ja kansanterveys, taina.rantanen@jyu.fi, tel. +358 40 805 3590<\/span>\r\n<span style=\"font-family: Open Sans; font-size: 14px;\"><strong><a class=\"external-link\" href=\"https:\/\/www.jyu.fi\/fi\/henkilot\/elina-sillanpaa\"><span class=\"external-link\">Sillanp\u00e4\u00e4 Elina<\/span><\/a><\/strong>, terveyden edist\u00e4minen, elina.sillanpaa@jyu.fi, tel. +358 40 142 9639<\/span>\r\n<span style=\"font-family: Open Sans; font-size: 14px;\"><strong><a class=\"internal-link\" href=\"https:\/\/www.jyu.fi\/fi\/henkilot\/sarianna-sipila\">Sipil\u00e4 Sarianna<\/a><\/strong>, liikuntagerontologia, sarianna.sipila@jyu.fi, tel. +358 40 805 3593<\/span>\r\n<span style=\"font-family: Open Sans; font-size: 14px;\"><a href=\"https:\/\/www.jyu.fi\/fi\/henkilot\/sakari-taipale\" target=\"_blank\" rel=\"noopener noreferrer\"><strong>Taipale Sakari<\/strong><\/a>, yhteiskuntapolitiikka, sakari.taipale@jyu.fi, tel. +358 40 0728 852\r\n<a href=\"https:\/\/www.jyu.fi\/fi\/henkilot\/heli-valokivi\" target=\"_blank\" rel=\"noopener noreferrer\"><strong>Valokivi Heli<\/strong><\/a>, sosiaality\u00f6, heli.valokivi@jyu.fi, tel. +358 40 664 1514<\/span>\r\n<span style=\"font-family: Open Sans; font-size: 14px;\">\r\n<\/span>[\/vc_column_text][vcex_spacing size=\"20px\"][vcex_heading text=\"Tutkijat ja muu henkil\u00f6st\u00f6\" tag=\"h3\" text_align=\"left\" color=\"#555555\" font_size=\"18px\" font_weight=\"300\" css=\".vc_custom_1550573975180{padding-bottom: 20px !important;}\" font_family=\"Open Sans\"][vc_column_text width=\"750\" font_size=\"14px\" align=\"left\"]<span style=\"font-family: Open Sans; font-size: 14px;\"><a href=\"https:\/\/www.jyu.fi\/fi\/henkilot\/summer-abounar\" target=\"_blank\" rel=\"noopener\"><strong>Abounar Summer<\/strong><\/a>, summer.a.abounar@jyu.fi, tel. +358 50 413 4150\r\n<a href=\"https:\/\/www.jyu.fi\/fi\/henkilot\/johanna-ahola\" target=\"_blank\" rel=\"noopener\"><strong>Ahola Johanna<\/strong><\/a>, johanna.m.ahola@jyu.fi, tel. +358 50 562 9019<\/span>\r\n<span style=\"font-family: Open Sans; font-size: 14px;\"><a href=\"https:\/\/www.jyu.fi\/fi\/henkilot\/salla-era\"><strong>Era Salla<\/strong><\/a>, salla.ma.era@jyu.fi, tel. +358 50 300 5607<\/span>\r\n<span style=\"font-family: Open Sans; font-size: 14px;\"><strong><a class=\"external-link\" href=\"https:\/\/www.jyu.fi\/fi\/henkilot\/johanna-eronen\"><span class=\"external-link\">Eronen Johanna<\/span><\/a><\/strong>, johanna.eronen@jyu.fi, tel. +358 50 478 1067\r\n<a href=\"https:\/\/www.jyu.fi\/fi\/henkilot\/paivi-eskola\" target=\"_blank\" rel=\"noopener\"><strong>Eskola P\u00e4ivi<\/strong><\/a>, paivi.eskola@jyu.fi, tel. +358 40 576 7771\r\n<\/span><span style=\"font-family: Open Sans; font-size: 14px;\"><a href=\"https:\/\/www.jyu.fi\/fi\/henkilot\/tiina-fohr\"><strong>F\u00f6hr Tiina<\/strong><\/a>, tiina.m.fohr@jyu.fi, tel. +358 40 705 4858 <\/span>\r\n<span style=\"font-family: Open Sans; font-size: 14px;\"><a href=\"https:\/\/www.jyu.fi\/fi\/henkilot\/ulla-halonen\"><strong>Halonen Ulla<\/strong><\/a>, ulla.m.halonen@jyu.fi, tel. +358 50 470 5044\r\n<strong><a class=\"external-link\" href=\"https:\/\/www.jyu.fi\/fi\/henkilot\/paivi-herranen\">Herranen P\u00e4ivi<\/a><\/strong>, paivi.m.herranen@jyu.fi<\/span>\r\n<span style=\"font-family: Open Sans; font-size: 14px;\"><strong><a class=\"external-link\" href=\"https:\/\/www.jyu.fi\/fi\/henkilot\/enni-maria-hietavala\">Hietavala Enni<\/a><\/strong>, enni.m.hietavala@jyu.fi, tel. +358 50 472 6822<\/span><span style=\"font-family: Open Sans; font-size: 14px;\">\r\n<\/span><span style=\"font-family: Open Sans; font-size: 14px;\"><a href=\"https:\/\/www.jyu.fi\/fi\/henkilot\/matti-hyvarinen\" target=\"_blank\" rel=\"noopener noreferrer\"><strong>Hyv\u00e4rinen Matti<\/strong><\/a>, matti.v.hyvarinen@jyu.fi, tel. +358 50 535 8691\r\n<a href=\"https:\/\/www.jyu.fi\/fi\/henkilot\/antti-pekka-hamalainen\" target=\"_blank\" rel=\"noopener noreferrer\"><strong>H\u00e4m\u00e4l\u00e4inen Antti<\/strong><\/a>, antti.ap.hamalainen@jyu.fi, tel. +358 40 643 1016\r\n<a href=\"https:\/\/www.jyu.fi\/fi\/henkilot\/onni-hamalainen\" target=\"_blank\" rel=\"noopener noreferrer\"><strong>H\u00e4m\u00e4l\u00e4inen Onni<\/strong><\/a>, onni.o.hamalainen@jyu.fi, tel. +358504757167\r\n<\/span><span style=\"font-family: Open Sans; font-size: 14px;\"><a href=\"https:\/\/www.jyu.fi\/fi\/henkilot\/riitta-hanninen\" target=\"_blank\" rel=\"noopener noreferrer\"><strong>H\u00e4nninen Riitta<\/strong><\/a>, riitta.j.hanninen@jyu.fi, tel. +358 40 707 7481<\/span><span style=\"font-family: Open Sans; font-size: 14px;\">\r\n<a href=\"https:\/\/www.jyu.fi\/fi\/henkilot\/laura-joensuu\" target=\"_blank\" rel=\"noopener\"><strong>Joensuu Laura<\/strong><\/a>, laura.p.joensuu@jyu.fi, tel. +358 50 436 3466\r\n<a href=\"https:\/\/www.jyu.fi\/fi\/henkilot\/tiina-jokela\" target=\"_blank\" rel=\"noopener\"><strong>Jokela Tiina<\/strong><\/a>, tiina.a.jokela@jyu.fi, tel. +358 50 475 1124<\/span><span style=\"font-family: Open Sans; font-size: 14px;\">\r\n<a href=\"https:\/\/www.jyu.fi\/fi\/henkilot\/anna-kankaanpaa\"><strong>Kankaanp\u00e4\u00e4 Anna<\/strong><\/a>, anna.k.kankaanpaa@jyu.fi, tel. +358 50 478 7978<\/span>\r\n<span style=\"font-family: Open Sans; font-size: 14px;\"><a class=\"external-link\" href=\"https:\/\/www.jyu.fi\/fi\/henkilot\/laura-karavirta\"><strong>Karavirta Laura<\/strong><\/a>, laura.i.karavirta@jyu.fi, tel. +358 40 805 5041<\/span>\r\n<span style=\"font-family: Open Sans; font-size: 14px;\"><strong><a class=\"external-link\" href=\"https:\/\/www.jyu.fi\/fi\/henkilot\/sira-karvinen\">Karvinen Sira<\/a><\/strong>, sira.m.karvinen@jyu.fi, tel. +358 50 362 5120<\/span>\r\n<span style=\"font-family: Open Sans; font-size: 14px;\"><strong><a class=\"external-link\" href=\"https:\/\/www.jyu.fi\/fi\/henkilot\/markku-kauppinen\"><span class=\"internal-link\">Kauppinen Markku<\/span><\/a><\/strong>, markku.a.kauppinen@jyu.fi, tel. +358 40 805 3559<\/span>\r\n<span style=\"font-family: Open Sans; font-size: 14px;\"><strong><a class=\"external-link\" href=\"https:\/\/www.jyu.fi\/fi\/henkilot\/kirsi-keskinen\"><span class=\"external-link\">Keskinen Kirsi<\/span><\/a><\/strong>, kirsi.e.keskinen@jyu.fi, tel. +358 50 433 9454\r\n<strong><a class=\"external-link\" href=\"https:\/\/www.jyu.fi\/fi\/henkilot\/eeva-kettunen\"><span class=\"external-link\">Kettunen Eeva<\/span><\/a><\/strong>, eeva.k.kettunen@jyu.fi, tel. +358 50 301 3414\r\n<a href=\"https:\/\/www.jyu.fi\/fi\/henkilot\/sher-e-khoda\" target=\"_blank\" rel=\"noopener noreferrer\"><strong>Khoda Sher Md. E<\/strong><\/a>., md.s.khoda@jyu.fi, tel. +358 40 688 5855\r\n<\/span><span style=\"font-family: Open Sans; font-size: 14px;\"><a href=\"https:\/\/www.jyu.fi\/fi\/henkilot\/hilla-kiuru\"><strong>Kiuru Hilla<\/strong><\/a>, hilla.v.kiuru@jyu.fi, tel. +358 50 433 8620\r\n<\/span><span style=\"font-family: Open Sans; font-size: 14px;\"><a class=\"external-link\" href=\"https:\/\/www.jyu.fi\/fi\/henkilot\/kaisa-koivunen\"><strong>Koivunen Kaisa<\/strong><\/a>, kaisa.m.koivunen@jyu.fi, tel. +358 40 805 3972<\/span>\r\n<span style=\"font-family: Open Sans; font-size: 14px;\"><a class=\"external-link\" href=\"https:\/\/www.jyu.fi\/fi\/henkilot\/marko-korhonen\"><strong>Korhonen Marko<\/strong><\/a>, marko.t.korhonen@jyu.fi, tel. +358 50 587 4569\r\n<a href=\"https:\/\/www.jyu.fi\/fi\/henkilot\/tia-marje-korhonen\" target=\"_blank\" rel=\"noopener\"><strong>Korhonen Tia-Marje<\/strong><\/a>, tia-marje.k.korhonen@jyu.fi, tel. +358 50 472 8557 <\/span>\r\n<span style=\"font-family: Open Sans; font-size: 14px;\"><a href=\"https:\/\/www.jyu.fi\/fi\/henkilot\/viivi-korpela\"><strong>Korpela Viivi<\/strong><\/a>, viivi.e.korpela@jyu.fi, tel. +358 40 703 3101\r\n<a href=\"https:\/\/www.jyu.fi\/fi\/henkilot\/mari-kuutti\" target=\"_blank\" rel=\"noopener\"><strong>Kuutti Mari<\/strong><\/a>, mari.a.kuutti@jyu.fi, tel. +358 44 972 4473\r\n<a href=\"https:\/\/www.jyu.fi\/fi\/henkilot\/youngbin-kwon\" target=\"_blank\" rel=\"noopener noreferrer\"><strong>Kwon Youngbin<\/strong><\/a>, youngbin.j.kwon@jyu.fi, tel. +358 50 406 9071\r\n<\/span><span style=\"font-family: Open Sans; font-size: 14px;\"><a href=\"https:\/\/www.jyu.fi\/fi\/henkilot\/minta-karkkainen\" target=\"_blank\" rel=\"noopener noreferrer\"><strong>K\u00e4rkk\u00e4inen Minta<\/strong><\/a>, minta.e.m.karkkainen@jyu.fi, tel. +358 44 258 2062<\/span>\r\n<span style=\"font-family: Open Sans; font-size: 14px;\"><strong>Lahti Anna<\/strong>, anna.lahti@folkhalsan.fi\u00a0<\/span>\r\n<strong><span style=\"font-family: Open Sans; font-size: 14px;\"><a href=\"https:\/\/www.jyu.fi\/fi\/henkilot\/hannamari-lankila\" target=\"_blank\" rel=\"noopener\">Lankila Hannamari<\/a>, <\/span><\/strong><span style=\"font-family: Open Sans; font-size: 14px;\">hannamari.i.lankila@jyu.fi<\/span>\r\n<span style=\"font-family: Open Sans; font-size: 14px;\"><a href=\"https:\/\/www.jyu.fi\/fi\/henkilot\/emilia-leinonen\" target=\"_blank\" rel=\"noopener noreferrer\"><strong>Leinonen Emilia<\/strong><\/a>, emilia.a.leinonen@jyu.fi, tel. +358 40 805 4280\r\n<strong>Levonmaa Helena<\/strong>, helena.k.levonmaa@student.jyu.fi\r\n<\/span><span style=\"font-family: Open Sans; font-size: 14px;\"><a href=\"https:\/\/www.jyu.fi\/fi\/henkilot\/katja-lindeman\"><strong>Lindeman Katja<\/strong><\/a>, katja.m.lindeman@jyu.fi, tel. +358 50 473 3214\r\n<\/span><span style=\"font-family: Open Sans; font-size: 14px;\"><a href=\"https:\/\/www.jyu.fi\/fi\/henkilot\/henna-littunen\"><strong>Littunen Henna<\/strong><\/a>, henna-riikka.m.littunen@jyu.fi<\/span>\r\n<span style=\"font-family: Open Sans; font-size: 14px;\"><a href=\"https:\/\/www.jyu.fi\/fi\/henkilot\/andrea-lorenz-wende\"><strong> Lorenz-Wende Andrea<\/strong><\/a>, andrea.c.lorenz-wende@jyu.fi, tel. +358 50 305 0792\r\n<a href=\"https:\/\/www.jyu.fi\/fi\/henkilot\/antti-lopponen\"><strong>L\u00f6pp\u00f6nen Antti<\/strong><\/a>, antti.ej.lopponen@jyu.fi, tel. +358 40 620 1771\r\n<a href=\"https:\/\/www.jyu.fi\/fi\/henkilot\/heidi-maaranen\"><strong>Maaranen Heidi<\/strong><\/a>, heidi.a.maaranen@jyu.fi\r\n<\/span><span style=\"font-family: Open Sans; font-size: 14px;\"><a href=\"https:\/\/www.jyu.fi\/fi\/henkilot\/liinu-marin\"><strong>Marin Liinu<\/strong><\/a>, liinu.l.marin@jyu.fi, +358 50 309 6733<\/span>\r\n<span style=\"font-family: Open Sans; font-size: 14px;\"><a href=\"https:\/\/www.jyu.fi\/fi\/henkilot\/liliya-martynova\" target=\"_blank\" rel=\"noopener noreferrer\"><strong>Martynova Liliya<\/strong><\/a>, liliya.v.martynova@jyu.fi, tel. +358 50 471 0996<\/span>\r\n<span style=\"font-family: Open Sans; font-size: 14px;\"><a href=\"https:\/\/www.jyu.fi\/fi\/henkilot\/jiby-mathew-puthenparambil\" target=\"_blank\" rel=\"noopener noreferrer\"><strong>Mathew Puthenparambil Jiby<\/strong><\/a>, jiby.j.mathew@jyu.fi, tel. +358 44 998 5641\r\n<a href=\"https:\/\/www.jyu.fi\/fi\/henkilot\/emmi-matikainen-tervola\"><strong>Matikainen-Tervola Emmi<\/strong><\/a>, emmi.m.matikainen-tervola@jyu.fi, tel. +358 50 599 6408<\/span><span style=\"font-family: Open Sans; font-size: 14px;\">\r\n<a href=\"https:\/\/www.jyu.fi\/fi\/henkilot\/joona-neuvonen\"><strong>Neuvonen Joona<\/strong><\/a>, joona.e.neuvonen@jyu.fi, tel. +358 50 468 5171\r\n<\/span><span style=\"font-family: Open Sans; font-size: 14px;\"><a href=\"https:\/\/www.jyu.fi\/fi\/henkilot\/annika-opperbeck\"><strong>Opperbeck Annika<\/strong><\/a>, annika.a.opperbeck@jyu.fi<\/span>\r\n<span style=\"font-family: Open Sans; font-size: 14px;\"><a href=\"https:\/\/www.jyu.fi\/fi\/henkilot\/laura-pajula\"><strong>Pajula Laura<\/strong><\/a>, laura.a.pajula@jyu.fi, tel. +358 40 828 0124\r\n<\/span><span style=\"font-family: Open Sans; font-size: 14px;\"><a href=\"https:\/\/www.jyu.fi\/fi\/henkilot\/lotta-palmberg\"><strong>Palmberg Lotta<\/strong><\/a>, lotta.m.palmberg@jyu.fi, tel. +358 40 805 4823<\/span>\r\n<span style=\"font-family: Open Sans; font-size: 14px;\"><a class=\"external-link\" href=\"https:\/\/www.jyu.fi\/fi\/henkilot\/eeva-maija-palonen\"><strong>Palonen Eeva-Maija<\/strong><\/a>, eeva-maija.palonen@jyu.fi, tel. +358 40 805 4211<\/span>\r\n<span style=\"font-family: Open Sans; font-size: 14px;\"><a class=\"external-link\" href=\"https:\/\/www.jyu.fi\/fi\/henkilot\/heli-peltomaa\"><strong>Peltomaa Heli<\/strong><\/a>, heli.m.peltomaa@jyu.fi, tel. +358 50 476 1170\r\n<a href=\"https:\/\/www.jyu.fi\/fi\/henkilot\/anni-pitkanen\"><strong>Pitk\u00e4nen Anni<\/strong><\/a>, anni.j.pitkanen@jyu.fi\r\n<\/span><span style=\"font-family: Open Sans; font-size: 14px;\"><a href=\"https:\/\/www.jyu.fi\/fi\/henkilot\/veera-puumalainen\"><strong>Puumalainen Veera<\/strong><\/a>, veera.e.puumalainen@jyu.fi<\/span>\r\n<span style=\"font-family: Open Sans; font-size: 14px;\"><strong><a class=\"external-link\" href=\"https:\/\/www.jyu.fi\/fi\/henkilot\/timo-rantalainen\">Rantalainen Timo<\/a><\/strong>, timo.rantalainen@jyu.fi, tel. +358 40 805 3252\r\n<a href=\"https:\/\/www.jyu.fi\/fi\/henkilot\/suvi-ravi\" target=\"_blank\" rel=\"noopener\"><strong>Ravi Suvi<\/strong><\/a>, suvi.m.ravi@jyu.fi, tel. +358 40 670 7282\r\n<\/span><span style=\"font-family: Open Sans; font-size: 14px;\"><strong>Ray Jenny<\/strong>, jenny.ray@folkhalsan.fi\r\n<a href=\"https:\/\/www.jyu.fi\/fi\/henkilot\/emmi-reinila\" target=\"_blank\" rel=\"noopener\"><strong>Reinil\u00e4 Emmi<\/strong><\/a>, emmi.e.reinila@jyu.fi, tel. +358 40 183 1423<\/span>\r\n<span style=\"font-family: Open Sans; font-size: 14px;\"><a class=\"external-link\" href=\"https:\/\/www.jyu.fi\/fi\/henkilot\/milla-saajanaho\"><span class=\"external-link\"><strong>Saajanaho Milla<\/strong><\/span><\/a>, milla.saajanaho@jyu.fi, tel.\u00a0+358 40\u00a0805 4536\r\n<a href=\"https:\/\/www.jyu.fi\/fi\/henkilot\/tiina-savikangas\"><strong>Savikangas Tiina<\/strong><\/a>, tiina.m.savikangas@jyu.fi, tel. +358 50 569 6125<\/span><span style=\"font-family: Open Sans; font-size: 14px;\"><span style=\"font-family: Open Sans;\">\r\n<\/span><\/span><span style=\"font-family: Open Sans; font-size: 14px;\"><span style=\"font-family: Open Sans;\"><strong>Stenroth Sini<\/strong>, sini.m.stenroth@jyu.fi<\/span><\/span>\r\n<span style=\"font-family: Open Sans; font-size: 14px;\"><a href=\"https:\/\/www.jyu.fi\/fi\/henkilot\/anna-katriina-tirkkonen\"><strong><span class=\"external-link\">Tirkkonen Anna<\/span><\/strong><\/a>, anna.a-k.tirkkonen@jyu.fi, tel. +358 40 805 4855<\/span><span style=\"font-family: Open Sans; font-size: 14px;\">\r\n<a href=\"https:\/\/www.jyu.fi\/fi\/henkilot\/niko-tynkkynen\"><strong>Tynkkynen Niko<\/strong><\/a>, niko.p.tynkkynen@jyu.fi, tel. +358 50 341 9705<\/span>\r\n<span style=\"font-family: Open Sans; font-size: 14px;\"><a class=\"external-link\" href=\"https:\/\/www.jyu.fi\/fi\/henkilot\/timo-tormakangas\"><span class=\"internal-link\"><strong>T\u00f6rm\u00e4kangas Timo<\/strong><\/span><\/a>, timo.tormakangas@jyu.fi, tel. +358 40 805 3599<\/span>\r\n<span style=\"font-family: Open Sans; font-size: 14px;\"><a href=\"https:\/\/www.jyu.fi\/fi\/henkilot\/lina-van-aerschot\" target=\"_blank\" rel=\"noopener noreferrer\"><strong>Van Aerschot Lina<\/strong><\/a>, lina.vanaerschot@jyu.fi, tel. +358 40 805 3767\r\n<\/span><span style=\"font-family: Open Sans; font-size: 14px;\"><span style=\"font-family: Open Sans;\"><a href=\"https:\/\/www.jyu.fi\/fi\/henkilot\/elina-vettentera\"><strong>Vettenter\u00e4 Elina<\/strong><\/a>, elina.l.i.vettentera@jyu.fi, tel. +358 50 300 2588<\/span><\/span>\r\n<span style=\"font-family: Open Sans; font-size: 14px;\"><a class=\"external-link\" href=\"https:\/\/www.jyu.fi\/fi\/henkilot\/anne-viljanen\"><strong>Viljanen Anne<\/strong><\/a>, anne.viljanen@jyu.fi, tel. +358 40 805 3603<\/span>\r\n<span style=\"font-family: Open Sans; font-size: 14px;\"><a class=\"external-link\" href=\"https:\/\/www.jyu.fi\/fi\/henkilot\/maija-valimaa\"><strong>V\u00e4limaa Maija<\/strong><\/a>, maija.mv.valimaa@jyu.fi, tel. +358 50 479 7201<\/span>[\/vc_column_text][\/vc_tta_section][vc_tta_section title=\"Tampere\" tab_id=\"1544870095769-f4a7aa60-607b\"][vcex_heading text=\"Professorit ja vastaavat\" tag=\"h3\" text_align=\"left\" color=\"#555555\" font_size=\"18px\" font_weight=\"300\" css=\".vc_custom_1550574023450{padding-bottom: 20px !important;}\" font_family=\"Open Sans\"][vc_column_text width=\"750\" font_size=\"14px\" align=\"left\"]<span style=\"font-family: Open Sans; font-size: 14px;\"><strong>Hurme Mikko<\/strong>, mikrobiologia, mikko.hurme@tuni.fi, tel. +358 3 3551 6652<\/span>\r\n<span style=\"font-family: Open Sans; font-size: 14px;\"><a href=\"https:\/\/www.tuni.fi\/fi\/marja-jylha\"><strong><span class=\"internal\">Jylh\u00e4 <\/span><\/strong><span class=\"internal\"><strong>Marja<\/strong><\/span><\/a>, gerontologia, emerita, marja.jylha@tuni.fi, tel +358 40 588 9100<\/span>\r\n<span style=\"font-family: Open Sans; font-size: 14px;\"><a href=\"https:\/\/research.uta.fi\/esa-jamsen-geriatria\/\"><strong>J\u00e4msen Esa<\/strong><\/a>, geriatria, esa.jamsen@tuni.fi, tel. +358 50 318 6274\r\n<a href=\"https:\/\/www.tuni.fi\/fi\/jenni-k-kulmala\"><strong>Kulmala Jenni<\/strong><\/a>, gerontologia, jenni.kulmala@tuni.fi, tel. +358 50 439 5422<\/span><span style=\"font-family: Open Sans; font-size: 14px;\">\r\n<strong><a href=\"http:\/\/people.uta.fi\/~pirjo.nikander\/\">Nikander Pirjo<\/a><\/strong>,\u00a0pirjo.nikander@tuni.fi, tel. +358 40 190 1373\r\n<\/span><span style=\"font-family: Open Sans; font-size: 14px;\"><a href=\"https:\/\/www.tuni.fi\/fi\/clas-hakan-nygard\"><strong>Nyg\u00e5rd Clas-H\u00e5kan<\/strong><\/a>, ty\u00f6terveys, emeritus clas-hakan.nygard@tuni.fi, tel. +358 50 586 5959<\/span><span style=\"font-family: Open Sans; font-size: 14px;\">\r\n<a href=\"https:\/\/www.tuni.fi\/fi\/anu-siren\"><strong>Siren Anu<\/strong><\/a>, gerontologia, anu.siren@tuni.fi, +358 50 475 0373<\/span>[\/vc_column_text][vcex_spacing size=\"20px\"][vcex_heading text=\"Tutkijat ja muu henkil\u00f6st\u00f6\" tag=\"h3\" text_align=\"left\" color=\"#555555\" font_size=\"18px\" font_weight=\"300\" css=\".vc_custom_1550574051137{padding-bottom: 20px !important;}\" font_family=\"Open Sans\"][vc_column_text width=\"750\" font_size=\"14px\" align=\"left\" line_height=\"1,5\"]<span style=\"font-family: Open Sans; font-size: 14px;\"><a href=\"https:\/\/www.tuni.fi\/fi\/mari-aaltonen\" target=\"_blank\" rel=\"noopener noreferrer\"><strong>Aaltonen Mari<\/strong><\/a>, mari.aaltonen@tuni.fi, tel. +358 40 1901674<\/span><span style=\"font-family: Open Sans; font-size: 14px;\"><strong>\r\nAutio Arttu<\/strong>, arttu.autio@tuni.fi<\/span>\r\n<span style=\"font-family: Open Sans; font-size: 14px;\"><a href=\"https:\/\/www.tuni.fi\/fi\/anna-e-ellonen\" target=\"_blank\" rel=\"noopener noreferrer\"><strong>Ellonen Anna<\/strong><\/a>, anna.e.ellonen@tuni.fi, tel. +358 50 476 0363<\/span>\r\n<span style=\"font-family: Open Sans; font-size: 14px;\"><a href=\"https:\/\/www.tuni.fi\/fi\/linda-enroth\" target=\"_blank\" rel=\"noopener noreferrer\"><strong>Enroth Linda<\/strong><\/a>, linda.enroth@tuni.fi, tel. +358 40 190 1647<\/span>\r\n<span style=\"font-family: Open Sans; font-size: 14px;\"><a href=\"https:\/\/www.tuni.fi\/fi\/leena-forma\" target=\"_blank\" rel=\"noopener noreferrer\"><strong>Forma Leena<\/strong><\/a>, leena.forma@tuni.fi, tel. +358\u00a0\u00a040 190 1604<\/span>\r\n<span style=\"font-family: Open Sans; font-size: 14px;\"><a href=\"https:\/\/www.tuni.fi\/fi\/pauliina-halonen\" target=\"_blank\" rel=\"noopener noreferrer\"><strong>Halonen Pauliina<\/strong><\/a>, pauliina.halonen@tuni.fi, tel. +358 50\u00a0437\u00a07338<\/span><span style=\"font-family: Open Sans; font-size: 14px;\">\r\n<span style=\"font-family: Open Sans; font-size: 14px;\"><a href=\"https:\/\/www.tuni.fi\/fi\/fatemeh-hatami\" target=\"_blank\" rel=\"noopener noreferrer\"><strong>Hatami Fatemeh<\/strong><\/a>, fatemeh.hatami@tuni.fi, tel. +358 50 595 5164<\/span><span style=\"font-family: Open Sans; font-size: 14px;\">\r\n<strong>Heitto Mari<\/strong>, mari.heitto@tuni.fi<\/span>\r\n<span style=\"font-family: Open Sans; font-size: 14px;\"><a href=\"https:\/\/www.tuni.fi\/fi\/outi-jolanki\" target=\"_blank\" rel=\"noopener noreferrer\"><strong>Jolanki Outi<\/strong><\/a>, outi.jolanki@tuni.fi, tel. +358 40\u00a0190 1660<\/span>\r\n<span style=\"font-family: Open Sans; font-size: 14px;\"><a href=\"https:\/\/www.tuni.fi\/fi\/juulia-jylhava\"><strong>Jylh\u00e4v\u00e4 Juulia<\/strong><\/a>, juulia.jylhava@tuni.fi, tel. +358\u00a0 3 3551 6874<\/span>\r\n<span style=\"font-family: Open Sans; font-size: 14px;\"><a href=\"https:\/\/www.tuni.fi\/fi\/prakash-kc\"><strong>K. C. Prakash<\/strong><\/a>, prakash.kc@tuni.fi, tel. +358 50 509 9158<\/span>\r\n<span style=\"font-family: Open Sans; font-size: 14px;\"><a href=\"https:\/\/www.tuni.fi\/fi\/laura-kananen\"><strong>Kananen Laura<\/strong>,<\/a> laura.kananen@tuni.fi<\/span>\r\n<span style=\"font-family: Open Sans; font-size: 14px;\"><a href=\"https:\/\/www.tuni.fi\/fi\/tiina-kangasluoma\" target=\"_blank\" rel=\"noopener noreferrer\"><strong>Kangasluoma Tiina<\/strong><\/a>, tiina.kangasluoma@tuni.fi, tel. +358 40 190 1649<\/span>\r\n<span style=\"font-family: Open Sans; font-size: 14px;\"><a href=\"https:\/\/www.tuni.fi\/fi\/hanna-kerminen\" target=\"_blank\" rel=\"noopener noreferrer\"><strong>Kerminen Hanna<\/strong><\/a>, hanna.kerminen@tuni.fi<\/span>\r\n<span style=\"font-family: Open Sans; font-size: 14px;\"><a href=\"https:\/\/www.tuni.fi\/fi\/katri-keskinen\" target=\"_blank\" rel=\"noopener noreferrer\"><strong>Keskinen Katri<\/strong><\/a>, katri.keskinen@tuni.fi, tel. +358 50 437 7625\r\n<strong>Kosonen Hanna<\/strong>, hanna.kosonen@tuni.fi\r\n<strong><a href=\"https:\/\/www.tuni.fi\/fi\/saila-kyronlahti\">Kyr\u00f6nlahti Saila<\/a>,<\/strong> saila.kyronlahti@tuni.fi\r\n<a href=\"https:\/\/www.tuni.fi\/fi\/laura-e-lahti\"><strong>Lahti Laura<\/strong><\/a>, laura.e.lahti@tuni.fi\r\n<a href=\"https:\/\/www.tuni.fi\/fi\/terhi-lampio\"><strong>Lampio Terhi<\/strong><\/a>, terhi.lampio@tuni.fi\r\n<strong>Lemivaara Marjut<\/strong>, marjut.lemivaara@tuni.fi<\/span>\r\n<span style=\"font-family: Open Sans; font-size: 14px;\"><strong><a href=\"https:\/\/www.tuni.fi\/fi\/kirsi-lumme-sandt\" target=\"_blank\" rel=\"noopener noreferrer\">Lumme-Sandt Kirsi<\/a><\/strong>, kirsi.lumme-sandt@tuni.fi, tel. +358 40 190 1606<\/span>\r\n<span style=\"font-family: Open Sans; font-size: 14px;\"><a href=\"https:\/\/www.tuni.fi\/fi\/saara-marttila\" target=\"_blank\" rel=\"noopener noreferrer\"><strong>Marttila Saara<\/strong><\/a>, saara.marttila@tuni.fi, tel +358 50 318 5813<\/span>\r\n<span style=\"font-family: Open Sans; font-size: 14px;\"><a href=\"https:\/\/www.tuni.fi\/fi\/suvi-mykkanen\" target=\"_blank\" rel=\"noopener noreferrer\"><strong>Mykk\u00e4nen Suvi<\/strong><\/a>, suvi.mykkanen@tuni.fi<\/span>\r\n<span style=\"font-family: Open Sans; font-size: 14px;\"><a href=\"https:\/\/www.tuni.fi\/fi\/subas-neupane\" target=\"_blank\" rel=\"noopener noreferrer\"><strong>Neupane Subas<\/strong><\/a>, subas.neupane@tuni.fi, tel. +358 40 190 9709<\/span>\r\n<span style=\"font-family: Open Sans; font-size: 14px;\"><strong>Nevalainen Tapio<\/strong>, tapio.nevalainen@tuni.fi, tel. +358 50 318 6248<\/span>\r\n<span style=\"font-family: Open Sans; font-size: 14px;\"><a href=\"https:\/\/www.tuni.fi\/fi\/lily-nosraty\" target=\"_blank\" rel=\"noopener noreferrer\"><strong>Nosraty Lily<\/strong><\/a>, lily.nosraty@tuni.fi, tel. +358\u00a0 40 1901660<\/span>\r\n<span style=\"font-family: Open Sans; font-size: 14px;\"><a href=\"https:\/\/www.tuni.fi\/fi\/hanna-ojala\" target=\"_blank\" rel=\"noopener noreferrer\"><strong>Ojala Hanna<\/strong><\/a>, hanna.ojala@tuni.fi, tel. +358 40\u00a0190\u00a01246<\/span>\r\n<span style=\"font-family: Open Sans; font-size: 14px;\"><a href=\"https:\/\/www.tuni.fi\/fi\/mira-palonen\" target=\"_blank\" rel=\"noopener noreferrer\"><strong>Palo<\/strong><strong>n<\/strong><strong>en Mi<\/strong><strong>ra<\/strong><\/a>, mira.palonen@tuni.fi, tel. +35840 190 1451<\/span>\r\n<span style=\"font-size: 14px; font-family: Open Sans;\"><a href=\"https:\/\/www.tuni.fi\/fi\/federica-previtali\" target=\"_blank\" rel=\"noopener noreferrer\"><strong>Previtali Federica<\/strong><\/a>, federica.previtali@tuni.fi, tel. <span lang=\"en-US\">+358 50 3182133<\/span><\/span>\r\n<span style=\"font-family: Open Sans; font-size: 14px;\"><a href=\"https:\/\/www.tuni.fi\/fi\/jutta-pulkki\" target=\"_blank\" rel=\"noopener noreferrer\"><strong>Pulkki Jutta<\/strong><\/a>, jutta.pulkki@tuni.fi, tel +358 50\u00a0318\u00a06742<\/span>\r\n<span style=\"font-family: Open Sans; font-size: 14px;\"><a href=\"https:\/\/www.tuni.fi\/fi\/jani-raitanen\" target=\"_blank\" rel=\"noopener noreferrer\"><strong>Raitanen Jani<\/strong><\/a>, jani.raitanen@tuni.fi, tel. +358 40 190 1686\r\n<strong><a href=\"https:\/\/www.tuni.fi\/fi\/anniriikka-rantala\">Rantala Anniriikka<\/a>,<\/strong> anniriikka.rantala@tuni.fi, tel +358 50 574 5205<\/span>\r\n<span style=\"font-family: Open Sans; font-size: 14px;\"><a href=\"https:\/\/www.tuni.fi\/fi\/anna-siukola\" target=\"_blank\" rel=\"noopener noreferrer\"><strong>Siukola Anna<\/strong><\/a>, anna.siukola@tuni.fi, tel. \u00a0+358 50 318 7749<\/span>\r\n<span style=\"font-family: Open Sans; font-size: 14px;\"><a href=\"https:\/\/www.tuni.fi\/fi\/kristina-tiainen\" target=\"_blank\" rel=\"noopener noreferrer\"><strong>Tiainen Kristina<\/strong><\/a>, kristina.tiainen@tuni.fi, tel. +358\u00a040 190 1648<\/span>\r\n<span style=\"font-family: Open Sans; font-size: 14px;\"><a href=\"https:\/\/www.tuni.fi\/fi\/katariina-tuominen\" target=\"_blank\" rel=\"noopener noreferrer\"><strong>Tuominen Katariina<\/strong><\/a>, katariina.tuominen@tuni.fi, tel. +358 50 437 7524\r\n<a href=\"https:\/\/www.tuni.fi\/fi\/user\/42033\"><strong>Valkama Outi<\/strong><\/a>, outi.valkama@tuni.fi\r\n<\/span> <span style=\"font-family: Open Sans; font-size: 14px;\"><strong>Vanttaja Karri<\/strong>, vanttaja.karri@tuni.fi, tel. +358 50 <span class=\"ui-provider ef bmh bpl bpm bpn bpo bpp bpq bpr bps bpt bpu bpv bpw bpx bpy bpz bqa bqb bqc bqd bqe bqf bqg bqh bqi bqj bqk bql bqm bqn bqo bqp bqq bqr\" dir=\"ltr\">3245231<\/span>\r\n<\/span><\/span>[\/vc_column_text][vcex_spacing size=\"10px\"][\/vc_tta_section][vc_tta_section title=\"Dosentit\" tab_id=\"1554700205790-e0115b1b-ebff\"][vc_column_text]<span style=\"font-size: 16px;\"><span style=\"font-family: Open Sans;\">Jyv\u00e4skyl\u00e4n yliopiston liikuntatieteellisen tiedekunnan gerontologian alan dosentit <\/span><span style=\"font-family: Open Sans;\">(2010 alkaen):<\/span><\/span>\r\n\r\n<span style=\"font-family: Open Sans; font-size: 14px;\">TtT <strong>Sari Stenholm<\/strong>, Gerontologia ja kansanterveys\u00a0<\/span>\r\n<span style=\"font-family: Open Sans; font-size: 14px;\">TtT <strong>Jenni Kulmala<\/strong>, Gerontologia ja kansanterveys\u00a0<\/span>\r\n<span style=\"font-family: Open Sans; font-size: 14px;\">TtT <strong>Kristina Tiainen<\/strong>, Liikuntagerontologia\u00a0<\/span>\r\n\r\n<span style=\"font-family: Open Sans; font-size: 16px;\">Tampereen yliopiston yhteiskuntatieteiden tiedekunnan gerontologian alan dosentit:\u00a0<\/span>\r\n\r\n<span style=\"font-family: Open Sans; font-size: 14px;\">FT <strong>Ulla Eloniemi-Sulkava<\/strong>, Terveysgerontologia\u00a0<\/span>\r\n<span style=\"font-family: Open Sans; font-size: 14px;\">TtT <strong>Anne Viljanen<\/strong>, Gerontologia\u00a0<\/span>\r\n<span style=\"font-family: Open Sans; font-size: 14px;\">THT <strong>Anja Noro<\/strong>, Gerontologia\u00a0<\/span>\r\n<span style=\"font-family: Open Sans; font-size: 14px;\">TtT <strong>Merja Rantakokko<\/strong>, Gerontologia\u00a0<\/span>\r\n<span style=\"font-family: Open Sans; font-size: 14px;\">TtT <strong>Tiina-Mari Lyyra<\/strong>, Gerontologia\u00a0<\/span>\r\n<span style=\"font-family: Open Sans; font-size: 14px;\">LitT <strong>Pertti Pohjolainen<\/strong>, Gerontologia<\/span>\r\n<span style=\"font-family: Open Sans; font-size: 14px;\">LitT <strong>Pertti Era<\/strong>, Gerontologia\u00a0<\/span>\r\n<span style=\"font-family: Open Sans; font-size: 14px;\">Professori <strong>Richard Pieper<\/strong>, Sosiaaligerontologia\u00a0<\/span>\r\n<span style=\"font-family: Open Sans; font-size: 14px;\">LitT <strong>Terttu Parkatti<\/strong>, Gerontologia\u00a0<\/span>\r\n<span style=\"font-family: Open Sans; font-size: 14px;\">FT <strong>Laura Kananen<\/strong>, Gerontologia\u00a0<\/span>\r\n\r\n<span style=\"font-family: Open Sans; font-size: 14px;\"><span style=\"font-size: 16px;\">Tampereen yliopiston l\u00e4\u00e4ketieteen ja terveysteknologian tiedekunnan geriatrian alan dosentit:<\/span>\u00a0<\/span>\r\n\r\n<span style=\"font-family: Open Sans; font-size: 14px;\">LKT <strong>Pirkko J\u00e4ntti<\/strong>, Geriatria\u00a0<\/span>[\/vc_column_text][\/vc_tta_section][vc_tta_section title=\"Tieteellinen ohjausryhm\u00e4 2022-2025\" tab_id=\"1544870095773-caae5901-9955\"][vcex_heading text=\"Tieteellinen ohjausryhm\u00e4 2022-2025\" tag=\"h3\" text_align=\"left\" color=\"#555555\" font_size=\"18px\" font_weight=\"300\" css=\".vc_custom_1641193636330{padding-bottom: 20px !important;}\"][vc_column_text width=\"750\" font_size=\"14px\" align=\"left\"]<strong>\u00a0<\/strong>\r\n\r\nProfessori Susanne Iwarsson, Lundin yliopisto\r\n\r\nProfessori Marja Aartsen, Oslo Metropolitan University\r\n\r\nProfessori Kaare Christensen, University of Southern Denmark\r\n\r\nVanhusasianvaltuutettu P\u00e4ivi Topo\r\n\r\n<span class=\"textexposedshow\">\u00a0<\/span>[\/vc_column_text][\/vc_tta_section][vc_tta_section title=\"GEREC johtoryhm\u00e4 2024-2025\" tab_id=\"1638517446834-2d763ea8-1c7c\"][vc_column_text]<strong>GEREC johtoryhm\u00e4 2024-2025<\/strong>\r\n\r\njohtaja Anu Siren TAU\r\n\r\nvarajohtaja Katja Kokko JY\r\n\r\njohtoryhm\u00e4:\r\n\r\nMikaela von Bonsdorff JY\r\n\r\nJuulia Jylh\u00e4v\u00e4 TAU\r\n\r\nTiia Kek\u00e4l\u00e4inen JY\r\n\r\nJenni Kulmala TAU\r\n\r\nLaura Lahti TAU\r\n\r\nKatja Lindeman JY\r\n\r\nMerja Rantakokko JY\r\n\r\nKatariina Tuominen TAU\r\n\r\n[\/vc_column_text][\/vc_tta_section][\/vc_tta_tabs][vcex_image][\/vc_column][\/vc_row][vc_row][vc_column][\/vc_column][\/vc_row]","_fi_post_name":"henkilosto","_fi_post_excerpt":"","_fi_post_title":"Henkil\u00f6st\u00f6","_en_post_content":"[vc_row column_spacing=\"50\" bg_style=\"stretch\" css=\".vc_custom_1544814296502{padding-top: 30px !important;padding-bottom: 5px !important;}\"][vc_column][vcex_image overlay_style=\"\" image_id=\"5935\"][vcex_spacing][vc_tta_tabs style=\"modern\" shape=\"square\" gap=\"10\" active_section=\"6\"][vc_tta_section title=\"Jyv\u00e4skyl\u00e4\" tab_id=\"1544870095765-3c77cc4f-1d736a4f-8710\"][vcex_heading text=\"Professors and professors emeriti\" tag=\"h3\" text_align=\"left\" color=\"#555555\" font_size=\"18px\" font_weight=\"300\" css=\".vc_custom_1550832246894{padding-bottom: 20px !important;}\" font_family=\"Open Sans\"][vc_column_text width=\"750\" font_size=\"14px\" align=\"left\"]<span style=\"font-family: Open Sans; font-size: 14px;\"><strong><a href=\"https:\/\/www.jyu.fi\/en\/people\/mikaela-bonsdorff-von\">Bonsdorff von Mikaela<\/a><\/strong>, gerontology and public health, mikaela.vonbonsdorff@jyu.fi, tel. +358 40 034 2692<\/span>\r\n<span style=\"font-family: Open Sans; font-size: 14px;\"><strong>Jyrk\u00e4m\u00e4 Jyrki<\/strong>, social gerontology, emeritus, jyrki.jyrkama@jyu.fi<\/span>\r\n<span style=\"font-family: Open Sans; font-size: 14px;\"><strong><a class=\"external-link\" href=\"https:\/\/www.jyu.fi\/en\/people\/katja-kokko\"><span class=\"external-link\">Kokko Katja<\/span><\/a><\/strong>, research director, lifespan psychology, <span id=\"form-widgets-IContactInfo-email\" class=\"textline-field text-widget\">katja.r.kokko@jyu.fi, tel. <\/span><span id=\"form-widgets-IContactInfo-phone_number\" class=\"textline-field text-widget\">+358 40 805 3500<\/span><\/span>\r\n<span style=\"font-family: Open Sans; font-size: 14px;\"><strong>Kovanen Vuokko<\/strong>, emerita<a href=\"https:\/\/www.jyu.fi\/en\/people\/teppo-kroger\">\r\n<strong>Kr\u00f6ger Teppo<\/strong><\/a>, social and public policy, teppo.kroger@jyu.fi, tel. +358 40 805 4160<\/span>\r\n<span style=\"font-family: Open Sans; font-size: 14px;\"> <strong><a class=\"external-link\" href=\"https:\/\/www.jyu.fi\/en\/people\/eija-laakkonen\"><span class=\"internal\">Laakkonen Eija<\/span><\/a><\/strong>, translational research on physical activity and health, eija.k.laakkonen@jyu.fi, tel. +358 40 805 3588<\/span>\r\n<span style=\"font-family: Open Sans; font-size: 14px;\"><strong><a href=\"https:\/\/www.jyu.fi\/en\/people\/riku-nikander\">Nikander Riku<\/a><\/strong>, clinical physiotherapy, riku.p.nikander@jyu.fi, tel. +358 40 805 4818<\/span>\r\n<span style=\"font-family: Open Sans; font-size: 14px;\"> <a href=\"https:\/\/www.jyu.fi\/en\/people\/merja-rantakokko\"><strong>Rantakokko Merja<\/strong><\/a>, gerontological rehabilitation, merja.h.rantakokko@jyu.fi, tel. +358 50 301 6860<\/span>\r\n<span style=\"font-family: Open Sans; font-size: 14px;\"><a href=\"https:\/\/www.jyu.fi\/en\/people\/taina-rantanen\"><strong>Rantanen Taina<\/strong><\/a>, gerontology and public health, taina.rantanen@jyu.fi, tel.\u00a0 +358 40 805 3590<\/span>\r\n<span style=\"font-family: Open Sans; font-size: 14px;\"><strong><a class=\"external-link\" href=\"https:\/\/www.jyu.fi\/en\/people\/elina-sillanpaa\"><span class=\"external-link\">Sillanp\u00e4\u00e4 Elina<\/span><\/a><\/strong>, health promotion, elina.sillanpaa@jyu.fi, tel. +358 40 142 9639<a href=\"https:\/\/www.jyu.fi\/en\/people\/sarianna-sipila\">\r\n<strong>Sipil\u00e4 Sarianna<\/strong><\/a>, exercise gerontology, sarianna.sipila@jyu.fi, tel.\u00a0 +358 40 805 3593<\/span>\r\n<span style=\"font-family: Open Sans; font-size: 14px;\"> <a href=\"https:\/\/www.jyu.fi\/en\/people\/sakari-taipale\"><strong>Taipale Sakari<\/strong><\/a>, social and public policy, sakari.taipale@jyu.fi, tel. +358 40 0728 852<\/span><span style=\"font-family: Open Sans; font-size: 14px;\">\r\n<a href=\"https:\/\/www.jyu.fi\/en\/people\/heli-valokivi\" target=\"_blank\" rel=\"noopener noreferrer\"><strong>Valokivi Heli<\/strong><\/a>, social work, heli.valokivi@jyu.fi, tel. +358 40 664 1514<\/span>[\/vc_column_text][vcex_spacing size=\"20px\"][vcex_heading text=\"Researchers and other people\" tag=\"h3\" text_align=\"left\" color=\"#555555\" font_size=\"18px\" font_weight=\"300\" css=\".vc_custom_1550832254336{padding-bottom: 20px !important;}\" font_family=\"Open Sans\"][vc_column_text width=\"750\" font_size=\"14px\" align=\"left\"]<span style=\"font-family: Open Sans; font-size: 14px;\"><a href=\"https:\/\/www.jyu.fi\/en\/people\/summer-abounar\" target=\"_blank\" rel=\"noopener\"><strong>Abounar Summer<\/strong><\/a>, summer.a.abounar@jyu.fi, tel. +358 50 413 4150\r\n<a href=\"https:\/\/www.jyu.fi\/en\/people\/johanna-ahola\" target=\"_blank\" rel=\"noopener\"><strong>Ahola Johanna<\/strong><\/a>, johanna.m.ahola@jyu.fi, tel. +358 50 562 9019<\/span>\r\n<span style=\"font-family: Open Sans; font-size: 14px;\"><a href=\"https:\/\/www.jyu.fi\/en\/people\/salla-era\"><strong>Era Salla<\/strong><\/a>, salla.ma.era@jyu.fi, tel. +358 50 300 5607<\/span>\r\n<span style=\"font-family: Open Sans; font-size: 14px;\"><strong><a class=\"external-link\" href=\"https:\/\/www.jyu.fi\/en\/people\/johanna-eronen\"><span class=\"external-link\">Eronen Johanna<\/span><\/a><\/strong>, johanna.eronen@jyu.fi, tel. +358 50 478 1067\r\n<a href=\"https:\/\/www.jyu.fi\/en\/people\/paivi-eskola\" target=\"_blank\" rel=\"noopener\"><strong>Eskola P\u00e4ivi<\/strong><\/a>, paivi.eskola@jyu.fi, tel. +358 40 576 7771\r\n<\/span><span style=\"font-family: Open Sans; font-size: 14px;\"><a href=\"https:\/\/www.jyu.fi\/en\/people\/tiina-fohr\"><strong>F\u00f6hr Tiina<\/strong><\/a>, tiina.m.fohr@jyu.fi, tel. +358 40 705 4858 <\/span>\r\n<span style=\"font-family: Open Sans; font-size: 14px;\"><a href=\"https:\/\/www.jyu.fi\/en\/people\/ulla-halonen\"><strong>Halonen Ulla<\/strong><\/a>, ulla.m.halonen@jyu.fi, tel. +358 50 470 5044\r\n<strong><a class=\"external-link\" href=\"https:\/\/www.jyu.fi\/en\/people\/paivi-herranen\">Herranen P\u00e4ivi<\/a><\/strong>, paivi.m.herranen@jyu.fi<\/span>\r\n<span style=\"font-family: Open Sans; font-size: 14px;\"><strong><a class=\"external-link\" href=\"https:\/\/www.jyu.fi\/en\/people\/enni-maria-hietavala\">Hietavala Enni<\/a><\/strong>, enni.m.hietavala@jyu.fi, tel. +358 50 472 6822<\/span><span style=\"font-family: Open Sans; font-size: 14px;\">\r\n<\/span><span style=\"font-family: Open Sans; font-size: 14px;\"><a href=\"https:\/\/www.jyu.fi\/en\/people\/matti-hyvarinen\" target=\"_blank\" rel=\"noopener noreferrer\"><strong>Hyv\u00e4rinen Matti<\/strong><\/a>, matti.v.hyvarinen@jyu.fi, tel. +358 50 535 8691\r\n<a href=\"https:\/\/www.jyu.fi\/en\/people\/antti-pekka-hamalainen\" target=\"_blank\" rel=\"noopener noreferrer\"><strong>H\u00e4m\u00e4l\u00e4inen Antti<\/strong><\/a>, antti.ap.hamalainen@jyu.fi, tel. +358 40 643 1016\r\n<a href=\"https:\/\/www.jyu.fi\/en\/people\/onni-hamalainen\" target=\"_blank\" rel=\"noopener noreferrer\"><strong>H\u00e4m\u00e4l\u00e4inen Onni<\/strong><\/a>, onni.o.hamalainen@jyu.fi, tel. +358504757167\r\n<a href=\"https:\/\/www.jyu.fi\/en\/people\/riitta-hanninen\" target=\"_blank\" rel=\"noopener noreferrer\"><strong>H\u00e4nninen Riitta<\/strong><\/a>, riitta.j.hanninen@jyu.fi, tel. +358 40 707 7481<\/span><span style=\"font-family: Open Sans; font-size: 14px;\">\r\n<a href=\"https:\/\/www.jyu.fi\/en\/people\/laura-joensuu\" target=\"_blank\" rel=\"noopener\"><strong>Joensuu Laura<\/strong><\/a>, laura.p.joensuu@jyu.fi, tel. +358 50 436 3466\r\n<a href=\"https:\/\/www.jyu.fi\/en\/people\/tiina-jokela\" target=\"_blank\" rel=\"noopener\"><strong>Jokela Tiina<\/strong><\/a>, tiina.a.jokela@jyu.fi, tel. +358 50 475 1124<\/span><span style=\"font-family: Open Sans; font-size: 14px;\">\r\n<a href=\"https:\/\/www.jyu.fi\/en\/people\/anna-kankaanpaa\"><strong>Kankaanp\u00e4\u00e4 Anna<\/strong><\/a>, anna.k.kankaanpaa@jyu.fi, tel. +358 50 478 7978<\/span>\r\n<span style=\"font-family: Open Sans; font-size: 14px;\"><a class=\"external-link\" href=\"https:\/\/www.jyu.fi\/en\/people\/laura-karavirta\"><strong>Karavirta Laura<\/strong><\/a>, laura.i.karavirta@jyu.fi, tel. +358 40 805 5041<\/span>\r\n<span style=\"font-family: Open Sans; font-size: 14px;\"><strong><a class=\"external-link\" href=\"https:\/\/www.jyu.fi\/en\/people\/sira-karvinen\">Karvinen Sira<\/a><\/strong>, sira.m.karvinen@jyu.fi, tel. +358 50 362 5120<\/span>\r\n<span style=\"font-family: Open Sans; font-size: 14px;\"><strong><a class=\"external-link\" href=\"https:\/\/www.jyu.fi\/en\/people\/markku-kauppinen\"><span class=\"internal-link\">Kauppinen Markku<\/span><\/a><\/strong>, markku.a.kauppinen@jyu.fi, tel. +358 40 805 3559<\/span>\r\n<span style=\"font-family: Open Sans; font-size: 14px;\"><strong><a class=\"external-link\" href=\"https:\/\/www.jyu.fi\/en\/people\/kirsi-keskinen\"><span class=\"external-link\">Keskinen Kirsi<\/span><\/a><\/strong>, kirsi.e.keskinen@jyu.fi, tel. +358 50 433 9454\r\n<a href=\"https:\/\/www.jyu.fi\/en\/people\/eeva-kettunen\"><strong>Kettunen Eeva<\/strong><\/a>, eeva.k.kettunen@jyu.fi, tel. +358 50 301 3414\r\n<a href=\"https:\/\/www.jyu.fi\/en\/people\/sher-e-khoda\" target=\"_blank\" rel=\"noopener noreferrer\"><strong>Khoda Sher Md. E<\/strong><\/a>., md.s.khoda@jyu.fi, tel. +358 40 688 5855\r\n<\/span><span style=\"font-family: Open Sans; font-size: 14px;\"><a href=\"https:\/\/www.jyu.fi\/en\/people\/hilla-kiuru\"><strong>Kiuru Hilla<\/strong><\/a>, hilla.v.kiuru@jyu.fi, tel. +358 50 433 8620\r\n<\/span><span style=\"font-family: Open Sans; font-size: 14px;\"><a class=\"external-link\" href=\"https:\/\/www.jyu.fi\/en\/people\/kaisa-koivunen\"><strong>Koivunen Kaisa<\/strong><\/a>, kaisa.m.koivunen@jyu.fi, tel. +358 40 805 3972<\/span>\r\n<span style=\"font-family: Open Sans; font-size: 14px;\"><a class=\"external-link\" href=\"https:\/\/www.jyu.fi\/en\/people\/marko-korhonen\"><strong>Korhonen Marko<\/strong><\/a>, marko.t.korhonen@jyu.fi, tel. +358 50 587 4569\r\n<a href=\"https:\/\/www.jyu.fi\/en\/people\/tia-marje-korhonen\" target=\"_blank\" rel=\"noopener\"><strong>Korhonen Tia-Marje<\/strong><\/a>, tia-marje.k.korhonen@jyu.fi, tel. +358 50 472 8557 <\/span>\r\n<span style=\"font-family: Open Sans; font-size: 14px;\"><a href=\"https:\/\/www.jyu.fi\/en\/people\/viivi-korpela\"><strong>Korpela Viivi<\/strong><\/a>, viivi.e.korpela@jyu.fi, tel. +358 40 703 3101\r\n<a href=\"https:\/\/www.jyu.fi\/en\/people\/mari-kuutti\" target=\"_blank\" rel=\"noopener\"><strong>Kuutti Mari<\/strong><\/a>, mari.a.kuutti@jyu.fi, tel. +358 44 972 4473\r\n<a href=\"https:\/\/www.jyu.fi\/en\/people\/youngbin-kwon\" target=\"_blank\" rel=\"noopener noreferrer\"><strong>Kwon Youngbin<\/strong><\/a>, youngbin.j.kwon@jyu.fi, tel. +358 50 406 9071\r\n<\/span><span style=\"font-family: Open Sans; font-size: 14px;\"><a href=\"https:\/\/www.jyu.fi\/en\/people\/minta-karkkainen\" target=\"_blank\" rel=\"noopener noreferrer\"><strong>K\u00e4rkk\u00e4inen Minta<\/strong><\/a>, minta.e.m.karkkainen@jyu.fi, +358 44 258 2062<\/span>\r\n<span style=\"font-family: Open Sans; font-size: 14px;\"><strong>Lahti Anna<\/strong>, anna.lahti@folkhalsan.fi\u00a0<\/span>\r\n<strong><span style=\"font-family: Open Sans; font-size: 14px;\"><a href=\"https:\/\/www.jyu.fi\/en\/people\/hannamari-lankila\" target=\"_blank\" rel=\"noopener\">Lankila Hannamari<\/a>, <\/span><\/strong><span style=\"font-family: Open Sans; font-size: 14px;\">hannamari.i.lankila@jyu.fi<\/span>\r\n<span style=\"font-family: Open Sans; font-size: 14px;\"><a href=\"https:\/\/www.jyu.fi\/en\/people\/emilia-leinonen\" target=\"_blank\" rel=\"noopener noreferrer\"><strong>Leinonen Emilia<\/strong><\/a>, emilia.a.leinonen@jyu.fi, tel. +358 40 805 4280\r\n<\/span><span style=\"font-family: Open Sans; font-size: 14px;\"><strong>Levonmaa Helena<\/strong>, helena.k.levonmaa@student.jyu.fi\r\n<a href=\"https:\/\/www.jyu.fi\/en\/people\/katja-lindeman\"><strong>Lindeman Katja<\/strong><\/a>, katja.m.lindeman@jyu.fi, tel. +358 50 473 3214\r\n<\/span><span style=\"font-family: Open Sans; font-size: 14px;\"><a href=\"https:\/\/www.jyu.fi\/en\/people\/henna-littunen\"><strong>Littunen Henna<\/strong><\/a>, henna-riikka.m.littunen@jyu.fi<\/span>\r\n<span style=\"font-family: Open Sans; font-size: 14px;\"><a href=\"https:\/\/www.jyu.fi\/en\/people\/andrea-lorenz-wende\"><strong> Lorenz-Wende Andrea<\/strong><\/a>, andrea.c.lorenz-wende@jyu.fi, +358 50 305 0792\r\n<a href=\"https:\/\/www.jyu.fi\/en\/people\/antti-lopponen\"><strong>L\u00f6pp\u00f6nen Antti<\/strong><\/a>, antti.ej.lopponen@jyu.fi, tel. +358 40 620 1771\r\n<a href=\"https:\/\/www.jyu.fi\/en\/people\/heidi-maaranen\"><strong>Maaranen Heidi<\/strong><\/a>, heidi.a.maaranen@jyu.fi\r\n<a href=\"https:\/\/www.jyu.fi\/en\/people\/liinu-marin\"><strong>Marin Liinu<\/strong><\/a>, liinu.l.marin@jyu.fi, tel. +358 50 309 6733<\/span>\r\n<span style=\"font-family: Open Sans; font-size: 14px;\"><a href=\"https:\/\/www.jyu.fi\/en\/people\/liliya-martynova\" target=\"_blank\" rel=\"noopener noreferrer\"><strong>Martynova Liliya<\/strong><\/a>, liliya.v.martynova@jyu.fi, tel. +358 50 471 0996<\/span>\r\n<span style=\"font-family: Open Sans; font-size: 14px;\"><a href=\"https:\/\/www.jyu.fi\/en\/people\/jiby-mathew-puthenparambil\" target=\"_blank\" rel=\"noopener noreferrer\"><strong>Mathew Puthenparambil Jiby<\/strong><\/a>, jiby.j.mathew@jyu.fi, tel. +358 44 998 5641\r\n<a href=\"https:\/\/www.jyu.fi\/en\/people\/emmi-matikainen-tervola\"><strong>Matikainen-Tervola Emmi<\/strong><\/a>, emmi.m.matikainen-tervola@jyu.fi, tel. +358 50 599 6408\u00a0<\/span><span style=\"font-family: Open Sans; font-size: 14px;\">\r\n<a href=\"https:\/\/www.jyu.fi\/en\/people\/joona-neuvonen\"><strong>Neuvonen Joona<\/strong><\/a>, joona.e.neuvonen@jyu.fi, tel. +358 50 468 5171\r\n<\/span><span style=\"font-family: Open Sans; font-size: 14px;\"><a href=\"https:\/\/www.jyu.fi\/en\/people\/annika-opperbeck\"><strong>Opperbeck Annika<\/strong><\/a>, annika.a.opperbeck@jyu.fi<\/span>\r\n<span style=\"font-family: Open Sans; font-size: 14px;\"><a href=\"https:\/\/www.jyu.fi\/en\/people\/laura-pajula\"><strong>Pajula Laura<\/strong><\/a>, laura.a.pajula@jyu.fi, tel. +358 40 828 0124<\/span>\r\n<span style=\"font-family: Open Sans; font-size: 14px;\"><a href=\"https:\/\/www.jyu.fi\/en\/people\/lotta-palmberg\"><strong>Palmberg Lotta<\/strong><\/a>, lotta.m.palmberg@jyu.fi, tel. +358 40 805 4823<\/span>\r\n<span style=\"font-family: Open Sans; font-size: 14px;\"><a class=\"external-link\" href=\"https:\/\/www.jyu.fi\/en\/people\/eeva-maija-palonen\"><strong>Palonen Eeva-Maija<\/strong><\/a>, eeva-maija.palonen@jyu.fi, tel. +358 40 805 4211<\/span>\r\n<span style=\"font-family: Open Sans; font-size: 14px;\"><a class=\"external-link\" href=\"https:\/\/www.jyu.fi\/en\/people\/heli-peltomaa\"><strong>Peltomaa Heli<\/strong><\/a>, heli.m.peltomaa@jyu.fi, tel. +358 50 476 1170\r\n<a href=\"https:\/\/www.jyu.fi\/en\/people\/anni-pitkanen\"><strong>Pitk\u00e4nen Anni<\/strong><\/a>, anni.j.pitkanen@jyu.fi\r\n<\/span><span style=\"font-family: Open Sans; font-size: 14px;\"><a href=\"https:\/\/www.jyu.fi\/en\/people\/veera-puumalainen\"><strong>Puumalainen Veera<\/strong><\/a>, veera.e.puumalainen@jyu.fi<\/span>\r\n<span style=\"font-family: Open Sans; font-size: 14px;\"><strong><a class=\"external-link\" href=\"https:\/\/www.jyu.fi\/en\/people\/timo-rantalainen\">Rantalainen Timo<\/a><\/strong>, timo.rantalainen@jyu.fi, tel. +358 40 805 3252\r\n<a href=\"https:\/\/www.jyu.fi\/en\/people\/suvi-ravi\" target=\"_blank\" rel=\"noopener\"><strong>Ravi Suvi<\/strong><\/a>, suvi.m.ravi@jyu.fi, tel. +358 40 670 7282\r\n<\/span><span style=\"font-family: Open Sans; font-size: 14px;\"><strong>Ray Jenny<\/strong>, jenny.ray@folkhalsan.fi\r\n<a href=\"https:\/\/www.jyu.fi\/en\/people\/emmi-reinila\" target=\"_blank\" rel=\"noopener\"><strong>Reinil\u00e4 Emmi<\/strong><\/a>, emmi.e.reinila@jyu.fi, tel. +358 40 183 1423<\/span>\r\n<span style=\"font-family: Open Sans; font-size: 14px;\"><a class=\"external-link\" href=\"https:\/\/www.jyu.fi\/en\/people\/milla-saajanaho\"><span class=\"external-link\"><strong>Saajanaho Milla<\/strong><\/span><\/a>, milla.saajanaho@jyu.fi, tel.\u00a0+358 40\u00a0805 4536\r\n<a href=\"https:\/\/www.jyu.fi\/en\/people\/tiina-savikangas\"><strong>Savikangas Tiina<\/strong><\/a>, tiina.m.savikangas@jyu.fi, tel. +358 50 569 6125<\/span>\r\n<span style=\"font-family: Open Sans; font-size: 14px;\"><span style=\"font-family: Open Sans;\"><strong>Stenroth Sini<\/strong>, sini.m.stenroth@jyu.fi<\/span><\/span>\r\n<span style=\"font-family: Open Sans; font-size: 14px;\"><a href=\"https:\/\/www.jyu.fi\/en\/people\/anna-katriina-tirkkonen\"><strong><span class=\"external-link\">Tirkkonen Anna<\/span><\/strong><\/a>, anna.a-k.tirkkonen@jyu.fi, tel. +358 40 805 4855<\/span><span style=\"font-family: Open Sans; font-size: 14px;\">\r\n<a href=\"https:\/\/www.jyu.fi\/en\/people\/niko-tynkkynen\"><strong>Tynkkynen Niko<\/strong><\/a>, niko.p.tynkkynen@jyu.fi, tel. +358 50 341 9705<\/span>\r\n<span style=\"font-family: Open Sans; font-size: 14px;\"><a class=\"external-link\" href=\"https:\/\/www.jyu.fi\/en\/people\/timo-tormakangas\"><span class=\"internal-link\"><strong>T\u00f6rm\u00e4kangas Timo<\/strong><\/span><\/a>, timo.tormakangas@jyu.fi, tel. +358 40 805 3599<\/span>\r\n<span style=\"font-family: Open Sans; font-size: 14px;\"><a href=\"https:\/\/www.jyu.fi\/en\/people\/lina-van-aerschot\" target=\"_blank\" rel=\"noopener noreferrer\"><strong>Van Aerschot Lina<\/strong><\/a>, lina.vanaerschot@jyu.fi, tel. +358 40 805 3767\r\n<strong><a href=\"https:\/\/www.jyu.fi\/en\/people\/elina-vettentera\">Vettenter\u00e4 Elina<\/a><\/strong>, elina.l.i.vettentera@jyu.fi, tel. +358 50 300 2588<\/span>\r\n<span style=\"font-family: Open Sans; font-size: 14px;\"><a class=\"external-link\" href=\"https:\/\/www.jyu.fi\/en\/people\/anne-viljanen\"><strong>Viljanen Anne<\/strong><\/a>, anne.viljanen@jyu.fi, tel. +358 40 805 3603<\/span>\r\n<span style=\"font-family: Open Sans; font-size: 14px;\"><a class=\"external-link\" href=\"https:\/\/www.jyu.fi\/en\/people\/maija-valimaa\"><strong>V\u00e4limaa Maija<\/strong><\/a>, maija.mv.valimaa@jyu.fi, tel. +358 50 479 7201<\/span>[\/vc_column_text][\/vc_tta_section][vc_tta_section title=\"Tampere\" tab_id=\"1544870095769-f4a7aa60-607b6a4f-8710\"][vcex_heading text=\"Professors and professors emeriti\" tag=\"h3\" text_align=\"left\" color=\"#555555\" font_size=\"18px\" font_weight=\"300\" css=\".vc_custom_1550832303706{padding-bottom: 20px !important;}\" font_family=\"Open Sans\"][vc_column_text width=\"750\" font_size=\"14px\" align=\"left\"]<span style=\"font-family: Open Sans; font-size: 14px;\"><strong>Hervonen Antti<\/strong>, gerontology, emeritus, antti.hervonen@uta.fi, tel. +358 40 190 1642<\/span>\r\n<span style=\"font-family: Open Sans; font-size: 14px;\"><strong>Hurme Mikko<\/strong>, emeritus, microbiology, mikko.hurme@tuni.fi, tel. +358 3 3551 6652<\/span>\r\n<span style=\"font-family: Open Sans; font-size: 14px;\"><a href=\"https:\/\/www.tuni.fi\/en\/marja-jylha\"><strong>Jylh\u00e4 <\/strong><strong>Marja<\/strong><\/a>, gerontology, marja.jylha@tuni.fi, tel +358 40 588 9100<\/span>\r\n<span style=\"font-family: Open Sans; font-size: 14px;\"><strong>Jyrk\u00e4m\u00e4 Jyrki<\/strong>, emeritus, social gerontology, jyrki.y.jyrkama@jyu.fi, tel. +358 40 805 4140<\/span>\r\n<span style=\"font-family: Open Sans; font-size: 14px;\"><a href=\"https:\/\/solecris.uta.fi\/crisyp\/disp\/5_\/fi\/cr_asiatunt\/edi\/tab\/fet?stack=push&amp;cro=2824292133252818231837173526262136242721232118233622232528292838273822292738393739283727351836321717&amp;verkko=1\" target=\"_blank\" rel=\"noopener noreferrer\"><strong>J\u00e4msen Esa<\/strong><\/a>, geriatry, esa.jamsen@tuni.fi, tel. +358 50 318 6274\r\n<strong><a href=\"https:\/\/www.tuni.fi\/fi\/jenni-k-kulmala\">Kulmala Jenni<\/a>, <\/strong>gerontology, <span class=\"TextRun BCX2 SCXW98167458\" lang=\"FI-FI\" xml:lang=\"FI-FI\" data-contrast=\"auto\"><span class=\"NormalTextRun BCX2 SCXW98167458\">jenni.kulmala@tuni.fi, tel. +358 50 439 5422<\/span><\/span>\r\n<\/span><strong><a href=\"http:\/\/people.uta.fi\/~pirjo.nikander\/\">Nikander Pirjo<\/a><\/strong>,\u00a0pirjo.nikander@tuni.fi, tel. +358 40 190 1373\r\n<span style=\"font-family: Open Sans; font-size: 14px;\"><a href=\"https:\/\/www.tuni.fi\/en\/clas-hakan-nygard\"><strong>Nyg\u00e5rd Clas-H\u00e5kan<\/strong><\/a>, emeritus, occupational health, clas-hakan.nygard@tuni.fi fi, tel. +358 50 586 5959<\/span>\r\n<span style=\"font-family: Open Sans; font-size: 14px;\"><strong>Rissanen Pekka<\/strong>, health economics, emeritus, pekka.rissanen@tuni.fi, tel. +358 40 7292988\r\n<strong><a href=\"https:\/\/www.tuni.fi\/fi\/anu-siren\">Siren Anu<\/a>, <\/strong>gerontology, anu.siren@tuni.fi, +358 50 475 0373<\/span>\r\n<span style=\"font-family: Open Sans; font-size: 14px;\"><strong>Valvanne Jaakko<\/strong>, emeritus, geriatry, jaakko.valvanne@tuni.fi, tel. +358 40\u00a0190 9727<\/span>[\/vc_column_text][vcex_spacing size=\"20px\"][vcex_heading text=\"Researchers and other people\" tag=\"h3\" text_align=\"left\" color=\"#555555\" font_size=\"18px\" font_weight=\"300\" css=\".vc_custom_1550832310158{padding-bottom: 20px !important;}\" font_family=\"Open Sans\"][vc_column_text width=\"750\" font_size=\"14px\" align=\"left\" line_height=\"1,5\"]<span style=\"font-family: Open Sans; font-size: 14px;\"><a href=\"https:\/\/www.tuni.fi\/en\/mari-aaltonen\" target=\"_blank\" rel=\"noopener noreferrer\"><strong>Aaltonen Mari<\/strong><\/a>, mari.aaltonen@tuni.fi, tel. +358 40 1901674<\/span><span style=\"font-family: Open Sans; font-size: 14px;\"><strong>\r\nAutio Arttu<\/strong>, arttu.autio@tuni.fi<\/span>\r\n<span style=\"font-family: Open Sans; font-size: 14px;\"><a href=\"https:\/\/www.tuni.fi\/en\/linda-enroth\" target=\"_blank\" rel=\"noopener noreferrer\"><strong>Enroth Linda<\/strong><\/a>, linda.enroth@tuni.fi, tel. +358 40 190 1647<\/span>\r\n<span style=\"font-family: Open Sans; font-size: 14px;\"><a href=\"https:\/\/www.tuni.fi\/en\/leena-forma\" target=\"_blank\" rel=\"noopener noreferrer\"><strong>Forma Leena<\/strong><\/a>, leena.forma@tuni.fi, tel. +358\u00a0\u00a040 190 1604<\/span>\r\n<span style=\"font-family: Open Sans; font-size: 14px;\"><a href=\"https:\/\/www.tuni.fi\/en\/pauliina-halonen\" target=\"_blank\" rel=\"noopener noreferrer\"><strong>Halonen Pauliina<\/strong><\/a>, pauliina.halonen@tuni.fi, tel. +358 50\u00a0437\u00a07338<\/span>\r\n<span style=\"font-family: Open Sans; font-size: 14px;\"><a href=\"https:\/\/www.tuni.fi\/en\/outi-jolanki\" target=\"_blank\" rel=\"noopener noreferrer\"><strong>Jolanki Outi<\/strong><\/a>, outi.jolanki@tuni.fi, tel. +358 40\u00a0190 1660<\/span>\r\n<span style=\"font-family: Open Sans; font-size: 14px;\"><strong>Jylh\u00e4v\u00e4 Juulia<\/strong>, juulia.jylhava@tuni.fi, tel. +358\u00a0 3 3551 6874<\/span>\r\n<span style=\"font-family: Open Sans; font-size: 14px;\"><a href=\"https:\/\/www.tuni.fi\/fi\/prakash-kc\"><strong>K. C. Prakash<\/strong><\/a>, prakash.kc@tuni.fi, tel. +358 50 509 9158<\/span>\r\n<span style=\"font-family: Open Sans; font-size: 14px;\"><a href=\"https:\/\/www.tuni.fi\/fi\/laura-kananen\"><strong>Kananen Laura<\/strong><\/a>, laura.kananen@tuni.fi, tel. +358 50\u00a0318\u00a06296<\/span>\r\n<span style=\"font-family: Open Sans; font-size: 14px;\"><a href=\"https:\/\/www.tuni.fi\/en\/tiina-kangasluoma\" target=\"_blank\" rel=\"noopener noreferrer\"><strong>Kangasluoma Tiina<\/strong><\/a>, tiina.kangasluoma@tuni.fi, tel. +358 40 190 1649<\/span>\r\n<span style=\"font-family: Open Sans; font-size: 14px;\"><a href=\"https:\/\/www.tuni.fi\/en\/hanna-kerminen\" target=\"_blank\" rel=\"noopener noreferrer\"><strong>Kerminen Hanna<\/strong><\/a>, hanna.kerminen@tuni.fi<\/span>\r\n<span style=\"font-family: Open Sans; font-size: 14px;\"><a href=\"https:\/\/www.tuni.fi\/en\/katri-keskinen\" target=\"_blank\" rel=\"noopener noreferrer\"><strong>Keskinen Katri<\/strong><\/a>, katri.keskinen@tuni.fi, tel. +358 50 437 7625<\/span>\r\n<span style=\"font-family: Open Sans; font-size: 14px;\"><strong>Kosonen Hanna<\/strong>, hanna.kosonen@tuni.fi\r\n<strong>Kyr\u00f6nlahti Saila,<\/strong> saila.kyronlahti@tuni.fi\r\n<strong>Lahti, Laura<\/strong> laura.e.lahti@tuni.fi<\/span>\r\n<span style=\"font-family: Open Sans; font-size: 14px;\"><strong>Lemivaara Marjut<\/strong>, marjut.lemivaara@tuni.fi<\/span>\r\n<span style=\"font-family: Open Sans; font-size: 14px;\"><strong><a href=\"https:\/\/www.tuni.fi\/en\/kirsi-lumme-sandt\" target=\"_blank\" rel=\"noopener noreferrer\">Lumme-Sandt Kirsi<\/a>\u00a0<\/strong>, kirsi.lumme-sandt@tuni.fi, tel. +358 40 190 1606<\/span>\r\n<span style=\"font-family: Open Sans; font-size: 14px;\"><a href=\"https:\/\/www.tuni.fi\/en\/saara-marttila\" target=\"_blank\" rel=\"noopener noreferrer\"><strong>Marttila Saara<\/strong><\/a>, saara.marttila@tuni.fi, tel +358 50 318 5813<\/span>\r\n<span style=\"font-family: Open Sans; font-size: 14px;\"><a href=\"https:\/\/www.tuni.fi\/en\/subas-neupane\" target=\"_blank\" rel=\"noopener noreferrer\"><strong>Neupane Subas<\/strong><\/a>, subas.neupane@tuni.fi, tel. +358 40 190 9709<\/span>\r\n<span style=\"font-family: Open Sans; font-size: 14px;\"><strong>Nevalainen Tapio<\/strong>, tapio.nevalainen@tuni.fi, tel. +358 50 318 6248<\/span>\r\n<span style=\"font-family: Open Sans; font-size: 14px;\"><a href=\"https:\/\/www.tuni.fi\/en\/lily-nosraty\" target=\"_blank\" rel=\"noopener noreferrer\"><strong>Nosraty Lily<\/strong><\/a>, lily.nosraty@tuni.fi, tel. +358\u00a0 40 1901660<\/span>\r\n<span style=\"font-family: Open Sans; font-size: 14px;\"><a href=\"https:\/\/www.tuni.fi\/en\/hanna-ojala\" target=\"_blank\" rel=\"noopener noreferrer\"><strong>Ojala Hanna<\/strong><\/a>, hanna.ojala@tuni.fi, tel. +358 40\u00a0190\u00a01246<\/span>\r\n<span style=\"font-family: Open Sans; font-size: 14px;\"><strong><a href=\"https:\/\/www.tuni.fi\/en\/mira-palonen\" target=\"_blank\" rel=\"noopener noreferrer\">Palonen Mira<\/a><\/strong>, mira.palonen@tuni.fi, tel. +35840 190 1451<\/span>\r\n<span style=\"font-family: Open Sans; font-size: 14px;\"><a href=\"https:\/\/www.tuni.fi\/en\/federica-previtali\" target=\"_blank\" rel=\"noopener noreferrer\"><strong>Previtali Frederica<\/strong><\/a>, federica.previtali@tuni.fi, <span lang=\"en-US\">+358 50 3182133<\/span><\/span>\r\n<span style=\"font-family: Open Sans; font-size: 14px;\"><a href=\"https:\/\/www.tuni.fi\/en\/jutta-pulkki\" target=\"_blank\" rel=\"noopener noreferrer\"><strong>Pulkki Jutta<\/strong><\/a>, jutta.pulkki@tuni.fi, tel +358 50\u00a0318\u00a06742<\/span>\r\n<span style=\"font-family: Open Sans; font-size: 14px;\"><a href=\"https:\/\/www.tuni.fi\/en\/jani-raitanen\" target=\"_blank\" rel=\"noopener noreferrer\"><strong>Raitanen Jani<\/strong><\/a>, jani.raitanen@tuni.fi, tel. +358 40 190 1686\r\n<strong>Rantala Anniriikka,<\/strong> anniriikka.rantala@tuni.fi, tel+358 50 574 5205<\/span>\r\n<span style=\"font-family: Open Sans; font-size: 14px;\"><a href=\"https:\/\/www.tuni.fi\/en\/anna-siukola\" target=\"_blank\" rel=\"noopener noreferrer\"><strong>Siukola Anna<\/strong><\/a>, anna.siukola@tuni.fi, tel. \u00a0+358 50 318 7749<\/span>\r\n<span style=\"font-family: Open Sans; font-size: 14px;\"><strong>Surakka Johanna<\/strong>, johanna.surakka@tuni.fi, tel. +358 50\u00a0318\u00a07828<\/span>\r\n<span style=\"font-family: Open Sans; font-size: 14px;\"><a href=\"https:\/\/www.tuni.fi\/en\/kristina-tiainen\" target=\"_blank\" rel=\"noopener noreferrer\"><strong>Tiainen Kristina<\/strong><\/a>, kristina.tiainen@tuni.fi, tel. +358\u00a040 190 1648<\/span>\r\n<span style=\"font-size: 14px; font-family: Open Sans;\"><a href=\"https:\/\/www.tuni.fi\/en\/katariina-tuominen\" target=\"_blank\" rel=\"noopener noreferrer\"><strong>Tuominen<\/strong> <strong>Katariina<\/strong><\/a>, katariina.tuominen@tuni.fi, tel. +358 50 437 7524\r\n<strong>Valkama Outi<\/strong>, outi.valkama@tuni.fi<\/span>[\/vc_column_text][vcex_spacing size=\"10px\"][\/vc_tta_section][vc_tta_section title=\"Adjunct Professorships i.e. Title of Docents\" tab_id=\"1554701916028-c5e2a3c2-940f\"][vc_column_text]<span style=\"font-family: Open Sans; font-size: 14px;\"><span style=\"font-size: 16px;\">Adjunct Professorships i.e. Title of Docents in Gerontology, Faculty of Sport and Health Sciences, University of Jyv\u00e4skyl\u00e4 (since 2010):<\/span>\r\n<\/span>\r\n\r\n<span style=\"font-family: Open Sans; font-size: 14px;\"><strong>Sari Stenholm<\/strong>, PhD in Health Sciences, Gerontology and Public Health <\/span>\r\n<span style=\"font-family: Open Sans; font-size: 14px;\"><strong>Jenni Kulmala<\/strong>, PhD in Health Sciences, Gerontology and Public Health\u00a0<\/span>\r\n<span style=\"font-family: Open Sans; font-size: 14px;\"><strong>Kristina Tiainen<\/strong>, PhD in Health Sciences, Exercise Gerontology\r\n<\/span>\r\n\r\n<span style=\"font-family: Open Sans; font-size: 14px;\"><span style=\"font-size: 16px;\">Adjunct Professorships i.e. Title of Docents in Gerontology, Faculty of\u00a0 Social Sciences, Tampere University:\r\n<\/span><\/span>\r\n\r\n<span style=\"font-family: Open Sans; font-size: 14px;\"><strong>Ulla Eloniemi-Sulkava<\/strong>, PhD in Health Sciences \/ Geriatrics\u00a0<\/span>\r\n<span style=\"font-family: Open Sans; font-size: 14px;\"><strong>Anne Viljanen<\/strong>, PhD in Health Sciences\u00a0\u00a0<\/span>\r\n<span style=\"font-family: Open Sans; font-size: 14px;\"><strong>Anja Noro<\/strong>, PhD in Health Services\u00a0<\/span>\r\n<span style=\"font-family: Open Sans; font-size: 14px;\"><strong>Merja Rantakokko<\/strong>, PhD in Health Sciences<\/span>\r\n<span style=\"font-family: Open Sans; font-size: 14px;\"><strong>Tiina-Mari Lyyra<\/strong>, PhD in Health Sciences\u00a0<b><\/b><\/span>\r\n<span style=\"font-family: Open Sans; font-size: 14px;\"><strong>Pertti Pohjolainen<\/strong>, PhD in Sports Sciences\u00a0<\/span>\r\n<span style=\"font-family: Open Sans; font-size: 14px;\"><strong>Pertti Era<\/strong>, PhD in Sports Sciences\u00a0<\/span>\r\n<span style=\"font-family: Open Sans; font-size: 14px;\">Professor <strong>Richard Pieper<\/strong>, PhD in Sociology\u00a0<\/span>\r\n<span style=\"font-family: Open Sans; font-size: 14px;\"><strong>Terttu Parkatti<\/strong>, PhD in Sport Sciences\u00a0<\/span>\r\n\r\n<span style=\"font-family: Open Sans; font-size: 16px;\">Adjunct Professorships i.e. Title of Docents in Geriatrics, Faculty of Medicine and Health Technology, Tampere University:<\/span>\r\n\r\n<span style=\"font-family: Open Sans; font-size: 14px;\"><strong>Pirkko J\u00e4ntti<\/strong>, MD in Geriatrics\u00a0<\/span>[\/vc_column_text][\/vc_tta_section][vc_tta_section title=\"Scientific Advisory Board 2022-2025\" tab_id=\"1544870095773-caae5901-99556a4f-8710\"][vcex_heading text=\"Scientific Advisory Board 2022-2025\" tag=\"h3\" text_align=\"left\" color=\"#555555\" font_size=\"18px\" font_weight=\"300\" css=\".vc_custom_1641194247027{padding-bottom: 20px !important;}\"][vc_column_text width=\"750\" font_size=\"14px\" align=\"left\"]Professor Susanne Iwarsson, Lund University\r\n\r\nResearch professor Marja Aartsen, Oslo Metropolitan University\r\n\r\nProfessor Kaare Christensen, University of Southern Denmark\r\n\r\nVanhusasianvaltuutettu P\u00e4ivi Topo[\/vc_column_text][\/vc_tta_section][vc_tta_section title=\"Board 2024-2025\" tab_id=\"1639128179164-440f6bcf-075d\"][\/vc_tta_section][\/vc_tta_tabs][vcex_image][\/vc_column][\/vc_row][vc_row][vc_column][vc_column_text]<strong>Board Members 2024-2025:<\/strong>\r\n\r\nDirector: Anu Siren, TAU\r\n\r\nVice Director: Katja Kokko, JY\r\n\r\n&nbsp;\r\n\r\nMikaela von Bonsdorff JY\r\n\r\nJuulia Jylh\u00e4v\u00e4 TAU\r\n\r\nTiia Kek\u00e4l\u00e4inen JY\r\n\r\nJenni Kulmala TAU\r\n\r\nLaura Lahti TAU\r\n\r\nKatja Lindeman JY\r\n\r\nMerja Rantakokko JY\r\n\r\nKatariina Tuominen TAU[\/vc_column_text][\/vc_column][\/vc_row]","_en_post_name":"people","_en_post_excerpt":"","_en_post_title":"People","edit_language":"en","footnotes":""},"class_list":["post-5231","page","type-page","status-publish","hentry","entry","no-media"],"_links":{"self":[{"href":"https:\/\/www.gerec.fi\/en\/wp-json\/wp\/v2\/pages\/5231","targetHints":{"allow":["GET"]}}],"collection":[{"href":"https:\/\/www.gerec.fi\/en\/wp-json\/wp\/v2\/pages"}],"about":[{"href":"https:\/\/www.gerec.fi\/en\/wp-json\/wp\/v2\/types\/page"}],"author":[{"embeddable":true,"href":"https:\/\/www.gerec.fi\/en\/wp-json\/wp\/v2\/users\/1"}],"replies":[{"embeddable":true,"href":"https:\/\/www.gerec.fi\/en\/wp-json\/wp\/v2\/comments?post=5231"}],"version-history":[{"count":390,"href":"https:\/\/www.gerec.fi\/en\/wp-json\/wp\/v2\/pages\/5231\/revisions"}],"predecessor-version":[{"id":9701,"href":"https:\/\/www.gerec.fi\/en\/wp-json\/wp\/v2\/pages\/5231\/revisions\/9701"}],"wp:attachment":[{"href":"https:\/\/www.gerec.fi\/en\/wp-json\/wp\/v2\/media?parent=5231"}],"curies":[{"name":"wp","href":"https:\/\/api.w.org\/{rel}","templated":true}]}}