{"id":5229,"date":"2013-12-03T06:52:47","date_gmt":"2018-12-14T19:10:53","guid":{"rendered":"https:\/\/gerec.fi\/?page_id=5229"},"modified":"2024-06-19T08:42:27","modified_gmt":"2024-06-19T05:42:27","slug":"blog","status":"publish","type":"page","link":"https:\/\/www.gerec.fi\/en\/blog\/","title":{"rendered":"Blog","raw":"Blog"},"content":{"rendered":"[vc_row css=&#8221;.vc_custom_1544826812847{margin-top: 30px !important;}&#8221;][vc_column][vc_column_text]Gerontoblog publishes <span lang=\"en\">researcher&#8217;s popularized contributions from the multidisciplinary field of ageing research. Blog posts offer perspectives based on expertise, highlight interesting viewpoints and comment on topical issues, besides popularizing science.<\/span><\/p>\n<p>Gerontoblog increases the visibility of multidisciplinary research on ageing and ageing society. It gives both researches and the public an opprtunity to <span lang=\"en\">discuss<\/span> and broaden one&#8217;s thinking.[\/vc_column_text][vc_empty_space]<div class=\"vcex-module vcex-searchbar clr\"><form method=\"get\" class=\"vcex-searchbar-form\" action=\"https:\/\/www.gerec.fi\/en\/\"><input type=\"search\" class=\"vcex-searchbar-input \" name=\"s\" placeholder=\"Search..\" \/><input type=\"hidden\" name=\"category\" value=\"Blog\"><button class=\"vcex-searchbar-button\">Search<\/button><\/form><\/div><div class=\"vcex-spacing\" style=\"height:30px\"><\/div><div class=\"vcex-blog-grid-wrap wpex-clr\"><div class=\"wpex-row vcex-blog-grid wpex-clr entries\" data-transition-duration=\"0.0\"><div class=\"vcex-blog-entry entry-has-details span_1_of_3 col-1 col post-9690 entry type-post has-media cat-132\"><div class=\"vcex-blog-entry-inner entry-inner wpex-clr\"><div class=\"vcex-blog-entry-media entry-media\"><a href=\"https:\/\/www.gerec.fi\/en\/kasi-kadessa-ian-kanssa-kaikki-iat-alati-lasna-kohtaamisia-90-vuotta-tayttaneen-eeva-kilven-kanssa\/\" title=\"\u201dK\u00e4si k\u00e4dess\u00e4 i\u00e4n kanssa, kaikki i\u00e4t alati l\u00e4sn\u00e4\u201d \u2013 Kohtaamisia 90 vuotta t\u00e4ytt\u00e4neen Eeva Kilven kanssa\"><img loading=\"lazy\" decoding=\"async\" width=\"2560\" height=\"1707\" src=\"https:\/\/www.gerec.fi\/wp-content\/uploads\/2025\/08\/Terhin-postaus-scaled.jpg\" class=\"vcex-blog-entry-img\" alt=\"\" srcset=\"https:\/\/www.gerec.fi\/wp-content\/uploads\/2025\/08\/Terhin-postaus-scaled.jpg 2560w, https:\/\/www.gerec.fi\/wp-content\/uploads\/2025\/08\/Terhin-postaus-300x200.jpg 300w, https:\/\/www.gerec.fi\/wp-content\/uploads\/2025\/08\/Terhin-postaus-1024x683.jpg 1024w, https:\/\/www.gerec.fi\/wp-content\/uploads\/2025\/08\/Terhin-postaus-768x512.jpg 768w, https:\/\/www.gerec.fi\/wp-content\/uploads\/2025\/08\/Terhin-postaus-1536x1024.jpg 1536w, https:\/\/www.gerec.fi\/wp-content\/uploads\/2025\/08\/Terhin-postaus-2048x1365.jpg 2048w\" sizes=\"auto, (max-width: 2560px) 100vw, 2560px\" \/><\/a><\/div><div class=\"vcex-blog-entry-details entry-details wpex-clr\"><h2 class=\"vcex-blog-entry-title entry-title\"><a href=\"https:\/\/www.gerec.fi\/en\/kasi-kadessa-ian-kanssa-kaikki-iat-alati-lasna-kohtaamisia-90-vuotta-tayttaneen-eeva-kilven-kanssa\/\">\u201dK\u00e4si k\u00e4dess\u00e4 i\u00e4n kanssa, kaikki i\u00e4t alati l\u00e4sn\u00e4\u201d \u2013 Kohtaamisia 90 vuotta t\u00e4ytt\u00e4neen Eeva Kilven kanssa<\/a><\/h2><div class=\"vcex-blog-entry-excerpt entry-excerpt entry clr\"><p>Luin kes\u00e4lukemisena Anna-Riikka Carlsonin teoksen Rakas Eeva Kilpi. N\u00e4m\u00e4 juhlat jatkuvat viel\u00e4. Se kuvasi keski-ik\u00e4isen Anna-Riikka Carlsonin ja yli 90-vuotiaan Eeva Kilven kohtaamisia ja yst\u00e4vyytt\u00e4&hellip;<\/p><\/div><div class=\"vcex-blog-entry-readmore-wrap entry-readmore-wrap clr\"><a href=\"https:\/\/www.gerec.fi\/en\/kasi-kadessa-ian-kanssa-kaikki-iat-alati-lasna-kohtaamisia-90-vuotta-tayttaneen-eeva-kilven-kanssa\/\" class=\"theme-button\">Lue lis\u00e4\u00e4<\/a><\/div><\/div><\/div><\/div><div class=\"vcex-blog-entry entry-has-details span_1_of_3 col-2 col post-9683 entry type-post has-media cat-132\"><div class=\"vcex-blog-entry-inner entry-inner wpex-clr\"><div class=\"vcex-blog-entry-media entry-media\"><a href=\"https:\/\/www.gerec.fi\/en\/muistisairaan-hoivakotiasukkaan-kohtaaminen-vaatii-tilannetajua\/\" title=\"Muistisairaan hoivakotiasukkaan kohtaaminen vaatii tilannetajua\"><img loading=\"lazy\" decoding=\"async\" width=\"1105\" height=\"1473\" src=\"https:\/\/www.gerec.fi\/wp-content\/uploads\/2025\/06\/koho1.jpg\" class=\"vcex-blog-entry-img\" alt=\"\" srcset=\"https:\/\/www.gerec.fi\/wp-content\/uploads\/2025\/06\/koho1.jpg 1105w, https:\/\/www.gerec.fi\/wp-content\/uploads\/2025\/06\/koho1-225x300.jpg 225w, https:\/\/www.gerec.fi\/wp-content\/uploads\/2025\/06\/koho1-768x1024.jpg 768w\" sizes=\"auto, (max-width: 1105px) 100vw, 1105px\" \/><\/a><\/div><div class=\"vcex-blog-entry-details entry-details wpex-clr\"><h2 class=\"vcex-blog-entry-title entry-title\"><a href=\"https:\/\/www.gerec.fi\/en\/muistisairaan-hoivakotiasukkaan-kohtaaminen-vaatii-tilannetajua\/\">Muistisairaan hoivakotiasukkaan kohtaaminen vaatii tilannetajua<\/a><\/h2><div class=\"vcex-blog-entry-excerpt entry-excerpt entry clr\"><p>Kohtaamisosaamista hoivakoteihin (KOHO) -hanke on Euroopan sosiaalirahaston (ESR+) rahoittama kaksi ja puolivuotinen ryhm\u00e4hanke, jossa vahvistetaan ammattilaisten kohtaamisosaamista. Hankkeen kehitt\u00e4mistoimintoja toteutetaan kahdeksan pirkanmaalaisen yhteisty\u00f6organisaation kanssa. Hoivakotien&hellip;<\/p><\/div><div class=\"vcex-blog-entry-readmore-wrap entry-readmore-wrap clr\"><a href=\"https:\/\/www.gerec.fi\/en\/muistisairaan-hoivakotiasukkaan-kohtaaminen-vaatii-tilannetajua\/\" class=\"theme-button\">Lue lis\u00e4\u00e4<\/a><\/div><\/div><\/div><\/div><div class=\"vcex-blog-entry entry-has-details span_1_of_3 col-3 col post-9618 entry type-post has-media cat-132\"><div class=\"vcex-blog-entry-inner entry-inner wpex-clr\"><div class=\"vcex-blog-entry-media entry-media\"><a href=\"https:\/\/www.gerec.fi\/en\/gerec-osana-jyu-well-yhteisoa\/\" title=\"GEREC osana JYU.Well-yhteis\u00f6\u00e4\"><img loading=\"lazy\" decoding=\"async\" width=\"2560\" height=\"1707\" src=\"https:\/\/www.gerec.fi\/wp-content\/uploads\/2024\/12\/Kukkakuva-scaled.jpg\" class=\"vcex-blog-entry-img\" alt=\"\" srcset=\"https:\/\/www.gerec.fi\/wp-content\/uploads\/2024\/12\/Kukkakuva-scaled.jpg 2560w, https:\/\/www.gerec.fi\/wp-content\/uploads\/2024\/12\/Kukkakuva-300x200.jpg 300w, https:\/\/www.gerec.fi\/wp-content\/uploads\/2024\/12\/Kukkakuva-1024x683.jpg 1024w, https:\/\/www.gerec.fi\/wp-content\/uploads\/2024\/12\/Kukkakuva-768x512.jpg 768w, https:\/\/www.gerec.fi\/wp-content\/uploads\/2024\/12\/Kukkakuva-1536x1024.jpg 1536w, https:\/\/www.gerec.fi\/wp-content\/uploads\/2024\/12\/Kukkakuva-2048x1365.jpg 2048w\" sizes=\"auto, (max-width: 2560px) 100vw, 2560px\" \/><\/a><\/div><div class=\"vcex-blog-entry-details entry-details wpex-clr\"><h2 class=\"vcex-blog-entry-title entry-title\"><a href=\"https:\/\/www.gerec.fi\/en\/gerec-osana-jyu-well-yhteisoa\/\">GEREC osana JYU.Well-yhteis\u00f6\u00e4<\/a><\/h2><div class=\"vcex-blog-entry-excerpt entry-excerpt entry clr\"><p>JYU.Well on monialainen hyvinvoinnin tutkimuksen yhteis\u00f6 ja yksi Jyv\u00e4skyl\u00e4n yliopiston profilointialueista. JYU.Well tekee n\u00e4kyv\u00e4ksi eri tieteenalojen hyvinvoinnin tutkimusta ja koulutusta, sek\u00e4 tukee niiden vaikuttavuutta ihmisten,&hellip;<\/p><\/div><div class=\"vcex-blog-entry-readmore-wrap entry-readmore-wrap clr\"><a href=\"https:\/\/www.gerec.fi\/en\/gerec-osana-jyu-well-yhteisoa\/\" class=\"theme-button\">Lue lis\u00e4\u00e4<\/a><\/div><\/div><\/div><\/div><div class=\"vcex-blog-entry entry-has-details span_1_of_3 col-1 col post-9409 entry type-post has-media cat-132\"><div class=\"vcex-blog-entry-inner entry-inner wpex-clr\"><div class=\"vcex-blog-entry-media entry-media\"><a href=\"https:\/\/www.gerec.fi\/en\/sosiaalipalvelut-murroksessa-pystyyko-ikaantyneiden-palveluohjaus-vastaamaan-ikaihmisten-muuttuviin-elamantilanteisiin-myos-tulevaisuudessa\/\" title=\"Sosiaalipalvelut murroksessa \u2013 pystyyk\u00f6 ik\u00e4\u00e4ntyneiden palveluohjaus vastaamaan ik\u00e4ihmisten muuttuviin el\u00e4m\u00e4ntilanteisiin my\u00f6s tulevaisuudessa?\"><img loading=\"lazy\" decoding=\"async\" width=\"2560\" height=\"1920\" src=\"https:\/\/www.gerec.fi\/wp-content\/uploads\/2024\/05\/ALW_062018-scaled.jpeg\" class=\"vcex-blog-entry-img\" alt=\"\" srcset=\"https:\/\/www.gerec.fi\/wp-content\/uploads\/2024\/05\/ALW_062018-scaled.jpeg 2560w, https:\/\/www.gerec.fi\/wp-content\/uploads\/2024\/05\/ALW_062018-300x225.jpeg 300w, https:\/\/www.gerec.fi\/wp-content\/uploads\/2024\/05\/ALW_062018-1024x768.jpeg 1024w, https:\/\/www.gerec.fi\/wp-content\/uploads\/2024\/05\/ALW_062018-768x576.jpeg 768w, https:\/\/www.gerec.fi\/wp-content\/uploads\/2024\/05\/ALW_062018-1536x1152.jpeg 1536w, https:\/\/www.gerec.fi\/wp-content\/uploads\/2024\/05\/ALW_062018-2048x1536.jpeg 2048w\" sizes=\"auto, (max-width: 2560px) 100vw, 2560px\" \/><\/a><\/div><div class=\"vcex-blog-entry-details entry-details wpex-clr\"><h2 class=\"vcex-blog-entry-title entry-title\"><a href=\"https:\/\/www.gerec.fi\/en\/sosiaalipalvelut-murroksessa-pystyyko-ikaantyneiden-palveluohjaus-vastaamaan-ikaihmisten-muuttuviin-elamantilanteisiin-myos-tulevaisuudessa\/\">Sosiaalipalvelut murroksessa \u2013 pystyyk\u00f6 ik\u00e4\u00e4ntyneiden palveluohjaus vastaamaan ik\u00e4ihmisten muuttuviin el\u00e4m\u00e4ntilanteisiin my\u00f6s tulevaisuudessa?<\/a><\/h2><div class=\"vcex-blog-entry-excerpt entry-excerpt entry clr\"><p>Gerontologisen sosiaality\u00f6n ja palveluohjauksen rooli yhteiskunnassa ja palveluj\u00e4rjestelm\u00e4ss\u00e4 korostuu palvelujen tuottamisen pirstoutuessa yh\u00e4 useammille toimijoille. On ajankohtaista kysy\u00e4, mit\u00e4 haluamme saavuttaa ik\u00e4\u00e4ntyneiden palveluohjauksella (IPO) tulevaisuudessa?&hellip;<\/p><\/div><div class=\"vcex-blog-entry-readmore-wrap entry-readmore-wrap clr\"><a href=\"https:\/\/www.gerec.fi\/en\/sosiaalipalvelut-murroksessa-pystyyko-ikaantyneiden-palveluohjaus-vastaamaan-ikaihmisten-muuttuviin-elamantilanteisiin-myos-tulevaisuudessa\/\" class=\"theme-button\">Lue lis\u00e4\u00e4<\/a><\/div><\/div><\/div><\/div><div class=\"vcex-blog-entry entry-has-details span_1_of_3 col-2 col post-9396 entry type-post no-media cat-132\"><div class=\"vcex-blog-entry-inner entry-inner wpex-clr\"><div class=\"vcex-blog-entry-details entry-details wpex-clr\"><h2 class=\"vcex-blog-entry-title entry-title\"><a href=\"https:\/\/www.gerec.fi\/en\/vaitoskirjatutkija-tunnista-osaamisesi\/\">V\u00e4it\u00f6skirjatutkija, tunnista osaamisesi!<\/a><\/h2><div class=\"vcex-blog-entry-excerpt entry-excerpt entry clr\"><p>Gerontologian tutkimuskeskuksen 15 v\u00e4it\u00f6skirjatutkijaa kokoontuivat 11.4.2024 aurinkoisessa ja tuulisessa Jyv\u00e4skyl\u00e4ss\u00e4 tutustumisen ja tulevaisuuden yhteisty\u00f6n rakentamisen merkeiss\u00e4. V\u00e4it\u00f6skirjatutkijoiden tiiviimp\u00e4\u00e4 yhteisty\u00f6t\u00e4 Tampereen ja Jyv\u00e4skyl\u00e4n yliopistojen v\u00e4lill\u00e4 aloiteltiin&hellip;<\/p><\/div><div class=\"vcex-blog-entry-readmore-wrap entry-readmore-wrap clr\"><a href=\"https:\/\/www.gerec.fi\/en\/vaitoskirjatutkija-tunnista-osaamisesi\/\" class=\"theme-button\">Lue lis\u00e4\u00e4<\/a><\/div><\/div><\/div><\/div><div class=\"vcex-blog-entry entry-has-details span_1_of_3 col-3 col post-9293 entry type-post has-media cat-132\"><div class=\"vcex-blog-entry-inner entry-inner wpex-clr\"><div class=\"vcex-blog-entry-media entry-media\"><a href=\"https:\/\/www.gerec.fi\/en\/gerec-yliopistoharjoittelijan-silmin\/\" title=\"GEREC yliopistoharjoittelijan silmin\"><img loading=\"lazy\" decoding=\"async\" width=\"2560\" height=\"1920\" src=\"https:\/\/www.gerec.fi\/wp-content\/uploads\/2023\/10\/20200923_091243-scaled.jpg\" class=\"vcex-blog-entry-img\" alt=\"\" srcset=\"https:\/\/www.gerec.fi\/wp-content\/uploads\/2023\/10\/20200923_091243-scaled.jpg 2560w, https:\/\/www.gerec.fi\/wp-content\/uploads\/2023\/10\/20200923_091243-300x225.jpg 300w, https:\/\/www.gerec.fi\/wp-content\/uploads\/2023\/10\/20200923_091243-1024x768.jpg 1024w, https:\/\/www.gerec.fi\/wp-content\/uploads\/2023\/10\/20200923_091243-768x576.jpg 768w, https:\/\/www.gerec.fi\/wp-content\/uploads\/2023\/10\/20200923_091243-1536x1152.jpg 1536w, https:\/\/www.gerec.fi\/wp-content\/uploads\/2023\/10\/20200923_091243-2048x1536.jpg 2048w\" sizes=\"auto, (max-width: 2560px) 100vw, 2560px\" \/><\/a><\/div><div class=\"vcex-blog-entry-details entry-details wpex-clr\"><h2 class=\"vcex-blog-entry-title entry-title\"><a href=\"https:\/\/www.gerec.fi\/en\/gerec-yliopistoharjoittelijan-silmin\/\">GEREC yliopistoharjoittelijan silmin<\/a><\/h2><div class=\"vcex-blog-entry-excerpt entry-excerpt entry clr\"><p>Kirpe\u00e4 tuuli kieputtelee ruskan v\u00e4rj\u00e4\u00e4mi\u00e4 lehti\u00e4 ymp\u00e4riins\u00e4. Kev\u00e4\u00e4ll\u00e4 aloittamani ty\u00f6harjoittelu Gerontologian tutkimuskeskuksessa valmistui t\u00e4m\u00e4n syksyn alussa. Matkalle on mahtunut opettavaisia ty\u00f6teht\u00e4vi\u00e4 ja havaintoja gerontologiasta tieteenalana.&hellip;<\/p><\/div><div class=\"vcex-blog-entry-readmore-wrap entry-readmore-wrap clr\"><a href=\"https:\/\/www.gerec.fi\/en\/gerec-yliopistoharjoittelijan-silmin\/\" class=\"theme-button\">Lue lis\u00e4\u00e4<\/a><\/div><\/div><\/div><\/div><div class=\"vcex-blog-entry entry-has-details span_1_of_3 col-1 col post-9266 entry type-post has-media cat-132\"><div class=\"vcex-blog-entry-inner entry-inner wpex-clr\"><div class=\"vcex-blog-entry-media entry-media\"><a href=\"https:\/\/www.gerec.fi\/en\/me-ja-yli-ikaiset-elakepommipuheen-toiseuttava-vaikutus\/\" title=\"Me ja yli-ik\u00e4iset \u2013 El\u00e4kepommipuheen toiseuttava vaikutus\"><img loading=\"lazy\" decoding=\"async\" width=\"1053\" height=\"702\" src=\"https:\/\/www.gerec.fi\/wp-content\/uploads\/2023\/10\/kuvituskuva1.jpg\" class=\"vcex-blog-entry-img\" alt=\"\" srcset=\"https:\/\/www.gerec.fi\/wp-content\/uploads\/2023\/10\/kuvituskuva1.jpg 1053w, https:\/\/www.gerec.fi\/wp-content\/uploads\/2023\/10\/kuvituskuva1-300x200.jpg 300w, https:\/\/www.gerec.fi\/wp-content\/uploads\/2023\/10\/kuvituskuva1-1024x683.jpg 1024w, https:\/\/www.gerec.fi\/wp-content\/uploads\/2023\/10\/kuvituskuva1-768x512.jpg 768w\" sizes=\"auto, (max-width: 1053px) 100vw, 1053px\" \/><\/a><\/div><div class=\"vcex-blog-entry-details entry-details wpex-clr\"><h2 class=\"vcex-blog-entry-title entry-title\"><a href=\"https:\/\/www.gerec.fi\/en\/me-ja-yli-ikaiset-elakepommipuheen-toiseuttava-vaikutus\/\">Me ja yli-ik\u00e4iset \u2013 El\u00e4kepommipuheen toiseuttava vaikutus<\/a><\/h2><div class=\"vcex-blog-entry-excerpt entry-excerpt entry clr\"><p>Jotain pit\u00e4isi tehd\u00e4. On v\u00e4est\u00f6rakenteen muutos, huoltosuhde ja el\u00e4kepommi. Ylikansoitus ja ilmastonmuutos. On terveydenhuollon resurssit, terveyskeskusten jonot ja vanhustenhoidon tila. On talouden realiteetit, velaksi el\u00e4misen&hellip;<\/p><\/div><div class=\"vcex-blog-entry-readmore-wrap entry-readmore-wrap clr\"><a href=\"https:\/\/www.gerec.fi\/en\/me-ja-yli-ikaiset-elakepommipuheen-toiseuttava-vaikutus\/\" class=\"theme-button\">Lue lis\u00e4\u00e4<\/a><\/div><\/div><\/div><\/div><div class=\"vcex-blog-entry entry-has-details span_1_of_3 col-2 col post-9234 entry type-post has-media cat-132 post_tag-488\"><div class=\"vcex-blog-entry-inner entry-inner wpex-clr\"><div class=\"vcex-blog-entry-media entry-media\"><a href=\"https:\/\/www.gerec.fi\/en\/gerecin-nuoret-tohtorit-mukana-jyvaskylan-yliopiston-promootiossa\/\" title=\"GEREC:in nuoret tohtorit mukana Jyv\u00e4skyl\u00e4n yliopiston promootiossa\"><img loading=\"lazy\" decoding=\"async\" width=\"1280\" height=\"853\" src=\"https:\/\/www.gerec.fi\/wp-content\/uploads\/2023\/07\/Medium_Promootio2023_015.jpg\" class=\"vcex-blog-entry-img\" alt=\"\" srcset=\"https:\/\/www.gerec.fi\/wp-content\/uploads\/2023\/07\/Medium_Promootio2023_015.jpg 1280w, https:\/\/www.gerec.fi\/wp-content\/uploads\/2023\/07\/Medium_Promootio2023_015-300x200.jpg 300w, https:\/\/www.gerec.fi\/wp-content\/uploads\/2023\/07\/Medium_Promootio2023_015-1024x682.jpg 1024w, https:\/\/www.gerec.fi\/wp-content\/uploads\/2023\/07\/Medium_Promootio2023_015-768x512.jpg 768w\" sizes=\"auto, (max-width: 1280px) 100vw, 1280px\" \/><\/a><\/div><div class=\"vcex-blog-entry-details entry-details wpex-clr\"><h2 class=\"vcex-blog-entry-title entry-title\"><a href=\"https:\/\/www.gerec.fi\/en\/gerecin-nuoret-tohtorit-mukana-jyvaskylan-yliopiston-promootiossa\/\">GEREC:in nuoret tohtorit mukana Jyv\u00e4skyl\u00e4n yliopiston promootiossa<\/a><\/h2><div class=\"vcex-blog-entry-excerpt entry-excerpt entry clr\"><p>Jyv\u00e4skyl\u00e4n yliopiston XI promootio j\u00e4rjestettiin helteisen\u00e4 toukokuun viikonloppuna Jyv\u00e4skyl\u00e4n yliopiston kauniilla kampuksella sek\u00e4 Paviljongissa. GEREC:in tutkijoita osallistui viikonlopun juhlallisuuksiin monissa eri rooleissa. Tutkijatohtorit Anna Tirkkonen&hellip;<\/p><\/div><div class=\"vcex-blog-entry-readmore-wrap entry-readmore-wrap clr\"><a href=\"https:\/\/www.gerec.fi\/en\/gerecin-nuoret-tohtorit-mukana-jyvaskylan-yliopiston-promootiossa\/\" class=\"theme-button\">Lue lis\u00e4\u00e4<\/a><\/div><\/div><\/div><\/div><div class=\"vcex-blog-entry entry-has-details span_1_of_3 col-3 col post-9134 entry type-post has-media cat-132 post_tag-478 post_tag-483 post_tag-484 post_tag-482 post_tag-481 post_tag-367 post_tag-249 post_tag-486 post_tag-487 post_tag-485\"><div class=\"vcex-blog-entry-inner entry-inner wpex-clr\"><div class=\"vcex-blog-entry-media entry-media\"><a href=\"https:\/\/www.gerec.fi\/en\/muistisairauksien-tutkijat-ovat-kuulolla-ja-haluavat-vaikuttaa\/\" title=\"Muistisairauksien tutkijat ovat kuulolla ja haluavat vaikuttaa\"><img loading=\"lazy\" decoding=\"async\" width=\"2560\" height=\"1707\" src=\"https:\/\/www.gerec.fi\/wp-content\/uploads\/2023\/06\/IMG_0353-scaled.jpg\" class=\"vcex-blog-entry-img\" alt=\"\" srcset=\"https:\/\/www.gerec.fi\/wp-content\/uploads\/2023\/06\/IMG_0353-scaled.jpg 2560w, https:\/\/www.gerec.fi\/wp-content\/uploads\/2023\/06\/IMG_0353-300x200.jpg 300w, https:\/\/www.gerec.fi\/wp-content\/uploads\/2023\/06\/IMG_0353-1024x683.jpg 1024w, https:\/\/www.gerec.fi\/wp-content\/uploads\/2023\/06\/IMG_0353-768x512.jpg 768w, https:\/\/www.gerec.fi\/wp-content\/uploads\/2023\/06\/IMG_0353-1536x1024.jpg 1536w, https:\/\/www.gerec.fi\/wp-content\/uploads\/2023\/06\/IMG_0353-2048x1365.jpg 2048w\" sizes=\"auto, (max-width: 2560px) 100vw, 2560px\" \/><\/a><\/div><div class=\"vcex-blog-entry-details entry-details wpex-clr\"><h2 class=\"vcex-blog-entry-title entry-title\"><a href=\"https:\/\/www.gerec.fi\/en\/muistisairauksien-tutkijat-ovat-kuulolla-ja-haluavat-vaikuttaa\/\">Muistisairauksien tutkijat ovat kuulolla ja haluavat vaikuttaa<\/a><\/h2><div class=\"vcex-blog-entry-excerpt entry-excerpt entry clr\"><p>Suomen Kulttuurirahaston rahoittaman Kuule minua -Argumenta-hankkeen https:\/\/projects.tuni.fi\/kuuleminua\/ ensimm\u00e4inen ty\u00f6paja j\u00e4rjestettiin Karjalohjalla Heponiemen hiljaisuuden keskuksessa toukokuussa 2023. Kev\u00e4\u00e4n ensivihre\u00e4n keskell\u00e4 noin 20 tutkijaa, asiantuntijaa ja kokemusasiantuntijaa&hellip;<\/p><\/div><div class=\"vcex-blog-entry-readmore-wrap entry-readmore-wrap clr\"><a href=\"https:\/\/www.gerec.fi\/en\/muistisairauksien-tutkijat-ovat-kuulolla-ja-haluavat-vaikuttaa\/\" class=\"theme-button\">Lue lis\u00e4\u00e4<\/a><\/div><\/div><\/div><\/div><div class=\"vcex-blog-entry entry-has-details span_1_of_3 col-1 col post-8633 entry type-post has-media cat-132\"><div class=\"vcex-blog-entry-inner entry-inner wpex-clr\"><div class=\"vcex-blog-entry-media entry-media\"><a href=\"https:\/\/www.gerec.fi\/en\/hyvinvointivaltion-tulevaisuus-ja-itseaan-toteuttavat-ennusteet\/\" title=\"Hyvinvointivaltion tulevaisuus ja itse\u00e4\u00e4n toteuttavat ennusteet\"><img loading=\"lazy\" decoding=\"async\" width=\"1640\" height=\"924\" src=\"https:\/\/www.gerec.fi\/wp-content\/uploads\/2022\/09\/blogikuva.png\" class=\"vcex-blog-entry-img\" alt=\"\" srcset=\"https:\/\/www.gerec.fi\/wp-content\/uploads\/2022\/09\/blogikuva.png 1640w, https:\/\/www.gerec.fi\/wp-content\/uploads\/2022\/09\/blogikuva-300x169.png 300w, https:\/\/www.gerec.fi\/wp-content\/uploads\/2022\/09\/blogikuva-1024x577.png 1024w, https:\/\/www.gerec.fi\/wp-content\/uploads\/2022\/09\/blogikuva-768x433.png 768w, https:\/\/www.gerec.fi\/wp-content\/uploads\/2022\/09\/blogikuva-1536x865.png 1536w\" sizes=\"auto, (max-width: 1640px) 100vw, 1640px\" \/><\/a><\/div><div class=\"vcex-blog-entry-details entry-details wpex-clr\"><h2 class=\"vcex-blog-entry-title entry-title\"><a href=\"https:\/\/www.gerec.fi\/en\/hyvinvointivaltion-tulevaisuus-ja-itseaan-toteuttavat-ennusteet\/\">Hyvinvointivaltion tulevaisuus ja itse\u00e4\u00e4n toteuttavat ennusteet<\/a><\/h2><div class=\"vcex-blog-entry-excerpt entry-excerpt entry clr\"><p>Pohjoismainen hyvinvointimalli ja sen palvelut ovat muutospaineen alla johtuen v\u00e4est\u00f6n-, ilmaston- ja geopolitiikan muutoksista. Tarpeisiin n\u00e4hden resurssit ovat niukat ja palveluiden m\u00e4\u00e4r\u00e4st\u00e4 ja\/tai laadusta on&hellip;<\/p><\/div><div class=\"vcex-blog-entry-readmore-wrap entry-readmore-wrap clr\"><a href=\"https:\/\/www.gerec.fi\/en\/hyvinvointivaltion-tulevaisuus-ja-itseaan-toteuttavat-ennusteet\/\" class=\"theme-button\">Lue lis\u00e4\u00e4<\/a><\/div><\/div><\/div><\/div><div class=\"vcex-blog-entry entry-has-details span_1_of_3 col-2 col post-8463 entry type-post has-media cat-132\"><div class=\"vcex-blog-entry-inner entry-inner wpex-clr\"><div class=\"vcex-blog-entry-media entry-media\"><a href=\"https:\/\/www.gerec.fi\/en\/vanhuspalvelujen-puutteet-syovat-luottamusta-yhteiskuntaan-miten-vastaavat-hallitus-ja-sote-alueet\/\" title=\"Vanhuspalvelujen puutteet sy\u00f6v\u00e4t luottamusta yhteiskuntaan \u2013 miten vastaavat hallitus ja sote-alueet?\"><img loading=\"lazy\" decoding=\"async\" width=\"2048\" height=\"1366\" src=\"https:\/\/www.gerec.fi\/wp-content\/uploads\/2022\/01\/paivakeskus.jpg\" class=\"vcex-blog-entry-img\" alt=\"\" srcset=\"https:\/\/www.gerec.fi\/wp-content\/uploads\/2022\/01\/paivakeskus.jpg 2048w, https:\/\/www.gerec.fi\/wp-content\/uploads\/2022\/01\/paivakeskus-300x200.jpg 300w, https:\/\/www.gerec.fi\/wp-content\/uploads\/2022\/01\/paivakeskus-1024x683.jpg 1024w, https:\/\/www.gerec.fi\/wp-content\/uploads\/2022\/01\/paivakeskus-768x512.jpg 768w, https:\/\/www.gerec.fi\/wp-content\/uploads\/2022\/01\/paivakeskus-1536x1025.jpg 1536w\" sizes=\"auto, (max-width: 2048px) 100vw, 2048px\" \/><\/a><\/div><div class=\"vcex-blog-entry-details entry-details wpex-clr\"><h2 class=\"vcex-blog-entry-title entry-title\"><a href=\"https:\/\/www.gerec.fi\/en\/vanhuspalvelujen-puutteet-syovat-luottamusta-yhteiskuntaan-miten-vastaavat-hallitus-ja-sote-alueet\/\">Vanhuspalvelujen puutteet sy\u00f6v\u00e4t luottamusta yhteiskuntaan \u2013 miten vastaavat hallitus ja sote-alueet?<\/a><\/h2><div class=\"vcex-blog-entry-excerpt entry-excerpt entry clr\"><p>Tuoreen kyselytutkimuksen1 mukaan 65\u201384-vuotiaista suomalaisista vain joka viides (21%) luottaa siihen, ett\u00e4 Suomessa saa tarvitessaan ymp\u00e4rivuorokautista hoitoa.\u00a0 Kotihoidon saamiseen luottaa 39 %. Terveyspalveluihin uskotaan selv\u00e4sti&hellip;<\/p><\/div><div class=\"vcex-blog-entry-readmore-wrap entry-readmore-wrap clr\"><a href=\"https:\/\/www.gerec.fi\/en\/vanhuspalvelujen-puutteet-syovat-luottamusta-yhteiskuntaan-miten-vastaavat-hallitus-ja-sote-alueet\/\" class=\"theme-button\">Lue lis\u00e4\u00e4<\/a><\/div><\/div><\/div><\/div><div class=\"vcex-blog-entry entry-has-details span_1_of_3 col-3 col post-8405 entry type-post has-media cat-132\"><div class=\"vcex-blog-entry-inner entry-inner wpex-clr\"><div class=\"vcex-blog-entry-media entry-media\"><a href=\"https:\/\/www.gerec.fi\/en\/muuttuvat-kasitykset-vanhuudesta-miten-yli-90-vuotiaat-elavat-2020-luvulla\/\" title=\"Muuttuvat k\u00e4sitykset vanhuudesta \u2013 miten yli 90-vuotiaat el\u00e4v\u00e4t 2020-luvulla?\"><img loading=\"lazy\" decoding=\"async\" width=\"1640\" height=\"924\" src=\"https:\/\/www.gerec.fi\/wp-content\/uploads\/2021\/12\/Blogin-kuvitus.png\" class=\"vcex-blog-entry-img\" alt=\"\" srcset=\"https:\/\/www.gerec.fi\/wp-content\/uploads\/2021\/12\/Blogin-kuvitus.png 1640w, https:\/\/www.gerec.fi\/wp-content\/uploads\/2021\/12\/Blogin-kuvitus-300x169.png 300w, https:\/\/www.gerec.fi\/wp-content\/uploads\/2021\/12\/Blogin-kuvitus-1024x577.png 1024w, https:\/\/www.gerec.fi\/wp-content\/uploads\/2021\/12\/Blogin-kuvitus-768x433.png 768w, https:\/\/www.gerec.fi\/wp-content\/uploads\/2021\/12\/Blogin-kuvitus-1536x865.png 1536w\" sizes=\"auto, (max-width: 1640px) 100vw, 1640px\" \/><\/a><\/div><div class=\"vcex-blog-entry-details entry-details wpex-clr\"><h2 class=\"vcex-blog-entry-title entry-title\"><a href=\"https:\/\/www.gerec.fi\/en\/muuttuvat-kasitykset-vanhuudesta-miten-yli-90-vuotiaat-elavat-2020-luvulla\/\">Muuttuvat k\u00e4sitykset vanhuudesta \u2013 miten yli 90-vuotiaat el\u00e4v\u00e4t 2020-luvulla?<\/a><\/h2><div class=\"vcex-blog-entry-excerpt entry-excerpt entry clr\"><p>Ik\u00e4\u00e4ntymiseen ja vanhuuteen liittyy monien mielikuvissa sairaudet, raihnaisuus ja hiljalleen hiipuva toimintakyky. Kuten Hans Roslingin muutama vuosi sitten julkaistussa Faktojen maailma kirjassa esitet\u00e4\u00e4n, mielikuvat eiv\u00e4t&hellip;<\/p><\/div><div class=\"vcex-blog-entry-readmore-wrap entry-readmore-wrap clr\"><a href=\"https:\/\/www.gerec.fi\/en\/muuttuvat-kasitykset-vanhuudesta-miten-yli-90-vuotiaat-elavat-2020-luvulla\/\" class=\"theme-button\">Lue lis\u00e4\u00e4<\/a><\/div><\/div><\/div><\/div><\/div><div class=\"wpex-pagination wpex-clr wpex-\"><ul class='page-numbers'>\n\t<li><span aria-current=\"page\" class=\"page-numbers current\"><span class=\"screen-reader-text\">Page <\/span>1<\/span><\/li>\n\t<li><a class=\"page-numbers\" href=\"https:\/\/www.gerec.fi\/en\/wp-json\/wp\/v2\/pages\/5229\/page\/2\/\"><span class=\"screen-reader-text\">Page <\/span>2<\/a><\/li>\n\t<li><a class=\"page-numbers\" href=\"https:\/\/www.gerec.fi\/en\/wp-json\/wp\/v2\/pages\/5229\/page\/3\/\"><span class=\"screen-reader-text\">Page <\/span>3<\/a><\/li>\n\t<li><a class=\"page-numbers\" href=\"https:\/\/www.gerec.fi\/en\/wp-json\/wp\/v2\/pages\/5229\/page\/4\/\"><span class=\"screen-reader-text\">Page <\/span>4<\/a><\/li>\n\t<li><a class=\"next page-numbers\" href=\"https:\/\/www.gerec.fi\/en\/wp-json\/wp\/v2\/pages\/5229\/page\/2\/\"><span class=\"fa fa-angle-right\" aria-hidden=\"true\"><\/span><span class=\"screen-reader-text\">Next<\/span><\/a><\/li>\n<\/ul>\n<\/div><\/div>[\/vc_column][\/vc_row][vc_row][vc_column][\/vc_column][\/vc_row]\n","protected":false,"raw":"[vc_row css=\".vc_custom_1544826812847{margin-top: 30px !important;}\"][vc_column][vc_column_text]Gerontoblog publishes <span lang=\"en\">researcher's popularized contributions from the multidisciplinary field of ageing research. Blog posts offer perspectives based on expertise, highlight interesting viewpoints and comment on topical issues, besides popularizing science.<\/span>\r\n\r\nGerontoblog increases the visibility of multidisciplinary research on ageing and ageing society. It gives both researches and the public an opprtunity to <span lang=\"en\">discuss<\/span> and broaden one's thinking.[\/vc_column_text][vc_empty_space][vcex_searchbar advanced_query=\"category=Blog\" placeholder=\"Search..\" button_text=\"Search\"][vcex_spacing][vcex_blog_grid columns=\"3\" posts_per_page=\"12\" pagination=\"true\" img_size=\"full\" date=\"false\" excerpt_length=\"25\" include_categories=\"132\" orderby=\"date\" read_more_text=\"Lue lis\u00e4\u00e4\"][\/vc_column][\/vc_row][vc_row][vc_column][\/vc_column][\/vc_row]"},"excerpt":{"rendered":"Ik\u00e4\u00e4ntymiseen ja vanhuuteen liittyy monien mielikuvissa sairaudet, raihnaisuus ja hiljalleen hiipuva toimintakyky. Kuten Hans Roslingin muutama vuosi sitten julkaistussa Faktojen maailma kirjassa esitet\u00e4\u00e4n, mielikuvat eiv\u00e4t yleens\u00e4 perustu tutkittuun tietoon vaan niiden taustalla saattavat vaikuttaa vanhentuneet k\u00e4sitykset vanhoista ihmisist\u00e4. Toisaalta my\u00f6s&hellip;","protected":false,"raw":""},"author":1,"featured_media":0,"parent":0,"menu_order":11,"comment_status":"closed","ping_status":"closed","template":"","meta":{"_mi_skip_tracking":false,"_fi_post_content":"[vc_row css=\".vc_custom_1544826812847{margin-top: 30px !important;}\"][vc_column][vc_column_text]<span style=\"font-family: Open Sans; font-size: 14px;\">Gerontoblogi julkaisee tutkijoiden yleistajuisia puheenvuoroja, jotka liittyv\u00e4t ik\u00e4\u00e4ntymiseen, vanhenemiseen sek\u00e4 ik\u00e4\u00e4ntyv\u00e4n yhteiskunnan tutkimukseen.<\/span>\r\n\r\n<span style=\"font-family: Open Sans; font-size: 14px;\">Puheenvuorojen tarkoituksena on uuden tutkimustiedon yleistajuistamisen lis\u00e4ksi tarjota asiantuntemukseen perustuvia n\u00e4kemyksi\u00e4, nostaa esiin kiinnostavia n\u00e4k\u00f6kulmia ja kommentoida ajankohtaisia asioita. Gerontoblogi lis\u00e4\u00e4 monitieteist\u00e4 ik\u00e4\u00e4ntymisen, vanhenemisen ja ik\u00e4\u00e4ntyv\u00e4n yhteiskunnan tutkimuksen n\u00e4kyvyytt\u00e4, sek\u00e4 antaa niin kirjoittajille kuin keskusteluun osallistujille tilaisuuden ottaa kantaa ja avartaa omaa ajattelua.\r\n<\/span>[\/vc_column_text][vc_empty_space][vcex_searchbar advanced_query=\"category=Blogi\" placeholder=\"Hae blogista..\" button_text=\"Hae\"][vcex_spacing][vcex_blog_grid columns=\"3\" posts_per_page=\"12\" pagination=\"true\" img_size=\"full\" excerpt_length=\"25\" include_categories=\"132\" orderby=\"date\" read_more_text=\"Lue lis\u00e4\u00e4\"][\/vc_column][\/vc_row][vc_row][vc_column][\/vc_column][\/vc_row]","_fi_post_name":"blogi","_fi_post_excerpt":"","_fi_post_title":"Gerontoblogi","_en_post_content":"[vc_row css=\".vc_custom_1544826812847{margin-top: 30px !important;}\"][vc_column][vc_column_text]Gerontoblog publishes <span lang=\"en\">researcher's popularized contributions from the multidisciplinary field of ageing research. Blog posts offer perspectives based on expertise, highlight interesting viewpoints and comment on topical issues, besides popularizing science.<\/span>\r\n\r\nGerontoblog increases the visibility of multidisciplinary research on ageing and ageing society. It gives both researches and the public an opprtunity to <span lang=\"en\">discuss<\/span> and broaden one's thinking.[\/vc_column_text][vc_empty_space][vcex_searchbar advanced_query=\"category=Blog\" placeholder=\"Search..\" button_text=\"Search\"][vcex_spacing][vcex_blog_grid columns=\"3\" posts_per_page=\"12\" pagination=\"true\" img_size=\"full\" date=\"false\" excerpt_length=\"25\" include_categories=\"132\" orderby=\"date\" read_more_text=\"Lue lis\u00e4\u00e4\"][\/vc_column][\/vc_row][vc_row][vc_column][\/vc_column][\/vc_row]","_en_post_name":"blog","_en_post_excerpt":"","_en_post_title":"Blog","edit_language":"en","footnotes":""},"class_list":["post-5229","page","type-page","status-publish","hentry","entry","no-media"],"_links":{"self":[{"href":"https:\/\/www.gerec.fi\/en\/wp-json\/wp\/v2\/pages\/5229","targetHints":{"allow":["GET"]}}],"collection":[{"href":"https:\/\/www.gerec.fi\/en\/wp-json\/wp\/v2\/pages"}],"about":[{"href":"https:\/\/www.gerec.fi\/en\/wp-json\/wp\/v2\/types\/page"}],"author":[{"embeddable":true,"href":"https:\/\/www.gerec.fi\/en\/wp-json\/wp\/v2\/users\/1"}],"replies":[{"embeddable":true,"href":"https:\/\/www.gerec.fi\/en\/wp-json\/wp\/v2\/comments?post=5229"}],"version-history":[{"count":15,"href":"https:\/\/www.gerec.fi\/en\/wp-json\/wp\/v2\/pages\/5229\/revisions"}],"predecessor-version":[{"id":8565,"href":"https:\/\/www.gerec.fi\/en\/wp-json\/wp\/v2\/pages\/5229\/revisions\/8565"}],"wp:attachment":[{"href":"https:\/\/www.gerec.fi\/en\/wp-json\/wp\/v2\/media?parent=5229"}],"curies":[{"name":"wp","href":"https:\/\/api.w.org\/{rel}","templated":true}]}}