{"id":5227,"date":"2018-12-14T21:10:27","date_gmt":"2018-12-14T19:10:27","guid":{"rendered":"https:\/\/gerec.fi\/?page_id=5227"},"modified":"2024-06-19T08:42:27","modified_gmt":"2024-06-19T05:42:27","slug":"events","status":"publish","type":"page","link":"https:\/\/www.gerec.fi\/en\/news\/events\/","title":{"rendered":"Events","raw":"Events"},"content":{"rendered":"[vc_row css=&#8221;.vc_custom_1544826145128{margin-top: 30px !important;}&#8221;][vc_column]<div class=\"vcex-module vcex-searchbar clr\"><form method=\"get\" class=\"vcex-searchbar-form\" action=\"https:\/\/www.gerec.fi\/en\/\"><input type=\"search\" class=\"vcex-searchbar-input \" name=\"s\" placeholder=\"Search..\" \/><input type=\"hidden\" name=\"category\" value=\"Tapahtumat\"><button class=\"vcex-searchbar-button\">Search<\/button><\/form><\/div><div class=\"vcex-spacing\" style=\"height:30px\"><\/div><div class=\"vcex-blog-grid-wrap wpex-clr\"><div class=\"wpex-row vcex-blog-grid wpex-clr entries\" data-transition-duration=\"0.0\"><div class=\"vcex-blog-entry entry-has-details span_1_of_3 col-1 col post-9678 entry type-post has-media cat-131\"><div class=\"vcex-blog-entry-inner entry-inner wpex-clr\"><div class=\"vcex-blog-entry-media entry-media\"><a href=\"https:\/\/www.gerec.fi\/en\/tervaskannot-90-juhlaseminaari-18-9-2025-klo-13-16\/\" title=\"Tervaskannot 90+ juhlaseminaari 18.9.2025\"><img loading=\"lazy\" decoding=\"async\" width=\"2048\" height=\"1366\" src=\"https:\/\/www.gerec.fi\/wp-content\/uploads\/2025\/06\/Tervaskannot-90.jpg\" class=\"vcex-blog-entry-img\" alt=\"\" srcset=\"https:\/\/www.gerec.fi\/wp-content\/uploads\/2025\/06\/Tervaskannot-90.jpg 2048w, https:\/\/www.gerec.fi\/wp-content\/uploads\/2025\/06\/Tervaskannot-90-300x200.jpg 300w, https:\/\/www.gerec.fi\/wp-content\/uploads\/2025\/06\/Tervaskannot-90-1024x683.jpg 1024w, https:\/\/www.gerec.fi\/wp-content\/uploads\/2025\/06\/Tervaskannot-90-768x512.jpg 768w, https:\/\/www.gerec.fi\/wp-content\/uploads\/2025\/06\/Tervaskannot-90-1536x1025.jpg 1536w\" sizes=\"auto, (max-width: 2048px) 100vw, 2048px\" \/><\/a><\/div><div class=\"vcex-blog-entry-details entry-details wpex-clr\"><h2 class=\"vcex-blog-entry-title entry-title\"><a href=\"https:\/\/www.gerec.fi\/en\/tervaskannot-90-juhlaseminaari-18-9-2025-klo-13-16\/\">Tervaskannot 90+ juhlaseminaari 18.9.2025<\/a><\/h2><div class=\"vcex-blog-entry-excerpt entry-excerpt entry clr\"><p>Tervaskannot 90+ tutkimushanke viett\u00e4\u00e4 t\u00e4n\u00e4 vuonna 30-vuotisjuhlavuotta, mink\u00e4 kunniaksi j\u00e4rjest\u00e4mme kaikille avoimen juhlaseminaarin. Juhlaseminaari j\u00e4rjestet\u00e4\u00e4n 18.9.2025 klo 13\u201316 Sampolan Auditoriossa Tampereella. Juhlaseminaarissa hankkeen tutkijat keskustelevat&hellip;<\/p><\/div><div class=\"vcex-blog-entry-readmore-wrap entry-readmore-wrap clr\"><a href=\"https:\/\/www.gerec.fi\/en\/tervaskannot-90-juhlaseminaari-18-9-2025-klo-13-16\/\" class=\"theme-button\">Lue lis\u00e4\u00e4<\/a><\/div><\/div><\/div><\/div><div class=\"vcex-blog-entry entry-has-details span_1_of_3 col-2 col post-9664 entry type-post has-media cat-131\"><div class=\"vcex-blog-entry-inner entry-inner wpex-clr\"><div class=\"vcex-blog-entry-media entry-media\"><a href=\"https:\/\/www.gerec.fi\/en\/rollaattorimarssi-9-5-2025\/\" title=\"Rollaattorimarssi 9.5.2025\"><img loading=\"lazy\" decoding=\"async\" width=\"1080\" height=\"1080\" src=\"https:\/\/www.gerec.fi\/wp-content\/uploads\/2025\/04\/rollaattorimarssi.jpg\" class=\"vcex-blog-entry-img\" alt=\"\" srcset=\"https:\/\/www.gerec.fi\/wp-content\/uploads\/2025\/04\/rollaattorimarssi.jpg 1080w, https:\/\/www.gerec.fi\/wp-content\/uploads\/2025\/04\/rollaattorimarssi-300x300.jpg 300w, https:\/\/www.gerec.fi\/wp-content\/uploads\/2025\/04\/rollaattorimarssi-1024x1024.jpg 1024w, https:\/\/www.gerec.fi\/wp-content\/uploads\/2025\/04\/rollaattorimarssi-150x150.jpg 150w, https:\/\/www.gerec.fi\/wp-content\/uploads\/2025\/04\/rollaattorimarssi-768x768.jpg 768w, https:\/\/www.gerec.fi\/wp-content\/uploads\/2025\/04\/rollaattorimarssi-125x125.jpg 125w\" sizes=\"auto, (max-width: 1080px) 100vw, 1080px\" \/><\/a><\/div><div class=\"vcex-blog-entry-details entry-details wpex-clr\"><h2 class=\"vcex-blog-entry-title entry-title\"><a href=\"https:\/\/www.gerec.fi\/en\/rollaattorimarssi-9-5-2025\/\">Rollaattorimarssi 9.5.2025<\/a><\/h2><div class=\"vcex-blog-entry-excerpt entry-excerpt entry clr\"><p>Tule mukaan marssimaan hyv\u00e4n ja arvokkaan vanhuuden puolesta! Iloinen ja yhteis\u00f6llinen mielenilmaus j\u00e4rjestet\u00e4\u00e4n Tampereella 9.5 klo 14. J\u00e4rjest\u00e4jin\u00e4 toimii Pirkanmaan alueen j\u00e4rjest\u00f6j\u00e4 ja yhteis\u00f6j\u00e4. Tapahtuma&hellip;<\/p><\/div><div class=\"vcex-blog-entry-readmore-wrap entry-readmore-wrap clr\"><a href=\"https:\/\/www.gerec.fi\/en\/rollaattorimarssi-9-5-2025\/\" class=\"theme-button\">Lue lis\u00e4\u00e4<\/a><\/div><\/div><\/div><\/div><div class=\"vcex-blog-entry entry-has-details span_1_of_3 col-3 col post-9647 entry type-post has-media cat-131\"><div class=\"vcex-blog-entry-inner entry-inner wpex-clr\"><div class=\"vcex-blog-entry-media entry-media\"><a href=\"https:\/\/www.gerec.fi\/en\/22-23-5-2025-age-matters-seminar\/\" title=\"22.-23.5.2025 Age Matters! Seminar\"><img loading=\"lazy\" decoding=\"async\" width=\"901\" height=\"472\" src=\"https:\/\/www.gerec.fi\/wp-content\/uploads\/2025\/02\/Nayttokuva-2025-02-10-123752.png\" class=\"vcex-blog-entry-img\" alt=\"\" srcset=\"https:\/\/www.gerec.fi\/wp-content\/uploads\/2025\/02\/Nayttokuva-2025-02-10-123752.png 901w, https:\/\/www.gerec.fi\/wp-content\/uploads\/2025\/02\/Nayttokuva-2025-02-10-123752-300x157.png 300w, https:\/\/www.gerec.fi\/wp-content\/uploads\/2025\/02\/Nayttokuva-2025-02-10-123752-768x402.png 768w\" sizes=\"auto, (max-width: 901px) 100vw, 901px\" \/><\/a><\/div><div class=\"vcex-blog-entry-details entry-details wpex-clr\"><h2 class=\"vcex-blog-entry-title entry-title\"><a href=\"https:\/\/www.gerec.fi\/en\/22-23-5-2025-age-matters-seminar\/\">22.-23.5.2025 Age Matters! Seminar<\/a><\/h2><div class=\"vcex-blog-entry-excerpt entry-excerpt entry clr\"><p>L\u00e4mpim\u00e4sti tervetuloa Tampereella j\u00e4rjestett\u00e4v\u00e4\u00e4n AgeMatters! -seminaariin 22.-23 toukokuuta! Seminaarin abstraktihaku on nyt avoinna. Lis\u00e4tietoja Tapahtumakutsu https:\/\/events.tuni.fi\/agematters2025\/ &nbsp; We are pleased to announce the call for&hellip;<\/p><\/div><div class=\"vcex-blog-entry-readmore-wrap entry-readmore-wrap clr\"><a href=\"https:\/\/www.gerec.fi\/en\/22-23-5-2025-age-matters-seminar\/\" class=\"theme-button\">Lue lis\u00e4\u00e4<\/a><\/div><\/div><\/div><\/div><div class=\"vcex-blog-entry entry-has-details span_1_of_3 col-1 col post-9568 entry type-post no-media cat-131\"><div class=\"vcex-blog-entry-inner entry-inner wpex-clr\"><div class=\"vcex-blog-entry-details entry-details wpex-clr\"><h2 class=\"vcex-blog-entry-title entry-title\"><a href=\"https:\/\/www.gerec.fi\/en\/muistisairaus-ja-elamanlaatu-seminaari-4-12-2024\/\">&#8220;Muistisairaus ja el\u00e4m\u00e4nlaatu&#8221; -seminaari 4.12.2024.<\/a><\/h2><div class=\"vcex-blog-entry-excerpt entry-excerpt entry clr\"><p>L\u00e4mpim\u00e4sti tervetuloa kaikille avoimeen \"Muistisairaus ja el\u00e4m\u00e4nlaatu\" -seminaariin! Luvassa on monin\u00e4k\u00f6kulmaista keskustelua el\u00e4m\u00e4st\u00e4 muistisairauden kanssa. Seminaari on osa Tampereen yliopiston \"Muistisairaus ja el\u00e4m\u00e4nlaatu\" sek\u00e4 \"Muistisairaat&hellip;<\/p><\/div><div class=\"vcex-blog-entry-readmore-wrap entry-readmore-wrap clr\"><a href=\"https:\/\/www.gerec.fi\/en\/muistisairaus-ja-elamanlaatu-seminaari-4-12-2024\/\" class=\"theme-button\">Lue lis\u00e4\u00e4<\/a><\/div><\/div><\/div><\/div><div class=\"vcex-blog-entry entry-has-details span_1_of_3 col-2 col post-9545 entry type-post no-media cat-131\"><div class=\"vcex-blog-entry-inner entry-inner wpex-clr\"><div class=\"vcex-blog-entry-details entry-details wpex-clr\"><h2 class=\"vcex-blog-entry-title entry-title\"><a href=\"https:\/\/www.gerec.fi\/en\/demokratiapaiva-11-10-2024-ikaantyvan-yhteiskunnan-haasteet-paneeli-klo-9-50\/\">Demokratiap\u00e4iv\u00e4 11.10.2024: Ik\u00e4\u00e4ntyv\u00e4n yhteiskunnan haasteet paneeli klo 9.50<\/a><\/h2><div class=\"vcex-blog-entry-excerpt entry-excerpt entry clr\"><p>Kansallista demokratiap\u00e4iv\u00e4\u00e4 vietet\u00e4\u00e4n perjantaina 11. lokakuuta 2024 teemalla \u2019Paikalliset yhteis\u00f6t demokratian voimavarana\u2019. P\u00e4iv\u00e4n ohjelma koostuu asiantuntijapuheenvuoroista sek\u00e4 paneelikeskustelusta. Klo 9.50 j\u00e4rjestett\u00e4v\u00e4n paneelissa keskustellaan, miten demokratian&hellip;<\/p><\/div><div class=\"vcex-blog-entry-readmore-wrap entry-readmore-wrap clr\"><a href=\"https:\/\/www.gerec.fi\/en\/demokratiapaiva-11-10-2024-ikaantyvan-yhteiskunnan-haasteet-paneeli-klo-9-50\/\" class=\"theme-button\">Lue lis\u00e4\u00e4<\/a><\/div><\/div><\/div><\/div><div class=\"vcex-blog-entry entry-has-details span_1_of_3 col-3 col post-9515 entry type-post no-media cat-131\"><div class=\"vcex-blog-entry-inner entry-inner wpex-clr\"><div class=\"vcex-blog-entry-details entry-details wpex-clr\"><h2 class=\"vcex-blog-entry-title entry-title\"><a href=\"https:\/\/www.gerec.fi\/en\/kuule-minua-tapahtuma-perjantaina-27-9-2024\/\">Kuule minua -tapahtuma perjantaina 27.9.2024.<\/a><\/h2><div class=\"vcex-blog-entry-excerpt entry-excerpt entry clr\"><p>Tervetuloa Kuule minua -tapahtumaan perjantaina 27.9. klo 10-15! Mukana on paljon muistisairauksien ja ik\u00e4\u00e4ntymisen asiantuntijoita ja muita yhteiskunnan vaikuttajia. Tulevaisuuden muistiyst\u00e4v\u00e4llinen yhteiskunta rakennetaan yhdess\u00e4! Ajankohta:&hellip;<\/p><\/div><div class=\"vcex-blog-entry-readmore-wrap entry-readmore-wrap clr\"><a href=\"https:\/\/www.gerec.fi\/en\/kuule-minua-tapahtuma-perjantaina-27-9-2024\/\" class=\"theme-button\">Lue lis\u00e4\u00e4<\/a><\/div><\/div><\/div><\/div><div class=\"vcex-blog-entry entry-has-details span_1_of_3 col-1 col post-9506 entry type-post no-media cat-131\"><div class=\"vcex-blog-entry-inner entry-inner wpex-clr\"><div class=\"vcex-blog-entry-details entry-details wpex-clr\"><h2 class=\"vcex-blog-entry-title entry-title\"><a href=\"https:\/\/www.gerec.fi\/en\/tervaskannot-90-hankkeen-yleisotilaisuus-tiistaina-27-8-2024\/\">Tervaskannot 90+ hankkeen yleis\u00f6tilaisuus tiistaina 27.8.2024.<\/a><\/h2><div class=\"vcex-blog-entry-excerpt entry-excerpt entry clr\"><p>Tervaskannot 90+ tutkimusryhm\u00e4 j\u00e4rjest\u00e4\u00e4 kaikille avoimen yleis\u00f6tilaisuuden, jossa keskustellaan vanhimpien tamperelaisten el\u00e4m\u00e4ntilanteesta, terveydest\u00e4 ja hyvinvoinnista. Tilaisuus j\u00e4rjestet\u00e4\u00e4n Tampereen yliopiston Linna-rakennuksessa 27.8.2024 klo 14-15.45. L\u00e4mpim\u00e4sti tervetuloa&hellip;<\/p><\/div><div class=\"vcex-blog-entry-readmore-wrap entry-readmore-wrap clr\"><a href=\"https:\/\/www.gerec.fi\/en\/tervaskannot-90-hankkeen-yleisotilaisuus-tiistaina-27-8-2024\/\" class=\"theme-button\">Lue lis\u00e4\u00e4<\/a><\/div><\/div><\/div><\/div><div class=\"vcex-blog-entry entry-has-details span_1_of_3 col-2 col post-9305 entry type-post no-media cat-131\"><div class=\"vcex-blog-entry-inner entry-inner wpex-clr\"><div class=\"vcex-blog-entry-details entry-details wpex-clr\"><h2 class=\"vcex-blog-entry-title entry-title\"><a href=\"https:\/\/www.gerec.fi\/en\/hoiva-ja-demokratia-tyopajoja-marraskuussa-9-11-ja-28-11\/\">Hoiva ja demokratia ty\u00f6pajat marraskuussa 9.11. ja 28.11.<\/a><\/h2><div class=\"vcex-blog-entry-excerpt entry-excerpt entry clr\"><p>Tampereen yliopiston Demokratiatutkimusverkosto j\u00e4rjest\u00e4\u00e4 marraskuussa kaksi avointa hoivaan ja demokratiaan liittyv\u00e4\u00e4 ty\u00f6pajaa. Ty\u00f6pajojen pyrkimyksen\u00e4 on tuoda yhteen j\u00e4rjest\u00f6jen edustajia ja tutkijoita keskustelemaan ik\u00e4\u00e4ntymisen, hoivan ja&hellip;<\/p><\/div><div class=\"vcex-blog-entry-readmore-wrap entry-readmore-wrap clr\"><a href=\"https:\/\/www.gerec.fi\/en\/hoiva-ja-demokratia-tyopajoja-marraskuussa-9-11-ja-28-11\/\" class=\"theme-button\">Lue lis\u00e4\u00e4<\/a><\/div><\/div><\/div><\/div><div class=\"vcex-blog-entry entry-has-details span_1_of_3 col-3 col post-9284 entry type-post has-media cat-131\"><div class=\"vcex-blog-entry-inner entry-inner wpex-clr\"><div class=\"vcex-blog-entry-media entry-media\"><a href=\"https:\/\/www.gerec.fi\/en\/asuinymparisto-hyvinvointi-ja-vanheneminen-seminaari-1-12-2023\/\" title=\"Asuinymp\u00e4rist\u00f6, hyvinvointi ja vanheneminen &#8211; seminaari 1.12.2023\"><img loading=\"lazy\" decoding=\"async\" width=\"1640\" height=\"924\" src=\"https:\/\/www.gerec.fi\/wp-content\/uploads\/2023\/10\/Seminaari-paivitetty-11223.png\" class=\"vcex-blog-entry-img\" alt=\"\" srcset=\"https:\/\/www.gerec.fi\/wp-content\/uploads\/2023\/10\/Seminaari-paivitetty-11223.png 1640w, https:\/\/www.gerec.fi\/wp-content\/uploads\/2023\/10\/Seminaari-paivitetty-11223-300x169.png 300w, https:\/\/www.gerec.fi\/wp-content\/uploads\/2023\/10\/Seminaari-paivitetty-11223-1024x577.png 1024w, https:\/\/www.gerec.fi\/wp-content\/uploads\/2023\/10\/Seminaari-paivitetty-11223-768x433.png 768w, https:\/\/www.gerec.fi\/wp-content\/uploads\/2023\/10\/Seminaari-paivitetty-11223-1536x865.png 1536w\" sizes=\"auto, (max-width: 1640px) 100vw, 1640px\" \/><\/a><\/div><div class=\"vcex-blog-entry-details entry-details wpex-clr\"><h2 class=\"vcex-blog-entry-title entry-title\"><a href=\"https:\/\/www.gerec.fi\/en\/asuinymparisto-hyvinvointi-ja-vanheneminen-seminaari-1-12-2023\/\">Asuinymp\u00e4rist\u00f6, hyvinvointi ja vanheneminen &#8211; seminaari 1.12.2023<\/a><\/h2><div class=\"vcex-blog-entry-excerpt entry-excerpt entry clr\"><p>Aika ja paikka: 1.12.2023, klo 9.30\u201314.00, Tampereen yliopisto, P\u00e4\u00e4talo, Kalevantie 4 (ls C6) \/et\u00e4osallistuminen Zoom (linkki ilmoitetaan my\u00f6hemmin). Seminaarissa tarkastellaan eri n\u00e4k\u00f6kulmista asuinymp\u00e4rist\u00f6n yhteyksi\u00e4 hyvinvointiin&hellip;<\/p><\/div><div class=\"vcex-blog-entry-readmore-wrap entry-readmore-wrap clr\"><a href=\"https:\/\/www.gerec.fi\/en\/asuinymparisto-hyvinvointi-ja-vanheneminen-seminaari-1-12-2023\/\" class=\"theme-button\">Lue lis\u00e4\u00e4<\/a><\/div><\/div><\/div><\/div><div class=\"vcex-blog-entry entry-has-details span_1_of_3 col-1 col post-9089 entry type-post no-media cat-131\"><div class=\"vcex-blog-entry-inner entry-inner wpex-clr\"><div class=\"vcex-blog-entry-details entry-details wpex-clr\"><h2 class=\"vcex-blog-entry-title entry-title\"><a href=\"https:\/\/www.gerec.fi\/en\/tau-age-symposium-8-9-2023\/\">TAU-AGE symposium 8.9.2023<\/a><\/h2><div class=\"vcex-blog-entry-excerpt entry-excerpt entry clr\"><p>TAU-AGE symposium 8.9.2023 Ohjelma: https:\/\/events.tuni.fi\/tau-age\/ohjelma\/ Pitk\u00e4 ik\u00e4 on ihmiskunnan suurin saavutus, mutta v\u00e4est\u00f6n ik\u00e4\u00e4ntyminen on my\u00f6s t\u00e4m\u00e4n hetken suuri globaali haaste. Tampereen yliopistossa tehd\u00e4\u00e4n monenlaista&hellip;<\/p><\/div><div class=\"vcex-blog-entry-readmore-wrap entry-readmore-wrap clr\"><a href=\"https:\/\/www.gerec.fi\/en\/tau-age-symposium-8-9-2023\/\" class=\"theme-button\">Lue lis\u00e4\u00e4<\/a><\/div><\/div><\/div><\/div><div class=\"vcex-blog-entry entry-has-details span_1_of_3 col-2 col post-8718 entry type-post no-media cat-131\"><div class=\"vcex-blog-entry-inner entry-inner wpex-clr\"><div class=\"vcex-blog-entry-details entry-details wpex-clr\"><h2 class=\"vcex-blog-entry-title entry-title\"><a href=\"https:\/\/www.gerec.fi\/en\/kutsu-kuule-minua-webinaari-6-3-2023-klo-14-15-30\/\">Kutsu: Kuule minua -webinaari 6.3.2023 klo 14-15.30<\/a><\/h2><div class=\"vcex-blog-entry-excerpt entry-excerpt entry clr\"><p>Kuule minua -webinaari: Muistisairaan ihmisen \u00e4\u00e4ni on arvokas\u00a0 Maanantaina 6.3.2023 klo 14.00-15.30.\u00a0 \u00a0 Tulevaisuudessa suurin osa suomalaisista on arjessaan tekemisiss\u00e4 etenev\u00e4n muistisairauden kanssa \u2013 joko&hellip;<\/p><\/div><div class=\"vcex-blog-entry-readmore-wrap entry-readmore-wrap clr\"><a href=\"https:\/\/www.gerec.fi\/en\/kutsu-kuule-minua-webinaari-6-3-2023-klo-14-15-30\/\" class=\"theme-button\">Lue lis\u00e4\u00e4<\/a><\/div><\/div><\/div><\/div><div class=\"vcex-blog-entry entry-has-details span_1_of_3 col-3 col post-8690 entry type-post no-media cat-131\"><div class=\"vcex-blog-entry-inner entry-inner wpex-clr\"><div class=\"vcex-blog-entry-details entry-details wpex-clr\"><h2 class=\"vcex-blog-entry-title entry-title\"><a href=\"https:\/\/www.gerec.fi\/en\/guest-lecture-by-professor-caleb-e-tuck-finch-in-tampere-15th-dec-arvo-building-f115\/\">Guest lecture by Professor Caleb E (\u201cTuck\u201d) Finch in Tampere 15th Dec, ARVO building, F115<\/a><\/h2><div class=\"vcex-blog-entry-excerpt entry-excerpt entry clr\"><p>Guest lecture by Professor Caleb E (\u201cTuck\u201d) Finch in Tampere 15th Dec, ARVO building, F115 &nbsp; It is a great pleasure to inform you that&hellip;<\/p><\/div><div class=\"vcex-blog-entry-readmore-wrap entry-readmore-wrap clr\"><a href=\"https:\/\/www.gerec.fi\/en\/guest-lecture-by-professor-caleb-e-tuck-finch-in-tampere-15th-dec-arvo-building-f115\/\" class=\"theme-button\">Lue lis\u00e4\u00e4<\/a><\/div><\/div><\/div><\/div><div class=\"vcex-blog-entry entry-has-details span_1_of_3 col-1 col post-8641 entry type-post no-media cat-131 post_tag-478 post_tag-209 post_tag-217\"><div class=\"vcex-blog-entry-inner entry-inner wpex-clr\"><div class=\"vcex-blog-entry-details entry-details wpex-clr\"><h2 class=\"vcex-blog-entry-title entry-title\"><a href=\"https:\/\/www.gerec.fi\/en\/tutkijoiden-yo-jyvaskylan-yliopistossa-pe-30-9-2022\/\">Tutkijoiden y\u00f6 Jyv\u00e4skyl\u00e4n yliopistossa pe 30.9.2022<\/a><\/h2><div class=\"vcex-blog-entry-excerpt entry-excerpt entry clr\"><p>Kiehtova ik\u00e4\u00e4ntymistutkimus: sanoista suorituksiin ja s\u00e4veliin Tervetuloa Tutkijoiden y\u00f6h\u00f6n pe 30.9. klo 17-19 kuulemaan kiehtovasta ik\u00e4\u00e4ntymisen tutkimuksesta! Gerontologian tutkimuskeskuksen tutkijat Katja Kokko, Kaisa Koivunen ja&hellip;<\/p><\/div><div class=\"vcex-blog-entry-readmore-wrap entry-readmore-wrap clr\"><a href=\"https:\/\/www.gerec.fi\/en\/tutkijoiden-yo-jyvaskylan-yliopistossa-pe-30-9-2022\/\" class=\"theme-button\">Lue lis\u00e4\u00e4<\/a><\/div><\/div><\/div><\/div><div class=\"vcex-blog-entry entry-has-details span_1_of_3 col-2 col post-8615 entry type-post no-media cat-131\"><div class=\"vcex-blog-entry-inner entry-inner wpex-clr\"><div class=\"vcex-blog-entry-details entry-details wpex-clr\"><h2 class=\"vcex-blog-entry-title entry-title\"><a href=\"https:\/\/www.gerec.fi\/en\/ratkaisudialogi-kuinka-elaa-sadan-vuoden-elama-ja-onnistuuko-se-kestavalla-tavalla\/\">Ratkaisudialogi: Kuinka el\u00e4\u00e4 sadan vuoden el\u00e4m\u00e4 \u2013 ja onnistuuko se kest\u00e4v\u00e4ll\u00e4 tavalla?<\/a><\/h2><div class=\"vcex-blog-entry-excerpt entry-excerpt entry clr\"><p>Tervetuloa seuraamaan, kun nelj\u00e4 asiantuntijaa luo ratkaisuja SuomiAreena-festivaalilla! Voit seurata keskustelua niin paikan p\u00e4\u00e4ll\u00e4 Porissa kuin kotisohvaltasi tai m\u00f6kkilaiturisi nokasta MTV Katsomon kautta. Tapahtuma on&hellip;<\/p><\/div><div class=\"vcex-blog-entry-readmore-wrap entry-readmore-wrap clr\"><a href=\"https:\/\/www.gerec.fi\/en\/ratkaisudialogi-kuinka-elaa-sadan-vuoden-elama-ja-onnistuuko-se-kestavalla-tavalla\/\" class=\"theme-button\">Lue lis\u00e4\u00e4<\/a><\/div><\/div><\/div><\/div><div class=\"vcex-blog-entry entry-has-details span_1_of_3 col-3 col post-8542 entry type-post has-media cat-131\"><div class=\"vcex-blog-entry-inner entry-inner wpex-clr\"><div class=\"vcex-blog-entry-media entry-media\"><a href=\"https:\/\/www.gerec.fi\/en\/gerontologia-2023-kongressi-ikaantymisen-uusi-aika-2\/\" title=\"Gerontologia 2023 -kongressi: Ik\u00e4\u00e4ntymisen uusi aika\"><img loading=\"lazy\" decoding=\"async\" width=\"1640\" height=\"924\" src=\"https:\/\/www.gerec.fi\/wp-content\/uploads\/2022\/02\/Ikaantymisen-uusi-aika.png\" class=\"vcex-blog-entry-img\" alt=\"\" srcset=\"https:\/\/www.gerec.fi\/wp-content\/uploads\/2022\/02\/Ikaantymisen-uusi-aika.png 1640w, https:\/\/www.gerec.fi\/wp-content\/uploads\/2022\/02\/Ikaantymisen-uusi-aika-300x169.png 300w, https:\/\/www.gerec.fi\/wp-content\/uploads\/2022\/02\/Ikaantymisen-uusi-aika-1024x577.png 1024w, https:\/\/www.gerec.fi\/wp-content\/uploads\/2022\/02\/Ikaantymisen-uusi-aika-768x433.png 768w, https:\/\/www.gerec.fi\/wp-content\/uploads\/2022\/02\/Ikaantymisen-uusi-aika-1536x865.png 1536w\" sizes=\"auto, (max-width: 1640px) 100vw, 1640px\" \/><\/a><\/div><div class=\"vcex-blog-entry-details entry-details wpex-clr\"><h2 class=\"vcex-blog-entry-title entry-title\"><a href=\"https:\/\/www.gerec.fi\/en\/gerontologia-2023-kongressi-ikaantymisen-uusi-aika-2\/\">Gerontologia 2023 -kongressi: Ik\u00e4\u00e4ntymisen uusi aika<\/a><\/h2><div class=\"vcex-blog-entry-excerpt entry-excerpt entry clr\"><p>Tervetuloa Gerontologia 2023 \u2010kongressiin 8.-10.2.2023 Tampere-talolle Kongressin teemana on Ik\u00e4\u00e4ntymisen uusi aika, joka viittaa sek\u00e4 v\u00e4est\u00f6n vanhenemiseen ett\u00e4 vanhuuden toimintakyvyn muutoksiin. Kongressissa k\u00e4sitell\u00e4\u00e4n vanhenemisen ilmi\u00f6it\u00e4&hellip;<\/p><\/div><div class=\"vcex-blog-entry-readmore-wrap entry-readmore-wrap clr\"><a href=\"https:\/\/www.gerec.fi\/en\/gerontologia-2023-kongressi-ikaantymisen-uusi-aika-2\/\" class=\"theme-button\">Lue lis\u00e4\u00e4<\/a><\/div><\/div><\/div><\/div><div class=\"vcex-blog-entry entry-has-details span_1_of_3 col-1 col post-8538 entry type-post has-media cat-131\"><div class=\"vcex-blog-entry-inner entry-inner wpex-clr\"><div class=\"vcex-blog-entry-media entry-media\"><a href=\"https:\/\/www.gerec.fi\/en\/welcome-to-ageing-city-seminar-on-may-16th-17th-tervetuloa-ikaystavallinen-kaupunki-seminaariin-16-17-5\/\" title=\"Welcome to AGEING CITY seminar on May 16th-17th!\/Tervetuloa Ik\u00e4yst\u00e4v\u00e4llinen kaupunki -seminaariin 16.-17.5.!\"><img loading=\"lazy\" decoding=\"async\" width=\"1600\" height=\"900\" src=\"https:\/\/www.gerec.fi\/wp-content\/uploads\/2022\/03\/aging-city-seminar.jpg\" class=\"vcex-blog-entry-img\" alt=\"\" srcset=\"https:\/\/www.gerec.fi\/wp-content\/uploads\/2022\/03\/aging-city-seminar.jpg 1600w, https:\/\/www.gerec.fi\/wp-content\/uploads\/2022\/03\/aging-city-seminar-300x169.jpg 300w, https:\/\/www.gerec.fi\/wp-content\/uploads\/2022\/03\/aging-city-seminar-1024x576.jpg 1024w, https:\/\/www.gerec.fi\/wp-content\/uploads\/2022\/03\/aging-city-seminar-768x432.jpg 768w, https:\/\/www.gerec.fi\/wp-content\/uploads\/2022\/03\/aging-city-seminar-1536x864.jpg 1536w\" sizes=\"auto, (max-width: 1600px) 100vw, 1600px\" \/><\/a><\/div><div class=\"vcex-blog-entry-details entry-details wpex-clr\"><h2 class=\"vcex-blog-entry-title entry-title\"><a href=\"https:\/\/www.gerec.fi\/en\/welcome-to-ageing-city-seminar-on-may-16th-17th-tervetuloa-ikaystavallinen-kaupunki-seminaariin-16-17-5\/\">Welcome to AGEING CITY seminar on May 16th-17th!\/Tervetuloa Ik\u00e4yst\u00e4v\u00e4llinen kaupunki -seminaariin 16.-17.5.!<\/a><\/h2><div class=\"vcex-blog-entry-excerpt entry-excerpt entry clr\"><p>Welcome to AGEING CITY seminar on May 16th-17th! Increasing life expectancy means that a long life is becoming reality for an increasing number of people.&hellip;<\/p><\/div><div class=\"vcex-blog-entry-readmore-wrap entry-readmore-wrap clr\"><a href=\"https:\/\/www.gerec.fi\/en\/welcome-to-ageing-city-seminar-on-may-16th-17th-tervetuloa-ikaystavallinen-kaupunki-seminaariin-16-17-5\/\" class=\"theme-button\">Lue lis\u00e4\u00e4<\/a><\/div><\/div><\/div><\/div><div class=\"vcex-blog-entry entry-has-details span_1_of_3 col-2 col post-8517 entry type-post has-media cat-131\"><div class=\"vcex-blog-entry-inner entry-inner wpex-clr\"><div class=\"vcex-blog-entry-media entry-media\"><a href=\"https:\/\/www.gerec.fi\/en\/ikaihmisten-hyvinvointi-koronapandemian-aikana-ja-sen-jalkeen\/\" title=\"Ik\u00e4ihmisten hyvinvointi  koronapandemian aikana ja sen j\u00e4lkeen\"><img loading=\"lazy\" decoding=\"async\" width=\"1640\" height=\"924\" src=\"https:\/\/www.gerec.fi\/wp-content\/uploads\/2022\/03\/SoWell-seminaari-kansikuva.png\" class=\"vcex-blog-entry-img\" alt=\"\" srcset=\"https:\/\/www.gerec.fi\/wp-content\/uploads\/2022\/03\/SoWell-seminaari-kansikuva.png 1640w, https:\/\/www.gerec.fi\/wp-content\/uploads\/2022\/03\/SoWell-seminaari-kansikuva-300x169.png 300w, https:\/\/www.gerec.fi\/wp-content\/uploads\/2022\/03\/SoWell-seminaari-kansikuva-1024x577.png 1024w, https:\/\/www.gerec.fi\/wp-content\/uploads\/2022\/03\/SoWell-seminaari-kansikuva-768x433.png 768w, https:\/\/www.gerec.fi\/wp-content\/uploads\/2022\/03\/SoWell-seminaari-kansikuva-1536x865.png 1536w\" sizes=\"auto, (max-width: 1640px) 100vw, 1640px\" \/><\/a><\/div><div class=\"vcex-blog-entry-details entry-details wpex-clr\"><h2 class=\"vcex-blog-entry-title entry-title\"><a href=\"https:\/\/www.gerec.fi\/en\/ikaihmisten-hyvinvointi-koronapandemian-aikana-ja-sen-jalkeen\/\">Ik\u00e4ihmisten hyvinvointi  koronapandemian aikana ja sen j\u00e4lkeen<\/a><\/h2><div class=\"vcex-blog-entry-excerpt entry-excerpt entry clr\"><p>L\u00e4mpim\u00e4sti tervetuloa keskustelemaan ik\u00e4ihmisten hyvinvoinnista ja koronapandemian vaikutuksista kaikille avoimeen seminaariin. Tilaisuuden j\u00e4rjest\u00e4\u00e4 Vanheneminen ja sosiaalinen hyvinvointi (SoWell) -hanke. Tilaisuus pidet\u00e4\u00e4n 7.4.2022 klo 13 \u2013&hellip;<\/p><\/div><div class=\"vcex-blog-entry-readmore-wrap entry-readmore-wrap clr\"><a href=\"https:\/\/www.gerec.fi\/en\/ikaihmisten-hyvinvointi-koronapandemian-aikana-ja-sen-jalkeen\/\" class=\"theme-button\">Lue lis\u00e4\u00e4<\/a><\/div><\/div><\/div><\/div><div class=\"vcex-blog-entry entry-has-details span_1_of_3 col-3 col post-8493 entry type-post has-media cat-131\"><div class=\"vcex-blog-entry-inner entry-inner wpex-clr\"><div class=\"vcex-blog-entry-media entry-media\"><a href=\"https:\/\/www.gerec.fi\/en\/vanhuustutkijan-koronavuosi-aulaklubilla-1-3-2022-klo-1730\/\" title=\"Vanhuustutkijan koronavuosi Aulaklubilla 1.3.2022 klo 17:30\"><img loading=\"lazy\" decoding=\"async\" width=\"435\" height=\"228\" src=\"https:\/\/www.gerec.fi\/wp-content\/uploads\/2022\/02\/aulaklubi.jpg\" class=\"vcex-blog-entry-img\" alt=\"\" srcset=\"https:\/\/www.gerec.fi\/wp-content\/uploads\/2022\/02\/aulaklubi.jpg 435w, https:\/\/www.gerec.fi\/wp-content\/uploads\/2022\/02\/aulaklubi-300x157.jpg 300w\" sizes=\"auto, (max-width: 435px) 100vw, 435px\" \/><\/a><\/div><div class=\"vcex-blog-entry-details entry-details wpex-clr\"><h2 class=\"vcex-blog-entry-title entry-title\"><a href=\"https:\/\/www.gerec.fi\/en\/vanhuustutkijan-koronavuosi-aulaklubilla-1-3-2022-klo-1730\/\">Vanhuustutkijan koronavuosi Aulaklubilla 1.3.2022 klo 17:30<\/a><\/h2><div class=\"vcex-blog-entry-excerpt entry-excerpt entry clr\"><p>Vastapainon kev\u00e4\u00e4n ensimm\u00e4isell\u00e4 Aulaklubilla puhutaan vanhenemisesta. Mit\u00e4 vanheneminen oikein on? Kuinka vanhaksi voimme el\u00e4\u00e4? Miksi palveluita ei paranneta, vaikka puutteet ovat kaikkien tiedossa? Kuinka ik\u00e4\u00e4ntyv\u00e4&hellip;<\/p><\/div><div class=\"vcex-blog-entry-readmore-wrap entry-readmore-wrap clr\"><a href=\"https:\/\/www.gerec.fi\/en\/vanhuustutkijan-koronavuosi-aulaklubilla-1-3-2022-klo-1730\/\" class=\"theme-button\">Lue lis\u00e4\u00e4<\/a><\/div><\/div><\/div><\/div><div class=\"vcex-blog-entry entry-has-details span_1_of_3 col-1 col post-8490 entry type-post has-media cat-131\"><div class=\"vcex-blog-entry-inner entry-inner wpex-clr\"><div class=\"vcex-blog-entry-media entry-media\"><a href=\"https:\/\/www.gerec.fi\/en\/gerontologia-2023-kongressi-ikaantymisen-uusi-aika\/\" title=\"Gerontologia 2023 -kongressi: Ik\u00e4\u00e4ntymisen uusi aika\"><img loading=\"lazy\" decoding=\"async\" width=\"1640\" height=\"924\" src=\"https:\/\/www.gerec.fi\/wp-content\/uploads\/2022\/02\/Ikaantymisen-uusi-aika.png\" class=\"vcex-blog-entry-img\" alt=\"\" srcset=\"https:\/\/www.gerec.fi\/wp-content\/uploads\/2022\/02\/Ikaantymisen-uusi-aika.png 1640w, https:\/\/www.gerec.fi\/wp-content\/uploads\/2022\/02\/Ikaantymisen-uusi-aika-300x169.png 300w, https:\/\/www.gerec.fi\/wp-content\/uploads\/2022\/02\/Ikaantymisen-uusi-aika-1024x577.png 1024w, https:\/\/www.gerec.fi\/wp-content\/uploads\/2022\/02\/Ikaantymisen-uusi-aika-768x433.png 768w, https:\/\/www.gerec.fi\/wp-content\/uploads\/2022\/02\/Ikaantymisen-uusi-aika-1536x865.png 1536w\" sizes=\"auto, (max-width: 1640px) 100vw, 1640px\" \/><\/a><\/div><div class=\"vcex-blog-entry-details entry-details wpex-clr\"><h2 class=\"vcex-blog-entry-title entry-title\"><a href=\"https:\/\/www.gerec.fi\/en\/gerontologia-2023-kongressi-ikaantymisen-uusi-aika\/\">Gerontologia 2023 -kongressi: Ik\u00e4\u00e4ntymisen uusi aika<\/a><\/h2><div class=\"vcex-blog-entry-excerpt entry-excerpt entry clr\"><p>Tervetuloa Gerontologia 2023 \u2010kongressiin 8.-10.2.2023 Tampere-talolle Kongressin teemana on Ik\u00e4\u00e4ntymisen uusi aika, joka viittaa sek\u00e4 v\u00e4est\u00f6n vanhenemiseen ett\u00e4 vanhuuden toimintakyvyn muutoksiin. Kongressissa k\u00e4sitell\u00e4\u00e4n vanhenemisen ilmi\u00f6it\u00e4&hellip;<\/p><\/div><div class=\"vcex-blog-entry-readmore-wrap entry-readmore-wrap clr\"><a href=\"https:\/\/www.gerec.fi\/en\/gerontologia-2023-kongressi-ikaantymisen-uusi-aika\/\" class=\"theme-button\">Lue lis\u00e4\u00e4<\/a><\/div><\/div><\/div><\/div><div class=\"vcex-blog-entry entry-has-details span_1_of_3 col-2 col post-8468 entry type-post has-media cat-131\"><div class=\"vcex-blog-entry-inner entry-inner wpex-clr\"><div class=\"vcex-blog-entry-media entry-media\"><a href=\"https:\/\/www.gerec.fi\/en\/kohti-kansallista-muistipalvelupolkua-yhteistyowebinaari-4-3-2022\/\" title=\"Kohti kansallista muistipalvelupolkua -yhteisty\u00f6webinaari 4.3.2022\"><img loading=\"lazy\" decoding=\"async\" width=\"1640\" height=\"924\" src=\"https:\/\/www.gerec.fi\/wp-content\/uploads\/2022\/02\/webinaari.png\" class=\"vcex-blog-entry-img\" alt=\"\" srcset=\"https:\/\/www.gerec.fi\/wp-content\/uploads\/2022\/02\/webinaari.png 1640w, https:\/\/www.gerec.fi\/wp-content\/uploads\/2022\/02\/webinaari-300x169.png 300w, https:\/\/www.gerec.fi\/wp-content\/uploads\/2022\/02\/webinaari-1024x577.png 1024w, https:\/\/www.gerec.fi\/wp-content\/uploads\/2022\/02\/webinaari-768x433.png 768w, https:\/\/www.gerec.fi\/wp-content\/uploads\/2022\/02\/webinaari-1536x865.png 1536w\" sizes=\"auto, (max-width: 1640px) 100vw, 1640px\" \/><\/a><\/div><div class=\"vcex-blog-entry-details entry-details wpex-clr\"><h2 class=\"vcex-blog-entry-title entry-title\"><a href=\"https:\/\/www.gerec.fi\/en\/kohti-kansallista-muistipalvelupolkua-yhteistyowebinaari-4-3-2022\/\">Kohti kansallista muistipalvelupolkua -yhteisty\u00f6webinaari 4.3.2022<\/a><\/h2><div class=\"vcex-blog-entry-excerpt entry-excerpt entry clr\"><p>Terveyden ja hyvinvoinnin laitos j\u00e4rjest\u00e4\u00e4 maaliskuussa 4.3.2022 Kohti kansallista muistipavelupolkua -yhteisty\u00f6webinaarin. Webinaarin kulkua johdattelee gerontologian apulaisprofessori Jenni Kulmala. Jos muistisairaudet ja aivoterveys kiinnostavat, kannattaa ilmoittautua&hellip;<\/p><\/div><div class=\"vcex-blog-entry-readmore-wrap entry-readmore-wrap clr\"><a href=\"https:\/\/www.gerec.fi\/en\/kohti-kansallista-muistipalvelupolkua-yhteistyowebinaari-4-3-2022\/\" class=\"theme-button\">Lue lis\u00e4\u00e4<\/a><\/div><\/div><\/div><\/div><div class=\"vcex-blog-entry entry-has-details span_1_of_3 col-3 col post-8441 entry type-post has-media cat-131\"><div class=\"vcex-blog-entry-inner entry-inner wpex-clr\"><div class=\"vcex-blog-entry-media entry-media\"><a href=\"https:\/\/www.gerec.fi\/en\/ikaihmisten-asumisen-vaihtoehdoista-webinaari-8-2-2022-valimuotoisen-asumisen-ratkaisuja-kehitetty-tampereella-ja-orivedella\/\" title=\"Ik\u00e4ihmisten asumisen vaihtoehdoista webinaari 8.2.2022: V\u00e4limuotoisen asumisen ratkaisuja kehitetty Tampereella ja Orivedell\u00e4\"><img loading=\"lazy\" decoding=\"async\" width=\"1640\" height=\"924\" src=\"https:\/\/www.gerec.fi\/wp-content\/uploads\/2022\/01\/city_205702.png\" class=\"vcex-blog-entry-img\" alt=\"\" srcset=\"https:\/\/www.gerec.fi\/wp-content\/uploads\/2022\/01\/city_205702.png 1640w, https:\/\/www.gerec.fi\/wp-content\/uploads\/2022\/01\/city_205702-300x169.png 300w, https:\/\/www.gerec.fi\/wp-content\/uploads\/2022\/01\/city_205702-1024x577.png 1024w, https:\/\/www.gerec.fi\/wp-content\/uploads\/2022\/01\/city_205702-768x433.png 768w, https:\/\/www.gerec.fi\/wp-content\/uploads\/2022\/01\/city_205702-1536x865.png 1536w\" sizes=\"auto, (max-width: 1640px) 100vw, 1640px\" \/><\/a><\/div><div class=\"vcex-blog-entry-details entry-details wpex-clr\"><h2 class=\"vcex-blog-entry-title entry-title\"><a href=\"https:\/\/www.gerec.fi\/en\/ikaihmisten-asumisen-vaihtoehdoista-webinaari-8-2-2022-valimuotoisen-asumisen-ratkaisuja-kehitetty-tampereella-ja-orivedella\/\">Ik\u00e4ihmisten asumisen vaihtoehdoista webinaari 8.2.2022: V\u00e4limuotoisen asumisen ratkaisuja kehitetty Tampereella ja Orivedell\u00e4<\/a><\/h2><div class=\"vcex-blog-entry-excerpt entry-excerpt entry clr\"><p>Tampereen kaupunki j\u00e4rjest\u00e4\u00e4 8.2.2022 kello 12.00\u201315.15 Teamsin v\u00e4lityksell\u00e4 webinaarin, jossa ik\u00e4\u00e4ntyneiden v\u00e4limuotoista asumista tarkastellaan eri n\u00e4k\u00f6kulmista: mist\u00e4 tekij\u00f6ist\u00e4 ik\u00e4\u00e4ntyneiden hyv\u00e4 asuminen voi rakentua, millainen merkitys&hellip;<\/p><\/div><div class=\"vcex-blog-entry-readmore-wrap entry-readmore-wrap clr\"><a href=\"https:\/\/www.gerec.fi\/en\/ikaihmisten-asumisen-vaihtoehdoista-webinaari-8-2-2022-valimuotoisen-asumisen-ratkaisuja-kehitetty-tampereella-ja-orivedella\/\" class=\"theme-button\">Lue lis\u00e4\u00e4<\/a><\/div><\/div><\/div><\/div><div class=\"vcex-blog-entry entry-has-details span_1_of_3 col-1 col post-8336 entry type-post has-media cat-131\"><div class=\"vcex-blog-entry-inner entry-inner wpex-clr\"><div class=\"vcex-blog-entry-media entry-media\"><a href=\"https:\/\/www.gerec.fi\/en\/ageing-city-seminaari-tampereella-16-17-12-2021\/\" title=\"Tapahtuma siirtyy \/ Postponed: AGEING CITY -seminaari Tampereella\"><img loading=\"lazy\" decoding=\"async\" width=\"1600\" height=\"900\" src=\"https:\/\/www.gerec.fi\/wp-content\/uploads\/2021\/11\/AGEINGCITY_picture3.png\" class=\"vcex-blog-entry-img\" alt=\"\" srcset=\"https:\/\/www.gerec.fi\/wp-content\/uploads\/2021\/11\/AGEINGCITY_picture3.png 1600w, https:\/\/www.gerec.fi\/wp-content\/uploads\/2021\/11\/AGEINGCITY_picture3-300x169.png 300w, https:\/\/www.gerec.fi\/wp-content\/uploads\/2021\/11\/AGEINGCITY_picture3-1024x576.png 1024w, https:\/\/www.gerec.fi\/wp-content\/uploads\/2021\/11\/AGEINGCITY_picture3-768x432.png 768w, https:\/\/www.gerec.fi\/wp-content\/uploads\/2021\/11\/AGEINGCITY_picture3-1536x864.png 1536w\" sizes=\"auto, (max-width: 1600px) 100vw, 1600px\" \/><\/a><\/div><div class=\"vcex-blog-entry-details entry-details wpex-clr\"><h2 class=\"vcex-blog-entry-title entry-title\"><a href=\"https:\/\/www.gerec.fi\/en\/ageing-city-seminaari-tampereella-16-17-12-2021\/\">Tapahtuma siirtyy \/ Postponed: AGEING CITY -seminaari Tampereella<\/a><\/h2><div class=\"vcex-blog-entry-excerpt entry-excerpt entry clr\"><p>Kiristyv\u00e4st\u00e4 koronatilanteesta johtuen Ik\u00e4yst\u00e4v\u00e4llinen kaupunki (AGEING CITY) seminaari joudutaan valitettavasti siirt\u00e4m\u00e4\u00e4n kev\u00e4\u00e4seen 2022, jolloin voimme toivottavasti kohdata turvallisesti kasvokkain Tampereella. Seuraamme koronatilanteen kehittymist\u00e4 ja p\u00e4\u00e4t\u00e4mme&hellip;<\/p><\/div><div class=\"vcex-blog-entry-readmore-wrap entry-readmore-wrap clr\"><a href=\"https:\/\/www.gerec.fi\/en\/ageing-city-seminaari-tampereella-16-17-12-2021\/\" class=\"theme-button\">Lue lis\u00e4\u00e4<\/a><\/div><\/div><\/div><\/div><div class=\"vcex-blog-entry entry-has-details span_1_of_3 col-2 col post-8319 entry type-post has-media cat-131\"><div class=\"vcex-blog-entry-inner entry-inner wpex-clr\"><div class=\"vcex-blog-entry-media entry-media\"><a href=\"https:\/\/www.gerec.fi\/en\/seminaari-8-12-2021-kestava-ja-hyva-elama-vanhuudessa-mahdoton-yhtalo\/\" title=\"Seminaari 8.12.2021: Kest\u00e4v\u00e4 ja hyv\u00e4 el\u00e4m\u00e4 vanhuudessa: mahdoton yht\u00e4l\u00f6?\"><img loading=\"lazy\" decoding=\"async\" width=\"1117\" height=\"533\" src=\"https:\/\/www.gerec.fi\/wp-content\/uploads\/2021\/11\/Kestava-ja-hyva-elama-vanhuudessa-e1636630939357.jpg\" class=\"vcex-blog-entry-img\" alt=\"\" srcset=\"https:\/\/www.gerec.fi\/wp-content\/uploads\/2021\/11\/Kestava-ja-hyva-elama-vanhuudessa-e1636630939357.jpg 1117w, https:\/\/www.gerec.fi\/wp-content\/uploads\/2021\/11\/Kestava-ja-hyva-elama-vanhuudessa-e1636630939357-300x143.jpg 300w, https:\/\/www.gerec.fi\/wp-content\/uploads\/2021\/11\/Kestava-ja-hyva-elama-vanhuudessa-e1636630939357-1024x489.jpg 1024w, https:\/\/www.gerec.fi\/wp-content\/uploads\/2021\/11\/Kestava-ja-hyva-elama-vanhuudessa-e1636630939357-768x366.jpg 768w, https:\/\/www.gerec.fi\/wp-content\/uploads\/2021\/11\/Kestava-ja-hyva-elama-vanhuudessa-e1636630939357-980x468.jpg 980w\" sizes=\"auto, (max-width: 1117px) 100vw, 1117px\" \/><\/a><\/div><div class=\"vcex-blog-entry-details entry-details wpex-clr\"><h2 class=\"vcex-blog-entry-title entry-title\"><a href=\"https:\/\/www.gerec.fi\/en\/seminaari-8-12-2021-kestava-ja-hyva-elama-vanhuudessa-mahdoton-yhtalo\/\">Seminaari 8.12.2021: Kest\u00e4v\u00e4 ja hyv\u00e4 el\u00e4m\u00e4 vanhuudessa: mahdoton yht\u00e4l\u00f6?<\/a><\/h2><div class=\"vcex-blog-entry-excerpt entry-excerpt entry clr\"><p>Tutkittua tietoa ja keskustelua kest\u00e4vyydest\u00e4, hyv\u00e4st\u00e4 vanhenemisesta sek\u00e4 n\u00e4iden yhdist\u00e4misest\u00e4 Kest\u00e4v\u00e4 kehitys ja erilaiset kest\u00e4vyysn\u00e4k\u00f6kulmat ovat ajankohtaisia ja t\u00e4rkeit\u00e4 aiheita maailmanlaajuisesti. Mutta mik\u00e4 on kest\u00e4vyyden&hellip;<\/p><\/div><div class=\"vcex-blog-entry-readmore-wrap entry-readmore-wrap clr\"><a href=\"https:\/\/www.gerec.fi\/en\/seminaari-8-12-2021-kestava-ja-hyva-elama-vanhuudessa-mahdoton-yhtalo\/\" class=\"theme-button\">Lue lis\u00e4\u00e4<\/a><\/div><\/div><\/div><\/div><div class=\"vcex-blog-entry entry-has-details span_1_of_3 col-3 col post-8296 entry type-post has-media cat-131 post_tag-153\"><div class=\"vcex-blog-entry-inner entry-inner wpex-clr\"><div class=\"vcex-blog-entry-media entry-media\"><a href=\"https:\/\/www.gerec.fi\/en\/doctoral-dissertation-22-10-2021-resilience-in-old-age-physical-performance-and-psychosocial-factors-in-changing-sociohistorical-contexts-and-as-resources-in-adversities\/\" title=\"Doctoral dissertation 22.10.2021: Resilience in old age: physical performance and psychosocial factors in changing sociohistorical contexts and as resources in adversities\"><img loading=\"lazy\" decoding=\"async\" width=\"400\" height=\"266\" src=\"https:\/\/www.gerec.fi\/wp-content\/uploads\/2021\/10\/a5e8abec-8051-f118-ef7a-0127f3d9e663.jpeg\" class=\"vcex-blog-entry-img\" alt=\"\" srcset=\"https:\/\/www.gerec.fi\/wp-content\/uploads\/2021\/10\/a5e8abec-8051-f118-ef7a-0127f3d9e663.jpeg 400w, https:\/\/www.gerec.fi\/wp-content\/uploads\/2021\/10\/a5e8abec-8051-f118-ef7a-0127f3d9e663-300x200.jpeg 300w\" sizes=\"auto, (max-width: 400px) 100vw, 400px\" \/><\/a><\/div><div class=\"vcex-blog-entry-details entry-details wpex-clr\"><h2 class=\"vcex-blog-entry-title entry-title\"><a href=\"https:\/\/www.gerec.fi\/en\/doctoral-dissertation-22-10-2021-resilience-in-old-age-physical-performance-and-psychosocial-factors-in-changing-sociohistorical-contexts-and-as-resources-in-adversities\/\">Doctoral dissertation 22.10.2021: Resilience in old age: physical performance and psychosocial factors in changing sociohistorical contexts and as resources in adversities<\/a><\/h2><div class=\"vcex-blog-entry-excerpt entry-excerpt entry clr\"><p>M.Sc. Kaisa Koivunen defends her doctoral dissertation in Gerontology and Public Health \u201cResilience in old age: physical performance and psychosocial factors in changing sociohistorical contexts&hellip;<\/p><\/div><div class=\"vcex-blog-entry-readmore-wrap entry-readmore-wrap clr\"><a href=\"https:\/\/www.gerec.fi\/en\/doctoral-dissertation-22-10-2021-resilience-in-old-age-physical-performance-and-psychosocial-factors-in-changing-sociohistorical-contexts-and-as-resources-in-adversities\/\" class=\"theme-button\">Lue lis\u00e4\u00e4<\/a><\/div><\/div><\/div><\/div><div class=\"vcex-blog-entry entry-has-details span_1_of_3 col-1 col post-8292 entry type-post has-media cat-131\"><div class=\"vcex-blog-entry-inner entry-inner wpex-clr\"><div class=\"vcex-blog-entry-media entry-media\"><a href=\"https:\/\/www.gerec.fi\/en\/tervetuloa-kuuntelemaan-keskustelua-myohaiskeski-iasta-ja-pitkaikaisyyden-vallankumouksesta\/\" title=\"Tervetuloa kuuntelemaan keskustelua my\u00f6h\u00e4iskeski-i\u00e4st\u00e4 ja pitk\u00e4ik\u00e4isyyden vallankumouksesta!\"><img loading=\"lazy\" decoding=\"async\" width=\"1640\" height=\"924\" src=\"https:\/\/www.gerec.fi\/wp-content\/uploads\/2021\/10\/Tervetuloa-kuuntelemaan-keskustelua-myohaiskeski-iasta-ja-pitkaikaisyyden-vallankumouksesta.png\" class=\"vcex-blog-entry-img\" alt=\"\" srcset=\"https:\/\/www.gerec.fi\/wp-content\/uploads\/2021\/10\/Tervetuloa-kuuntelemaan-keskustelua-myohaiskeski-iasta-ja-pitkaikaisyyden-vallankumouksesta.png 1640w, https:\/\/www.gerec.fi\/wp-content\/uploads\/2021\/10\/Tervetuloa-kuuntelemaan-keskustelua-myohaiskeski-iasta-ja-pitkaikaisyyden-vallankumouksesta-300x169.png 300w, https:\/\/www.gerec.fi\/wp-content\/uploads\/2021\/10\/Tervetuloa-kuuntelemaan-keskustelua-myohaiskeski-iasta-ja-pitkaikaisyyden-vallankumouksesta-1024x577.png 1024w, https:\/\/www.gerec.fi\/wp-content\/uploads\/2021\/10\/Tervetuloa-kuuntelemaan-keskustelua-myohaiskeski-iasta-ja-pitkaikaisyyden-vallankumouksesta-768x433.png 768w, https:\/\/www.gerec.fi\/wp-content\/uploads\/2021\/10\/Tervetuloa-kuuntelemaan-keskustelua-myohaiskeski-iasta-ja-pitkaikaisyyden-vallankumouksesta-1536x865.png 1536w\" sizes=\"auto, (max-width: 1640px) 100vw, 1640px\" \/><\/a><\/div><div class=\"vcex-blog-entry-details entry-details wpex-clr\"><h2 class=\"vcex-blog-entry-title entry-title\"><a href=\"https:\/\/www.gerec.fi\/en\/tervetuloa-kuuntelemaan-keskustelua-myohaiskeski-iasta-ja-pitkaikaisyyden-vallankumouksesta\/\">Tervetuloa kuuntelemaan keskustelua my\u00f6h\u00e4iskeski-i\u00e4st\u00e4 ja pitk\u00e4ik\u00e4isyyden vallankumouksesta!<\/a><\/h2><div class=\"vcex-blog-entry-excerpt entry-excerpt entry clr\"><p>Tervetuloa kuuntelemaan keskustelua my\u00f6h\u00e4iskeski-i\u00e4st\u00e4 ja pitk\u00e4ik\u00e4isyyden vallankumouksesta! Kirjan \u2019Vanhuustutkijan koronavuosi \u2014 My\u00f6h\u00e4iskeski-ik\u00e4 ja pitk\u00e4ik\u00e4isyyden vallankumous\u2019 pohjalta ovat keskustelemassa kirjan tekij\u00e4n Tampereen yliopiston professori Marja Jylh\u00e4n&hellip;<\/p><\/div><div class=\"vcex-blog-entry-readmore-wrap entry-readmore-wrap clr\"><a href=\"https:\/\/www.gerec.fi\/en\/tervetuloa-kuuntelemaan-keskustelua-myohaiskeski-iasta-ja-pitkaikaisyyden-vallankumouksesta\/\" class=\"theme-button\">Lue lis\u00e4\u00e4<\/a><\/div><\/div><\/div><\/div><div class=\"vcex-blog-entry entry-has-details span_1_of_3 col-2 col post-8267 entry type-post has-media cat-131\"><div class=\"vcex-blog-entry-inner entry-inner wpex-clr\"><div class=\"vcex-blog-entry-media entry-media\"><a href=\"https:\/\/www.gerec.fi\/en\/kysy-vanhenemisesta-tutkijat-vastaavat\/\" title=\"Kysy vanhenemisesta &#8211; Tutkijat vastaavat!\"><img loading=\"lazy\" decoding=\"async\" width=\"1640\" height=\"924\" src=\"https:\/\/www.gerec.fi\/wp-content\/uploads\/2021\/10\/Kysy_vanhenemisesta_GEREC.png\" class=\"vcex-blog-entry-img\" alt=\"\" srcset=\"https:\/\/www.gerec.fi\/wp-content\/uploads\/2021\/10\/Kysy_vanhenemisesta_GEREC.png 1640w, https:\/\/www.gerec.fi\/wp-content\/uploads\/2021\/10\/Kysy_vanhenemisesta_GEREC-300x169.png 300w, https:\/\/www.gerec.fi\/wp-content\/uploads\/2021\/10\/Kysy_vanhenemisesta_GEREC-1024x577.png 1024w, https:\/\/www.gerec.fi\/wp-content\/uploads\/2021\/10\/Kysy_vanhenemisesta_GEREC-768x433.png 768w, https:\/\/www.gerec.fi\/wp-content\/uploads\/2021\/10\/Kysy_vanhenemisesta_GEREC-1536x865.png 1536w\" sizes=\"auto, (max-width: 1640px) 100vw, 1640px\" \/><\/a><\/div><div class=\"vcex-blog-entry-details entry-details wpex-clr\"><h2 class=\"vcex-blog-entry-title entry-title\"><a href=\"https:\/\/www.gerec.fi\/en\/kysy-vanhenemisesta-tutkijat-vastaavat\/\">Kysy vanhenemisesta &#8211; Tutkijat vastaavat!<\/a><\/h2><div class=\"vcex-blog-entry-excerpt entry-excerpt entry clr\"><p>Mit\u00e4 olet aina halunnut tiet\u00e4\u00e4 vanhenemisesta? Nyt on mahdollisuus kysy\u00e4 ik\u00e4\u00e4ntymisen tutkijoilta! Kiinnosti sinua sitten ik\u00e4\u00e4ntymiseen liittyv\u00e4t biologiset muutokset, terveys, ik\u00e4\u00e4ntyv\u00e4 yhteiskunta tai esimerkiksi el\u00e4k\u00f6itymisen&hellip;<\/p><\/div><div class=\"vcex-blog-entry-readmore-wrap entry-readmore-wrap clr\"><a href=\"https:\/\/www.gerec.fi\/en\/kysy-vanhenemisesta-tutkijat-vastaavat\/\" class=\"theme-button\">Lue lis\u00e4\u00e4<\/a><\/div><\/div><\/div><\/div><div class=\"vcex-blog-entry entry-has-details span_1_of_3 col-3 col post-8254 entry type-post has-media cat-131 post_tag-217 post_tag-449\"><div class=\"vcex-blog-entry-inner entry-inner wpex-clr\"><div class=\"vcex-blog-entry-media entry-media\"><a href=\"https:\/\/www.gerec.fi\/en\/tutkijoiden-yo-2021-jarjestetaan-verkossa-ja-livena-tervetuloa-kuulemaan-hyvia-uutisia-vanhenemisesta\/\" title=\"Tutkijoiden y\u00f6 2021 j\u00e4rjestet\u00e4\u00e4n verkossa ja liven\u00e4 \u2013 tervetuloa kuulemaan hyvi\u00e4 uutisia vanhenemisesta!\"><img loading=\"lazy\" decoding=\"async\" width=\"1640\" height=\"924\" src=\"https:\/\/www.gerec.fi\/wp-content\/uploads\/2021\/08\/Kopio-Unnamed-Design.png\" class=\"vcex-blog-entry-img\" alt=\"\" srcset=\"https:\/\/www.gerec.fi\/wp-content\/uploads\/2021\/08\/Kopio-Unnamed-Design.png 1640w, https:\/\/www.gerec.fi\/wp-content\/uploads\/2021\/08\/Kopio-Unnamed-Design-300x169.png 300w, https:\/\/www.gerec.fi\/wp-content\/uploads\/2021\/08\/Kopio-Unnamed-Design-1024x577.png 1024w, https:\/\/www.gerec.fi\/wp-content\/uploads\/2021\/08\/Kopio-Unnamed-Design-768x433.png 768w, https:\/\/www.gerec.fi\/wp-content\/uploads\/2021\/08\/Kopio-Unnamed-Design-1536x865.png 1536w\" sizes=\"auto, (max-width: 1640px) 100vw, 1640px\" \/><\/a><\/div><div class=\"vcex-blog-entry-details entry-details wpex-clr\"><h2 class=\"vcex-blog-entry-title entry-title\"><a href=\"https:\/\/www.gerec.fi\/en\/tutkijoiden-yo-2021-jarjestetaan-verkossa-ja-livena-tervetuloa-kuulemaan-hyvia-uutisia-vanhenemisesta\/\">Tutkijoiden y\u00f6 2021 j\u00e4rjestet\u00e4\u00e4n verkossa ja liven\u00e4 \u2013 tervetuloa kuulemaan hyvi\u00e4 uutisia vanhenemisesta!<\/a><\/h2><div class=\"vcex-blog-entry-excerpt entry-excerpt entry clr\"><p>Tutkijoiden y\u00f6 j\u00e4rjestet\u00e4\u00e4n syyskuun viimeisen\u00e4 perjantaina 24.9.2021 \u2013 t\u00e4n\u00e4 vuonna Jyv\u00e4skyl\u00e4n yliopistossa verkkotapahtumana ja osin paikan p\u00e4\u00e4ll\u00e4 kampuksella. Tutkijat avaavat ovensa yleis\u00f6lle tapahtumassa, jossa tiedett\u00e4&hellip;<\/p><\/div><div class=\"vcex-blog-entry-readmore-wrap entry-readmore-wrap clr\"><a href=\"https:\/\/www.gerec.fi\/en\/tutkijoiden-yo-2021-jarjestetaan-verkossa-ja-livena-tervetuloa-kuulemaan-hyvia-uutisia-vanhenemisesta\/\" class=\"theme-button\">Lue lis\u00e4\u00e4<\/a><\/div><\/div><\/div><\/div><div class=\"vcex-blog-entry entry-has-details span_1_of_3 col-1 col post-8170 entry type-post has-media cat-131\"><div class=\"vcex-blog-entry-inner entry-inner wpex-clr\"><div class=\"vcex-blog-entry-media entry-media\"><a href=\"https:\/\/www.gerec.fi\/en\/vaitos-27-8-2021-vilhelmiina-lehto-niskala-ikaantyneen-oma-nakokulma-seka-laheisten-ja-pitkaaikaishoidon-hoitajien-kasitykset-tarkeita-toimintakykya-maariteltaessa\/\" title=\"V\u00e4it\u00f6stilaisuus 27.8.2021: Vilhelmiina Lehto-Niskala: Ik\u00e4\u00e4ntyneen oma n\u00e4k\u00f6kulma sek\u00e4 l\u00e4heisten ja pitk\u00e4aikaishoidon hoitajien k\u00e4sitykset t\u00e4rkeit\u00e4 toimintakyky\u00e4 m\u00e4\u00e4ritelt\u00e4ess\u00e4\"><img loading=\"lazy\" decoding=\"async\" width=\"870\" height=\"580\" src=\"https:\/\/www.gerec.fi\/wp-content\/uploads\/2021\/08\/vilhelmiinalehto-niskala900_0.jpg\" class=\"vcex-blog-entry-img\" alt=\"\" srcset=\"https:\/\/www.gerec.fi\/wp-content\/uploads\/2021\/08\/vilhelmiinalehto-niskala900_0.jpg 870w, https:\/\/www.gerec.fi\/wp-content\/uploads\/2021\/08\/vilhelmiinalehto-niskala900_0-300x200.jpg 300w, https:\/\/www.gerec.fi\/wp-content\/uploads\/2021\/08\/vilhelmiinalehto-niskala900_0-768x512.jpg 768w\" sizes=\"auto, (max-width: 870px) 100vw, 870px\" \/><\/a><\/div><div class=\"vcex-blog-entry-details entry-details wpex-clr\"><h2 class=\"vcex-blog-entry-title entry-title\"><a href=\"https:\/\/www.gerec.fi\/en\/vaitos-27-8-2021-vilhelmiina-lehto-niskala-ikaantyneen-oma-nakokulma-seka-laheisten-ja-pitkaaikaishoidon-hoitajien-kasitykset-tarkeita-toimintakykya-maariteltaessa\/\">V\u00e4it\u00f6stilaisuus 27.8.2021: Vilhelmiina Lehto-Niskala: Ik\u00e4\u00e4ntyneen oma n\u00e4k\u00f6kulma sek\u00e4 l\u00e4heisten ja pitk\u00e4aikaishoidon hoitajien k\u00e4sitykset t\u00e4rkeit\u00e4 toimintakyky\u00e4 m\u00e4\u00e4ritelt\u00e4ess\u00e4<\/a><\/h2><div class=\"vcex-blog-entry-excerpt entry-excerpt entry clr\"><p>Ik\u00e4\u00e4ntyneen ihmisen toimintakyvyn arviointi ja yll\u00e4pit\u00e4minen ovat keskeisi\u00e4 ik\u00e4\u00e4ntymispolitiikan tavoitteita. Tavoitteiden saavuttaminen voi kuitenkin olla hankalaa, jos k\u00e4sitykset toimintakyvyst\u00e4 ja kuntoutuksesta eroavat eri toimijoiden v\u00e4lill\u00e4.&hellip;<\/p><\/div><div class=\"vcex-blog-entry-readmore-wrap entry-readmore-wrap clr\"><a href=\"https:\/\/www.gerec.fi\/en\/vaitos-27-8-2021-vilhelmiina-lehto-niskala-ikaantyneen-oma-nakokulma-seka-laheisten-ja-pitkaaikaishoidon-hoitajien-kasitykset-tarkeita-toimintakykya-maariteltaessa\/\" class=\"theme-button\">Lue lis\u00e4\u00e4<\/a><\/div><\/div><\/div><\/div><div class=\"vcex-blog-entry entry-has-details span_1_of_3 col-2 col post-8143 entry type-post has-media cat-131 post_tag-430 post_tag-429 post_tag-146 post_tag-162 post_tag-161 post_tag-262 post_tag-154 post_tag-138 post_tag-427 post_tag-428 post_tag-426 post_tag-157 post_tag-153\"><div class=\"vcex-blog-entry-inner entry-inner wpex-clr\"><div class=\"vcex-blog-entry-media entry-media\"><a href=\"https:\/\/www.gerec.fi\/en\/doctoral-dissertation-18-6-2021-adaptive-responses-of-aging-bone-to-physical-exercise-masters-athletes-and-patients-with-hip-fracture-as-a-research-model\/\" title=\"Doctoral dissertation 18.6.2021: Adaptive Responses of Aging Bone to Physical Exercise: Masters Athletes and Patients with Hip Fracture as a Research Model\"><img loading=\"lazy\" decoding=\"async\" width=\"400\" height=\"266\" src=\"https:\/\/www.gerec.fi\/wp-content\/uploads\/2021\/06\/e5a034ab-4c64-2f4e-3c7e-aa09409d68e3.jpeg\" class=\"vcex-blog-entry-img\" alt=\"Tuuli Suominen\" srcset=\"https:\/\/www.gerec.fi\/wp-content\/uploads\/2021\/06\/e5a034ab-4c64-2f4e-3c7e-aa09409d68e3.jpeg 400w, https:\/\/www.gerec.fi\/wp-content\/uploads\/2021\/06\/e5a034ab-4c64-2f4e-3c7e-aa09409d68e3-300x200.jpeg 300w\" sizes=\"auto, (max-width: 400px) 100vw, 400px\" \/><\/a><\/div><div class=\"vcex-blog-entry-details entry-details wpex-clr\"><h2 class=\"vcex-blog-entry-title entry-title\"><a href=\"https:\/\/www.gerec.fi\/en\/doctoral-dissertation-18-6-2021-adaptive-responses-of-aging-bone-to-physical-exercise-masters-athletes-and-patients-with-hip-fracture-as-a-research-model\/\">Doctoral dissertation 18.6.2021: Adaptive Responses of Aging Bone to Physical Exercise: Masters Athletes and Patients with Hip Fracture as a Research Model<\/a><\/h2><div class=\"vcex-blog-entry-excerpt entry-excerpt entry clr\"><p>M.Sc. Tuuli Suominen defends her doctoral dissertation in Gerontology and Public Health \"Adaptive Responses of Aging Bone to Physical Exercise: Masters Athletes and Patients with&hellip;<\/p><\/div><div class=\"vcex-blog-entry-readmore-wrap entry-readmore-wrap clr\"><a href=\"https:\/\/www.gerec.fi\/en\/doctoral-dissertation-18-6-2021-adaptive-responses-of-aging-bone-to-physical-exercise-masters-athletes-and-patients-with-hip-fracture-as-a-research-model\/\" class=\"theme-button\">Lue lis\u00e4\u00e4<\/a><\/div><\/div><\/div><\/div><div class=\"vcex-blog-entry entry-has-details span_1_of_3 col-3 col post-8132 entry type-post has-media cat-131 post_tag-419 post_tag-284 post_tag-422 post_tag-423 post_tag-421 post_tag-420 post_tag-275 post_tag-153\"><div class=\"vcex-blog-entry-inner entry-inner wpex-clr\"><div class=\"vcex-blog-entry-media entry-media\"><a href=\"https:\/\/www.gerec.fi\/en\/doctoral-dissertation-11-6-2021-features-of-physical-environment-walking-difficulty-and-physical-activity-in-old-age\/\" title=\"Doctoral dissertation 11.6.2021: Features of Physical Environment, Walking Difficulty, and Physical Activity in Old Age\"><img loading=\"lazy\" decoding=\"async\" width=\"400\" height=\"266\" src=\"https:\/\/www.gerec.fi\/wp-content\/uploads\/2021\/06\/fb6922dd-1e4b-e47e-ca21-c383638e586e.jpeg\" class=\"vcex-blog-entry-img\" alt=\"\" srcset=\"https:\/\/www.gerec.fi\/wp-content\/uploads\/2021\/06\/fb6922dd-1e4b-e47e-ca21-c383638e586e.jpeg 400w, https:\/\/www.gerec.fi\/wp-content\/uploads\/2021\/06\/fb6922dd-1e4b-e47e-ca21-c383638e586e-300x200.jpeg 300w\" sizes=\"auto, (max-width: 400px) 100vw, 400px\" \/><\/a><\/div><div class=\"vcex-blog-entry-details entry-details wpex-clr\"><h2 class=\"vcex-blog-entry-title entry-title\"><a href=\"https:\/\/www.gerec.fi\/en\/doctoral-dissertation-11-6-2021-features-of-physical-environment-walking-difficulty-and-physical-activity-in-old-age\/\">Doctoral dissertation 11.6.2021: Features of Physical Environment, Walking Difficulty, and Physical Activity in Old Age<\/a><\/h2><div class=\"vcex-blog-entry-excerpt entry-excerpt entry clr\"><p>M.Sc. (Tech) Kirsi Keskinen defends her doctoral dissertation in Gerontology and Public Health \"Features of Physical Environment, Walking Difficulty, and Physical Activity in Old Age\"&hellip;<\/p><\/div><div class=\"vcex-blog-entry-readmore-wrap entry-readmore-wrap clr\"><a href=\"https:\/\/www.gerec.fi\/en\/doctoral-dissertation-11-6-2021-features-of-physical-environment-walking-difficulty-and-physical-activity-in-old-age\/\" class=\"theme-button\">Lue lis\u00e4\u00e4<\/a><\/div><\/div><\/div><\/div><div class=\"vcex-blog-entry entry-has-details span_1_of_3 col-1 col post-8015 entry type-post no-media cat-131\"><div class=\"vcex-blog-entry-inner entry-inner wpex-clr\"><div class=\"vcex-blog-entry-details entry-details wpex-clr\"><h2 class=\"vcex-blog-entry-title entry-title\"><a href=\"https:\/\/www.gerec.fi\/en\/gerec-seminar-on-advancing-your-career-may-28-2021\/\">GEREC Seminar on Advancing Your Career\/\/ May 28, 2021<\/a><\/h2><div class=\"vcex-blog-entry-excerpt entry-excerpt entry clr\"><p>GEREC Seminar on Advancing Your Career is held with GEREC\u2019s Scientific Advisory Board on Friday, May 28, 2021, at 10 a.m. to max. 3 p.m.&hellip;<\/p><\/div><div class=\"vcex-blog-entry-readmore-wrap entry-readmore-wrap clr\"><a href=\"https:\/\/www.gerec.fi\/en\/gerec-seminar-on-advancing-your-career-may-28-2021\/\" class=\"theme-button\">Lue lis\u00e4\u00e4<\/a><\/div><\/div><\/div><\/div><div class=\"vcex-blog-entry entry-has-details span_1_of_3 col-2 col post-7992 entry type-post no-media cat-131\"><div class=\"vcex-blog-entry-inner entry-inner wpex-clr\"><div class=\"vcex-blog-entry-details entry-details wpex-clr\"><h2 class=\"vcex-blog-entry-title entry-title\"><a href=\"https:\/\/www.gerec.fi\/en\/doctoral-defence-26-3-2021-geriatric-assessment-in-clinical-practice-current-situation-and-challenges-in-implementation-hanna-kerminen\/\">Doctoral defence 26.3.2021: Geriatric Assessment in Clinical Practice : Current Situation and Challenges in Implementation, Hanna Kerminen<\/a><\/h2><div class=\"vcex-blog-entry-excerpt entry-excerpt entry clr\"><p>Comprehensive geriatric assessment (CGA) is a central part of geriatric medicine. However, the concept of CGA is not well established, and the use of the&hellip;<\/p><\/div><div class=\"vcex-blog-entry-readmore-wrap entry-readmore-wrap clr\"><a href=\"https:\/\/www.gerec.fi\/en\/doctoral-defence-26-3-2021-geriatric-assessment-in-clinical-practice-current-situation-and-challenges-in-implementation-hanna-kerminen\/\" class=\"theme-button\">Lue lis\u00e4\u00e4<\/a><\/div><\/div><\/div><\/div><div class=\"vcex-blog-entry entry-has-details span_1_of_3 col-3 col post-7982 entry type-post no-media cat-131\"><div class=\"vcex-blog-entry-inner entry-inner wpex-clr\"><div class=\"vcex-blog-entry-details entry-details wpex-clr\"><h2 class=\"vcex-blog-entry-title entry-title\"><a href=\"https:\/\/www.gerec.fi\/en\/syntyvyyden-toipuminen-ja-piteneva-elinika-linjauksia-2020-luvun-vaestopolitiikalle-selvityksen-julkistus-keskiviikkona-10-3-klo-9-11\/\">Syntyvyyden toipuminen ja pitenev\u00e4 elinik\u00e4, linjauksia 2020-luvun v\u00e4est\u00f6politiikalle -selvityksen julkistus keskiviikkona 10.3. klo 9-11<\/a><\/h2><div class=\"vcex-blog-entry-excerpt entry-excerpt entry clr\"><p>Milt\u00e4 n\u00e4ytt\u00e4\u00e4 2020-luvun v\u00e4est\u00f6politiikka? V\u00e4heneek\u00f6 v\u00e4est\u00f6, toipuuko syntyvyys? Miten v\u00e4est\u00f6mme kehittyi 2000-luvulla, ent\u00e4 toiko pandemia my\u00f6s uusia mahdollisuuksia? Syntyvyyden toipuminen ja pitenev\u00e4 elinik\u00e4, linjauksia 2020-luvun&hellip;<\/p><\/div><div class=\"vcex-blog-entry-readmore-wrap entry-readmore-wrap clr\"><a href=\"https:\/\/www.gerec.fi\/en\/syntyvyyden-toipuminen-ja-piteneva-elinika-linjauksia-2020-luvun-vaestopolitiikalle-selvityksen-julkistus-keskiviikkona-10-3-klo-9-11\/\" class=\"theme-button\">Lue lis\u00e4\u00e4<\/a><\/div><\/div><\/div><\/div><div class=\"vcex-blog-entry entry-has-details span_1_of_3 col-1 col post-7968 entry type-post no-media cat-131 post_tag-184 post_tag-386 post_tag-388 post_tag-387\"><div class=\"vcex-blog-entry-inner entry-inner wpex-clr\"><div class=\"vcex-blog-entry-details entry-details wpex-clr\"><h2 class=\"vcex-blog-entry-title entry-title\"><a href=\"https:\/\/www.gerec.fi\/en\/share-tutkimuksen-tuloksia-vaestoliiton-webinaarissa-11-3-2021-klo-14-15-30\/\">SHARE-tutkimuksen tuloksia V\u00e4est\u00f6liiton webinaarissa 11.3.2021 klo 14-15.30<\/a><\/h2><div class=\"vcex-blog-entry-excerpt entry-excerpt entry clr\"><p>SHARE (Survey of Health, Ageing and Retirement) on laaja eurooppalainen ik\u00e4\u00e4ntymistutkimus, jonka tarkoituksena on selvitt\u00e4\u00e4 laajasti mm. ik\u00e4\u00e4ntyv\u00e4n v\u00e4est\u00f6n terveytt\u00e4, toimintakyky\u00e4, ihmissuhteita ja asemaa yhteiskunnassa.&hellip;<\/p><\/div><div class=\"vcex-blog-entry-readmore-wrap entry-readmore-wrap clr\"><a href=\"https:\/\/www.gerec.fi\/en\/share-tutkimuksen-tuloksia-vaestoliiton-webinaarissa-11-3-2021-klo-14-15-30\/\" class=\"theme-button\">Lue lis\u00e4\u00e4<\/a><\/div><\/div><\/div><\/div><div class=\"vcex-blog-entry entry-has-details span_1_of_3 col-2 col post-7937 entry type-post no-media cat-131\"><div class=\"vcex-blog-entry-inner entry-inner wpex-clr\"><div class=\"vcex-blog-entry-details entry-details wpex-clr\"><h2 class=\"vcex-blog-entry-title entry-title\"><a href=\"https:\/\/www.gerec.fi\/en\/tampere-geroseminaarit-kevatlukukausi-2021-geroseminars-spring-term-2021\/\">TAMPERE: GEROSEMINAARIT KEV\u00c4TLUKUKAUSI 2021\/ GEROSEMINARS SPRING TERM 2021.<\/a><\/h2><div class=\"vcex-blog-entry-excerpt entry-excerpt entry clr\"><p>TAMPERE: GEROSEMINAARIT - KEV\u00c4TLUKUKAUSI 2021 \/ GEROSEMINARS - SPRING TERM 2021 &nbsp; Kev\u00e4tlukukauden 2021 geroseminaarit j\u00e4rjestet\u00e4\u00e4n Teamsin v\u00e4lityksell\u00e4 klo 14.15 alkaen seuraavina tiistaip\u00e4ivin\u00e4. Geroseminaarit ovat&hellip;<\/p><\/div><div class=\"vcex-blog-entry-readmore-wrap entry-readmore-wrap clr\"><a href=\"https:\/\/www.gerec.fi\/en\/tampere-geroseminaarit-kevatlukukausi-2021-geroseminars-spring-term-2021\/\" class=\"theme-button\">Lue lis\u00e4\u00e4<\/a><\/div><\/div><\/div><\/div><div class=\"vcex-blog-entry entry-has-details span_1_of_3 col-3 col post-7783 entry type-post no-media cat-131 post_tag-134 post_tag-366 post_tag-365 post_tag-217\"><div class=\"vcex-blog-entry-inner entry-inner wpex-clr\"><div class=\"vcex-blog-entry-details entry-details wpex-clr\"><h2 class=\"vcex-blog-entry-title entry-title\"><a href=\"https:\/\/www.gerec.fi\/en\/virtuaalinen-tutkijoiden-yo-pe-27-11-2020\/\">Virtuaalinen Tutkijoiden y\u00f6 pe 27.11.2020<\/a><\/h2><div class=\"vcex-blog-entry-excerpt entry-excerpt entry clr\"><p>Tutkijoiden y\u00f6 j\u00e4rjestet\u00e4\u00e4n t\u00e4n\u00e4 vuonna virtuaalisena. Mukana on my\u00f6s gerontologian alan esityksi\u00e4 Jyv\u00e4skyl\u00e4n yliopiston liikuntatieteellisen tiedekunnan ohjelmassa, joka esitet\u00e4\u00e4n livestriimauksena pe 27.11. klo 17-20. P\u00e4\u00e4set&hellip;<\/p><\/div><div class=\"vcex-blog-entry-readmore-wrap entry-readmore-wrap clr\"><a href=\"https:\/\/www.gerec.fi\/en\/virtuaalinen-tutkijoiden-yo-pe-27-11-2020\/\" class=\"theme-button\">Lue lis\u00e4\u00e4<\/a><\/div><\/div><\/div><\/div><div class=\"vcex-blog-entry entry-has-details span_1_of_3 col-1 col post-7693 entry type-post no-media cat-131\"><div class=\"vcex-blog-entry-inner entry-inner wpex-clr\"><div class=\"vcex-blog-entry-details entry-details wpex-clr\"><h2 class=\"vcex-blog-entry-title entry-title\"><a href=\"https:\/\/www.gerec.fi\/en\/gerec-autumn-school-29th-30th-october-2020-webinar\/\">GEREC Autumn School 29th-30th October 2020 webinar<\/a><\/h2><div class=\"vcex-blog-entry-excerpt entry-excerpt entry clr\"><p>Autumn School of Gerontology will be organised this year as a webinar. Theme of the Autumn School is COVID-19 and language is mainly English. You&hellip;<\/p><\/div><div class=\"vcex-blog-entry-readmore-wrap entry-readmore-wrap clr\"><a href=\"https:\/\/www.gerec.fi\/en\/gerec-autumn-school-29th-30th-october-2020-webinar\/\" class=\"theme-button\">Lue lis\u00e4\u00e4<\/a><\/div><\/div><\/div><\/div><div class=\"vcex-blog-entry entry-has-details span_1_of_3 col-2 col post-7245 entry type-post has-media cat-131 post_tag-261\"><div class=\"vcex-blog-entry-inner entry-inner wpex-clr\"><div class=\"vcex-blog-entry-media entry-media\"><a href=\"https:\/\/www.gerec.fi\/en\/gerontologia-2020-kongressi-jyvaskylassa-25-27-3\/\" title=\"Gerontologia 2020 -kongressi peruuntuu\"><img loading=\"lazy\" decoding=\"async\" width=\"957\" height=\"718\" src=\"https:\/\/www.gerec.fi\/wp-content\/uploads\/2020\/03\/Gerontologia2020_some_uusi_1.jpg\" class=\"vcex-blog-entry-img\" alt=\"\" srcset=\"https:\/\/www.gerec.fi\/wp-content\/uploads\/2020\/03\/Gerontologia2020_some_uusi_1.jpg 957w, https:\/\/www.gerec.fi\/wp-content\/uploads\/2020\/03\/Gerontologia2020_some_uusi_1-300x225.jpg 300w, https:\/\/www.gerec.fi\/wp-content\/uploads\/2020\/03\/Gerontologia2020_some_uusi_1-768x576.jpg 768w\" sizes=\"auto, (max-width: 957px) 100vw, 957px\" \/><\/a><\/div><div class=\"vcex-blog-entry-details entry-details wpex-clr\"><h2 class=\"vcex-blog-entry-title entry-title\"><a href=\"https:\/\/www.gerec.fi\/en\/gerontologia-2020-kongressi-jyvaskylassa-25-27-3\/\">Gerontologia 2020 -kongressi peruuntuu<\/a><\/h2><div class=\"vcex-blog-entry-excerpt entry-excerpt entry clr\"><p>Gerontologia 2020 -kongressi on p\u00e4\u00e4tetty peruuttaa vaikeasti ennakoitavan koronavirustilanteen vuoksi.\u00a0 Kongressi oli tarkoitus j\u00e4rjest\u00e4\u00e4 30.11.-2.12.2020 Jyv\u00e4skyl\u00e4ss\u00e4 Paviljongissa, mihin ajankohtaan se oli siirretty maaliskuusta 2020.\u00a0\u00a0\u00a0\u00a0 \u00a0\u00a0&hellip;<\/p><\/div><div class=\"vcex-blog-entry-readmore-wrap entry-readmore-wrap clr\"><a href=\"https:\/\/www.gerec.fi\/en\/gerontologia-2020-kongressi-jyvaskylassa-25-27-3\/\" class=\"theme-button\">Lue lis\u00e4\u00e4<\/a><\/div><\/div><\/div><\/div><div class=\"vcex-blog-entry entry-has-details span_1_of_3 col-3 col post-7237 entry type-post no-media cat-131\"><div class=\"vcex-blog-entry-inner entry-inner wpex-clr\"><div class=\"vcex-blog-entry-details entry-details wpex-clr\"><h2 class=\"vcex-blog-entry-title entry-title\"><a href=\"https:\/\/www.gerec.fi\/en\/aktiivisena-vanheneminen-ja-hoiva-2040-profilointialueen-seminaari-30-1-2020\/\">Aktiivisena vanheneminen ja hoiva 2040 -profilointialueen seminaari 30.1.2020<\/a><\/h2><div class=\"vcex-blog-entry-excerpt entry-excerpt entry clr\"><p>Jyv\u00e4skyl\u00e4n yliopiston Aktiivisena vanheneminen ja hoiva 2040 -profilointialueen seminaari j\u00e4rjestet\u00e4\u00e4n 30.1.2020 klo 12-16. Aika: 30.1.2020 12:00 \u2014 16:00 Paikka: Jyv\u00e4skyl\u00e4n yliopisto, Ruusupuisto, Helena (RUU D104)&hellip;<\/p><\/div><div class=\"vcex-blog-entry-readmore-wrap entry-readmore-wrap clr\"><a href=\"https:\/\/www.gerec.fi\/en\/aktiivisena-vanheneminen-ja-hoiva-2040-profilointialueen-seminaari-30-1-2020\/\" class=\"theme-button\">Lue lis\u00e4\u00e4<\/a><\/div><\/div><\/div><\/div><div class=\"vcex-blog-entry entry-has-details span_1_of_3 col-1 col post-7225 entry type-post no-media cat-131\"><div class=\"vcex-blog-entry-inner entry-inner wpex-clr\"><div class=\"vcex-blog-entry-details entry-details wpex-clr\"><h2 class=\"vcex-blog-entry-title entry-title\"><a href=\"https:\/\/www.gerec.fi\/en\/agnes-tutkimuksen-palautetilaisuus-pe-24-1-2020-klo-10-15-11-45\/\">AGNES-tutkimuksen palautetilaisuus pe 24.1.2020 klo 10.15-11.45<\/a><\/h2><div class=\"vcex-blog-entry-excerpt entry-excerpt entry clr\"><p>AGNES-tutkimuksen (Aktiivisuuden, terveyden ja toimintakyvyn yhteys hyvinvointiin vanhuudessa) palautetilaisuus j\u00e4rjestet\u00e4\u00e4n perjantaina 24.1.2020 klo 10.15-11.45 Jyv\u00e4skyl\u00e4n yliopiston p\u00e4\u00e4rakennuksen juhlasalissa. Tilaisuuteen on kutsuttu kaikki tutkimuksen osallistujat ja&hellip;<\/p><\/div><div class=\"vcex-blog-entry-readmore-wrap entry-readmore-wrap clr\"><a href=\"https:\/\/www.gerec.fi\/en\/agnes-tutkimuksen-palautetilaisuus-pe-24-1-2020-klo-10-15-11-45\/\" class=\"theme-button\">Lue lis\u00e4\u00e4<\/a><\/div><\/div><\/div><\/div><div class=\"vcex-blog-entry entry-has-details span_1_of_3 col-2 col post-7125 entry type-post no-media cat-131\"><div class=\"vcex-blog-entry-inner entry-inner wpex-clr\"><div class=\"vcex-blog-entry-details entry-details wpex-clr\"><h2 class=\"vcex-blog-entry-title entry-title\"><a href=\"https:\/\/www.gerec.fi\/en\/euroopan-sosiologijarjeston-ikaantymistutkimuksen-verkoston-konferenssi-jyvaskylassa-26-28-8-2020\/\">Euroopan sosiologij\u00e4rjest\u00f6n ik\u00e4\u00e4ntymistutkimuksen verkoston konferenssi Jyv\u00e4skyl\u00e4ss\u00e4 26-28.8.2020<\/a><\/h2><div class=\"vcex-blog-entry-excerpt entry-excerpt entry clr\"><p>Euroopan Sosiologij\u00e4rjest\u00f6n (ESA) tutkijaverkosto Ageing in Europe j\u00e4rjest\u00e4\u00e4 26-28.8.2020 konferenssin ik\u00e4\u00e4ntymisen tutkimuksesta otsikolla 'Ageing in context: Places, spaces and cultures of ageing'. Konferenssi j\u00e4rjestet\u00e4\u00e4n yhteisty\u00f6ss\u00e4&hellip;<\/p><\/div><div class=\"vcex-blog-entry-readmore-wrap entry-readmore-wrap clr\"><a href=\"https:\/\/www.gerec.fi\/en\/euroopan-sosiologijarjeston-ikaantymistutkimuksen-verkoston-konferenssi-jyvaskylassa-26-28-8-2020\/\" class=\"theme-button\">Lue lis\u00e4\u00e4<\/a><\/div><\/div><\/div><\/div><div class=\"vcex-blog-entry entry-has-details span_1_of_3 col-3 col post-7078 entry type-post no-media cat-131\"><div class=\"vcex-blog-entry-inner entry-inner wpex-clr\"><div class=\"vcex-blog-entry-details entry-details wpex-clr\"><h2 class=\"vcex-blog-entry-title entry-title\"><a href=\"https:\/\/www.gerec.fi\/en\/vanheta-on-pakko-mutta-pitaako-sita-pelata-keskustelutilaisuus-ikaantymisesta-yksilon-ja-yhteiskunnan-nakokulmasta-tampereella-11-marraskuuta\/\">Vanheta on pakko, mutta pit\u00e4\u00e4k\u00f6 sit\u00e4 pel\u00e4t\u00e4? Keskustelutilaisuus ik\u00e4\u00e4ntymisest\u00e4 yksil\u00f6n ja yhteiskunnan n\u00e4k\u00f6kulmasta Tampereella 11.11.<\/a><\/h2><div class=\"vcex-blog-entry-excerpt entry-excerpt entry clr\"><p>Pitk\u00e4ik\u00e4isyys on pitk\u00e4\u00e4n ollut yhteiskunnallinen tavoite ja arvostettu asia.\u00a0 Viime aikoina tavoitteesta on alettu puhua taakkana, kun vanhojen ihmisten osuus v\u00e4est\u00f6ist\u00e4 l\u00e4nsimaissa ja Suomessa on&hellip;<\/p><\/div><div class=\"vcex-blog-entry-readmore-wrap entry-readmore-wrap clr\"><a href=\"https:\/\/www.gerec.fi\/en\/vanheta-on-pakko-mutta-pitaako-sita-pelata-keskustelutilaisuus-ikaantymisesta-yksilon-ja-yhteiskunnan-nakokulmasta-tampereella-11-marraskuuta\/\" class=\"theme-button\">Lue lis\u00e4\u00e4<\/a><\/div><\/div><\/div><\/div><div class=\"vcex-blog-entry entry-has-details span_1_of_3 col-1 col post-7038 entry type-post no-media cat-131 post_tag-217\"><div class=\"vcex-blog-entry-inner entry-inner wpex-clr\"><div class=\"vcex-blog-entry-details entry-details wpex-clr\"><h2 class=\"vcex-blog-entry-title entry-title\"><a href=\"https:\/\/www.gerec.fi\/en\/gerecin-ohjelma-tampereen-yliopiston-tutkijoiden-yossa-27-9-2019\/\">GERECin ohjelma Tampereen yliopiston Tutkijoiden y\u00f6ss\u00e4 27.9.2019<\/a><\/h2><div class=\"vcex-blog-entry-excerpt entry-excerpt entry clr\"><p>Tampereen GEREC on mukana Tampereen yliopiston Tutkijoiden y\u00f6ss\u00e4 27.9. Terveys- ja hyvinvointisarjan tiedeluennoilla puhutaan vanhenemisesta, kun lavalle astuvat GERECin v\u00e4it\u00f6skirjatutkijat Federica Previtali ja Katri Keskinen&hellip;<\/p><\/div><div class=\"vcex-blog-entry-readmore-wrap entry-readmore-wrap clr\"><a href=\"https:\/\/www.gerec.fi\/en\/gerecin-ohjelma-tampereen-yliopiston-tutkijoiden-yossa-27-9-2019\/\" class=\"theme-button\">Lue lis\u00e4\u00e4<\/a><\/div><\/div><\/div><\/div><div class=\"vcex-blog-entry entry-has-details span_1_of_3 col-2 col post-7005 entry type-post no-media cat-131 post_tag-217\"><div class=\"vcex-blog-entry-inner entry-inner wpex-clr\"><div class=\"vcex-blog-entry-details entry-details wpex-clr\"><h2 class=\"vcex-blog-entry-title entry-title\"><a href=\"https:\/\/www.gerec.fi\/en\/tutkijoiden-yo-2019\/\">Tutkijoiden y\u00f6 saapuu j\u00e4lleen Jyv\u00e4skyl\u00e4n yliopistoon 27.9.2019<\/a><\/h2><div class=\"vcex-blog-entry-excerpt entry-excerpt entry clr\"><p>Tervetuloa tieteen ja tutkimuksen maailmaan! Jyv\u00e4skyl\u00e4n GEREC on mukana Tutkijoiden y\u00f6ss\u00e4 osana Liikuntatieteellisen tiedekunnan monipuolista ohjelmaa. GERECin tiedepisteiss\u00e4 valotetaan sit\u00e4, kuinka pit\u00e4\u00e4 yll\u00e4 hyv\u00e4\u00e4 mielt\u00e4&hellip;<\/p><\/div><div class=\"vcex-blog-entry-readmore-wrap entry-readmore-wrap clr\"><a href=\"https:\/\/www.gerec.fi\/en\/tutkijoiden-yo-2019\/\" class=\"theme-button\">Lue lis\u00e4\u00e4<\/a><\/div><\/div><\/div><\/div><div class=\"vcex-blog-entry entry-has-details span_1_of_3 col-3 col post-6925 entry type-post no-media cat-131\"><div class=\"vcex-blog-entry-inner entry-inner wpex-clr\"><div class=\"vcex-blog-entry-details entry-details wpex-clr\"><h2 class=\"vcex-blog-entry-title entry-title\"><a href=\"https:\/\/www.gerec.fi\/en\/gerecin-kesakoulu-22-23-8-2019-virroilla\/\">GERECin kes\u00e4koulu 22.\u201323.8.2019 Virroilla<\/a><\/h2><div class=\"vcex-blog-entry-excerpt entry-excerpt entry clr\"><p>GERECin kes\u00e4koulu j\u00e4rjestet\u00e4\u00e4n\u00a0t\u00e4n\u00e4 vuonna Virroilla, Marttisen\u00a0Nuorisokeskuksessa. Teemana on Gerontologian suuret totuudet, ja ohjelmassa niiden selvitt\u00e4misen lis\u00e4ksi ulkoilua, saunomista, sy\u00f6mist\u00e4 ja seurustelua. Katso t\u00e4st\u00e4 ohjelma! Ilmoittaudu&hellip;<\/p><\/div><div class=\"vcex-blog-entry-readmore-wrap entry-readmore-wrap clr\"><a href=\"https:\/\/www.gerec.fi\/en\/gerecin-kesakoulu-22-23-8-2019-virroilla\/\" class=\"theme-button\">Lue lis\u00e4\u00e4<\/a><\/div><\/div><\/div><\/div><div class=\"vcex-blog-entry entry-has-details span_1_of_3 col-1 col post-6905 entry type-post no-media cat-131\"><div class=\"vcex-blog-entry-inner entry-inner wpex-clr\"><div class=\"vcex-blog-entry-details entry-details wpex-clr\"><h2 class=\"vcex-blog-entry-title entry-title\"><a href=\"https:\/\/www.gerec.fi\/en\/large-amount-of-gerec-researchers-is-heading-to-the-iagg-er-2019-congress-to-gothenburg\/\">Large amount of GEREC-researchers is heading to the IAGG-ER 2019 congress to Gothenburg<\/a><\/h2><div class=\"vcex-blog-entry-excerpt entry-excerpt entry clr\"><p>9th European Congress of the International Association of Gerontology and Geriatrics, European Region, is held this week 23rd \u2013 25th May in Gothenburg. 27 researchers&hellip;<\/p><\/div><div class=\"vcex-blog-entry-readmore-wrap entry-readmore-wrap clr\"><a href=\"https:\/\/www.gerec.fi\/en\/large-amount-of-gerec-researchers-is-heading-to-the-iagg-er-2019-congress-to-gothenburg\/\" class=\"theme-button\">Lue lis\u00e4\u00e4<\/a><\/div><\/div><\/div><\/div><div class=\"vcex-blog-entry entry-has-details span_1_of_3 col-2 col post-6780 entry type-post no-media cat-131\"><div class=\"vcex-blog-entry-inner entry-inner wpex-clr\"><div class=\"vcex-blog-entry-details entry-details wpex-clr\"><h2 class=\"vcex-blog-entry-title entry-title\"><a href=\"https:\/\/www.gerec.fi\/en\/t\/\">Symposium on ageing research at Tampere University 2019<\/a><\/h2><div class=\"vcex-blog-entry-excerpt entry-excerpt entry clr\"><p>TAU-AGE Symposium - Towards better ageing through science and innovations! Longevity is the greatest achievement of the humankind, and, currently, also a global challenge. Tampere&hellip;<\/p><\/div><div class=\"vcex-blog-entry-readmore-wrap entry-readmore-wrap clr\"><a href=\"https:\/\/www.gerec.fi\/en\/t\/\" class=\"theme-button\">Lue lis\u00e4\u00e4<\/a><\/div><\/div><\/div><\/div><div class=\"vcex-blog-entry entry-has-details span_1_of_3 col-3 col post-6666 entry type-post no-media cat-131\"><div class=\"vcex-blog-entry-inner entry-inner wpex-clr\"><div class=\"vcex-blog-entry-details entry-details wpex-clr\"><h2 class=\"vcex-blog-entry-title entry-title\"><a href=\"https:\/\/www.gerec.fi\/en\/vaalikeskustelu-vanhuuspolitiikasta-ja-palveluista-tampereella\/\">Vaalikeskustelu vanhuuspolitiikasta ja palveluista Tampereella<\/a><\/h2><div class=\"vcex-blog-entry-excerpt entry-excerpt entry clr\"><p>Mit\u00e4 eduskunta voi tehd\u00e4 hyv\u00e4n vanhuuden turvaamiseksi? Gerontologian tutkimuskeskus ja\u00a0Tampereen Naisyhdistys\u00a0j\u00e4rjest\u00e4v\u00e4t vaalikeskustelun vanhuuspolitiikasta ja palveluista Tampereella 4.4.2019. Tentattavana ovat pirkanmaalaiset eduskuntavaaliehdokkaat Hanna Holma (kesk.), Leena&hellip;<\/p><\/div><div class=\"vcex-blog-entry-readmore-wrap entry-readmore-wrap clr\"><a href=\"https:\/\/www.gerec.fi\/en\/vaalikeskustelu-vanhuuspolitiikasta-ja-palveluista-tampereella\/\" class=\"theme-button\">Lue lis\u00e4\u00e4<\/a><\/div><\/div><\/div><\/div><div class=\"vcex-blog-entry entry-has-details span_1_of_3 col-1 col post-6039 entry type-post no-media cat-131\"><div class=\"vcex-blog-entry-inner entry-inner wpex-clr\"><div class=\"vcex-blog-entry-details entry-details wpex-clr\"><h2 class=\"vcex-blog-entry-title entry-title\"><a href=\"https:\/\/www.gerec.fi\/en\/ikaantyminen-tampereella-tuloksia-t60-ja-tervaskannot-90-tutkimuksista-2\/\">Ik\u00e4\u00e4ntyminen Tampereella: tuloksia T60- ja Tervaskannot 90+ -tutkimuksista<\/a><\/h2><div class=\"vcex-blog-entry-excerpt entry-excerpt entry clr\"><p>Tervetuloa kuuntelemaan ja keskustelemaan tamperelaisten ik\u00e4\u00e4ntymisest\u00e4 Kulttuuritalo Laikun Musiikkisaliin! Tampereen yliopiston ja Gerontologian tutkimuskeskus GERECin ik\u00e4\u00e4ntymisen ja vanhuuden tutkijat kertovat perjantaina 9.11. klo 12 T60-&hellip;<\/p><\/div><div class=\"vcex-blog-entry-readmore-wrap entry-readmore-wrap clr\"><a href=\"https:\/\/www.gerec.fi\/en\/ikaantyminen-tampereella-tuloksia-t60-ja-tervaskannot-90-tutkimuksista-2\/\" class=\"theme-button\">Lue lis\u00e4\u00e4<\/a><\/div><\/div><\/div><\/div><div class=\"vcex-blog-entry entry-has-details span_1_of_3 col-2 col post-6037 entry type-post no-media cat-131\"><div class=\"vcex-blog-entry-inner entry-inner wpex-clr\"><div class=\"vcex-blog-entry-details entry-details wpex-clr\"><h2 class=\"vcex-blog-entry-title entry-title\"><a href=\"https:\/\/www.gerec.fi\/en\/mita-on-ikaantyvan-ihmisen-hyvinvointi-keskustelutilaisuus-uudesta-tutkimuksesta-2\/\">Mit\u00e4 on ik\u00e4\u00e4ntyv\u00e4n ihmisen hyvinvointi? Keskustelutilaisuus uudesta tutkimuksesta<\/a><\/h2><div class=\"vcex-blog-entry-excerpt entry-excerpt entry clr\"><p>Tervetuloa keskustelemaan hyvinvoinnista! Milloin 20.11.2018 alkaa 13.00 loppuu 15.00 Miss\u00e4 Kulttuuritalo Laikku, Keskustori 4, 33100 Tampere Yhteyshenkil\u00f6n nimi Katariina Tuominen Yhteyshenkil\u00f6n puhelinnumero 050 437 7524&hellip;<\/p><\/div><div class=\"vcex-blog-entry-readmore-wrap entry-readmore-wrap clr\"><a href=\"https:\/\/www.gerec.fi\/en\/mita-on-ikaantyvan-ihmisen-hyvinvointi-keskustelutilaisuus-uudesta-tutkimuksesta-2\/\" class=\"theme-button\">Lue lis\u00e4\u00e4<\/a><\/div><\/div><\/div><\/div><div class=\"vcex-blog-entry entry-has-details span_1_of_3 col-3 col post-6035 entry type-post no-media cat-131\"><div class=\"vcex-blog-entry-inner entry-inner wpex-clr\"><div class=\"vcex-blog-entry-details entry-details wpex-clr\"><h2 class=\"vcex-blog-entry-title entry-title\"><a href=\"https:\/\/www.gerec.fi\/en\/gerecin-tutkijat-osallistuvat-talla-viikolla-aktiivisesti-alan-kansainvalisiin-ja-kansallisiin-tapahtumiin-2\/\">GERECin tutkijat osallistuvat t\u00e4ll\u00e4 viikolla aktiivisesti alan kansainv\u00e4lisiin ja kansallisiin tapahtumiin<\/a><\/h2><div class=\"vcex-blog-entry-excerpt entry-excerpt entry clr\"><p>Bostonissa 14.-18.11.2018 j\u00e4rjestett\u00e4v\u00e4\u00e4n Amerikan gerontologiayhdistyksen kongressiin osallistuu seitsem\u00e4n GERECin tutkijaa Jyv\u00e4skyl\u00e4st\u00e4 ja Tampereelta. Bostonissa esitell\u00e4\u00e4n mm. ensimm\u00e4isi\u00e4 Agnes-tutkimuksen tuloksia, tuoretta tutkimusta sosioekonomisista terveyseroista 75+ -vuotiailla&hellip;<\/p><\/div><div class=\"vcex-blog-entry-readmore-wrap entry-readmore-wrap clr\"><a href=\"https:\/\/www.gerec.fi\/en\/gerecin-tutkijat-osallistuvat-talla-viikolla-aktiivisesti-alan-kansainvalisiin-ja-kansallisiin-tapahtumiin-2\/\" class=\"theme-button\">Lue lis\u00e4\u00e4<\/a><\/div><\/div><\/div><\/div><\/div><\/div>[\/vc_column][\/vc_row]\n","protected":false,"raw":"[vc_row css=\".vc_custom_1544826145128{margin-top: 30px !important;}\"][vc_column][vcex_searchbar advanced_query=\"category=Tapahtumat\" placeholder=\"Search..\" button_text=\"Search\"][vcex_spacing][vcex_blog_grid columns=\"3\" posts_per_page=\"\" pagination=\"true\" img_size=\"full\" date=\"false\" excerpt_length=\"25\" include_categories=\"131\" orderby=\"date\" read_more_text=\"Lue lis\u00e4\u00e4\"][\/vc_column][\/vc_row]"},"excerpt":{"rendered":"Bostonissa 14.-18.11.2018 j\u00e4rjestett\u00e4v\u00e4\u00e4n Amerikan gerontologiayhdistyksen kongressiin osallistuu seitsem\u00e4n GERECin tutkijaa Jyv\u00e4skyl\u00e4st\u00e4 ja Tampereelta. Bostonissa esitell\u00e4\u00e4n mm. ensimm\u00e4isi\u00e4 Agnes-tutkimuksen tuloksia, tuoretta tutkimusta sosioekonomisista terveyseroista 75+ -vuotiailla Pohjoismaissa sek\u00e4 itse arvioidun terveyden biologisesta perustasta. Yhdeks\u00e4n GEREC-tutkijaa suuntaa Helsinkiin Liikuntal\u00e4\u00e4ketieteen p\u00e4iville 14.-15.11., ja&hellip;","protected":false,"raw":""},"author":1,"featured_media":0,"parent":5724,"menu_order":1,"comment_status":"closed","ping_status":"closed","template":"","meta":{"_mi_skip_tracking":false,"_fi_post_content":"[vc_row css=\".vc_custom_1544826145128{margin-top: 30px !important;}\"][vc_column][vcex_searchbar advanced_query=\"category=Tapahtumat\" placeholder=\"Hae tapahtumista..\" button_text=\"Hae\"][vcex_spacing][vcex_blog_grid columns=\"3\" posts_per_page=\"-1\" img_size=\"full\" date=\"false\" excerpt_length=\"25\" include_categories=\"131\" orderby=\"date\" read_more_text=\"Lue lis\u00e4\u00e4\"][\/vc_column][\/vc_row]","_fi_post_name":"tapahtumat","_fi_post_excerpt":"","_fi_post_title":"Tapahtumat","_en_post_content":"[vc_row css=\".vc_custom_1544826145128{margin-top: 30px !important;}\"][vc_column][vcex_searchbar advanced_query=\"category=Tapahtumat\" placeholder=\"Search..\" button_text=\"Search\"][vcex_spacing][vcex_blog_grid columns=\"3\" posts_per_page=\"\" pagination=\"true\" img_size=\"full\" date=\"false\" excerpt_length=\"25\" include_categories=\"131\" orderby=\"date\" read_more_text=\"Lue lis\u00e4\u00e4\"][\/vc_column][\/vc_row]","_en_post_name":"events","_en_post_excerpt":"","_en_post_title":"Events","edit_language":"en","footnotes":""},"class_list":["post-5227","page","type-page","status-publish","hentry","entry","no-media"],"_links":{"self":[{"href":"https:\/\/www.gerec.fi\/en\/wp-json\/wp\/v2\/pages\/5227","targetHints":{"allow":["GET"]}}],"collection":[{"href":"https:\/\/www.gerec.fi\/en\/wp-json\/wp\/v2\/pages"}],"about":[{"href":"https:\/\/www.gerec.fi\/en\/wp-json\/wp\/v2\/types\/page"}],"author":[{"embeddable":true,"href":"https:\/\/www.gerec.fi\/en\/wp-json\/wp\/v2\/users\/1"}],"replies":[{"embeddable":true,"href":"https:\/\/www.gerec.fi\/en\/wp-json\/wp\/v2\/comments?post=5227"}],"version-history":[{"count":8,"href":"https:\/\/www.gerec.fi\/en\/wp-json\/wp\/v2\/pages\/5227\/revisions"}],"predecessor-version":[{"id":8576,"href":"https:\/\/www.gerec.fi\/en\/wp-json\/wp\/v2\/pages\/5227\/revisions\/8576"}],"up":[{"embeddable":true,"href":"https:\/\/www.gerec.fi\/en\/wp-json\/wp\/v2\/pages\/5724"}],"wp:attachment":[{"href":"https:\/\/www.gerec.fi\/en\/wp-json\/wp\/v2\/media?parent=5227"}],"curies":[{"name":"wp","href":"https:\/\/api.w.org\/{rel}","templated":true}]}}