{"id":304,"date":"2018-12-11T20:17:07","date_gmt":"2018-12-11T20:17:07","guid":{"rendered":"https:\/\/gerec.fi\/2018\/12\/11\/tutkijaryhma-1\/"},"modified":"2024-06-19T08:42:26","modified_gmt":"2024-06-19T05:42:26","slug":"research-group","status":"publish","type":"page","link":"https:\/\/www.gerec.fi\/en\/research\/activeageing\/active-ageing-agnes-study\/research-group\/","title":{"rendered":"Research group","raw":"Research group"},"content":{"rendered":"[vc_row][vc_column][vc_column_text]There are researchers from many different fields of science in our group, among others health, sport and behavioral scientists.<\/p>\n<h2><strong>Researchers and their interests in AGNES-study<\/strong><\/h2>\n<p>&nbsp;<\/p>\n<p><strong>Principal investigators<\/strong><\/p>\n<p><strong><a href=\"https:\/\/www.jyu.fi\/fi\/henkilot\/taina-rantanen\" target=\"_blank\" rel=\"noopener\">Taina Rantanen<\/a><\/strong><strong>,<\/strong> Professor of Gerontology and Public Health<br \/>\nPromotion of functional ability and wellbeing in ageing population, active ageing, person-environment interaction, physical activity and mobility, epidemiology, randomized controlled trials, longevity<\/p>\n<p><a href=\"https:\/\/www.jyu.fi\/fi\/henkilot\/laura-karavirta\" target=\"_blank\" rel=\"noopener\"><strong>Laura Karavirta<\/strong><\/a>, Academy of Finland Research Fellow, PhD<br \/>\nPhysical activity measurement using wearable technologies, dose-response relationship of exercise and health in ageing, cardiorespiratory health and fitness, autonomic nervous system function and heart rate variability<\/p>\n<p><a href=\"https:\/\/www.jyu.fi\/fi\/henkilot\/timo-rantalainen\" target=\"_blank\" rel=\"noopener\"><strong>Timo Rantalainen, <\/strong><\/a>Academy of Finland Research Fellow<br \/>\nGait dynamics, and sedentary and physical activity behaviour quantification based on multiple day wearable sensor recordings<\/p>\n<p><strong><a href=\"https:\/\/www.jyu.fi\/fi\/henkilot\/kirsi-keskinen\" target=\"_blank\" rel=\"noopener\">Kirsi Keskinen<\/a><\/strong>, Postdoctoral Researcher<br \/>\nOutdoor mobility, environmental gerontology, spatial analyses<\/p>\n<p><strong>Research group<\/strong><\/p>\n<p><a href=\"https:\/\/www.jyu.fi\/sport\/fi\/tiedekunta\/henkilosto\/opetus-tutkimus\/eronen-johanna\" target=\"_blank\" rel=\"noopener\"><strong>Johanna Eronen<\/strong><\/a>, Senior Lecturer, Ph.D<br \/>\nHealth literacy among older persons<\/p>\n<p><strong><a href=\"https:\/\/www.jyu.fi\/fi\/henkilot\/katja-pynnonen\">Katja Pynn\u00f6nen<\/a><\/strong>, Postdoctoral Researcher, Ph.D<br \/>\nActive ageing, perceived well-being, life goals, motivation, support of autonomy, social interaction<\/p>\n<p><strong><a href=\"https:\/\/www.jyu.fi\/fi\/henkilot\/lotta-palmberg\" target=\"_blank\" rel=\"noopener\">Lotta Palmberg<\/a><\/strong>, Postdoctoral Researcher, Ph.D<br \/>\n24-hour physical activity, sedentary behavior and sleep, physical fatigability<\/p>\n<p><a href=\"https:\/\/converis.jyu.fi\/converis\/portal\/detail\/Person\/7936054?auxfun=&amp;lang=fi_FI\" target=\"_blank\" rel=\"noopener\"><strong>Antti L\u00f6pp\u00f6nen<\/strong><\/a>, Postdoctoral Researcher, Ph.D<br \/>\nThemes related to sit-to-stand (STS) transitions in a free-living environment.<\/p>\n<p><strong><a href=\"https:\/\/www.jyu.fi\/fi\/henkilot\/katja-kokko\" target=\"_blank\" rel=\"noopener\">Katja Kokko<\/a><\/strong>, Docent in Psychology (life-span psychology), Research Director<br \/>\nPsychological and emotional well-being and their links to active ageing and physical functioning<\/p>\n<p><strong><a href=\"https:\/\/www.jyu.fi\/fi\/henkilot\/anne-viljanen\" target=\"_blank\" rel=\"noopener\">Anne Viljanen<\/a><\/strong>, Senior Lecturer, Ph.D, Docent in Gerontology<br \/>\nSensory functions and active aging<\/p>\n<p><strong><a href=\"https:\/\/www.jyu.fi\/fi\/henkilot\/milla-saajanaho\" target=\"_blank\" rel=\"noopener\">Milla Saajanaho<\/a><\/strong>, Postdoctoral Researcher, Ph.D<br \/>\nActive ageing, developmental regulation, goals, mental well-being<\/p>\n<p><strong><a href=\"https:\/\/www.jyu.fi\/fi\/henkilot\/kaisa-koivunen\">Kaisa Koivunen<\/a><\/strong>, Postdoctoral Researcher, Ph.D<br \/>\nPhysical capacity, physical resilience, measurement properties (psychometrics)<\/p>\n<p><strong><a href=\"https:\/\/www.jyu.fi\/fi\/henkilot\/tiia-kekalainen\">Tiia Kek\u00e4l\u00e4inen<\/a><\/strong>, Postdoctoral Researcher, Ph.D<br \/>\nHealth behaviors, physical functioning, mental well-being, personality, motivation<\/p>\n<p><a href=\"https:\/\/www.jyu.fi\/fi\/henkilot\/timo-aittokoski\"><strong>Timo Aittokoski<\/strong><\/a>, Postdoctoral Researcher, Ph.D<\/p>\n<p><strong>Jari Laukkanen<\/strong>, Professor, University of Eastern Finland<\/p>\n<p><strong>Erja Portegijs<\/strong>, Associate Professor, University Medical Center Groningen, University of Groningen, The Netherlands<br \/>\nPersonal and environmental factors and their associations with activity and mobility of older people<\/p>\n<p><a href=\"https:\/\/dsbg.unibas.ch\/de\/personen\/timo-hinrichs\/\" target=\"_blank\" rel=\"noopener\"><strong>Timo Hinrichs<\/strong><\/a>, Senior Researcher, Doctor of Medicine, University of Basel, Switzerland<br \/>\nThe association between arterial stiffness and active ageing<\/p>\n<p><strong>Doctoral Researchers<\/strong><\/p>\n<p><strong><a href=\"https:\/\/www.jyu.fi\/fi\/henkilot\/essi-mari-tuomola\">Essi-Mari Tuomola<\/a><\/strong>, Doctoral Researcher, M.Sc. (Health Sciences)<br \/>\nMobility outside the home, activity locations and features of physical environment<\/p>\n<p><strong>Olli-Pekka Mattila<\/strong>, Doctoral Researcher<br \/>\nGait analysis based on laboratory-based gait assessments utilising wearable sensors.<\/p>\n<p><a href=\"https:\/\/www.jyu.fi\/fi\/henkilot\/katja-lindeman\" target=\"_blank\" rel=\"noopener\"><strong>Katja Lindeman<\/strong><\/a>, Doctoral Researcher, M.Sc. (Health Sciences)<br \/>\nThemes related to physical activity and mobility during the COVID-19 pandemic<\/p>\n<p><a href=\"https:\/\/www.jyu.fi\/fi\/henkilot\/joona-neuvonen\"><strong>Joona Neuvonen<\/strong><\/a>, Doctoral Researcher, M.Sc. (Sports Sciences)<\/p>\n<p><strong>Other research group<\/strong><\/p>\n<p><strong><a href=\"https:\/\/www.jyu.fi\/fi\/henkilot\/eeva-maija-palonen\">Eeva-Maija Palonen<\/a><\/strong>, M.Sc. (Health Sciences)<br \/>\nResearch coordinator<\/p>\n<p><strong><a href=\"https:\/\/www.jyu.fi\/fi\/henkilot\/niina-kajan\" target=\"_blank\" rel=\"noopener\">Niina Kajan<\/a><\/strong>, Project Researcher, M.Sc. (Sport Sciences)<br \/>\nProject management, communication<\/p>\n<p><a href=\"https:\/\/www.jyu.fi\/fi\/henkilot\/markku-kauppinen\" target=\"_blank\" rel=\"noopener\"><strong>Markku Kauppinen<\/strong><\/a>, Project Researcher, statistician M.Sc.<\/p>\n<p>&nbsp;<\/p>\n<p>&nbsp;<\/p>\n[\/vc_column_text][\/vc_column][\/vc_row]\n","protected":false,"raw":"[vc_row][vc_column][vc_column_text]There are researchers from many different fields of science in our group, among others health, sport and behavioral scientists.\r\n<h2><strong>Researchers and their interests in AGNES-study<\/strong><\/h2>\r\n&nbsp;\r\n\r\n<strong>Principal investigators<\/strong>\r\n\r\n<strong><a href=\"https:\/\/www.jyu.fi\/fi\/henkilot\/taina-rantanen\" target=\"_blank\" rel=\"noopener\">Taina Rantanen<\/a><\/strong><strong>,<\/strong> Professor of Gerontology and Public Health\r\nPromotion of functional ability and wellbeing in ageing population, active ageing, person-environment interaction, physical activity and mobility, epidemiology, randomized controlled trials, longevity\r\n\r\n<a href=\"https:\/\/www.jyu.fi\/fi\/henkilot\/laura-karavirta\" target=\"_blank\" rel=\"noopener\"><strong>Laura Karavirta<\/strong><\/a>, Academy of Finland Research Fellow, PhD\r\nPhysical activity measurement using wearable technologies, dose-response relationship of exercise and health in ageing, cardiorespiratory health and fitness, autonomic nervous system function and heart rate variability\r\n\r\n<a href=\"https:\/\/www.jyu.fi\/fi\/henkilot\/timo-rantalainen\" target=\"_blank\" rel=\"noopener\"><strong>Timo Rantalainen, <\/strong><\/a>Academy of Finland Research Fellow\r\nGait dynamics, and sedentary and physical activity behaviour quantification based on multiple day wearable sensor recordings\r\n\r\n<strong><a href=\"https:\/\/www.jyu.fi\/fi\/henkilot\/kirsi-keskinen\" target=\"_blank\" rel=\"noopener\">Kirsi Keskinen<\/a><\/strong>, Postdoctoral Researcher\r\nOutdoor mobility, environmental gerontology, spatial analyses\r\n\r\n<strong>Research group<\/strong>\r\n\r\n<a href=\"https:\/\/www.jyu.fi\/sport\/fi\/tiedekunta\/henkilosto\/opetus-tutkimus\/eronen-johanna\" target=\"_blank\" rel=\"noopener\"><strong>Johanna Eronen<\/strong><\/a>, Senior Lecturer, Ph.D\r\nHealth literacy among older persons\r\n\r\n<strong><a href=\"https:\/\/www.jyu.fi\/fi\/henkilot\/katja-pynnonen\">Katja Pynn\u00f6nen<\/a><\/strong>, Postdoctoral Researcher, Ph.D\r\nActive ageing, perceived well-being, life goals, motivation, support of autonomy, social interaction\r\n\r\n<strong><a href=\"https:\/\/www.jyu.fi\/fi\/henkilot\/lotta-palmberg\" target=\"_blank\" rel=\"noopener\">Lotta Palmberg<\/a><\/strong>, Postdoctoral Researcher, Ph.D\r\n24-hour physical activity, sedentary behavior and sleep, physical fatigability\r\n\r\n<a href=\"https:\/\/converis.jyu.fi\/converis\/portal\/detail\/Person\/7936054?auxfun=&amp;lang=fi_FI\" target=\"_blank\" rel=\"noopener\"><strong>Antti L\u00f6pp\u00f6nen<\/strong><\/a>, Postdoctoral Researcher, Ph.D\r\nThemes related to sit-to-stand (STS) transitions in a free-living environment.\r\n\r\n<strong><a href=\"https:\/\/www.jyu.fi\/fi\/henkilot\/katja-kokko\" target=\"_blank\" rel=\"noopener\">Katja Kokko<\/a><\/strong>, Docent in Psychology (life-span psychology), Research Director\r\nPsychological and emotional well-being and their links to active ageing and physical functioning\r\n\r\n<strong><a href=\"https:\/\/www.jyu.fi\/fi\/henkilot\/anne-viljanen\" target=\"_blank\" rel=\"noopener\">Anne Viljanen<\/a><\/strong>, Senior Lecturer, Ph.D, Docent in Gerontology\r\nSensory functions and active aging\r\n\r\n<strong><a href=\"https:\/\/www.jyu.fi\/fi\/henkilot\/milla-saajanaho\" target=\"_blank\" rel=\"noopener\">Milla Saajanaho<\/a><\/strong>, Postdoctoral Researcher, Ph.D\r\nActive ageing, developmental regulation, goals, mental well-being\r\n\r\n<strong><a href=\"https:\/\/www.jyu.fi\/fi\/henkilot\/kaisa-koivunen\">Kaisa Koivunen<\/a><\/strong>, Postdoctoral Researcher, Ph.D\r\nPhysical capacity, physical resilience, measurement properties (psychometrics)\r\n\r\n<strong><a href=\"https:\/\/www.jyu.fi\/fi\/henkilot\/tiia-kekalainen\">Tiia Kek\u00e4l\u00e4inen<\/a><\/strong>, Postdoctoral Researcher, Ph.D\r\nHealth behaviors, physical functioning, mental well-being, personality, motivation\r\n\r\n<a href=\"https:\/\/www.jyu.fi\/fi\/henkilot\/timo-aittokoski\"><strong>Timo Aittokoski<\/strong><\/a>, Postdoctoral Researcher, Ph.D\r\n\r\n<strong>Jari Laukkanen<\/strong>, Professor, University of Eastern Finland\r\n\r\n<strong>Erja Portegijs<\/strong>, Associate Professor, University Medical Center Groningen, University of Groningen, The Netherlands\r\nPersonal and environmental factors and their associations with activity and mobility of older people\r\n\r\n<a href=\"https:\/\/dsbg.unibas.ch\/de\/personen\/timo-hinrichs\/\" target=\"_blank\" rel=\"noopener\"><strong>Timo Hinrichs<\/strong><\/a>, Senior Researcher, Doctor of Medicine, University of Basel, Switzerland\r\nThe association between arterial stiffness and active ageing\r\n\r\n<strong>Doctoral Researchers<\/strong>\r\n\r\n<strong><a href=\"https:\/\/www.jyu.fi\/fi\/henkilot\/essi-mari-tuomola\">Essi-Mari Tuomola<\/a><\/strong>, Doctoral Researcher, M.Sc. (Health Sciences)\r\nMobility outside the home, activity locations and features of physical environment\r\n\r\n<strong>Olli-Pekka Mattila<\/strong>, Doctoral Researcher\r\nGait analysis based on laboratory-based gait assessments utilising wearable sensors.\r\n\r\n<a href=\"https:\/\/www.jyu.fi\/fi\/henkilot\/katja-lindeman\" target=\"_blank\" rel=\"noopener\"><strong>Katja Lindeman<\/strong><\/a>, Doctoral Researcher, M.Sc. (Health Sciences)\r\nThemes related to physical activity and mobility during the COVID-19 pandemic\r\n\r\n<a href=\"https:\/\/www.jyu.fi\/fi\/henkilot\/joona-neuvonen\"><strong>Joona Neuvonen<\/strong><\/a>, Doctoral Researcher, M.Sc. (Sports Sciences)\r\n\r\n<strong>Other research group<\/strong>\r\n\r\n<strong><a href=\"https:\/\/www.jyu.fi\/fi\/henkilot\/eeva-maija-palonen\">Eeva-Maija Palonen<\/a><\/strong>, M.Sc. (Health Sciences)\r\nResearch coordinator\r\n\r\n<strong><a href=\"https:\/\/www.jyu.fi\/fi\/henkilot\/niina-kajan\" target=\"_blank\" rel=\"noopener\">Niina Kajan<\/a><\/strong>, Project Researcher, M.Sc. (Sport Sciences)\r\nProject management, communication\r\n\r\n<a href=\"https:\/\/www.jyu.fi\/fi\/henkilot\/markku-kauppinen\" target=\"_blank\" rel=\"noopener\"><strong>Markku Kauppinen<\/strong><\/a>, Project Researcher, statistician M.Sc.\r\n\r\n&nbsp;\r\n\r\n&nbsp;\r\n\r\n[\/vc_column_text][\/vc_column][\/vc_row]"},"excerpt":{"rendered":"[vc_row][vc_column][vc_column_text]Tutkimusryhm\u00e4\u00e4mme kuuluu monien eri tieteenalojen edustajia, muun muassa terveys-, liikunta- ja k\u00e4ytt\u00e4ytymistieteilij\u00f6it\u00e4. Tutkijat ja heid\u00e4n tutkimusintressins\u00e4 AGNES-tutkimuksessa Vastaavat tutkijat Taina Rantanen, gerontologian ja kansanterveyden professori Ik\u00e4\u00e4ntyv\u00e4n v\u00e4est\u00f6n toimintakyvyn ja hyvinvoinnin edist\u00e4minen, aktiivisena vanheneminen, el\u00e4m\u00e4nkulku, yksil\u00f6n ja ymp\u00e4rist\u00f6n vuorovaikutus, liikunta, epidemiologia,&hellip;","protected":false,"raw":""},"author":1,"featured_media":0,"parent":5548,"menu_order":4,"comment_status":"open","ping_status":"open","template":"","meta":{"_mi_skip_tracking":false,"_fi_post_content":"[vc_row][vc_column][vc_column_text]Tutkimusryhm\u00e4\u00e4mme kuuluu monien eri tieteenalojen edustajia, muun muassa terveys-, liikunta- ja k\u00e4ytt\u00e4ytymistieteilij\u00f6it\u00e4.\r\n<h3><strong>Tutkijat ja heid\u00e4n tutkimusintressins\u00e4 AGNES-tutkimuksessa<\/strong><\/h3>\r\n<h4><strong>Vastaavat tutkijat <\/strong><\/h4>\r\n<a href=\"https:\/\/www.jyu.fi\/fi\/henkilot\/taina-rantanen\" target=\"_blank\" rel=\"noopener\"><strong>Taina Rantanen<\/strong><\/a><strong>,<\/strong> gerontologian ja kansanterveyden professori\r\nIk\u00e4\u00e4ntyv\u00e4n v\u00e4est\u00f6n toimintakyvyn ja hyvinvoinnin edist\u00e4minen, aktiivisena vanheneminen, el\u00e4m\u00e4nkulku, yksil\u00f6n ja ymp\u00e4rist\u00f6n vuorovaikutus, liikunta, epidemiologia, satunnaistetut kokeet, pitk\u00e4ik\u00e4isyys\r\n\r\n<a href=\"https:\/\/www.jyu.fi\/fi\/henkilot\/laura-karavirta\" target=\"_blank\" rel=\"noopener\"><strong>Laura Karavirta<\/strong><\/a>, akatemiatutkija, LitT\r\nFyysisen aktiivisuuden mittausteknologiat, liikunnan ja terveyden annos-vastesuhde ik\u00e4\u00e4ntyess\u00e4, hengitys- ja verenkiertoelimist\u00f6n terveys ja suorituskyky, autonomisen hermoston toiminta ja sykev\u00e4livaihtelu\r\n\r\n<a href=\"https:\/\/www.jyu.fi\/fi\/henkilot\/timo-rantalainen\" target=\"_blank\" rel=\"noopener\"><strong>Timo Rantalainen<\/strong><\/a>, akatemiatutkija, LitT\r\nK\u00e4velydynamiikan ja fyysisen aktiivisuuden mittaaminen puettavilla sensoreilla\r\n\r\n<a href=\"https:\/\/www.jyu.fi\/fi\/henkilot\/kirsi-keskinen\" target=\"_blank\" rel=\"noopener\"><strong>Kirsi Keskinen<\/strong><\/a>, tutkijatohtori, FT\r\nUlkona liikkuminen, ymp\u00e4rist\u00f6gerontologia, paikkatietoanalyysit\r\n<h4><strong>Tutkijaryhm\u00e4\r\n<\/strong><\/h4>\r\n<a href=\"https:\/\/www.jyu.fi\/fi\/henkilot\/johanna-eronen\" target=\"_blank\" rel=\"noopener\"><strong>Johanna Eronen<\/strong><\/a>, yliopistonlehtori, TtT\r\nI\u00e4kk\u00e4iden henkil\u00f6iden terveyden lukutaito\r\n\r\n<a href=\"https:\/\/www.jyu.fi\/fi\/henkilot\/katja-pynnonen\"><strong>Katja Pynn\u00f6nen<\/strong><\/a>, tutkijatohtori, TtT\r\nAktiivinen el\u00e4m\u00e4note, koettu hyvinvointi, tavoitteet, motivaatio, autonomian tukeminen, vuorovaikutus\r\n\r\n<a href=\"https:\/\/www.jyu.fi\/fi\/henkilot\/lotta-palmberg\" target=\"_blank\" rel=\"noopener\"><strong>Lotta Palmberg<\/strong><\/a>, tutkijatohtori, TtT, th\r\nFyysinen aktiivisuus, paikallaanolo ja uni vuorokauden aikana, fyysinen v\u00e4syvyys\r\n\r\n<a href=\"https:\/\/converis.jyu.fi\/converis\/portal\/detail\/Person\/7936054?auxfun=&amp;lang=fi_FI\" target=\"_blank\" rel=\"noopener\"><strong>Antti L\u00f6pp\u00f6nen<\/strong><\/a>, tutkijatohtori, LitT\r\nSeisomaan nousujen m\u00e4\u00e4r\u00e4 ja intensiteetti arjessa sek\u00e4 niiden yhteys toimintakykymittauksiin.\r\n\r\n<a href=\"https:\/\/www.jyu.fi\/fi\/henkilot\/katja-kokko\" target=\"_blank\" rel=\"noopener\"><strong>Katja Kokko<\/strong><\/a>, psykologian dosentti (el\u00e4m\u00e4nkaaripsykologia), PsT, tutkimusjohtaja\r\nPsykologinen ja emotionaalinen hyvinvointi ja niiden yhteydet aktiivisena vanhenemiseen\u00a0ja fyysiseen toimintakykyyn\r\n\r\n<a href=\"https:\/\/www.jyu.fi\/fi\/henkilot\/anne-viljanen\" target=\"_blank\" rel=\"noopener\"><strong>Anne Viljanen<\/strong><\/a>, yliopistonlehtori, TtT, dosentti\r\nAistitoiminnot ja niiden yhteys aktiivisena vanhenemiseen\r\n\r\n<a href=\"https:\/\/www.jyu.fi\/fi\/henkilot\/milla-saajanaho\" target=\"_blank\" rel=\"noopener\"><strong>Milla Saajanaho<\/strong><\/a>, tutkijatohtori, TtT, KM\r\nAktiivisena vanheneminen, el\u00e4m\u00e4nkulun ohjaaminen, tavoitteet, mielen hyvinvointi\r\n\r\n<a href=\"https:\/\/www.jyu.fi\/fi\/henkilot\/kaisa-koivunen\"><strong>Kaisa Koivunen<\/strong><\/a>, tutkijatohtori, TtT\r\nFyysinen toimintakyky, fyysinen resilienssi, toimintakyvyn mittaaminen (psykometriikka)\r\n\r\n<a href=\"https:\/\/www.jyu.fi\/fi\/henkilot\/tiia-kekalainen\"><strong>Tiia Kek\u00e4l\u00e4inen<\/strong><\/a>, tutkijatohtori, TtT\r\nTerveysk\u00e4ytt\u00e4ytyminen, fyysinen toimintakyky, mielen hyvinvointi, persoonallisuus, motivaatio\r\n\r\n<a href=\"https:\/\/www.jyu.fi\/fi\/henkilot\/timo-aittokoski\"><strong>Timo Aittokoski<\/strong><\/a>, tutkijatohtori, LitM, FT\r\n\r\n<strong>Jari Laukkanen<\/strong>, professori, It\u00e4-Suomen yliopisto\r\n\r\n<strong>Erja Portegijs<\/strong>, apulaisprofessori, Yliopistollinen sairaala Groningen, Alankomaat\r\nYksil\u00f6\u00f6n ja ymp\u00e4rist\u00f6\u00f6n liittyvien tekij\u00f6iden yhteydet ik\u00e4\u00e4ntyvien aktiivisuuteen ja liikkumiseen\r\n\r\n<a href=\"https:\/\/dsbg.unibas.ch\/de\/personen\/timo-hinrichs\/\" target=\"_blank\" rel=\"noopener\"><strong>Timo Hinrichs<\/strong><\/a>, senioritutkija, l\u00e4\u00e4k\u00e4ri, Baselin yliopisto, Sveitsi\r\nAktiivisena vanhenemisen ja valtimon j\u00e4ykkyyden v\u00e4liset yhteydet\r\n<h4><strong>V\u00e4it\u00f6skirjatutkijat <\/strong><\/h4>\r\n<a href=\"https:\/\/www.jyu.fi\/fi\/henkilot\/essi-mari-tuomola\"><strong>Essi-Mari Tuomola<\/strong><\/a>, v\u00e4it\u00f6skirjatutkija, TtM\r\nKodin ulkopuolella liikkuminen, aktiiviset kohteet ja ymp\u00e4rist\u00f6n piirteet\r\n\r\n<strong>Olli-Pekka Mattila<\/strong>, v\u00e4it\u00f6skirjatutkija\r\nK\u00e4velyanalyysi laboratoriossa mitatuista k\u00e4velytesteist\u00e4 puettavien anturien perusteella.\r\n\r\n<a href=\"https:\/\/www.jyu.fi\/fi\/henkilot\/katja-lindeman\" target=\"_blank\" rel=\"noopener\"><strong>Katja Lindeman<\/strong><\/a>, v\u00e4it\u00f6skirjatutkija, TtM, th\r\nFyysinen aktiivisuus ja liikkuminen koronaviruspandemian aikana\r\n\r\n<a href=\"https:\/\/www.jyu.fi\/fi\/henkilot\/joona-neuvonen\"><strong>Joona Neuvonen<\/strong><\/a>, v\u00e4it\u00f6skirjatutkija\r\n<h4><strong>Muu tutkimusryhm\u00e4<\/strong><\/h4>\r\n<a href=\"https:\/\/www.jyu.fi\/fi\/henkilot\/eeva-maija-palonen\"><strong>Eeva-Maija Palonen<\/strong><\/a>, projektitutkija, TtM\r\nTutkimuskoordinaattori\r\n\r\n<a href=\"https:\/\/www.jyu.fi\/fi\/henkilot\/niina-kajan\" target=\"_blank\" rel=\"noopener\"><strong>Niina Kajan<\/strong><\/a>, projektitutkija, LitM\r\nProjektinhallinta ja viestint\u00e4\r\n\r\n<a href=\"https:\/\/www.jyu.fi\/fi\/henkilot\/markku-kauppinen\" target=\"_blank\" rel=\"noopener\"><strong>Markku Kauppinen<\/strong><\/a>, projektitutkija, tilastotieteilij\u00e4[\/vc_column_text][\/vc_column][\/vc_row]","_fi_post_name":"tutkijaryhma","_fi_post_excerpt":"","_fi_post_title":"Tutkimusryhm\u00e4","_en_post_content":"[vc_row][vc_column][vc_column_text]There are researchers from many different fields of science in our group, among others health, sport and behavioral scientists.\r\n<h2><strong>Researchers and their interests in AGNES-study<\/strong><\/h2>\r\n&nbsp;\r\n\r\n<strong>Principal investigators<\/strong>\r\n\r\n<strong><a href=\"https:\/\/www.jyu.fi\/fi\/henkilot\/taina-rantanen\" target=\"_blank\" rel=\"noopener\">Taina Rantanen<\/a><\/strong><strong>,<\/strong> Professor of Gerontology and Public Health\r\nPromotion of functional ability and wellbeing in ageing population, active ageing, person-environment interaction, physical activity and mobility, epidemiology, randomized controlled trials, longevity\r\n\r\n<a href=\"https:\/\/www.jyu.fi\/fi\/henkilot\/laura-karavirta\" target=\"_blank\" rel=\"noopener\"><strong>Laura Karavirta<\/strong><\/a>, Academy of Finland Research Fellow, PhD\r\nPhysical activity measurement using wearable technologies, dose-response relationship of exercise and health in ageing, cardiorespiratory health and fitness, autonomic nervous system function and heart rate variability\r\n\r\n<a href=\"https:\/\/www.jyu.fi\/fi\/henkilot\/timo-rantalainen\" target=\"_blank\" rel=\"noopener\"><strong>Timo Rantalainen, <\/strong><\/a>Academy of Finland Research Fellow\r\nGait dynamics, and sedentary and physical activity behaviour quantification based on multiple day wearable sensor recordings\r\n\r\n<strong><a href=\"https:\/\/www.jyu.fi\/fi\/henkilot\/kirsi-keskinen\" target=\"_blank\" rel=\"noopener\">Kirsi Keskinen<\/a><\/strong>, Postdoctoral Researcher\r\nOutdoor mobility, environmental gerontology, spatial analyses\r\n\r\n<strong>Research group<\/strong>\r\n\r\n<a href=\"https:\/\/www.jyu.fi\/sport\/fi\/tiedekunta\/henkilosto\/opetus-tutkimus\/eronen-johanna\" target=\"_blank\" rel=\"noopener\"><strong>Johanna Eronen<\/strong><\/a>, Senior Lecturer, Ph.D\r\nHealth literacy among older persons\r\n\r\n<strong><a href=\"https:\/\/www.jyu.fi\/fi\/henkilot\/katja-pynnonen\">Katja Pynn\u00f6nen<\/a><\/strong>, Postdoctoral Researcher, Ph.D\r\nActive ageing, perceived well-being, life goals, motivation, support of autonomy, social interaction\r\n\r\n<strong><a href=\"https:\/\/www.jyu.fi\/fi\/henkilot\/lotta-palmberg\" target=\"_blank\" rel=\"noopener\">Lotta Palmberg<\/a><\/strong>, Postdoctoral Researcher, Ph.D\r\n24-hour physical activity, sedentary behavior and sleep, physical fatigability\r\n\r\n<a href=\"https:\/\/converis.jyu.fi\/converis\/portal\/detail\/Person\/7936054?auxfun=&amp;lang=fi_FI\" target=\"_blank\" rel=\"noopener\"><strong>Antti L\u00f6pp\u00f6nen<\/strong><\/a>, Postdoctoral Researcher, Ph.D\r\nThemes related to sit-to-stand (STS) transitions in a free-living environment.\r\n\r\n<strong><a href=\"https:\/\/www.jyu.fi\/fi\/henkilot\/katja-kokko\" target=\"_blank\" rel=\"noopener\">Katja Kokko<\/a><\/strong>, Docent in Psychology (life-span psychology), Research Director\r\nPsychological and emotional well-being and their links to active ageing and physical functioning\r\n\r\n<strong><a href=\"https:\/\/www.jyu.fi\/fi\/henkilot\/anne-viljanen\" target=\"_blank\" rel=\"noopener\">Anne Viljanen<\/a><\/strong>, Senior Lecturer, Ph.D, Docent in Gerontology\r\nSensory functions and active aging\r\n\r\n<strong><a href=\"https:\/\/www.jyu.fi\/fi\/henkilot\/milla-saajanaho\" target=\"_blank\" rel=\"noopener\">Milla Saajanaho<\/a><\/strong>, Postdoctoral Researcher, Ph.D\r\nActive ageing, developmental regulation, goals, mental well-being\r\n\r\n<strong><a href=\"https:\/\/www.jyu.fi\/fi\/henkilot\/kaisa-koivunen\">Kaisa Koivunen<\/a><\/strong>, Postdoctoral Researcher, Ph.D\r\nPhysical capacity, physical resilience, measurement properties (psychometrics)\r\n\r\n<strong><a href=\"https:\/\/www.jyu.fi\/fi\/henkilot\/tiia-kekalainen\">Tiia Kek\u00e4l\u00e4inen<\/a><\/strong>, Postdoctoral Researcher, Ph.D\r\nHealth behaviors, physical functioning, mental well-being, personality, motivation\r\n\r\n<a href=\"https:\/\/www.jyu.fi\/fi\/henkilot\/timo-aittokoski\"><strong>Timo Aittokoski<\/strong><\/a>, Postdoctoral Researcher, Ph.D\r\n\r\n<strong>Jari Laukkanen<\/strong>, Professor, University of Eastern Finland\r\n\r\n<strong>Erja Portegijs<\/strong>, Associate Professor, University Medical Center Groningen, University of Groningen, The Netherlands\r\nPersonal and environmental factors and their associations with activity and mobility of older people\r\n\r\n<a href=\"https:\/\/dsbg.unibas.ch\/de\/personen\/timo-hinrichs\/\" target=\"_blank\" rel=\"noopener\"><strong>Timo Hinrichs<\/strong><\/a>, Senior Researcher, Doctor of Medicine, University of Basel, Switzerland\r\nThe association between arterial stiffness and active ageing\r\n\r\n<strong>Doctoral Researchers<\/strong>\r\n\r\n<strong><a href=\"https:\/\/www.jyu.fi\/fi\/henkilot\/essi-mari-tuomola\">Essi-Mari Tuomola<\/a><\/strong>, Doctoral Researcher, M.Sc. (Health Sciences)\r\nMobility outside the home, activity locations and features of physical environment\r\n\r\n<strong>Olli-Pekka Mattila<\/strong>, Doctoral Researcher\r\nGait analysis based on laboratory-based gait assessments utilising wearable sensors.\r\n\r\n<a href=\"https:\/\/www.jyu.fi\/fi\/henkilot\/katja-lindeman\" target=\"_blank\" rel=\"noopener\"><strong>Katja Lindeman<\/strong><\/a>, Doctoral Researcher, M.Sc. (Health Sciences)\r\nThemes related to physical activity and mobility during the COVID-19 pandemic\r\n\r\n<a href=\"https:\/\/www.jyu.fi\/fi\/henkilot\/joona-neuvonen\"><strong>Joona Neuvonen<\/strong><\/a>, Doctoral Researcher, M.Sc. (Sports Sciences)\r\n\r\n<strong>Other research group<\/strong>\r\n\r\n<strong><a href=\"https:\/\/www.jyu.fi\/fi\/henkilot\/eeva-maija-palonen\">Eeva-Maija Palonen<\/a><\/strong>, M.Sc. (Health Sciences)\r\nResearch coordinator\r\n\r\n<strong><a href=\"https:\/\/www.jyu.fi\/fi\/henkilot\/niina-kajan\" target=\"_blank\" rel=\"noopener\">Niina Kajan<\/a><\/strong>, Project Researcher, M.Sc. (Sport Sciences)\r\nProject management, communication\r\n\r\n<a href=\"https:\/\/www.jyu.fi\/fi\/henkilot\/markku-kauppinen\" target=\"_blank\" rel=\"noopener\"><strong>Markku Kauppinen<\/strong><\/a>, Project Researcher, statistician M.Sc.\r\n\r\n&nbsp;\r\n\r\n&nbsp;\r\n\r\n[\/vc_column_text][\/vc_column][\/vc_row]","_en_post_name":"research-group","_en_post_excerpt":"","_en_post_title":"Research group","edit_language":"en","footnotes":""},"class_list":["post-304","page","type-page","status-publish","hentry","entry","no-media"],"_links":{"self":[{"href":"https:\/\/www.gerec.fi\/en\/wp-json\/wp\/v2\/pages\/304","targetHints":{"allow":["GET"]}}],"collection":[{"href":"https:\/\/www.gerec.fi\/en\/wp-json\/wp\/v2\/pages"}],"about":[{"href":"https:\/\/www.gerec.fi\/en\/wp-json\/wp\/v2\/types\/page"}],"author":[{"embeddable":true,"href":"https:\/\/www.gerec.fi\/en\/wp-json\/wp\/v2\/users\/1"}],"replies":[{"embeddable":true,"href":"https:\/\/www.gerec.fi\/en\/wp-json\/wp\/v2\/comments?post=304"}],"version-history":[{"count":29,"href":"https:\/\/www.gerec.fi\/en\/wp-json\/wp\/v2\/pages\/304\/revisions"}],"predecessor-version":[{"id":9436,"href":"https:\/\/www.gerec.fi\/en\/wp-json\/wp\/v2\/pages\/304\/revisions\/9436"}],"up":[{"embeddable":true,"href":"https:\/\/www.gerec.fi\/en\/wp-json\/wp\/v2\/pages\/5548"}],"wp:attachment":[{"href":"https:\/\/www.gerec.fi\/en\/wp-json\/wp\/v2\/media?parent=304"}],"curies":[{"name":"wp","href":"https:\/\/api.w.org\/{rel}","templated":true}]}}